{"id":25265,"date":"2021-01-29T06:07:03","date_gmt":"2021-01-29T06:07:03","guid":{"rendered":"http:\/\/culturabc.com.br\/arquivo\/about-me\/"},"modified":"2021-07-21T18:27:56","modified_gmt":"2021-07-21T21:27:56","slug":"reunioes","status":"publish","type":"page","link":"https:\/\/culturabc.com.br\/arquivo\/reunioes\/","title":{"rendered":"Reuni\u00f5es do Caf\u00e9 com Hist\u00f3ria"},"content":{"rendered":"\n<div style=\"height:20px\" aria-hidden=\"true\" class=\"wp-block-spacer\"><\/div>\n\n\n\n<h2 class=\"has-text-align-center wp-block-heading\">Nesta p\u00e1gina voc\u00ea encontra o resumo de todas as reuni\u00f5es do Caf\u00e9 com Hist\u00f3ria. Clique em &#8220;VER TODAS AS FOTOS&#8221; para visualizar os detalhes de cada reuni\u00e3o.<\/h2>\n\n\n\n<div class=\"wp-block-columns is-layout-flex wp-container-core-columns-is-layout-9d6595d7 wp-block-columns-is-layout-flex\">\n<div class=\"wp-block-column is-layout-flow wp-block-column-is-layout-flow\">\n<h2 class=\"wp-block-heading\">1\u00aa reuni\u00e3o<\/h2>\n\n\n\n<p><strong>Data: 27 de julho de 2016<\/strong><br>Local: Arquivo Hist\u00f3rico de Balne\u00e1rio Cambori\u00fa<br>Colaboradores: Ademar Silva, \u00c1lvaro Silva, Carlos Schlup, Luiz Carlos Chedid e Jurandir Knabben<br>Convidado especial: Angelo Ricardo Christoffoli<br>Fotografias identificadas: 50 imagens<br>Neste encontro, foram repassadas as fotografias antigas digitalizadas para complementar a identifica\u00e7\u00e3o<\/p>\n\n\n\n<div class=\"wp-block-buttons is-layout-flex wp-block-buttons-is-layout-flex\">\n<div class=\"wp-block-button\"><a class=\"wp-block-button__link has-background\" href=\"https:\/\/culturabc.com.br\/arquivo\/1-reuniao\/\" style=\"background-color:#472c0e\">VER TODAS AS FOTOS IDENTIFICADAS<\/a><\/div>\n<\/div>\n<\/div>\n\n\n\n<div class=\"wp-block-column is-layout-flow wp-block-column-is-layout-flow\">\n<h2 class=\"wp-block-heading\">2\u00aa reuni\u00e3o<\/h2>\n\n\n\n<p><strong>Data: 30 de agosto de 2016<\/strong><br>Local: Arquivo Hist\u00f3rico de Balne\u00e1rio Cambori\u00fa<br>Colaboradores: Ant\u00f4nio Jorge de Borba, Erotides Campos, Fernando Delatorre, Jurandir Knabben e Marlene Buratto<br>Fotografias identificadas: 42 imagens<br>Para este encontro, foram separadas fotografias antigas que vieram do Gabinete do Prefeito, pois muitas estavam sem identifica\u00e7\u00e3o de eventos e pessoas.<\/p>\n\n\n\n<div class=\"wp-block-buttons is-layout-flex wp-block-buttons-is-layout-flex\">\n<div class=\"wp-block-button\"><a class=\"wp-block-button__link has-white-color has-text-color has-background\" href=\"http:\/\/culturabc.com.br\/arquivo\/2-reuniao\/\" style=\"background-color:#472c0e\">VER TODAS AS FOTOS IDENTIFICADAS<\/a><\/div>\n<\/div>\n<\/div>\n\n\n\n<div class=\"wp-block-column is-layout-flow wp-block-column-is-layout-flow\">\n<h2 class=\"wp-block-heading\">3\u00aa reuni\u00e3o<\/h2>\n\n\n\n<p><strong>Data: 22 de novembro de 2016<\/strong><br>Local: Arquivo Hist\u00f3rico de Balne\u00e1rio Cambori\u00fa<br>Colaboradores: Ademar Silva, \u00c1lvaro Silva, Jurandir Knabben, Luiz Carlos Chedid e Remi Os\u00f3rio<br>Fotografias identificadas: 46 imagens<br>Neste encontro, foram repassadas as fotografias antigas digitalizadas para complementar a identifica\u00e7\u00e3o.<\/p>\n\n\n\n<div class=\"wp-block-buttons is-layout-flex wp-block-buttons-is-layout-flex\">\n<div class=\"wp-block-button\"><a class=\"wp-block-button__link has-background\" href=\"http:\/\/culturabc.com.br\/arquivo\/3a-reuniao\/\" style=\"background-color:#472c0e\">VER TODAS AS FOTOS IDENTIFICADAS<\/a><\/div>\n<\/div>\n<\/div>\n<\/div>\n\n\n\n<div class=\"wp-block-columns is-layout-flex wp-container-core-columns-is-layout-9d6595d7 wp-block-columns-is-layout-flex\">\n<div class=\"wp-block-column is-layout-flow wp-block-column-is-layout-flow\">\n<h2 class=\"wp-block-heading\">4\u00aa reuni\u00e3o<\/h2>\n\n\n\n<p><strong>Data: 24 de maio de 2018<\/strong><br>Local: Arquivo Hist\u00f3rico de Balne\u00e1rio Cambori\u00fa<br>Colaboradores: \u00c1lvaro Silva, Antonio Jorge de Borba, Carlos Schlup, Erotides Campos, Fernando<br>Delatorre, L\u00facia Nascimento e Luiz Carlos Chedid<br>Fotografias identificadas: 29 imagens<\/p>\n\n\n\n<div class=\"wp-block-buttons is-layout-flex wp-block-buttons-is-layout-flex\">\n<div class=\"wp-block-button\"><a class=\"wp-block-button__link has-background\" href=\"http:\/\/culturabc.com.br\/arquivo\/4a-reuniao\/\" style=\"background-color:#472c0e\">VER TODAS AS FOTOS IDENTIFICADAS<\/a><\/div>\n<\/div>\n<\/div>\n\n\n\n<div class=\"wp-block-column is-layout-flow wp-block-column-is-layout-flow\">\n<h2 class=\"wp-block-heading\">5\u00aa reuni\u00e3o<\/h2>\n\n\n\n<p><strong>Data: 25 de julho de 2018<\/strong><br>Local: Arquivo Hist\u00f3rico de Balne\u00e1rio Cambori\u00fa<br>Colaboradores: Ademar Silva, \u00c1lvaro Silva, Ant\u00f4nio Jorge de Borba, Carlos Schlup, Erotides Campos, Fernando Delatorre e Luiz Carlos Chedid<br>Fotografias identificadas: 30 imagens<\/p>\n\n\n\n<div class=\"wp-block-buttons is-layout-flex wp-block-buttons-is-layout-flex\">\n<div class=\"wp-block-button\"><a class=\"wp-block-button__link has-white-color has-text-color has-background\" href=\"http:\/\/culturabc.com.br\/arquivo\/5a-reuniao\/\" style=\"background-color:#472c0e\">VER TODAS AS FOTOS IDENTIFICADAS<\/a><\/div>\n<\/div>\n<\/div>\n\n\n\n<div class=\"wp-block-column is-layout-flow wp-block-column-is-layout-flow\">\n<h2 class=\"wp-block-heading\">6\u00aa reuni\u00e3o<\/h2>\n\n\n\n<p><strong>Data: 26 de setembro de 2018<\/strong><br>Local: Galeria Municipal de Arte<br>Colaboradores: Ademar Silva, \u00c1lvaro Silva, Ant\u00f4nio Jorge de Borba, Carlos Schlup, Erotides Campos e Fernando Delatorre<br>Fotografias identificadas: 53 imagens<\/p>\n\n\n\n<div class=\"wp-block-buttons is-layout-flex wp-block-buttons-is-layout-flex\">\n<div class=\"wp-block-button\"><a class=\"wp-block-button__link has-background\" href=\"http:\/\/culturabc.com.br\/arquivo\/6a-reuniao\/\" style=\"background-color:#472c0e\">VER TODAS AS FOTOS IDENTIFICADAS<\/a><\/div>\n<\/div>\n<\/div>\n<\/div>\n\n\n\n<div class=\"wp-block-columns is-layout-flex wp-container-core-columns-is-layout-9d6595d7 wp-block-columns-is-layout-flex\">\n<div class=\"wp-block-column is-layout-flow wp-block-column-is-layout-flow\">\n<h2 class=\"wp-block-heading\">7\u00aa reuni\u00e3o<\/h2>\n\n\n\n<p><strong>Data: 29 de novembro de 2018<\/strong><br>Local: C\u00e2mara de Vereadores de Balne\u00e1rio Cambori\u00fa<br>Colaboradores: Ademar Silva, \u00c1lvaro Silva, Ant\u00f4nio Jorge de Borba, Carlos Schlup, Erotides Campos, Gert Hering, Isaque de Borba Corr\u00eaa, Jo\u00e3o Carlos da Silva, L\u00facia Nascimento, Marlene Buratto e Remi Os\u00f3rio<br>Fotografias identificadas: 34 imagens<br>Evento especial em comemora\u00e7\u00e3o ao anivers\u00e1rio de 25 anos do Arquivo Hist\u00f3rico.<\/p>\n\n\n\n<div class=\"wp-block-buttons is-layout-flex wp-block-buttons-is-layout-flex\">\n<div class=\"wp-block-button\"><a class=\"wp-block-button__link has-background\" href=\"http:\/\/culturabc.com.br\/arquivo\/7a-reuniao\/\" style=\"background-color:#472c0e\">VER TODAS AS FOTOS IDENTIFICADAS<\/a><\/div>\n<\/div>\n<\/div>\n\n\n\n<div class=\"wp-block-column is-layout-flow wp-block-column-is-layout-flow\">\n<h2 class=\"wp-block-heading\">8\u00aa reuni\u00e3o<\/h2>\n\n\n\n<p><strong>Data: 27 de mar\u00e7o de 2019<\/strong><br>Local: Edif\u00edcio Baturit\u00e9 Lounge House<br>Colaboradores: \u00c1lvaro Silva, Carlos Schlup, Erotides Campos, Luiz Carlos Chedid, Remi Os\u00f3rio e Jo\u00e3o Ricardo Scharf<br>Convidados especiais: Angelo Ricardo Christoffoli, Arlete Chedid, Claudin\u00e9ia Wolf (Zez\u00e9), Emery Lenz, Honorato Salvatti (Nato), Juan Carlos Amaya, Ligia Spernau, Maur\u00edcio Simas (Escova), Mister Paco (Banda Os Incr\u00edveis), Paulo Roberto Campos e Reiner Wolf<br>Fotografias identificadas: 15 imagens<br>Encontro especial com foco na Barra Sul, relembrando locais, pessoas e acontecimentos ligados \u00e0 regi\u00e3o.<\/p>\n\n\n\n<div class=\"wp-block-buttons is-layout-flex wp-block-buttons-is-layout-flex\">\n<div class=\"wp-block-button\"><a class=\"wp-block-button__link has-white-color has-text-color has-background\" href=\"http:\/\/culturabc.com.br\/arquivo\/8a-reuniao\/\" style=\"background-color:#472c0e\">VER TODAS AS FOTOS IDENTIFICADAS<\/a><\/div>\n<\/div>\n<\/div>\n\n\n\n<div class=\"wp-block-column is-layout-flow wp-block-column-is-layout-flow\">\n<h2 class=\"wp-block-heading\">9\u00aa reuni\u00e3o<\/h2>\n\n\n\n<p><strong>Data: 26 de junho de 2019<\/strong><br>Local: Galeria Municipal de Arte<br>Colaboradores: \u00c1lvaro Silva, Ant\u00f4nio Jorge de Borba, Carlos Schlup, Erotides Campos, Fernando Delatorre, Gert Hering, Jo\u00e3o Carlos da Silva, Jo\u00e3o Ricardo Scharf, Jos\u00e9 \u00c2ngelo Rebelo e Jurandir Knabben<br>Fotografias identificadas: 17 imagens<\/p>\n\n\n\n<div class=\"wp-block-buttons is-layout-flex wp-block-buttons-is-layout-flex\">\n<div class=\"wp-block-button\"><a class=\"wp-block-button__link has-background\" href=\"http:\/\/culturabc.com.br\/arquivo\/9a-reuniao\/\" style=\"background-color:#472c0e\">VER TODAS AS FOTOS IDENTIFICADAS<\/a><\/div>\n<\/div>\n<\/div>\n<\/div>\n\n\n\n<div class=\"wp-block-columns is-layout-flex wp-container-core-columns-is-layout-9d6595d7 wp-block-columns-is-layout-flex\">\n<div class=\"wp-block-column is-layout-flow wp-block-column-is-layout-flow\">\n<h2 class=\"wp-block-heading\">10\u00aa reuni\u00e3o<\/h2>\n\n\n\n<p><strong>Data: 17 de julho de 2019<\/strong><br>Local: C\u00e2mara de Vereadores de Balne\u00e1rio Cambori\u00fa<br>Colaboradores: Ademar Silva, \u00c1lvaro Silva, Ant\u00f4nio Jorge de Borba, Carlos Schlup, Erotides Campos, Jo\u00e3o Carlos da Silva, Isaque de Borba Corr\u00eaa, Jurandir Knabben, Luiz Carlos Chedid e Remi Os\u00f3rio<br>Convidados especiais: Arlete Chedid e Moacir Schlup<br>Fotografias identificadas: 20 imagens<br>Evento em comemora\u00e7\u00e3o aos 55 anos de Balne\u00e1rio Cambori\u00fa. Na ocasi\u00e3o foi falado sobre os 170 anos da primeira men\u00e7\u00e3o oficial da nossa territorialidade.<\/p>\n\n\n\n<div class=\"wp-block-buttons is-layout-flex wp-block-buttons-is-layout-flex\">\n<div class=\"wp-block-button\"><a class=\"wp-block-button__link has-background\" href=\"http:\/\/culturabc.com.br\/arquivo\/10a-reuniao\/\" style=\"background-color:#472c0e\">VER TODAS AS FOTOS IDENTIFICADAS<\/a><\/div>\n<\/div>\n<\/div>\n\n\n\n<div class=\"wp-block-column is-layout-flow wp-block-column-is-layout-flow\">\n<h2 class=\"wp-block-heading\">11\u00aa reuni\u00e3o<\/h2>\n\n\n\n<p><strong>Data: 28 de agosto de 2019<\/strong><br>Local: Arquivo Hist\u00f3rico de Balne\u00e1rio Cambori\u00fa<br>Colaboradores: Ademar Silva, \u00c1lvaro Silva, Ant\u00f4nio Jorge de Borba, Fernando Delatorre, Isaque de Borba Corr\u00eaa, Jo\u00e3o Carlos da Silva e Jurandir Knabben<br>Convidada: Maria da Gra\u00e7a Krobel Cardoso (Dona Filhinha)<br>Fotografias identificadas: 19 imagens<\/p>\n\n\n\n<div class=\"wp-block-buttons is-layout-flex wp-block-buttons-is-layout-flex\">\n<div class=\"wp-block-button\"><a class=\"wp-block-button__link has-white-color has-text-color has-background\" href=\"http:\/\/culturabc.com.br\/arquivo\/11a-reuniao\/\" style=\"background-color:#472c0e\">VER TODAS AS FOTOS IDENTIFICADAS<\/a><\/div>\n<\/div>\n<\/div>\n\n\n\n<div class=\"wp-block-column is-layout-flow wp-block-column-is-layout-flow\">\n<h2 class=\"wp-block-heading\">12\u00aa reuni\u00e3o<\/h2>\n\n\n\n<p><strong>Data: 25 de setembro de 2019<\/strong><br>Local: Arquivo Hist\u00f3rico de Balne\u00e1rio Cambori\u00fa<br>Colaboradores: Ademar Jos\u00e9, Ant\u00f4nio Jorge de Borba, Carlos Schlup, Erotides Campos, Fernando Delatorre, Isaque de Borba Corr\u00eaa, Jo\u00e3o Ricardo Scharf, Jos\u00e9 Angelo Rebelo e Jurandir Knabben<br>Fotografias identificadas: 20 imagens<\/p>\n\n\n\n<div class=\"wp-block-buttons is-layout-flex wp-block-buttons-is-layout-flex\">\n<div class=\"wp-block-button\"><a class=\"wp-block-button__link has-background\" href=\"http:\/\/culturabc.com.br\/arquivo\/12a-reuniao\/\" style=\"background-color:#472c0e\">VER TODAS AS FOTOS IDENTIFICADAS<\/a><\/div>\n<\/div>\n<\/div>\n<\/div>\n\n\n\n<div class=\"wp-block-columns is-layout-flex wp-container-core-columns-is-layout-9d6595d7 wp-block-columns-is-layout-flex\">\n<div class=\"wp-block-column is-layout-flow wp-block-column-is-layout-flow\">\n<h2 class=\"wp-block-heading\">13\u00aa reuni\u00e3o<\/h2>\n\n\n\n<p><strong>Data: 27 de novembro de 2019<\/strong><br>Local: Arquivo Hist\u00f3rico de Balne\u00e1rio Cambori\u00fa<br>Colaboradores: Ademar Silva, \u00c1lvaro Silva, Ant\u00f4nio Jorge de Borba, Carlos Schlup, Erotides Campos, Fernando Delatorre, Isaque de Borca Corr\u00eaa, Jo\u00e3o Ricardo Scharf, Marlene Buratto e Remi Os\u00f3rio.<br>Fotografias identificadas: 06 imagens do acervo<br>Encontro especial realizado em comemora\u00e7\u00e3o aos 26 anos da cria\u00e7\u00e3o do Arquivo Hist\u00f3rico de Balne\u00e1rio Cambori\u00fa.<br>O encontro contou com a presen\u00e7a dos convidados especiais, os jornalistas Luciana Zonta e Ad\u00e3o Pinheiro, autores do livro \u201cUma Porta para o Mundo \u2013 Mem\u00f3rias do Com\u00e9rcio de Balne\u00e1rio Cambori\u00fa\u201d, e Nildo Teixeira de Melo Jr. (Bola), autor do livro \u201cServidores de Balne\u00e1rio Cambori\u00fa\u201d.<br>Os jornalistas contaram um pouco sobre o processo de elabora\u00e7\u00e3o dos seus livros e levaram algumas fotografias para compartilhar e identificar no encontro.<\/p>\n\n\n\n<div class=\"wp-block-buttons is-layout-flex wp-block-buttons-is-layout-flex\">\n<div class=\"wp-block-button\"><a class=\"wp-block-button__link has-background\" href=\"http:\/\/culturabc.com.br\/arquivo\/13a-reuniao\/\" style=\"background-color:#472c0e\">VER TODAS AS FOTOS IDENTIFICADAS<\/a><\/div>\n<\/div>\n<\/div>\n\n\n\n<div class=\"wp-block-column is-layout-flow wp-block-column-is-layout-flow\"><\/div>\n<\/div>\n\n\n\n<p><\/p>\n","protected":false},"excerpt":{"rendered":"<p>Nesta p\u00e1gina voc\u00ea encontra o resumo de todas as reuni\u00f5es do Caf\u00e9 com Hist\u00f3ria. Clique em &#8220;VER TODAS AS FOTOS&#8221; para visualizar os detalhes de cada reuni\u00e3o. 1\u00aa reuni\u00e3o Data: 27 de julho de 2016Local: Arquivo Hist\u00f3rico de Balne\u00e1rio Cambori\u00faColaboradores: Ademar Silva, \u00c1lvaro Silva, Carlos Schlup, Luiz Carlos Chedid e Jurandir KnabbenConvidado especial: Angelo Ricardo &hellip;<\/p>\n<p class=\"read-more\"> <a class=\"\" href=\"https:\/\/culturabc.com.br\/arquivo\/reunioes\/\"> <span class=\"screen-reader-text\">Reuni\u00f5es do Caf\u00e9 com Hist\u00f3ria<\/span> Leia mais &raquo;<\/a><\/p>\n","protected":false},"author":1,"featured_media":0,"parent":0,"menu_order":0,"comment_status":"closed","ping_status":"closed","template":"","meta":{"footnotes":""},"class_list":["post-25265","page","type-page","status-publish","hentry"],"_links":{"self":[{"href":"https:\/\/culturabc.com.br\/arquivo\/wp-json\/wp\/v2\/pages\/25265","targetHints":{"allow":["GET"]}}],"collection":[{"href":"https:\/\/culturabc.com.br\/arquivo\/wp-json\/wp\/v2\/pages"}],"about":[{"href":"https:\/\/culturabc.com.br\/arquivo\/wp-json\/wp\/v2\/types\/page"}],"author":[{"embeddable":true,"href":"https:\/\/culturabc.com.br\/arquivo\/wp-json\/wp\/v2\/users\/1"}],"replies":[{"embeddable":true,"href":"https:\/\/culturabc.com.br\/arquivo\/wp-json\/wp\/v2\/comments?post=25265"}],"version-history":[{"count":12,"href":"https:\/\/culturabc.com.br\/arquivo\/wp-json\/wp\/v2\/pages\/25265\/revisions"}],"predecessor-version":[{"id":26821,"href":"https:\/\/culturabc.com.br\/arquivo\/wp-json\/wp\/v2\/pages\/25265\/revisions\/26821"}],"wp:attachment":[{"href":"https:\/\/culturabc.com.br\/arquivo\/wp-json\/wp\/v2\/media?parent=25265"}],"curies":[{"name":"wp","href":"https:\/\/api.w.org\/{rel}","templated":true}]}}