{"id":25267,"date":"2021-01-29T06:07:03","date_gmt":"2021-01-29T09:07:03","guid":{"rendered":"http:\/\/culturabc.com.br\/arquivo\/contact-me\/"},"modified":"2021-07-21T18:31:46","modified_gmt":"2021-07-21T21:31:46","slug":"1-reuniao","status":"publish","type":"page","link":"https:\/\/culturabc.com.br\/arquivo\/1-reuniao\/","title":{"rendered":"1\u00aa Reuni\u00e3o"},"content":{"rendered":"\n<h2 class=\"wp-block-heading\"><strong>1\u00aa reuni\u00e3o<\/strong><\/h2>\n\n\n\n<p><strong>Data: 27 de julho de 2016<\/strong><br>Local: Arquivo Hist\u00f3rico de Balne\u00e1rio Cambori\u00fa<br>Colaboradores: Ademar Silva, \u00c1lvaro Silva, Carlos Schlup, Luiz Carlos Chedid e Jurandir Knabben<br>Convidado especial: Angelo Ricardo Christoffoli<br>Fotografias identificadas: 50 imagens<br>Neste encontro, foram repassadas as fotografias antigas digitalizadas para complementar a identifica\u00e7\u00e3o<\/p>\n\n\n\n<h2 class=\"wp-block-heading\">Fotografias identificadas<\/h2>\n\n\n\n<figure class=\"wp-block-gallery columns-3 is-cropped wp-block-gallery-1 is-layout-flex wp-block-gallery-is-layout-flex\"><ul class=\"blocks-gallery-grid\"><li class=\"blocks-gallery-item\"><figure><a href=\"http:\/\/culturabc.com.br\/arquivo\/wp-content\/uploads\/2021\/07\/002-Pesca-do-Arrastao-decada-de-1960_1-reuniao.jpg\"><img fetchpriority=\"high\" decoding=\"async\" width=\"950\" height=\"597\" src=\"http:\/\/culturabc.com.br\/arquivo\/wp-content\/uploads\/2021\/07\/002-Pesca-do-Arrastao-decada-de-1960_1-reuniao.jpg\" alt=\"002 Pesca do Arrastao decada de 1960 1 reuniao\" data-id=\"26430\" data-full-url=\"http:\/\/culturabc.com.br\/arquivo\/wp-content\/uploads\/2021\/07\/002-Pesca-do-Arrastao-decada-de-1960_1-reuniao.jpg\" data-link=\"http:\/\/culturabc.com.br\/arquivo\/002-pesca-do-arrastao-decada-de-1960_1-reuniao\/\" class=\"wp-image-26430\" srcset=\"https:\/\/culturabc.com.br\/arquivo\/wp-content\/uploads\/2021\/07\/002-Pesca-do-Arrastao-decada-de-1960_1-reuniao.jpg 950w, https:\/\/culturabc.com.br\/arquivo\/wp-content\/uploads\/2021\/07\/002-Pesca-do-Arrastao-decada-de-1960_1-reuniao-300x189.jpg 300w, https:\/\/culturabc.com.br\/arquivo\/wp-content\/uploads\/2021\/07\/002-Pesca-do-Arrastao-decada-de-1960_1-reuniao-768x483.jpg 768w\" sizes=\"(max-width: 950px) 100vw, 950px\" \/><\/a><figcaption class=\"blocks-gallery-item__caption\">002 Pesca do Arrastao decada de 1960 1 reuniao<\/figcaption><\/figure><\/li><li class=\"blocks-gallery-item\"><figure><a href=\"http:\/\/culturabc.com.br\/arquivo\/wp-content\/uploads\/2021\/07\/008-Local-onde-hoje-e-a-Praca-Almirante-Tamandare-durante-uma-ressaca-decada-de-1950_1-reuniao.jpg\"><img decoding=\"async\" width=\"950\" height=\"627\" src=\"http:\/\/culturabc.com.br\/arquivo\/wp-content\/uploads\/2021\/07\/008-Local-onde-hoje-e-a-Praca-Almirante-Tamandare-durante-uma-ressaca-decada-de-1950_1-reuniao.jpg\" alt=\"008 Local onde hoje e a Praca Almirante Tamandare durante uma ressaca decada de 1950 1 reuniao\" data-id=\"26428\" data-full-url=\"http:\/\/culturabc.com.br\/arquivo\/wp-content\/uploads\/2021\/07\/008-Local-onde-hoje-e-a-Praca-Almirante-Tamandare-durante-uma-ressaca-decada-de-1950_1-reuniao.jpg\" data-link=\"http:\/\/culturabc.com.br\/arquivo\/008-ressaca-onde-hoje-e-a-praca-almirante-tamandare-ao-fun\/\" class=\"wp-image-26428\" srcset=\"https:\/\/culturabc.com.br\/arquivo\/wp-content\/uploads\/2021\/07\/008-Local-onde-hoje-e-a-Praca-Almirante-Tamandare-durante-uma-ressaca-decada-de-1950_1-reuniao.jpg 950w, https:\/\/culturabc.com.br\/arquivo\/wp-content\/uploads\/2021\/07\/008-Local-onde-hoje-e-a-Praca-Almirante-Tamandare-durante-uma-ressaca-decada-de-1950_1-reuniao-300x198.jpg 300w, https:\/\/culturabc.com.br\/arquivo\/wp-content\/uploads\/2021\/07\/008-Local-onde-hoje-e-a-Praca-Almirante-Tamandare-durante-uma-ressaca-decada-de-1950_1-reuniao-768x507.jpg 768w\" sizes=\"(max-width: 950px) 100vw, 950px\" \/><\/a><figcaption class=\"blocks-gallery-item__caption\">008 Local onde hoje e a Praca Almirante Tamandare durante uma ressaca decada de 1950 1 reuniao<\/figcaption><\/figure><\/li><li class=\"blocks-gallery-item\"><figure><a href=\"http:\/\/culturabc.com.br\/arquivo\/wp-content\/uploads\/2021\/07\/005-Capela-da-Igreja-de-Confissao-Luterana-Rua-2300-decada-de-1960_1-reuniao.jpg\"><img decoding=\"async\" width=\"630\" height=\"1024\" src=\"http:\/\/culturabc.com.br\/arquivo\/wp-content\/uploads\/2021\/07\/005-Capela-da-Igreja-de-Confissao-Luterana-Rua-2300-decada-de-1960_1-reuniao-630x1024.jpg\" alt=\"005 Capela da Igreja de Confissao Luterana Rua 2300 decada de 1960 1 reuniao\" data-id=\"26427\" data-full-url=\"http:\/\/culturabc.com.br\/arquivo\/wp-content\/uploads\/2021\/07\/005-Capela-da-Igreja-de-Confissao-Luterana-Rua-2300-decada-de-1960_1-reuniao.jpg\" data-link=\"http:\/\/culturabc.com.br\/arquivo\/005-capela-da-igreja-de-confissao-luterana-rua-2300-decada-de-1960_1-reuniao\/\" class=\"wp-image-26427\" srcset=\"https:\/\/culturabc.com.br\/arquivo\/wp-content\/uploads\/2021\/07\/005-Capela-da-Igreja-de-Confissao-Luterana-Rua-2300-decada-de-1960_1-reuniao-630x1024.jpg 630w, https:\/\/culturabc.com.br\/arquivo\/wp-content\/uploads\/2021\/07\/005-Capela-da-Igreja-de-Confissao-Luterana-Rua-2300-decada-de-1960_1-reuniao-184x300.jpg 184w, https:\/\/culturabc.com.br\/arquivo\/wp-content\/uploads\/2021\/07\/005-Capela-da-Igreja-de-Confissao-Luterana-Rua-2300-decada-de-1960_1-reuniao-768x1249.jpg 768w, https:\/\/culturabc.com.br\/arquivo\/wp-content\/uploads\/2021\/07\/005-Capela-da-Igreja-de-Confissao-Luterana-Rua-2300-decada-de-1960_1-reuniao-944x1536.jpg 944w, https:\/\/culturabc.com.br\/arquivo\/wp-content\/uploads\/2021\/07\/005-Capela-da-Igreja-de-Confissao-Luterana-Rua-2300-decada-de-1960_1-reuniao.jpg 950w\" sizes=\"(max-width: 630px) 100vw, 630px\" \/><\/a><figcaption class=\"blocks-gallery-item__caption\">005 Capela da Igreja de Confissao Luterana Rua 2300 decada de 1960 1 reuniao<\/figcaption><\/figure><\/li><li class=\"blocks-gallery-item\"><figure><a href=\"http:\/\/culturabc.com.br\/arquivo\/wp-content\/uploads\/2021\/07\/004-Ressaca-em-frente-ao-Hotel-Balneario-1950_1-reuniao.jpg\"><img loading=\"lazy\" decoding=\"async\" width=\"950\" height=\"645\" src=\"http:\/\/culturabc.com.br\/arquivo\/wp-content\/uploads\/2021\/07\/004-Ressaca-em-frente-ao-Hotel-Balneario-1950_1-reuniao.jpg\" alt=\"004 Ressaca em frente ao Hotel Balneario 1950 1 reuniao\" data-id=\"26426\" data-full-url=\"http:\/\/culturabc.com.br\/arquivo\/wp-content\/uploads\/2021\/07\/004-Ressaca-em-frente-ao-Hotel-Balneario-1950_1-reuniao.jpg\" data-link=\"http:\/\/culturabc.com.br\/arquivo\/004-ressaca-em-frente-ao-hotel-balneario-1950_1-reuniao\/\" class=\"wp-image-26426\" srcset=\"https:\/\/culturabc.com.br\/arquivo\/wp-content\/uploads\/2021\/07\/004-Ressaca-em-frente-ao-Hotel-Balneario-1950_1-reuniao.jpg 950w, https:\/\/culturabc.com.br\/arquivo\/wp-content\/uploads\/2021\/07\/004-Ressaca-em-frente-ao-Hotel-Balneario-1950_1-reuniao-300x204.jpg 300w, https:\/\/culturabc.com.br\/arquivo\/wp-content\/uploads\/2021\/07\/004-Ressaca-em-frente-ao-Hotel-Balneario-1950_1-reuniao-768x521.jpg 768w\" sizes=\"(max-width: 950px) 100vw, 950px\" \/><\/a><figcaption class=\"blocks-gallery-item__caption\">004 Ressaca em frente ao Hotel Balneario 1950 1 reuniao<\/figcaption><\/figure><\/li><li class=\"blocks-gallery-item\"><figure><a href=\"http:\/\/culturabc.com.br\/arquivo\/wp-content\/uploads\/2021\/07\/024-Onibus-Circular-Itajai-x-Camboriu-esquina-com-Rua-3100-decada-de-1940_1-reuniao.jpg\"><img loading=\"lazy\" decoding=\"async\" width=\"950\" height=\"616\" src=\"http:\/\/culturabc.com.br\/arquivo\/wp-content\/uploads\/2021\/07\/024-Onibus-Circular-Itajai-x-Camboriu-esquina-com-Rua-3100-decada-de-1940_1-reuniao.jpg\" alt=\"024 Onibus Circular Itajai x Camboriu esquina com Rua 3100 decada de 1940 1 reuniao\" data-id=\"26424\" data-full-url=\"http:\/\/culturabc.com.br\/arquivo\/wp-content\/uploads\/2021\/07\/024-Onibus-Circular-Itajai-x-Camboriu-esquina-com-Rua-3100-decada-de-1940_1-reuniao.jpg\" data-link=\"http:\/\/culturabc.com.br\/arquivo\/024-onibus-circular-itajai-x-camboriu-esquina-com-rua-3100\/\" class=\"wp-image-26424\" srcset=\"https:\/\/culturabc.com.br\/arquivo\/wp-content\/uploads\/2021\/07\/024-Onibus-Circular-Itajai-x-Camboriu-esquina-com-Rua-3100-decada-de-1940_1-reuniao.jpg 950w, https:\/\/culturabc.com.br\/arquivo\/wp-content\/uploads\/2021\/07\/024-Onibus-Circular-Itajai-x-Camboriu-esquina-com-Rua-3100-decada-de-1940_1-reuniao-300x195.jpg 300w, https:\/\/culturabc.com.br\/arquivo\/wp-content\/uploads\/2021\/07\/024-Onibus-Circular-Itajai-x-Camboriu-esquina-com-Rua-3100-decada-de-1940_1-reuniao-768x498.jpg 768w\" sizes=\"(max-width: 950px) 100vw, 950px\" \/><\/a><figcaption class=\"blocks-gallery-item__caption\">024 Onibus Circular Itajai x Camboriu esquina com Rua 3100 decada de 1940 1 reuniao<\/figcaption><\/figure><\/li><li class=\"blocks-gallery-item\"><figure><a href=\"http:\/\/culturabc.com.br\/arquivo\/wp-content\/uploads\/2021\/07\/030-Pensao-Alice-Schreep-Avenida-Atlantica-esquina-com-a-Rua-1001-1938_1-reuniao.jpg\"><img loading=\"lazy\" decoding=\"async\" width=\"950\" height=\"626\" src=\"http:\/\/culturabc.com.br\/arquivo\/wp-content\/uploads\/2021\/07\/030-Pensao-Alice-Schreep-Avenida-Atlantica-esquina-com-a-Rua-1001-1938_1-reuniao.jpg\" alt=\"030 Pensao Alice Schreep Avenida Atlantica esquina com a Rua 1001 1938 1 reuniao\" data-id=\"26425\" data-full-url=\"http:\/\/culturabc.com.br\/arquivo\/wp-content\/uploads\/2021\/07\/030-Pensao-Alice-Schreep-Avenida-Atlantica-esquina-com-a-Rua-1001-1938_1-reuniao.jpg\" data-link=\"http:\/\/culturabc.com.br\/arquivo\/030-pensao-alice-schreep-av-atlantica-ano-1938-c-a-7193\/\" class=\"wp-image-26425\" srcset=\"https:\/\/culturabc.com.br\/arquivo\/wp-content\/uploads\/2021\/07\/030-Pensao-Alice-Schreep-Avenida-Atlantica-esquina-com-a-Rua-1001-1938_1-reuniao.jpg 950w, https:\/\/culturabc.com.br\/arquivo\/wp-content\/uploads\/2021\/07\/030-Pensao-Alice-Schreep-Avenida-Atlantica-esquina-com-a-Rua-1001-1938_1-reuniao-300x198.jpg 300w, https:\/\/culturabc.com.br\/arquivo\/wp-content\/uploads\/2021\/07\/030-Pensao-Alice-Schreep-Avenida-Atlantica-esquina-com-a-Rua-1001-1938_1-reuniao-768x506.jpg 768w\" sizes=\"(max-width: 950px) 100vw, 950px\" \/><\/a><figcaption class=\"blocks-gallery-item__caption\">030 Pensao Alice Schreep Avenida Atlantica esquina com a Rua 1001 1938 1 reuniao<\/figcaption><\/figure><\/li><li class=\"blocks-gallery-item\"><figure><a href=\"http:\/\/culturabc.com.br\/arquivo\/wp-content\/uploads\/2021\/07\/017-Casa-do-Radio-SA-Avenida-Central-inaugurada-em-04.10.1969_1-reuniao.jpg\"><img loading=\"lazy\" decoding=\"async\" width=\"950\" height=\"674\" src=\"http:\/\/culturabc.com.br\/arquivo\/wp-content\/uploads\/2021\/07\/017-Casa-do-Radio-SA-Avenida-Central-inaugurada-em-04.10.1969_1-reuniao.jpg\" alt=\"017 Casa do Radio SA Avenida Central inaugurada em 04.10.1969 1 reuniao\" data-id=\"26423\" data-full-url=\"http:\/\/culturabc.com.br\/arquivo\/wp-content\/uploads\/2021\/07\/017-Casa-do-Radio-SA-Avenida-Central-inaugurada-em-04.10.1969_1-reuniao.jpg\" data-link=\"http:\/\/culturabc.com.br\/arquivo\/017-casa-do-radio-sa-1a-loja-de-eletrodomesticos-de-balne\/\" class=\"wp-image-26423\" srcset=\"https:\/\/culturabc.com.br\/arquivo\/wp-content\/uploads\/2021\/07\/017-Casa-do-Radio-SA-Avenida-Central-inaugurada-em-04.10.1969_1-reuniao.jpg 950w, https:\/\/culturabc.com.br\/arquivo\/wp-content\/uploads\/2021\/07\/017-Casa-do-Radio-SA-Avenida-Central-inaugurada-em-04.10.1969_1-reuniao-300x213.jpg 300w, https:\/\/culturabc.com.br\/arquivo\/wp-content\/uploads\/2021\/07\/017-Casa-do-Radio-SA-Avenida-Central-inaugurada-em-04.10.1969_1-reuniao-768x545.jpg 768w\" sizes=\"(max-width: 950px) 100vw, 950px\" \/><\/a><figcaption class=\"blocks-gallery-item__caption\">017 Casa do Radio SA Avenida Central inaugurada em 04.10.1969 1 reuniao<\/figcaption><\/figure><\/li><li class=\"blocks-gallery-item\"><figure><a href=\"http:\/\/culturabc.com.br\/arquivo\/wp-content\/uploads\/2021\/07\/012-Verao-em-Camboriu-em-frente-a-Rua-1800-decada-de-1940_1-reuniao.jpg\"><img loading=\"lazy\" decoding=\"async\" width=\"950\" height=\"570\" src=\"http:\/\/culturabc.com.br\/arquivo\/wp-content\/uploads\/2021\/07\/012-Verao-em-Camboriu-em-frente-a-Rua-1800-decada-de-1940_1-reuniao.jpg\" alt=\"012 Verao em Camboriu em frente a Rua 1800 decada de 1940 1 reuniao\" data-id=\"26422\" data-full-url=\"http:\/\/culturabc.com.br\/arquivo\/wp-content\/uploads\/2021\/07\/012-Verao-em-Camboriu-em-frente-a-Rua-1800-decada-de-1940_1-reuniao.jpg\" data-link=\"http:\/\/culturabc.com.br\/arquivo\/012-verao-em-camboriu-em-frente-a-rua-1800-dec-1940-c-a\/\" class=\"wp-image-26422\" srcset=\"https:\/\/culturabc.com.br\/arquivo\/wp-content\/uploads\/2021\/07\/012-Verao-em-Camboriu-em-frente-a-Rua-1800-decada-de-1940_1-reuniao.jpg 950w, https:\/\/culturabc.com.br\/arquivo\/wp-content\/uploads\/2021\/07\/012-Verao-em-Camboriu-em-frente-a-Rua-1800-decada-de-1940_1-reuniao-300x180.jpg 300w, https:\/\/culturabc.com.br\/arquivo\/wp-content\/uploads\/2021\/07\/012-Verao-em-Camboriu-em-frente-a-Rua-1800-decada-de-1940_1-reuniao-768x461.jpg 768w\" sizes=\"(max-width: 950px) 100vw, 950px\" \/><\/a><figcaption class=\"blocks-gallery-item__caption\">012 Verao em Camboriu em frente a Rua 1800 decada de 1940 1 reuniao<\/figcaption><\/figure><\/li><li class=\"blocks-gallery-item\"><figure><a href=\"http:\/\/culturabc.com.br\/arquivo\/wp-content\/uploads\/2021\/07\/049-Lisete-Schmitt-e-Maria-da-Graca-Av.-Central-com-Avenida-Atlantica-decada-de-1950_1-reuniao.jpg\"><img loading=\"lazy\" decoding=\"async\" width=\"950\" height=\"642\" src=\"http:\/\/culturabc.com.br\/arquivo\/wp-content\/uploads\/2021\/07\/049-Lisete-Schmitt-e-Maria-da-Graca-Av.-Central-com-Avenida-Atlantica-decada-de-1950_1-reuniao.jpg\" alt=\"049 Lisete Schmitt e Maria da Graca Av. Central com Avenida Atlantica decada de 1950 1 reuniao\" data-id=\"26420\" data-full-url=\"http:\/\/culturabc.com.br\/arquivo\/wp-content\/uploads\/2021\/07\/049-Lisete-Schmitt-e-Maria-da-Graca-Av.-Central-com-Avenida-Atlantica-decada-de-1950_1-reuniao.jpg\" data-link=\"http:\/\/culturabc.com.br\/arquivo\/049-lisete-schmitt-e-maria-da-graca-av-central-com-av-atl\/\" class=\"wp-image-26420\" srcset=\"https:\/\/culturabc.com.br\/arquivo\/wp-content\/uploads\/2021\/07\/049-Lisete-Schmitt-e-Maria-da-Graca-Av.-Central-com-Avenida-Atlantica-decada-de-1950_1-reuniao.jpg 950w, https:\/\/culturabc.com.br\/arquivo\/wp-content\/uploads\/2021\/07\/049-Lisete-Schmitt-e-Maria-da-Graca-Av.-Central-com-Avenida-Atlantica-decada-de-1950_1-reuniao-300x203.jpg 300w, https:\/\/culturabc.com.br\/arquivo\/wp-content\/uploads\/2021\/07\/049-Lisete-Schmitt-e-Maria-da-Graca-Av.-Central-com-Avenida-Atlantica-decada-de-1950_1-reuniao-768x519.jpg 768w\" sizes=\"(max-width: 950px) 100vw, 950px\" \/><\/a><figcaption class=\"blocks-gallery-item__caption\">049 Lisete Schmitt e Maria da Graca Av. Central com Avenida Atlantica decada de 1950 1 reuniao<\/figcaption><\/figure><\/li><li class=\"blocks-gallery-item\"><figure><a href=\"http:\/\/culturabc.com.br\/arquivo\/wp-content\/uploads\/2021\/07\/050-Vista-parcial-do-Pontal-Sul-decada-1950_1-reuniao.jpg\"><img loading=\"lazy\" decoding=\"async\" width=\"950\" height=\"654\" src=\"http:\/\/culturabc.com.br\/arquivo\/wp-content\/uploads\/2021\/07\/050-Vista-parcial-do-Pontal-Sul-decada-1950_1-reuniao.jpg\" alt=\"050 Vista parcial do Pontal Sul decada 1950 1 reuniao\" data-id=\"26421\" data-full-url=\"http:\/\/culturabc.com.br\/arquivo\/wp-content\/uploads\/2021\/07\/050-Vista-parcial-do-Pontal-Sul-decada-1950_1-reuniao.jpg\" data-link=\"http:\/\/culturabc.com.br\/arquivo\/050-vista-parcial-do-pontal-sul-casa-da-familia-granemann-a\/\" class=\"wp-image-26421\" srcset=\"https:\/\/culturabc.com.br\/arquivo\/wp-content\/uploads\/2021\/07\/050-Vista-parcial-do-Pontal-Sul-decada-1950_1-reuniao.jpg 950w, https:\/\/culturabc.com.br\/arquivo\/wp-content\/uploads\/2021\/07\/050-Vista-parcial-do-Pontal-Sul-decada-1950_1-reuniao-300x207.jpg 300w, https:\/\/culturabc.com.br\/arquivo\/wp-content\/uploads\/2021\/07\/050-Vista-parcial-do-Pontal-Sul-decada-1950_1-reuniao-768x529.jpg 768w\" sizes=\"(max-width: 950px) 100vw, 950px\" \/><\/a><figcaption class=\"blocks-gallery-item__caption\">050 Vista parcial do Pontal Sul decada 1950 1 reuniao<\/figcaption><\/figure><\/li><li class=\"blocks-gallery-item\"><figure><a href=\"http:\/\/culturabc.com.br\/arquivo\/wp-content\/uploads\/2021\/07\/033-Residencia-em-estilo-neo-californiano-decada-de-1950_1-reuniao.jpg\"><img loading=\"lazy\" decoding=\"async\" width=\"950\" height=\"636\" src=\"http:\/\/culturabc.com.br\/arquivo\/wp-content\/uploads\/2021\/07\/033-Residencia-em-estilo-neo-californiano-decada-de-1950_1-reuniao.jpg\" alt=\"033 Residencia em estilo neo californiano decada de 1950 1 reuniao\" data-id=\"26418\" data-full-url=\"http:\/\/culturabc.com.br\/arquivo\/wp-content\/uploads\/2021\/07\/033-Residencia-em-estilo-neo-californiano-decada-de-1950_1-reuniao.jpg\" data-link=\"http:\/\/culturabc.com.br\/arquivo\/033-elegante-residencia-em-estilo-neo-californiano-decada\/\" class=\"wp-image-26418\" srcset=\"https:\/\/culturabc.com.br\/arquivo\/wp-content\/uploads\/2021\/07\/033-Residencia-em-estilo-neo-californiano-decada-de-1950_1-reuniao.jpg 950w, https:\/\/culturabc.com.br\/arquivo\/wp-content\/uploads\/2021\/07\/033-Residencia-em-estilo-neo-californiano-decada-de-1950_1-reuniao-300x201.jpg 300w, https:\/\/culturabc.com.br\/arquivo\/wp-content\/uploads\/2021\/07\/033-Residencia-em-estilo-neo-californiano-decada-de-1950_1-reuniao-768x514.jpg 768w\" sizes=\"(max-width: 950px) 100vw, 950px\" \/><\/a><figcaption class=\"blocks-gallery-item__caption\">033 Residencia em estilo neo californiano decada de 1950 1 reuniao<\/figcaption><\/figure><\/li><li class=\"blocks-gallery-item\"><figure><a href=\"http:\/\/culturabc.com.br\/arquivo\/wp-content\/uploads\/2021\/07\/048-Praia-de-Camboriu-decada-de-1950_1-reuniao.jpg\"><img loading=\"lazy\" decoding=\"async\" width=\"950\" height=\"586\" src=\"http:\/\/culturabc.com.br\/arquivo\/wp-content\/uploads\/2021\/07\/048-Praia-de-Camboriu-decada-de-1950_1-reuniao.jpg\" alt=\"048 Praia de Camboriu decada de 1950 1 reuniao\" data-id=\"26419\" data-full-url=\"http:\/\/culturabc.com.br\/arquivo\/wp-content\/uploads\/2021\/07\/048-Praia-de-Camboriu-decada-de-1950_1-reuniao.jpg\" data-link=\"http:\/\/culturabc.com.br\/arquivo\/048-praia-de-camboriu-decada-de-1950_1-reuniao\/\" class=\"wp-image-26419\" srcset=\"https:\/\/culturabc.com.br\/arquivo\/wp-content\/uploads\/2021\/07\/048-Praia-de-Camboriu-decada-de-1950_1-reuniao.jpg 950w, https:\/\/culturabc.com.br\/arquivo\/wp-content\/uploads\/2021\/07\/048-Praia-de-Camboriu-decada-de-1950_1-reuniao-300x185.jpg 300w, https:\/\/culturabc.com.br\/arquivo\/wp-content\/uploads\/2021\/07\/048-Praia-de-Camboriu-decada-de-1950_1-reuniao-768x474.jpg 768w\" sizes=\"(max-width: 950px) 100vw, 950px\" \/><\/a><figcaption class=\"blocks-gallery-item__caption\">048 Praia de Camboriu decada de 1950 1 reuniao<\/figcaption><\/figure><\/li><li class=\"blocks-gallery-item\"><figure><a href=\"http:\/\/culturabc.com.br\/arquivo\/wp-content\/uploads\/2021\/07\/070-Vista-aerea-da-Praia-de-Camboriu-atual-Rua-Osmar-de-Souza-Nunes-decada-de-1950_1-reuniao.jpg\"><img loading=\"lazy\" decoding=\"async\" width=\"950\" height=\"644\" src=\"http:\/\/culturabc.com.br\/arquivo\/wp-content\/uploads\/2021\/07\/070-Vista-aerea-da-Praia-de-Camboriu-atual-Rua-Osmar-de-Souza-Nunes-decada-de-1950_1-reuniao.jpg\" alt=\"070 Vista aerea da Praia de Camboriu atual Rua Osmar de Souza Nunes decada de 1950 1 reuniao\" data-id=\"26417\" data-full-url=\"http:\/\/culturabc.com.br\/arquivo\/wp-content\/uploads\/2021\/07\/070-Vista-aerea-da-Praia-de-Camboriu-atual-Rua-Osmar-de-Souza-Nunes-decada-de-1950_1-reuniao.jpg\" data-link=\"http:\/\/culturabc.com.br\/arquivo\/070-vista-aerea-da-praia-de-camboriu-atual-rua-osmar-de-sou\/\" class=\"wp-image-26417\" srcset=\"https:\/\/culturabc.com.br\/arquivo\/wp-content\/uploads\/2021\/07\/070-Vista-aerea-da-Praia-de-Camboriu-atual-Rua-Osmar-de-Souza-Nunes-decada-de-1950_1-reuniao.jpg 950w, https:\/\/culturabc.com.br\/arquivo\/wp-content\/uploads\/2021\/07\/070-Vista-aerea-da-Praia-de-Camboriu-atual-Rua-Osmar-de-Souza-Nunes-decada-de-1950_1-reuniao-300x203.jpg 300w, https:\/\/culturabc.com.br\/arquivo\/wp-content\/uploads\/2021\/07\/070-Vista-aerea-da-Praia-de-Camboriu-atual-Rua-Osmar-de-Souza-Nunes-decada-de-1950_1-reuniao-768x521.jpg 768w\" sizes=\"(max-width: 950px) 100vw, 950px\" \/><\/a><figcaption class=\"blocks-gallery-item__caption\">070 Vista aerea da Praia de Camboriu atual Rua Osmar de Souza Nunes decada de 1950 1 reuniao<\/figcaption><\/figure><\/li><li class=\"blocks-gallery-item\"><figure><a href=\"http:\/\/culturabc.com.br\/arquivo\/wp-content\/uploads\/2021\/07\/062-Inauguracao-da-reforma-do-Centro-Educacional-Governador-Ivo-Silveira-1987_1-reuniao.jpg\"><img loading=\"lazy\" decoding=\"async\" width=\"950\" height=\"639\" src=\"http:\/\/culturabc.com.br\/arquivo\/wp-content\/uploads\/2021\/07\/062-Inauguracao-da-reforma-do-Centro-Educacional-Governador-Ivo-Silveira-1987_1-reuniao.jpg\" alt=\"062 Inauguracao da reforma do Centro Educacional Governador Ivo Silveira 1987 1 reuniao\" data-id=\"26416\" data-full-url=\"http:\/\/culturabc.com.br\/arquivo\/wp-content\/uploads\/2021\/07\/062-Inauguracao-da-reforma-do-Centro-Educacional-Governador-Ivo-Silveira-1987_1-reuniao.jpg\" data-link=\"http:\/\/culturabc.com.br\/arquivo\/062-inauguracao-da-reforma-do-centro-educacional-governador-ivo-silveira-1987_1-reuniao\/\" class=\"wp-image-26416\" srcset=\"https:\/\/culturabc.com.br\/arquivo\/wp-content\/uploads\/2021\/07\/062-Inauguracao-da-reforma-do-Centro-Educacional-Governador-Ivo-Silveira-1987_1-reuniao.jpg 950w, https:\/\/culturabc.com.br\/arquivo\/wp-content\/uploads\/2021\/07\/062-Inauguracao-da-reforma-do-Centro-Educacional-Governador-Ivo-Silveira-1987_1-reuniao-300x202.jpg 300w, https:\/\/culturabc.com.br\/arquivo\/wp-content\/uploads\/2021\/07\/062-Inauguracao-da-reforma-do-Centro-Educacional-Governador-Ivo-Silveira-1987_1-reuniao-768x517.jpg 768w\" sizes=\"(max-width: 950px) 100vw, 950px\" \/><\/a><figcaption class=\"blocks-gallery-item__caption\">062 Inauguracao da reforma do Centro Educacional Governador Ivo Silveira 1987 1 reuniao<\/figcaption><\/figure><\/li><li class=\"blocks-gallery-item\"><figure><a href=\"http:\/\/culturabc.com.br\/arquivo\/wp-content\/uploads\/2021\/07\/056-Vista-da-Praia-de-Camboriu-e-Ilha-das-Cabras-decada-de-1950_1-reuniao.jpg\"><img loading=\"lazy\" decoding=\"async\" width=\"950\" height=\"631\" src=\"http:\/\/culturabc.com.br\/arquivo\/wp-content\/uploads\/2021\/07\/056-Vista-da-Praia-de-Camboriu-e-Ilha-das-Cabras-decada-de-1950_1-reuniao.jpg\" alt=\"056 Vista da Praia de Camboriu e Ilha das Cabras decada de 1950 1 reuniao\" data-id=\"26415\" data-full-url=\"http:\/\/culturabc.com.br\/arquivo\/wp-content\/uploads\/2021\/07\/056-Vista-da-Praia-de-Camboriu-e-Ilha-das-Cabras-decada-de-1950_1-reuniao.jpg\" data-link=\"http:\/\/culturabc.com.br\/arquivo\/056-vista-da-praia-de-camboriu-e-ilha-das-cabras-nas-areias\/\" class=\"wp-image-26415\" srcset=\"https:\/\/culturabc.com.br\/arquivo\/wp-content\/uploads\/2021\/07\/056-Vista-da-Praia-de-Camboriu-e-Ilha-das-Cabras-decada-de-1950_1-reuniao.jpg 950w, https:\/\/culturabc.com.br\/arquivo\/wp-content\/uploads\/2021\/07\/056-Vista-da-Praia-de-Camboriu-e-Ilha-das-Cabras-decada-de-1950_1-reuniao-300x199.jpg 300w, https:\/\/culturabc.com.br\/arquivo\/wp-content\/uploads\/2021\/07\/056-Vista-da-Praia-de-Camboriu-e-Ilha-das-Cabras-decada-de-1950_1-reuniao-768x510.jpg 768w\" sizes=\"(max-width: 950px) 100vw, 950px\" \/><\/a><figcaption class=\"blocks-gallery-item__caption\">056 Vista da Praia de Camboriu e Ilha das Cabras decada de 1950 1 reuniao<\/figcaption><\/figure><\/li><li class=\"blocks-gallery-item\"><figure><a href=\"http:\/\/culturabc.com.br\/arquivo\/wp-content\/uploads\/2021\/07\/053-Vista-central-da-praia-decada-de-1950_1-reuniao.jpg\"><img loading=\"lazy\" decoding=\"async\" width=\"765\" height=\"1024\" src=\"http:\/\/culturabc.com.br\/arquivo\/wp-content\/uploads\/2021\/07\/053-Vista-central-da-praia-decada-de-1950_1-reuniao-765x1024.jpg\" alt=\"053 Vista central da praia decada de 1950 1 reuniao\" data-id=\"26414\" data-full-url=\"http:\/\/culturabc.com.br\/arquivo\/wp-content\/uploads\/2021\/07\/053-Vista-central-da-praia-decada-de-1950_1-reuniao.jpg\" data-link=\"http:\/\/culturabc.com.br\/arquivo\/053-vista-central-da-praia-ao-fundo-terraco-boa-vista-deca\/\" class=\"wp-image-26414\" srcset=\"https:\/\/culturabc.com.br\/arquivo\/wp-content\/uploads\/2021\/07\/053-Vista-central-da-praia-decada-de-1950_1-reuniao-765x1024.jpg 765w, https:\/\/culturabc.com.br\/arquivo\/wp-content\/uploads\/2021\/07\/053-Vista-central-da-praia-decada-de-1950_1-reuniao-224x300.jpg 224w, https:\/\/culturabc.com.br\/arquivo\/wp-content\/uploads\/2021\/07\/053-Vista-central-da-praia-decada-de-1950_1-reuniao-768x1028.jpg 768w, https:\/\/culturabc.com.br\/arquivo\/wp-content\/uploads\/2021\/07\/053-Vista-central-da-praia-decada-de-1950_1-reuniao.jpg 950w\" sizes=\"(max-width: 765px) 100vw, 765px\" \/><\/a><figcaption class=\"blocks-gallery-item__caption\">053 Vista central da praia decada de 1950 1 reuniao<\/figcaption><\/figure><\/li><li class=\"blocks-gallery-item\"><figure><a href=\"http:\/\/culturabc.com.br\/arquivo\/wp-content\/uploads\/2021\/07\/088-Autoridades-municipais-prestigiando-desfile-escolar-decada-de-1950_1-reuniao.jpg\"><img loading=\"lazy\" decoding=\"async\" width=\"950\" height=\"632\" src=\"http:\/\/culturabc.com.br\/arquivo\/wp-content\/uploads\/2021\/07\/088-Autoridades-municipais-prestigiando-desfile-escolar-decada-de-1950_1-reuniao.jpg\" alt=\"088 Autoridades municipais prestigiando desfile escolar decada de 1950 1 reuniao\" data-id=\"26413\" data-full-url=\"http:\/\/culturabc.com.br\/arquivo\/wp-content\/uploads\/2021\/07\/088-Autoridades-municipais-prestigiando-desfile-escolar-decada-de-1950_1-reuniao.jpg\" data-link=\"http:\/\/culturabc.com.br\/arquivo\/088-autoridades-municipais-prestigiando-desfile-escolar-deca\/\" class=\"wp-image-26413\" srcset=\"https:\/\/culturabc.com.br\/arquivo\/wp-content\/uploads\/2021\/07\/088-Autoridades-municipais-prestigiando-desfile-escolar-decada-de-1950_1-reuniao.jpg 950w, https:\/\/culturabc.com.br\/arquivo\/wp-content\/uploads\/2021\/07\/088-Autoridades-municipais-prestigiando-desfile-escolar-decada-de-1950_1-reuniao-300x200.jpg 300w, https:\/\/culturabc.com.br\/arquivo\/wp-content\/uploads\/2021\/07\/088-Autoridades-municipais-prestigiando-desfile-escolar-decada-de-1950_1-reuniao-768x511.jpg 768w\" sizes=\"(max-width: 950px) 100vw, 950px\" \/><\/a><figcaption class=\"blocks-gallery-item__caption\">088 Autoridades municipais prestigiando desfile escolar decada de 1950 1 reuniao<\/figcaption><\/figure><\/li><li class=\"blocks-gallery-item\"><figure><a href=\"http:\/\/culturabc.com.br\/arquivo\/wp-content\/uploads\/2021\/07\/087-Clientes-do-Armazem-de-Secos-e-Molhados-Av.-Atlantica-decada-de-1950_1-reuniao.jpg\"><img loading=\"lazy\" decoding=\"async\" width=\"950\" height=\"652\" src=\"http:\/\/culturabc.com.br\/arquivo\/wp-content\/uploads\/2021\/07\/087-Clientes-do-Armazem-de-Secos-e-Molhados-Av.-Atlantica-decada-de-1950_1-reuniao.jpg\" alt=\"087 Clientes do Armazem de Secos e Molhados Av. Atlantica decada de 1950 1 reuniao\" data-id=\"26412\" data-full-url=\"http:\/\/culturabc.com.br\/arquivo\/wp-content\/uploads\/2021\/07\/087-Clientes-do-Armazem-de-Secos-e-Molhados-Av.-Atlantica-decada-de-1950_1-reuniao.jpg\" data-link=\"http:\/\/culturabc.com.br\/arquivo\/087-clientes-do-armazem-de-secos-e-molhados-av-atlantica\/\" class=\"wp-image-26412\" srcset=\"https:\/\/culturabc.com.br\/arquivo\/wp-content\/uploads\/2021\/07\/087-Clientes-do-Armazem-de-Secos-e-Molhados-Av.-Atlantica-decada-de-1950_1-reuniao.jpg 950w, https:\/\/culturabc.com.br\/arquivo\/wp-content\/uploads\/2021\/07\/087-Clientes-do-Armazem-de-Secos-e-Molhados-Av.-Atlantica-decada-de-1950_1-reuniao-300x206.jpg 300w, https:\/\/culturabc.com.br\/arquivo\/wp-content\/uploads\/2021\/07\/087-Clientes-do-Armazem-de-Secos-e-Molhados-Av.-Atlantica-decada-de-1950_1-reuniao-768x527.jpg 768w\" sizes=\"(max-width: 950px) 100vw, 950px\" \/><\/a><figcaption class=\"blocks-gallery-item__caption\">087 Clientes do Armazem de Secos e Molhados Av. Atlantica decada de 1950 1 reuniao<\/figcaption><\/figure><\/li><li class=\"blocks-gallery-item\"><figure><a href=\"http:\/\/culturabc.com.br\/arquivo\/wp-content\/uploads\/2021\/07\/084-Ex-Presidente-Joao-Goulart-com-amigos-em-sua-residencia-apos-uma-pescaria-decada-de-1950_1-reuniao.jpg\"><img loading=\"lazy\" decoding=\"async\" width=\"950\" height=\"526\" src=\"http:\/\/culturabc.com.br\/arquivo\/wp-content\/uploads\/2021\/07\/084-Ex-Presidente-Joao-Goulart-com-amigos-em-sua-residencia-apos-uma-pescaria-decada-de-1950_1-reuniao.jpg\" alt=\"084 Ex Presidente Joao Goulart com amigos em sua residencia apos uma pescaria decada de 1950 1 reuniao\" data-id=\"26411\" data-full-url=\"http:\/\/culturabc.com.br\/arquivo\/wp-content\/uploads\/2021\/07\/084-Ex-Presidente-Joao-Goulart-com-amigos-em-sua-residencia-apos-uma-pescaria-decada-de-1950_1-reuniao.jpg\" data-link=\"http:\/\/culturabc.com.br\/arquivo\/084-ex-presidente-joao-goulart-com-amigos-em-sua-residencia-apos-uma-pescaria-decada-de-1950_1-reuniao\/\" class=\"wp-image-26411\" srcset=\"https:\/\/culturabc.com.br\/arquivo\/wp-content\/uploads\/2021\/07\/084-Ex-Presidente-Joao-Goulart-com-amigos-em-sua-residencia-apos-uma-pescaria-decada-de-1950_1-reuniao.jpg 950w, https:\/\/culturabc.com.br\/arquivo\/wp-content\/uploads\/2021\/07\/084-Ex-Presidente-Joao-Goulart-com-amigos-em-sua-residencia-apos-uma-pescaria-decada-de-1950_1-reuniao-300x166.jpg 300w, https:\/\/culturabc.com.br\/arquivo\/wp-content\/uploads\/2021\/07\/084-Ex-Presidente-Joao-Goulart-com-amigos-em-sua-residencia-apos-uma-pescaria-decada-de-1950_1-reuniao-768x425.jpg 768w\" sizes=\"(max-width: 950px) 100vw, 950px\" \/><\/a><figcaption class=\"blocks-gallery-item__caption\">084 Ex Presidente Joao Goulart com amigos em sua residencia apos uma pescaria decada de 1950 1 reuniao<\/figcaption><\/figure><\/li><li class=\"blocks-gallery-item\"><figure><a href=\"http:\/\/culturabc.com.br\/arquivo\/wp-content\/uploads\/2021\/07\/082-Bar-San-Remo-Avenida-Atlantica-decada-de-1950_1-reuniao.jpg\"><img loading=\"lazy\" decoding=\"async\" width=\"950\" height=\"659\" src=\"http:\/\/culturabc.com.br\/arquivo\/wp-content\/uploads\/2021\/07\/082-Bar-San-Remo-Avenida-Atlantica-decada-de-1950_1-reuniao.jpg\" alt=\"082 Bar San Remo Avenida Atlantica decada de 1950 1 reuniao\" data-id=\"26410\" data-full-url=\"http:\/\/culturabc.com.br\/arquivo\/wp-content\/uploads\/2021\/07\/082-Bar-San-Remo-Avenida-Atlantica-decada-de-1950_1-reuniao.jpg\" data-link=\"http:\/\/culturabc.com.br\/arquivo\/082-bar-san-remo-av-atlantica-decada-de-1950-c-a-7404\/\" class=\"wp-image-26410\" srcset=\"https:\/\/culturabc.com.br\/arquivo\/wp-content\/uploads\/2021\/07\/082-Bar-San-Remo-Avenida-Atlantica-decada-de-1950_1-reuniao.jpg 950w, https:\/\/culturabc.com.br\/arquivo\/wp-content\/uploads\/2021\/07\/082-Bar-San-Remo-Avenida-Atlantica-decada-de-1950_1-reuniao-300x208.jpg 300w, https:\/\/culturabc.com.br\/arquivo\/wp-content\/uploads\/2021\/07\/082-Bar-San-Remo-Avenida-Atlantica-decada-de-1950_1-reuniao-768x533.jpg 768w\" sizes=\"(max-width: 950px) 100vw, 950px\" \/><\/a><figcaption class=\"blocks-gallery-item__caption\">082 Bar San Remo Avenida Atlantica decada de 1950 1 reuniao<\/figcaption><\/figure><\/li><li class=\"blocks-gallery-item\"><figure><a href=\"http:\/\/culturabc.com.br\/arquivo\/wp-content\/uploads\/2021\/07\/1131-Inauguracao-do-sistema-de-agua-do-Municipio-de-Balneario-Camboriu-no-Hotel-Marambaia-20.07.1964_1-reuniao.jpg\"><img loading=\"lazy\" decoding=\"async\" width=\"950\" height=\"689\" src=\"http:\/\/culturabc.com.br\/arquivo\/wp-content\/uploads\/2021\/07\/1131-Inauguracao-do-sistema-de-agua-do-Municipio-de-Balneario-Camboriu-no-Hotel-Marambaia-20.07.1964_1-reuniao.jpg\" alt=\"1131 Inauguracao do sistema de agua do Municipio de Balneario Camboriu no Hotel Marambaia 20.07.1964 1 reuniao\" data-id=\"26409\" data-full-url=\"http:\/\/culturabc.com.br\/arquivo\/wp-content\/uploads\/2021\/07\/1131-Inauguracao-do-sistema-de-agua-do-Municipio-de-Balneario-Camboriu-no-Hotel-Marambaia-20.07.1964_1-reuniao.jpg\" data-link=\"http:\/\/culturabc.com.br\/arquivo\/1131-inauguracao-do-sistema-de-agua-do-municipio-de-balneario-camboriu-no-hotel-marambaia-20-07-1964_1-reuniao\/\" class=\"wp-image-26409\" srcset=\"https:\/\/culturabc.com.br\/arquivo\/wp-content\/uploads\/2021\/07\/1131-Inauguracao-do-sistema-de-agua-do-Municipio-de-Balneario-Camboriu-no-Hotel-Marambaia-20.07.1964_1-reuniao.jpg 950w, https:\/\/culturabc.com.br\/arquivo\/wp-content\/uploads\/2021\/07\/1131-Inauguracao-do-sistema-de-agua-do-Municipio-de-Balneario-Camboriu-no-Hotel-Marambaia-20.07.1964_1-reuniao-300x218.jpg 300w, https:\/\/culturabc.com.br\/arquivo\/wp-content\/uploads\/2021\/07\/1131-Inauguracao-do-sistema-de-agua-do-Municipio-de-Balneario-Camboriu-no-Hotel-Marambaia-20.07.1964_1-reuniao-768x557.jpg 768w\" sizes=\"(max-width: 950px) 100vw, 950px\" \/><\/a><figcaption class=\"blocks-gallery-item__caption\">1131 Inauguracao do sistema de agua do Municipio de Balneario Camboriu no Hotel Marambaia 20.07.1964 1 reuniao<\/figcaption><\/figure><\/li><li class=\"blocks-gallery-item\"><figure><a href=\"http:\/\/culturabc.com.br\/arquivo\/wp-content\/uploads\/2021\/07\/1003-Avenida-Atlantica-hoje-Praca-Tamandare-1969_1-reuniao.jpg\"><img loading=\"lazy\" decoding=\"async\" width=\"950\" height=\"629\" src=\"http:\/\/culturabc.com.br\/arquivo\/wp-content\/uploads\/2021\/07\/1003-Avenida-Atlantica-hoje-Praca-Tamandare-1969_1-reuniao.jpg\" alt=\"1003 Avenida Atlantica hoje Praca Tamandare 1969 1 reuniao\" data-id=\"26408\" data-full-url=\"http:\/\/culturabc.com.br\/arquivo\/wp-content\/uploads\/2021\/07\/1003-Avenida-Atlantica-hoje-Praca-Tamandare-1969_1-reuniao.jpg\" data-link=\"http:\/\/culturabc.com.br\/arquivo\/1003-avenida-atlantica-hoje-praca-tamandare-1969_1-reuniao\/\" class=\"wp-image-26408\" srcset=\"https:\/\/culturabc.com.br\/arquivo\/wp-content\/uploads\/2021\/07\/1003-Avenida-Atlantica-hoje-Praca-Tamandare-1969_1-reuniao.jpg 950w, https:\/\/culturabc.com.br\/arquivo\/wp-content\/uploads\/2021\/07\/1003-Avenida-Atlantica-hoje-Praca-Tamandare-1969_1-reuniao-300x199.jpg 300w, https:\/\/culturabc.com.br\/arquivo\/wp-content\/uploads\/2021\/07\/1003-Avenida-Atlantica-hoje-Praca-Tamandare-1969_1-reuniao-768x508.jpg 768w\" sizes=\"(max-width: 950px) 100vw, 950px\" \/><\/a><figcaption class=\"blocks-gallery-item__caption\">1003 Avenida Atlantica hoje Praca Tamandare 1969 1 reuniao<\/figcaption><\/figure><\/li><li class=\"blocks-gallery-item\"><figure><a href=\"http:\/\/culturabc.com.br\/arquivo\/wp-content\/uploads\/2021\/07\/1001-Onibus-circular-da-Viacao-Cometa-linha-Balneario-Camboriu-x-Blumenau-decada-de-1940_1-reuniao.jpg\"><img loading=\"lazy\" decoding=\"async\" width=\"950\" height=\"621\" src=\"http:\/\/culturabc.com.br\/arquivo\/wp-content\/uploads\/2021\/07\/1001-Onibus-circular-da-Viacao-Cometa-linha-Balneario-Camboriu-x-Blumenau-decada-de-1940_1-reuniao.jpg\" alt=\"1001 Onibus circular da Viacao Cometa linha Balneario Camboriu x Blumenau decada de 1940 1 reuniao\" data-id=\"26407\" data-full-url=\"http:\/\/culturabc.com.br\/arquivo\/wp-content\/uploads\/2021\/07\/1001-Onibus-circular-da-Viacao-Cometa-linha-Balneario-Camboriu-x-Blumenau-decada-de-1940_1-reuniao.jpg\" data-link=\"http:\/\/culturabc.com.br\/arquivo\/1001-onibus-circular-da-viacao-cometa-linha-balneario-camboriu-x-blumenau-decada-de-1940_1-reuniao\/\" class=\"wp-image-26407\" srcset=\"https:\/\/culturabc.com.br\/arquivo\/wp-content\/uploads\/2021\/07\/1001-Onibus-circular-da-Viacao-Cometa-linha-Balneario-Camboriu-x-Blumenau-decada-de-1940_1-reuniao.jpg 950w, https:\/\/culturabc.com.br\/arquivo\/wp-content\/uploads\/2021\/07\/1001-Onibus-circular-da-Viacao-Cometa-linha-Balneario-Camboriu-x-Blumenau-decada-de-1940_1-reuniao-300x196.jpg 300w, https:\/\/culturabc.com.br\/arquivo\/wp-content\/uploads\/2021\/07\/1001-Onibus-circular-da-Viacao-Cometa-linha-Balneario-Camboriu-x-Blumenau-decada-de-1940_1-reuniao-768x502.jpg 768w\" sizes=\"(max-width: 950px) 100vw, 950px\" \/><\/a><figcaption class=\"blocks-gallery-item__caption\">1001 Onibus circular da Viacao Cometa linha Balneario Camboriu x Blumenau decada de 1940 1 reuniao<\/figcaption><\/figure><\/li><li class=\"blocks-gallery-item\"><figure><a href=\"http:\/\/culturabc.com.br\/arquivo\/wp-content\/uploads\/2021\/07\/091-Verao-em-Camboriu-Avenida-Central-decada-de-1950_1-reuniao.jpg\"><img loading=\"lazy\" decoding=\"async\" width=\"950\" height=\"662\" src=\"http:\/\/culturabc.com.br\/arquivo\/wp-content\/uploads\/2021\/07\/091-Verao-em-Camboriu-Avenida-Central-decada-de-1950_1-reuniao.jpg\" alt=\"091 Verao em Camboriu Avenida Central decada de 1950 1 reuniao\" data-id=\"26406\" data-full-url=\"http:\/\/culturabc.com.br\/arquivo\/wp-content\/uploads\/2021\/07\/091-Verao-em-Camboriu-Avenida-Central-decada-de-1950_1-reuniao.jpg\" data-link=\"http:\/\/culturabc.com.br\/arquivo\/091-verao-em-camboriu-av-central-o-cafe-atlantico-de-pr\/\" class=\"wp-image-26406\" srcset=\"https:\/\/culturabc.com.br\/arquivo\/wp-content\/uploads\/2021\/07\/091-Verao-em-Camboriu-Avenida-Central-decada-de-1950_1-reuniao.jpg 950w, https:\/\/culturabc.com.br\/arquivo\/wp-content\/uploads\/2021\/07\/091-Verao-em-Camboriu-Avenida-Central-decada-de-1950_1-reuniao-300x209.jpg 300w, https:\/\/culturabc.com.br\/arquivo\/wp-content\/uploads\/2021\/07\/091-Verao-em-Camboriu-Avenida-Central-decada-de-1950_1-reuniao-768x535.jpg 768w\" sizes=\"(max-width: 950px) 100vw, 950px\" \/><\/a><figcaption class=\"blocks-gallery-item__caption\">091 Verao em Camboriu Avenida Central decada de 1950 1 reuniao<\/figcaption><\/figure><\/li><li class=\"blocks-gallery-item\"><figure><a href=\"http:\/\/culturabc.com.br\/arquivo\/wp-content\/uploads\/2021\/07\/1523-Pavimentacao-da-Rua-1041-Centro-1980_1-reuniao.jpg\"><img loading=\"lazy\" decoding=\"async\" width=\"950\" height=\"622\" src=\"http:\/\/culturabc.com.br\/arquivo\/wp-content\/uploads\/2021\/07\/1523-Pavimentacao-da-Rua-1041-Centro-1980_1-reuniao.jpg\" alt=\"1523 Pavimentacao da Rua 1041 Centro 1980 1 reuniao\" data-id=\"26405\" data-full-url=\"http:\/\/culturabc.com.br\/arquivo\/wp-content\/uploads\/2021\/07\/1523-Pavimentacao-da-Rua-1041-Centro-1980_1-reuniao.jpg\" data-link=\"http:\/\/culturabc.com.br\/arquivo\/1523-pavimentacao-da-rua-1041-centro-1980_1-reuniao\/\" class=\"wp-image-26405\" srcset=\"https:\/\/culturabc.com.br\/arquivo\/wp-content\/uploads\/2021\/07\/1523-Pavimentacao-da-Rua-1041-Centro-1980_1-reuniao.jpg 950w, https:\/\/culturabc.com.br\/arquivo\/wp-content\/uploads\/2021\/07\/1523-Pavimentacao-da-Rua-1041-Centro-1980_1-reuniao-300x196.jpg 300w, https:\/\/culturabc.com.br\/arquivo\/wp-content\/uploads\/2021\/07\/1523-Pavimentacao-da-Rua-1041-Centro-1980_1-reuniao-768x503.jpg 768w\" sizes=\"(max-width: 950px) 100vw, 950px\" \/><\/a><figcaption class=\"blocks-gallery-item__caption\">1523 Pavimentacao da Rua 1041 Centro 1980 1 reuniao<\/figcaption><\/figure><\/li><li class=\"blocks-gallery-item\"><figure><a href=\"http:\/\/culturabc.com.br\/arquivo\/wp-content\/uploads\/2021\/07\/1439-Avenida-do-Estado-alargamento-da-ponte-divisa-Balneario-Camboriu-x-Itajai-decada-de-1980_1-reuniao.jpg\"><img loading=\"lazy\" decoding=\"async\" width=\"950\" height=\"593\" src=\"http:\/\/culturabc.com.br\/arquivo\/wp-content\/uploads\/2021\/07\/1439-Avenida-do-Estado-alargamento-da-ponte-divisa-Balneario-Camboriu-x-Itajai-decada-de-1980_1-reuniao.jpg\" alt=\"1439 Avenida do Estado alargamento da ponte divisa Balneario Camboriu x Itajai decada de 1980 1 reuniao\" data-id=\"26404\" data-full-url=\"http:\/\/culturabc.com.br\/arquivo\/wp-content\/uploads\/2021\/07\/1439-Avenida-do-Estado-alargamento-da-ponte-divisa-Balneario-Camboriu-x-Itajai-decada-de-1980_1-reuniao.jpg\" data-link=\"http:\/\/culturabc.com.br\/arquivo\/1439-avenida-do-estado-alargamento-da-ponte-divisa-balneario-camboriu-x-itajai-decada-de-1980_1-reuniao\/\" class=\"wp-image-26404\" srcset=\"https:\/\/culturabc.com.br\/arquivo\/wp-content\/uploads\/2021\/07\/1439-Avenida-do-Estado-alargamento-da-ponte-divisa-Balneario-Camboriu-x-Itajai-decada-de-1980_1-reuniao.jpg 950w, https:\/\/culturabc.com.br\/arquivo\/wp-content\/uploads\/2021\/07\/1439-Avenida-do-Estado-alargamento-da-ponte-divisa-Balneario-Camboriu-x-Itajai-decada-de-1980_1-reuniao-300x187.jpg 300w, https:\/\/culturabc.com.br\/arquivo\/wp-content\/uploads\/2021\/07\/1439-Avenida-do-Estado-alargamento-da-ponte-divisa-Balneario-Camboriu-x-Itajai-decada-de-1980_1-reuniao-768x479.jpg 768w\" sizes=\"(max-width: 950px) 100vw, 950px\" \/><\/a><figcaption class=\"blocks-gallery-item__caption\">1439 Avenida do Estado alargamento da ponte divisa Balneario Camboriu x Itajai decada de 1980 1 reuniao<\/figcaption><\/figure><\/li><li class=\"blocks-gallery-item\"><figure><a href=\"http:\/\/culturabc.com.br\/arquivo\/wp-content\/uploads\/2021\/07\/1405-Pavimentacao-da-3a-Avenida-1979_1-reuniao.jpg\"><img loading=\"lazy\" decoding=\"async\" width=\"950\" height=\"621\" src=\"http:\/\/culturabc.com.br\/arquivo\/wp-content\/uploads\/2021\/07\/1405-Pavimentacao-da-3a-Avenida-1979_1-reuniao.jpg\" alt=\"1405 Pavimentacao da 3a Avenida 1979 1 reuniao\" data-id=\"26403\" data-full-url=\"http:\/\/culturabc.com.br\/arquivo\/wp-content\/uploads\/2021\/07\/1405-Pavimentacao-da-3a-Avenida-1979_1-reuniao.jpg\" data-link=\"http:\/\/culturabc.com.br\/arquivo\/1405-pavimentacao-da-3a-avenida-1979_1-reuniao\/\" class=\"wp-image-26403\" srcset=\"https:\/\/culturabc.com.br\/arquivo\/wp-content\/uploads\/2021\/07\/1405-Pavimentacao-da-3a-Avenida-1979_1-reuniao.jpg 950w, https:\/\/culturabc.com.br\/arquivo\/wp-content\/uploads\/2021\/07\/1405-Pavimentacao-da-3a-Avenida-1979_1-reuniao-300x196.jpg 300w, https:\/\/culturabc.com.br\/arquivo\/wp-content\/uploads\/2021\/07\/1405-Pavimentacao-da-3a-Avenida-1979_1-reuniao-768x502.jpg 768w\" sizes=\"(max-width: 950px) 100vw, 950px\" \/><\/a><figcaption class=\"blocks-gallery-item__caption\">1405 Pavimentacao da 3a Avenida 1979 1 reuniao<\/figcaption><\/figure><\/li><li class=\"blocks-gallery-item\"><figure><a href=\"http:\/\/culturabc.com.br\/arquivo\/wp-content\/uploads\/2021\/07\/1524-Pavimentacao-da-Rua-1041-Centro-1980_1-reuniao.jpg\"><img loading=\"lazy\" decoding=\"async\" width=\"950\" height=\"622\" src=\"http:\/\/culturabc.com.br\/arquivo\/wp-content\/uploads\/2021\/07\/1524-Pavimentacao-da-Rua-1041-Centro-1980_1-reuniao.jpg\" alt=\"1524 Pavimentacao da Rua 1041 Centro 1980 1 reuniao\" data-id=\"26401\" data-full-url=\"http:\/\/culturabc.com.br\/arquivo\/wp-content\/uploads\/2021\/07\/1524-Pavimentacao-da-Rua-1041-Centro-1980_1-reuniao.jpg\" data-link=\"http:\/\/culturabc.com.br\/arquivo\/1524-pavimentacao-da-rua-1041-centro-1980_1-reuniao\/\" class=\"wp-image-26401\" srcset=\"https:\/\/culturabc.com.br\/arquivo\/wp-content\/uploads\/2021\/07\/1524-Pavimentacao-da-Rua-1041-Centro-1980_1-reuniao.jpg 950w, https:\/\/culturabc.com.br\/arquivo\/wp-content\/uploads\/2021\/07\/1524-Pavimentacao-da-Rua-1041-Centro-1980_1-reuniao-300x196.jpg 300w, https:\/\/culturabc.com.br\/arquivo\/wp-content\/uploads\/2021\/07\/1524-Pavimentacao-da-Rua-1041-Centro-1980_1-reuniao-768x503.jpg 768w\" sizes=\"(max-width: 950px) 100vw, 950px\" \/><\/a><figcaption class=\"blocks-gallery-item__caption\">1524 Pavimentacao da Rua 1041 Centro 1980 1 reuniao<\/figcaption><\/figure><\/li><li class=\"blocks-gallery-item\"><figure><a href=\"http:\/\/culturabc.com.br\/arquivo\/wp-content\/uploads\/2021\/07\/2373-Evento-na-Praca-Almirante-Tamandare-Avenida-Atlantica-decada-de-1970_1-reuniao.jpg\"><img loading=\"lazy\" decoding=\"async\" width=\"950\" height=\"640\" src=\"http:\/\/culturabc.com.br\/arquivo\/wp-content\/uploads\/2021\/07\/2373-Evento-na-Praca-Almirante-Tamandare-Avenida-Atlantica-decada-de-1970_1-reuniao.jpg\" alt=\"2373 Evento na Praca Almirante Tamandare Avenida Atlantica decada de 1970 1 reuniao\" data-id=\"26402\" data-full-url=\"http:\/\/culturabc.com.br\/arquivo\/wp-content\/uploads\/2021\/07\/2373-Evento-na-Praca-Almirante-Tamandare-Avenida-Atlantica-decada-de-1970_1-reuniao.jpg\" data-link=\"http:\/\/culturabc.com.br\/arquivo\/2373-evento-na-praca-almirante-tamandare-avenida-atlantica-decada-de-1970_1-reuniao\/\" class=\"wp-image-26402\" srcset=\"https:\/\/culturabc.com.br\/arquivo\/wp-content\/uploads\/2021\/07\/2373-Evento-na-Praca-Almirante-Tamandare-Avenida-Atlantica-decada-de-1970_1-reuniao.jpg 950w, https:\/\/culturabc.com.br\/arquivo\/wp-content\/uploads\/2021\/07\/2373-Evento-na-Praca-Almirante-Tamandare-Avenida-Atlantica-decada-de-1970_1-reuniao-300x202.jpg 300w, https:\/\/culturabc.com.br\/arquivo\/wp-content\/uploads\/2021\/07\/2373-Evento-na-Praca-Almirante-Tamandare-Avenida-Atlantica-decada-de-1970_1-reuniao-768x517.jpg 768w\" sizes=\"(max-width: 950px) 100vw, 950px\" \/><\/a><figcaption class=\"blocks-gallery-item__caption\">2373 Evento na Praca Almirante Tamandare Avenida Atlantica decada de 1970 1 reuniao<\/figcaption><\/figure><\/li><li class=\"blocks-gallery-item\"><figure><a href=\"http:\/\/culturabc.com.br\/arquivo\/wp-content\/uploads\/2021\/07\/260-Rua-1800-fundos-do-Hotel-Balneario-decada-de-1950_1-reuniao.jpg\"><img loading=\"lazy\" decoding=\"async\" width=\"950\" height=\"692\" src=\"http:\/\/culturabc.com.br\/arquivo\/wp-content\/uploads\/2021\/07\/260-Rua-1800-fundos-do-Hotel-Balneario-decada-de-1950_1-reuniao.jpg\" alt=\"260 Rua 1800 fundos do Hotel Balneario decada de 1950 1 reuniao\" data-id=\"26400\" data-full-url=\"http:\/\/culturabc.com.br\/arquivo\/wp-content\/uploads\/2021\/07\/260-Rua-1800-fundos-do-Hotel-Balneario-decada-de-1950_1-reuniao.jpg\" data-link=\"http:\/\/culturabc.com.br\/arquivo\/260-rua-1800-fundos-do-hotel-balneario-decada-de-1950_1-reuniao\/\" class=\"wp-image-26400\" srcset=\"https:\/\/culturabc.com.br\/arquivo\/wp-content\/uploads\/2021\/07\/260-Rua-1800-fundos-do-Hotel-Balneario-decada-de-1950_1-reuniao.jpg 950w, https:\/\/culturabc.com.br\/arquivo\/wp-content\/uploads\/2021\/07\/260-Rua-1800-fundos-do-Hotel-Balneario-decada-de-1950_1-reuniao-300x219.jpg 300w, https:\/\/culturabc.com.br\/arquivo\/wp-content\/uploads\/2021\/07\/260-Rua-1800-fundos-do-Hotel-Balneario-decada-de-1950_1-reuniao-768x559.jpg 768w\" sizes=\"(max-width: 950px) 100vw, 950px\" \/><\/a><figcaption class=\"blocks-gallery-item__caption\">260 Rua 1800 fundos do Hotel Balneario decada de 1950 1 reuniao<\/figcaption><\/figure><\/li><li class=\"blocks-gallery-item\"><figure><a href=\"http:\/\/culturabc.com.br\/arquivo\/wp-content\/uploads\/2021\/07\/166-Inauguracao-da-Prefeitura-de-Balneario-Camboriu-Rua-Dinamarca-20.07.1979_1-reuniao.jpg\"><img loading=\"lazy\" decoding=\"async\" width=\"950\" height=\"626\" src=\"http:\/\/culturabc.com.br\/arquivo\/wp-content\/uploads\/2021\/07\/166-Inauguracao-da-Prefeitura-de-Balneario-Camboriu-Rua-Dinamarca-20.07.1979_1-reuniao.jpg\" alt=\"166 Inauguracao da Prefeitura de Balneario Camboriu Rua Dinamarca 20.07.1979 1 reuniao\" data-id=\"26399\" data-full-url=\"http:\/\/culturabc.com.br\/arquivo\/wp-content\/uploads\/2021\/07\/166-Inauguracao-da-Prefeitura-de-Balneario-Camboriu-Rua-Dinamarca-20.07.1979_1-reuniao.jpg\" data-link=\"http:\/\/culturabc.com.br\/arquivo\/166-inauguracao-da-prefeitura-de-balneario-camboriu-rua-d\/\" class=\"wp-image-26399\" srcset=\"https:\/\/culturabc.com.br\/arquivo\/wp-content\/uploads\/2021\/07\/166-Inauguracao-da-Prefeitura-de-Balneario-Camboriu-Rua-Dinamarca-20.07.1979_1-reuniao.jpg 950w, https:\/\/culturabc.com.br\/arquivo\/wp-content\/uploads\/2021\/07\/166-Inauguracao-da-Prefeitura-de-Balneario-Camboriu-Rua-Dinamarca-20.07.1979_1-reuniao-300x198.jpg 300w, https:\/\/culturabc.com.br\/arquivo\/wp-content\/uploads\/2021\/07\/166-Inauguracao-da-Prefeitura-de-Balneario-Camboriu-Rua-Dinamarca-20.07.1979_1-reuniao-768x506.jpg 768w\" sizes=\"(max-width: 950px) 100vw, 950px\" \/><\/a><figcaption class=\"blocks-gallery-item__caption\">166 Inauguracao da Prefeitura de Balneario Camboriu Rua Dinamarca 20.07.1979 1 reuniao<\/figcaption><\/figure><\/li><li class=\"blocks-gallery-item\"><figure><a href=\"http:\/\/culturabc.com.br\/arquivo\/wp-content\/uploads\/2021\/07\/2730-Vista-parcial-do-Pontal-Norte-canto-da-praia-Avenida-Atlantica-1991_1-reuniao.jpg\"><img loading=\"lazy\" decoding=\"async\" width=\"950\" height=\"676\" src=\"http:\/\/culturabc.com.br\/arquivo\/wp-content\/uploads\/2021\/07\/2730-Vista-parcial-do-Pontal-Norte-canto-da-praia-Avenida-Atlantica-1991_1-reuniao.jpg\" alt=\"2730 Vista parcial do Pontal Norte canto da praia Avenida Atlantica 1991 1 reuniao\" data-id=\"26397\" data-full-url=\"http:\/\/culturabc.com.br\/arquivo\/wp-content\/uploads\/2021\/07\/2730-Vista-parcial-do-Pontal-Norte-canto-da-praia-Avenida-Atlantica-1991_1-reuniao.jpg\" data-link=\"http:\/\/culturabc.com.br\/arquivo\/2730-vista-parcial-do-pontal-norte-canto-da-praia-avenida-atlantica-1991_1-reuniao\/\" class=\"wp-image-26397\" srcset=\"https:\/\/culturabc.com.br\/arquivo\/wp-content\/uploads\/2021\/07\/2730-Vista-parcial-do-Pontal-Norte-canto-da-praia-Avenida-Atlantica-1991_1-reuniao.jpg 950w, https:\/\/culturabc.com.br\/arquivo\/wp-content\/uploads\/2021\/07\/2730-Vista-parcial-do-Pontal-Norte-canto-da-praia-Avenida-Atlantica-1991_1-reuniao-300x213.jpg 300w, https:\/\/culturabc.com.br\/arquivo\/wp-content\/uploads\/2021\/07\/2730-Vista-parcial-do-Pontal-Norte-canto-da-praia-Avenida-Atlantica-1991_1-reuniao-768x546.jpg 768w\" sizes=\"(max-width: 950px) 100vw, 950px\" \/><\/a><figcaption class=\"blocks-gallery-item__caption\">2730 Vista parcial do Pontal Norte canto da praia Avenida Atlantica 1991 1 reuniao<\/figcaption><\/figure><\/li><li class=\"blocks-gallery-item\"><figure><a href=\"http:\/\/culturabc.com.br\/arquivo\/wp-content\/uploads\/2021\/07\/2732-Vista-parcial-Avenida-Atlantica-Bar-Tartaruga-proximo-a-Rua-3400-1991_1-reuniao.jpg\"><img loading=\"lazy\" decoding=\"async\" width=\"950\" height=\"665\" src=\"http:\/\/culturabc.com.br\/arquivo\/wp-content\/uploads\/2021\/07\/2732-Vista-parcial-Avenida-Atlantica-Bar-Tartaruga-proximo-a-Rua-3400-1991_1-reuniao.jpg\" alt=\"2732 Vista parcial Avenida Atlantica Bar Tartaruga proximo a Rua 3400 1991 1 reuniao\" data-id=\"26398\" data-full-url=\"http:\/\/culturabc.com.br\/arquivo\/wp-content\/uploads\/2021\/07\/2732-Vista-parcial-Avenida-Atlantica-Bar-Tartaruga-proximo-a-Rua-3400-1991_1-reuniao.jpg\" data-link=\"http:\/\/culturabc.com.br\/arquivo\/2732-vista-parcial-avenida-atlantica-bar-tartaruga-proximo-a-rua-3400-1991_1-reuniao\/\" class=\"wp-image-26398\" srcset=\"https:\/\/culturabc.com.br\/arquivo\/wp-content\/uploads\/2021\/07\/2732-Vista-parcial-Avenida-Atlantica-Bar-Tartaruga-proximo-a-Rua-3400-1991_1-reuniao.jpg 950w, https:\/\/culturabc.com.br\/arquivo\/wp-content\/uploads\/2021\/07\/2732-Vista-parcial-Avenida-Atlantica-Bar-Tartaruga-proximo-a-Rua-3400-1991_1-reuniao-300x210.jpg 300w, https:\/\/culturabc.com.br\/arquivo\/wp-content\/uploads\/2021\/07\/2732-Vista-parcial-Avenida-Atlantica-Bar-Tartaruga-proximo-a-Rua-3400-1991_1-reuniao-768x538.jpg 768w\" sizes=\"(max-width: 950px) 100vw, 950px\" \/><\/a><figcaption class=\"blocks-gallery-item__caption\">2732 Vista parcial Avenida Atlantica Bar Tartaruga proximo a Rua 3400 1991 1 reuniao<\/figcaption><\/figure><\/li><li class=\"blocks-gallery-item\"><figure><a href=\"http:\/\/culturabc.com.br\/arquivo\/wp-content\/uploads\/2021\/07\/2696-Olavio-Mafra-Cardoso_1-reuniao.jpg\"><img loading=\"lazy\" decoding=\"async\" width=\"834\" height=\"1024\" src=\"http:\/\/culturabc.com.br\/arquivo\/wp-content\/uploads\/2021\/07\/2696-Olavio-Mafra-Cardoso_1-reuniao-834x1024.jpg\" alt=\"2696 Olavio Mafra Cardoso 1 reuniao\" data-id=\"26396\" data-full-url=\"http:\/\/culturabc.com.br\/arquivo\/wp-content\/uploads\/2021\/07\/2696-Olavio-Mafra-Cardoso_1-reuniao.jpg\" data-link=\"http:\/\/culturabc.com.br\/arquivo\/2696-olavio-mafra-cardoso_1-reuniao\/\" class=\"wp-image-26396\" srcset=\"https:\/\/culturabc.com.br\/arquivo\/wp-content\/uploads\/2021\/07\/2696-Olavio-Mafra-Cardoso_1-reuniao-834x1024.jpg 834w, https:\/\/culturabc.com.br\/arquivo\/wp-content\/uploads\/2021\/07\/2696-Olavio-Mafra-Cardoso_1-reuniao-244x300.jpg 244w, https:\/\/culturabc.com.br\/arquivo\/wp-content\/uploads\/2021\/07\/2696-Olavio-Mafra-Cardoso_1-reuniao-768x943.jpg 768w, https:\/\/culturabc.com.br\/arquivo\/wp-content\/uploads\/2021\/07\/2696-Olavio-Mafra-Cardoso_1-reuniao.jpg 950w\" sizes=\"(max-width: 834px) 100vw, 834px\" \/><\/a><figcaption class=\"blocks-gallery-item__caption\">2696 Olavio Mafra Cardoso 1 reuniao<\/figcaption><\/figure><\/li><li class=\"blocks-gallery-item\"><figure><a href=\"http:\/\/culturabc.com.br\/arquivo\/wp-content\/uploads\/2021\/07\/2660-Avenida-Atlantica-esquina-com-Rua-3100-1973_1-reuniao.jpg\"><img loading=\"lazy\" decoding=\"async\" width=\"950\" height=\"663\" src=\"http:\/\/culturabc.com.br\/arquivo\/wp-content\/uploads\/2021\/07\/2660-Avenida-Atlantica-esquina-com-Rua-3100-1973_1-reuniao.jpg\" alt=\"2660 Avenida Atlantica esquina com Rua 3100 1973 1 reuniao\" data-id=\"26395\" data-full-url=\"http:\/\/culturabc.com.br\/arquivo\/wp-content\/uploads\/2021\/07\/2660-Avenida-Atlantica-esquina-com-Rua-3100-1973_1-reuniao.jpg\" data-link=\"http:\/\/culturabc.com.br\/arquivo\/2660-avenida-atlantica-esquina-com-rua-3100-1973_1-reuniao\/\" class=\"wp-image-26395\" srcset=\"https:\/\/culturabc.com.br\/arquivo\/wp-content\/uploads\/2021\/07\/2660-Avenida-Atlantica-esquina-com-Rua-3100-1973_1-reuniao.jpg 950w, https:\/\/culturabc.com.br\/arquivo\/wp-content\/uploads\/2021\/07\/2660-Avenida-Atlantica-esquina-com-Rua-3100-1973_1-reuniao-300x209.jpg 300w, https:\/\/culturabc.com.br\/arquivo\/wp-content\/uploads\/2021\/07\/2660-Avenida-Atlantica-esquina-com-Rua-3100-1973_1-reuniao-768x536.jpg 768w\" sizes=\"(max-width: 950px) 100vw, 950px\" \/><\/a><figcaption class=\"blocks-gallery-item__caption\">2660 Avenida Atlantica esquina com Rua 3100 1973 1 reuniao<\/figcaption><\/figure><\/li><li class=\"blocks-gallery-item\"><figure><a href=\"http:\/\/culturabc.com.br\/arquivo\/wp-content\/uploads\/2021\/07\/2733-Vista-parcial-da-Avenida-Atlantica-altura-da-Rua-1001-1991_1-reuniao.jpg\"><img loading=\"lazy\" decoding=\"async\" width=\"950\" height=\"660\" src=\"http:\/\/culturabc.com.br\/arquivo\/wp-content\/uploads\/2021\/07\/2733-Vista-parcial-da-Avenida-Atlantica-altura-da-Rua-1001-1991_1-reuniao.jpg\" alt=\"2733 Vista parcial da Avenida Atlantica altura da Rua 1001 1991 1 reuniao\" data-id=\"26394\" data-full-url=\"http:\/\/culturabc.com.br\/arquivo\/wp-content\/uploads\/2021\/07\/2733-Vista-parcial-da-Avenida-Atlantica-altura-da-Rua-1001-1991_1-reuniao.jpg\" data-link=\"http:\/\/culturabc.com.br\/arquivo\/2733-vista-parcial-da-avenida-atlantica-altura-da-rua-1001-1991_1-reuniao\/\" class=\"wp-image-26394\" srcset=\"https:\/\/culturabc.com.br\/arquivo\/wp-content\/uploads\/2021\/07\/2733-Vista-parcial-da-Avenida-Atlantica-altura-da-Rua-1001-1991_1-reuniao.jpg 950w, https:\/\/culturabc.com.br\/arquivo\/wp-content\/uploads\/2021\/07\/2733-Vista-parcial-da-Avenida-Atlantica-altura-da-Rua-1001-1991_1-reuniao-300x208.jpg 300w, https:\/\/culturabc.com.br\/arquivo\/wp-content\/uploads\/2021\/07\/2733-Vista-parcial-da-Avenida-Atlantica-altura-da-Rua-1001-1991_1-reuniao-768x534.jpg 768w\" sizes=\"(max-width: 950px) 100vw, 950px\" \/><\/a><figcaption class=\"blocks-gallery-item__caption\">2733 Vista parcial da Avenida Atlantica altura da Rua 1001 1991 1 reuniao<\/figcaption><\/figure><\/li><li class=\"blocks-gallery-item\"><figure><a href=\"http:\/\/culturabc.com.br\/arquivo\/wp-content\/uploads\/2021\/07\/281-Avenida-Central-a-direita-o-Salao-Verde-decada-1950_1-reuniao.jpg\"><img loading=\"lazy\" decoding=\"async\" width=\"950\" height=\"620\" src=\"http:\/\/culturabc.com.br\/arquivo\/wp-content\/uploads\/2021\/07\/281-Avenida-Central-a-direita-o-Salao-Verde-decada-1950_1-reuniao.jpg\" alt=\"281 Avenida Central a direita o Salao Verde decada 1950 1 reuniao\" data-id=\"26393\" data-full-url=\"http:\/\/culturabc.com.br\/arquivo\/wp-content\/uploads\/2021\/07\/281-Avenida-Central-a-direita-o-Salao-Verde-decada-1950_1-reuniao.jpg\" data-link=\"http:\/\/culturabc.com.br\/arquivo\/281-avenida-central-a-direita-o-salao-verde-decada-1950_1-reuniao\/\" class=\"wp-image-26393\" srcset=\"https:\/\/culturabc.com.br\/arquivo\/wp-content\/uploads\/2021\/07\/281-Avenida-Central-a-direita-o-Salao-Verde-decada-1950_1-reuniao.jpg 950w, https:\/\/culturabc.com.br\/arquivo\/wp-content\/uploads\/2021\/07\/281-Avenida-Central-a-direita-o-Salao-Verde-decada-1950_1-reuniao-300x196.jpg 300w, https:\/\/culturabc.com.br\/arquivo\/wp-content\/uploads\/2021\/07\/281-Avenida-Central-a-direita-o-Salao-Verde-decada-1950_1-reuniao-768x501.jpg 768w\" sizes=\"(max-width: 950px) 100vw, 950px\" \/><\/a><figcaption class=\"blocks-gallery-item__caption\">281 Avenida Central a direita o Salao Verde decada 1950 1 reuniao<\/figcaption><\/figure><\/li><li class=\"blocks-gallery-item\"><figure><a href=\"http:\/\/culturabc.com.br\/arquivo\/wp-content\/uploads\/2021\/07\/552-Avenida-Brasil-esquina-com-a-Rua-951-a-direita-decada-de-1960_1-reuniao.jpg\"><img loading=\"lazy\" decoding=\"async\" width=\"950\" height=\"709\" src=\"http:\/\/culturabc.com.br\/arquivo\/wp-content\/uploads\/2021\/07\/552-Avenida-Brasil-esquina-com-a-Rua-951-a-direita-decada-de-1960_1-reuniao.jpg\" alt=\"552 Avenida Brasil esquina com a Rua 951 a direita decada de 1960 1 reuniao\" data-id=\"26392\" data-full-url=\"http:\/\/culturabc.com.br\/arquivo\/wp-content\/uploads\/2021\/07\/552-Avenida-Brasil-esquina-com-a-Rua-951-a-direita-decada-de-1960_1-reuniao.jpg\" data-link=\"http:\/\/culturabc.com.br\/arquivo\/552-avenida-brasil-esquina-com-a-rua-951-a-direita-decada-de-1960_1-reuniao\/\" class=\"wp-image-26392\" srcset=\"https:\/\/culturabc.com.br\/arquivo\/wp-content\/uploads\/2021\/07\/552-Avenida-Brasil-esquina-com-a-Rua-951-a-direita-decada-de-1960_1-reuniao.jpg 950w, https:\/\/culturabc.com.br\/arquivo\/wp-content\/uploads\/2021\/07\/552-Avenida-Brasil-esquina-com-a-Rua-951-a-direita-decada-de-1960_1-reuniao-300x224.jpg 300w, https:\/\/culturabc.com.br\/arquivo\/wp-content\/uploads\/2021\/07\/552-Avenida-Brasil-esquina-com-a-Rua-951-a-direita-decada-de-1960_1-reuniao-768x573.jpg 768w\" sizes=\"(max-width: 950px) 100vw, 950px\" \/><\/a><figcaption class=\"blocks-gallery-item__caption\">552 Avenida Brasil esquina com a Rua 951 a direita decada de 1960 1 reuniao<\/figcaption><\/figure><\/li><li class=\"blocks-gallery-item\"><figure><a href=\"http:\/\/culturabc.com.br\/arquivo\/wp-content\/uploads\/2021\/07\/546-Armazem-Carioca-de-Bruno-Nitz-Avenida-Brasil-esquina-com-a-Rua-1101-1975_1-reuniao.jpg\"><img loading=\"lazy\" decoding=\"async\" width=\"950\" height=\"933\" src=\"http:\/\/culturabc.com.br\/arquivo\/wp-content\/uploads\/2021\/07\/546-Armazem-Carioca-de-Bruno-Nitz-Avenida-Brasil-esquina-com-a-Rua-1101-1975_1-reuniao.jpg\" alt=\"546 Armazem Carioca de Bruno Nitz Avenida Brasil esquina com a Rua 1101 1975 1 reuniao\" data-id=\"26391\" data-full-url=\"http:\/\/culturabc.com.br\/arquivo\/wp-content\/uploads\/2021\/07\/546-Armazem-Carioca-de-Bruno-Nitz-Avenida-Brasil-esquina-com-a-Rua-1101-1975_1-reuniao.jpg\" data-link=\"http:\/\/culturabc.com.br\/arquivo\/546-armazem-carioca-de-bruno-nitz-avenida-brasil-esquina-com-a-rua-1101-1975_1-reuniao\/\" class=\"wp-image-26391\" srcset=\"https:\/\/culturabc.com.br\/arquivo\/wp-content\/uploads\/2021\/07\/546-Armazem-Carioca-de-Bruno-Nitz-Avenida-Brasil-esquina-com-a-Rua-1101-1975_1-reuniao.jpg 950w, https:\/\/culturabc.com.br\/arquivo\/wp-content\/uploads\/2021\/07\/546-Armazem-Carioca-de-Bruno-Nitz-Avenida-Brasil-esquina-com-a-Rua-1101-1975_1-reuniao-300x295.jpg 300w, https:\/\/culturabc.com.br\/arquivo\/wp-content\/uploads\/2021\/07\/546-Armazem-Carioca-de-Bruno-Nitz-Avenida-Brasil-esquina-com-a-Rua-1101-1975_1-reuniao-768x754.jpg 768w\" sizes=\"(max-width: 950px) 100vw, 950px\" \/><\/a><figcaption class=\"blocks-gallery-item__caption\">546 Armazem Carioca de Bruno Nitz Avenida Brasil esquina com a Rua 1101 1975 1 reuniao<\/figcaption><\/figure><\/li><li class=\"blocks-gallery-item\"><figure><a href=\"http:\/\/culturabc.com.br\/arquivo\/wp-content\/uploads\/2021\/07\/386-Avenida-Brasil-esquina-com-a-Rua-951-decada-1960_1-reuniao.jpg\"><img loading=\"lazy\" decoding=\"async\" width=\"950\" height=\"709\" src=\"http:\/\/culturabc.com.br\/arquivo\/wp-content\/uploads\/2021\/07\/386-Avenida-Brasil-esquina-com-a-Rua-951-decada-1960_1-reuniao.jpg\" alt=\"386 Avenida Brasil esquina com a Rua 951 decada 1960 1 reuniao\" data-id=\"26390\" data-full-url=\"http:\/\/culturabc.com.br\/arquivo\/wp-content\/uploads\/2021\/07\/386-Avenida-Brasil-esquina-com-a-Rua-951-decada-1960_1-reuniao.jpg\" data-link=\"http:\/\/culturabc.com.br\/arquivo\/386-avenida-brasil-esquina-com-a-rua-951-decada-1960_1-reuniao\/\" class=\"wp-image-26390\" srcset=\"https:\/\/culturabc.com.br\/arquivo\/wp-content\/uploads\/2021\/07\/386-Avenida-Brasil-esquina-com-a-Rua-951-decada-1960_1-reuniao.jpg 950w, https:\/\/culturabc.com.br\/arquivo\/wp-content\/uploads\/2021\/07\/386-Avenida-Brasil-esquina-com-a-Rua-951-decada-1960_1-reuniao-300x224.jpg 300w, https:\/\/culturabc.com.br\/arquivo\/wp-content\/uploads\/2021\/07\/386-Avenida-Brasil-esquina-com-a-Rua-951-decada-1960_1-reuniao-768x573.jpg 768w\" sizes=\"(max-width: 950px) 100vw, 950px\" \/><\/a><figcaption class=\"blocks-gallery-item__caption\">386 Avenida Brasil esquina com a Rua 951 decada 1960 1 reuniao<\/figcaption><\/figure><\/li><li class=\"blocks-gallery-item\"><figure><a href=\"http:\/\/culturabc.com.br\/arquivo\/wp-content\/uploads\/2021\/07\/327-Vista-aerea-confluencia-da-Avenida-do-Estado-e-Avenida-Central-decada-de-1960_1-reuniao.jpg\"><img loading=\"lazy\" decoding=\"async\" width=\"950\" height=\"637\" src=\"http:\/\/culturabc.com.br\/arquivo\/wp-content\/uploads\/2021\/07\/327-Vista-aerea-confluencia-da-Avenida-do-Estado-e-Avenida-Central-decada-de-1960_1-reuniao.jpg\" alt=\"327 Vista aerea confluencia da Avenida do Estado e Avenida Central decada de 1960 1 reuniao\" data-id=\"26389\" data-full-url=\"http:\/\/culturabc.com.br\/arquivo\/wp-content\/uploads\/2021\/07\/327-Vista-aerea-confluencia-da-Avenida-do-Estado-e-Avenida-Central-decada-de-1960_1-reuniao.jpg\" data-link=\"http:\/\/culturabc.com.br\/arquivo\/327-vista-aerea-confluencia-da-avenida-do-estado-e-avenida-central-decada-de-1960_1-reuniao\/\" class=\"wp-image-26389\" srcset=\"https:\/\/culturabc.com.br\/arquivo\/wp-content\/uploads\/2021\/07\/327-Vista-aerea-confluencia-da-Avenida-do-Estado-e-Avenida-Central-decada-de-1960_1-reuniao.jpg 950w, https:\/\/culturabc.com.br\/arquivo\/wp-content\/uploads\/2021\/07\/327-Vista-aerea-confluencia-da-Avenida-do-Estado-e-Avenida-Central-decada-de-1960_1-reuniao-300x201.jpg 300w, https:\/\/culturabc.com.br\/arquivo\/wp-content\/uploads\/2021\/07\/327-Vista-aerea-confluencia-da-Avenida-do-Estado-e-Avenida-Central-decada-de-1960_1-reuniao-768x515.jpg 768w\" sizes=\"(max-width: 950px) 100vw, 950px\" \/><\/a><figcaption class=\"blocks-gallery-item__caption\">327 Vista aerea confluencia da Avenida do Estado e Avenida Central decada de 1960 1 reuniao<\/figcaption><\/figure><\/li><li class=\"blocks-gallery-item\"><figure><a href=\"http:\/\/culturabc.com.br\/arquivo\/wp-content\/uploads\/2021\/07\/936-Pesca-do-arrastao-1973_1-reuniao.jpg\"><img loading=\"lazy\" decoding=\"async\" width=\"950\" height=\"634\" src=\"http:\/\/culturabc.com.br\/arquivo\/wp-content\/uploads\/2021\/07\/936-Pesca-do-arrastao-1973_1-reuniao.jpg\" alt=\"936 Pesca do arrastao 1973 1 reuniao\" data-id=\"26387\" data-full-url=\"http:\/\/culturabc.com.br\/arquivo\/wp-content\/uploads\/2021\/07\/936-Pesca-do-arrastao-1973_1-reuniao.jpg\" data-link=\"http:\/\/culturabc.com.br\/arquivo\/936-pesca-do-arrastao-1973_1-reuniao\/\" class=\"wp-image-26387\" srcset=\"https:\/\/culturabc.com.br\/arquivo\/wp-content\/uploads\/2021\/07\/936-Pesca-do-arrastao-1973_1-reuniao.jpg 950w, https:\/\/culturabc.com.br\/arquivo\/wp-content\/uploads\/2021\/07\/936-Pesca-do-arrastao-1973_1-reuniao-300x200.jpg 300w, https:\/\/culturabc.com.br\/arquivo\/wp-content\/uploads\/2021\/07\/936-Pesca-do-arrastao-1973_1-reuniao-768x513.jpg 768w\" sizes=\"(max-width: 950px) 100vw, 950px\" \/><\/a><figcaption class=\"blocks-gallery-item__caption\">936 Pesca do arrastao 1973 1 reuniao<\/figcaption><\/figure><\/li><li class=\"blocks-gallery-item\"><figure><a href=\"http:\/\/culturabc.com.br\/arquivo\/wp-content\/uploads\/2021\/07\/593-Rua-1201-no-Jipe-Sr.-Romeu-Pereira-decada-de-1980_1-reuniao.jpg\"><img loading=\"lazy\" decoding=\"async\" width=\"950\" height=\"626\" src=\"http:\/\/culturabc.com.br\/arquivo\/wp-content\/uploads\/2021\/07\/593-Rua-1201-no-Jipe-Sr.-Romeu-Pereira-decada-de-1980_1-reuniao.jpg\" alt=\"593 Rua 1201 no Jipe Sr. Romeu Pereira decada de 1980 1 reuniao\" data-id=\"26386\" data-full-url=\"http:\/\/culturabc.com.br\/arquivo\/wp-content\/uploads\/2021\/07\/593-Rua-1201-no-Jipe-Sr.-Romeu-Pereira-decada-de-1980_1-reuniao.jpg\" data-link=\"http:\/\/culturabc.com.br\/arquivo\/593-rua-1201-no-jipe-sr-romeu-pereira-decada-de-1980_1-reuniao\/\" class=\"wp-image-26386\" srcset=\"https:\/\/culturabc.com.br\/arquivo\/wp-content\/uploads\/2021\/07\/593-Rua-1201-no-Jipe-Sr.-Romeu-Pereira-decada-de-1980_1-reuniao.jpg 950w, https:\/\/culturabc.com.br\/arquivo\/wp-content\/uploads\/2021\/07\/593-Rua-1201-no-Jipe-Sr.-Romeu-Pereira-decada-de-1980_1-reuniao-300x198.jpg 300w, https:\/\/culturabc.com.br\/arquivo\/wp-content\/uploads\/2021\/07\/593-Rua-1201-no-Jipe-Sr.-Romeu-Pereira-decada-de-1980_1-reuniao-768x506.jpg 768w\" sizes=\"(max-width: 950px) 100vw, 950px\" \/><\/a><figcaption class=\"blocks-gallery-item__caption\">593 Rua 1201 no Jipe Sr. Romeu Pereira decada de 1980 1 reuniao<\/figcaption><\/figure><\/li><li class=\"blocks-gallery-item\"><figure><a href=\"http:\/\/culturabc.com.br\/arquivo\/wp-content\/uploads\/2021\/07\/573-Avenida-do-Estado-proximo-a-Rua-Belgica-Bairro-da-Nacoes-decada-de-1970_1-reuniao.jpg\"><img loading=\"lazy\" decoding=\"async\" width=\"950\" height=\"652\" src=\"http:\/\/culturabc.com.br\/arquivo\/wp-content\/uploads\/2021\/07\/573-Avenida-do-Estado-proximo-a-Rua-Belgica-Bairro-da-Nacoes-decada-de-1970_1-reuniao.jpg\" alt=\"573 Avenida do Estado proximo a Rua Belgica Bairro da Nacoes decada de 1970 1 reuniao\" data-id=\"26385\" data-full-url=\"http:\/\/culturabc.com.br\/arquivo\/wp-content\/uploads\/2021\/07\/573-Avenida-do-Estado-proximo-a-Rua-Belgica-Bairro-da-Nacoes-decada-de-1970_1-reuniao.jpg\" data-link=\"http:\/\/culturabc.com.br\/arquivo\/573-avenida-do-estado-proximo-a-rua-belgica-bairro-da-nacoes-decada-de-1970_1-reuniao\/\" class=\"wp-image-26385\" srcset=\"https:\/\/culturabc.com.br\/arquivo\/wp-content\/uploads\/2021\/07\/573-Avenida-do-Estado-proximo-a-Rua-Belgica-Bairro-da-Nacoes-decada-de-1970_1-reuniao.jpg 950w, https:\/\/culturabc.com.br\/arquivo\/wp-content\/uploads\/2021\/07\/573-Avenida-do-Estado-proximo-a-Rua-Belgica-Bairro-da-Nacoes-decada-de-1970_1-reuniao-300x206.jpg 300w, https:\/\/culturabc.com.br\/arquivo\/wp-content\/uploads\/2021\/07\/573-Avenida-do-Estado-proximo-a-Rua-Belgica-Bairro-da-Nacoes-decada-de-1970_1-reuniao-768x527.jpg 768w\" sizes=\"(max-width: 950px) 100vw, 950px\" \/><\/a><figcaption class=\"blocks-gallery-item__caption\">573 Avenida do Estado proximo a Rua Belgica Bairro da Nacoes decada de 1970 1 reuniao<\/figcaption><\/figure><\/li><li class=\"blocks-gallery-item\"><figure><a href=\"http:\/\/culturabc.com.br\/arquivo\/wp-content\/uploads\/2021\/07\/959-Inauguracao-da-sede-da-Prefeitura-Municipal-de-Balneario-Camboriu-Rua-Dinamarca-20.07.1978_1-reuniao.jpg\"><img loading=\"lazy\" decoding=\"async\" width=\"950\" height=\"656\" src=\"http:\/\/culturabc.com.br\/arquivo\/wp-content\/uploads\/2021\/07\/959-Inauguracao-da-sede-da-Prefeitura-Municipal-de-Balneario-Camboriu-Rua-Dinamarca-20.07.1978_1-reuniao.jpg\" alt=\"959 Inauguracao da sede da Prefeitura Municipal de Balneario Camboriu Rua Dinamarca 20.07.1978 1 reuniao\" data-id=\"26383\" data-full-url=\"http:\/\/culturabc.com.br\/arquivo\/wp-content\/uploads\/2021\/07\/959-Inauguracao-da-sede-da-Prefeitura-Municipal-de-Balneario-Camboriu-Rua-Dinamarca-20.07.1978_1-reuniao.jpg\" data-link=\"http:\/\/culturabc.com.br\/arquivo\/959-inauguracao-da-sede-da-prefeitura-municipal-de-balneario-camboriu-rua-dinamarca-20-07-1978_1-reuniao\/\" class=\"wp-image-26383\" srcset=\"https:\/\/culturabc.com.br\/arquivo\/wp-content\/uploads\/2021\/07\/959-Inauguracao-da-sede-da-Prefeitura-Municipal-de-Balneario-Camboriu-Rua-Dinamarca-20.07.1978_1-reuniao.jpg 950w, https:\/\/culturabc.com.br\/arquivo\/wp-content\/uploads\/2021\/07\/959-Inauguracao-da-sede-da-Prefeitura-Municipal-de-Balneario-Camboriu-Rua-Dinamarca-20.07.1978_1-reuniao-300x207.jpg 300w, https:\/\/culturabc.com.br\/arquivo\/wp-content\/uploads\/2021\/07\/959-Inauguracao-da-sede-da-Prefeitura-Municipal-de-Balneario-Camboriu-Rua-Dinamarca-20.07.1978_1-reuniao-768x530.jpg 768w\" sizes=\"(max-width: 950px) 100vw, 950px\" \/><\/a><figcaption class=\"blocks-gallery-item__caption\">959 Inauguracao da sede da Prefeitura Municipal de Balneario Camboriu Rua Dinamarca 20.07.1978 1 reuniao<\/figcaption><\/figure><\/li><li class=\"blocks-gallery-item\"><figure><a href=\"http:\/\/culturabc.com.br\/arquivo\/wp-content\/uploads\/2021\/07\/989-Bairro-da-Barra-ao-fundo-Capela-Santo-Amaro-decada-de-1950_1-reuniao.jpg\"><img loading=\"lazy\" decoding=\"async\" width=\"950\" height=\"629\" src=\"http:\/\/culturabc.com.br\/arquivo\/wp-content\/uploads\/2021\/07\/989-Bairro-da-Barra-ao-fundo-Capela-Santo-Amaro-decada-de-1950_1-reuniao.jpg\" alt=\"989 Bairro da Barra ao fundo Capela Santo Amaro decada de 1950 1 reuniao\" data-id=\"26384\" data-full-url=\"http:\/\/culturabc.com.br\/arquivo\/wp-content\/uploads\/2021\/07\/989-Bairro-da-Barra-ao-fundo-Capela-Santo-Amaro-decada-de-1950_1-reuniao.jpg\" data-link=\"http:\/\/culturabc.com.br\/arquivo\/989-bairro-da-barra-ao-fundo-capela-santo-amaro-decada-de-1950_1-reuniao\/\" class=\"wp-image-26384\" srcset=\"https:\/\/culturabc.com.br\/arquivo\/wp-content\/uploads\/2021\/07\/989-Bairro-da-Barra-ao-fundo-Capela-Santo-Amaro-decada-de-1950_1-reuniao.jpg 950w, https:\/\/culturabc.com.br\/arquivo\/wp-content\/uploads\/2021\/07\/989-Bairro-da-Barra-ao-fundo-Capela-Santo-Amaro-decada-de-1950_1-reuniao-300x199.jpg 300w, https:\/\/culturabc.com.br\/arquivo\/wp-content\/uploads\/2021\/07\/989-Bairro-da-Barra-ao-fundo-Capela-Santo-Amaro-decada-de-1950_1-reuniao-768x508.jpg 768w\" sizes=\"(max-width: 950px) 100vw, 950px\" \/><\/a><figcaption class=\"blocks-gallery-item__caption\">989 Bairro da Barra ao fundo Capela Santo Amaro decada de 1950 1 reuniao<\/figcaption><\/figure><\/li><li class=\"blocks-gallery-item\"><figure><a href=\"http:\/\/culturabc.com.br\/arquivo\/wp-content\/uploads\/2021\/07\/958-Prefeitura-Municipal-de-Balneario-Camboriu-Rua-Dinamarca-20.07.1979_1-reuniao.jpg\"><img loading=\"lazy\" decoding=\"async\" width=\"950\" height=\"609\" src=\"http:\/\/culturabc.com.br\/arquivo\/wp-content\/uploads\/2021\/07\/958-Prefeitura-Municipal-de-Balneario-Camboriu-Rua-Dinamarca-20.07.1979_1-reuniao.jpg\" alt=\"958 Prefeitura Municipal de Balneario Camboriu Rua Dinamarca 20.07.1979 1 reuniao\" data-id=\"26382\" data-full-url=\"http:\/\/culturabc.com.br\/arquivo\/wp-content\/uploads\/2021\/07\/958-Prefeitura-Municipal-de-Balneario-Camboriu-Rua-Dinamarca-20.07.1979_1-reuniao.jpg\" data-link=\"http:\/\/culturabc.com.br\/arquivo\/958-prefeitura-municipal-de-balneario-camboriu-rua-dinamarca-20-07-1979_1-reuniao\/\" class=\"wp-image-26382\" srcset=\"https:\/\/culturabc.com.br\/arquivo\/wp-content\/uploads\/2021\/07\/958-Prefeitura-Municipal-de-Balneario-Camboriu-Rua-Dinamarca-20.07.1979_1-reuniao.jpg 950w, https:\/\/culturabc.com.br\/arquivo\/wp-content\/uploads\/2021\/07\/958-Prefeitura-Municipal-de-Balneario-Camboriu-Rua-Dinamarca-20.07.1979_1-reuniao-300x192.jpg 300w, https:\/\/culturabc.com.br\/arquivo\/wp-content\/uploads\/2021\/07\/958-Prefeitura-Municipal-de-Balneario-Camboriu-Rua-Dinamarca-20.07.1979_1-reuniao-768x492.jpg 768w\" sizes=\"(max-width: 950px) 100vw, 950px\" \/><\/a><figcaption class=\"blocks-gallery-item__caption\">958 Prefeitura Municipal de Balneario Camboriu Rua Dinamarca 20.07.1979 1 reuniao<\/figcaption><\/figure><\/li><\/ul><\/figure>\n","protected":false},"excerpt":{"rendered":"<p>1\u00aa reuni\u00e3o Data: 27 de julho de 2016Local: Arquivo Hist\u00f3rico de Balne\u00e1rio Cambori\u00faColaboradores: Ademar Silva, \u00c1lvaro Silva, Carlos Schlup, Luiz Carlos Chedid e Jurandir KnabbenConvidado especial: Angelo Ricardo ChristoffoliFotografias identificadas: 50 imagensNeste encontro, foram repassadas as fotografias antigas digitalizadas para complementar a identifica\u00e7\u00e3o Fotografias identificadas<\/p>\n","protected":false},"author":1,"featured_media":0,"parent":0,"menu_order":0,"comment_status":"closed","ping_status":"closed","template":"","meta":{"footnotes":""},"class_list":["post-25267","page","type-page","status-publish","hentry"],"_links":{"self":[{"href":"https:\/\/culturabc.com.br\/arquivo\/wp-json\/wp\/v2\/pages\/25267","targetHints":{"allow":["GET"]}}],"collection":[{"href":"https:\/\/culturabc.com.br\/arquivo\/wp-json\/wp\/v2\/pages"}],"about":[{"href":"https:\/\/culturabc.com.br\/arquivo\/wp-json\/wp\/v2\/types\/page"}],"author":[{"embeddable":true,"href":"https:\/\/culturabc.com.br\/arquivo\/wp-json\/wp\/v2\/users\/1"}],"replies":[{"embeddable":true,"href":"https:\/\/culturabc.com.br\/arquivo\/wp-json\/wp\/v2\/comments?post=25267"}],"version-history":[{"count":20,"href":"https:\/\/culturabc.com.br\/arquivo\/wp-json\/wp\/v2\/pages\/25267\/revisions"}],"predecessor-version":[{"id":26557,"href":"https:\/\/culturabc.com.br\/arquivo\/wp-json\/wp\/v2\/pages\/25267\/revisions\/26557"}],"wp:attachment":[{"href":"https:\/\/culturabc.com.br\/arquivo\/wp-json\/wp\/v2\/media?parent=25267"}],"curies":[{"name":"wp","href":"https:\/\/api.w.org\/{rel}","templated":true}]}}