{"id":25707,"date":"2021-07-19T14:25:29","date_gmt":"2021-07-19T17:25:29","guid":{"rendered":"http:\/\/culturabc.com.br\/arquivo\/?page_id=25707"},"modified":"2021-07-20T13:30:32","modified_gmt":"2021-07-20T16:30:32","slug":"2-reuniao","status":"publish","type":"page","link":"https:\/\/culturabc.com.br\/arquivo\/2-reuniao\/","title":{"rendered":"2\u00aa Reuni\u00e3o"},"content":{"rendered":"\n<h2 class=\"wp-block-heading\">2<strong>\u00aa reuni\u00e3o<\/strong><\/h2>\n\n\n\n<p><strong>Data: 30 de agosto de 2016<\/strong><br>Local: Arquivo Hist\u00f3rico de Balne\u00e1rio Cambori\u00fa<br>Colaboradores: Ant\u00f4nio Jorge de Borba, Erotides Campos, Fernando Delatorre, Jurandir Knabben e Marlene Buratto<br>Fotografias identificadas: 42 imagens<br>Para este encontro, foram separadas fotografias antigas que vieram do Gabinete do Prefeito, pois muitas estavam sem identifica\u00e7\u00e3o de eventos e pessoas.<\/p>\n\n\n\n<h2 class=\"wp-block-heading\">Fotografias identificadas na 2\u00aa reuni\u00e3o<\/h2>\n\n\n\n<figure class=\"wp-block-gallery columns-3 is-cropped wp-block-gallery-1 is-layout-flex wp-block-gallery-is-layout-flex\"><ul class=\"blocks-gallery-grid\"><li class=\"blocks-gallery-item\"><figure><a href=\"http:\/\/culturabc.com.br\/arquivo\/wp-content\/uploads\/2021\/07\/3010-Professor-de-Educacao-Fisica-Osvaldo-Husadel-Deputado-Estadual-Julio-Cesar-Delegado-Pedro-Benedet-decada-de-1970_2-reuniao.jpg\"><img fetchpriority=\"high\" decoding=\"async\" width=\"1024\" height=\"669\" src=\"http:\/\/culturabc.com.br\/arquivo\/wp-content\/uploads\/2021\/07\/3010-Professor-de-Educacao-Fisica-Osvaldo-Husadel-Deputado-Estadual-Julio-Cesar-Delegado-Pedro-Benedet-decada-de-1970_2-reuniao-1024x669.jpg\" alt=\"3010 Professor de Educacao Fisica Osvaldo Husadel Deputado Estadual Julio Cesar Delegado Pedro Benedet decada de 1970 2 reuniao\" data-id=\"26507\" data-full-url=\"http:\/\/culturabc.com.br\/arquivo\/wp-content\/uploads\/2021\/07\/3010-Professor-de-Educacao-Fisica-Osvaldo-Husadel-Deputado-Estadual-Julio-Cesar-Delegado-Pedro-Benedet-decada-de-1970_2-reuniao.jpg\" data-link=\"http:\/\/culturabc.com.br\/arquivo\/3010-professor-de-educacao-fisica-osvaldo-husadel-deputado-estadual-julio-cesar-delegado-pedro-benedet-decada-de-1970_2-reuniao\/\" class=\"wp-image-26507\" srcset=\"https:\/\/culturabc.com.br\/arquivo\/wp-content\/uploads\/2021\/07\/3010-Professor-de-Educacao-Fisica-Osvaldo-Husadel-Deputado-Estadual-Julio-Cesar-Delegado-Pedro-Benedet-decada-de-1970_2-reuniao-1024x669.jpg 1024w, https:\/\/culturabc.com.br\/arquivo\/wp-content\/uploads\/2021\/07\/3010-Professor-de-Educacao-Fisica-Osvaldo-Husadel-Deputado-Estadual-Julio-Cesar-Delegado-Pedro-Benedet-decada-de-1970_2-reuniao-300x196.jpg 300w, https:\/\/culturabc.com.br\/arquivo\/wp-content\/uploads\/2021\/07\/3010-Professor-de-Educacao-Fisica-Osvaldo-Husadel-Deputado-Estadual-Julio-Cesar-Delegado-Pedro-Benedet-decada-de-1970_2-reuniao-768x502.jpg 768w, https:\/\/culturabc.com.br\/arquivo\/wp-content\/uploads\/2021\/07\/3010-Professor-de-Educacao-Fisica-Osvaldo-Husadel-Deputado-Estadual-Julio-Cesar-Delegado-Pedro-Benedet-decada-de-1970_2-reuniao-1536x1003.jpg 1536w, https:\/\/culturabc.com.br\/arquivo\/wp-content\/uploads\/2021\/07\/3010-Professor-de-Educacao-Fisica-Osvaldo-Husadel-Deputado-Estadual-Julio-Cesar-Delegado-Pedro-Benedet-decada-de-1970_2-reuniao.jpg 1981w\" sizes=\"(max-width: 1024px) 100vw, 1024px\" \/><\/a><figcaption class=\"blocks-gallery-item__caption\">3010 Professor de Educacao Fisica Osvaldo Husadel Deputado Estadual Julio Cesar Delegado Pedro Benedet decada de 1970 2 reuniao<\/figcaption><\/figure><\/li><li class=\"blocks-gallery-item\"><figure><a href=\"http:\/\/culturabc.com.br\/arquivo\/wp-content\/uploads\/2021\/07\/2995-Arquiteto-Arnaldo-Mendes-plantou-as-arvores-do-bosque-aos-fundos-do-Angeloni-na-Avenida-do-Estado-decada-de-1970_2-reuniao.jpg\"><img decoding=\"async\" width=\"1024\" height=\"645\" src=\"http:\/\/culturabc.com.br\/arquivo\/wp-content\/uploads\/2021\/07\/2995-Arquiteto-Arnaldo-Mendes-plantou-as-arvores-do-bosque-aos-fundos-do-Angeloni-na-Avenida-do-Estado-decada-de-1970_2-reuniao-1024x645.jpg\" alt=\"2995 Arquiteto Arnaldo Mendes plantou as arvores do bosque aos fundos do Angeloni na Avenida do Estado decada de 1970 2 reuniao\" data-id=\"26506\" data-full-url=\"http:\/\/culturabc.com.br\/arquivo\/wp-content\/uploads\/2021\/07\/2995-Arquiteto-Arnaldo-Mendes-plantou-as-arvores-do-bosque-aos-fundos-do-Angeloni-na-Avenida-do-Estado-decada-de-1970_2-reuniao.jpg\" data-link=\"http:\/\/culturabc.com.br\/arquivo\/2995-arquiteto-arnaldo-mendes-plantou-as-arvores-do-bosque-aos-fundos-do-angeloni-na-avenida-do-estado-decada-de-1970_2-reuniao\/\" class=\"wp-image-26506\" srcset=\"https:\/\/culturabc.com.br\/arquivo\/wp-content\/uploads\/2021\/07\/2995-Arquiteto-Arnaldo-Mendes-plantou-as-arvores-do-bosque-aos-fundos-do-Angeloni-na-Avenida-do-Estado-decada-de-1970_2-reuniao-1024x645.jpg 1024w, https:\/\/culturabc.com.br\/arquivo\/wp-content\/uploads\/2021\/07\/2995-Arquiteto-Arnaldo-Mendes-plantou-as-arvores-do-bosque-aos-fundos-do-Angeloni-na-Avenida-do-Estado-decada-de-1970_2-reuniao-300x189.jpg 300w, https:\/\/culturabc.com.br\/arquivo\/wp-content\/uploads\/2021\/07\/2995-Arquiteto-Arnaldo-Mendes-plantou-as-arvores-do-bosque-aos-fundos-do-Angeloni-na-Avenida-do-Estado-decada-de-1970_2-reuniao-768x484.jpg 768w, https:\/\/culturabc.com.br\/arquivo\/wp-content\/uploads\/2021\/07\/2995-Arquiteto-Arnaldo-Mendes-plantou-as-arvores-do-bosque-aos-fundos-do-Angeloni-na-Avenida-do-Estado-decada-de-1970_2-reuniao.jpg 1484w\" sizes=\"(max-width: 1024px) 100vw, 1024px\" \/><\/a><figcaption class=\"blocks-gallery-item__caption\">2995 Arquiteto Arnaldo Mendes plantou as arvores do bosque aos fundos do Angeloni na Avenida do Estado decada de 1970 2 reuniao<\/figcaption><\/figure><\/li><li class=\"blocks-gallery-item\"><figure><a href=\"http:\/\/culturabc.com.br\/arquivo\/wp-content\/uploads\/2021\/07\/2976-Gincana-na-Praca-Guadalajara-Rua-1500-em-frente-ao-Colegio-Presidente-Joao-Goulart-decada-de-1970_2-reuniao.jpg\"><img decoding=\"async\" width=\"1016\" height=\"630\" src=\"http:\/\/culturabc.com.br\/arquivo\/wp-content\/uploads\/2021\/07\/2976-Gincana-na-Praca-Guadalajara-Rua-1500-em-frente-ao-Colegio-Presidente-Joao-Goulart-decada-de-1970_2-reuniao.jpg\" alt=\"2976 Gincana na Praca Guadalajara Rua 1500 em frente ao Colegio Presidente Joao Goulart decada de 1970 2 reuniao\" data-id=\"26505\" data-full-url=\"http:\/\/culturabc.com.br\/arquivo\/wp-content\/uploads\/2021\/07\/2976-Gincana-na-Praca-Guadalajara-Rua-1500-em-frente-ao-Colegio-Presidente-Joao-Goulart-decada-de-1970_2-reuniao.jpg\" data-link=\"http:\/\/culturabc.com.br\/arquivo\/2976-gincana-na-praca-guadalajara-rua-1500-em-frente-ao-colegio-presidente-joao-goulart-decada-de-1970_2-reuniao\/\" class=\"wp-image-26505\" srcset=\"https:\/\/culturabc.com.br\/arquivo\/wp-content\/uploads\/2021\/07\/2976-Gincana-na-Praca-Guadalajara-Rua-1500-em-frente-ao-Colegio-Presidente-Joao-Goulart-decada-de-1970_2-reuniao.jpg 1016w, https:\/\/culturabc.com.br\/arquivo\/wp-content\/uploads\/2021\/07\/2976-Gincana-na-Praca-Guadalajara-Rua-1500-em-frente-ao-Colegio-Presidente-Joao-Goulart-decada-de-1970_2-reuniao-300x186.jpg 300w, https:\/\/culturabc.com.br\/arquivo\/wp-content\/uploads\/2021\/07\/2976-Gincana-na-Praca-Guadalajara-Rua-1500-em-frente-ao-Colegio-Presidente-Joao-Goulart-decada-de-1970_2-reuniao-768x476.jpg 768w\" sizes=\"(max-width: 1016px) 100vw, 1016px\" \/><\/a><figcaption class=\"blocks-gallery-item__caption\">2976 Gincana na Praca Guadalajara Rua 1500 em frente ao Colegio Presidente Joao Goulart decada de 1970 2 reuniao<\/figcaption><\/figure><\/li><li class=\"blocks-gallery-item\"><figure><a href=\"http:\/\/culturabc.com.br\/arquivo\/wp-content\/uploads\/2021\/07\/2968-I-Encontro-dos-Hoteleiros-de-SC-realizado-no-Cinerama-decada-de-1970.-Na-imagem-o-Juiz-Erasmo-Rodrigues_2-reuniao-scaled.jpg\"><img loading=\"lazy\" decoding=\"async\" width=\"1024\" height=\"752\" src=\"http:\/\/culturabc.com.br\/arquivo\/wp-content\/uploads\/2021\/07\/2968-I-Encontro-dos-Hoteleiros-de-SC-realizado-no-Cinerama-decada-de-1970.-Na-imagem-o-Juiz-Erasmo-Rodrigues_2-reuniao-1024x752.jpg\" alt=\"2968 I Encontro dos Hoteleiros de SC realizado no Cinerama decada de 1970. Na imagem o Juiz Erasmo Rodrigues 2 reuniao scaled\" data-id=\"26504\" data-full-url=\"http:\/\/culturabc.com.br\/arquivo\/wp-content\/uploads\/2021\/07\/2968-I-Encontro-dos-Hoteleiros-de-SC-realizado-no-Cinerama-decada-de-1970.-Na-imagem-o-Juiz-Erasmo-Rodrigues_2-reuniao-scaled.jpg\" data-link=\"http:\/\/culturabc.com.br\/arquivo\/2968-i-encontro-dos-hoteleiros-de-sc-realizado-no-cinerama-decada-de-1970-na-imagem-o-juiz-erasmo-rodrigues_2-reuniao\/\" class=\"wp-image-26504\" srcset=\"https:\/\/culturabc.com.br\/arquivo\/wp-content\/uploads\/2021\/07\/2968-I-Encontro-dos-Hoteleiros-de-SC-realizado-no-Cinerama-decada-de-1970.-Na-imagem-o-Juiz-Erasmo-Rodrigues_2-reuniao-1024x752.jpg 1024w, https:\/\/culturabc.com.br\/arquivo\/wp-content\/uploads\/2021\/07\/2968-I-Encontro-dos-Hoteleiros-de-SC-realizado-no-Cinerama-decada-de-1970.-Na-imagem-o-Juiz-Erasmo-Rodrigues_2-reuniao-300x220.jpg 300w, https:\/\/culturabc.com.br\/arquivo\/wp-content\/uploads\/2021\/07\/2968-I-Encontro-dos-Hoteleiros-de-SC-realizado-no-Cinerama-decada-de-1970.-Na-imagem-o-Juiz-Erasmo-Rodrigues_2-reuniao-768x564.jpg 768w, https:\/\/culturabc.com.br\/arquivo\/wp-content\/uploads\/2021\/07\/2968-I-Encontro-dos-Hoteleiros-de-SC-realizado-no-Cinerama-decada-de-1970.-Na-imagem-o-Juiz-Erasmo-Rodrigues_2-reuniao-1536x1128.jpg 1536w, https:\/\/culturabc.com.br\/arquivo\/wp-content\/uploads\/2021\/07\/2968-I-Encontro-dos-Hoteleiros-de-SC-realizado-no-Cinerama-decada-de-1970.-Na-imagem-o-Juiz-Erasmo-Rodrigues_2-reuniao-2048x1503.jpg 2048w\" sizes=\"(max-width: 1024px) 100vw, 1024px\" \/><\/a><figcaption class=\"blocks-gallery-item__caption\">2968 I Encontro dos Hoteleiros de SC realizado no Cinerama decada de 1970. Na imagem o Juiz Erasmo Rodrigues 2 reuniao scaled<\/figcaption><\/figure><\/li><li class=\"blocks-gallery-item\"><figure><a href=\"http:\/\/culturabc.com.br\/arquivo\/wp-content\/uploads\/2021\/07\/2977-Narbal-Souza-DucA-na-gincana-na-Praca-Guadalajara-Rua-1500-em-frente-ao-Colegio-Presidente-Joao-Goulart-decada-de-1970._2-reuniao.jpg\"><img loading=\"lazy\" decoding=\"async\" width=\"1008\" height=\"638\" src=\"http:\/\/culturabc.com.br\/arquivo\/wp-content\/uploads\/2021\/07\/2977-Narbal-Souza-DucA-na-gincana-na-Praca-Guadalajara-Rua-1500-em-frente-ao-Colegio-Presidente-Joao-Goulart-decada-de-1970._2-reuniao.jpg\" alt=\"2977 Narbal Souza DucA na gincana na Praca Guadalajara Rua 1500 em frente ao Colegio Presidente Joao Goulart decada de 1970. 2 reuniao\" data-id=\"26503\" data-full-url=\"http:\/\/culturabc.com.br\/arquivo\/wp-content\/uploads\/2021\/07\/2977-Narbal-Souza-DucA-na-gincana-na-Praca-Guadalajara-Rua-1500-em-frente-ao-Colegio-Presidente-Joao-Goulart-decada-de-1970._2-reuniao.jpg\" data-link=\"http:\/\/culturabc.com.br\/arquivo\/2977-narbal-souza-duca-na-gincana-na-praca-guadalajara-rua-1500-em-frente-ao-colegio-presidente-joao-goulart-decada-de-1970-_2-reuniao\/\" class=\"wp-image-26503\" srcset=\"https:\/\/culturabc.com.br\/arquivo\/wp-content\/uploads\/2021\/07\/2977-Narbal-Souza-DucA-na-gincana-na-Praca-Guadalajara-Rua-1500-em-frente-ao-Colegio-Presidente-Joao-Goulart-decada-de-1970._2-reuniao.jpg 1008w, https:\/\/culturabc.com.br\/arquivo\/wp-content\/uploads\/2021\/07\/2977-Narbal-Souza-DucA-na-gincana-na-Praca-Guadalajara-Rua-1500-em-frente-ao-Colegio-Presidente-Joao-Goulart-decada-de-1970._2-reuniao-300x190.jpg 300w, https:\/\/culturabc.com.br\/arquivo\/wp-content\/uploads\/2021\/07\/2977-Narbal-Souza-DucA-na-gincana-na-Praca-Guadalajara-Rua-1500-em-frente-ao-Colegio-Presidente-Joao-Goulart-decada-de-1970._2-reuniao-768x486.jpg 768w\" sizes=\"(max-width: 1008px) 100vw, 1008px\" \/><\/a><figcaption class=\"blocks-gallery-item__caption\">2977 Narbal Souza DucA na gincana na Praca Guadalajara Rua 1500 em frente ao Colegio Presidente Joao Goulart decada de 1970. 2 reuniao<\/figcaption><\/figure><\/li><li class=\"blocks-gallery-item\"><figure><a href=\"http:\/\/culturabc.com.br\/arquivo\/wp-content\/uploads\/2021\/07\/3030-Na-imagem-Joao-Jorge-Pio-Carlos-A.-Pereira-Delegado-Pedro-Benedett-Heraldo-Neves-Arruda-Gilberto-Meirinho.-Decada-de-1960._2-reuniao.jpg\"><img loading=\"lazy\" decoding=\"async\" width=\"1024\" height=\"727\" src=\"http:\/\/culturabc.com.br\/arquivo\/wp-content\/uploads\/2021\/07\/3030-Na-imagem-Joao-Jorge-Pio-Carlos-A.-Pereira-Delegado-Pedro-Benedett-Heraldo-Neves-Arruda-Gilberto-Meirinho.-Decada-de-1960._2-reuniao-1024x727.jpg\" alt=\"3030 Na imagem Joao Jorge Pio Carlos A. Pereira Delegado Pedro Benedett Heraldo Neves Arruda Gilberto Meirinho. Decada de 1960. 2 reuniao\" data-id=\"26502\" data-full-url=\"http:\/\/culturabc.com.br\/arquivo\/wp-content\/uploads\/2021\/07\/3030-Na-imagem-Joao-Jorge-Pio-Carlos-A.-Pereira-Delegado-Pedro-Benedett-Heraldo-Neves-Arruda-Gilberto-Meirinho.-Decada-de-1960._2-reuniao.jpg\" data-link=\"http:\/\/culturabc.com.br\/arquivo\/3030-na-imagem-joao-jorge-pio-carlos-a-pereira-delegado-pedro-benedett-heraldo-neves-arruda-gilberto-meirinho-decada-de-1960-_2-reuniao\/\" class=\"wp-image-26502\" srcset=\"https:\/\/culturabc.com.br\/arquivo\/wp-content\/uploads\/2021\/07\/3030-Na-imagem-Joao-Jorge-Pio-Carlos-A.-Pereira-Delegado-Pedro-Benedett-Heraldo-Neves-Arruda-Gilberto-Meirinho.-Decada-de-1960._2-reuniao-1024x727.jpg 1024w, https:\/\/culturabc.com.br\/arquivo\/wp-content\/uploads\/2021\/07\/3030-Na-imagem-Joao-Jorge-Pio-Carlos-A.-Pereira-Delegado-Pedro-Benedett-Heraldo-Neves-Arruda-Gilberto-Meirinho.-Decada-de-1960._2-reuniao-300x213.jpg 300w, https:\/\/culturabc.com.br\/arquivo\/wp-content\/uploads\/2021\/07\/3030-Na-imagem-Joao-Jorge-Pio-Carlos-A.-Pereira-Delegado-Pedro-Benedett-Heraldo-Neves-Arruda-Gilberto-Meirinho.-Decada-de-1960._2-reuniao-768x545.jpg 768w, https:\/\/culturabc.com.br\/arquivo\/wp-content\/uploads\/2021\/07\/3030-Na-imagem-Joao-Jorge-Pio-Carlos-A.-Pereira-Delegado-Pedro-Benedett-Heraldo-Neves-Arruda-Gilberto-Meirinho.-Decada-de-1960._2-reuniao-1536x1091.jpg 1536w, https:\/\/culturabc.com.br\/arquivo\/wp-content\/uploads\/2021\/07\/3030-Na-imagem-Joao-Jorge-Pio-Carlos-A.-Pereira-Delegado-Pedro-Benedett-Heraldo-Neves-Arruda-Gilberto-Meirinho.-Decada-de-1960._2-reuniao.jpg 1873w\" sizes=\"(max-width: 1024px) 100vw, 1024px\" \/><\/a><figcaption class=\"blocks-gallery-item__caption\">3030 Na imagem Joao Jorge Pio Carlos A. Pereira Delegado Pedro Benedett Heraldo Neves Arruda Gilberto Meirinho. Decada de 1960. 2 reuniao<\/figcaption><\/figure><\/li><li class=\"blocks-gallery-item\"><figure><a href=\"http:\/\/culturabc.com.br\/arquivo\/wp-content\/uploads\/2021\/07\/3032-Na-imagem-Joao-Jorge-Pio-Carlos-A.-Pereira-Delegado-Pedro-Benedett-Heraldo-Neves-Arruda-Gilberto-Meirinho-decada-de-60._2-reuniao.jpg\"><img loading=\"lazy\" decoding=\"async\" width=\"1024\" height=\"727\" src=\"http:\/\/culturabc.com.br\/arquivo\/wp-content\/uploads\/2021\/07\/3032-Na-imagem-Joao-Jorge-Pio-Carlos-A.-Pereira-Delegado-Pedro-Benedett-Heraldo-Neves-Arruda-Gilberto-Meirinho-decada-de-60._2-reuniao-1024x727.jpg\" alt=\"3032 Na imagem Joao Jorge Pio Carlos A. Pereira Delegado Pedro Benedett Heraldo Neves Arruda Gilberto Meirinho decada de 60. 2 reuniao\" data-id=\"26493\" data-full-url=\"http:\/\/culturabc.com.br\/arquivo\/wp-content\/uploads\/2021\/07\/3032-Na-imagem-Joao-Jorge-Pio-Carlos-A.-Pereira-Delegado-Pedro-Benedett-Heraldo-Neves-Arruda-Gilberto-Meirinho-decada-de-60._2-reuniao.jpg\" data-link=\"http:\/\/culturabc.com.br\/arquivo\/3032-na-imagem-joao-jorge-pio-carlos-a-pereira-delegado-pedro-benedett-heraldo-neves-arruda-gilberto-meirinho-decada-de-60-_2-reuniao\/\" class=\"wp-image-26493\" srcset=\"https:\/\/culturabc.com.br\/arquivo\/wp-content\/uploads\/2021\/07\/3032-Na-imagem-Joao-Jorge-Pio-Carlos-A.-Pereira-Delegado-Pedro-Benedett-Heraldo-Neves-Arruda-Gilberto-Meirinho-decada-de-60._2-reuniao-1024x727.jpg 1024w, https:\/\/culturabc.com.br\/arquivo\/wp-content\/uploads\/2021\/07\/3032-Na-imagem-Joao-Jorge-Pio-Carlos-A.-Pereira-Delegado-Pedro-Benedett-Heraldo-Neves-Arruda-Gilberto-Meirinho-decada-de-60._2-reuniao-300x213.jpg 300w, https:\/\/culturabc.com.br\/arquivo\/wp-content\/uploads\/2021\/07\/3032-Na-imagem-Joao-Jorge-Pio-Carlos-A.-Pereira-Delegado-Pedro-Benedett-Heraldo-Neves-Arruda-Gilberto-Meirinho-decada-de-60._2-reuniao-768x545.jpg 768w, https:\/\/culturabc.com.br\/arquivo\/wp-content\/uploads\/2021\/07\/3032-Na-imagem-Joao-Jorge-Pio-Carlos-A.-Pereira-Delegado-Pedro-Benedett-Heraldo-Neves-Arruda-Gilberto-Meirinho-decada-de-60._2-reuniao-1536x1091.jpg 1536w, https:\/\/culturabc.com.br\/arquivo\/wp-content\/uploads\/2021\/07\/3032-Na-imagem-Joao-Jorge-Pio-Carlos-A.-Pereira-Delegado-Pedro-Benedett-Heraldo-Neves-Arruda-Gilberto-Meirinho-decada-de-60._2-reuniao.jpg 1845w\" sizes=\"(max-width: 1024px) 100vw, 1024px\" \/><\/a><figcaption class=\"blocks-gallery-item__caption\">3032 Na imagem Joao Jorge Pio Carlos A. Pereira Delegado Pedro Benedett Heraldo Neves Arruda Gilberto Meirinho decada de 60. 2 reuniao<\/figcaption><\/figure><\/li><li class=\"blocks-gallery-item\"><figure><a href=\"http:\/\/culturabc.com.br\/arquivo\/wp-content\/uploads\/2021\/07\/3031-Na-imagem-Sergio-Laus-Joao-Jorge-Pio-Carlos-Alberto-Pereira-Antonio-Gadotti-Heraldo-Neves-Arruda-decada-de-1960_2-reuniao.jpg\"><img loading=\"lazy\" decoding=\"async\" width=\"1024\" height=\"730\" src=\"http:\/\/culturabc.com.br\/arquivo\/wp-content\/uploads\/2021\/07\/3031-Na-imagem-Sergio-Laus-Joao-Jorge-Pio-Carlos-Alberto-Pereira-Antonio-Gadotti-Heraldo-Neves-Arruda-decada-de-1960_2-reuniao-1024x730.jpg\" alt=\"3031 Na imagem Sergio Laus Joao Jorge Pio Carlos Alberto Pereira Antonio Gadotti Heraldo Neves Arruda decada de 1960 2 reuniao\" data-id=\"26492\" data-full-url=\"http:\/\/culturabc.com.br\/arquivo\/wp-content\/uploads\/2021\/07\/3031-Na-imagem-Sergio-Laus-Joao-Jorge-Pio-Carlos-Alberto-Pereira-Antonio-Gadotti-Heraldo-Neves-Arruda-decada-de-1960_2-reuniao.jpg\" data-link=\"http:\/\/culturabc.com.br\/arquivo\/3031-na-imagem-sergio-laus-joao-jorge-pio-carlos-alberto-pereira-antonio-gadotti-heraldo-neves-arruda-decada-de-1960_2-reuniao\/\" class=\"wp-image-26492\" srcset=\"https:\/\/culturabc.com.br\/arquivo\/wp-content\/uploads\/2021\/07\/3031-Na-imagem-Sergio-Laus-Joao-Jorge-Pio-Carlos-Alberto-Pereira-Antonio-Gadotti-Heraldo-Neves-Arruda-decada-de-1960_2-reuniao-1024x730.jpg 1024w, https:\/\/culturabc.com.br\/arquivo\/wp-content\/uploads\/2021\/07\/3031-Na-imagem-Sergio-Laus-Joao-Jorge-Pio-Carlos-Alberto-Pereira-Antonio-Gadotti-Heraldo-Neves-Arruda-decada-de-1960_2-reuniao-300x214.jpg 300w, https:\/\/culturabc.com.br\/arquivo\/wp-content\/uploads\/2021\/07\/3031-Na-imagem-Sergio-Laus-Joao-Jorge-Pio-Carlos-Alberto-Pereira-Antonio-Gadotti-Heraldo-Neves-Arruda-decada-de-1960_2-reuniao-768x547.jpg 768w, https:\/\/culturabc.com.br\/arquivo\/wp-content\/uploads\/2021\/07\/3031-Na-imagem-Sergio-Laus-Joao-Jorge-Pio-Carlos-Alberto-Pereira-Antonio-Gadotti-Heraldo-Neves-Arruda-decada-de-1960_2-reuniao-1536x1094.jpg 1536w, https:\/\/culturabc.com.br\/arquivo\/wp-content\/uploads\/2021\/07\/3031-Na-imagem-Sergio-Laus-Joao-Jorge-Pio-Carlos-Alberto-Pereira-Antonio-Gadotti-Heraldo-Neves-Arruda-decada-de-1960_2-reuniao.jpg 1903w\" sizes=\"(max-width: 1024px) 100vw, 1024px\" \/><\/a><figcaption class=\"blocks-gallery-item__caption\">3031 Na imagem Sergio Laus Joao Jorge Pio Carlos Alberto Pereira Antonio Gadotti Heraldo Neves Arruda decada de 1960 2 reuniao<\/figcaption><\/figure><\/li><li class=\"blocks-gallery-item\"><figure><a href=\"http:\/\/culturabc.com.br\/arquivo\/wp-content\/uploads\/2021\/07\/2972-Gilberto-Americo-Meirinho-e-Dona-Zenir-decada-de-1970_2-reuniao.jpg\"><img loading=\"lazy\" decoding=\"async\" width=\"950\" height=\"693\" src=\"http:\/\/culturabc.com.br\/arquivo\/wp-content\/uploads\/2021\/07\/2972-Gilberto-Americo-Meirinho-e-Dona-Zenir-decada-de-1970_2-reuniao.jpg\" alt=\"2972 Gilberto Americo Meirinho e Dona Zenir decada de 1970 2 reuniao\" data-id=\"26331\" data-full-url=\"http:\/\/culturabc.com.br\/arquivo\/wp-content\/uploads\/2021\/07\/2972-Gilberto-Americo-Meirinho-e-Dona-Zenir-decada-de-1970_2-reuniao.jpg\" data-link=\"http:\/\/culturabc.com.br\/arquivo\/2972-gilberto-americo-meirinho-e-dona-zenir-decada-de-1970_2-reuniao\/\" class=\"wp-image-26331\" srcset=\"https:\/\/culturabc.com.br\/arquivo\/wp-content\/uploads\/2021\/07\/2972-Gilberto-Americo-Meirinho-e-Dona-Zenir-decada-de-1970_2-reuniao.jpg 950w, https:\/\/culturabc.com.br\/arquivo\/wp-content\/uploads\/2021\/07\/2972-Gilberto-Americo-Meirinho-e-Dona-Zenir-decada-de-1970_2-reuniao-300x219.jpg 300w, https:\/\/culturabc.com.br\/arquivo\/wp-content\/uploads\/2021\/07\/2972-Gilberto-Americo-Meirinho-e-Dona-Zenir-decada-de-1970_2-reuniao-768x560.jpg 768w\" sizes=\"(max-width: 950px) 100vw, 950px\" \/><\/a><figcaption class=\"blocks-gallery-item__caption\">2972 Gilberto Americo Meirinho e Dona Zenir decada de 1970 2 reuniao<\/figcaption><\/figure><\/li><li class=\"blocks-gallery-item\"><figure><a href=\"http:\/\/culturabc.com.br\/arquivo\/wp-content\/uploads\/2021\/07\/2970-Confraternizacao-I-Encontro-dos-Hoteleiros-de-Santa-Catarina-decada-de-1970_2-reuniao.jpg\"><img loading=\"lazy\" decoding=\"async\" width=\"950\" height=\"723\" src=\"http:\/\/culturabc.com.br\/arquivo\/wp-content\/uploads\/2021\/07\/2970-Confraternizacao-I-Encontro-dos-Hoteleiros-de-Santa-Catarina-decada-de-1970_2-reuniao.jpg\" alt=\"2970 Confraternizacao I Encontro dos Hoteleiros de Santa Catarina decada de 1970 2 reuniao\" data-id=\"26330\" data-full-url=\"http:\/\/culturabc.com.br\/arquivo\/wp-content\/uploads\/2021\/07\/2970-Confraternizacao-I-Encontro-dos-Hoteleiros-de-Santa-Catarina-decada-de-1970_2-reuniao.jpg\" data-link=\"http:\/\/culturabc.com.br\/arquivo\/2970-confraternizacao-i-encontro-dos-hoteleiros-de-santa-catarina-decada-de-1970_2-reuniao\/\" class=\"wp-image-26330\" srcset=\"https:\/\/culturabc.com.br\/arquivo\/wp-content\/uploads\/2021\/07\/2970-Confraternizacao-I-Encontro-dos-Hoteleiros-de-Santa-Catarina-decada-de-1970_2-reuniao.jpg 950w, https:\/\/culturabc.com.br\/arquivo\/wp-content\/uploads\/2021\/07\/2970-Confraternizacao-I-Encontro-dos-Hoteleiros-de-Santa-Catarina-decada-de-1970_2-reuniao-300x228.jpg 300w, https:\/\/culturabc.com.br\/arquivo\/wp-content\/uploads\/2021\/07\/2970-Confraternizacao-I-Encontro-dos-Hoteleiros-de-Santa-Catarina-decada-de-1970_2-reuniao-768x584.jpg 768w\" sizes=\"(max-width: 950px) 100vw, 950px\" \/><\/a><figcaption class=\"blocks-gallery-item__caption\">2970 Confraternizacao I Encontro dos Hoteleiros de Santa Catarina decada de 1970 2 reuniao<\/figcaption><\/figure><\/li><li class=\"blocks-gallery-item\"><figure><a href=\"http:\/\/culturabc.com.br\/arquivo\/wp-content\/uploads\/2021\/07\/2969-I-Encontro-dos-Hoteleiros-de-SC-realizado-no-Cinerama-decada-de-1970_2-reuniao.jpg\"><img loading=\"lazy\" decoding=\"async\" width=\"758\" height=\"1024\" src=\"http:\/\/culturabc.com.br\/arquivo\/wp-content\/uploads\/2021\/07\/2969-I-Encontro-dos-Hoteleiros-de-SC-realizado-no-Cinerama-decada-de-1970_2-reuniao-758x1024.jpg\" alt=\"2969 I Encontro dos Hoteleiros de SC realizado no Cinerama decada de 1970 2 reuniao\" data-id=\"26329\" data-full-url=\"http:\/\/culturabc.com.br\/arquivo\/wp-content\/uploads\/2021\/07\/2969-I-Encontro-dos-Hoteleiros-de-SC-realizado-no-Cinerama-decada-de-1970_2-reuniao.jpg\" data-link=\"http:\/\/culturabc.com.br\/arquivo\/2969-i-encontro-dos-hoteleiros-de-sc-realizado-no-cinerama-decada-de-1970_2-reuniao\/\" class=\"wp-image-26329\" srcset=\"https:\/\/culturabc.com.br\/arquivo\/wp-content\/uploads\/2021\/07\/2969-I-Encontro-dos-Hoteleiros-de-SC-realizado-no-Cinerama-decada-de-1970_2-reuniao-758x1024.jpg 758w, https:\/\/culturabc.com.br\/arquivo\/wp-content\/uploads\/2021\/07\/2969-I-Encontro-dos-Hoteleiros-de-SC-realizado-no-Cinerama-decada-de-1970_2-reuniao-222x300.jpg 222w, https:\/\/culturabc.com.br\/arquivo\/wp-content\/uploads\/2021\/07\/2969-I-Encontro-dos-Hoteleiros-de-SC-realizado-no-Cinerama-decada-de-1970_2-reuniao-768x1037.jpg 768w, https:\/\/culturabc.com.br\/arquivo\/wp-content\/uploads\/2021\/07\/2969-I-Encontro-dos-Hoteleiros-de-SC-realizado-no-Cinerama-decada-de-1970_2-reuniao.jpg 950w\" sizes=\"(max-width: 758px) 100vw, 758px\" \/><\/a><figcaption class=\"blocks-gallery-item__caption\">2969 I Encontro dos Hoteleiros de SC realizado no Cinerama decada de 1970 2 reuniao<\/figcaption><\/figure><\/li><li class=\"blocks-gallery-item\"><figure><a href=\"http:\/\/culturabc.com.br\/arquivo\/wp-content\/uploads\/2021\/07\/2967-I-Encontro-dos-Hoteleiros-de-SC-realizado-no-Cinerama-decada-de-1970_2-reuniao.jpg\"><img loading=\"lazy\" decoding=\"async\" width=\"950\" height=\"701\" src=\"http:\/\/culturabc.com.br\/arquivo\/wp-content\/uploads\/2021\/07\/2967-I-Encontro-dos-Hoteleiros-de-SC-realizado-no-Cinerama-decada-de-1970_2-reuniao.jpg\" alt=\"2967 I Encontro dos Hoteleiros de SC realizado no Cinerama decada de 1970 2 reuniao\" data-id=\"26328\" data-full-url=\"http:\/\/culturabc.com.br\/arquivo\/wp-content\/uploads\/2021\/07\/2967-I-Encontro-dos-Hoteleiros-de-SC-realizado-no-Cinerama-decada-de-1970_2-reuniao.jpg\" data-link=\"http:\/\/culturabc.com.br\/arquivo\/2967-i-encontro-dos-hoteleiros-de-sc-realizado-no-cinerama-decada-de-1970_2-reuniao\/\" class=\"wp-image-26328\" srcset=\"https:\/\/culturabc.com.br\/arquivo\/wp-content\/uploads\/2021\/07\/2967-I-Encontro-dos-Hoteleiros-de-SC-realizado-no-Cinerama-decada-de-1970_2-reuniao.jpg 950w, https:\/\/culturabc.com.br\/arquivo\/wp-content\/uploads\/2021\/07\/2967-I-Encontro-dos-Hoteleiros-de-SC-realizado-no-Cinerama-decada-de-1970_2-reuniao-300x221.jpg 300w, https:\/\/culturabc.com.br\/arquivo\/wp-content\/uploads\/2021\/07\/2967-I-Encontro-dos-Hoteleiros-de-SC-realizado-no-Cinerama-decada-de-1970_2-reuniao-768x567.jpg 768w\" sizes=\"(max-width: 950px) 100vw, 950px\" \/><\/a><figcaption class=\"blocks-gallery-item__caption\">2967 I Encontro dos Hoteleiros de SC realizado no Cinerama decada de 1970 2 reuniao<\/figcaption><\/figure><\/li><li class=\"blocks-gallery-item\"><figure><a href=\"http:\/\/culturabc.com.br\/arquivo\/wp-content\/uploads\/2021\/07\/2979-Desfile-Civico-Avenida-Central-esquina-com-a-Rua-600-decada-de-1960_2-reuniao.jpg\"><img loading=\"lazy\" decoding=\"async\" width=\"950\" height=\"610\" src=\"http:\/\/culturabc.com.br\/arquivo\/wp-content\/uploads\/2021\/07\/2979-Desfile-Civico-Avenida-Central-esquina-com-a-Rua-600-decada-de-1960_2-reuniao.jpg\" alt=\"2979 Desfile Civico Avenida Central esquina com a Rua 600 decada de 1960 2 reuniao\" data-id=\"26327\" data-full-url=\"http:\/\/culturabc.com.br\/arquivo\/wp-content\/uploads\/2021\/07\/2979-Desfile-Civico-Avenida-Central-esquina-com-a-Rua-600-decada-de-1960_2-reuniao.jpg\" data-link=\"http:\/\/culturabc.com.br\/arquivo\/2979-desfile-civico-avenida-central-esquina-com-a-rua-600-decada-de-1960_2-reuniao\/\" class=\"wp-image-26327\" srcset=\"https:\/\/culturabc.com.br\/arquivo\/wp-content\/uploads\/2021\/07\/2979-Desfile-Civico-Avenida-Central-esquina-com-a-Rua-600-decada-de-1960_2-reuniao.jpg 950w, https:\/\/culturabc.com.br\/arquivo\/wp-content\/uploads\/2021\/07\/2979-Desfile-Civico-Avenida-Central-esquina-com-a-Rua-600-decada-de-1960_2-reuniao-300x193.jpg 300w, https:\/\/culturabc.com.br\/arquivo\/wp-content\/uploads\/2021\/07\/2979-Desfile-Civico-Avenida-Central-esquina-com-a-Rua-600-decada-de-1960_2-reuniao-768x493.jpg 768w\" sizes=\"(max-width: 950px) 100vw, 950px\" \/><\/a><figcaption class=\"blocks-gallery-item__caption\">2979 Desfile Civico Avenida Central esquina com a Rua 600 decada de 1960 2 reuniao<\/figcaption><\/figure><\/li><li class=\"blocks-gallery-item\"><figure><a href=\"http:\/\/culturabc.com.br\/arquivo\/wp-content\/uploads\/2021\/07\/2975-Athaide-Chefe-de-Gabinete-do-Interventor-decada-de-1960_2-reuniao.jpg\"><img loading=\"lazy\" decoding=\"async\" width=\"950\" height=\"611\" src=\"http:\/\/culturabc.com.br\/arquivo\/wp-content\/uploads\/2021\/07\/2975-Athaide-Chefe-de-Gabinete-do-Interventor-decada-de-1960_2-reuniao.jpg\" alt=\"2975 Athaide Chefe de Gabinete do Interventor decada de 1960 2 reuniao\" data-id=\"26326\" data-full-url=\"http:\/\/culturabc.com.br\/arquivo\/wp-content\/uploads\/2021\/07\/2975-Athaide-Chefe-de-Gabinete-do-Interventor-decada-de-1960_2-reuniao.jpg\" data-link=\"http:\/\/culturabc.com.br\/arquivo\/2975-athaide-chefe-de-gabinete-do-interventor-decada-de-1960_2-reuniao\/\" class=\"wp-image-26326\" srcset=\"https:\/\/culturabc.com.br\/arquivo\/wp-content\/uploads\/2021\/07\/2975-Athaide-Chefe-de-Gabinete-do-Interventor-decada-de-1960_2-reuniao.jpg 950w, https:\/\/culturabc.com.br\/arquivo\/wp-content\/uploads\/2021\/07\/2975-Athaide-Chefe-de-Gabinete-do-Interventor-decada-de-1960_2-reuniao-300x193.jpg 300w, https:\/\/culturabc.com.br\/arquivo\/wp-content\/uploads\/2021\/07\/2975-Athaide-Chefe-de-Gabinete-do-Interventor-decada-de-1960_2-reuniao-768x494.jpg 768w\" sizes=\"(max-width: 950px) 100vw, 950px\" \/><\/a><figcaption class=\"blocks-gallery-item__caption\">2975 Athaide Chefe de Gabinete do Interventor decada de 1960 2 reuniao<\/figcaption><\/figure><\/li><li class=\"blocks-gallery-item\"><figure><a href=\"http:\/\/culturabc.com.br\/arquivo\/wp-content\/uploads\/2021\/07\/2974-Alberto-Pereira-Amadio-Dalago-Joaquim-Albino-Gatto-Antonio-Bernardes-Passos-decada-de-1960_2-reuniao.jpg\"><img loading=\"lazy\" decoding=\"async\" width=\"950\" height=\"644\" src=\"http:\/\/culturabc.com.br\/arquivo\/wp-content\/uploads\/2021\/07\/2974-Alberto-Pereira-Amadio-Dalago-Joaquim-Albino-Gatto-Antonio-Bernardes-Passos-decada-de-1960_2-reuniao.jpg\" alt=\"2974 Alberto Pereira Amadio Dalago Joaquim Albino Gatto Antonio Bernardes Passos decada de 1960 2 reuniao\" data-id=\"26325\" data-full-url=\"http:\/\/culturabc.com.br\/arquivo\/wp-content\/uploads\/2021\/07\/2974-Alberto-Pereira-Amadio-Dalago-Joaquim-Albino-Gatto-Antonio-Bernardes-Passos-decada-de-1960_2-reuniao.jpg\" data-link=\"http:\/\/culturabc.com.br\/arquivo\/2974-alberto-pereira-amadio-dalago-joaquim-albino-gatto-antonio-bernardes-passos-decada-de-1960_2-reuniao\/\" class=\"wp-image-26325\" srcset=\"https:\/\/culturabc.com.br\/arquivo\/wp-content\/uploads\/2021\/07\/2974-Alberto-Pereira-Amadio-Dalago-Joaquim-Albino-Gatto-Antonio-Bernardes-Passos-decada-de-1960_2-reuniao.jpg 950w, https:\/\/culturabc.com.br\/arquivo\/wp-content\/uploads\/2021\/07\/2974-Alberto-Pereira-Amadio-Dalago-Joaquim-Albino-Gatto-Antonio-Bernardes-Passos-decada-de-1960_2-reuniao-300x203.jpg 300w, https:\/\/culturabc.com.br\/arquivo\/wp-content\/uploads\/2021\/07\/2974-Alberto-Pereira-Amadio-Dalago-Joaquim-Albino-Gatto-Antonio-Bernardes-Passos-decada-de-1960_2-reuniao-768x521.jpg 768w\" sizes=\"(max-width: 950px) 100vw, 950px\" \/><\/a><figcaption class=\"blocks-gallery-item__caption\">2974 Alberto Pereira Amadio Dalago Joaquim Albino Gatto Antonio Bernardes Passos decada de 1960 2 reuniao<\/figcaption><\/figure><\/li><li class=\"blocks-gallery-item\"><figure><a href=\"http:\/\/culturabc.com.br\/arquivo\/wp-content\/uploads\/2021\/07\/2973-Governador-Ivo-Silveira-Dom-Afonso-Niehues-Gilberto-Americo-Meirinho-decada-de-1970_2-reuniao.jpg\"><img loading=\"lazy\" decoding=\"async\" width=\"950\" height=\"706\" src=\"http:\/\/culturabc.com.br\/arquivo\/wp-content\/uploads\/2021\/07\/2973-Governador-Ivo-Silveira-Dom-Afonso-Niehues-Gilberto-Americo-Meirinho-decada-de-1970_2-reuniao.jpg\" alt=\"2973 Governador Ivo Silveira Dom Afonso Niehues Gilberto Americo Meirinho decada de 1970 2 reuniao\" data-id=\"26324\" data-full-url=\"http:\/\/culturabc.com.br\/arquivo\/wp-content\/uploads\/2021\/07\/2973-Governador-Ivo-Silveira-Dom-Afonso-Niehues-Gilberto-Americo-Meirinho-decada-de-1970_2-reuniao.jpg\" data-link=\"http:\/\/culturabc.com.br\/arquivo\/2973-governador-ivo-silveira-dom-afonso-niehues-gilberto-americo-meirinho-decada-de-1970_2-reuniao\/\" class=\"wp-image-26324\" srcset=\"https:\/\/culturabc.com.br\/arquivo\/wp-content\/uploads\/2021\/07\/2973-Governador-Ivo-Silveira-Dom-Afonso-Niehues-Gilberto-Americo-Meirinho-decada-de-1970_2-reuniao.jpg 950w, https:\/\/culturabc.com.br\/arquivo\/wp-content\/uploads\/2021\/07\/2973-Governador-Ivo-Silveira-Dom-Afonso-Niehues-Gilberto-Americo-Meirinho-decada-de-1970_2-reuniao-300x223.jpg 300w, https:\/\/culturabc.com.br\/arquivo\/wp-content\/uploads\/2021\/07\/2973-Governador-Ivo-Silveira-Dom-Afonso-Niehues-Gilberto-Americo-Meirinho-decada-de-1970_2-reuniao-768x571.jpg 768w\" sizes=\"(max-width: 950px) 100vw, 950px\" \/><\/a><figcaption class=\"blocks-gallery-item__caption\">2973 Governador Ivo Silveira Dom Afonso Niehues Gilberto Americo Meirinho decada de 1970 2 reuniao<\/figcaption><\/figure><\/li><li class=\"blocks-gallery-item\"><figure><a href=\"http:\/\/culturabc.com.br\/arquivo\/wp-content\/uploads\/2021\/07\/2988-Deputado-Orlando-Bertoldi-Delegado-Pedro-Benedeti-decada-de-1970_2-reuniao.jpg\"><img loading=\"lazy\" decoding=\"async\" width=\"950\" height=\"699\" src=\"http:\/\/culturabc.com.br\/arquivo\/wp-content\/uploads\/2021\/07\/2988-Deputado-Orlando-Bertoldi-Delegado-Pedro-Benedeti-decada-de-1970_2-reuniao.jpg\" alt=\"2988 Deputado Orlando Bertoldi Delegado Pedro Benedeti decada de 1970 2 reuniao\" data-id=\"26323\" data-full-url=\"http:\/\/culturabc.com.br\/arquivo\/wp-content\/uploads\/2021\/07\/2988-Deputado-Orlando-Bertoldi-Delegado-Pedro-Benedeti-decada-de-1970_2-reuniao.jpg\" data-link=\"http:\/\/culturabc.com.br\/arquivo\/2988-deputado-orlando-bertoldi-delegado-pedro-benedeti-decada-de-1970_2-reuniao\/\" class=\"wp-image-26323\" srcset=\"https:\/\/culturabc.com.br\/arquivo\/wp-content\/uploads\/2021\/07\/2988-Deputado-Orlando-Bertoldi-Delegado-Pedro-Benedeti-decada-de-1970_2-reuniao.jpg 950w, https:\/\/culturabc.com.br\/arquivo\/wp-content\/uploads\/2021\/07\/2988-Deputado-Orlando-Bertoldi-Delegado-Pedro-Benedeti-decada-de-1970_2-reuniao-300x221.jpg 300w, https:\/\/culturabc.com.br\/arquivo\/wp-content\/uploads\/2021\/07\/2988-Deputado-Orlando-Bertoldi-Delegado-Pedro-Benedeti-decada-de-1970_2-reuniao-768x565.jpg 768w\" sizes=\"(max-width: 950px) 100vw, 950px\" \/><\/a><figcaption class=\"blocks-gallery-item__caption\">2988 Deputado Orlando Bertoldi Delegado Pedro Benedeti decada de 1970 2 reuniao<\/figcaption><\/figure><\/li><li class=\"blocks-gallery-item\"><figure><a href=\"http:\/\/culturabc.com.br\/arquivo\/wp-content\/uploads\/2021\/07\/2987-Walter-Eilers-Silvio-Kurt-Zenir-Meirinho-Gilberto-Americo-Meirinho-decada-de-1970_2-reuniao.jpg\"><img loading=\"lazy\" decoding=\"async\" width=\"950\" height=\"701\" src=\"http:\/\/culturabc.com.br\/arquivo\/wp-content\/uploads\/2021\/07\/2987-Walter-Eilers-Silvio-Kurt-Zenir-Meirinho-Gilberto-Americo-Meirinho-decada-de-1970_2-reuniao.jpg\" alt=\"2987 Walter Eilers Silvio Kurt Zenir Meirinho Gilberto Americo Meirinho decada de 1970 2 reuniao\" data-id=\"26322\" data-full-url=\"http:\/\/culturabc.com.br\/arquivo\/wp-content\/uploads\/2021\/07\/2987-Walter-Eilers-Silvio-Kurt-Zenir-Meirinho-Gilberto-Americo-Meirinho-decada-de-1970_2-reuniao.jpg\" data-link=\"http:\/\/culturabc.com.br\/arquivo\/2987-walter-eilers-silvio-kurt-zenir-meirinho-gilberto-americo-meirinho-decada-de-1970_2-reuniao\/\" class=\"wp-image-26322\" srcset=\"https:\/\/culturabc.com.br\/arquivo\/wp-content\/uploads\/2021\/07\/2987-Walter-Eilers-Silvio-Kurt-Zenir-Meirinho-Gilberto-Americo-Meirinho-decada-de-1970_2-reuniao.jpg 950w, https:\/\/culturabc.com.br\/arquivo\/wp-content\/uploads\/2021\/07\/2987-Walter-Eilers-Silvio-Kurt-Zenir-Meirinho-Gilberto-Americo-Meirinho-decada-de-1970_2-reuniao-300x221.jpg 300w, https:\/\/culturabc.com.br\/arquivo\/wp-content\/uploads\/2021\/07\/2987-Walter-Eilers-Silvio-Kurt-Zenir-Meirinho-Gilberto-Americo-Meirinho-decada-de-1970_2-reuniao-768x567.jpg 768w\" sizes=\"(max-width: 950px) 100vw, 950px\" \/><\/a><figcaption class=\"blocks-gallery-item__caption\">2987 Walter Eilers Silvio Kurt Zenir Meirinho Gilberto Americo Meirinho decada de 1970 2 reuniao<\/figcaption><\/figure><\/li><li class=\"blocks-gallery-item\"><figure><a href=\"http:\/\/culturabc.com.br\/arquivo\/wp-content\/uploads\/2021\/07\/2982-Moacir-Noveleto-Juiz-Joao-Jose-Mauricio-Davila-e-o-medico-Dr.-Eleomar-decada-de-1970_2-reuniao.jpg\"><img loading=\"lazy\" decoding=\"async\" width=\"950\" height=\"587\" src=\"http:\/\/culturabc.com.br\/arquivo\/wp-content\/uploads\/2021\/07\/2982-Moacir-Noveleto-Juiz-Joao-Jose-Mauricio-Davila-e-o-medico-Dr.-Eleomar-decada-de-1970_2-reuniao.jpg\" alt=\"2982 Moacir Noveleto Juiz Joao Jose Mauricio Davila e o medico Dr. Eleomar decada de 1970 2 reuniao\" data-id=\"26321\" data-full-url=\"http:\/\/culturabc.com.br\/arquivo\/wp-content\/uploads\/2021\/07\/2982-Moacir-Noveleto-Juiz-Joao-Jose-Mauricio-Davila-e-o-medico-Dr.-Eleomar-decada-de-1970_2-reuniao.jpg\" data-link=\"http:\/\/culturabc.com.br\/arquivo\/2982-moacir-noveleto-juiz-joao-jose-mauricio-davila-e-o-medico-dr-eleomar-decada-de-1970_2-reuniao\/\" class=\"wp-image-26321\" srcset=\"https:\/\/culturabc.com.br\/arquivo\/wp-content\/uploads\/2021\/07\/2982-Moacir-Noveleto-Juiz-Joao-Jose-Mauricio-Davila-e-o-medico-Dr.-Eleomar-decada-de-1970_2-reuniao.jpg 950w, https:\/\/culturabc.com.br\/arquivo\/wp-content\/uploads\/2021\/07\/2982-Moacir-Noveleto-Juiz-Joao-Jose-Mauricio-Davila-e-o-medico-Dr.-Eleomar-decada-de-1970_2-reuniao-300x185.jpg 300w, https:\/\/culturabc.com.br\/arquivo\/wp-content\/uploads\/2021\/07\/2982-Moacir-Noveleto-Juiz-Joao-Jose-Mauricio-Davila-e-o-medico-Dr.-Eleomar-decada-de-1970_2-reuniao-768x475.jpg 768w\" sizes=\"(max-width: 950px) 100vw, 950px\" \/><\/a><figcaption class=\"blocks-gallery-item__caption\">2982 Moacir Noveleto Juiz Joao Jose Mauricio Davila e o medico Dr. Eleomar decada de 1970 2 reuniao<\/figcaption><\/figure><\/li><li class=\"blocks-gallery-item\"><figure><a href=\"http:\/\/culturabc.com.br\/arquivo\/wp-content\/uploads\/2021\/07\/2981-Restaurante-proximo-a-BR-101-e-ao-Restaurante-Poco-das-Pedras-decada-de-1970_2-reuniao.jpg\"><img loading=\"lazy\" decoding=\"async\" width=\"950\" height=\"663\" src=\"http:\/\/culturabc.com.br\/arquivo\/wp-content\/uploads\/2021\/07\/2981-Restaurante-proximo-a-BR-101-e-ao-Restaurante-Poco-das-Pedras-decada-de-1970_2-reuniao.jpg\" alt=\"2981 Restaurante proximo a BR 101 e ao Restaurante Poco das Pedras decada de 1970 2 reuniao\" data-id=\"26320\" data-full-url=\"http:\/\/culturabc.com.br\/arquivo\/wp-content\/uploads\/2021\/07\/2981-Restaurante-proximo-a-BR-101-e-ao-Restaurante-Poco-das-Pedras-decada-de-1970_2-reuniao.jpg\" data-link=\"http:\/\/culturabc.com.br\/arquivo\/2981-restaurante-proximo-a-br-101-e-ao-restaurante-poco-das-pedras-decada-de-1970_2-reuniao\/\" class=\"wp-image-26320\" srcset=\"https:\/\/culturabc.com.br\/arquivo\/wp-content\/uploads\/2021\/07\/2981-Restaurante-proximo-a-BR-101-e-ao-Restaurante-Poco-das-Pedras-decada-de-1970_2-reuniao.jpg 950w, https:\/\/culturabc.com.br\/arquivo\/wp-content\/uploads\/2021\/07\/2981-Restaurante-proximo-a-BR-101-e-ao-Restaurante-Poco-das-Pedras-decada-de-1970_2-reuniao-300x209.jpg 300w, https:\/\/culturabc.com.br\/arquivo\/wp-content\/uploads\/2021\/07\/2981-Restaurante-proximo-a-BR-101-e-ao-Restaurante-Poco-das-Pedras-decada-de-1970_2-reuniao-768x536.jpg 768w\" sizes=\"(max-width: 950px) 100vw, 950px\" \/><\/a><figcaption class=\"blocks-gallery-item__caption\">2981 Restaurante proximo a BR 101 e ao Restaurante Poco das Pedras decada de 1970 2 reuniao<\/figcaption><\/figure><\/li><li class=\"blocks-gallery-item\"><figure><a href=\"http:\/\/culturabc.com.br\/arquivo\/wp-content\/uploads\/2021\/07\/2993-Pedreira-da-Barra-decada-de-1960_2-reuniao.jpg\"><img loading=\"lazy\" decoding=\"async\" width=\"693\" height=\"1024\" src=\"http:\/\/culturabc.com.br\/arquivo\/wp-content\/uploads\/2021\/07\/2993-Pedreira-da-Barra-decada-de-1960_2-reuniao-693x1024.jpg\" alt=\"2993 Pedreira da Barra decada de 1960 2 reuniao\" data-id=\"26319\" data-full-url=\"http:\/\/culturabc.com.br\/arquivo\/wp-content\/uploads\/2021\/07\/2993-Pedreira-da-Barra-decada-de-1960_2-reuniao.jpg\" data-link=\"http:\/\/culturabc.com.br\/arquivo\/2993-pedreira-da-barra-decada-de-1960_2-reuniao\/\" class=\"wp-image-26319\" srcset=\"https:\/\/culturabc.com.br\/arquivo\/wp-content\/uploads\/2021\/07\/2993-Pedreira-da-Barra-decada-de-1960_2-reuniao-693x1024.jpg 693w, https:\/\/culturabc.com.br\/arquivo\/wp-content\/uploads\/2021\/07\/2993-Pedreira-da-Barra-decada-de-1960_2-reuniao-203x300.jpg 203w, https:\/\/culturabc.com.br\/arquivo\/wp-content\/uploads\/2021\/07\/2993-Pedreira-da-Barra-decada-de-1960_2-reuniao-768x1134.jpg 768w, https:\/\/culturabc.com.br\/arquivo\/wp-content\/uploads\/2021\/07\/2993-Pedreira-da-Barra-decada-de-1960_2-reuniao.jpg 950w\" sizes=\"(max-width: 693px) 100vw, 693px\" \/><\/a><figcaption class=\"blocks-gallery-item__caption\">2993 Pedreira da Barra decada de 1960 2 reuniao<\/figcaption><\/figure><\/li><li class=\"blocks-gallery-item\"><figure><a href=\"http:\/\/culturabc.com.br\/arquivo\/wp-content\/uploads\/2021\/07\/2992-Agenor-Khuner-Walmir-Correa-e-Rogerio-Burger-decada-de-1970_2-reuniao.jpg\"><img loading=\"lazy\" decoding=\"async\" width=\"742\" height=\"1024\" src=\"http:\/\/culturabc.com.br\/arquivo\/wp-content\/uploads\/2021\/07\/2992-Agenor-Khuner-Walmir-Correa-e-Rogerio-Burger-decada-de-1970_2-reuniao-742x1024.jpg\" alt=\"2992 Agenor Khuner Walmir Correa e Rogerio Burger decada de 1970 2 reuniao\" data-id=\"26318\" data-full-url=\"http:\/\/culturabc.com.br\/arquivo\/wp-content\/uploads\/2021\/07\/2992-Agenor-Khuner-Walmir-Correa-e-Rogerio-Burger-decada-de-1970_2-reuniao.jpg\" data-link=\"http:\/\/culturabc.com.br\/arquivo\/2992-agenor-khuner-walmir-correa-e-rogerio-burger-decada-de-1970_2-reuniao\/\" class=\"wp-image-26318\" srcset=\"https:\/\/culturabc.com.br\/arquivo\/wp-content\/uploads\/2021\/07\/2992-Agenor-Khuner-Walmir-Correa-e-Rogerio-Burger-decada-de-1970_2-reuniao-742x1024.jpg 742w, https:\/\/culturabc.com.br\/arquivo\/wp-content\/uploads\/2021\/07\/2992-Agenor-Khuner-Walmir-Correa-e-Rogerio-Burger-decada-de-1970_2-reuniao-217x300.jpg 217w, https:\/\/culturabc.com.br\/arquivo\/wp-content\/uploads\/2021\/07\/2992-Agenor-Khuner-Walmir-Correa-e-Rogerio-Burger-decada-de-1970_2-reuniao-768x1060.jpg 768w, https:\/\/culturabc.com.br\/arquivo\/wp-content\/uploads\/2021\/07\/2992-Agenor-Khuner-Walmir-Correa-e-Rogerio-Burger-decada-de-1970_2-reuniao.jpg 950w\" sizes=\"(max-width: 742px) 100vw, 742px\" \/><\/a><figcaption class=\"blocks-gallery-item__caption\">2992 Agenor Khuner Walmir Correa e Rogerio Burger decada de 1970 2 reuniao<\/figcaption><\/figure><\/li><li class=\"blocks-gallery-item\"><figure><a href=\"http:\/\/culturabc.com.br\/arquivo\/wp-content\/uploads\/2021\/07\/2990-Promotor-Flavio-Moreira-da-Costa-decada-de-1970_2-reuniao.jpg\"><img loading=\"lazy\" decoding=\"async\" width=\"950\" height=\"688\" src=\"http:\/\/culturabc.com.br\/arquivo\/wp-content\/uploads\/2021\/07\/2990-Promotor-Flavio-Moreira-da-Costa-decada-de-1970_2-reuniao.jpg\" alt=\"2990 Promotor Flavio Moreira da Costa decada de 1970 2 reuniao\" data-id=\"26317\" data-full-url=\"http:\/\/culturabc.com.br\/arquivo\/wp-content\/uploads\/2021\/07\/2990-Promotor-Flavio-Moreira-da-Costa-decada-de-1970_2-reuniao.jpg\" data-link=\"http:\/\/culturabc.com.br\/arquivo\/2990-promotor-flavio-moreira-da-costa-decada-de-1970_2-reuniao\/\" class=\"wp-image-26317\" srcset=\"https:\/\/culturabc.com.br\/arquivo\/wp-content\/uploads\/2021\/07\/2990-Promotor-Flavio-Moreira-da-Costa-decada-de-1970_2-reuniao.jpg 950w, https:\/\/culturabc.com.br\/arquivo\/wp-content\/uploads\/2021\/07\/2990-Promotor-Flavio-Moreira-da-Costa-decada-de-1970_2-reuniao-300x217.jpg 300w, https:\/\/culturabc.com.br\/arquivo\/wp-content\/uploads\/2021\/07\/2990-Promotor-Flavio-Moreira-da-Costa-decada-de-1970_2-reuniao-768x556.jpg 768w\" sizes=\"(max-width: 950px) 100vw, 950px\" \/><\/a><figcaption class=\"blocks-gallery-item__caption\">2990 Promotor Flavio Moreira da Costa decada de 1970 2 reuniao<\/figcaption><\/figure><\/li><li class=\"blocks-gallery-item\"><figure><a href=\"http:\/\/culturabc.com.br\/arquivo\/wp-content\/uploads\/2021\/07\/2989-Olindor-Camargo-Joao-Jorge-Pio-Wilson-Pires-Achutti-Aldo-Novaes-decada-de-1970_2-reuniao.jpg\"><img loading=\"lazy\" decoding=\"async\" width=\"950\" height=\"711\" src=\"http:\/\/culturabc.com.br\/arquivo\/wp-content\/uploads\/2021\/07\/2989-Olindor-Camargo-Joao-Jorge-Pio-Wilson-Pires-Achutti-Aldo-Novaes-decada-de-1970_2-reuniao.jpg\" alt=\"2989 Olindor Camargo Joao Jorge Pio Wilson Pires Achutti Aldo Novaes decada de 1970 2 reuniao\" data-id=\"26316\" data-full-url=\"http:\/\/culturabc.com.br\/arquivo\/wp-content\/uploads\/2021\/07\/2989-Olindor-Camargo-Joao-Jorge-Pio-Wilson-Pires-Achutti-Aldo-Novaes-decada-de-1970_2-reuniao.jpg\" data-link=\"http:\/\/culturabc.com.br\/arquivo\/2989-olindor-camargo-joao-jorge-pio-wilson-pires-achutti-aldo-novaes-decada-de-1970_2-reuniao\/\" class=\"wp-image-26316\" srcset=\"https:\/\/culturabc.com.br\/arquivo\/wp-content\/uploads\/2021\/07\/2989-Olindor-Camargo-Joao-Jorge-Pio-Wilson-Pires-Achutti-Aldo-Novaes-decada-de-1970_2-reuniao.jpg 950w, https:\/\/culturabc.com.br\/arquivo\/wp-content\/uploads\/2021\/07\/2989-Olindor-Camargo-Joao-Jorge-Pio-Wilson-Pires-Achutti-Aldo-Novaes-decada-de-1970_2-reuniao-300x225.jpg 300w, https:\/\/culturabc.com.br\/arquivo\/wp-content\/uploads\/2021\/07\/2989-Olindor-Camargo-Joao-Jorge-Pio-Wilson-Pires-Achutti-Aldo-Novaes-decada-de-1970_2-reuniao-768x575.jpg 768w\" sizes=\"(max-width: 950px) 100vw, 950px\" \/><\/a><figcaption class=\"blocks-gallery-item__caption\">2989 Olindor Camargo Joao Jorge Pio Wilson Pires Achutti Aldo Novaes decada de 1970 2 reuniao<\/figcaption><\/figure><\/li><li class=\"blocks-gallery-item\"><figure><a href=\"http:\/\/culturabc.com.br\/arquivo\/wp-content\/uploads\/2021\/07\/2998-Jornalista-Nilton-Russi-Klaus-Fischer-Claudio-Fischer-decada-de-1970_2-reuniao.jpg\"><img loading=\"lazy\" decoding=\"async\" width=\"950\" height=\"575\" src=\"http:\/\/culturabc.com.br\/arquivo\/wp-content\/uploads\/2021\/07\/2998-Jornalista-Nilton-Russi-Klaus-Fischer-Claudio-Fischer-decada-de-1970_2-reuniao.jpg\" alt=\"2998 Jornalista Nilton Russi Klaus Fischer Claudio Fischer decada de 1970 2 reuniao\" data-id=\"26315\" data-full-url=\"http:\/\/culturabc.com.br\/arquivo\/wp-content\/uploads\/2021\/07\/2998-Jornalista-Nilton-Russi-Klaus-Fischer-Claudio-Fischer-decada-de-1970_2-reuniao.jpg\" data-link=\"http:\/\/culturabc.com.br\/arquivo\/2998-jornalista-nilton-russi-klaus-fischer-claudio-fischer-decada-de-1970_2-reuniao\/\" class=\"wp-image-26315\" srcset=\"https:\/\/culturabc.com.br\/arquivo\/wp-content\/uploads\/2021\/07\/2998-Jornalista-Nilton-Russi-Klaus-Fischer-Claudio-Fischer-decada-de-1970_2-reuniao.jpg 950w, https:\/\/culturabc.com.br\/arquivo\/wp-content\/uploads\/2021\/07\/2998-Jornalista-Nilton-Russi-Klaus-Fischer-Claudio-Fischer-decada-de-1970_2-reuniao-300x182.jpg 300w, https:\/\/culturabc.com.br\/arquivo\/wp-content\/uploads\/2021\/07\/2998-Jornalista-Nilton-Russi-Klaus-Fischer-Claudio-Fischer-decada-de-1970_2-reuniao-768x465.jpg 768w\" sizes=\"(max-width: 950px) 100vw, 950px\" \/><\/a><figcaption class=\"blocks-gallery-item__caption\">2998 Jornalista Nilton Russi Klaus Fischer Claudio Fischer decada de 1970 2 reuniao<\/figcaption><\/figure><\/li><li class=\"blocks-gallery-item\"><figure><a href=\"http:\/\/culturabc.com.br\/arquivo\/wp-content\/uploads\/2021\/07\/2997-Antonio-Wollinger-Arquiteto-Arnaldo-Mendes-Promotor-Ivan-Santiago-decada-de-1970_2-reuniao.jpg\"><img loading=\"lazy\" decoding=\"async\" width=\"950\" height=\"592\" src=\"http:\/\/culturabc.com.br\/arquivo\/wp-content\/uploads\/2021\/07\/2997-Antonio-Wollinger-Arquiteto-Arnaldo-Mendes-Promotor-Ivan-Santiago-decada-de-1970_2-reuniao.jpg\" alt=\"2997 Antonio Wollinger Arquiteto Arnaldo Mendes Promotor Ivan Santiago decada de 1970 2 reuniao\" data-id=\"26314\" data-full-url=\"http:\/\/culturabc.com.br\/arquivo\/wp-content\/uploads\/2021\/07\/2997-Antonio-Wollinger-Arquiteto-Arnaldo-Mendes-Promotor-Ivan-Santiago-decada-de-1970_2-reuniao.jpg\" data-link=\"http:\/\/culturabc.com.br\/arquivo\/2997-antonio-wollinger-arquiteto-arnaldo-mendes-promotor-ivan-santiago-decada-de-1970_2-reuniao\/\" class=\"wp-image-26314\" srcset=\"https:\/\/culturabc.com.br\/arquivo\/wp-content\/uploads\/2021\/07\/2997-Antonio-Wollinger-Arquiteto-Arnaldo-Mendes-Promotor-Ivan-Santiago-decada-de-1970_2-reuniao.jpg 950w, https:\/\/culturabc.com.br\/arquivo\/wp-content\/uploads\/2021\/07\/2997-Antonio-Wollinger-Arquiteto-Arnaldo-Mendes-Promotor-Ivan-Santiago-decada-de-1970_2-reuniao-300x187.jpg 300w, https:\/\/culturabc.com.br\/arquivo\/wp-content\/uploads\/2021\/07\/2997-Antonio-Wollinger-Arquiteto-Arnaldo-Mendes-Promotor-Ivan-Santiago-decada-de-1970_2-reuniao-768x479.jpg 768w\" sizes=\"(max-width: 950px) 100vw, 950px\" \/><\/a><figcaption class=\"blocks-gallery-item__caption\">2997 Antonio Wollinger Arquiteto Arnaldo Mendes Promotor Ivan Santiago decada de 1970 2 reuniao<\/figcaption><\/figure><\/li><li class=\"blocks-gallery-item\"><figure><a href=\"http:\/\/culturabc.com.br\/arquivo\/wp-content\/uploads\/2021\/07\/2996-Promotor-Ivan-Santiago-decada-de-1970_2-reuniao.jpg\"><img loading=\"lazy\" decoding=\"async\" width=\"950\" height=\"602\" src=\"http:\/\/culturabc.com.br\/arquivo\/wp-content\/uploads\/2021\/07\/2996-Promotor-Ivan-Santiago-decada-de-1970_2-reuniao.jpg\" alt=\"2996 Promotor Ivan Santiago decada de 1970 2 reuniao\" data-id=\"26313\" data-full-url=\"http:\/\/culturabc.com.br\/arquivo\/wp-content\/uploads\/2021\/07\/2996-Promotor-Ivan-Santiago-decada-de-1970_2-reuniao.jpg\" data-link=\"http:\/\/culturabc.com.br\/arquivo\/2996-promotor-ivan-santiago-decada-de-1970_2-reuniao\/\" class=\"wp-image-26313\" srcset=\"https:\/\/culturabc.com.br\/arquivo\/wp-content\/uploads\/2021\/07\/2996-Promotor-Ivan-Santiago-decada-de-1970_2-reuniao.jpg 950w, https:\/\/culturabc.com.br\/arquivo\/wp-content\/uploads\/2021\/07\/2996-Promotor-Ivan-Santiago-decada-de-1970_2-reuniao-300x190.jpg 300w, https:\/\/culturabc.com.br\/arquivo\/wp-content\/uploads\/2021\/07\/2996-Promotor-Ivan-Santiago-decada-de-1970_2-reuniao-768x487.jpg 768w\" sizes=\"(max-width: 950px) 100vw, 950px\" \/><\/a><figcaption class=\"blocks-gallery-item__caption\">2996 Promotor Ivan Santiago decada de 1970 2 reuniao<\/figcaption><\/figure><\/li><li class=\"blocks-gallery-item\"><figure><a href=\"http:\/\/culturabc.com.br\/arquivo\/wp-content\/uploads\/2021\/07\/2994-Escola-Francisca-Alves-Gevaerd-Bairro-da-Barra-decada-de-1970_2-reuniao.jpg\"><img loading=\"lazy\" decoding=\"async\" width=\"950\" height=\"613\" src=\"http:\/\/culturabc.com.br\/arquivo\/wp-content\/uploads\/2021\/07\/2994-Escola-Francisca-Alves-Gevaerd-Bairro-da-Barra-decada-de-1970_2-reuniao.jpg\" alt=\"2994 Escola Francisca Alves Gevaerd Bairro da Barra decada de 1970 2 reuniao\" data-id=\"26312\" data-full-url=\"http:\/\/culturabc.com.br\/arquivo\/wp-content\/uploads\/2021\/07\/2994-Escola-Francisca-Alves-Gevaerd-Bairro-da-Barra-decada-de-1970_2-reuniao.jpg\" data-link=\"http:\/\/culturabc.com.br\/arquivo\/2994-escola-francisca-alves-gevaerd-bairro-da-barra-decada-de-1970_2-reuniao\/\" class=\"wp-image-26312\" srcset=\"https:\/\/culturabc.com.br\/arquivo\/wp-content\/uploads\/2021\/07\/2994-Escola-Francisca-Alves-Gevaerd-Bairro-da-Barra-decada-de-1970_2-reuniao.jpg 950w, https:\/\/culturabc.com.br\/arquivo\/wp-content\/uploads\/2021\/07\/2994-Escola-Francisca-Alves-Gevaerd-Bairro-da-Barra-decada-de-1970_2-reuniao-300x194.jpg 300w, https:\/\/culturabc.com.br\/arquivo\/wp-content\/uploads\/2021\/07\/2994-Escola-Francisca-Alves-Gevaerd-Bairro-da-Barra-decada-de-1970_2-reuniao-768x496.jpg 768w\" sizes=\"(max-width: 950px) 100vw, 950px\" \/><\/a><figcaption class=\"blocks-gallery-item__caption\">2994 Escola Francisca Alves Gevaerd Bairro da Barra decada de 1970 2 reuniao<\/figcaption><\/figure><\/li><li class=\"blocks-gallery-item\"><figure><a href=\"http:\/\/culturabc.com.br\/arquivo\/wp-content\/uploads\/2021\/07\/3003-Visita-de-Nereu-Ramos-ao-municipio-de-Camboriu-decada-de-1940_2-reuniao.jpg\"><img loading=\"lazy\" decoding=\"async\" width=\"676\" height=\"1024\" src=\"http:\/\/culturabc.com.br\/arquivo\/wp-content\/uploads\/2021\/07\/3003-Visita-de-Nereu-Ramos-ao-municipio-de-Camboriu-decada-de-1940_2-reuniao-676x1024.jpg\" alt=\"3003 Visita de Nereu Ramos ao municipio de Camboriu decada de 1940 2 reuniao\" data-id=\"26311\" data-full-url=\"http:\/\/culturabc.com.br\/arquivo\/wp-content\/uploads\/2021\/07\/3003-Visita-de-Nereu-Ramos-ao-municipio-de-Camboriu-decada-de-1940_2-reuniao.jpg\" data-link=\"http:\/\/culturabc.com.br\/arquivo\/3003-visita-de-nereu-ramos-ao-municipio-de-camboriu-decada-de-1940_2-reuniao\/\" class=\"wp-image-26311\" srcset=\"https:\/\/culturabc.com.br\/arquivo\/wp-content\/uploads\/2021\/07\/3003-Visita-de-Nereu-Ramos-ao-municipio-de-Camboriu-decada-de-1940_2-reuniao-676x1024.jpg 676w, https:\/\/culturabc.com.br\/arquivo\/wp-content\/uploads\/2021\/07\/3003-Visita-de-Nereu-Ramos-ao-municipio-de-Camboriu-decada-de-1940_2-reuniao-198x300.jpg 198w, https:\/\/culturabc.com.br\/arquivo\/wp-content\/uploads\/2021\/07\/3003-Visita-de-Nereu-Ramos-ao-municipio-de-Camboriu-decada-de-1940_2-reuniao-768x1163.jpg 768w, https:\/\/culturabc.com.br\/arquivo\/wp-content\/uploads\/2021\/07\/3003-Visita-de-Nereu-Ramos-ao-municipio-de-Camboriu-decada-de-1940_2-reuniao.jpg 950w\" sizes=\"(max-width: 676px) 100vw, 676px\" \/><\/a><figcaption class=\"blocks-gallery-item__caption\">3003 Visita de Nereu Ramos ao municipio de Camboriu decada de 1940 2 reuniao<\/figcaption><\/figure><\/li><li class=\"blocks-gallery-item\"><figure><a href=\"http:\/\/culturabc.com.br\/arquivo\/wp-content\/uploads\/2021\/07\/3002-Tereza-Silva-e-Hamilton-Silva-Terrivel-decada-de-1970_2-reuniao.jpg\"><img loading=\"lazy\" decoding=\"async\" width=\"950\" height=\"708\" src=\"http:\/\/culturabc.com.br\/arquivo\/wp-content\/uploads\/2021\/07\/3002-Tereza-Silva-e-Hamilton-Silva-Terrivel-decada-de-1970_2-reuniao.jpg\" alt=\"3002 Tereza Silva e Hamilton Silva Terrivel decada de 1970 2 reuniao\" data-id=\"26310\" data-full-url=\"http:\/\/culturabc.com.br\/arquivo\/wp-content\/uploads\/2021\/07\/3002-Tereza-Silva-e-Hamilton-Silva-Terrivel-decada-de-1970_2-reuniao.jpg\" data-link=\"http:\/\/culturabc.com.br\/arquivo\/3002-tereza-silva-e-hamilton-silva-terrivel-decada-de-1970_2-reuniao\/\" class=\"wp-image-26310\" srcset=\"https:\/\/culturabc.com.br\/arquivo\/wp-content\/uploads\/2021\/07\/3002-Tereza-Silva-e-Hamilton-Silva-Terrivel-decada-de-1970_2-reuniao.jpg 950w, https:\/\/culturabc.com.br\/arquivo\/wp-content\/uploads\/2021\/07\/3002-Tereza-Silva-e-Hamilton-Silva-Terrivel-decada-de-1970_2-reuniao-300x224.jpg 300w, https:\/\/culturabc.com.br\/arquivo\/wp-content\/uploads\/2021\/07\/3002-Tereza-Silva-e-Hamilton-Silva-Terrivel-decada-de-1970_2-reuniao-768x572.jpg 768w\" sizes=\"(max-width: 950px) 100vw, 950px\" \/><\/a><figcaption class=\"blocks-gallery-item__caption\">3002 Tereza Silva e Hamilton Silva Terrivel decada de 1970 2 reuniao<\/figcaption><\/figure><\/li><li class=\"blocks-gallery-item\"><figure><a href=\"http:\/\/culturabc.com.br\/arquivo\/wp-content\/uploads\/2021\/07\/3001-Identificados-na-imagem-Silveira-Junior-Cassiano-do-som-e-Torto-decada-de-1970_2-reuniao.jpg\"><img loading=\"lazy\" decoding=\"async\" width=\"950\" height=\"586\" src=\"http:\/\/culturabc.com.br\/arquivo\/wp-content\/uploads\/2021\/07\/3001-Identificados-na-imagem-Silveira-Junior-Cassiano-do-som-e-Torto-decada-de-1970_2-reuniao.jpg\" alt=\"3001 Identificados na imagem Silveira Junior Cassiano do som e Torto decada de 1970 2 reuniao\" data-id=\"26309\" data-full-url=\"http:\/\/culturabc.com.br\/arquivo\/wp-content\/uploads\/2021\/07\/3001-Identificados-na-imagem-Silveira-Junior-Cassiano-do-som-e-Torto-decada-de-1970_2-reuniao.jpg\" data-link=\"http:\/\/culturabc.com.br\/arquivo\/3001-identificados-na-imagem-silveira-junior-cassiano-do-som-e-torto-decada-de-1970_2-reuniao\/\" class=\"wp-image-26309\" srcset=\"https:\/\/culturabc.com.br\/arquivo\/wp-content\/uploads\/2021\/07\/3001-Identificados-na-imagem-Silveira-Junior-Cassiano-do-som-e-Torto-decada-de-1970_2-reuniao.jpg 950w, https:\/\/culturabc.com.br\/arquivo\/wp-content\/uploads\/2021\/07\/3001-Identificados-na-imagem-Silveira-Junior-Cassiano-do-som-e-Torto-decada-de-1970_2-reuniao-300x185.jpg 300w, https:\/\/culturabc.com.br\/arquivo\/wp-content\/uploads\/2021\/07\/3001-Identificados-na-imagem-Silveira-Junior-Cassiano-do-som-e-Torto-decada-de-1970_2-reuniao-768x474.jpg 768w\" sizes=\"(max-width: 950px) 100vw, 950px\" \/><\/a><figcaption class=\"blocks-gallery-item__caption\">3001 Identificados na imagem Silveira Junior Cassiano do som e Torto decada de 1970 2 reuniao<\/figcaption><\/figure><\/li><li class=\"blocks-gallery-item\"><figure><a href=\"http:\/\/culturabc.com.br\/arquivo\/wp-content\/uploads\/2021\/07\/3000-Ex-vereador-e-hoteleiro-Walter-Eilers-decada-de-1970_2-reuniao.jpg\"><img loading=\"lazy\" decoding=\"async\" width=\"950\" height=\"554\" src=\"http:\/\/culturabc.com.br\/arquivo\/wp-content\/uploads\/2021\/07\/3000-Ex-vereador-e-hoteleiro-Walter-Eilers-decada-de-1970_2-reuniao.jpg\" alt=\"3000 Ex vereador e hoteleiro Walter Eilers decada de 1970 2 reuniao\" data-id=\"26308\" data-full-url=\"http:\/\/culturabc.com.br\/arquivo\/wp-content\/uploads\/2021\/07\/3000-Ex-vereador-e-hoteleiro-Walter-Eilers-decada-de-1970_2-reuniao.jpg\" data-link=\"http:\/\/culturabc.com.br\/arquivo\/3000-ex-vereador-e-hoteleiro-walter-eilers-decada-de-1970_2-reuniao\/\" class=\"wp-image-26308\" srcset=\"https:\/\/culturabc.com.br\/arquivo\/wp-content\/uploads\/2021\/07\/3000-Ex-vereador-e-hoteleiro-Walter-Eilers-decada-de-1970_2-reuniao.jpg 950w, https:\/\/culturabc.com.br\/arquivo\/wp-content\/uploads\/2021\/07\/3000-Ex-vereador-e-hoteleiro-Walter-Eilers-decada-de-1970_2-reuniao-300x175.jpg 300w, https:\/\/culturabc.com.br\/arquivo\/wp-content\/uploads\/2021\/07\/3000-Ex-vereador-e-hoteleiro-Walter-Eilers-decada-de-1970_2-reuniao-768x448.jpg 768w\" sizes=\"(max-width: 950px) 100vw, 950px\" \/><\/a><figcaption class=\"blocks-gallery-item__caption\">3000 Ex vereador e hoteleiro Walter Eilers decada de 1970 2 reuniao<\/figcaption><\/figure><\/li><li class=\"blocks-gallery-item\"><figure><a href=\"http:\/\/culturabc.com.br\/arquivo\/wp-content\/uploads\/2021\/07\/2999-Ex-vereador-e-hoteleiro-Walter-Eilers-decada-de-1970_2-reuniao.jpg\"><img loading=\"lazy\" decoding=\"async\" width=\"576\" height=\"1024\" src=\"http:\/\/culturabc.com.br\/arquivo\/wp-content\/uploads\/2021\/07\/2999-Ex-vereador-e-hoteleiro-Walter-Eilers-decada-de-1970_2-reuniao-576x1024.jpg\" alt=\"2999 Ex vereador e hoteleiro Walter Eilers decada de 1970 2 reuniao\" data-id=\"26307\" data-full-url=\"http:\/\/culturabc.com.br\/arquivo\/wp-content\/uploads\/2021\/07\/2999-Ex-vereador-e-hoteleiro-Walter-Eilers-decada-de-1970_2-reuniao.jpg\" data-link=\"http:\/\/culturabc.com.br\/arquivo\/2999-ex-vereador-e-hoteleiro-walter-eilers-decada-de-1970_2-reuniao\/\" class=\"wp-image-26307\" srcset=\"https:\/\/culturabc.com.br\/arquivo\/wp-content\/uploads\/2021\/07\/2999-Ex-vereador-e-hoteleiro-Walter-Eilers-decada-de-1970_2-reuniao-576x1024.jpg 576w, https:\/\/culturabc.com.br\/arquivo\/wp-content\/uploads\/2021\/07\/2999-Ex-vereador-e-hoteleiro-Walter-Eilers-decada-de-1970_2-reuniao-169x300.jpg 169w, https:\/\/culturabc.com.br\/arquivo\/wp-content\/uploads\/2021\/07\/2999-Ex-vereador-e-hoteleiro-Walter-Eilers-decada-de-1970_2-reuniao-768x1366.jpg 768w, https:\/\/culturabc.com.br\/arquivo\/wp-content\/uploads\/2021\/07\/2999-Ex-vereador-e-hoteleiro-Walter-Eilers-decada-de-1970_2-reuniao-863x1536.jpg 863w, https:\/\/culturabc.com.br\/arquivo\/wp-content\/uploads\/2021\/07\/2999-Ex-vereador-e-hoteleiro-Walter-Eilers-decada-de-1970_2-reuniao.jpg 950w\" sizes=\"(max-width: 576px) 100vw, 576px\" \/><\/a><figcaption class=\"blocks-gallery-item__caption\">2999 Ex vereador e hoteleiro Walter Eilers decada de 1970 2 reuniao<\/figcaption><\/figure><\/li><li class=\"blocks-gallery-item\"><figure><a href=\"http:\/\/culturabc.com.br\/arquivo\/wp-content\/uploads\/2021\/07\/3007-Jose-Deischman-Professor-do-Colegio-Agricola-de-Camboriu_2-reuniao.jpg\"><img loading=\"lazy\" decoding=\"async\" width=\"731\" height=\"1024\" src=\"http:\/\/culturabc.com.br\/arquivo\/wp-content\/uploads\/2021\/07\/3007-Jose-Deischman-Professor-do-Colegio-Agricola-de-Camboriu_2-reuniao-731x1024.jpg\" alt=\"3007 Jose Deischman Professor do Colegio Agricola de Camboriu 2 reuniao\" data-id=\"26306\" data-full-url=\"http:\/\/culturabc.com.br\/arquivo\/wp-content\/uploads\/2021\/07\/3007-Jose-Deischman-Professor-do-Colegio-Agricola-de-Camboriu_2-reuniao.jpg\" data-link=\"http:\/\/culturabc.com.br\/arquivo\/3007-jose-deischman-professor-do-colegio-agricola-de-camboriu_2-reuniao\/\" class=\"wp-image-26306\" srcset=\"https:\/\/culturabc.com.br\/arquivo\/wp-content\/uploads\/2021\/07\/3007-Jose-Deischman-Professor-do-Colegio-Agricola-de-Camboriu_2-reuniao-731x1024.jpg 731w, https:\/\/culturabc.com.br\/arquivo\/wp-content\/uploads\/2021\/07\/3007-Jose-Deischman-Professor-do-Colegio-Agricola-de-Camboriu_2-reuniao-214x300.jpg 214w, https:\/\/culturabc.com.br\/arquivo\/wp-content\/uploads\/2021\/07\/3007-Jose-Deischman-Professor-do-Colegio-Agricola-de-Camboriu_2-reuniao-768x1076.jpg 768w, https:\/\/culturabc.com.br\/arquivo\/wp-content\/uploads\/2021\/07\/3007-Jose-Deischman-Professor-do-Colegio-Agricola-de-Camboriu_2-reuniao.jpg 950w\" sizes=\"(max-width: 731px) 100vw, 731px\" \/><\/a><figcaption class=\"blocks-gallery-item__caption\">3007 Jose Deischman Professor do Colegio Agricola de Camboriu 2 reuniao<\/figcaption><\/figure><\/li><li class=\"blocks-gallery-item\"><figure><a href=\"http:\/\/culturabc.com.br\/arquivo\/wp-content\/uploads\/2021\/07\/3006-Entrega-das-tarefas-da-gincana-aproximadamente-1970-1971_2-reuniao.jpg\"><img loading=\"lazy\" decoding=\"async\" width=\"950\" height=\"607\" src=\"http:\/\/culturabc.com.br\/arquivo\/wp-content\/uploads\/2021\/07\/3006-Entrega-das-tarefas-da-gincana-aproximadamente-1970-1971_2-reuniao.jpg\" alt=\"3006 Entrega das tarefas da gincana aproximadamente 1970 1971 2 reuniao\" data-id=\"26305\" data-full-url=\"http:\/\/culturabc.com.br\/arquivo\/wp-content\/uploads\/2021\/07\/3006-Entrega-das-tarefas-da-gincana-aproximadamente-1970-1971_2-reuniao.jpg\" data-link=\"http:\/\/culturabc.com.br\/arquivo\/3006-entrega-das-tarefas-da-gincana-aproximadamente-1970-1971_2-reuniao\/\" class=\"wp-image-26305\" srcset=\"https:\/\/culturabc.com.br\/arquivo\/wp-content\/uploads\/2021\/07\/3006-Entrega-das-tarefas-da-gincana-aproximadamente-1970-1971_2-reuniao.jpg 950w, https:\/\/culturabc.com.br\/arquivo\/wp-content\/uploads\/2021\/07\/3006-Entrega-das-tarefas-da-gincana-aproximadamente-1970-1971_2-reuniao-300x192.jpg 300w, https:\/\/culturabc.com.br\/arquivo\/wp-content\/uploads\/2021\/07\/3006-Entrega-das-tarefas-da-gincana-aproximadamente-1970-1971_2-reuniao-768x491.jpg 768w\" sizes=\"(max-width: 950px) 100vw, 950px\" \/><\/a><figcaption class=\"blocks-gallery-item__caption\">3006 Entrega das tarefas da gincana aproximadamente 1970 1971 2 reuniao<\/figcaption><\/figure><\/li><li class=\"blocks-gallery-item\"><figure><a href=\"http:\/\/culturabc.com.br\/arquivo\/wp-content\/uploads\/2021\/07\/3005-Cassimiro-Domingos-Pinheiro_2-reuniao.jpg\"><img loading=\"lazy\" decoding=\"async\" width=\"739\" height=\"1024\" src=\"http:\/\/culturabc.com.br\/arquivo\/wp-content\/uploads\/2021\/07\/3005-Cassimiro-Domingos-Pinheiro_2-reuniao-739x1024.jpg\" alt=\"3005 Cassimiro Domingos Pinheiro 2 reuniao\" data-id=\"26304\" data-full-url=\"http:\/\/culturabc.com.br\/arquivo\/wp-content\/uploads\/2021\/07\/3005-Cassimiro-Domingos-Pinheiro_2-reuniao.jpg\" data-link=\"http:\/\/culturabc.com.br\/arquivo\/3005-cassimiro-domingos-pinheiro_2-reuniao\/\" class=\"wp-image-26304\" srcset=\"https:\/\/culturabc.com.br\/arquivo\/wp-content\/uploads\/2021\/07\/3005-Cassimiro-Domingos-Pinheiro_2-reuniao-739x1024.jpg 739w, https:\/\/culturabc.com.br\/arquivo\/wp-content\/uploads\/2021\/07\/3005-Cassimiro-Domingos-Pinheiro_2-reuniao-216x300.jpg 216w, https:\/\/culturabc.com.br\/arquivo\/wp-content\/uploads\/2021\/07\/3005-Cassimiro-Domingos-Pinheiro_2-reuniao-768x1065.jpg 768w, https:\/\/culturabc.com.br\/arquivo\/wp-content\/uploads\/2021\/07\/3005-Cassimiro-Domingos-Pinheiro_2-reuniao.jpg 950w\" sizes=\"(max-width: 739px) 100vw, 739px\" \/><\/a><figcaption class=\"blocks-gallery-item__caption\">3005 Cassimiro Domingos Pinheiro 2 reuniao<\/figcaption><\/figure><\/li><li class=\"blocks-gallery-item\"><figure><a href=\"http:\/\/culturabc.com.br\/arquivo\/wp-content\/uploads\/2021\/07\/3004-Narbal-Souza-Duca-Hamilton-Silva-Terrivel-Caetano-Cesar-Gustavo-Barontini-decada-1970_2-reuniao.jpg\"><img loading=\"lazy\" decoding=\"async\" width=\"950\" height=\"601\" src=\"http:\/\/culturabc.com.br\/arquivo\/wp-content\/uploads\/2021\/07\/3004-Narbal-Souza-Duca-Hamilton-Silva-Terrivel-Caetano-Cesar-Gustavo-Barontini-decada-1970_2-reuniao.jpg\" alt=\"3004 Narbal Souza Duca Hamilton Silva Terrivel Caetano Cesar Gustavo Barontini decada 1970 2 reuniao\" data-id=\"26303\" data-full-url=\"http:\/\/culturabc.com.br\/arquivo\/wp-content\/uploads\/2021\/07\/3004-Narbal-Souza-Duca-Hamilton-Silva-Terrivel-Caetano-Cesar-Gustavo-Barontini-decada-1970_2-reuniao.jpg\" data-link=\"http:\/\/culturabc.com.br\/arquivo\/3004-narbal-souza-duca-hamilton-silva-terrivel-caetano-cesar-gustavo-barontini-decada-1970_2-reuniao\/\" class=\"wp-image-26303\" srcset=\"https:\/\/culturabc.com.br\/arquivo\/wp-content\/uploads\/2021\/07\/3004-Narbal-Souza-Duca-Hamilton-Silva-Terrivel-Caetano-Cesar-Gustavo-Barontini-decada-1970_2-reuniao.jpg 950w, https:\/\/culturabc.com.br\/arquivo\/wp-content\/uploads\/2021\/07\/3004-Narbal-Souza-Duca-Hamilton-Silva-Terrivel-Caetano-Cesar-Gustavo-Barontini-decada-1970_2-reuniao-300x190.jpg 300w, https:\/\/culturabc.com.br\/arquivo\/wp-content\/uploads\/2021\/07\/3004-Narbal-Souza-Duca-Hamilton-Silva-Terrivel-Caetano-Cesar-Gustavo-Barontini-decada-1970_2-reuniao-768x486.jpg 768w\" sizes=\"(max-width: 950px) 100vw, 950px\" \/><\/a><figcaption class=\"blocks-gallery-item__caption\">3004 Narbal Souza Duca Hamilton Silva Terrivel Caetano Cesar Gustavo Barontini decada 1970 2 reuniao<\/figcaption><\/figure><\/li><li class=\"blocks-gallery-item\"><figure><a href=\"http:\/\/culturabc.com.br\/arquivo\/wp-content\/uploads\/2021\/07\/3036-Na-imagem-Nelson-Schaefer-Walter-Eilers-Pedro-Benedet-decada-de-1970_2-reuniao.jpg\"><img loading=\"lazy\" decoding=\"async\" width=\"950\" height=\"679\" src=\"http:\/\/culturabc.com.br\/arquivo\/wp-content\/uploads\/2021\/07\/3036-Na-imagem-Nelson-Schaefer-Walter-Eilers-Pedro-Benedet-decada-de-1970_2-reuniao.jpg\" alt=\"3036 Na imagem Nelson Schaefer Walter Eilers Pedro Benedet decada de 1970 2 reuniao\" data-id=\"26302\" data-full-url=\"http:\/\/culturabc.com.br\/arquivo\/wp-content\/uploads\/2021\/07\/3036-Na-imagem-Nelson-Schaefer-Walter-Eilers-Pedro-Benedet-decada-de-1970_2-reuniao.jpg\" data-link=\"http:\/\/culturabc.com.br\/arquivo\/3036-na-imagem-nelson-schaefer-walter-eilers-pedro-benedet-decada-de-1970_2-reuniao\/\" class=\"wp-image-26302\" srcset=\"https:\/\/culturabc.com.br\/arquivo\/wp-content\/uploads\/2021\/07\/3036-Na-imagem-Nelson-Schaefer-Walter-Eilers-Pedro-Benedet-decada-de-1970_2-reuniao.jpg 950w, https:\/\/culturabc.com.br\/arquivo\/wp-content\/uploads\/2021\/07\/3036-Na-imagem-Nelson-Schaefer-Walter-Eilers-Pedro-Benedet-decada-de-1970_2-reuniao-300x214.jpg 300w, https:\/\/culturabc.com.br\/arquivo\/wp-content\/uploads\/2021\/07\/3036-Na-imagem-Nelson-Schaefer-Walter-Eilers-Pedro-Benedet-decada-de-1970_2-reuniao-768x549.jpg 768w\" sizes=\"(max-width: 950px) 100vw, 950px\" \/><\/a><figcaption class=\"blocks-gallery-item__caption\">3036 Na imagem Nelson Schaefer Walter Eilers Pedro Benedet decada de 1970 2 reuniao<\/figcaption><\/figure><\/li><li class=\"blocks-gallery-item\"><figure><a href=\"http:\/\/culturabc.com.br\/arquivo\/wp-content\/uploads\/2021\/07\/3033-Na-imagem-1\u00b0promotor-Flavio-Moreira-Heraldo-Neves-Arruda-Gilberto-Meirinho-decada-de-1960._2-reuniao.jpg\"><img loading=\"lazy\" decoding=\"async\" width=\"950\" height=\"690\" src=\"http:\/\/culturabc.com.br\/arquivo\/wp-content\/uploads\/2021\/07\/3033-Na-imagem-1\u00b0promotor-Flavio-Moreira-Heraldo-Neves-Arruda-Gilberto-Meirinho-decada-de-1960._2-reuniao.jpg\" alt=\"3033 Na imagem 1\u00b0promotor Flavio Moreira Heraldo Neves Arruda Gilberto Meirinho decada de 1960. 2 reuniao\" data-id=\"26301\" data-full-url=\"http:\/\/culturabc.com.br\/arquivo\/wp-content\/uploads\/2021\/07\/3033-Na-imagem-1\u00b0promotor-Flavio-Moreira-Heraldo-Neves-Arruda-Gilberto-Meirinho-decada-de-1960._2-reuniao.jpg\" data-link=\"http:\/\/culturabc.com.br\/arquivo\/3033-na-imagem-1promotor-flavio-moreira-heraldo-neves-arruda-gilberto-meirinho-decada-de-1960-_2-reuniao\/\" class=\"wp-image-26301\" srcset=\"https:\/\/culturabc.com.br\/arquivo\/wp-content\/uploads\/2021\/07\/3033-Na-imagem-1\u00b0promotor-Flavio-Moreira-Heraldo-Neves-Arruda-Gilberto-Meirinho-decada-de-1960._2-reuniao.jpg 950w, https:\/\/culturabc.com.br\/arquivo\/wp-content\/uploads\/2021\/07\/3033-Na-imagem-1\u00b0promotor-Flavio-Moreira-Heraldo-Neves-Arruda-Gilberto-Meirinho-decada-de-1960._2-reuniao-300x218.jpg 300w, https:\/\/culturabc.com.br\/arquivo\/wp-content\/uploads\/2021\/07\/3033-Na-imagem-1\u00b0promotor-Flavio-Moreira-Heraldo-Neves-Arruda-Gilberto-Meirinho-decada-de-1960._2-reuniao-768x558.jpg 768w\" sizes=\"(max-width: 950px) 100vw, 950px\" \/><\/a><figcaption class=\"blocks-gallery-item__caption\">3033 Na imagem 1\u00b0promotor Flavio Moreira Heraldo Neves Arruda Gilberto Meirinho decada de 1960. 2 reuniao<\/figcaption><\/figure><\/li><li class=\"blocks-gallery-item\"><figure><a href=\"http:\/\/culturabc.com.br\/arquivo\/wp-content\/uploads\/2021\/07\/3008-Helio-da-Dekorvale_2-reuniao.jpg\"><img loading=\"lazy\" decoding=\"async\" width=\"804\" height=\"1024\" src=\"http:\/\/culturabc.com.br\/arquivo\/wp-content\/uploads\/2021\/07\/3008-Helio-da-Dekorvale_2-reuniao-804x1024.jpg\" alt=\"3008 Helio da Dekorvale 2 reuniao\" data-id=\"26299\" data-full-url=\"http:\/\/culturabc.com.br\/arquivo\/wp-content\/uploads\/2021\/07\/3008-Helio-da-Dekorvale_2-reuniao.jpg\" data-link=\"http:\/\/culturabc.com.br\/arquivo\/3008-helio-da-dekorvale_2-reuniao\/\" class=\"wp-image-26299\" srcset=\"https:\/\/culturabc.com.br\/arquivo\/wp-content\/uploads\/2021\/07\/3008-Helio-da-Dekorvale_2-reuniao-804x1024.jpg 804w, https:\/\/culturabc.com.br\/arquivo\/wp-content\/uploads\/2021\/07\/3008-Helio-da-Dekorvale_2-reuniao-236x300.jpg 236w, https:\/\/culturabc.com.br\/arquivo\/wp-content\/uploads\/2021\/07\/3008-Helio-da-Dekorvale_2-reuniao-768x978.jpg 768w, https:\/\/culturabc.com.br\/arquivo\/wp-content\/uploads\/2021\/07\/3008-Helio-da-Dekorvale_2-reuniao.jpg 950w\" sizes=\"(max-width: 804px) 100vw, 804px\" \/><\/a><figcaption class=\"blocks-gallery-item__caption\">3008 Helio da Dekorvale 2 reuniao<\/figcaption><\/figure><\/li><li class=\"blocks-gallery-item\"><figure><a href=\"http:\/\/culturabc.com.br\/arquivo\/wp-content\/uploads\/2021\/07\/3009-Professora-Vanda-Abreu-Weber_2-reuniao.jpg\"><img loading=\"lazy\" decoding=\"async\" width=\"755\" height=\"1024\" src=\"http:\/\/culturabc.com.br\/arquivo\/wp-content\/uploads\/2021\/07\/3009-Professora-Vanda-Abreu-Weber_2-reuniao-755x1024.jpg\" alt=\"3009 Professora Vanda Abreu Weber 2 reuniao\" data-id=\"26300\" data-full-url=\"http:\/\/culturabc.com.br\/arquivo\/wp-content\/uploads\/2021\/07\/3009-Professora-Vanda-Abreu-Weber_2-reuniao.jpg\" data-link=\"http:\/\/culturabc.com.br\/arquivo\/3009-professora-vanda-abreu-weber_2-reuniao\/\" class=\"wp-image-26300\" srcset=\"https:\/\/culturabc.com.br\/arquivo\/wp-content\/uploads\/2021\/07\/3009-Professora-Vanda-Abreu-Weber_2-reuniao-755x1024.jpg 755w, https:\/\/culturabc.com.br\/arquivo\/wp-content\/uploads\/2021\/07\/3009-Professora-Vanda-Abreu-Weber_2-reuniao-221x300.jpg 221w, https:\/\/culturabc.com.br\/arquivo\/wp-content\/uploads\/2021\/07\/3009-Professora-Vanda-Abreu-Weber_2-reuniao-768x1041.jpg 768w, https:\/\/culturabc.com.br\/arquivo\/wp-content\/uploads\/2021\/07\/3009-Professora-Vanda-Abreu-Weber_2-reuniao.jpg 950w\" sizes=\"(max-width: 755px) 100vw, 755px\" \/><\/a><figcaption class=\"blocks-gallery-item__caption\">3009 Professora Vanda Abreu Weber 2 reuniao<\/figcaption><\/figure><\/li><\/ul><\/figure>\n","protected":false},"excerpt":{"rendered":"<p>2\u00aa reuni\u00e3o Data: 30 de agosto de 2016Local: Arquivo Hist\u00f3rico de Balne\u00e1rio Cambori\u00faColaboradores: Ant\u00f4nio Jorge de Borba, Erotides Campos, Fernando Delatorre, Jurandir Knabben e Marlene BurattoFotografias identificadas: 42 imagensPara este encontro, foram separadas fotografias antigas que vieram do Gabinete do Prefeito, pois muitas estavam sem identifica\u00e7\u00e3o de eventos e pessoas. Fotografias identificadas na 2\u00aa reuni\u00e3o<\/p>\n","protected":false},"author":1,"featured_media":0,"parent":0,"menu_order":0,"comment_status":"closed","ping_status":"closed","template":"","meta":{"footnotes":""},"class_list":["post-25707","page","type-page","status-publish","hentry"],"_links":{"self":[{"href":"https:\/\/culturabc.com.br\/arquivo\/wp-json\/wp\/v2\/pages\/25707","targetHints":{"allow":["GET"]}}],"collection":[{"href":"https:\/\/culturabc.com.br\/arquivo\/wp-json\/wp\/v2\/pages"}],"about":[{"href":"https:\/\/culturabc.com.br\/arquivo\/wp-json\/wp\/v2\/types\/page"}],"author":[{"embeddable":true,"href":"https:\/\/culturabc.com.br\/arquivo\/wp-json\/wp\/v2\/users\/1"}],"replies":[{"embeddable":true,"href":"https:\/\/culturabc.com.br\/arquivo\/wp-json\/wp\/v2\/comments?post=25707"}],"version-history":[{"count":5,"href":"https:\/\/culturabc.com.br\/arquivo\/wp-json\/wp\/v2\/pages\/25707\/revisions"}],"predecessor-version":[{"id":26546,"href":"https:\/\/culturabc.com.br\/arquivo\/wp-json\/wp\/v2\/pages\/25707\/revisions\/26546"}],"wp:attachment":[{"href":"https:\/\/culturabc.com.br\/arquivo\/wp-json\/wp\/v2\/media?parent=25707"}],"curies":[{"name":"wp","href":"https:\/\/api.w.org\/{rel}","templated":true}]}}