{"id":25709,"date":"2021-07-19T14:22:57","date_gmt":"2021-07-19T17:22:57","guid":{"rendered":"http:\/\/culturabc.com.br\/arquivo\/?page_id=25709"},"modified":"2021-07-20T12:38:27","modified_gmt":"2021-07-20T15:38:27","slug":"13a-reuniao","status":"publish","type":"page","link":"https:\/\/culturabc.com.br\/arquivo\/13a-reuniao\/","title":{"rendered":"13\u00aa Reuni\u00e3o"},"content":{"rendered":"\n<h2 class=\"wp-block-heading\"><strong>13\u00aa reuni\u00e3o<\/strong><\/h2>\n\n\n\n<p><strong>Data: 27 de novembro de 2019<\/strong><br>Local: Arquivo Hist\u00f3rico de Balne\u00e1rio Cambori\u00fa<br>Colaboradores: Ademar Silva, \u00c1lvaro Silva, Ant\u00f4nio Jorge de Borba, Carlos Schlup, Erotides Campos, Fernando Delatorre, Isaque de Borca Corr\u00eaa, Jo\u00e3o Ricardo Scharf, Marlene Buratto e Remi Os\u00f3rio.<br>Fotografias identificadas: 06 imagens do acervo<br>Encontro especial realizado em comemora\u00e7\u00e3o aos 26 anos da cria\u00e7\u00e3o do Arquivo Hist\u00f3rico de Balne\u00e1rio Cambori\u00fa.<br>O encontro contou com a presen\u00e7a dos convidados especiais, os jornalistas Luciana Zonta e Ad\u00e3o Pinheiro, autores do livro \u201cUma Porta para o Mundo \u2013 Mem\u00f3rias do Com\u00e9rcio de Balne\u00e1rio Cambori\u00fa\u201d, e Nildo Teixeira de Melo Jr. (Bola), autor do livro \u201cServidores de Balne\u00e1rio Cambori\u00fa\u201d.<br>Os jornalistas contaram um pouco sobre o processo de elabora\u00e7\u00e3o dos seus livros e levaram algumas fotografias para compartilhar e identificar no encontro.<\/p>\n\n\n\n<h2 class=\"wp-block-heading\">Fotografias identificadas<\/h2>\n\n\n\n<figure class=\"wp-block-gallery columns-3 is-cropped wp-block-gallery-1 is-layout-flex wp-block-gallery-is-layout-flex\"><ul class=\"blocks-gallery-grid\"><li class=\"blocks-gallery-item\"><figure><a href=\"http:\/\/culturabc.com.br\/arquivo\/wp-content\/uploads\/2021\/07\/2850-Eloy-Reinert-Silveira-Junior-Nilton-Kucker-Alvar-Silva-Ivo-Silveira-Higino-Pio-Moacir-Schlup-decada-de-1960_13-reuniao.jpg\"><img fetchpriority=\"high\" decoding=\"async\" width=\"1024\" height=\"634\" src=\"http:\/\/culturabc.com.br\/arquivo\/wp-content\/uploads\/2021\/07\/2850-Eloy-Reinert-Silveira-Junior-Nilton-Kucker-Alvar-Silva-Ivo-Silveira-Higino-Pio-Moacir-Schlup-decada-de-1960_13-reuniao-1024x634.jpg\" alt=\"2850 Eloy Reinert Silveira Junior Nilton Kucker Alvar Silva Ivo Silveira Higino Pio Moacir Schlup decada de 1960 13 reuniao\" data-id=\"26508\" data-full-url=\"http:\/\/culturabc.com.br\/arquivo\/wp-content\/uploads\/2021\/07\/2850-Eloy-Reinert-Silveira-Junior-Nilton-Kucker-Alvar-Silva-Ivo-Silveira-Higino-Pio-Moacir-Schlup-decada-de-1960_13-reuniao.jpg\" data-link=\"http:\/\/culturabc.com.br\/arquivo\/2850-eloy-reinert-silveira-junior-nilton-kucker-alvar-silva-ivo-silveira-higino-pio-moacir-schlup-decada-de-1960_13-reuniao\/\" class=\"wp-image-26508\" srcset=\"https:\/\/culturabc.com.br\/arquivo\/wp-content\/uploads\/2021\/07\/2850-Eloy-Reinert-Silveira-Junior-Nilton-Kucker-Alvar-Silva-Ivo-Silveira-Higino-Pio-Moacir-Schlup-decada-de-1960_13-reuniao-1024x634.jpg 1024w, https:\/\/culturabc.com.br\/arquivo\/wp-content\/uploads\/2021\/07\/2850-Eloy-Reinert-Silveira-Junior-Nilton-Kucker-Alvar-Silva-Ivo-Silveira-Higino-Pio-Moacir-Schlup-decada-de-1960_13-reuniao-300x186.jpg 300w, https:\/\/culturabc.com.br\/arquivo\/wp-content\/uploads\/2021\/07\/2850-Eloy-Reinert-Silveira-Junior-Nilton-Kucker-Alvar-Silva-Ivo-Silveira-Higino-Pio-Moacir-Schlup-decada-de-1960_13-reuniao-768x476.jpg 768w, https:\/\/culturabc.com.br\/arquivo\/wp-content\/uploads\/2021\/07\/2850-Eloy-Reinert-Silveira-Junior-Nilton-Kucker-Alvar-Silva-Ivo-Silveira-Higino-Pio-Moacir-Schlup-decada-de-1960_13-reuniao-1536x951.jpg 1536w, https:\/\/culturabc.com.br\/arquivo\/wp-content\/uploads\/2021\/07\/2850-Eloy-Reinert-Silveira-Junior-Nilton-Kucker-Alvar-Silva-Ivo-Silveira-Higino-Pio-Moacir-Schlup-decada-de-1960_13-reuniao.jpg 1668w\" sizes=\"(max-width: 1024px) 100vw, 1024px\" \/><\/a><figcaption class=\"blocks-gallery-item__caption\">2850 Eloy Reinert Silveira Junior Nilton Kucker Alvar Silva Ivo Silveira Higino Pio Moacir Schlup decada de 1960 13 reuniao<\/figcaption><\/figure><\/li><li class=\"blocks-gallery-item\"><figure><a href=\"http:\/\/culturabc.com.br\/arquivo\/wp-content\/uploads\/2021\/07\/2933-A-esquerda-Marciano-Cavalheiro-na-Praia-Central-22.03.1968_13-reuniao.jpg\"><img decoding=\"async\" width=\"720\" height=\"1024\" src=\"http:\/\/culturabc.com.br\/arquivo\/wp-content\/uploads\/2021\/07\/2933-A-esquerda-Marciano-Cavalheiro-na-Praia-Central-22.03.1968_13-reuniao-720x1024.jpg\" alt=\"2933 A esquerda Marciano Cavalheiro na Praia Central 22.03.1968 13 reuniao\" data-id=\"26336\" data-full-url=\"http:\/\/culturabc.com.br\/arquivo\/wp-content\/uploads\/2021\/07\/2933-A-esquerda-Marciano-Cavalheiro-na-Praia-Central-22.03.1968_13-reuniao.jpg\" data-link=\"http:\/\/culturabc.com.br\/arquivo\/2933-a-esquerda-marciano-cavalheiro-na-praia-central-22-03-1968_13-reuniao\/\" class=\"wp-image-26336\" srcset=\"https:\/\/culturabc.com.br\/arquivo\/wp-content\/uploads\/2021\/07\/2933-A-esquerda-Marciano-Cavalheiro-na-Praia-Central-22.03.1968_13-reuniao-720x1024.jpg 720w, https:\/\/culturabc.com.br\/arquivo\/wp-content\/uploads\/2021\/07\/2933-A-esquerda-Marciano-Cavalheiro-na-Praia-Central-22.03.1968_13-reuniao-211x300.jpg 211w, https:\/\/culturabc.com.br\/arquivo\/wp-content\/uploads\/2021\/07\/2933-A-esquerda-Marciano-Cavalheiro-na-Praia-Central-22.03.1968_13-reuniao-768x1092.jpg 768w, https:\/\/culturabc.com.br\/arquivo\/wp-content\/uploads\/2021\/07\/2933-A-esquerda-Marciano-Cavalheiro-na-Praia-Central-22.03.1968_13-reuniao.jpg 950w\" sizes=\"(max-width: 720px) 100vw, 720px\" \/><\/a><figcaption class=\"blocks-gallery-item__caption\">2933 A esquerda Marciano Cavalheiro na Praia Central 22.03.1968 13 reuniao<\/figcaption><\/figure><\/li><li class=\"blocks-gallery-item\"><figure><a href=\"http:\/\/culturabc.com.br\/arquivo\/wp-content\/uploads\/2021\/07\/2873-Evento-realizado-no-Mariluz-sobre-o-Loteamento-INCOSAF-1963_13-reuniao.jpg\"><img decoding=\"async\" width=\"950\" height=\"634\" src=\"http:\/\/culturabc.com.br\/arquivo\/wp-content\/uploads\/2021\/07\/2873-Evento-realizado-no-Mariluz-sobre-o-Loteamento-INCOSAF-1963_13-reuniao.jpg\" alt=\"2873 Evento realizado no Mariluz sobre o Loteamento INCOSAF 1963 13 reuniao\" data-id=\"26335\" data-full-url=\"http:\/\/culturabc.com.br\/arquivo\/wp-content\/uploads\/2021\/07\/2873-Evento-realizado-no-Mariluz-sobre-o-Loteamento-INCOSAF-1963_13-reuniao.jpg\" data-link=\"http:\/\/culturabc.com.br\/arquivo\/2873-evento-realizado-no-mariluz-sobre-o-loteamento-incosaf-1963_13-reuniao\/\" class=\"wp-image-26335\" srcset=\"https:\/\/culturabc.com.br\/arquivo\/wp-content\/uploads\/2021\/07\/2873-Evento-realizado-no-Mariluz-sobre-o-Loteamento-INCOSAF-1963_13-reuniao.jpg 950w, https:\/\/culturabc.com.br\/arquivo\/wp-content\/uploads\/2021\/07\/2873-Evento-realizado-no-Mariluz-sobre-o-Loteamento-INCOSAF-1963_13-reuniao-300x200.jpg 300w, https:\/\/culturabc.com.br\/arquivo\/wp-content\/uploads\/2021\/07\/2873-Evento-realizado-no-Mariluz-sobre-o-Loteamento-INCOSAF-1963_13-reuniao-768x513.jpg 768w\" sizes=\"(max-width: 950px) 100vw, 950px\" \/><\/a><figcaption class=\"blocks-gallery-item__caption\">2873 Evento realizado no Mariluz sobre o Loteamento INCOSAF 1963 13 reuniao<\/figcaption><\/figure><\/li><li class=\"blocks-gallery-item\"><figure><a href=\"http:\/\/culturabc.com.br\/arquivo\/wp-content\/uploads\/2021\/07\/2864-Inauguracao-da-Escola-Municipal-Mario-Garcia-14.06.1970_13-reuniao.jpg\"><img loading=\"lazy\" decoding=\"async\" width=\"950\" height=\"633\" src=\"http:\/\/culturabc.com.br\/arquivo\/wp-content\/uploads\/2021\/07\/2864-Inauguracao-da-Escola-Municipal-Mario-Garcia-14.06.1970_13-reuniao.jpg\" alt=\"2864 Inauguracao da Escola Municipal Mario Garcia 14.06.1970 13 reuniao\" data-id=\"26334\" data-full-url=\"http:\/\/culturabc.com.br\/arquivo\/wp-content\/uploads\/2021\/07\/2864-Inauguracao-da-Escola-Municipal-Mario-Garcia-14.06.1970_13-reuniao.jpg\" data-link=\"http:\/\/culturabc.com.br\/arquivo\/2864-inauguracao-da-escola-municipal-mario-garcia-14-06-1970_13-reuniao\/\" class=\"wp-image-26334\" srcset=\"https:\/\/culturabc.com.br\/arquivo\/wp-content\/uploads\/2021\/07\/2864-Inauguracao-da-Escola-Municipal-Mario-Garcia-14.06.1970_13-reuniao.jpg 950w, https:\/\/culturabc.com.br\/arquivo\/wp-content\/uploads\/2021\/07\/2864-Inauguracao-da-Escola-Municipal-Mario-Garcia-14.06.1970_13-reuniao-300x200.jpg 300w, https:\/\/culturabc.com.br\/arquivo\/wp-content\/uploads\/2021\/07\/2864-Inauguracao-da-Escola-Municipal-Mario-Garcia-14.06.1970_13-reuniao-768x512.jpg 768w\" sizes=\"(max-width: 950px) 100vw, 950px\" \/><\/a><figcaption class=\"blocks-gallery-item__caption\">2864 Inauguracao da Escola Municipal Mario Garcia 14.06.1970 13 reuniao<\/figcaption><\/figure><\/li><li class=\"blocks-gallery-item\"><figure><a href=\"http:\/\/culturabc.com.br\/arquivo\/wp-content\/uploads\/2021\/07\/306-Praca-Tamandare-decada-de-1980_13-reuniao.jpg\"><img loading=\"lazy\" decoding=\"async\" width=\"670\" height=\"1024\" src=\"http:\/\/culturabc.com.br\/arquivo\/wp-content\/uploads\/2021\/07\/306-Praca-Tamandare-decada-de-1980_13-reuniao-670x1024.jpg\" alt=\"306 Praca Tamandare decada de 1980 13 reuniao\" data-id=\"26333\" data-full-url=\"http:\/\/culturabc.com.br\/arquivo\/wp-content\/uploads\/2021\/07\/306-Praca-Tamandare-decada-de-1980_13-reuniao.jpg\" data-link=\"http:\/\/culturabc.com.br\/arquivo\/306-praca-tamandare-decada-de-1980_13-reuniao\/\" class=\"wp-image-26333\" srcset=\"https:\/\/culturabc.com.br\/arquivo\/wp-content\/uploads\/2021\/07\/306-Praca-Tamandare-decada-de-1980_13-reuniao-670x1024.jpg 670w, https:\/\/culturabc.com.br\/arquivo\/wp-content\/uploads\/2021\/07\/306-Praca-Tamandare-decada-de-1980_13-reuniao-196x300.jpg 196w, https:\/\/culturabc.com.br\/arquivo\/wp-content\/uploads\/2021\/07\/306-Praca-Tamandare-decada-de-1980_13-reuniao-768x1175.jpg 768w, https:\/\/culturabc.com.br\/arquivo\/wp-content\/uploads\/2021\/07\/306-Praca-Tamandare-decada-de-1980_13-reuniao.jpg 950w\" sizes=\"(max-width: 670px) 100vw, 670px\" \/><\/a><figcaption class=\"blocks-gallery-item__caption\">306 Praca Tamandare decada de 1980 13 reuniao<\/figcaption><\/figure><\/li><li class=\"blocks-gallery-item\"><figure><a href=\"http:\/\/culturabc.com.br\/arquivo\/wp-content\/uploads\/2021\/07\/595-Colocacao-da-tubulacao-da-rede-de-esgoto-na-Av.-do-Estado-decada-de-1970_13-reuniao.jpg\"><img loading=\"lazy\" decoding=\"async\" width=\"950\" height=\"630\" src=\"http:\/\/culturabc.com.br\/arquivo\/wp-content\/uploads\/2021\/07\/595-Colocacao-da-tubulacao-da-rede-de-esgoto-na-Av.-do-Estado-decada-de-1970_13-reuniao.jpg\" alt=\"595 Colocacao da tubulacao da rede de esgoto na Av. do Estado decada de 1970 13 reuniao\" data-id=\"26332\" data-full-url=\"http:\/\/culturabc.com.br\/arquivo\/wp-content\/uploads\/2021\/07\/595-Colocacao-da-tubulacao-da-rede-de-esgoto-na-Av.-do-Estado-decada-de-1970_13-reuniao.jpg\" data-link=\"http:\/\/culturabc.com.br\/arquivo\/595-colocacao-da-tubulacao-da-rede-de-esgoto-na-av-do-estado-decada-de-1970_13-reuniao\/\" class=\"wp-image-26332\" srcset=\"https:\/\/culturabc.com.br\/arquivo\/wp-content\/uploads\/2021\/07\/595-Colocacao-da-tubulacao-da-rede-de-esgoto-na-Av.-do-Estado-decada-de-1970_13-reuniao.jpg 950w, https:\/\/culturabc.com.br\/arquivo\/wp-content\/uploads\/2021\/07\/595-Colocacao-da-tubulacao-da-rede-de-esgoto-na-Av.-do-Estado-decada-de-1970_13-reuniao-300x199.jpg 300w, https:\/\/culturabc.com.br\/arquivo\/wp-content\/uploads\/2021\/07\/595-Colocacao-da-tubulacao-da-rede-de-esgoto-na-Av.-do-Estado-decada-de-1970_13-reuniao-768x509.jpg 768w\" sizes=\"(max-width: 950px) 100vw, 950px\" \/><\/a><figcaption class=\"blocks-gallery-item__caption\">595 Colocacao da tubulacao da rede de esgoto na Av. do Estado decada de 1970 13 reuniao<\/figcaption><\/figure><\/li><\/ul><\/figure>\n","protected":false},"excerpt":{"rendered":"<p>13\u00aa reuni\u00e3o Data: 27 de novembro de 2019Local: Arquivo Hist\u00f3rico de Balne\u00e1rio Cambori\u00faColaboradores: Ademar Silva, \u00c1lvaro Silva, Ant\u00f4nio Jorge de Borba, Carlos Schlup, Erotides Campos, Fernando Delatorre, Isaque de Borca Corr\u00eaa, Jo\u00e3o Ricardo Scharf, Marlene Buratto e Remi Os\u00f3rio.Fotografias identificadas: 06 imagens do acervoEncontro especial realizado em comemora\u00e7\u00e3o aos 26 anos da cria\u00e7\u00e3o do Arquivo &hellip;<\/p>\n<p class=\"read-more\"> <a class=\"\" href=\"https:\/\/culturabc.com.br\/arquivo\/13a-reuniao\/\"> <span class=\"screen-reader-text\">13\u00aa Reuni\u00e3o<\/span> Leia mais &raquo;<\/a><\/p>\n","protected":false},"author":1,"featured_media":0,"parent":0,"menu_order":0,"comment_status":"closed","ping_status":"closed","template":"","meta":{"footnotes":""},"class_list":["post-25709","page","type-page","status-publish","hentry"],"_links":{"self":[{"href":"https:\/\/culturabc.com.br\/arquivo\/wp-json\/wp\/v2\/pages\/25709","targetHints":{"allow":["GET"]}}],"collection":[{"href":"https:\/\/culturabc.com.br\/arquivo\/wp-json\/wp\/v2\/pages"}],"about":[{"href":"https:\/\/culturabc.com.br\/arquivo\/wp-json\/wp\/v2\/types\/page"}],"author":[{"embeddable":true,"href":"https:\/\/culturabc.com.br\/arquivo\/wp-json\/wp\/v2\/users\/1"}],"replies":[{"embeddable":true,"href":"https:\/\/culturabc.com.br\/arquivo\/wp-json\/wp\/v2\/comments?post=25709"}],"version-history":[{"count":4,"href":"https:\/\/culturabc.com.br\/arquivo\/wp-json\/wp\/v2\/pages\/25709\/revisions"}],"predecessor-version":[{"id":26532,"href":"https:\/\/culturabc.com.br\/arquivo\/wp-json\/wp\/v2\/pages\/25709\/revisions\/26532"}],"wp:attachment":[{"href":"https:\/\/culturabc.com.br\/arquivo\/wp-json\/wp\/v2\/media?parent=25709"}],"curies":[{"name":"wp","href":"https:\/\/api.w.org\/{rel}","templated":true}]}}