{"id":25710,"date":"2021-07-19T14:22:59","date_gmt":"2021-07-19T17:22:59","guid":{"rendered":"http:\/\/culturabc.com.br\/arquivo\/?page_id=25710"},"modified":"2021-07-20T12:38:26","modified_gmt":"2021-07-20T15:38:26","slug":"12a-reuniao","status":"publish","type":"page","link":"https:\/\/culturabc.com.br\/arquivo\/12a-reuniao\/","title":{"rendered":"12\u00aa Reuni\u00e3o"},"content":{"rendered":"\n<h2 class=\"wp-block-heading\"><strong>12\u00aa reuni\u00e3o<\/strong><\/h2>\n\n\n\n<p><strong>Data: 25 de setembro de 2019<\/strong><br>Local: Arquivo Hist\u00f3rico de Balne\u00e1rio Cambori\u00fa<br>Colaboradores: Ademar Jos\u00e9, Ant\u00f4nio Jorge de Borba, Carlos Schlup, Erotides Campos, Fernando Delatorre, Isaque de Borba Corr\u00eaa, Jo\u00e3o Ricardo Scharf, Jos\u00e9 Angelo Rebelo e Jurandir Knabben<br>Fotografias identificadas: 20 imagens<\/p>\n\n\n\n<h2 class=\"wp-block-heading\">Fotografias identificadas<\/h2>\n\n\n\n<figure class=\"wp-block-gallery columns-3 is-cropped wp-block-gallery-1 is-layout-flex wp-block-gallery-is-layout-flex\"><ul class=\"blocks-gallery-grid\"><li class=\"blocks-gallery-item\"><figure><a href=\"http:\/\/culturabc.com.br\/arquivo\/wp-content\/uploads\/2021\/07\/3887-Festa-Nossa-Senhora-do-Bom-Sucesso-Bairro-da-Barra-entre-final-decada-de-1960-e-inicio-decada-de-1970_12-reuniao.jpg\"><img fetchpriority=\"high\" decoding=\"async\" width=\"1024\" height=\"701\" src=\"http:\/\/culturabc.com.br\/arquivo\/wp-content\/uploads\/2021\/07\/3887-Festa-Nossa-Senhora-do-Bom-Sucesso-Bairro-da-Barra-entre-final-decada-de-1960-e-inicio-decada-de-1970_12-reuniao-1024x701.jpg\" alt=\"3887 Festa Nossa Senhora do Bom Sucesso Bairro da Barra entre final decada de 1960 e inicio decada de 1970 12 reuniao\" data-id=\"26435\" data-full-url=\"http:\/\/culturabc.com.br\/arquivo\/wp-content\/uploads\/2021\/07\/3887-Festa-Nossa-Senhora-do-Bom-Sucesso-Bairro-da-Barra-entre-final-decada-de-1960-e-inicio-decada-de-1970_12-reuniao.jpg\" data-link=\"http:\/\/culturabc.com.br\/arquivo\/3887-festa-nossa-senhora-do-bom-sucesso-bairro-da-barra-entre-final-decada-de-1960-e-inicio-decada-de-1970_12-reuniao\/\" class=\"wp-image-26435\" srcset=\"https:\/\/culturabc.com.br\/arquivo\/wp-content\/uploads\/2021\/07\/3887-Festa-Nossa-Senhora-do-Bom-Sucesso-Bairro-da-Barra-entre-final-decada-de-1960-e-inicio-decada-de-1970_12-reuniao-1024x701.jpg 1024w, https:\/\/culturabc.com.br\/arquivo\/wp-content\/uploads\/2021\/07\/3887-Festa-Nossa-Senhora-do-Bom-Sucesso-Bairro-da-Barra-entre-final-decada-de-1960-e-inicio-decada-de-1970_12-reuniao-300x205.jpg 300w, https:\/\/culturabc.com.br\/arquivo\/wp-content\/uploads\/2021\/07\/3887-Festa-Nossa-Senhora-do-Bom-Sucesso-Bairro-da-Barra-entre-final-decada-de-1960-e-inicio-decada-de-1970_12-reuniao-768x526.jpg 768w, https:\/\/culturabc.com.br\/arquivo\/wp-content\/uploads\/2021\/07\/3887-Festa-Nossa-Senhora-do-Bom-Sucesso-Bairro-da-Barra-entre-final-decada-de-1960-e-inicio-decada-de-1970_12-reuniao.jpg 1332w\" sizes=\"(max-width: 1024px) 100vw, 1024px\" \/><\/a><figcaption class=\"blocks-gallery-item__caption\">3887 Festa Nossa Senhora do Bom Sucesso Bairro da Barra entre final decada de 1960 e inicio decada de 1970 12 reuniao<\/figcaption><\/figure><\/li><li class=\"blocks-gallery-item\"><figure><a href=\"http:\/\/culturabc.com.br\/arquivo\/wp-content\/uploads\/2021\/07\/1127-Yatch-Clube-Camboriu-decada-de-1960_12-reuniao.jpg\"><img decoding=\"async\" width=\"950\" height=\"633\" src=\"http:\/\/culturabc.com.br\/arquivo\/wp-content\/uploads\/2021\/07\/1127-Yatch-Clube-Camboriu-decada-de-1960_12-reuniao.jpg\" alt=\"1127 Yatch Clube Camboriu decada de 1960 12 reuniao\" data-id=\"26356\" data-full-url=\"http:\/\/culturabc.com.br\/arquivo\/wp-content\/uploads\/2021\/07\/1127-Yatch-Clube-Camboriu-decada-de-1960_12-reuniao.jpg\" data-link=\"http:\/\/culturabc.com.br\/arquivo\/1127-yatch-clube-camboriu-decada-de-1960_12-reuniao\/\" class=\"wp-image-26356\" srcset=\"https:\/\/culturabc.com.br\/arquivo\/wp-content\/uploads\/2021\/07\/1127-Yatch-Clube-Camboriu-decada-de-1960_12-reuniao.jpg 950w, https:\/\/culturabc.com.br\/arquivo\/wp-content\/uploads\/2021\/07\/1127-Yatch-Clube-Camboriu-decada-de-1960_12-reuniao-300x200.jpg 300w, https:\/\/culturabc.com.br\/arquivo\/wp-content\/uploads\/2021\/07\/1127-Yatch-Clube-Camboriu-decada-de-1960_12-reuniao-768x512.jpg 768w\" sizes=\"(max-width: 950px) 100vw, 950px\" \/><\/a><figcaption class=\"blocks-gallery-item__caption\">1127 Yatch Clube Camboriu decada de 1960 12 reuniao<\/figcaption><\/figure><\/li><li class=\"blocks-gallery-item\"><figure><a href=\"http:\/\/culturabc.com.br\/arquivo\/wp-content\/uploads\/2021\/07\/1025-Avenida-Atlantica-trecho-entre-Rua-1300-e-Rua-1200-aprox-1968-1969_12-reuniao.jpg\"><img decoding=\"async\" width=\"950\" height=\"606\" src=\"http:\/\/culturabc.com.br\/arquivo\/wp-content\/uploads\/2021\/07\/1025-Avenida-Atlantica-trecho-entre-Rua-1300-e-Rua-1200-aprox-1968-1969_12-reuniao.jpg\" alt=\"1025 Avenida Atlantica trecho entre Rua 1300 e Rua 1200 aprox 1968 1969 12 reuniao\" data-id=\"26355\" data-full-url=\"http:\/\/culturabc.com.br\/arquivo\/wp-content\/uploads\/2021\/07\/1025-Avenida-Atlantica-trecho-entre-Rua-1300-e-Rua-1200-aprox-1968-1969_12-reuniao.jpg\" data-link=\"http:\/\/culturabc.com.br\/arquivo\/1025-avenida-atlantica-trecho-entre-rua-1300-e-rua-1200-aprox-1968-1969_12-reuniao\/\" class=\"wp-image-26355\" srcset=\"https:\/\/culturabc.com.br\/arquivo\/wp-content\/uploads\/2021\/07\/1025-Avenida-Atlantica-trecho-entre-Rua-1300-e-Rua-1200-aprox-1968-1969_12-reuniao.jpg 950w, https:\/\/culturabc.com.br\/arquivo\/wp-content\/uploads\/2021\/07\/1025-Avenida-Atlantica-trecho-entre-Rua-1300-e-Rua-1200-aprox-1968-1969_12-reuniao-300x191.jpg 300w, https:\/\/culturabc.com.br\/arquivo\/wp-content\/uploads\/2021\/07\/1025-Avenida-Atlantica-trecho-entre-Rua-1300-e-Rua-1200-aprox-1968-1969_12-reuniao-768x490.jpg 768w\" sizes=\"(max-width: 950px) 100vw, 950px\" \/><\/a><figcaption class=\"blocks-gallery-item__caption\">1025 Avenida Atlantica trecho entre Rua 1300 e Rua 1200 aprox 1968 1969 12 reuniao<\/figcaption><\/figure><\/li><li class=\"blocks-gallery-item\"><figure><a href=\"http:\/\/culturabc.com.br\/arquivo\/wp-content\/uploads\/2021\/07\/3883-Vista-da-Barra-Sul-1976_12-reuniao.jpg\"><img loading=\"lazy\" decoding=\"async\" width=\"950\" height=\"646\" src=\"http:\/\/culturabc.com.br\/arquivo\/wp-content\/uploads\/2021\/07\/3883-Vista-da-Barra-Sul-1976_12-reuniao.jpg\" alt=\"3883 Vista da Barra Sul 1976 12 reuniao\" data-id=\"26353\" data-full-url=\"http:\/\/culturabc.com.br\/arquivo\/wp-content\/uploads\/2021\/07\/3883-Vista-da-Barra-Sul-1976_12-reuniao.jpg\" data-link=\"http:\/\/culturabc.com.br\/arquivo\/3883-vista-da-barra-sul-1976_12-reuniao\/\" class=\"wp-image-26353\" srcset=\"https:\/\/culturabc.com.br\/arquivo\/wp-content\/uploads\/2021\/07\/3883-Vista-da-Barra-Sul-1976_12-reuniao.jpg 950w, https:\/\/culturabc.com.br\/arquivo\/wp-content\/uploads\/2021\/07\/3883-Vista-da-Barra-Sul-1976_12-reuniao-300x204.jpg 300w, https:\/\/culturabc.com.br\/arquivo\/wp-content\/uploads\/2021\/07\/3883-Vista-da-Barra-Sul-1976_12-reuniao-768x522.jpg 768w\" sizes=\"(max-width: 950px) 100vw, 950px\" \/><\/a><figcaption class=\"blocks-gallery-item__caption\">3883 Vista da Barra Sul 1976 12 reuniao<\/figcaption><\/figure><\/li><li class=\"blocks-gallery-item\"><figure><a href=\"http:\/\/culturabc.com.br\/arquivo\/wp-content\/uploads\/2021\/07\/3882-Bar-Pinguim-Rua-1001-esquina-com-Av.-Brasil-aproximadamente-1957-1958_12-reuniao.jpg\"><img loading=\"lazy\" decoding=\"async\" width=\"950\" height=\"624\" src=\"http:\/\/culturabc.com.br\/arquivo\/wp-content\/uploads\/2021\/07\/3882-Bar-Pinguim-Rua-1001-esquina-com-Av.-Brasil-aproximadamente-1957-1958_12-reuniao.jpg\" alt=\"3882 Bar Pinguim Rua 1001 esquina com Av. Brasil aproximadamente 1957 1958 12 reuniao\" data-id=\"26352\" data-full-url=\"http:\/\/culturabc.com.br\/arquivo\/wp-content\/uploads\/2021\/07\/3882-Bar-Pinguim-Rua-1001-esquina-com-Av.-Brasil-aproximadamente-1957-1958_12-reuniao.jpg\" data-link=\"http:\/\/culturabc.com.br\/arquivo\/3882-bar-pinguim-rua-1001-esquina-com-av-brasil-aproximadamente-1957-1958_12-reuniao\/\" class=\"wp-image-26352\" srcset=\"https:\/\/culturabc.com.br\/arquivo\/wp-content\/uploads\/2021\/07\/3882-Bar-Pinguim-Rua-1001-esquina-com-Av.-Brasil-aproximadamente-1957-1958_12-reuniao.jpg 950w, https:\/\/culturabc.com.br\/arquivo\/wp-content\/uploads\/2021\/07\/3882-Bar-Pinguim-Rua-1001-esquina-com-Av.-Brasil-aproximadamente-1957-1958_12-reuniao-300x197.jpg 300w, https:\/\/culturabc.com.br\/arquivo\/wp-content\/uploads\/2021\/07\/3882-Bar-Pinguim-Rua-1001-esquina-com-Av.-Brasil-aproximadamente-1957-1958_12-reuniao-768x504.jpg 768w\" sizes=\"(max-width: 950px) 100vw, 950px\" \/><\/a><figcaption class=\"blocks-gallery-item__caption\">3882 Bar Pinguim Rua 1001 esquina com Av. Brasil aproximadamente 1957 1958 12 reuniao<\/figcaption><\/figure><\/li><li class=\"blocks-gallery-item\"><figure><a href=\"http:\/\/culturabc.com.br\/arquivo\/wp-content\/uploads\/2021\/07\/3881-Vista-parcial-da-praia-central-aproximadamente-1965-1966_12-reuniao.jpg\"><img loading=\"lazy\" decoding=\"async\" width=\"950\" height=\"662\" src=\"http:\/\/culturabc.com.br\/arquivo\/wp-content\/uploads\/2021\/07\/3881-Vista-parcial-da-praia-central-aproximadamente-1965-1966_12-reuniao.jpg\" alt=\"3881 Vista parcial da praia central aproximadamente 1965 1966 12 reuniao\" data-id=\"26351\" data-full-url=\"http:\/\/culturabc.com.br\/arquivo\/wp-content\/uploads\/2021\/07\/3881-Vista-parcial-da-praia-central-aproximadamente-1965-1966_12-reuniao.jpg\" data-link=\"http:\/\/culturabc.com.br\/arquivo\/3881-vista-parcial-da-praia-central-aproximadamente-1965-1966_12-reuniao\/\" class=\"wp-image-26351\" srcset=\"https:\/\/culturabc.com.br\/arquivo\/wp-content\/uploads\/2021\/07\/3881-Vista-parcial-da-praia-central-aproximadamente-1965-1966_12-reuniao.jpg 950w, https:\/\/culturabc.com.br\/arquivo\/wp-content\/uploads\/2021\/07\/3881-Vista-parcial-da-praia-central-aproximadamente-1965-1966_12-reuniao-300x209.jpg 300w, https:\/\/culturabc.com.br\/arquivo\/wp-content\/uploads\/2021\/07\/3881-Vista-parcial-da-praia-central-aproximadamente-1965-1966_12-reuniao-768x535.jpg 768w\" sizes=\"(max-width: 950px) 100vw, 950px\" \/><\/a><figcaption class=\"blocks-gallery-item__caption\">3881 Vista parcial da praia central aproximadamente 1965 1966 12 reuniao<\/figcaption><\/figure><\/li><li class=\"blocks-gallery-item\"><figure><a href=\"http:\/\/culturabc.com.br\/arquivo\/wp-content\/uploads\/2021\/07\/3889-Vista-parcial-da-cidade-decada-de-1970_12-reuniao.jpg\"><img loading=\"lazy\" decoding=\"async\" width=\"950\" height=\"606\" src=\"http:\/\/culturabc.com.br\/arquivo\/wp-content\/uploads\/2021\/07\/3889-Vista-parcial-da-cidade-decada-de-1970_12-reuniao.jpg\" alt=\"3889 Vista parcial da cidade decada de 1970 12 reuniao\" data-id=\"26349\" data-full-url=\"http:\/\/culturabc.com.br\/arquivo\/wp-content\/uploads\/2021\/07\/3889-Vista-parcial-da-cidade-decada-de-1970_12-reuniao.jpg\" data-link=\"http:\/\/culturabc.com.br\/arquivo\/3889-vista-parcial-da-cidade-decada-de-1970_12-reuniao\/\" class=\"wp-image-26349\" srcset=\"https:\/\/culturabc.com.br\/arquivo\/wp-content\/uploads\/2021\/07\/3889-Vista-parcial-da-cidade-decada-de-1970_12-reuniao.jpg 950w, https:\/\/culturabc.com.br\/arquivo\/wp-content\/uploads\/2021\/07\/3889-Vista-parcial-da-cidade-decada-de-1970_12-reuniao-300x191.jpg 300w, https:\/\/culturabc.com.br\/arquivo\/wp-content\/uploads\/2021\/07\/3889-Vista-parcial-da-cidade-decada-de-1970_12-reuniao-768x490.jpg 768w\" sizes=\"(max-width: 950px) 100vw, 950px\" \/><\/a><figcaption class=\"blocks-gallery-item__caption\">3889 Vista parcial da cidade decada de 1970 12 reuniao<\/figcaption><\/figure><\/li><li class=\"blocks-gallery-item\"><figure><a href=\"http:\/\/culturabc.com.br\/arquivo\/wp-content\/uploads\/2021\/07\/3888-Praia-central-em-frente-ao-salva-vidas-da-Rua-1400-decada-de-1970_12-reuniao.jpg\"><img loading=\"lazy\" decoding=\"async\" width=\"950\" height=\"653\" src=\"http:\/\/culturabc.com.br\/arquivo\/wp-content\/uploads\/2021\/07\/3888-Praia-central-em-frente-ao-salva-vidas-da-Rua-1400-decada-de-1970_12-reuniao.jpg\" alt=\"3888 Praia central em frente ao salva vidas da Rua 1400 decada de 1970 12 reuniao\" data-id=\"26348\" data-full-url=\"http:\/\/culturabc.com.br\/arquivo\/wp-content\/uploads\/2021\/07\/3888-Praia-central-em-frente-ao-salva-vidas-da-Rua-1400-decada-de-1970_12-reuniao.jpg\" data-link=\"http:\/\/culturabc.com.br\/arquivo\/3888-praia-central-em-frente-ao-salva-vidas-da-rua-1400-decada-de-1970_12-reuniao\/\" class=\"wp-image-26348\" srcset=\"https:\/\/culturabc.com.br\/arquivo\/wp-content\/uploads\/2021\/07\/3888-Praia-central-em-frente-ao-salva-vidas-da-Rua-1400-decada-de-1970_12-reuniao.jpg 950w, https:\/\/culturabc.com.br\/arquivo\/wp-content\/uploads\/2021\/07\/3888-Praia-central-em-frente-ao-salva-vidas-da-Rua-1400-decada-de-1970_12-reuniao-300x206.jpg 300w, https:\/\/culturabc.com.br\/arquivo\/wp-content\/uploads\/2021\/07\/3888-Praia-central-em-frente-ao-salva-vidas-da-Rua-1400-decada-de-1970_12-reuniao-768x528.jpg 768w\" sizes=\"(max-width: 950px) 100vw, 950px\" \/><\/a><figcaption class=\"blocks-gallery-item__caption\">3888 Praia central em frente ao salva vidas da Rua 1400 decada de 1970 12 reuniao<\/figcaption><\/figure><\/li><li class=\"blocks-gallery-item\"><figure><a href=\"http:\/\/culturabc.com.br\/arquivo\/wp-content\/uploads\/2021\/07\/3886-Morro-do-Boi-BR-101-inicio-da-decada-de-1970_12-reuniao.jpg\"><img loading=\"lazy\" decoding=\"async\" width=\"950\" height=\"604\" src=\"http:\/\/culturabc.com.br\/arquivo\/wp-content\/uploads\/2021\/07\/3886-Morro-do-Boi-BR-101-inicio-da-decada-de-1970_12-reuniao.jpg\" alt=\"3886 Morro do Boi BR 101 inicio da decada de 1970 12 reuniao\" data-id=\"26347\" data-full-url=\"http:\/\/culturabc.com.br\/arquivo\/wp-content\/uploads\/2021\/07\/3886-Morro-do-Boi-BR-101-inicio-da-decada-de-1970_12-reuniao.jpg\" data-link=\"http:\/\/culturabc.com.br\/arquivo\/3886-morro-do-boi-br-101-inicio-da-decada-de-1970_12-reuniao\/\" class=\"wp-image-26347\" srcset=\"https:\/\/culturabc.com.br\/arquivo\/wp-content\/uploads\/2021\/07\/3886-Morro-do-Boi-BR-101-inicio-da-decada-de-1970_12-reuniao.jpg 950w, https:\/\/culturabc.com.br\/arquivo\/wp-content\/uploads\/2021\/07\/3886-Morro-do-Boi-BR-101-inicio-da-decada-de-1970_12-reuniao-300x191.jpg 300w, https:\/\/culturabc.com.br\/arquivo\/wp-content\/uploads\/2021\/07\/3886-Morro-do-Boi-BR-101-inicio-da-decada-de-1970_12-reuniao-768x488.jpg 768w\" sizes=\"(max-width: 950px) 100vw, 950px\" \/><\/a><figcaption class=\"blocks-gallery-item__caption\">3886 Morro do Boi BR 101 inicio da decada de 1970 12 reuniao<\/figcaption><\/figure><\/li><li class=\"blocks-gallery-item\"><figure><a href=\"http:\/\/culturabc.com.br\/arquivo\/wp-content\/uploads\/2021\/07\/3885-Vista-da-praia-central-altura-da-Rua-1201-aproximadamente-1967-1968_12-reuniao.jpg\"><img loading=\"lazy\" decoding=\"async\" width=\"950\" height=\"610\" src=\"http:\/\/culturabc.com.br\/arquivo\/wp-content\/uploads\/2021\/07\/3885-Vista-da-praia-central-altura-da-Rua-1201-aproximadamente-1967-1968_12-reuniao.jpg\" alt=\"3885 Vista da praia central altura da Rua 1201 aproximadamente 1967 1968 12 reuniao\" data-id=\"26346\" data-full-url=\"http:\/\/culturabc.com.br\/arquivo\/wp-content\/uploads\/2021\/07\/3885-Vista-da-praia-central-altura-da-Rua-1201-aproximadamente-1967-1968_12-reuniao.jpg\" data-link=\"http:\/\/culturabc.com.br\/arquivo\/3885-vista-da-praia-central-altura-da-rua-1201-aproximadamente-1967-1968_12-reuniao\/\" class=\"wp-image-26346\" srcset=\"https:\/\/culturabc.com.br\/arquivo\/wp-content\/uploads\/2021\/07\/3885-Vista-da-praia-central-altura-da-Rua-1201-aproximadamente-1967-1968_12-reuniao.jpg 950w, https:\/\/culturabc.com.br\/arquivo\/wp-content\/uploads\/2021\/07\/3885-Vista-da-praia-central-altura-da-Rua-1201-aproximadamente-1967-1968_12-reuniao-300x193.jpg 300w, https:\/\/culturabc.com.br\/arquivo\/wp-content\/uploads\/2021\/07\/3885-Vista-da-praia-central-altura-da-Rua-1201-aproximadamente-1967-1968_12-reuniao-768x493.jpg 768w\" sizes=\"(max-width: 950px) 100vw, 950px\" \/><\/a><figcaption class=\"blocks-gallery-item__caption\">3885 Vista da praia central altura da Rua 1201 aproximadamente 1967 1968 12 reuniao<\/figcaption><\/figure><\/li><li class=\"blocks-gallery-item\"><figure><a href=\"http:\/\/culturabc.com.br\/arquivo\/wp-content\/uploads\/2021\/07\/3893-Auto-Posto-Praiano-Av.-do-Estado-com-Rua-Noruega-decada-de-1960_12-reuniao.jpg\"><img loading=\"lazy\" decoding=\"async\" width=\"950\" height=\"612\" src=\"http:\/\/culturabc.com.br\/arquivo\/wp-content\/uploads\/2021\/07\/3893-Auto-Posto-Praiano-Av.-do-Estado-com-Rua-Noruega-decada-de-1960_12-reuniao.jpg\" alt=\"3893 Auto Posto Praiano Av. do Estado com Rua Noruega decada de 1960 12 reuniao\" data-id=\"26344\" data-full-url=\"http:\/\/culturabc.com.br\/arquivo\/wp-content\/uploads\/2021\/07\/3893-Auto-Posto-Praiano-Av.-do-Estado-com-Rua-Noruega-decada-de-1960_12-reuniao.jpg\" data-link=\"http:\/\/culturabc.com.br\/arquivo\/3893-auto-posto-praiano-av-do-estado-com-rua-noruega-decada-de-1960_12-reuniao\/\" class=\"wp-image-26344\" srcset=\"https:\/\/culturabc.com.br\/arquivo\/wp-content\/uploads\/2021\/07\/3893-Auto-Posto-Praiano-Av.-do-Estado-com-Rua-Noruega-decada-de-1960_12-reuniao.jpg 950w, https:\/\/culturabc.com.br\/arquivo\/wp-content\/uploads\/2021\/07\/3893-Auto-Posto-Praiano-Av.-do-Estado-com-Rua-Noruega-decada-de-1960_12-reuniao-300x193.jpg 300w, https:\/\/culturabc.com.br\/arquivo\/wp-content\/uploads\/2021\/07\/3893-Auto-Posto-Praiano-Av.-do-Estado-com-Rua-Noruega-decada-de-1960_12-reuniao-768x495.jpg 768w\" sizes=\"(max-width: 950px) 100vw, 950px\" \/><\/a><figcaption class=\"blocks-gallery-item__caption\">3893 Auto Posto Praiano Av. do Estado com Rua Noruega decada de 1960 12 reuniao<\/figcaption><\/figure><\/li><li class=\"blocks-gallery-item\"><figure><a href=\"http:\/\/culturabc.com.br\/arquivo\/wp-content\/uploads\/2021\/07\/3884-Pedreira-da-Sultepa-no-Morro-do-Boi-aproximadamente-1969-1970_12-reuniao.jpg\"><img loading=\"lazy\" decoding=\"async\" width=\"950\" height=\"640\" src=\"http:\/\/culturabc.com.br\/arquivo\/wp-content\/uploads\/2021\/07\/3884-Pedreira-da-Sultepa-no-Morro-do-Boi-aproximadamente-1969-1970_12-reuniao.jpg\" alt=\"3884 Pedreira da Sultepa no Morro do Boi aproximadamente 1969 1970 12 reuniao\" data-id=\"26345\" data-full-url=\"http:\/\/culturabc.com.br\/arquivo\/wp-content\/uploads\/2021\/07\/3884-Pedreira-da-Sultepa-no-Morro-do-Boi-aproximadamente-1969-1970_12-reuniao.jpg\" data-link=\"http:\/\/culturabc.com.br\/arquivo\/3884-pedreira-da-sultepa-no-morro-do-boi-aproximadamente-1969-1970_12-reuniao\/\" class=\"wp-image-26345\" srcset=\"https:\/\/culturabc.com.br\/arquivo\/wp-content\/uploads\/2021\/07\/3884-Pedreira-da-Sultepa-no-Morro-do-Boi-aproximadamente-1969-1970_12-reuniao.jpg 950w, https:\/\/culturabc.com.br\/arquivo\/wp-content\/uploads\/2021\/07\/3884-Pedreira-da-Sultepa-no-Morro-do-Boi-aproximadamente-1969-1970_12-reuniao-300x202.jpg 300w, https:\/\/culturabc.com.br\/arquivo\/wp-content\/uploads\/2021\/07\/3884-Pedreira-da-Sultepa-no-Morro-do-Boi-aproximadamente-1969-1970_12-reuniao-768x517.jpg 768w\" sizes=\"(max-width: 950px) 100vw, 950px\" \/><\/a><figcaption class=\"blocks-gallery-item__caption\">3884 Pedreira da Sultepa no Morro do Boi aproximadamente 1969 1970 12 reuniao<\/figcaption><\/figure><\/li><li class=\"blocks-gallery-item\"><figure><a href=\"http:\/\/culturabc.com.br\/arquivo\/wp-content\/uploads\/2021\/07\/3892-Inicio-da-construcao-do-Hotel-Ilha-da-Madeira-Av.-Brasil-com-Av.-Central-1973_12-reuniao.jpg\"><img loading=\"lazy\" decoding=\"async\" width=\"950\" height=\"686\" src=\"http:\/\/culturabc.com.br\/arquivo\/wp-content\/uploads\/2021\/07\/3892-Inicio-da-construcao-do-Hotel-Ilha-da-Madeira-Av.-Brasil-com-Av.-Central-1973_12-reuniao.jpg\" alt=\"3892 Inicio da construcao do Hotel Ilha da Madeira Av. Brasil com Av. Central 1973 12 reuniao\" data-id=\"26343\" data-full-url=\"http:\/\/culturabc.com.br\/arquivo\/wp-content\/uploads\/2021\/07\/3892-Inicio-da-construcao-do-Hotel-Ilha-da-Madeira-Av.-Brasil-com-Av.-Central-1973_12-reuniao.jpg\" data-link=\"http:\/\/culturabc.com.br\/arquivo\/3892-inicio-da-construcao-do-hotel-ilha-da-madeira-av-brasil-com-av-central-1973_12-reuniao\/\" class=\"wp-image-26343\" srcset=\"https:\/\/culturabc.com.br\/arquivo\/wp-content\/uploads\/2021\/07\/3892-Inicio-da-construcao-do-Hotel-Ilha-da-Madeira-Av.-Brasil-com-Av.-Central-1973_12-reuniao.jpg 950w, https:\/\/culturabc.com.br\/arquivo\/wp-content\/uploads\/2021\/07\/3892-Inicio-da-construcao-do-Hotel-Ilha-da-Madeira-Av.-Brasil-com-Av.-Central-1973_12-reuniao-300x217.jpg 300w, https:\/\/culturabc.com.br\/arquivo\/wp-content\/uploads\/2021\/07\/3892-Inicio-da-construcao-do-Hotel-Ilha-da-Madeira-Av.-Brasil-com-Av.-Central-1973_12-reuniao-768x555.jpg 768w\" sizes=\"(max-width: 950px) 100vw, 950px\" \/><\/a><figcaption class=\"blocks-gallery-item__caption\">3892 Inicio da construcao do Hotel Ilha da Madeira Av. Brasil com Av. Central 1973 12 reuniao<\/figcaption><\/figure><\/li><li class=\"blocks-gallery-item\"><figure><a href=\"http:\/\/culturabc.com.br\/arquivo\/wp-content\/uploads\/2021\/07\/3891-Nazira-Buatin-Praia-de-Camboriu-decada-de-1950_12-reuniao.jpg\"><img loading=\"lazy\" decoding=\"async\" width=\"950\" height=\"598\" src=\"http:\/\/culturabc.com.br\/arquivo\/wp-content\/uploads\/2021\/07\/3891-Nazira-Buatin-Praia-de-Camboriu-decada-de-1950_12-reuniao.jpg\" alt=\"3891 Nazira Buatin Praia de Camboriu decada de 1950 12 reuniao\" data-id=\"26342\" data-full-url=\"http:\/\/culturabc.com.br\/arquivo\/wp-content\/uploads\/2021\/07\/3891-Nazira-Buatin-Praia-de-Camboriu-decada-de-1950_12-reuniao.jpg\" data-link=\"http:\/\/culturabc.com.br\/arquivo\/3891-nazira-buatin-praia-de-camboriu-decada-de-1950_12-reuniao\/\" class=\"wp-image-26342\" srcset=\"https:\/\/culturabc.com.br\/arquivo\/wp-content\/uploads\/2021\/07\/3891-Nazira-Buatin-Praia-de-Camboriu-decada-de-1950_12-reuniao.jpg 950w, https:\/\/culturabc.com.br\/arquivo\/wp-content\/uploads\/2021\/07\/3891-Nazira-Buatin-Praia-de-Camboriu-decada-de-1950_12-reuniao-300x189.jpg 300w, https:\/\/culturabc.com.br\/arquivo\/wp-content\/uploads\/2021\/07\/3891-Nazira-Buatin-Praia-de-Camboriu-decada-de-1950_12-reuniao-768x483.jpg 768w\" sizes=\"(max-width: 950px) 100vw, 950px\" \/><\/a><figcaption class=\"blocks-gallery-item__caption\">3891 Nazira Buatin Praia de Camboriu decada de 1950 12 reuniao<\/figcaption><\/figure><\/li><li class=\"blocks-gallery-item\"><figure><a href=\"http:\/\/culturabc.com.br\/arquivo\/wp-content\/uploads\/2021\/07\/3890-Vista-do-canto-da-praia-decada-de-1970_12-reuniao.jpg\"><img loading=\"lazy\" decoding=\"async\" width=\"950\" height=\"555\" src=\"http:\/\/culturabc.com.br\/arquivo\/wp-content\/uploads\/2021\/07\/3890-Vista-do-canto-da-praia-decada-de-1970_12-reuniao.jpg\" alt=\"3890 Vista do canto da praia decada de 1970 12 reuniao\" data-id=\"26341\" data-full-url=\"http:\/\/culturabc.com.br\/arquivo\/wp-content\/uploads\/2021\/07\/3890-Vista-do-canto-da-praia-decada-de-1970_12-reuniao.jpg\" data-link=\"http:\/\/culturabc.com.br\/arquivo\/3890-vista-do-canto-da-praia-decada-de-1970_12-reuniao\/\" class=\"wp-image-26341\" srcset=\"https:\/\/culturabc.com.br\/arquivo\/wp-content\/uploads\/2021\/07\/3890-Vista-do-canto-da-praia-decada-de-1970_12-reuniao.jpg 950w, https:\/\/culturabc.com.br\/arquivo\/wp-content\/uploads\/2021\/07\/3890-Vista-do-canto-da-praia-decada-de-1970_12-reuniao-300x175.jpg 300w, https:\/\/culturabc.com.br\/arquivo\/wp-content\/uploads\/2021\/07\/3890-Vista-do-canto-da-praia-decada-de-1970_12-reuniao-768x449.jpg 768w\" sizes=\"(max-width: 950px) 100vw, 950px\" \/><\/a><figcaption class=\"blocks-gallery-item__caption\">3890 Vista do canto da praia decada de 1970 12 reuniao<\/figcaption><\/figure><\/li><li class=\"blocks-gallery-item\"><figure><a href=\"http:\/\/culturabc.com.br\/arquivo\/wp-content\/uploads\/2021\/07\/3897-Rua-nao-identificada-decada-de-1980_12-reuniao.jpg\"><img loading=\"lazy\" decoding=\"async\" width=\"950\" height=\"628\" src=\"http:\/\/culturabc.com.br\/arquivo\/wp-content\/uploads\/2021\/07\/3897-Rua-nao-identificada-decada-de-1980_12-reuniao.jpg\" alt=\"3897 Rua nao identificada decada de 1980 12 reuniao\" data-id=\"26340\" data-full-url=\"http:\/\/culturabc.com.br\/arquivo\/wp-content\/uploads\/2021\/07\/3897-Rua-nao-identificada-decada-de-1980_12-reuniao.jpg\" data-link=\"http:\/\/culturabc.com.br\/arquivo\/3897-rua-nao-identificada-decada-de-1980_12-reuniao\/\" class=\"wp-image-26340\" srcset=\"https:\/\/culturabc.com.br\/arquivo\/wp-content\/uploads\/2021\/07\/3897-Rua-nao-identificada-decada-de-1980_12-reuniao.jpg 950w, https:\/\/culturabc.com.br\/arquivo\/wp-content\/uploads\/2021\/07\/3897-Rua-nao-identificada-decada-de-1980_12-reuniao-300x198.jpg 300w, https:\/\/culturabc.com.br\/arquivo\/wp-content\/uploads\/2021\/07\/3897-Rua-nao-identificada-decada-de-1980_12-reuniao-768x508.jpg 768w\" sizes=\"(max-width: 950px) 100vw, 950px\" \/><\/a><figcaption class=\"blocks-gallery-item__caption\">3897 Rua nao identificada decada de 1980 12 reuniao<\/figcaption><\/figure><\/li><li class=\"blocks-gallery-item\"><figure><a href=\"http:\/\/culturabc.com.br\/arquivo\/wp-content\/uploads\/2021\/07\/3896-Casa-do-lado-esquerdo-ao-Hotel-Miramar-Praia-de-Camboriu-decada-de-1950_12-reuniao.jpg\"><img loading=\"lazy\" decoding=\"async\" width=\"638\" height=\"1024\" src=\"http:\/\/culturabc.com.br\/arquivo\/wp-content\/uploads\/2021\/07\/3896-Casa-do-lado-esquerdo-ao-Hotel-Miramar-Praia-de-Camboriu-decada-de-1950_12-reuniao-638x1024.jpg\" alt=\"3896 Casa do lado esquerdo ao Hotel Miramar Praia de Camboriu decada de 1950 12 reuniao\" data-id=\"26339\" data-full-url=\"http:\/\/culturabc.com.br\/arquivo\/wp-content\/uploads\/2021\/07\/3896-Casa-do-lado-esquerdo-ao-Hotel-Miramar-Praia-de-Camboriu-decada-de-1950_12-reuniao.jpg\" data-link=\"http:\/\/culturabc.com.br\/arquivo\/3896-casa-do-lado-esquerdo-ao-hotel-miramar-praia-de-camboriu-decada-de-1950_12-reuniao\/\" class=\"wp-image-26339\" srcset=\"https:\/\/culturabc.com.br\/arquivo\/wp-content\/uploads\/2021\/07\/3896-Casa-do-lado-esquerdo-ao-Hotel-Miramar-Praia-de-Camboriu-decada-de-1950_12-reuniao-638x1024.jpg 638w, https:\/\/culturabc.com.br\/arquivo\/wp-content\/uploads\/2021\/07\/3896-Casa-do-lado-esquerdo-ao-Hotel-Miramar-Praia-de-Camboriu-decada-de-1950_12-reuniao-187x300.jpg 187w, https:\/\/culturabc.com.br\/arquivo\/wp-content\/uploads\/2021\/07\/3896-Casa-do-lado-esquerdo-ao-Hotel-Miramar-Praia-de-Camboriu-decada-de-1950_12-reuniao-768x1232.jpg 768w, https:\/\/culturabc.com.br\/arquivo\/wp-content\/uploads\/2021\/07\/3896-Casa-do-lado-esquerdo-ao-Hotel-Miramar-Praia-de-Camboriu-decada-de-1950_12-reuniao.jpg 950w\" sizes=\"(max-width: 638px) 100vw, 638px\" \/><\/a><figcaption class=\"blocks-gallery-item__caption\">3896 Casa do lado esquerdo ao Hotel Miramar Praia de Camboriu decada de 1950 12 reuniao<\/figcaption><\/figure><\/li><li class=\"blocks-gallery-item\"><figure><a href=\"http:\/\/culturabc.com.br\/arquivo\/wp-content\/uploads\/2021\/07\/3895-Hotel-Miramar-Praia-de-Camboriu-decada-de-1950_12-reuniao.jpg\"><img loading=\"lazy\" decoding=\"async\" width=\"639\" height=\"1024\" src=\"http:\/\/culturabc.com.br\/arquivo\/wp-content\/uploads\/2021\/07\/3895-Hotel-Miramar-Praia-de-Camboriu-decada-de-1950_12-reuniao-639x1024.jpg\" alt=\"3895 Hotel Miramar Praia de Camboriu decada de 1950 12 reuniao\" data-id=\"26338\" data-full-url=\"http:\/\/culturabc.com.br\/arquivo\/wp-content\/uploads\/2021\/07\/3895-Hotel-Miramar-Praia-de-Camboriu-decada-de-1950_12-reuniao.jpg\" data-link=\"http:\/\/culturabc.com.br\/arquivo\/3895-hotel-miramar-praia-de-camboriu-decada-de-1950_12-reuniao\/\" class=\"wp-image-26338\" srcset=\"https:\/\/culturabc.com.br\/arquivo\/wp-content\/uploads\/2021\/07\/3895-Hotel-Miramar-Praia-de-Camboriu-decada-de-1950_12-reuniao-639x1024.jpg 639w, https:\/\/culturabc.com.br\/arquivo\/wp-content\/uploads\/2021\/07\/3895-Hotel-Miramar-Praia-de-Camboriu-decada-de-1950_12-reuniao-187x300.jpg 187w, https:\/\/culturabc.com.br\/arquivo\/wp-content\/uploads\/2021\/07\/3895-Hotel-Miramar-Praia-de-Camboriu-decada-de-1950_12-reuniao-768x1230.jpg 768w, https:\/\/culturabc.com.br\/arquivo\/wp-content\/uploads\/2021\/07\/3895-Hotel-Miramar-Praia-de-Camboriu-decada-de-1950_12-reuniao.jpg 950w\" sizes=\"(max-width: 639px) 100vw, 639px\" \/><\/a><figcaption class=\"blocks-gallery-item__caption\">3895 Hotel Miramar Praia de Camboriu decada de 1950 12 reuniao<\/figcaption><\/figure><\/li><li class=\"blocks-gallery-item\"><figure><a href=\"http:\/\/culturabc.com.br\/arquivo\/wp-content\/uploads\/2021\/07\/3894-Praia-de-Camboriu-entre-Rua-3100-e-Rua-1500-decada-de-1950_12-reuniao.jpg\"><img loading=\"lazy\" decoding=\"async\" width=\"950\" height=\"626\" src=\"http:\/\/culturabc.com.br\/arquivo\/wp-content\/uploads\/2021\/07\/3894-Praia-de-Camboriu-entre-Rua-3100-e-Rua-1500-decada-de-1950_12-reuniao.jpg\" alt=\"3894 Praia de Camboriu entre Rua 3100 e Rua 1500 decada de 1950 12 reuniao\" data-id=\"26337\" data-full-url=\"http:\/\/culturabc.com.br\/arquivo\/wp-content\/uploads\/2021\/07\/3894-Praia-de-Camboriu-entre-Rua-3100-e-Rua-1500-decada-de-1950_12-reuniao.jpg\" data-link=\"http:\/\/culturabc.com.br\/arquivo\/3894-praia-de-camboriu-entre-rua-3100-e-rua-1500-decada-de-1950_12-reuniao\/\" class=\"wp-image-26337\" srcset=\"https:\/\/culturabc.com.br\/arquivo\/wp-content\/uploads\/2021\/07\/3894-Praia-de-Camboriu-entre-Rua-3100-e-Rua-1500-decada-de-1950_12-reuniao.jpg 950w, https:\/\/culturabc.com.br\/arquivo\/wp-content\/uploads\/2021\/07\/3894-Praia-de-Camboriu-entre-Rua-3100-e-Rua-1500-decada-de-1950_12-reuniao-300x198.jpg 300w, https:\/\/culturabc.com.br\/arquivo\/wp-content\/uploads\/2021\/07\/3894-Praia-de-Camboriu-entre-Rua-3100-e-Rua-1500-decada-de-1950_12-reuniao-768x506.jpg 768w\" sizes=\"(max-width: 950px) 100vw, 950px\" \/><\/a><figcaption class=\"blocks-gallery-item__caption\">3894 Praia de Camboriu entre Rua 3100 e Rua 1500 decada de 1950 12 reuniao<\/figcaption><\/figure><\/li><\/ul><\/figure>\n","protected":false},"excerpt":{"rendered":"<p>12\u00aa reuni\u00e3o Data: 25 de setembro de 2019Local: Arquivo Hist\u00f3rico de Balne\u00e1rio Cambori\u00faColaboradores: Ademar Jos\u00e9, Ant\u00f4nio Jorge de Borba, Carlos Schlup, Erotides Campos, Fernando Delatorre, Isaque de Borba Corr\u00eaa, Jo\u00e3o Ricardo Scharf, Jos\u00e9 Angelo Rebelo e Jurandir KnabbenFotografias identificadas: 20 imagens Fotografias identificadas<\/p>\n","protected":false},"author":1,"featured_media":0,"parent":0,"menu_order":0,"comment_status":"closed","ping_status":"closed","template":"","meta":{"footnotes":""},"class_list":["post-25710","page","type-page","status-publish","hentry"],"_links":{"self":[{"href":"https:\/\/culturabc.com.br\/arquivo\/wp-json\/wp\/v2\/pages\/25710","targetHints":{"allow":["GET"]}}],"collection":[{"href":"https:\/\/culturabc.com.br\/arquivo\/wp-json\/wp\/v2\/pages"}],"about":[{"href":"https:\/\/culturabc.com.br\/arquivo\/wp-json\/wp\/v2\/types\/page"}],"author":[{"embeddable":true,"href":"https:\/\/culturabc.com.br\/arquivo\/wp-json\/wp\/v2\/users\/1"}],"replies":[{"embeddable":true,"href":"https:\/\/culturabc.com.br\/arquivo\/wp-json\/wp\/v2\/comments?post=25710"}],"version-history":[{"count":4,"href":"https:\/\/culturabc.com.br\/arquivo\/wp-json\/wp\/v2\/pages\/25710\/revisions"}],"predecessor-version":[{"id":26531,"href":"https:\/\/culturabc.com.br\/arquivo\/wp-json\/wp\/v2\/pages\/25710\/revisions\/26531"}],"wp:attachment":[{"href":"https:\/\/culturabc.com.br\/arquivo\/wp-json\/wp\/v2\/media?parent=25710"}],"curies":[{"name":"wp","href":"https:\/\/api.w.org\/{rel}","templated":true}]}}