{"id":25754,"date":"2021-07-19T14:25:45","date_gmt":"2021-07-19T17:25:45","guid":{"rendered":"http:\/\/culturabc.com.br\/arquivo\/?page_id=25754"},"modified":"2021-07-20T12:38:25","modified_gmt":"2021-07-20T15:38:25","slug":"11a-reuniao","status":"publish","type":"page","link":"https:\/\/culturabc.com.br\/arquivo\/11a-reuniao\/","title":{"rendered":"11\u00aa Reuni\u00e3o"},"content":{"rendered":"\n<h2 class=\"wp-block-heading\"><strong>11\u00aa reuni\u00e3o<\/strong><\/h2>\n\n\n\n<p><strong>Data: 28 de agosto de 2019<\/strong><br>Local: Arquivo Hist\u00f3rico de Balne\u00e1rio Cambori\u00fa<br>Colaboradores: Ademar Silva, \u00c1lvaro Silva, Ant\u00f4nio Jorge de Borba, Fernando Delatorre, Isaque de Borba Corr\u00eaa, Jo\u00e3o Carlos da Silva e Jurandir Knabben<br>Convidada: Maria da Gra\u00e7a Krobel Cardoso (Dona Filhinha)<br>Fotografias identificadas: 19 imagens<\/p>\n\n\n\n<h2 class=\"wp-block-heading\">Fotografias identificadas<\/h2>\n\n\n\n<figure class=\"wp-block-gallery columns-3 is-cropped wp-block-gallery-1 is-layout-flex wp-block-gallery-is-layout-flex\"><ul class=\"blocks-gallery-grid\"><li class=\"blocks-gallery-item\"><figure><img fetchpriority=\"high\" decoding=\"async\" width=\"614\" height=\"620\" src=\"http:\/\/culturabc.com.br\/arquivo\/wp-content\/uploads\/2021\/07\/3700-Residencia-onde-hoje-esta-localizado-o-Edificio-Lafayette-Avenida-Atlantica-no-1814-decada-de-1940_11-reuniao.jpg\" alt=\"3700 Residencia onde hoje esta localizado o Edificio Lafayette Avenida Atlantica no 1814 decada de 1940 11 reuniao\" data-id=\"26436\" data-full-url=\"http:\/\/culturabc.com.br\/arquivo\/wp-content\/uploads\/2021\/07\/3700-Residencia-onde-hoje-esta-localizado-o-Edificio-Lafayette-Avenida-Atlantica-no-1814-decada-de-1940_11-reuniao.jpg\" data-link=\"http:\/\/culturabc.com.br\/arquivo\/3700-residencia-onde-hoje-esta-localizado-o-edificio-lafayette-avenida-atlantica-no-1814-decada-de-1940_11-reuniao\/\" class=\"wp-image-26436\" srcset=\"https:\/\/culturabc.com.br\/arquivo\/wp-content\/uploads\/2021\/07\/3700-Residencia-onde-hoje-esta-localizado-o-Edificio-Lafayette-Avenida-Atlantica-no-1814-decada-de-1940_11-reuniao.jpg 614w, https:\/\/culturabc.com.br\/arquivo\/wp-content\/uploads\/2021\/07\/3700-Residencia-onde-hoje-esta-localizado-o-Edificio-Lafayette-Avenida-Atlantica-no-1814-decada-de-1940_11-reuniao-297x300.jpg 297w, https:\/\/culturabc.com.br\/arquivo\/wp-content\/uploads\/2021\/07\/3700-Residencia-onde-hoje-esta-localizado-o-Edificio-Lafayette-Avenida-Atlantica-no-1814-decada-de-1940_11-reuniao-150x150.jpg 150w\" sizes=\"(max-width: 614px) 100vw, 614px\" \/><figcaption class=\"blocks-gallery-item__caption\">3700 Residencia onde hoje esta localizado o Edificio Lafayette Avenida Atlantica no 1814 decada de 1940 11 reuniao<\/figcaption><\/figure><\/li><li class=\"blocks-gallery-item\"><figure><img decoding=\"async\" width=\"1024\" height=\"641\" src=\"http:\/\/culturabc.com.br\/arquivo\/wp-content\/uploads\/2021\/07\/3874-Inauguracao-do-1o-Nucleo-Habitacional-Dea-Cezar-Coufal-Concasa-Bairro-dos-Estados-18.07.1968_11-reuniao-1024x641.jpg\" alt=\"3874 Inauguracao do 1o Nucleo Habitacional Dea Cezar Coufal Concasa Bairro dos Estados 18.07.1968 11 reuniao\" data-id=\"26434\" data-full-url=\"http:\/\/culturabc.com.br\/arquivo\/wp-content\/uploads\/2021\/07\/3874-Inauguracao-do-1o-Nucleo-Habitacional-Dea-Cezar-Coufal-Concasa-Bairro-dos-Estados-18.07.1968_11-reuniao.jpg\" data-link=\"http:\/\/culturabc.com.br\/arquivo\/3874-inauguracao-do-1o-nucleo-habitacional-dea-cezar-coufal-concasa-bairro-dos-estados-18-07-1968_11-reuniao\/\" class=\"wp-image-26434\" srcset=\"https:\/\/culturabc.com.br\/arquivo\/wp-content\/uploads\/2021\/07\/3874-Inauguracao-do-1o-Nucleo-Habitacional-Dea-Cezar-Coufal-Concasa-Bairro-dos-Estados-18.07.1968_11-reuniao-1024x641.jpg 1024w, https:\/\/culturabc.com.br\/arquivo\/wp-content\/uploads\/2021\/07\/3874-Inauguracao-do-1o-Nucleo-Habitacional-Dea-Cezar-Coufal-Concasa-Bairro-dos-Estados-18.07.1968_11-reuniao-300x188.jpg 300w, https:\/\/culturabc.com.br\/arquivo\/wp-content\/uploads\/2021\/07\/3874-Inauguracao-do-1o-Nucleo-Habitacional-Dea-Cezar-Coufal-Concasa-Bairro-dos-Estados-18.07.1968_11-reuniao-768x481.jpg 768w, https:\/\/culturabc.com.br\/arquivo\/wp-content\/uploads\/2021\/07\/3874-Inauguracao-do-1o-Nucleo-Habitacional-Dea-Cezar-Coufal-Concasa-Bairro-dos-Estados-18.07.1968_11-reuniao.jpg 1361w\" sizes=\"(max-width: 1024px) 100vw, 1024px\" \/><figcaption class=\"blocks-gallery-item__caption\">3874 Inauguracao do 1o Nucleo Habitacional Dea Cezar Coufal Concasa Bairro dos Estados 18.07.1968 11 reuniao<\/figcaption><\/figure><\/li><li class=\"blocks-gallery-item\"><figure><img decoding=\"async\" width=\"639\" height=\"354\" src=\"http:\/\/culturabc.com.br\/arquivo\/wp-content\/uploads\/2021\/07\/3681-Inauguracao-da-Praca-Higino-Joao-Pio-20.07.1976.-Prefeito-Meirinho-e-ao-seu-lado-Amelia-Cherem-Pio_11-reuniao.jpg\" alt=\"3681 Inauguracao da Praca Higino Joao Pio 20.07.1976. Prefeito Meirinho e ao seu lado Amelia Cherem Pio 11 reuniao\" data-id=\"26433\" data-full-url=\"http:\/\/culturabc.com.br\/arquivo\/wp-content\/uploads\/2021\/07\/3681-Inauguracao-da-Praca-Higino-Joao-Pio-20.07.1976.-Prefeito-Meirinho-e-ao-seu-lado-Amelia-Cherem-Pio_11-reuniao.jpg\" data-link=\"http:\/\/culturabc.com.br\/arquivo\/3681-inauguracao-da-praca-higino-joao-pio-20-07-1976-prefeito-meirinho-e-ao-seu-lado-amelia-cherem-pio_11-reuniao\/\" class=\"wp-image-26433\" srcset=\"https:\/\/culturabc.com.br\/arquivo\/wp-content\/uploads\/2021\/07\/3681-Inauguracao-da-Praca-Higino-Joao-Pio-20.07.1976.-Prefeito-Meirinho-e-ao-seu-lado-Amelia-Cherem-Pio_11-reuniao.jpg 639w, https:\/\/culturabc.com.br\/arquivo\/wp-content\/uploads\/2021\/07\/3681-Inauguracao-da-Praca-Higino-Joao-Pio-20.07.1976.-Prefeito-Meirinho-e-ao-seu-lado-Amelia-Cherem-Pio_11-reuniao-300x166.jpg 300w\" sizes=\"(max-width: 639px) 100vw, 639px\" \/><figcaption class=\"blocks-gallery-item__caption\">3681 Inauguracao da Praca Higino Joao Pio 20.07.1976. Prefeito Meirinho e ao seu lado Amelia Cherem Pio 11 reuniao<\/figcaption><\/figure><\/li><li class=\"blocks-gallery-item\"><figure><img loading=\"lazy\" decoding=\"async\" width=\"950\" height=\"521\" src=\"http:\/\/culturabc.com.br\/arquivo\/wp-content\/uploads\/2021\/07\/3412-Praia-de-Camboriu-ao-fundo-Ilha-das-Cabras-1961-1962_11-reuniao.jpg\" alt=\"3412 Praia de Camboriu ao fundo Ilha das Cabras 1961 1962 11 reuniao\" data-id=\"26371\" data-full-url=\"http:\/\/culturabc.com.br\/arquivo\/wp-content\/uploads\/2021\/07\/3412-Praia-de-Camboriu-ao-fundo-Ilha-das-Cabras-1961-1962_11-reuniao.jpg\" data-link=\"http:\/\/culturabc.com.br\/arquivo\/3412-praia-de-camboriu-ao-fundo-ilha-das-cabras-1961-1962_11-reuniao\/\" class=\"wp-image-26371\" srcset=\"https:\/\/culturabc.com.br\/arquivo\/wp-content\/uploads\/2021\/07\/3412-Praia-de-Camboriu-ao-fundo-Ilha-das-Cabras-1961-1962_11-reuniao.jpg 950w, https:\/\/culturabc.com.br\/arquivo\/wp-content\/uploads\/2021\/07\/3412-Praia-de-Camboriu-ao-fundo-Ilha-das-Cabras-1961-1962_11-reuniao-300x165.jpg 300w, https:\/\/culturabc.com.br\/arquivo\/wp-content\/uploads\/2021\/07\/3412-Praia-de-Camboriu-ao-fundo-Ilha-das-Cabras-1961-1962_11-reuniao-768x421.jpg 768w\" sizes=\"(max-width: 950px) 100vw, 950px\" \/><figcaption class=\"blocks-gallery-item__caption\">3412 Praia de Camboriu ao fundo Ilha das Cabras 1961 1962 11 reuniao<\/figcaption><\/figure><\/li><li class=\"blocks-gallery-item\"><figure><img loading=\"lazy\" decoding=\"async\" width=\"950\" height=\"570\" src=\"http:\/\/culturabc.com.br\/arquivo\/wp-content\/uploads\/2021\/07\/2859-Interior-da-Capela-Santa-Ines-julho-de-1968_11-reuniao.jpg\" alt=\"2859 Interior da Capela Santa Ines julho de 1968 11 reuniao\" data-id=\"26370\" data-full-url=\"http:\/\/culturabc.com.br\/arquivo\/wp-content\/uploads\/2021\/07\/2859-Interior-da-Capela-Santa-Ines-julho-de-1968_11-reuniao.jpg\" data-link=\"http:\/\/culturabc.com.br\/arquivo\/2859-interior-da-capela-santa-ines-julho-de-1968_11-reuniao\/\" class=\"wp-image-26370\" srcset=\"https:\/\/culturabc.com.br\/arquivo\/wp-content\/uploads\/2021\/07\/2859-Interior-da-Capela-Santa-Ines-julho-de-1968_11-reuniao.jpg 950w, https:\/\/culturabc.com.br\/arquivo\/wp-content\/uploads\/2021\/07\/2859-Interior-da-Capela-Santa-Ines-julho-de-1968_11-reuniao-300x180.jpg 300w, https:\/\/culturabc.com.br\/arquivo\/wp-content\/uploads\/2021\/07\/2859-Interior-da-Capela-Santa-Ines-julho-de-1968_11-reuniao-768x461.jpg 768w\" sizes=\"(max-width: 950px) 100vw, 950px\" \/><figcaption class=\"blocks-gallery-item__caption\">2859 Interior da Capela Santa Ines julho de 1968 11 reuniao<\/figcaption><\/figure><\/li><li class=\"blocks-gallery-item\"><figure><img loading=\"lazy\" decoding=\"async\" width=\"950\" height=\"595\" src=\"http:\/\/culturabc.com.br\/arquivo\/wp-content\/uploads\/2021\/07\/3737-Pesca-do-Arrastao-na-Praia-de-Camboriu-decada-de-1950_11-reuniao.jpg\" alt=\"3737 Pesca do Arrastao na Praia de Camboriu decada de 1950 11 reuniao\" data-id=\"26369\" data-full-url=\"http:\/\/culturabc.com.br\/arquivo\/wp-content\/uploads\/2021\/07\/3737-Pesca-do-Arrastao-na-Praia-de-Camboriu-decada-de-1950_11-reuniao.jpg\" data-link=\"http:\/\/culturabc.com.br\/arquivo\/3737-pesca-do-arrastao-na-praia-de-camboriu-decada-de-1950_11-reuniao\/\" class=\"wp-image-26369\" srcset=\"https:\/\/culturabc.com.br\/arquivo\/wp-content\/uploads\/2021\/07\/3737-Pesca-do-Arrastao-na-Praia-de-Camboriu-decada-de-1950_11-reuniao.jpg 950w, https:\/\/culturabc.com.br\/arquivo\/wp-content\/uploads\/2021\/07\/3737-Pesca-do-Arrastao-na-Praia-de-Camboriu-decada-de-1950_11-reuniao-300x188.jpg 300w, https:\/\/culturabc.com.br\/arquivo\/wp-content\/uploads\/2021\/07\/3737-Pesca-do-Arrastao-na-Praia-de-Camboriu-decada-de-1950_11-reuniao-768x481.jpg 768w\" sizes=\"(max-width: 950px) 100vw, 950px\" \/><figcaption class=\"blocks-gallery-item__caption\">3737 Pesca do Arrastao na Praia de Camboriu decada de 1950 11 reuniao<\/figcaption><\/figure><\/li><li class=\"blocks-gallery-item\"><figure><img loading=\"lazy\" decoding=\"async\" width=\"754\" height=\"1024\" src=\"http:\/\/culturabc.com.br\/arquivo\/wp-content\/uploads\/2021\/07\/3730-Rancho-do-Baturite-Avenida-Atlantica-no-5900-\u2013-Barra-Sul-1976_11-reuniao-754x1024.jpg\" alt=\"3730 Rancho do Baturite Avenida Atlantica no 5900 \u2013 Barra Sul 1976 11 reuniao\" data-id=\"26368\" data-full-url=\"http:\/\/culturabc.com.br\/arquivo\/wp-content\/uploads\/2021\/07\/3730-Rancho-do-Baturite-Avenida-Atlantica-no-5900-\u2013-Barra-Sul-1976_11-reuniao.jpg\" data-link=\"http:\/\/culturabc.com.br\/arquivo\/3730-rancho-do-baturite-avenida-atlantica-no-5900-barra-sul-1976_11-reuniao\/\" class=\"wp-image-26368\" srcset=\"https:\/\/culturabc.com.br\/arquivo\/wp-content\/uploads\/2021\/07\/3730-Rancho-do-Baturite-Avenida-Atlantica-no-5900-\u2013-Barra-Sul-1976_11-reuniao-754x1024.jpg 754w, https:\/\/culturabc.com.br\/arquivo\/wp-content\/uploads\/2021\/07\/3730-Rancho-do-Baturite-Avenida-Atlantica-no-5900-\u2013-Barra-Sul-1976_11-reuniao-221x300.jpg 221w, https:\/\/culturabc.com.br\/arquivo\/wp-content\/uploads\/2021\/07\/3730-Rancho-do-Baturite-Avenida-Atlantica-no-5900-\u2013-Barra-Sul-1976_11-reuniao-768x1044.jpg 768w, https:\/\/culturabc.com.br\/arquivo\/wp-content\/uploads\/2021\/07\/3730-Rancho-do-Baturite-Avenida-Atlantica-no-5900-\u2013-Barra-Sul-1976_11-reuniao.jpg 950w\" sizes=\"(max-width: 754px) 100vw, 754px\" \/><figcaption class=\"blocks-gallery-item__caption\">3730 Rancho do Baturite Avenida Atlantica no 5900 \u2013 Barra Sul 1976 11 reuniao<\/figcaption><\/figure><\/li><li class=\"blocks-gallery-item\"><figure><img loading=\"lazy\" decoding=\"async\" width=\"950\" height=\"585\" src=\"http:\/\/culturabc.com.br\/arquivo\/wp-content\/uploads\/2021\/07\/3539-Pesca-da-tainha-Pontal-Norte-decada-de-1970.-Ao-fundo-Morro-dos-Correa_11-reuniao.jpg\" alt=\"3539 Pesca da tainha Pontal Norte decada de 1970. Ao fundo Morro dos Correa 11 reuniao\" data-id=\"26367\" data-full-url=\"http:\/\/culturabc.com.br\/arquivo\/wp-content\/uploads\/2021\/07\/3539-Pesca-da-tainha-Pontal-Norte-decada-de-1970.-Ao-fundo-Morro-dos-Correa_11-reuniao.jpg\" data-link=\"http:\/\/culturabc.com.br\/arquivo\/3539-pesca-da-tainha-pontal-norte-decada-de-1970-ao-fundo-morro-dos-correa_11-reuniao\/\" class=\"wp-image-26367\" srcset=\"https:\/\/culturabc.com.br\/arquivo\/wp-content\/uploads\/2021\/07\/3539-Pesca-da-tainha-Pontal-Norte-decada-de-1970.-Ao-fundo-Morro-dos-Correa_11-reuniao.jpg 950w, https:\/\/culturabc.com.br\/arquivo\/wp-content\/uploads\/2021\/07\/3539-Pesca-da-tainha-Pontal-Norte-decada-de-1970.-Ao-fundo-Morro-dos-Correa_11-reuniao-300x185.jpg 300w, https:\/\/culturabc.com.br\/arquivo\/wp-content\/uploads\/2021\/07\/3539-Pesca-da-tainha-Pontal-Norte-decada-de-1970.-Ao-fundo-Morro-dos-Correa_11-reuniao-768x473.jpg 768w\" sizes=\"(max-width: 950px) 100vw, 950px\" \/><figcaption class=\"blocks-gallery-item__caption\">3539 Pesca da tainha Pontal Norte decada de 1970. Ao fundo Morro dos Correa 11 reuniao<\/figcaption><\/figure><\/li><li class=\"blocks-gallery-item\"><figure><img loading=\"lazy\" decoding=\"async\" width=\"950\" height=\"529\" src=\"http:\/\/culturabc.com.br\/arquivo\/wp-content\/uploads\/2021\/07\/3413-Churrasco-para-a-equipe-que-estava-trabalhando-na-construcao-do-muro-de-arrimo-1967_11-reuniao.jpg\" alt=\"3413 Churrasco para a equipe que estava trabalhando na construcao do muro de arrimo 1967 11 reuniao\" data-id=\"26366\" data-full-url=\"http:\/\/culturabc.com.br\/arquivo\/wp-content\/uploads\/2021\/07\/3413-Churrasco-para-a-equipe-que-estava-trabalhando-na-construcao-do-muro-de-arrimo-1967_11-reuniao.jpg\" data-link=\"http:\/\/culturabc.com.br\/arquivo\/3413-churrasco-para-a-equipe-que-estava-trabalhando-na-construcao-do-muro-de-arrimo-1967_11-reuniao\/\" class=\"wp-image-26366\" srcset=\"https:\/\/culturabc.com.br\/arquivo\/wp-content\/uploads\/2021\/07\/3413-Churrasco-para-a-equipe-que-estava-trabalhando-na-construcao-do-muro-de-arrimo-1967_11-reuniao.jpg 950w, https:\/\/culturabc.com.br\/arquivo\/wp-content\/uploads\/2021\/07\/3413-Churrasco-para-a-equipe-que-estava-trabalhando-na-construcao-do-muro-de-arrimo-1967_11-reuniao-300x167.jpg 300w, https:\/\/culturabc.com.br\/arquivo\/wp-content\/uploads\/2021\/07\/3413-Churrasco-para-a-equipe-que-estava-trabalhando-na-construcao-do-muro-de-arrimo-1967_11-reuniao-768x428.jpg 768w\" sizes=\"(max-width: 950px) 100vw, 950px\" \/><figcaption class=\"blocks-gallery-item__caption\">3413 Churrasco para a equipe que estava trabalhando na construcao do muro de arrimo 1967 11 reuniao<\/figcaption><\/figure><\/li><li class=\"blocks-gallery-item\"><figure><img loading=\"lazy\" decoding=\"async\" width=\"950\" height=\"663\" src=\"http:\/\/culturabc.com.br\/arquivo\/wp-content\/uploads\/2021\/07\/3875-Avenida-Atlantica-entre-San-Remo-e-Hotel-Miramar_11-reuniao.jpg\" alt=\"3875 Avenida Atlantica entre San Remo e Hotel Miramar 11 reuniao\" data-id=\"26365\" data-full-url=\"http:\/\/culturabc.com.br\/arquivo\/wp-content\/uploads\/2021\/07\/3875-Avenida-Atlantica-entre-San-Remo-e-Hotel-Miramar_11-reuniao.jpg\" data-link=\"http:\/\/culturabc.com.br\/arquivo\/3875-avenida-atlantica-entre-san-remo-e-hotel-miramar_11-reuniao\/\" class=\"wp-image-26365\" srcset=\"https:\/\/culturabc.com.br\/arquivo\/wp-content\/uploads\/2021\/07\/3875-Avenida-Atlantica-entre-San-Remo-e-Hotel-Miramar_11-reuniao.jpg 950w, https:\/\/culturabc.com.br\/arquivo\/wp-content\/uploads\/2021\/07\/3875-Avenida-Atlantica-entre-San-Remo-e-Hotel-Miramar_11-reuniao-300x209.jpg 300w, https:\/\/culturabc.com.br\/arquivo\/wp-content\/uploads\/2021\/07\/3875-Avenida-Atlantica-entre-San-Remo-e-Hotel-Miramar_11-reuniao-768x536.jpg 768w\" sizes=\"(max-width: 950px) 100vw, 950px\" \/><figcaption class=\"blocks-gallery-item__caption\">3875 Avenida Atlantica entre San Remo e Hotel Miramar 11 reuniao<\/figcaption><\/figure><\/li><li class=\"blocks-gallery-item\"><figure><img loading=\"lazy\" decoding=\"async\" width=\"950\" height=\"662\" src=\"http:\/\/culturabc.com.br\/arquivo\/wp-content\/uploads\/2021\/07\/3873-Prainha-ao-fundo-ranchos-da-familia-de-Germano-Correa-1956_11-reuniao.jpg\" alt=\"3873 Prainha ao fundo ranchos da familia de Germano Correa 1956 11 reuniao\" data-id=\"26364\" data-full-url=\"http:\/\/culturabc.com.br\/arquivo\/wp-content\/uploads\/2021\/07\/3873-Prainha-ao-fundo-ranchos-da-familia-de-Germano-Correa-1956_11-reuniao.jpg\" data-link=\"http:\/\/culturabc.com.br\/arquivo\/3873-prainha-ao-fundo-ranchos-da-familia-de-germano-correa-1956_11-reuniao\/\" class=\"wp-image-26364\" srcset=\"https:\/\/culturabc.com.br\/arquivo\/wp-content\/uploads\/2021\/07\/3873-Prainha-ao-fundo-ranchos-da-familia-de-Germano-Correa-1956_11-reuniao.jpg 950w, https:\/\/culturabc.com.br\/arquivo\/wp-content\/uploads\/2021\/07\/3873-Prainha-ao-fundo-ranchos-da-familia-de-Germano-Correa-1956_11-reuniao-300x209.jpg 300w, https:\/\/culturabc.com.br\/arquivo\/wp-content\/uploads\/2021\/07\/3873-Prainha-ao-fundo-ranchos-da-familia-de-Germano-Correa-1956_11-reuniao-768x535.jpg 768w\" sizes=\"(max-width: 950px) 100vw, 950px\" \/><figcaption class=\"blocks-gallery-item__caption\">3873 Prainha ao fundo ranchos da familia de Germano Correa 1956 11 reuniao<\/figcaption><\/figure><\/li><li class=\"blocks-gallery-item\"><figure><img loading=\"lazy\" decoding=\"async\" width=\"950\" height=\"588\" src=\"http:\/\/culturabc.com.br\/arquivo\/wp-content\/uploads\/2021\/07\/3872-Churrasco-para-a-equipe-que-estava-trabalhando-na-construcao-do-muro-de-arrimo-1967_11-reuniao.jpg\" alt=\"3872 Churrasco para a equipe que estava trabalhando na construcao do muro de arrimo 1967 11 reuniao\" data-id=\"26363\" data-full-url=\"http:\/\/culturabc.com.br\/arquivo\/wp-content\/uploads\/2021\/07\/3872-Churrasco-para-a-equipe-que-estava-trabalhando-na-construcao-do-muro-de-arrimo-1967_11-reuniao.jpg\" data-link=\"http:\/\/culturabc.com.br\/arquivo\/3872-churrasco-para-a-equipe-que-estava-trabalhando-na-construcao-do-muro-de-arrimo-1967_11-reuniao\/\" class=\"wp-image-26363\" srcset=\"https:\/\/culturabc.com.br\/arquivo\/wp-content\/uploads\/2021\/07\/3872-Churrasco-para-a-equipe-que-estava-trabalhando-na-construcao-do-muro-de-arrimo-1967_11-reuniao.jpg 950w, https:\/\/culturabc.com.br\/arquivo\/wp-content\/uploads\/2021\/07\/3872-Churrasco-para-a-equipe-que-estava-trabalhando-na-construcao-do-muro-de-arrimo-1967_11-reuniao-300x186.jpg 300w, https:\/\/culturabc.com.br\/arquivo\/wp-content\/uploads\/2021\/07\/3872-Churrasco-para-a-equipe-que-estava-trabalhando-na-construcao-do-muro-de-arrimo-1967_11-reuniao-768x475.jpg 768w\" sizes=\"(max-width: 950px) 100vw, 950px\" \/><figcaption class=\"blocks-gallery-item__caption\">3872 Churrasco para a equipe que estava trabalhando na construcao do muro de arrimo 1967 11 reuniao<\/figcaption><\/figure><\/li><li class=\"blocks-gallery-item\"><figure><img loading=\"lazy\" decoding=\"async\" width=\"950\" height=\"582\" src=\"http:\/\/culturabc.com.br\/arquivo\/wp-content\/uploads\/2021\/07\/3859-Lindolfo-Schlup-e-Veneranda-Schlup-em-frente-a-placa-da-Citur-Rodofeira-1974_11-reuniao.jpg\" alt=\"3859 Lindolfo Schlup e Veneranda Schlup em frente a placa da Citur Rodofeira 1974 11 reuniao\" data-id=\"26362\" data-full-url=\"http:\/\/culturabc.com.br\/arquivo\/wp-content\/uploads\/2021\/07\/3859-Lindolfo-Schlup-e-Veneranda-Schlup-em-frente-a-placa-da-Citur-Rodofeira-1974_11-reuniao.jpg\" data-link=\"http:\/\/culturabc.com.br\/arquivo\/3859-lindolfo-schlup-e-veneranda-schlup-em-frente-a-placa-da-citur-rodofeira-1974_11-reuniao\/\" class=\"wp-image-26362\" srcset=\"https:\/\/culturabc.com.br\/arquivo\/wp-content\/uploads\/2021\/07\/3859-Lindolfo-Schlup-e-Veneranda-Schlup-em-frente-a-placa-da-Citur-Rodofeira-1974_11-reuniao.jpg 950w, https:\/\/culturabc.com.br\/arquivo\/wp-content\/uploads\/2021\/07\/3859-Lindolfo-Schlup-e-Veneranda-Schlup-em-frente-a-placa-da-Citur-Rodofeira-1974_11-reuniao-300x184.jpg 300w, https:\/\/culturabc.com.br\/arquivo\/wp-content\/uploads\/2021\/07\/3859-Lindolfo-Schlup-e-Veneranda-Schlup-em-frente-a-placa-da-Citur-Rodofeira-1974_11-reuniao-768x471.jpg 768w\" sizes=\"(max-width: 950px) 100vw, 950px\" \/><figcaption class=\"blocks-gallery-item__caption\">3859 Lindolfo Schlup e Veneranda Schlup em frente a placa da Citur Rodofeira 1974 11 reuniao<\/figcaption><\/figure><\/li><li class=\"blocks-gallery-item\"><figure><img loading=\"lazy\" decoding=\"async\" width=\"950\" height=\"610\" src=\"http:\/\/culturabc.com.br\/arquivo\/wp-content\/uploads\/2021\/07\/3879-Casa-localizada-atras-do-Hotel-Ilha-da-Madeira_11-reuniao.jpg\" alt=\"3879 Casa localizada atras do Hotel Ilha da Madeira 11 reuniao\" data-id=\"26361\" data-full-url=\"http:\/\/culturabc.com.br\/arquivo\/wp-content\/uploads\/2021\/07\/3879-Casa-localizada-atras-do-Hotel-Ilha-da-Madeira_11-reuniao.jpg\" data-link=\"http:\/\/culturabc.com.br\/arquivo\/3879-casa-localizada-atras-do-hotel-ilha-da-madeira_11-reuniao\/\" class=\"wp-image-26361\" srcset=\"https:\/\/culturabc.com.br\/arquivo\/wp-content\/uploads\/2021\/07\/3879-Casa-localizada-atras-do-Hotel-Ilha-da-Madeira_11-reuniao.jpg 950w, https:\/\/culturabc.com.br\/arquivo\/wp-content\/uploads\/2021\/07\/3879-Casa-localizada-atras-do-Hotel-Ilha-da-Madeira_11-reuniao-300x193.jpg 300w, https:\/\/culturabc.com.br\/arquivo\/wp-content\/uploads\/2021\/07\/3879-Casa-localizada-atras-do-Hotel-Ilha-da-Madeira_11-reuniao-768x493.jpg 768w\" sizes=\"(max-width: 950px) 100vw, 950px\" \/><figcaption class=\"blocks-gallery-item__caption\">3879 Casa localizada atras do Hotel Ilha da Madeira 11 reuniao<\/figcaption><\/figure><\/li><li class=\"blocks-gallery-item\"><figure><img loading=\"lazy\" decoding=\"async\" width=\"950\" height=\"555\" src=\"http:\/\/culturabc.com.br\/arquivo\/wp-content\/uploads\/2021\/07\/3878-Inauguracao-do-Colegio-Ivo-Silveira-1970_11-reuniao.jpg\" alt=\"3878 Inauguracao do Colegio Ivo Silveira 1970 11 reuniao\" data-id=\"26360\" data-full-url=\"http:\/\/culturabc.com.br\/arquivo\/wp-content\/uploads\/2021\/07\/3878-Inauguracao-do-Colegio-Ivo-Silveira-1970_11-reuniao.jpg\" data-link=\"http:\/\/culturabc.com.br\/arquivo\/3878-inauguracao-do-colegio-ivo-silveira-1970_11-reuniao\/\" class=\"wp-image-26360\" srcset=\"https:\/\/culturabc.com.br\/arquivo\/wp-content\/uploads\/2021\/07\/3878-Inauguracao-do-Colegio-Ivo-Silveira-1970_11-reuniao.jpg 950w, https:\/\/culturabc.com.br\/arquivo\/wp-content\/uploads\/2021\/07\/3878-Inauguracao-do-Colegio-Ivo-Silveira-1970_11-reuniao-300x175.jpg 300w, https:\/\/culturabc.com.br\/arquivo\/wp-content\/uploads\/2021\/07\/3878-Inauguracao-do-Colegio-Ivo-Silveira-1970_11-reuniao-768x449.jpg 768w\" sizes=\"(max-width: 950px) 100vw, 950px\" \/><figcaption class=\"blocks-gallery-item__caption\">3878 Inauguracao do Colegio Ivo Silveira 1970 11 reuniao<\/figcaption><\/figure><\/li><li class=\"blocks-gallery-item\"><figure><img loading=\"lazy\" decoding=\"async\" width=\"950\" height=\"554\" src=\"http:\/\/culturabc.com.br\/arquivo\/wp-content\/uploads\/2021\/07\/3877-Inauguracao-da-Praca-Duque-de-Caxias-no-canto-da-praia-decada-de-1970_11-reuniao.jpg\" alt=\"3877 Inauguracao da Praca Duque de Caxias no canto da praia decada de 1970 11 reuniao\" data-id=\"26359\" data-full-url=\"http:\/\/culturabc.com.br\/arquivo\/wp-content\/uploads\/2021\/07\/3877-Inauguracao-da-Praca-Duque-de-Caxias-no-canto-da-praia-decada-de-1970_11-reuniao.jpg\" data-link=\"http:\/\/culturabc.com.br\/arquivo\/3877-inauguracao-da-praca-duque-de-caxias-no-canto-da-praia-decada-de-1970_11-reuniao\/\" class=\"wp-image-26359\" srcset=\"https:\/\/culturabc.com.br\/arquivo\/wp-content\/uploads\/2021\/07\/3877-Inauguracao-da-Praca-Duque-de-Caxias-no-canto-da-praia-decada-de-1970_11-reuniao.jpg 950w, https:\/\/culturabc.com.br\/arquivo\/wp-content\/uploads\/2021\/07\/3877-Inauguracao-da-Praca-Duque-de-Caxias-no-canto-da-praia-decada-de-1970_11-reuniao-300x175.jpg 300w, https:\/\/culturabc.com.br\/arquivo\/wp-content\/uploads\/2021\/07\/3877-Inauguracao-da-Praca-Duque-de-Caxias-no-canto-da-praia-decada-de-1970_11-reuniao-768x448.jpg 768w\" sizes=\"(max-width: 950px) 100vw, 950px\" \/><figcaption class=\"blocks-gallery-item__caption\">3877 Inauguracao da Praca Duque de Caxias no canto da praia decada de 1970 11 reuniao<\/figcaption><\/figure><\/li><li class=\"blocks-gallery-item\"><figure><img loading=\"lazy\" decoding=\"async\" width=\"950\" height=\"623\" src=\"http:\/\/culturabc.com.br\/arquivo\/wp-content\/uploads\/2021\/07\/3876-Praia-de-Camboriu-decada-de-1940_11-reuniao.jpg\" alt=\"3876 Praia de Camboriu decada de 1940 11 reuniao\" data-id=\"26358\" data-full-url=\"http:\/\/culturabc.com.br\/arquivo\/wp-content\/uploads\/2021\/07\/3876-Praia-de-Camboriu-decada-de-1940_11-reuniao.jpg\" data-link=\"http:\/\/culturabc.com.br\/arquivo\/3876-praia-de-camboriu-decada-de-1940_11-reuniao\/\" class=\"wp-image-26358\" srcset=\"https:\/\/culturabc.com.br\/arquivo\/wp-content\/uploads\/2021\/07\/3876-Praia-de-Camboriu-decada-de-1940_11-reuniao.jpg 950w, https:\/\/culturabc.com.br\/arquivo\/wp-content\/uploads\/2021\/07\/3876-Praia-de-Camboriu-decada-de-1940_11-reuniao-300x197.jpg 300w, https:\/\/culturabc.com.br\/arquivo\/wp-content\/uploads\/2021\/07\/3876-Praia-de-Camboriu-decada-de-1940_11-reuniao-768x504.jpg 768w\" sizes=\"(max-width: 950px) 100vw, 950px\" \/><figcaption class=\"blocks-gallery-item__caption\">3876 Praia de Camboriu decada de 1940 11 reuniao<\/figcaption><\/figure><\/li><li class=\"blocks-gallery-item\"><figure><img loading=\"lazy\" decoding=\"async\" width=\"950\" height=\"621\" src=\"http:\/\/culturabc.com.br\/arquivo\/wp-content\/uploads\/2021\/07\/3880-Rene-e-Nazira-Buatin-decada-de-1960_11-reuniao.jpg\" alt=\"3880 Rene e Nazira Buatin decada de 1960 11 reuniao\" data-id=\"26357\" data-full-url=\"http:\/\/culturabc.com.br\/arquivo\/wp-content\/uploads\/2021\/07\/3880-Rene-e-Nazira-Buatin-decada-de-1960_11-reuniao.jpg\" data-link=\"http:\/\/culturabc.com.br\/arquivo\/3880-rene-e-nazira-buatin-decada-de-1960_11-reuniao\/\" class=\"wp-image-26357\" srcset=\"https:\/\/culturabc.com.br\/arquivo\/wp-content\/uploads\/2021\/07\/3880-Rene-e-Nazira-Buatin-decada-de-1960_11-reuniao.jpg 950w, https:\/\/culturabc.com.br\/arquivo\/wp-content\/uploads\/2021\/07\/3880-Rene-e-Nazira-Buatin-decada-de-1960_11-reuniao-300x196.jpg 300w, https:\/\/culturabc.com.br\/arquivo\/wp-content\/uploads\/2021\/07\/3880-Rene-e-Nazira-Buatin-decada-de-1960_11-reuniao-768x502.jpg 768w\" sizes=\"(max-width: 950px) 100vw, 950px\" \/><figcaption class=\"blocks-gallery-item__caption\">3880 Rene e Nazira Buatin decada de 1960 11 reuniao<\/figcaption><\/figure><\/li><li class=\"blocks-gallery-item\"><figure><img loading=\"lazy\" decoding=\"async\" width=\"950\" height=\"708\" src=\"http:\/\/culturabc.com.br\/arquivo\/wp-content\/uploads\/2021\/07\/569-Avenida-Atlantica-com-a-Avenida-Central-decada-de-1960_11-reuniao.jpg\" alt=\"569 Avenida Atlantica com a Avenida Central decada de 1960 11 reuniao\" data-id=\"26354\" data-full-url=\"http:\/\/culturabc.com.br\/arquivo\/wp-content\/uploads\/2021\/07\/569-Avenida-Atlantica-com-a-Avenida-Central-decada-de-1960_11-reuniao.jpg\" data-link=\"http:\/\/culturabc.com.br\/arquivo\/569-avenida-atlantica-com-a-avenida-central-decada-de-1960_11-reuniao\/\" class=\"wp-image-26354\" srcset=\"https:\/\/culturabc.com.br\/arquivo\/wp-content\/uploads\/2021\/07\/569-Avenida-Atlantica-com-a-Avenida-Central-decada-de-1960_11-reuniao.jpg 950w, https:\/\/culturabc.com.br\/arquivo\/wp-content\/uploads\/2021\/07\/569-Avenida-Atlantica-com-a-Avenida-Central-decada-de-1960_11-reuniao-300x224.jpg 300w, https:\/\/culturabc.com.br\/arquivo\/wp-content\/uploads\/2021\/07\/569-Avenida-Atlantica-com-a-Avenida-Central-decada-de-1960_11-reuniao-768x572.jpg 768w\" sizes=\"(max-width: 950px) 100vw, 950px\" \/><figcaption class=\"blocks-gallery-item__caption\">569 Avenida Atlantica com a Avenida Central decada de 1960 11 reuniao<\/figcaption><\/figure><\/li><\/ul><\/figure>\n","protected":false},"excerpt":{"rendered":"<p>11\u00aa reuni\u00e3o Data: 28 de agosto de 2019Local: Arquivo Hist\u00f3rico de Balne\u00e1rio Cambori\u00faColaboradores: Ademar Silva, \u00c1lvaro Silva, Ant\u00f4nio Jorge de Borba, Fernando Delatorre, Isaque de Borba Corr\u00eaa, Jo\u00e3o Carlos da Silva e Jurandir KnabbenConvidada: Maria da Gra\u00e7a Krobel Cardoso (Dona Filhinha)Fotografias identificadas: 19 imagens Fotografias identificadas<\/p>\n","protected":false},"author":1,"featured_media":0,"parent":0,"menu_order":0,"comment_status":"closed","ping_status":"closed","template":"","meta":{"footnotes":""},"class_list":["post-25754","page","type-page","status-publish","hentry"],"_links":{"self":[{"href":"https:\/\/culturabc.com.br\/arquivo\/wp-json\/wp\/v2\/pages\/25754","targetHints":{"allow":["GET"]}}],"collection":[{"href":"https:\/\/culturabc.com.br\/arquivo\/wp-json\/wp\/v2\/pages"}],"about":[{"href":"https:\/\/culturabc.com.br\/arquivo\/wp-json\/wp\/v2\/types\/page"}],"author":[{"embeddable":true,"href":"https:\/\/culturabc.com.br\/arquivo\/wp-json\/wp\/v2\/users\/1"}],"replies":[{"embeddable":true,"href":"https:\/\/culturabc.com.br\/arquivo\/wp-json\/wp\/v2\/comments?post=25754"}],"version-history":[{"count":4,"href":"https:\/\/culturabc.com.br\/arquivo\/wp-json\/wp\/v2\/pages\/25754\/revisions"}],"predecessor-version":[{"id":26530,"href":"https:\/\/culturabc.com.br\/arquivo\/wp-json\/wp\/v2\/pages\/25754\/revisions\/26530"}],"wp:attachment":[{"href":"https:\/\/culturabc.com.br\/arquivo\/wp-json\/wp\/v2\/media?parent=25754"}],"curies":[{"name":"wp","href":"https:\/\/api.w.org\/{rel}","templated":true}]}}