{"id":25755,"date":"2021-07-19T14:25:45","date_gmt":"2021-07-19T17:25:45","guid":{"rendered":"http:\/\/culturabc.com.br\/arquivo\/?page_id=25755"},"modified":"2021-07-20T12:38:24","modified_gmt":"2021-07-20T15:38:24","slug":"10a-reuniao","status":"publish","type":"page","link":"https:\/\/culturabc.com.br\/arquivo\/10a-reuniao\/","title":{"rendered":"10\u00aa Reuni\u00e3o"},"content":{"rendered":"\n<h2 class=\"wp-block-heading\"><strong>10\u00aa reuni\u00e3o<\/strong><\/h2>\n\n\n\n<p><strong>Data: 17 de julho de 2019<\/strong><br>Local: C\u00e2mara de Vereadores de Balne\u00e1rio Cambori\u00fa<br>Colaboradores: Ademar Silva, \u00c1lvaro Silva, Ant\u00f4nio Jorge de Borba, Carlos Schlup, Erotides Campos, Jo\u00e3o Carlos da Silva, Isaque de Borba Corr\u00eaa, Jurandir Knabben, Luiz Carlos Chedid e Remi Os\u00f3rio<br>Convidados especiais: Arlete Chedid e Moacir Schlup<br>Fotografias identificadas: 20 imagens<br>Evento em comemora\u00e7\u00e3o aos 55 anos de Balne\u00e1rio Cambori\u00fa. Na ocasi\u00e3o foi falado sobre os 170 anos da primeira men\u00e7\u00e3o oficial da nossa territorialidade.<\/p>\n\n\n\n<h2 class=\"wp-block-heading\">Fotografias identificadas<\/h2>\n\n\n\n<figure class=\"wp-block-gallery columns-3 is-cropped wp-block-gallery-1 is-layout-flex wp-block-gallery-is-layout-flex\"><ul class=\"blocks-gallery-grid\"><li class=\"blocks-gallery-item\"><figure><a href=\"http:\/\/culturabc.com.br\/arquivo\/wp-content\/uploads\/2021\/07\/3614-Rua-Hermogenes-Assis-Feijo-que-tambem-e-chamada-de-Antonio-Domingos-da-Silva-Bairro-Sao-Judas-Tadeu-decada-de-1970_10-reuniao.jpg\"><img fetchpriority=\"high\" decoding=\"async\" width=\"1024\" height=\"600\" src=\"http:\/\/culturabc.com.br\/arquivo\/wp-content\/uploads\/2021\/07\/3614-Rua-Hermogenes-Assis-Feijo-que-tambem-e-chamada-de-Antonio-Domingos-da-Silva-Bairro-Sao-Judas-Tadeu-decada-de-1970_10-reuniao-1024x600.jpg\" alt=\"3614 Rua Hermogenes Assis Feijo que tambem e chamada de Antonio Domingos da Silva Bairro Sao Judas Tadeu decada de 1970 10 reuniao\" data-id=\"26443\" data-full-url=\"http:\/\/culturabc.com.br\/arquivo\/wp-content\/uploads\/2021\/07\/3614-Rua-Hermogenes-Assis-Feijo-que-tambem-e-chamada-de-Antonio-Domingos-da-Silva-Bairro-Sao-Judas-Tadeu-decada-de-1970_10-reuniao.jpg\" data-link=\"http:\/\/culturabc.com.br\/arquivo\/3614-rua-hermogenes-assis-feijo-que-tambem-e-chamada-de-antonio-domingos-da-silva-bairro-sao-judas-tadeu-decada-de-1970_10-reuniao\/\" class=\"wp-image-26443\" srcset=\"https:\/\/culturabc.com.br\/arquivo\/wp-content\/uploads\/2021\/07\/3614-Rua-Hermogenes-Assis-Feijo-que-tambem-e-chamada-de-Antonio-Domingos-da-Silva-Bairro-Sao-Judas-Tadeu-decada-de-1970_10-reuniao-1024x600.jpg 1024w, https:\/\/culturabc.com.br\/arquivo\/wp-content\/uploads\/2021\/07\/3614-Rua-Hermogenes-Assis-Feijo-que-tambem-e-chamada-de-Antonio-Domingos-da-Silva-Bairro-Sao-Judas-Tadeu-decada-de-1970_10-reuniao-300x176.jpg 300w, https:\/\/culturabc.com.br\/arquivo\/wp-content\/uploads\/2021\/07\/3614-Rua-Hermogenes-Assis-Feijo-que-tambem-e-chamada-de-Antonio-Domingos-da-Silva-Bairro-Sao-Judas-Tadeu-decada-de-1970_10-reuniao-768x450.jpg 768w, https:\/\/culturabc.com.br\/arquivo\/wp-content\/uploads\/2021\/07\/3614-Rua-Hermogenes-Assis-Feijo-que-tambem-e-chamada-de-Antonio-Domingos-da-Silva-Bairro-Sao-Judas-Tadeu-decada-de-1970_10-reuniao.jpg 1453w\" sizes=\"(max-width: 1024px) 100vw, 1024px\" \/><\/a><figcaption class=\"blocks-gallery-item__caption\">3614 Rua Hermogenes Assis Feijo que tambem e chamada de Antonio Domingos da Silva Bairro Sao Judas Tadeu decada de 1970 10 reuniao<\/figcaption><\/figure><\/li><li class=\"blocks-gallery-item\"><figure><a href=\"http:\/\/culturabc.com.br\/arquivo\/wp-content\/uploads\/2021\/07\/3613-Rua-Hermogenes-Assis-Feijo-que-tambem-e-chamada-de-Antonio-Domingos-da-Silva-Bairro-Sao-Judas-Tadeu-decada-de-1970_10-reuniao.jpg\"><img decoding=\"async\" width=\"1024\" height=\"619\" src=\"http:\/\/culturabc.com.br\/arquivo\/wp-content\/uploads\/2021\/07\/3613-Rua-Hermogenes-Assis-Feijo-que-tambem-e-chamada-de-Antonio-Domingos-da-Silva-Bairro-Sao-Judas-Tadeu-decada-de-1970_10-reuniao-1024x619.jpg\" alt=\"3613 Rua Hermogenes Assis Feijo que tambem e chamada de Antonio Domingos da Silva Bairro Sao Judas Tadeu decada de 1970 10 reuniao\" data-id=\"26442\" data-full-url=\"http:\/\/culturabc.com.br\/arquivo\/wp-content\/uploads\/2021\/07\/3613-Rua-Hermogenes-Assis-Feijo-que-tambem-e-chamada-de-Antonio-Domingos-da-Silva-Bairro-Sao-Judas-Tadeu-decada-de-1970_10-reuniao.jpg\" data-link=\"http:\/\/culturabc.com.br\/arquivo\/3613-rua-hermogenes-assis-feijo-que-tambem-e-chamada-de-antonio-domingos-da-silva-bairro-sao-judas-tadeu-decada-de-1970_10-reuniao\/\" class=\"wp-image-26442\" srcset=\"https:\/\/culturabc.com.br\/arquivo\/wp-content\/uploads\/2021\/07\/3613-Rua-Hermogenes-Assis-Feijo-que-tambem-e-chamada-de-Antonio-Domingos-da-Silva-Bairro-Sao-Judas-Tadeu-decada-de-1970_10-reuniao-1024x619.jpg 1024w, https:\/\/culturabc.com.br\/arquivo\/wp-content\/uploads\/2021\/07\/3613-Rua-Hermogenes-Assis-Feijo-que-tambem-e-chamada-de-Antonio-Domingos-da-Silva-Bairro-Sao-Judas-Tadeu-decada-de-1970_10-reuniao-300x181.jpg 300w, https:\/\/culturabc.com.br\/arquivo\/wp-content\/uploads\/2021\/07\/3613-Rua-Hermogenes-Assis-Feijo-que-tambem-e-chamada-de-Antonio-Domingos-da-Silva-Bairro-Sao-Judas-Tadeu-decada-de-1970_10-reuniao-768x464.jpg 768w, https:\/\/culturabc.com.br\/arquivo\/wp-content\/uploads\/2021\/07\/3613-Rua-Hermogenes-Assis-Feijo-que-tambem-e-chamada-de-Antonio-Domingos-da-Silva-Bairro-Sao-Judas-Tadeu-decada-de-1970_10-reuniao.jpg 1469w\" sizes=\"(max-width: 1024px) 100vw, 1024px\" \/><\/a><figcaption class=\"blocks-gallery-item__caption\">3613 Rua Hermogenes Assis Feijo que tambem e chamada de Antonio Domingos da Silva Bairro Sao Judas Tadeu decada de 1970 10 reuniao<\/figcaption><\/figure><\/li><li class=\"blocks-gallery-item\"><figure><a href=\"http:\/\/culturabc.com.br\/arquivo\/wp-content\/uploads\/2021\/07\/3612-Vista-parcial-da-Central-nas-proximidades-da-Rua-2400-onde-ficava-o-estabelecimento-do-Cafe-Maringa-decada-de-1960_10-reuniao.jpg\"><img decoding=\"async\" width=\"1024\" height=\"648\" src=\"http:\/\/culturabc.com.br\/arquivo\/wp-content\/uploads\/2021\/07\/3612-Vista-parcial-da-Central-nas-proximidades-da-Rua-2400-onde-ficava-o-estabelecimento-do-Cafe-Maringa-decada-de-1960_10-reuniao-1024x648.jpg\" alt=\"3612 Vista parcial da Central nas proximidades da Rua 2400 onde ficava o estabelecimento do Cafe Maringa decada de 1960 10 reuniao\" data-id=\"26441\" data-full-url=\"http:\/\/culturabc.com.br\/arquivo\/wp-content\/uploads\/2021\/07\/3612-Vista-parcial-da-Central-nas-proximidades-da-Rua-2400-onde-ficava-o-estabelecimento-do-Cafe-Maringa-decada-de-1960_10-reuniao.jpg\" data-link=\"http:\/\/culturabc.com.br\/arquivo\/3612-vista-parcial-da-central-nas-proximidades-da-rua-2400-onde-ficava-o-estabelecimento-do-cafe-maringa-decada-de-1960_10-reuniao\/\" class=\"wp-image-26441\" srcset=\"https:\/\/culturabc.com.br\/arquivo\/wp-content\/uploads\/2021\/07\/3612-Vista-parcial-da-Central-nas-proximidades-da-Rua-2400-onde-ficava-o-estabelecimento-do-Cafe-Maringa-decada-de-1960_10-reuniao-1024x648.jpg 1024w, https:\/\/culturabc.com.br\/arquivo\/wp-content\/uploads\/2021\/07\/3612-Vista-parcial-da-Central-nas-proximidades-da-Rua-2400-onde-ficava-o-estabelecimento-do-Cafe-Maringa-decada-de-1960_10-reuniao-300x190.jpg 300w, https:\/\/culturabc.com.br\/arquivo\/wp-content\/uploads\/2021\/07\/3612-Vista-parcial-da-Central-nas-proximidades-da-Rua-2400-onde-ficava-o-estabelecimento-do-Cafe-Maringa-decada-de-1960_10-reuniao-768x486.jpg 768w, https:\/\/culturabc.com.br\/arquivo\/wp-content\/uploads\/2021\/07\/3612-Vista-parcial-da-Central-nas-proximidades-da-Rua-2400-onde-ficava-o-estabelecimento-do-Cafe-Maringa-decada-de-1960_10-reuniao.jpg 1529w\" sizes=\"(max-width: 1024px) 100vw, 1024px\" \/><\/a><figcaption class=\"blocks-gallery-item__caption\">3612 Vista parcial da Central nas proximidades da Rua 2400 onde ficava o estabelecimento do Cafe Maringa decada de 1960 10 reuniao<\/figcaption><\/figure><\/li><li class=\"blocks-gallery-item\"><figure><a href=\"http:\/\/culturabc.com.br\/arquivo\/wp-content\/uploads\/2021\/07\/3610-Vista-aerea-parcial-da-Avenida-do-Estado-a-esquerda-temos-a-vista-parcial-da-Rua-Australia-1965_10-reuniao.jpg\"><img loading=\"lazy\" decoding=\"async\" width=\"1024\" height=\"714\" src=\"http:\/\/culturabc.com.br\/arquivo\/wp-content\/uploads\/2021\/07\/3610-Vista-aerea-parcial-da-Avenida-do-Estado-a-esquerda-temos-a-vista-parcial-da-Rua-Australia-1965_10-reuniao-1024x714.jpg\" alt=\"3610 Vista aerea parcial da Avenida do Estado a esquerda temos a vista parcial da Rua Australia 1965 10 reuniao\" data-id=\"26440\" data-full-url=\"http:\/\/culturabc.com.br\/arquivo\/wp-content\/uploads\/2021\/07\/3610-Vista-aerea-parcial-da-Avenida-do-Estado-a-esquerda-temos-a-vista-parcial-da-Rua-Australia-1965_10-reuniao.jpg\" data-link=\"http:\/\/culturabc.com.br\/arquivo\/3610-vista-aerea-parcial-da-avenida-do-estado-a-esquerda-temos-a-vista-parcial-da-rua-australia-1965_10-reuniao\/\" class=\"wp-image-26440\" srcset=\"https:\/\/culturabc.com.br\/arquivo\/wp-content\/uploads\/2021\/07\/3610-Vista-aerea-parcial-da-Avenida-do-Estado-a-esquerda-temos-a-vista-parcial-da-Rua-Australia-1965_10-reuniao-1024x714.jpg 1024w, https:\/\/culturabc.com.br\/arquivo\/wp-content\/uploads\/2021\/07\/3610-Vista-aerea-parcial-da-Avenida-do-Estado-a-esquerda-temos-a-vista-parcial-da-Rua-Australia-1965_10-reuniao-300x209.jpg 300w, https:\/\/culturabc.com.br\/arquivo\/wp-content\/uploads\/2021\/07\/3610-Vista-aerea-parcial-da-Avenida-do-Estado-a-esquerda-temos-a-vista-parcial-da-Rua-Australia-1965_10-reuniao-768x536.jpg 768w, https:\/\/culturabc.com.br\/arquivo\/wp-content\/uploads\/2021\/07\/3610-Vista-aerea-parcial-da-Avenida-do-Estado-a-esquerda-temos-a-vista-parcial-da-Rua-Australia-1965_10-reuniao-1536x1071.jpg 1536w, https:\/\/culturabc.com.br\/arquivo\/wp-content\/uploads\/2021\/07\/3610-Vista-aerea-parcial-da-Avenida-do-Estado-a-esquerda-temos-a-vista-parcial-da-Rua-Australia-1965_10-reuniao-2048x1428.jpg 2048w\" sizes=\"(max-width: 1024px) 100vw, 1024px\" \/><\/a><figcaption class=\"blocks-gallery-item__caption\">3610 Vista aerea parcial da Avenida do Estado a esquerda temos a vista parcial da Rua Australia 1965 10 reuniao<\/figcaption><\/figure><\/li><li class=\"blocks-gallery-item\"><figure><a href=\"http:\/\/culturabc.com.br\/arquivo\/wp-content\/uploads\/2021\/07\/3609-Avenida-do-Estado-a-direita-esta-a-Avenida-Central-a-esquerda-esta-a-Rua-Dinamarca-na-rotula-esta-o-Monumento-do-Rotary-1975._10-reuniao.jpg\"><img loading=\"lazy\" decoding=\"async\" width=\"1024\" height=\"659\" src=\"http:\/\/culturabc.com.br\/arquivo\/wp-content\/uploads\/2021\/07\/3609-Avenida-do-Estado-a-direita-esta-a-Avenida-Central-a-esquerda-esta-a-Rua-Dinamarca-na-rotula-esta-o-Monumento-do-Rotary-1975._10-reuniao-1024x659.jpg\" alt=\"3609 Avenida do Estado a direita esta a Avenida Central a esquerda esta a Rua Dinamarca na rotula esta o Monumento do Rotary 1975. 10 reuniao\" data-id=\"26439\" data-full-url=\"http:\/\/culturabc.com.br\/arquivo\/wp-content\/uploads\/2021\/07\/3609-Avenida-do-Estado-a-direita-esta-a-Avenida-Central-a-esquerda-esta-a-Rua-Dinamarca-na-rotula-esta-o-Monumento-do-Rotary-1975._10-reuniao.jpg\" data-link=\"http:\/\/culturabc.com.br\/arquivo\/3609-avenida-do-estado-a-direita-esta-a-avenida-central-a-esquerda-esta-a-rua-dinamarca-na-rotula-esta-o-monumento-do-rotary-1975-_10-reuniao\/\" class=\"wp-image-26439\" srcset=\"https:\/\/culturabc.com.br\/arquivo\/wp-content\/uploads\/2021\/07\/3609-Avenida-do-Estado-a-direita-esta-a-Avenida-Central-a-esquerda-esta-a-Rua-Dinamarca-na-rotula-esta-o-Monumento-do-Rotary-1975._10-reuniao-1024x659.jpg 1024w, https:\/\/culturabc.com.br\/arquivo\/wp-content\/uploads\/2021\/07\/3609-Avenida-do-Estado-a-direita-esta-a-Avenida-Central-a-esquerda-esta-a-Rua-Dinamarca-na-rotula-esta-o-Monumento-do-Rotary-1975._10-reuniao-300x193.jpg 300w, https:\/\/culturabc.com.br\/arquivo\/wp-content\/uploads\/2021\/07\/3609-Avenida-do-Estado-a-direita-esta-a-Avenida-Central-a-esquerda-esta-a-Rua-Dinamarca-na-rotula-esta-o-Monumento-do-Rotary-1975._10-reuniao-768x494.jpg 768w, https:\/\/culturabc.com.br\/arquivo\/wp-content\/uploads\/2021\/07\/3609-Avenida-do-Estado-a-direita-esta-a-Avenida-Central-a-esquerda-esta-a-Rua-Dinamarca-na-rotula-esta-o-Monumento-do-Rotary-1975._10-reuniao-1536x989.jpg 1536w, https:\/\/culturabc.com.br\/arquivo\/wp-content\/uploads\/2021\/07\/3609-Avenida-do-Estado-a-direita-esta-a-Avenida-Central-a-esquerda-esta-a-Rua-Dinamarca-na-rotula-esta-o-Monumento-do-Rotary-1975._10-reuniao-2048x1319.jpg 2048w\" sizes=\"(max-width: 1024px) 100vw, 1024px\" \/><\/a><figcaption class=\"blocks-gallery-item__caption\">3609 Avenida do Estado a direita esta a Avenida Central a esquerda esta a Rua Dinamarca na rotula esta o Monumento do Rotary 1975. 10 reuniao<\/figcaption><\/figure><\/li><li class=\"blocks-gallery-item\"><figure><a href=\"http:\/\/culturabc.com.br\/arquivo\/wp-content\/uploads\/2021\/07\/3607-Vista-central-da-Praia-de-Camboriu-apos-enxurrada-onde-hoje-e-a-Praca-Almirante-Tamandare-ao-fundo-Ilha-das-Cabras-1954_10-reuniao.jpg\"><img loading=\"lazy\" decoding=\"async\" width=\"1024\" height=\"646\" src=\"http:\/\/culturabc.com.br\/arquivo\/wp-content\/uploads\/2021\/07\/3607-Vista-central-da-Praia-de-Camboriu-apos-enxurrada-onde-hoje-e-a-Praca-Almirante-Tamandare-ao-fundo-Ilha-das-Cabras-1954_10-reuniao-1024x646.jpg\" alt=\"3607 Vista central da Praia de Camboriu apos enxurrada onde hoje e a Praca Almirante Tamandare ao fundo Ilha das Cabras 1954 10 reuniao\" data-id=\"26438\" data-full-url=\"http:\/\/culturabc.com.br\/arquivo\/wp-content\/uploads\/2021\/07\/3607-Vista-central-da-Praia-de-Camboriu-apos-enxurrada-onde-hoje-e-a-Praca-Almirante-Tamandare-ao-fundo-Ilha-das-Cabras-1954_10-reuniao.jpg\" data-link=\"http:\/\/culturabc.com.br\/arquivo\/3607-vista-central-da-praia-de-camboriu-apos-enxurrada-onde-hoje-e-a-praca-almirante-tamandare-ao-fundo-ilha-das-cabras-1954_10-reuniao\/\" class=\"wp-image-26438\" srcset=\"https:\/\/culturabc.com.br\/arquivo\/wp-content\/uploads\/2021\/07\/3607-Vista-central-da-Praia-de-Camboriu-apos-enxurrada-onde-hoje-e-a-Praca-Almirante-Tamandare-ao-fundo-Ilha-das-Cabras-1954_10-reuniao-1024x646.jpg 1024w, https:\/\/culturabc.com.br\/arquivo\/wp-content\/uploads\/2021\/07\/3607-Vista-central-da-Praia-de-Camboriu-apos-enxurrada-onde-hoje-e-a-Praca-Almirante-Tamandare-ao-fundo-Ilha-das-Cabras-1954_10-reuniao-300x189.jpg 300w, https:\/\/culturabc.com.br\/arquivo\/wp-content\/uploads\/2021\/07\/3607-Vista-central-da-Praia-de-Camboriu-apos-enxurrada-onde-hoje-e-a-Praca-Almirante-Tamandare-ao-fundo-Ilha-das-Cabras-1954_10-reuniao-768x485.jpg 768w, https:\/\/culturabc.com.br\/arquivo\/wp-content\/uploads\/2021\/07\/3607-Vista-central-da-Praia-de-Camboriu-apos-enxurrada-onde-hoje-e-a-Praca-Almirante-Tamandare-ao-fundo-Ilha-das-Cabras-1954_10-reuniao.jpg 1234w\" sizes=\"(max-width: 1024px) 100vw, 1024px\" \/><\/a><figcaption class=\"blocks-gallery-item__caption\">3607 Vista central da Praia de Camboriu apos enxurrada onde hoje e a Praca Almirante Tamandare ao fundo Ilha das Cabras 1954 10 reuniao<\/figcaption><\/figure><\/li><li class=\"blocks-gallery-item\"><figure><a href=\"http:\/\/culturabc.com.br\/arquivo\/wp-content\/uploads\/2021\/07\/3604-Restaurante-O-Vagao-Avenida-Atlantica-no-1850-onde-hoje-esta-localizado-o-Edificio-Maria-Amelia-decada-de-1970._10-reuniao-scaled.jpg\"><img loading=\"lazy\" decoding=\"async\" width=\"1024\" height=\"638\" src=\"http:\/\/culturabc.com.br\/arquivo\/wp-content\/uploads\/2021\/07\/3604-Restaurante-O-Vagao-Avenida-Atlantica-no-1850-onde-hoje-esta-localizado-o-Edificio-Maria-Amelia-decada-de-1970._10-reuniao-1024x638.jpg\" alt=\"3604 Restaurante O Vagao Avenida Atlantica no 1850 onde hoje esta localizado o Edificio Maria Amelia decada de 1970. 10 reuniao scaled\" data-id=\"26437\" data-full-url=\"http:\/\/culturabc.com.br\/arquivo\/wp-content\/uploads\/2021\/07\/3604-Restaurante-O-Vagao-Avenida-Atlantica-no-1850-onde-hoje-esta-localizado-o-Edificio-Maria-Amelia-decada-de-1970._10-reuniao-scaled.jpg\" data-link=\"http:\/\/culturabc.com.br\/arquivo\/3604-restaurante-o-vagao-avenida-atlantica-no-1850-onde-hoje-esta-localizado-o-edificio-maria-amelia-decada-de-1970-_10-reuniao\/\" class=\"wp-image-26437\" srcset=\"https:\/\/culturabc.com.br\/arquivo\/wp-content\/uploads\/2021\/07\/3604-Restaurante-O-Vagao-Avenida-Atlantica-no-1850-onde-hoje-esta-localizado-o-Edificio-Maria-Amelia-decada-de-1970._10-reuniao-1024x638.jpg 1024w, https:\/\/culturabc.com.br\/arquivo\/wp-content\/uploads\/2021\/07\/3604-Restaurante-O-Vagao-Avenida-Atlantica-no-1850-onde-hoje-esta-localizado-o-Edificio-Maria-Amelia-decada-de-1970._10-reuniao-300x187.jpg 300w, https:\/\/culturabc.com.br\/arquivo\/wp-content\/uploads\/2021\/07\/3604-Restaurante-O-Vagao-Avenida-Atlantica-no-1850-onde-hoje-esta-localizado-o-Edificio-Maria-Amelia-decada-de-1970._10-reuniao-768x479.jpg 768w, https:\/\/culturabc.com.br\/arquivo\/wp-content\/uploads\/2021\/07\/3604-Restaurante-O-Vagao-Avenida-Atlantica-no-1850-onde-hoje-esta-localizado-o-Edificio-Maria-Amelia-decada-de-1970._10-reuniao-1536x958.jpg 1536w, https:\/\/culturabc.com.br\/arquivo\/wp-content\/uploads\/2021\/07\/3604-Restaurante-O-Vagao-Avenida-Atlantica-no-1850-onde-hoje-esta-localizado-o-Edificio-Maria-Amelia-decada-de-1970._10-reuniao-2048x1277.jpg 2048w\" sizes=\"(max-width: 1024px) 100vw, 1024px\" \/><\/a><figcaption class=\"blocks-gallery-item__caption\">3604 Restaurante O Vagao Avenida Atlantica no 1850 onde hoje esta localizado o Edificio Maria Amelia decada de 1970. 10 reuniao scaled<\/figcaption><\/figure><\/li><li class=\"blocks-gallery-item\"><figure><a href=\"http:\/\/culturabc.com.br\/arquivo\/wp-content\/uploads\/2021\/07\/3605-Praca-do-Pescador-Bairro-da-Barra-ao-fundo-Casa-Linhares-e-Capela-Santo-Amaro-decada-de-1970.-copiar_10-reuniao.jpg\"><img loading=\"lazy\" decoding=\"async\" width=\"427\" height=\"279\" src=\"http:\/\/culturabc.com.br\/arquivo\/wp-content\/uploads\/2021\/07\/3605-Praca-do-Pescador-Bairro-da-Barra-ao-fundo-Casa-Linhares-e-Capela-Santo-Amaro-decada-de-1970.-copiar_10-reuniao.jpg\" alt=\"3605 Praca do Pescador Bairro da Barra ao fundo Casa Linhares e Capela Santo Amaro decada de 1970. copiar 10 reuniao\" data-id=\"26432\" data-full-url=\"http:\/\/culturabc.com.br\/arquivo\/wp-content\/uploads\/2021\/07\/3605-Praca-do-Pescador-Bairro-da-Barra-ao-fundo-Casa-Linhares-e-Capela-Santo-Amaro-decada-de-1970.-copiar_10-reuniao.jpg\" data-link=\"http:\/\/culturabc.com.br\/arquivo\/3605-praca-do-pescador-bairro-da-barra-ao-fundo-casa-linhares-e-capela-santo-amaro-decada-de-1970-copiar_10-reuniao\/\" class=\"wp-image-26432\" srcset=\"https:\/\/culturabc.com.br\/arquivo\/wp-content\/uploads\/2021\/07\/3605-Praca-do-Pescador-Bairro-da-Barra-ao-fundo-Casa-Linhares-e-Capela-Santo-Amaro-decada-de-1970.-copiar_10-reuniao.jpg 427w, https:\/\/culturabc.com.br\/arquivo\/wp-content\/uploads\/2021\/07\/3605-Praca-do-Pescador-Bairro-da-Barra-ao-fundo-Casa-Linhares-e-Capela-Santo-Amaro-decada-de-1970.-copiar_10-reuniao-300x196.jpg 300w\" sizes=\"(max-width: 427px) 100vw, 427px\" \/><\/a><figcaption class=\"blocks-gallery-item__caption\">3605 Praca do Pescador Bairro da Barra ao fundo Casa Linhares e Capela Santo Amaro decada de 1970. copiar 10 reuniao<\/figcaption><\/figure><\/li><li class=\"blocks-gallery-item\"><figure><a href=\"http:\/\/culturabc.com.br\/arquivo\/wp-content\/uploads\/2021\/07\/1135-Frentista-Ramos-no-Auto-Posto-Av.-Central-decada-de-1960_10-reuniao.jpg\"><img loading=\"lazy\" decoding=\"async\" width=\"950\" height=\"584\" src=\"http:\/\/culturabc.com.br\/arquivo\/wp-content\/uploads\/2021\/07\/1135-Frentista-Ramos-no-Auto-Posto-Av.-Central-decada-de-1960_10-reuniao.jpg\" alt=\"1135 Frentista Ramos no Auto Posto Av. Central decada de 1960 10 reuniao\" data-id=\"26381\" data-full-url=\"http:\/\/culturabc.com.br\/arquivo\/wp-content\/uploads\/2021\/07\/1135-Frentista-Ramos-no-Auto-Posto-Av.-Central-decada-de-1960_10-reuniao.jpg\" data-link=\"http:\/\/culturabc.com.br\/arquivo\/1135-frentista-ramos-no-auto-posto-av-central-decada-de-1960_10-reuniao\/\" class=\"wp-image-26381\" srcset=\"https:\/\/culturabc.com.br\/arquivo\/wp-content\/uploads\/2021\/07\/1135-Frentista-Ramos-no-Auto-Posto-Av.-Central-decada-de-1960_10-reuniao.jpg 950w, https:\/\/culturabc.com.br\/arquivo\/wp-content\/uploads\/2021\/07\/1135-Frentista-Ramos-no-Auto-Posto-Av.-Central-decada-de-1960_10-reuniao-300x184.jpg 300w, https:\/\/culturabc.com.br\/arquivo\/wp-content\/uploads\/2021\/07\/1135-Frentista-Ramos-no-Auto-Posto-Av.-Central-decada-de-1960_10-reuniao-768x472.jpg 768w\" sizes=\"(max-width: 950px) 100vw, 950px\" \/><\/a><figcaption class=\"blocks-gallery-item__caption\">1135 Frentista Ramos no Auto Posto Av. Central decada de 1960 10 reuniao<\/figcaption><\/figure><\/li><li class=\"blocks-gallery-item\"><figure><a href=\"http:\/\/culturabc.com.br\/arquivo\/wp-content\/uploads\/2021\/07\/3602-Avenida-do-Estado-em-frente-a-rotula-onde-hoje-e-a-entrada-da-4a-Avenida-1975_10-reuniao.jpg\"><img loading=\"lazy\" decoding=\"async\" width=\"950\" height=\"595\" src=\"http:\/\/culturabc.com.br\/arquivo\/wp-content\/uploads\/2021\/07\/3602-Avenida-do-Estado-em-frente-a-rotula-onde-hoje-e-a-entrada-da-4a-Avenida-1975_10-reuniao.jpg\" alt=\"3602 Avenida do Estado em frente a rotula onde hoje e a entrada da 4a Avenida 1975 10 reuniao\" data-id=\"26380\" data-full-url=\"http:\/\/culturabc.com.br\/arquivo\/wp-content\/uploads\/2021\/07\/3602-Avenida-do-Estado-em-frente-a-rotula-onde-hoje-e-a-entrada-da-4a-Avenida-1975_10-reuniao.jpg\" data-link=\"http:\/\/culturabc.com.br\/arquivo\/3602-avenida-do-estado-em-frente-a-rotula-onde-hoje-e-a-entrada-da-4a-avenida-1975_10-reuniao\/\" class=\"wp-image-26380\" srcset=\"https:\/\/culturabc.com.br\/arquivo\/wp-content\/uploads\/2021\/07\/3602-Avenida-do-Estado-em-frente-a-rotula-onde-hoje-e-a-entrada-da-4a-Avenida-1975_10-reuniao.jpg 950w, https:\/\/culturabc.com.br\/arquivo\/wp-content\/uploads\/2021\/07\/3602-Avenida-do-Estado-em-frente-a-rotula-onde-hoje-e-a-entrada-da-4a-Avenida-1975_10-reuniao-300x188.jpg 300w, https:\/\/culturabc.com.br\/arquivo\/wp-content\/uploads\/2021\/07\/3602-Avenida-do-Estado-em-frente-a-rotula-onde-hoje-e-a-entrada-da-4a-Avenida-1975_10-reuniao-768x481.jpg 768w\" sizes=\"(max-width: 950px) 100vw, 950px\" \/><\/a><figcaption class=\"blocks-gallery-item__caption\">3602 Avenida do Estado em frente a rotula onde hoje e a entrada da 4a Avenida 1975 10 reuniao<\/figcaption><\/figure><\/li><li class=\"blocks-gallery-item\"><figure><a href=\"http:\/\/culturabc.com.br\/arquivo\/wp-content\/uploads\/2021\/07\/3601-Vista-parcial-do-Pontal-Norte-decada-de-1970._10-reuniao.jpg\"><img loading=\"lazy\" decoding=\"async\" width=\"950\" height=\"657\" src=\"http:\/\/culturabc.com.br\/arquivo\/wp-content\/uploads\/2021\/07\/3601-Vista-parcial-do-Pontal-Norte-decada-de-1970._10-reuniao.jpg\" alt=\"3601 Vista parcial do Pontal Norte decada de 1970. 10 reuniao\" data-id=\"26379\" data-full-url=\"http:\/\/culturabc.com.br\/arquivo\/wp-content\/uploads\/2021\/07\/3601-Vista-parcial-do-Pontal-Norte-decada-de-1970._10-reuniao.jpg\" data-link=\"http:\/\/culturabc.com.br\/arquivo\/3601-vista-parcial-do-pontal-norte-decada-de-1970-_10-reuniao\/\" class=\"wp-image-26379\" srcset=\"https:\/\/culturabc.com.br\/arquivo\/wp-content\/uploads\/2021\/07\/3601-Vista-parcial-do-Pontal-Norte-decada-de-1970._10-reuniao.jpg 950w, https:\/\/culturabc.com.br\/arquivo\/wp-content\/uploads\/2021\/07\/3601-Vista-parcial-do-Pontal-Norte-decada-de-1970._10-reuniao-300x207.jpg 300w, https:\/\/culturabc.com.br\/arquivo\/wp-content\/uploads\/2021\/07\/3601-Vista-parcial-do-Pontal-Norte-decada-de-1970._10-reuniao-768x531.jpg 768w\" sizes=\"(max-width: 950px) 100vw, 950px\" \/><\/a><figcaption class=\"blocks-gallery-item__caption\">3601 Vista parcial do Pontal Norte decada de 1970. 10 reuniao<\/figcaption><\/figure><\/li><li class=\"blocks-gallery-item\"><figure><a href=\"http:\/\/culturabc.com.br\/arquivo\/wp-content\/uploads\/2021\/07\/3600-Vista-parcial-dos-Bairros-Vila-Real-e-Jardim-Iate-Clube-1958_10-reuniao.jpg\"><img loading=\"lazy\" decoding=\"async\" width=\"950\" height=\"639\" src=\"http:\/\/culturabc.com.br\/arquivo\/wp-content\/uploads\/2021\/07\/3600-Vista-parcial-dos-Bairros-Vila-Real-e-Jardim-Iate-Clube-1958_10-reuniao.jpg\" alt=\"3600 Vista parcial dos Bairros Vila Real e Jardim Iate Clube 1958 10 reuniao\" data-id=\"26378\" data-full-url=\"http:\/\/culturabc.com.br\/arquivo\/wp-content\/uploads\/2021\/07\/3600-Vista-parcial-dos-Bairros-Vila-Real-e-Jardim-Iate-Clube-1958_10-reuniao.jpg\" data-link=\"http:\/\/culturabc.com.br\/arquivo\/3600-vista-parcial-dos-bairros-vila-real-e-jardim-iate-clube-1958_10-reuniao\/\" class=\"wp-image-26378\" srcset=\"https:\/\/culturabc.com.br\/arquivo\/wp-content\/uploads\/2021\/07\/3600-Vista-parcial-dos-Bairros-Vila-Real-e-Jardim-Iate-Clube-1958_10-reuniao.jpg 950w, https:\/\/culturabc.com.br\/arquivo\/wp-content\/uploads\/2021\/07\/3600-Vista-parcial-dos-Bairros-Vila-Real-e-Jardim-Iate-Clube-1958_10-reuniao-300x202.jpg 300w, https:\/\/culturabc.com.br\/arquivo\/wp-content\/uploads\/2021\/07\/3600-Vista-parcial-dos-Bairros-Vila-Real-e-Jardim-Iate-Clube-1958_10-reuniao-768x517.jpg 768w\" sizes=\"(max-width: 950px) 100vw, 950px\" \/><\/a><figcaption class=\"blocks-gallery-item__caption\">3600 Vista parcial dos Bairros Vila Real e Jardim Iate Clube 1958 10 reuniao<\/figcaption><\/figure><\/li><li class=\"blocks-gallery-item\"><figure><a href=\"http:\/\/culturabc.com.br\/arquivo\/wp-content\/uploads\/2021\/07\/3599-Cemiterio-da-Barra-decada-de-1960_10-reuniao.jpg\"><img loading=\"lazy\" decoding=\"async\" width=\"950\" height=\"673\" src=\"http:\/\/culturabc.com.br\/arquivo\/wp-content\/uploads\/2021\/07\/3599-Cemiterio-da-Barra-decada-de-1960_10-reuniao.jpg\" alt=\"3599 Cemiterio da Barra decada de 1960 10 reuniao\" data-id=\"26377\" data-full-url=\"http:\/\/culturabc.com.br\/arquivo\/wp-content\/uploads\/2021\/07\/3599-Cemiterio-da-Barra-decada-de-1960_10-reuniao.jpg\" data-link=\"http:\/\/culturabc.com.br\/arquivo\/3599-cemiterio-da-barra-decada-de-1960_10-reuniao\/\" class=\"wp-image-26377\" srcset=\"https:\/\/culturabc.com.br\/arquivo\/wp-content\/uploads\/2021\/07\/3599-Cemiterio-da-Barra-decada-de-1960_10-reuniao.jpg 950w, https:\/\/culturabc.com.br\/arquivo\/wp-content\/uploads\/2021\/07\/3599-Cemiterio-da-Barra-decada-de-1960_10-reuniao-300x213.jpg 300w, https:\/\/culturabc.com.br\/arquivo\/wp-content\/uploads\/2021\/07\/3599-Cemiterio-da-Barra-decada-de-1960_10-reuniao-768x544.jpg 768w\" sizes=\"(max-width: 950px) 100vw, 950px\" \/><\/a><figcaption class=\"blocks-gallery-item__caption\">3599 Cemiterio da Barra decada de 1960 10 reuniao<\/figcaption><\/figure><\/li><li class=\"blocks-gallery-item\"><figure><a href=\"http:\/\/culturabc.com.br\/arquivo\/wp-content\/uploads\/2021\/07\/3617-Inauguracao-da-Biblioteca-do-Colegio-Joao-Goulart-1966_10-reuniao.jpg\"><img loading=\"lazy\" decoding=\"async\" width=\"950\" height=\"692\" src=\"http:\/\/culturabc.com.br\/arquivo\/wp-content\/uploads\/2021\/07\/3617-Inauguracao-da-Biblioteca-do-Colegio-Joao-Goulart-1966_10-reuniao.jpg\" alt=\"3617 Inauguracao da Biblioteca do Colegio Joao Goulart 1966 10 reuniao\" data-id=\"26376\" data-full-url=\"http:\/\/culturabc.com.br\/arquivo\/wp-content\/uploads\/2021\/07\/3617-Inauguracao-da-Biblioteca-do-Colegio-Joao-Goulart-1966_10-reuniao.jpg\" data-link=\"http:\/\/culturabc.com.br\/arquivo\/3617-inauguracao-da-biblioteca-do-colegio-joao-goulart-1966_10-reuniao\/\" class=\"wp-image-26376\" srcset=\"https:\/\/culturabc.com.br\/arquivo\/wp-content\/uploads\/2021\/07\/3617-Inauguracao-da-Biblioteca-do-Colegio-Joao-Goulart-1966_10-reuniao.jpg 950w, https:\/\/culturabc.com.br\/arquivo\/wp-content\/uploads\/2021\/07\/3617-Inauguracao-da-Biblioteca-do-Colegio-Joao-Goulart-1966_10-reuniao-300x219.jpg 300w, https:\/\/culturabc.com.br\/arquivo\/wp-content\/uploads\/2021\/07\/3617-Inauguracao-da-Biblioteca-do-Colegio-Joao-Goulart-1966_10-reuniao-768x559.jpg 768w\" sizes=\"(max-width: 950px) 100vw, 950px\" \/><\/a><figcaption class=\"blocks-gallery-item__caption\">3617 Inauguracao da Biblioteca do Colegio Joao Goulart 1966 10 reuniao<\/figcaption><\/figure><\/li><li class=\"blocks-gallery-item\"><figure><a href=\"http:\/\/culturabc.com.br\/arquivo\/wp-content\/uploads\/2021\/07\/3611-Vista-parcial-da-Praia-de-Camboriu-foto-de-Hans-Richard-Karl-Wachs-1952_10-reuniao.jpg\"><img loading=\"lazy\" decoding=\"async\" width=\"950\" height=\"590\" src=\"http:\/\/culturabc.com.br\/arquivo\/wp-content\/uploads\/2021\/07\/3611-Vista-parcial-da-Praia-de-Camboriu-foto-de-Hans-Richard-Karl-Wachs-1952_10-reuniao.jpg\" alt=\"3611 Vista parcial da Praia de Camboriu foto de Hans Richard Karl Wachs 1952 10 reuniao\" data-id=\"26375\" data-full-url=\"http:\/\/culturabc.com.br\/arquivo\/wp-content\/uploads\/2021\/07\/3611-Vista-parcial-da-Praia-de-Camboriu-foto-de-Hans-Richard-Karl-Wachs-1952_10-reuniao.jpg\" data-link=\"http:\/\/culturabc.com.br\/arquivo\/3611-vista-parcial-da-praia-de-camboriu-foto-de-hans-richard-karl-wachs-1952_10-reuniao\/\" class=\"wp-image-26375\" srcset=\"https:\/\/culturabc.com.br\/arquivo\/wp-content\/uploads\/2021\/07\/3611-Vista-parcial-da-Praia-de-Camboriu-foto-de-Hans-Richard-Karl-Wachs-1952_10-reuniao.jpg 950w, https:\/\/culturabc.com.br\/arquivo\/wp-content\/uploads\/2021\/07\/3611-Vista-parcial-da-Praia-de-Camboriu-foto-de-Hans-Richard-Karl-Wachs-1952_10-reuniao-300x186.jpg 300w, https:\/\/culturabc.com.br\/arquivo\/wp-content\/uploads\/2021\/07\/3611-Vista-parcial-da-Praia-de-Camboriu-foto-de-Hans-Richard-Karl-Wachs-1952_10-reuniao-768x477.jpg 768w\" sizes=\"(max-width: 950px) 100vw, 950px\" \/><\/a><figcaption class=\"blocks-gallery-item__caption\">3611 Vista parcial da Praia de Camboriu foto de Hans Richard Karl Wachs 1952 10 reuniao<\/figcaption><\/figure><\/li><li class=\"blocks-gallery-item\"><figure><a href=\"http:\/\/culturabc.com.br\/arquivo\/wp-content\/uploads\/2021\/07\/3605-Praca-do-Pescador-Bairro-da-Barra-ao-fundo-Casa-Linhares-e-Capela-Santo-Amaro-decada-de-1970._10-reuniao.jpg\"><img loading=\"lazy\" decoding=\"async\" width=\"950\" height=\"621\" src=\"http:\/\/culturabc.com.br\/arquivo\/wp-content\/uploads\/2021\/07\/3605-Praca-do-Pescador-Bairro-da-Barra-ao-fundo-Casa-Linhares-e-Capela-Santo-Amaro-decada-de-1970._10-reuniao.jpg\" alt=\"3605 Praca do Pescador Bairro da Barra ao fundo Casa Linhares e Capela Santo Amaro decada de 1970. 10 reuniao\" data-id=\"26374\" data-full-url=\"http:\/\/culturabc.com.br\/arquivo\/wp-content\/uploads\/2021\/07\/3605-Praca-do-Pescador-Bairro-da-Barra-ao-fundo-Casa-Linhares-e-Capela-Santo-Amaro-decada-de-1970._10-reuniao.jpg\" data-link=\"http:\/\/culturabc.com.br\/arquivo\/3605-praca-do-pescador-bairro-da-barra-ao-fundo-casa-linhares-e-capela-santo-amaro-decada-de-1970-_10-reuniao\/\" class=\"wp-image-26374\" srcset=\"https:\/\/culturabc.com.br\/arquivo\/wp-content\/uploads\/2021\/07\/3605-Praca-do-Pescador-Bairro-da-Barra-ao-fundo-Casa-Linhares-e-Capela-Santo-Amaro-decada-de-1970._10-reuniao.jpg 950w, https:\/\/culturabc.com.br\/arquivo\/wp-content\/uploads\/2021\/07\/3605-Praca-do-Pescador-Bairro-da-Barra-ao-fundo-Casa-Linhares-e-Capela-Santo-Amaro-decada-de-1970._10-reuniao-300x196.jpg 300w, https:\/\/culturabc.com.br\/arquivo\/wp-content\/uploads\/2021\/07\/3605-Praca-do-Pescador-Bairro-da-Barra-ao-fundo-Casa-Linhares-e-Capela-Santo-Amaro-decada-de-1970._10-reuniao-768x502.jpg 768w\" sizes=\"(max-width: 950px) 100vw, 950px\" \/><\/a><figcaption class=\"blocks-gallery-item__caption\">3605 Praca do Pescador Bairro da Barra ao fundo Casa Linhares e Capela Santo Amaro decada de 1970. 10 reuniao<\/figcaption><\/figure><\/li><li class=\"blocks-gallery-item\"><figure><a href=\"http:\/\/culturabc.com.br\/arquivo\/wp-content\/uploads\/2021\/07\/3603-Cemiterio-da-Barra.-Na-imagem-Prefeito-Gilberto-Americo-Meirinho-com-coroa-de-flores-1974_10-reuniao.jpg\"><img loading=\"lazy\" decoding=\"async\" width=\"950\" height=\"624\" src=\"http:\/\/culturabc.com.br\/arquivo\/wp-content\/uploads\/2021\/07\/3603-Cemiterio-da-Barra.-Na-imagem-Prefeito-Gilberto-Americo-Meirinho-com-coroa-de-flores-1974_10-reuniao.jpg\" alt=\"3603 Cemiterio da Barra. Na imagem Prefeito Gilberto Americo Meirinho com coroa de flores 1974 10 reuniao\" data-id=\"26373\" data-full-url=\"http:\/\/culturabc.com.br\/arquivo\/wp-content\/uploads\/2021\/07\/3603-Cemiterio-da-Barra.-Na-imagem-Prefeito-Gilberto-Americo-Meirinho-com-coroa-de-flores-1974_10-reuniao.jpg\" data-link=\"http:\/\/culturabc.com.br\/arquivo\/3603-cemiterio-da-barra-na-imagem-prefeito-gilberto-americo-meirinho-com-coroa-de-flores-1974_10-reuniao\/\" class=\"wp-image-26373\" srcset=\"https:\/\/culturabc.com.br\/arquivo\/wp-content\/uploads\/2021\/07\/3603-Cemiterio-da-Barra.-Na-imagem-Prefeito-Gilberto-Americo-Meirinho-com-coroa-de-flores-1974_10-reuniao.jpg 950w, https:\/\/culturabc.com.br\/arquivo\/wp-content\/uploads\/2021\/07\/3603-Cemiterio-da-Barra.-Na-imagem-Prefeito-Gilberto-Americo-Meirinho-com-coroa-de-flores-1974_10-reuniao-300x197.jpg 300w, https:\/\/culturabc.com.br\/arquivo\/wp-content\/uploads\/2021\/07\/3603-Cemiterio-da-Barra.-Na-imagem-Prefeito-Gilberto-Americo-Meirinho-com-coroa-de-flores-1974_10-reuniao-768x504.jpg 768w\" sizes=\"(max-width: 950px) 100vw, 950px\" \/><\/a><figcaption class=\"blocks-gallery-item__caption\">3603 Cemiterio da Barra. Na imagem Prefeito Gilberto Americo Meirinho com coroa de flores 1974 10 reuniao<\/figcaption><\/figure><\/li><li class=\"blocks-gallery-item\"><figure><a href=\"http:\/\/culturabc.com.br\/arquivo\/wp-content\/uploads\/2021\/07\/3618-Inauguracao-do-1o-nucleo-habitacional-Dea-Cezar-Coufal-Concasa-Bairro-dos-Estados-18.07.1968_10-reuniao.jpg\"><img loading=\"lazy\" decoding=\"async\" width=\"950\" height=\"702\" src=\"http:\/\/culturabc.com.br\/arquivo\/wp-content\/uploads\/2021\/07\/3618-Inauguracao-do-1o-nucleo-habitacional-Dea-Cezar-Coufal-Concasa-Bairro-dos-Estados-18.07.1968_10-reuniao.jpg\" alt=\"3618 Inauguracao do 1o nucleo habitacional Dea Cezar Coufal Concasa Bairro dos Estados 18.07.1968 10 reuniao\" data-id=\"26372\" data-full-url=\"http:\/\/culturabc.com.br\/arquivo\/wp-content\/uploads\/2021\/07\/3618-Inauguracao-do-1o-nucleo-habitacional-Dea-Cezar-Coufal-Concasa-Bairro-dos-Estados-18.07.1968_10-reuniao.jpg\" data-link=\"http:\/\/culturabc.com.br\/arquivo\/3618-inauguracao-do-1o-nucleo-habitacional-dea-cezar-coufal-concasa-bairro-dos-estados-18-07-1968_10-reuniao\/\" class=\"wp-image-26372\" srcset=\"https:\/\/culturabc.com.br\/arquivo\/wp-content\/uploads\/2021\/07\/3618-Inauguracao-do-1o-nucleo-habitacional-Dea-Cezar-Coufal-Concasa-Bairro-dos-Estados-18.07.1968_10-reuniao.jpg 950w, https:\/\/culturabc.com.br\/arquivo\/wp-content\/uploads\/2021\/07\/3618-Inauguracao-do-1o-nucleo-habitacional-Dea-Cezar-Coufal-Concasa-Bairro-dos-Estados-18.07.1968_10-reuniao-300x222.jpg 300w, https:\/\/culturabc.com.br\/arquivo\/wp-content\/uploads\/2021\/07\/3618-Inauguracao-do-1o-nucleo-habitacional-Dea-Cezar-Coufal-Concasa-Bairro-dos-Estados-18.07.1968_10-reuniao-768x568.jpg 768w\" sizes=\"(max-width: 950px) 100vw, 950px\" \/><\/a><figcaption class=\"blocks-gallery-item__caption\">3618 Inauguracao do 1o nucleo habitacional Dea Cezar Coufal Concasa Bairro dos Estados 18.07.1968 10 reuniao<\/figcaption><\/figure><\/li><\/ul><\/figure>\n","protected":false},"excerpt":{"rendered":"<p>10\u00aa reuni\u00e3o Data: 17 de julho de 2019Local: C\u00e2mara de Vereadores de Balne\u00e1rio Cambori\u00faColaboradores: Ademar Silva, \u00c1lvaro Silva, Ant\u00f4nio Jorge de Borba, Carlos Schlup, Erotides Campos, Jo\u00e3o Carlos da Silva, Isaque de Borba Corr\u00eaa, Jurandir Knabben, Luiz Carlos Chedid e Remi Os\u00f3rioConvidados especiais: Arlete Chedid e Moacir SchlupFotografias identificadas: 20 imagensEvento em comemora\u00e7\u00e3o aos 55 &hellip;<\/p>\n<p class=\"read-more\"> <a class=\"\" href=\"https:\/\/culturabc.com.br\/arquivo\/10a-reuniao\/\"> <span class=\"screen-reader-text\">10\u00aa Reuni\u00e3o<\/span> Leia mais &raquo;<\/a><\/p>\n","protected":false},"author":1,"featured_media":0,"parent":0,"menu_order":0,"comment_status":"closed","ping_status":"closed","template":"","meta":{"footnotes":""},"class_list":["post-25755","page","type-page","status-publish","hentry"],"_links":{"self":[{"href":"https:\/\/culturabc.com.br\/arquivo\/wp-json\/wp\/v2\/pages\/25755","targetHints":{"allow":["GET"]}}],"collection":[{"href":"https:\/\/culturabc.com.br\/arquivo\/wp-json\/wp\/v2\/pages"}],"about":[{"href":"https:\/\/culturabc.com.br\/arquivo\/wp-json\/wp\/v2\/types\/page"}],"author":[{"embeddable":true,"href":"https:\/\/culturabc.com.br\/arquivo\/wp-json\/wp\/v2\/users\/1"}],"replies":[{"embeddable":true,"href":"https:\/\/culturabc.com.br\/arquivo\/wp-json\/wp\/v2\/comments?post=25755"}],"version-history":[{"count":4,"href":"https:\/\/culturabc.com.br\/arquivo\/wp-json\/wp\/v2\/pages\/25755\/revisions"}],"predecessor-version":[{"id":26529,"href":"https:\/\/culturabc.com.br\/arquivo\/wp-json\/wp\/v2\/pages\/25755\/revisions\/26529"}],"wp:attachment":[{"href":"https:\/\/culturabc.com.br\/arquivo\/wp-json\/wp\/v2\/media?parent=25755"}],"curies":[{"name":"wp","href":"https:\/\/api.w.org\/{rel}","templated":true}]}}