{"id":25757,"date":"2021-07-19T14:25:46","date_gmt":"2021-07-19T17:25:46","guid":{"rendered":"http:\/\/culturabc.com.br\/arquivo\/?page_id=25757"},"modified":"2021-07-20T12:38:23","modified_gmt":"2021-07-20T15:38:23","slug":"8a-reuniao","status":"publish","type":"page","link":"https:\/\/culturabc.com.br\/arquivo\/8a-reuniao\/","title":{"rendered":"8\u00aa Reuni\u00e3o"},"content":{"rendered":"\n<h2 class=\"wp-block-heading\"><strong>8\u00aa reuni\u00e3o<\/strong><\/h2>\n\n\n\n<p><strong>Data: 27 de mar\u00e7o de 2019<\/strong><br>Local: Edif\u00edcio Baturit\u00e9 Lounge House<br>Colaboradores: \u00c1lvaro Silva, Carlos Schlup, Erotides Campos, Luiz Carlos Chedid, Remi Os\u00f3rio e Jo\u00e3o Ricardo Scharf<br>Convidados especiais: Angelo Ricardo Christoffoli, Arlete Chedid, Claudin\u00e9ia Wolf (Zez\u00e9), Emery Lenz, Honorato Salvatti (Nato), Juan Carlos Amaya, Ligia Spernau, Maur\u00edcio Simas (Escova), Mister Paco (Banda Os Incr\u00edveis), Paulo Roberto Campos e Reiner Wolf<br>Fotografias identificadas: 15 imagens<br>Encontro especial com foco na Barra Sul, relembrando locais, pessoas e acontecimentos ligados \u00e0 regi\u00e3o.<\/p>\n\n\n\n<h2 class=\"wp-block-heading\">Fotografias identificadas<\/h2>\n\n\n\n<figure class=\"wp-block-gallery columns-3 is-cropped wp-block-gallery-1 is-layout-flex wp-block-gallery-is-layout-flex\"><ul class=\"blocks-gallery-grid\"><li class=\"blocks-gallery-item\"><figure><a href=\"http:\/\/culturabc.com.br\/arquivo\/wp-content\/uploads\/2021\/07\/3523-Vista-parcial-do-Bairro-da-Barra-ao-fundo-Migulas-Restaurant-e-Marla-Industria-de-Pescados-decada-de-1970_8-reuniao.jpg\"><img fetchpriority=\"high\" decoding=\"async\" width=\"960\" height=\"611\" src=\"http:\/\/culturabc.com.br\/arquivo\/wp-content\/uploads\/2021\/07\/3523-Vista-parcial-do-Bairro-da-Barra-ao-fundo-Migulas-Restaurant-e-Marla-Industria-de-Pescados-decada-de-1970_8-reuniao.jpg\" alt=\"3523 Vista parcial do Bairro da Barra ao fundo Migulas Restaurant e Marla Industria de Pescados decada de 1970 8 reuniao\" data-id=\"26448\" data-full-url=\"http:\/\/culturabc.com.br\/arquivo\/wp-content\/uploads\/2021\/07\/3523-Vista-parcial-do-Bairro-da-Barra-ao-fundo-Migulas-Restaurant-e-Marla-Industria-de-Pescados-decada-de-1970_8-reuniao.jpg\" data-link=\"http:\/\/culturabc.com.br\/arquivo\/3523-vista-parcial-do-bairro-da-barra-ao-fundo-migulas-restaurant-e-marla-industria-de-pescados-decada-de-1970_8-reuniao\/\" class=\"wp-image-26448\" srcset=\"https:\/\/culturabc.com.br\/arquivo\/wp-content\/uploads\/2021\/07\/3523-Vista-parcial-do-Bairro-da-Barra-ao-fundo-Migulas-Restaurant-e-Marla-Industria-de-Pescados-decada-de-1970_8-reuniao.jpg 960w, https:\/\/culturabc.com.br\/arquivo\/wp-content\/uploads\/2021\/07\/3523-Vista-parcial-do-Bairro-da-Barra-ao-fundo-Migulas-Restaurant-e-Marla-Industria-de-Pescados-decada-de-1970_8-reuniao-300x191.jpg 300w, https:\/\/culturabc.com.br\/arquivo\/wp-content\/uploads\/2021\/07\/3523-Vista-parcial-do-Bairro-da-Barra-ao-fundo-Migulas-Restaurant-e-Marla-Industria-de-Pescados-decada-de-1970_8-reuniao-768x489.jpg 768w\" sizes=\"(max-width: 960px) 100vw, 960px\" \/><\/a><figcaption class=\"blocks-gallery-item__caption\">3523 Vista parcial do Bairro da Barra ao fundo Migulas Restaurant e Marla Industria de Pescados decada de 1970 8 reuniao<\/figcaption><\/figure><\/li><li class=\"blocks-gallery-item\"><figure><a href=\"http:\/\/culturabc.com.br\/arquivo\/wp-content\/uploads\/2021\/07\/3519-Aerofotogrametria-das-Forcas-Armadas-Americanas.-As-pedras-foram-colocadas-para-o-mar-nao-avancar-1938_8-reuniao-scaled.jpg\"><img decoding=\"async\" width=\"1010\" height=\"1024\" src=\"http:\/\/culturabc.com.br\/arquivo\/wp-content\/uploads\/2021\/07\/3519-Aerofotogrametria-das-Forcas-Armadas-Americanas.-As-pedras-foram-colocadas-para-o-mar-nao-avancar-1938_8-reuniao-1010x1024.jpg\" alt=\"3519 Aerofotogrametria das Forcas Armadas Americanas. As pedras foram colocadas para o mar nao avancar 1938 8 reuniao scaled\" data-id=\"26447\" data-full-url=\"http:\/\/culturabc.com.br\/arquivo\/wp-content\/uploads\/2021\/07\/3519-Aerofotogrametria-das-Forcas-Armadas-Americanas.-As-pedras-foram-colocadas-para-o-mar-nao-avancar-1938_8-reuniao-scaled.jpg\" data-link=\"http:\/\/culturabc.com.br\/arquivo\/image-description\/\" class=\"wp-image-26447\" srcset=\"https:\/\/culturabc.com.br\/arquivo\/wp-content\/uploads\/2021\/07\/3519-Aerofotogrametria-das-Forcas-Armadas-Americanas.-As-pedras-foram-colocadas-para-o-mar-nao-avancar-1938_8-reuniao-1010x1024.jpg 1010w, https:\/\/culturabc.com.br\/arquivo\/wp-content\/uploads\/2021\/07\/3519-Aerofotogrametria-das-Forcas-Armadas-Americanas.-As-pedras-foram-colocadas-para-o-mar-nao-avancar-1938_8-reuniao-296x300.jpg 296w, https:\/\/culturabc.com.br\/arquivo\/wp-content\/uploads\/2021\/07\/3519-Aerofotogrametria-das-Forcas-Armadas-Americanas.-As-pedras-foram-colocadas-para-o-mar-nao-avancar-1938_8-reuniao-768x778.jpg 768w, https:\/\/culturabc.com.br\/arquivo\/wp-content\/uploads\/2021\/07\/3519-Aerofotogrametria-das-Forcas-Armadas-Americanas.-As-pedras-foram-colocadas-para-o-mar-nao-avancar-1938_8-reuniao-1515x1536.jpg 1515w, https:\/\/culturabc.com.br\/arquivo\/wp-content\/uploads\/2021\/07\/3519-Aerofotogrametria-das-Forcas-Armadas-Americanas.-As-pedras-foram-colocadas-para-o-mar-nao-avancar-1938_8-reuniao-2021x2048.jpg 2021w\" sizes=\"(max-width: 1010px) 100vw, 1010px\" \/><\/a><figcaption class=\"blocks-gallery-item__caption\">3519 Aerofotogrametria das Forcas Armadas Americanas. As pedras foram colocadas para o mar nao avancar 1938 8 reuniao scaled<\/figcaption><\/figure><\/li><li class=\"blocks-gallery-item\"><figure><a href=\"http:\/\/culturabc.com.br\/arquivo\/wp-content\/uploads\/2021\/07\/3524-Propaganda-do-Migulas-Restaurante-e-Marla-Industria-de-Pescados-decada-de-1970_8-reuniao.jpg\"><img decoding=\"async\" width=\"950\" height=\"879\" src=\"http:\/\/culturabc.com.br\/arquivo\/wp-content\/uploads\/2021\/07\/3524-Propaganda-do-Migulas-Restaurante-e-Marla-Industria-de-Pescados-decada-de-1970_8-reuniao.jpg\" alt=\"3524 Propaganda do Migulas Restaurante e Marla Industria de Pescados decada de 1970 8 reuniao\" data-id=\"26172\" data-full-url=\"http:\/\/culturabc.com.br\/arquivo\/wp-content\/uploads\/2021\/07\/3524-Propaganda-do-Migulas-Restaurante-e-Marla-Industria-de-Pescados-decada-de-1970_8-reuniao.jpg\" data-link=\"http:\/\/culturabc.com.br\/arquivo\/3524-propaganda-do-migulas-restaurante-e-marla-industria-de-pescados-decada-de-1970_8-reuniao\/\" class=\"wp-image-26172\" srcset=\"https:\/\/culturabc.com.br\/arquivo\/wp-content\/uploads\/2021\/07\/3524-Propaganda-do-Migulas-Restaurante-e-Marla-Industria-de-Pescados-decada-de-1970_8-reuniao.jpg 950w, https:\/\/culturabc.com.br\/arquivo\/wp-content\/uploads\/2021\/07\/3524-Propaganda-do-Migulas-Restaurante-e-Marla-Industria-de-Pescados-decada-de-1970_8-reuniao-300x278.jpg 300w, https:\/\/culturabc.com.br\/arquivo\/wp-content\/uploads\/2021\/07\/3524-Propaganda-do-Migulas-Restaurante-e-Marla-Industria-de-Pescados-decada-de-1970_8-reuniao-768x711.jpg 768w\" sizes=\"(max-width: 950px) 100vw, 950px\" \/><\/a><figcaption class=\"blocks-gallery-item__caption\">3524 Propaganda do Migulas Restaurante e Marla Industria de Pescados decada de 1970 8 reuniao<\/figcaption><\/figure><\/li><li class=\"blocks-gallery-item\"><figure><a href=\"http:\/\/culturabc.com.br\/arquivo\/wp-content\/uploads\/2021\/07\/3522-Foto-aerea-do-Google-Earth-da-Barra-Sul-de-14.12.2017_8-reuniao.jpg\"><img loading=\"lazy\" decoding=\"async\" width=\"950\" height=\"589\" src=\"http:\/\/culturabc.com.br\/arquivo\/wp-content\/uploads\/2021\/07\/3522-Foto-aerea-do-Google-Earth-da-Barra-Sul-de-14.12.2017_8-reuniao.jpg\" alt=\"3522 Foto aerea do Google Earth da Barra Sul de 14.12.2017 8 reuniao\" data-id=\"26171\" data-full-url=\"http:\/\/culturabc.com.br\/arquivo\/wp-content\/uploads\/2021\/07\/3522-Foto-aerea-do-Google-Earth-da-Barra-Sul-de-14.12.2017_8-reuniao.jpg\" data-link=\"http:\/\/culturabc.com.br\/arquivo\/3522-foto-aerea-do-google-earth-da-barra-sul-de-14-12-2017_8-reuniao\/\" class=\"wp-image-26171\" srcset=\"https:\/\/culturabc.com.br\/arquivo\/wp-content\/uploads\/2021\/07\/3522-Foto-aerea-do-Google-Earth-da-Barra-Sul-de-14.12.2017_8-reuniao.jpg 950w, https:\/\/culturabc.com.br\/arquivo\/wp-content\/uploads\/2021\/07\/3522-Foto-aerea-do-Google-Earth-da-Barra-Sul-de-14.12.2017_8-reuniao-300x186.jpg 300w, https:\/\/culturabc.com.br\/arquivo\/wp-content\/uploads\/2021\/07\/3522-Foto-aerea-do-Google-Earth-da-Barra-Sul-de-14.12.2017_8-reuniao-768x476.jpg 768w\" sizes=\"(max-width: 950px) 100vw, 950px\" \/><\/a><figcaption class=\"blocks-gallery-item__caption\">3522 Foto aerea do Google Earth da Barra Sul de 14.12.2017 8 reuniao<\/figcaption><\/figure><\/li><li class=\"blocks-gallery-item\"><figure><a href=\"http:\/\/culturabc.com.br\/arquivo\/wp-content\/uploads\/2021\/07\/3521-Vista-geral-da-Praia-de-Camboriu-na-imagem-o-mange-aterrado-1956_8-reuniao.jpg\"><img loading=\"lazy\" decoding=\"async\" width=\"950\" height=\"867\" src=\"http:\/\/culturabc.com.br\/arquivo\/wp-content\/uploads\/2021\/07\/3521-Vista-geral-da-Praia-de-Camboriu-na-imagem-o-mange-aterrado-1956_8-reuniao.jpg\" alt=\"3521 Vista geral da Praia de Camboriu na imagem o mange aterrado 1956 8 reuniao\" data-id=\"26170\" data-full-url=\"http:\/\/culturabc.com.br\/arquivo\/wp-content\/uploads\/2021\/07\/3521-Vista-geral-da-Praia-de-Camboriu-na-imagem-o-mange-aterrado-1956_8-reuniao.jpg\" data-link=\"http:\/\/culturabc.com.br\/arquivo\/3521-vista-geral-da-praia-de-camboriu-na-imagem-o-mange-aterrado-1956_8-reuniao\/\" class=\"wp-image-26170\" srcset=\"https:\/\/culturabc.com.br\/arquivo\/wp-content\/uploads\/2021\/07\/3521-Vista-geral-da-Praia-de-Camboriu-na-imagem-o-mange-aterrado-1956_8-reuniao.jpg 950w, https:\/\/culturabc.com.br\/arquivo\/wp-content\/uploads\/2021\/07\/3521-Vista-geral-da-Praia-de-Camboriu-na-imagem-o-mange-aterrado-1956_8-reuniao-300x274.jpg 300w, https:\/\/culturabc.com.br\/arquivo\/wp-content\/uploads\/2021\/07\/3521-Vista-geral-da-Praia-de-Camboriu-na-imagem-o-mange-aterrado-1956_8-reuniao-768x701.jpg 768w\" sizes=\"(max-width: 950px) 100vw, 950px\" \/><\/a><figcaption class=\"blocks-gallery-item__caption\">3521 Vista geral da Praia de Camboriu na imagem o mange aterrado 1956 8 reuniao<\/figcaption><\/figure><\/li><li class=\"blocks-gallery-item\"><figure><a href=\"http:\/\/culturabc.com.br\/arquivo\/wp-content\/uploads\/2021\/07\/3528-Vista-parcial-da-Barra-Sul-e-Bairro-da-Barra-ao-fundo-Rinque-Roller-decada-de-1970_8-reuniao.jpg\"><img loading=\"lazy\" decoding=\"async\" width=\"950\" height=\"639\" src=\"http:\/\/culturabc.com.br\/arquivo\/wp-content\/uploads\/2021\/07\/3528-Vista-parcial-da-Barra-Sul-e-Bairro-da-Barra-ao-fundo-Rinque-Roller-decada-de-1970_8-reuniao.jpg\" alt=\"3528 Vista parcial da Barra Sul e Bairro da Barra ao fundo Rinque Roller decada de 1970 8 reuniao\" data-id=\"26168\" data-full-url=\"http:\/\/culturabc.com.br\/arquivo\/wp-content\/uploads\/2021\/07\/3528-Vista-parcial-da-Barra-Sul-e-Bairro-da-Barra-ao-fundo-Rinque-Roller-decada-de-1970_8-reuniao.jpg\" data-link=\"http:\/\/culturabc.com.br\/arquivo\/3528-vista-parcial-da-barra-sul-e-bairro-da-barra-ao-fundo-rinque-roller-decada-de-1970_8-reuniao\/\" class=\"wp-image-26168\" srcset=\"https:\/\/culturabc.com.br\/arquivo\/wp-content\/uploads\/2021\/07\/3528-Vista-parcial-da-Barra-Sul-e-Bairro-da-Barra-ao-fundo-Rinque-Roller-decada-de-1970_8-reuniao.jpg 950w, https:\/\/culturabc.com.br\/arquivo\/wp-content\/uploads\/2021\/07\/3528-Vista-parcial-da-Barra-Sul-e-Bairro-da-Barra-ao-fundo-Rinque-Roller-decada-de-1970_8-reuniao-300x202.jpg 300w, https:\/\/culturabc.com.br\/arquivo\/wp-content\/uploads\/2021\/07\/3528-Vista-parcial-da-Barra-Sul-e-Bairro-da-Barra-ao-fundo-Rinque-Roller-decada-de-1970_8-reuniao-768x517.jpg 768w\" sizes=\"(max-width: 950px) 100vw, 950px\" \/><\/a><figcaption class=\"blocks-gallery-item__caption\">3528 Vista parcial da Barra Sul e Bairro da Barra ao fundo Rinque Roller decada de 1970 8 reuniao<\/figcaption><\/figure><\/li><li class=\"blocks-gallery-item\"><figure><a href=\"http:\/\/culturabc.com.br\/arquivo\/wp-content\/uploads\/2021\/07\/3520-Vista-geral-da-Praia-de-Camboriu-na-imagem-o-mange-sem-aterro-1956_8-reuniao.jpg\"><img loading=\"lazy\" decoding=\"async\" width=\"950\" height=\"684\" src=\"http:\/\/culturabc.com.br\/arquivo\/wp-content\/uploads\/2021\/07\/3520-Vista-geral-da-Praia-de-Camboriu-na-imagem-o-mange-sem-aterro-1956_8-reuniao.jpg\" alt=\"3520 Vista geral da Praia de Camboriu na imagem o mange sem aterro 1956 8 reuniao\" data-id=\"26169\" data-full-url=\"http:\/\/culturabc.com.br\/arquivo\/wp-content\/uploads\/2021\/07\/3520-Vista-geral-da-Praia-de-Camboriu-na-imagem-o-mange-sem-aterro-1956_8-reuniao.jpg\" data-link=\"http:\/\/culturabc.com.br\/arquivo\/3520-vista-geral-da-praia-de-camboriu-na-imagem-o-mange-sem-aterro-1956_8-reuniao\/\" class=\"wp-image-26169\" srcset=\"https:\/\/culturabc.com.br\/arquivo\/wp-content\/uploads\/2021\/07\/3520-Vista-geral-da-Praia-de-Camboriu-na-imagem-o-mange-sem-aterro-1956_8-reuniao.jpg 950w, https:\/\/culturabc.com.br\/arquivo\/wp-content\/uploads\/2021\/07\/3520-Vista-geral-da-Praia-de-Camboriu-na-imagem-o-mange-sem-aterro-1956_8-reuniao-300x216.jpg 300w, https:\/\/culturabc.com.br\/arquivo\/wp-content\/uploads\/2021\/07\/3520-Vista-geral-da-Praia-de-Camboriu-na-imagem-o-mange-sem-aterro-1956_8-reuniao-768x553.jpg 768w\" sizes=\"(max-width: 950px) 100vw, 950px\" \/><\/a><figcaption class=\"blocks-gallery-item__caption\">3520 Vista geral da Praia de Camboriu na imagem o mange sem aterro 1956 8 reuniao<\/figcaption><\/figure><\/li><li class=\"blocks-gallery-item\"><figure><a href=\"http:\/\/culturabc.com.br\/arquivo\/wp-content\/uploads\/2021\/07\/3527-Vista-parcial-da-Barra-Sul-ao-fundo-Restaurante-Tavola-1979_8-reuniao.jpg\"><img loading=\"lazy\" decoding=\"async\" width=\"950\" height=\"698\" src=\"http:\/\/culturabc.com.br\/arquivo\/wp-content\/uploads\/2021\/07\/3527-Vista-parcial-da-Barra-Sul-ao-fundo-Restaurante-Tavola-1979_8-reuniao.jpg\" alt=\"3527 Vista parcial da Barra Sul ao fundo Restaurante Tavola 1979 8 reuniao\" data-id=\"26167\" data-full-url=\"http:\/\/culturabc.com.br\/arquivo\/wp-content\/uploads\/2021\/07\/3527-Vista-parcial-da-Barra-Sul-ao-fundo-Restaurante-Tavola-1979_8-reuniao.jpg\" data-link=\"http:\/\/culturabc.com.br\/arquivo\/3527-vista-parcial-da-barra-sul-ao-fundo-restaurante-tavola-1979_8-reuniao\/\" class=\"wp-image-26167\" srcset=\"https:\/\/culturabc.com.br\/arquivo\/wp-content\/uploads\/2021\/07\/3527-Vista-parcial-da-Barra-Sul-ao-fundo-Restaurante-Tavola-1979_8-reuniao.jpg 950w, https:\/\/culturabc.com.br\/arquivo\/wp-content\/uploads\/2021\/07\/3527-Vista-parcial-da-Barra-Sul-ao-fundo-Restaurante-Tavola-1979_8-reuniao-300x220.jpg 300w, https:\/\/culturabc.com.br\/arquivo\/wp-content\/uploads\/2021\/07\/3527-Vista-parcial-da-Barra-Sul-ao-fundo-Restaurante-Tavola-1979_8-reuniao-768x564.jpg 768w\" sizes=\"(max-width: 950px) 100vw, 950px\" \/><\/a><figcaption class=\"blocks-gallery-item__caption\">3527 Vista parcial da Barra Sul ao fundo Restaurante Tavola 1979 8 reuniao<\/figcaption><\/figure><\/li><li class=\"blocks-gallery-item\"><figure><a href=\"http:\/\/culturabc.com.br\/arquivo\/wp-content\/uploads\/2021\/07\/3526-Cartao-postal-com-vista-aerea-da-Barra-Sul-e-Bairro-da-Barra-decada-de-1970_8-reuniao.jpg\"><img loading=\"lazy\" decoding=\"async\" width=\"950\" height=\"640\" src=\"http:\/\/culturabc.com.br\/arquivo\/wp-content\/uploads\/2021\/07\/3526-Cartao-postal-com-vista-aerea-da-Barra-Sul-e-Bairro-da-Barra-decada-de-1970_8-reuniao.jpg\" alt=\"3526 Cartao postal com vista aerea da Barra Sul e Bairro da Barra decada de 1970 8 reuniao\" data-id=\"26166\" data-full-url=\"http:\/\/culturabc.com.br\/arquivo\/wp-content\/uploads\/2021\/07\/3526-Cartao-postal-com-vista-aerea-da-Barra-Sul-e-Bairro-da-Barra-decada-de-1970_8-reuniao.jpg\" data-link=\"http:\/\/culturabc.com.br\/arquivo\/3526-cartao-postal-com-vista-aerea-da-barra-sul-e-bairro-da-barra-decada-de-1970_8-reuniao\/\" class=\"wp-image-26166\" srcset=\"https:\/\/culturabc.com.br\/arquivo\/wp-content\/uploads\/2021\/07\/3526-Cartao-postal-com-vista-aerea-da-Barra-Sul-e-Bairro-da-Barra-decada-de-1970_8-reuniao.jpg 950w, https:\/\/culturabc.com.br\/arquivo\/wp-content\/uploads\/2021\/07\/3526-Cartao-postal-com-vista-aerea-da-Barra-Sul-e-Bairro-da-Barra-decada-de-1970_8-reuniao-300x202.jpg 300w, https:\/\/culturabc.com.br\/arquivo\/wp-content\/uploads\/2021\/07\/3526-Cartao-postal-com-vista-aerea-da-Barra-Sul-e-Bairro-da-Barra-decada-de-1970_8-reuniao-768x517.jpg 768w\" sizes=\"(max-width: 950px) 100vw, 950px\" \/><\/a><figcaption class=\"blocks-gallery-item__caption\">3526 Cartao postal com vista aerea da Barra Sul e Bairro da Barra decada de 1970 8 reuniao<\/figcaption><\/figure><\/li><li class=\"blocks-gallery-item\"><figure><a href=\"http:\/\/culturabc.com.br\/arquivo\/wp-content\/uploads\/2021\/07\/3525-Vista-aerea-da-Barra-Sul-ao-fundo-Restaurante-Migulao-1969_8-reuniao.jpg\"><img loading=\"lazy\" decoding=\"async\" width=\"950\" height=\"677\" src=\"http:\/\/culturabc.com.br\/arquivo\/wp-content\/uploads\/2021\/07\/3525-Vista-aerea-da-Barra-Sul-ao-fundo-Restaurante-Migulao-1969_8-reuniao.jpg\" alt=\"3525 Vista aerea da Barra Sul ao fundo Restaurante Migulao 1969 8 reuniao\" data-id=\"26165\" data-full-url=\"http:\/\/culturabc.com.br\/arquivo\/wp-content\/uploads\/2021\/07\/3525-Vista-aerea-da-Barra-Sul-ao-fundo-Restaurante-Migulao-1969_8-reuniao.jpg\" data-link=\"http:\/\/culturabc.com.br\/arquivo\/3525-vista-aerea-da-barra-sul-ao-fundo-restaurante-migulao-1969_8-reuniao\/\" class=\"wp-image-26165\" srcset=\"https:\/\/culturabc.com.br\/arquivo\/wp-content\/uploads\/2021\/07\/3525-Vista-aerea-da-Barra-Sul-ao-fundo-Restaurante-Migulao-1969_8-reuniao.jpg 950w, https:\/\/culturabc.com.br\/arquivo\/wp-content\/uploads\/2021\/07\/3525-Vista-aerea-da-Barra-Sul-ao-fundo-Restaurante-Migulao-1969_8-reuniao-300x214.jpg 300w, https:\/\/culturabc.com.br\/arquivo\/wp-content\/uploads\/2021\/07\/3525-Vista-aerea-da-Barra-Sul-ao-fundo-Restaurante-Migulao-1969_8-reuniao-768x547.jpg 768w\" sizes=\"(max-width: 950px) 100vw, 950px\" \/><\/a><figcaption class=\"blocks-gallery-item__caption\">3525 Vista aerea da Barra Sul ao fundo Restaurante Migulao 1969 8 reuniao<\/figcaption><\/figure><\/li><li class=\"blocks-gallery-item\"><figure><a href=\"http:\/\/culturabc.com.br\/arquivo\/wp-content\/uploads\/2021\/07\/3533-Foto-aerea-do-Google-Earth-da-Barra-Sul-de-28.07.2018_8-reuniao.jpg\"><img loading=\"lazy\" decoding=\"async\" width=\"950\" height=\"589\" src=\"http:\/\/culturabc.com.br\/arquivo\/wp-content\/uploads\/2021\/07\/3533-Foto-aerea-do-Google-Earth-da-Barra-Sul-de-28.07.2018_8-reuniao.jpg\" alt=\"3533 Foto aerea do Google Earth da Barra Sul de 28.07.2018 8 reuniao\" data-id=\"26164\" data-full-url=\"http:\/\/culturabc.com.br\/arquivo\/wp-content\/uploads\/2021\/07\/3533-Foto-aerea-do-Google-Earth-da-Barra-Sul-de-28.07.2018_8-reuniao.jpg\" data-link=\"http:\/\/culturabc.com.br\/arquivo\/3533-foto-aerea-do-google-earth-da-barra-sul-de-28-07-2018_8-reuniao\/\" class=\"wp-image-26164\" srcset=\"https:\/\/culturabc.com.br\/arquivo\/wp-content\/uploads\/2021\/07\/3533-Foto-aerea-do-Google-Earth-da-Barra-Sul-de-28.07.2018_8-reuniao.jpg 950w, https:\/\/culturabc.com.br\/arquivo\/wp-content\/uploads\/2021\/07\/3533-Foto-aerea-do-Google-Earth-da-Barra-Sul-de-28.07.2018_8-reuniao-300x186.jpg 300w, https:\/\/culturabc.com.br\/arquivo\/wp-content\/uploads\/2021\/07\/3533-Foto-aerea-do-Google-Earth-da-Barra-Sul-de-28.07.2018_8-reuniao-768x476.jpg 768w\" sizes=\"(max-width: 950px) 100vw, 950px\" \/><\/a><figcaption class=\"blocks-gallery-item__caption\">3533 Foto aerea do Google Earth da Barra Sul de 28.07.2018 8 reuniao<\/figcaption><\/figure><\/li><li class=\"blocks-gallery-item\"><figure><a href=\"http:\/\/culturabc.com.br\/arquivo\/wp-content\/uploads\/2021\/07\/3532-Foto-aerea-do-Google-Earth-da-Barra-Sul-de-08.10.2009_8-reuniao.jpg\"><img loading=\"lazy\" decoding=\"async\" width=\"950\" height=\"589\" src=\"http:\/\/culturabc.com.br\/arquivo\/wp-content\/uploads\/2021\/07\/3532-Foto-aerea-do-Google-Earth-da-Barra-Sul-de-08.10.2009_8-reuniao.jpg\" alt=\"3532 Foto aerea do Google Earth da Barra Sul de 08.10.2009 8 reuniao\" data-id=\"26163\" data-full-url=\"http:\/\/culturabc.com.br\/arquivo\/wp-content\/uploads\/2021\/07\/3532-Foto-aerea-do-Google-Earth-da-Barra-Sul-de-08.10.2009_8-reuniao.jpg\" data-link=\"http:\/\/culturabc.com.br\/arquivo\/3532-foto-aerea-do-google-earth-da-barra-sul-de-08-10-2009_8-reuniao\/\" class=\"wp-image-26163\" srcset=\"https:\/\/culturabc.com.br\/arquivo\/wp-content\/uploads\/2021\/07\/3532-Foto-aerea-do-Google-Earth-da-Barra-Sul-de-08.10.2009_8-reuniao.jpg 950w, https:\/\/culturabc.com.br\/arquivo\/wp-content\/uploads\/2021\/07\/3532-Foto-aerea-do-Google-Earth-da-Barra-Sul-de-08.10.2009_8-reuniao-300x186.jpg 300w, https:\/\/culturabc.com.br\/arquivo\/wp-content\/uploads\/2021\/07\/3532-Foto-aerea-do-Google-Earth-da-Barra-Sul-de-08.10.2009_8-reuniao-768x476.jpg 768w\" sizes=\"(max-width: 950px) 100vw, 950px\" \/><\/a><figcaption class=\"blocks-gallery-item__caption\">3532 Foto aerea do Google Earth da Barra Sul de 08.10.2009 8 reuniao<\/figcaption><\/figure><\/li><li class=\"blocks-gallery-item\"><figure><a href=\"http:\/\/culturabc.com.br\/arquivo\/wp-content\/uploads\/2021\/07\/3531-Foto-aerea-do-Google-Earth-da-Barra-Sul-de-20.06.2005_8-reuniao.jpg\"><img loading=\"lazy\" decoding=\"async\" width=\"950\" height=\"587\" src=\"http:\/\/culturabc.com.br\/arquivo\/wp-content\/uploads\/2021\/07\/3531-Foto-aerea-do-Google-Earth-da-Barra-Sul-de-20.06.2005_8-reuniao.jpg\" alt=\"3531 Foto aerea do Google Earth da Barra Sul de 20.06.2005 8 reuniao\" data-id=\"26162\" data-full-url=\"http:\/\/culturabc.com.br\/arquivo\/wp-content\/uploads\/2021\/07\/3531-Foto-aerea-do-Google-Earth-da-Barra-Sul-de-20.06.2005_8-reuniao.jpg\" data-link=\"http:\/\/culturabc.com.br\/arquivo\/3531-foto-aerea-do-google-earth-da-barra-sul-de-20-06-2005_8-reuniao\/\" class=\"wp-image-26162\" srcset=\"https:\/\/culturabc.com.br\/arquivo\/wp-content\/uploads\/2021\/07\/3531-Foto-aerea-do-Google-Earth-da-Barra-Sul-de-20.06.2005_8-reuniao.jpg 950w, https:\/\/culturabc.com.br\/arquivo\/wp-content\/uploads\/2021\/07\/3531-Foto-aerea-do-Google-Earth-da-Barra-Sul-de-20.06.2005_8-reuniao-300x185.jpg 300w, https:\/\/culturabc.com.br\/arquivo\/wp-content\/uploads\/2021\/07\/3531-Foto-aerea-do-Google-Earth-da-Barra-Sul-de-20.06.2005_8-reuniao-768x475.jpg 768w\" sizes=\"(max-width: 950px) 100vw, 950px\" \/><\/a><figcaption class=\"blocks-gallery-item__caption\">3531 Foto aerea do Google Earth da Barra Sul de 20.06.2005 8 reuniao<\/figcaption><\/figure><\/li><li class=\"blocks-gallery-item\"><figure><a href=\"http:\/\/culturabc.com.br\/arquivo\/wp-content\/uploads\/2021\/07\/3530-Foto-aerea-do-Google-Earth-da-Barra-Sul-de-13.07.2004_8-reuniao.jpg\"><img loading=\"lazy\" decoding=\"async\" width=\"950\" height=\"585\" src=\"http:\/\/culturabc.com.br\/arquivo\/wp-content\/uploads\/2021\/07\/3530-Foto-aerea-do-Google-Earth-da-Barra-Sul-de-13.07.2004_8-reuniao.jpg\" alt=\"3530 Foto aerea do Google Earth da Barra Sul de 13.07.2004 8 reuniao\" data-id=\"26161\" data-full-url=\"http:\/\/culturabc.com.br\/arquivo\/wp-content\/uploads\/2021\/07\/3530-Foto-aerea-do-Google-Earth-da-Barra-Sul-de-13.07.2004_8-reuniao.jpg\" data-link=\"http:\/\/culturabc.com.br\/arquivo\/3530-foto-aerea-do-google-earth-da-barra-sul-de-13-07-2004_8-reuniao\/\" class=\"wp-image-26161\" srcset=\"https:\/\/culturabc.com.br\/arquivo\/wp-content\/uploads\/2021\/07\/3530-Foto-aerea-do-Google-Earth-da-Barra-Sul-de-13.07.2004_8-reuniao.jpg 950w, https:\/\/culturabc.com.br\/arquivo\/wp-content\/uploads\/2021\/07\/3530-Foto-aerea-do-Google-Earth-da-Barra-Sul-de-13.07.2004_8-reuniao-300x185.jpg 300w, https:\/\/culturabc.com.br\/arquivo\/wp-content\/uploads\/2021\/07\/3530-Foto-aerea-do-Google-Earth-da-Barra-Sul-de-13.07.2004_8-reuniao-768x473.jpg 768w\" sizes=\"(max-width: 950px) 100vw, 950px\" \/><\/a><figcaption class=\"blocks-gallery-item__caption\">3530 Foto aerea do Google Earth da Barra Sul de 13.07.2004 8 reuniao<\/figcaption><\/figure><\/li><li class=\"blocks-gallery-item\"><figure><a href=\"http:\/\/culturabc.com.br\/arquivo\/wp-content\/uploads\/2021\/07\/3529-Vista-aerea-da-Barra-Sul-vista-parcial-do-Rio-Camboriu-e-do-Mercado-do-Peixe-1995_8-reuniao.jpg\"><img loading=\"lazy\" decoding=\"async\" width=\"950\" height=\"684\" src=\"http:\/\/culturabc.com.br\/arquivo\/wp-content\/uploads\/2021\/07\/3529-Vista-aerea-da-Barra-Sul-vista-parcial-do-Rio-Camboriu-e-do-Mercado-do-Peixe-1995_8-reuniao.jpg\" alt=\"3529 Vista aerea da Barra Sul vista parcial do Rio Camboriu e do Mercado do Peixe 1995 8 reuniao\" data-id=\"26160\" data-full-url=\"http:\/\/culturabc.com.br\/arquivo\/wp-content\/uploads\/2021\/07\/3529-Vista-aerea-da-Barra-Sul-vista-parcial-do-Rio-Camboriu-e-do-Mercado-do-Peixe-1995_8-reuniao.jpg\" data-link=\"http:\/\/culturabc.com.br\/arquivo\/3529-vista-aerea-da-barra-sul-vista-parcial-do-rio-camboriu-e-do-mercado-do-peixe-1995_8-reuniao\/\" class=\"wp-image-26160\" srcset=\"https:\/\/culturabc.com.br\/arquivo\/wp-content\/uploads\/2021\/07\/3529-Vista-aerea-da-Barra-Sul-vista-parcial-do-Rio-Camboriu-e-do-Mercado-do-Peixe-1995_8-reuniao.jpg 950w, https:\/\/culturabc.com.br\/arquivo\/wp-content\/uploads\/2021\/07\/3529-Vista-aerea-da-Barra-Sul-vista-parcial-do-Rio-Camboriu-e-do-Mercado-do-Peixe-1995_8-reuniao-300x216.jpg 300w, https:\/\/culturabc.com.br\/arquivo\/wp-content\/uploads\/2021\/07\/3529-Vista-aerea-da-Barra-Sul-vista-parcial-do-Rio-Camboriu-e-do-Mercado-do-Peixe-1995_8-reuniao-768x553.jpg 768w\" sizes=\"(max-width: 950px) 100vw, 950px\" \/><\/a><figcaption class=\"blocks-gallery-item__caption\">3529 Vista aerea da Barra Sul vista parcial do Rio Camboriu e do Mercado do Peixe 1995 8 reuniao<\/figcaption><\/figure><\/li><\/ul><\/figure>\n","protected":false},"excerpt":{"rendered":"<p>8\u00aa reuni\u00e3o Data: 27 de mar\u00e7o de 2019Local: Edif\u00edcio Baturit\u00e9 Lounge HouseColaboradores: \u00c1lvaro Silva, Carlos Schlup, Erotides Campos, Luiz Carlos Chedid, Remi Os\u00f3rio e Jo\u00e3o Ricardo ScharfConvidados especiais: Angelo Ricardo Christoffoli, Arlete Chedid, Claudin\u00e9ia Wolf (Zez\u00e9), Emery Lenz, Honorato Salvatti (Nato), Juan Carlos Amaya, Ligia Spernau, Maur\u00edcio Simas (Escova), Mister Paco (Banda Os Incr\u00edveis), Paulo &hellip;<\/p>\n<p class=\"read-more\"> <a class=\"\" href=\"https:\/\/culturabc.com.br\/arquivo\/8a-reuniao\/\"> <span class=\"screen-reader-text\">8\u00aa Reuni\u00e3o<\/span> Leia mais &raquo;<\/a><\/p>\n","protected":false},"author":1,"featured_media":0,"parent":0,"menu_order":0,"comment_status":"closed","ping_status":"closed","template":"","meta":{"footnotes":""},"class_list":["post-25757","page","type-page","status-publish","hentry"],"_links":{"self":[{"href":"https:\/\/culturabc.com.br\/arquivo\/wp-json\/wp\/v2\/pages\/25757","targetHints":{"allow":["GET"]}}],"collection":[{"href":"https:\/\/culturabc.com.br\/arquivo\/wp-json\/wp\/v2\/pages"}],"about":[{"href":"https:\/\/culturabc.com.br\/arquivo\/wp-json\/wp\/v2\/types\/page"}],"author":[{"embeddable":true,"href":"https:\/\/culturabc.com.br\/arquivo\/wp-json\/wp\/v2\/users\/1"}],"replies":[{"embeddable":true,"href":"https:\/\/culturabc.com.br\/arquivo\/wp-json\/wp\/v2\/comments?post=25757"}],"version-history":[{"count":4,"href":"https:\/\/culturabc.com.br\/arquivo\/wp-json\/wp\/v2\/pages\/25757\/revisions"}],"predecessor-version":[{"id":26527,"href":"https:\/\/culturabc.com.br\/arquivo\/wp-json\/wp\/v2\/pages\/25757\/revisions\/26527"}],"wp:attachment":[{"href":"https:\/\/culturabc.com.br\/arquivo\/wp-json\/wp\/v2\/media?parent=25757"}],"curies":[{"name":"wp","href":"https:\/\/api.w.org\/{rel}","templated":true}]}}