{"id":25758,"date":"2021-07-19T14:25:47","date_gmt":"2021-07-19T17:25:47","guid":{"rendered":"http:\/\/culturabc.com.br\/arquivo\/?page_id=25758"},"modified":"2021-07-20T12:38:23","modified_gmt":"2021-07-20T15:38:23","slug":"7a-reuniao","status":"publish","type":"page","link":"https:\/\/culturabc.com.br\/arquivo\/7a-reuniao\/","title":{"rendered":"7\u00aa Reuni\u00e3o"},"content":{"rendered":"\n<h2 class=\"wp-block-heading\"><strong>7\u00aa reuni\u00e3o<\/strong><\/h2>\n\n\n\n<p><strong>Data: 29 de novembro de 2018<\/strong><br>Local: C\u00e2mara de Vereadores de Balne\u00e1rio Cambori\u00fa<br>Colaboradores: Ademar Silva, \u00c1lvaro Silva, Ant\u00f4nio Jorge de Borba, Carlos Schlup, Erotides Campos, Gert Hering, Isaque de Borba Corr\u00eaa, Jo\u00e3o Carlos da Silva, L\u00facia Nascimento, Marlene Buratto e Remi Os\u00f3rio<br>Fotografias identificadas: 34 imagens<br>Evento especial em comemora\u00e7\u00e3o ao anivers\u00e1rio de 25 anos do Arquivo Hist\u00f3rico.<\/p>\n\n\n\n<h2 class=\"wp-block-heading\">Fotografias identificadas<\/h2>\n\n\n\n<figure class=\"wp-block-gallery columns-3 is-cropped wp-block-gallery-1 is-layout-flex wp-block-gallery-is-layout-flex\"><ul class=\"blocks-gallery-grid\"><li class=\"blocks-gallery-item\"><figure><a href=\"http:\/\/culturabc.com.br\/arquivo\/wp-content\/uploads\/2021\/07\/3409-Praia-de-Camboriu-na-saida-da-Avenida-Central.-Na-imagem-aparece-a-Carroca-dos-Sonhos-de-Alvin-Bauer-dec.-1950_7-reuniao.jpg\"><img fetchpriority=\"high\" decoding=\"async\" width=\"1024\" height=\"739\" src=\"http:\/\/culturabc.com.br\/arquivo\/wp-content\/uploads\/2021\/07\/3409-Praia-de-Camboriu-na-saida-da-Avenida-Central.-Na-imagem-aparece-a-Carroca-dos-Sonhos-de-Alvin-Bauer-dec.-1950_7-reuniao-1024x739.jpg\" alt=\"3409 Praia de Camboriu na saida da Avenida Central. Na imagem aparece a Carroca dos Sonhos de Alvin Bauer dec. 1950 7 reuniao\" data-id=\"26466\" data-full-url=\"http:\/\/culturabc.com.br\/arquivo\/wp-content\/uploads\/2021\/07\/3409-Praia-de-Camboriu-na-saida-da-Avenida-Central.-Na-imagem-aparece-a-Carroca-dos-Sonhos-de-Alvin-Bauer-dec.-1950_7-reuniao.jpg\" data-link=\"http:\/\/culturabc.com.br\/arquivo\/3409-praia-de-camboriu-na-saida-da-avenida-central-na-imagem-aparece-a-carroca-dos-sonhos-de-alvin-bauer-dec-1950_7-reuniao\/\" class=\"wp-image-26466\" srcset=\"https:\/\/culturabc.com.br\/arquivo\/wp-content\/uploads\/2021\/07\/3409-Praia-de-Camboriu-na-saida-da-Avenida-Central.-Na-imagem-aparece-a-Carroca-dos-Sonhos-de-Alvin-Bauer-dec.-1950_7-reuniao-1024x739.jpg 1024w, https:\/\/culturabc.com.br\/arquivo\/wp-content\/uploads\/2021\/07\/3409-Praia-de-Camboriu-na-saida-da-Avenida-Central.-Na-imagem-aparece-a-Carroca-dos-Sonhos-de-Alvin-Bauer-dec.-1950_7-reuniao-300x217.jpg 300w, https:\/\/culturabc.com.br\/arquivo\/wp-content\/uploads\/2021\/07\/3409-Praia-de-Camboriu-na-saida-da-Avenida-Central.-Na-imagem-aparece-a-Carroca-dos-Sonhos-de-Alvin-Bauer-dec.-1950_7-reuniao-768x554.jpg 768w, https:\/\/culturabc.com.br\/arquivo\/wp-content\/uploads\/2021\/07\/3409-Praia-de-Camboriu-na-saida-da-Avenida-Central.-Na-imagem-aparece-a-Carroca-dos-Sonhos-de-Alvin-Bauer-dec.-1950_7-reuniao.jpg 1150w\" sizes=\"(max-width: 1024px) 100vw, 1024px\" \/><\/a><figcaption class=\"blocks-gallery-item__caption\">3409 Praia de Camboriu na saida da Avenida Central. Na imagem aparece a Carroca dos Sonhos de Alvin Bauer dec. 1950 7 reuniao<\/figcaption><\/figure><\/li><li class=\"blocks-gallery-item\"><figure><a href=\"http:\/\/culturabc.com.br\/arquivo\/wp-content\/uploads\/2021\/07\/3399-Vista-parcial-central-a-esquerda-Camboriu-Bowling-Center-que-ficava-onde-hoje-e-o-Ed.-Imperador-Avenida-Central-no-42-1967_7-reuniao.jpg\"><img decoding=\"async\" width=\"1024\" height=\"724\" src=\"http:\/\/culturabc.com.br\/arquivo\/wp-content\/uploads\/2021\/07\/3399-Vista-parcial-central-a-esquerda-Camboriu-Bowling-Center-que-ficava-onde-hoje-e-o-Ed.-Imperador-Avenida-Central-no-42-1967_7-reuniao-1024x724.jpg\" alt=\"3399 Vista parcial central a esquerda Camboriu Bowling Center que ficava onde hoje e o Ed. Imperador Avenida Central no 42 1967 7 reuniao\" data-id=\"26464\" data-full-url=\"http:\/\/culturabc.com.br\/arquivo\/wp-content\/uploads\/2021\/07\/3399-Vista-parcial-central-a-esquerda-Camboriu-Bowling-Center-que-ficava-onde-hoje-e-o-Ed.-Imperador-Avenida-Central-no-42-1967_7-reuniao.jpg\" data-link=\"http:\/\/culturabc.com.br\/arquivo\/3399-vista-parcial-central-a-esquerda-camboriu-bowling-center-que-ficava-onde-hoje-e-o-ed-imperador-avenida-central-no-42-1967_7-reuniao\/\" class=\"wp-image-26464\" srcset=\"https:\/\/culturabc.com.br\/arquivo\/wp-content\/uploads\/2021\/07\/3399-Vista-parcial-central-a-esquerda-Camboriu-Bowling-Center-que-ficava-onde-hoje-e-o-Ed.-Imperador-Avenida-Central-no-42-1967_7-reuniao-1024x724.jpg 1024w, https:\/\/culturabc.com.br\/arquivo\/wp-content\/uploads\/2021\/07\/3399-Vista-parcial-central-a-esquerda-Camboriu-Bowling-Center-que-ficava-onde-hoje-e-o-Ed.-Imperador-Avenida-Central-no-42-1967_7-reuniao-300x212.jpg 300w, https:\/\/culturabc.com.br\/arquivo\/wp-content\/uploads\/2021\/07\/3399-Vista-parcial-central-a-esquerda-Camboriu-Bowling-Center-que-ficava-onde-hoje-e-o-Ed.-Imperador-Avenida-Central-no-42-1967_7-reuniao-768x543.jpg 768w, https:\/\/culturabc.com.br\/arquivo\/wp-content\/uploads\/2021\/07\/3399-Vista-parcial-central-a-esquerda-Camboriu-Bowling-Center-que-ficava-onde-hoje-e-o-Ed.-Imperador-Avenida-Central-no-42-1967_7-reuniao.jpg 1288w\" sizes=\"(max-width: 1024px) 100vw, 1024px\" \/><\/a><figcaption class=\"blocks-gallery-item__caption\">3399 Vista parcial central a esquerda Camboriu Bowling Center que ficava onde hoje e o Ed. Imperador Avenida Central no 42 1967 7 reuniao<\/figcaption><\/figure><\/li><li class=\"blocks-gallery-item\"><figure><a href=\"http:\/\/culturabc.com.br\/arquivo\/wp-content\/uploads\/2021\/07\/3387-Inicio-da-construcao-do-Edificio-Jacira-onde-esta-localizada-a-VS-Auto-Pecas-3a-Avenida-1390-1976_7-reuniao.jpg\"><img decoding=\"async\" width=\"1024\" height=\"691\" src=\"http:\/\/culturabc.com.br\/arquivo\/wp-content\/uploads\/2021\/07\/3387-Inicio-da-construcao-do-Edificio-Jacira-onde-esta-localizada-a-VS-Auto-Pecas-3a-Avenida-1390-1976_7-reuniao-1024x691.jpg\" alt=\"3387 Inicio da construcao do Edificio Jacira onde esta localizada a VS Auto Pecas 3a Avenida 1390 1976 7 reuniao\" data-id=\"26463\" data-full-url=\"http:\/\/culturabc.com.br\/arquivo\/wp-content\/uploads\/2021\/07\/3387-Inicio-da-construcao-do-Edificio-Jacira-onde-esta-localizada-a-VS-Auto-Pecas-3a-Avenida-1390-1976_7-reuniao.jpg\" data-link=\"http:\/\/culturabc.com.br\/arquivo\/3387-inicio-da-construcao-do-edificio-jacira-onde-esta-localizada-a-vs-auto-pecas-3a-avenida-1390-1976_7-reuniao\/\" class=\"wp-image-26463\" srcset=\"https:\/\/culturabc.com.br\/arquivo\/wp-content\/uploads\/2021\/07\/3387-Inicio-da-construcao-do-Edificio-Jacira-onde-esta-localizada-a-VS-Auto-Pecas-3a-Avenida-1390-1976_7-reuniao-1024x691.jpg 1024w, https:\/\/culturabc.com.br\/arquivo\/wp-content\/uploads\/2021\/07\/3387-Inicio-da-construcao-do-Edificio-Jacira-onde-esta-localizada-a-VS-Auto-Pecas-3a-Avenida-1390-1976_7-reuniao-300x202.jpg 300w, https:\/\/culturabc.com.br\/arquivo\/wp-content\/uploads\/2021\/07\/3387-Inicio-da-construcao-do-Edificio-Jacira-onde-esta-localizada-a-VS-Auto-Pecas-3a-Avenida-1390-1976_7-reuniao-768x518.jpg 768w, https:\/\/culturabc.com.br\/arquivo\/wp-content\/uploads\/2021\/07\/3387-Inicio-da-construcao-do-Edificio-Jacira-onde-esta-localizada-a-VS-Auto-Pecas-3a-Avenida-1390-1976_7-reuniao.jpg 1229w\" sizes=\"(max-width: 1024px) 100vw, 1024px\" \/><\/a><figcaption class=\"blocks-gallery-item__caption\">3387 Inicio da construcao do Edificio Jacira onde esta localizada a VS Auto Pecas 3a Avenida 1390 1976 7 reuniao<\/figcaption><\/figure><\/li><li class=\"blocks-gallery-item\"><figure><a href=\"http:\/\/culturabc.com.br\/arquivo\/wp-content\/uploads\/2021\/07\/3378-Julio-Cesar-Pio-Marlene-Schlup-Carlos-Alberto-Schlup-na-casa-da-familia-Schlup-na-Rua1011-1964-1965_7-reuniao.jpg\"><img loading=\"lazy\" decoding=\"async\" width=\"719\" height=\"967\" src=\"http:\/\/culturabc.com.br\/arquivo\/wp-content\/uploads\/2021\/07\/3378-Julio-Cesar-Pio-Marlene-Schlup-Carlos-Alberto-Schlup-na-casa-da-familia-Schlup-na-Rua1011-1964-1965_7-reuniao.jpg\" alt=\"3378 Julio Cesar Pio Marlene Schlup Carlos Alberto Schlup na casa da familia Schlup na Rua1011 1964 1965 7 reuniao\" data-id=\"26462\" data-full-url=\"http:\/\/culturabc.com.br\/arquivo\/wp-content\/uploads\/2021\/07\/3378-Julio-Cesar-Pio-Marlene-Schlup-Carlos-Alberto-Schlup-na-casa-da-familia-Schlup-na-Rua1011-1964-1965_7-reuniao.jpg\" data-link=\"http:\/\/culturabc.com.br\/arquivo\/3378-julio-cesar-pio-marlene-schlup-carlos-alberto-schlup-na-casa-da-familia-schlup-na-rua1011-1964-1965_7-reuniao\/\" class=\"wp-image-26462\" srcset=\"https:\/\/culturabc.com.br\/arquivo\/wp-content\/uploads\/2021\/07\/3378-Julio-Cesar-Pio-Marlene-Schlup-Carlos-Alberto-Schlup-na-casa-da-familia-Schlup-na-Rua1011-1964-1965_7-reuniao.jpg 719w, https:\/\/culturabc.com.br\/arquivo\/wp-content\/uploads\/2021\/07\/3378-Julio-Cesar-Pio-Marlene-Schlup-Carlos-Alberto-Schlup-na-casa-da-familia-Schlup-na-Rua1011-1964-1965_7-reuniao-223x300.jpg 223w\" sizes=\"(max-width: 719px) 100vw, 719px\" \/><\/a><figcaption class=\"blocks-gallery-item__caption\">3378 Julio Cesar Pio Marlene Schlup Carlos Alberto Schlup na casa da familia Schlup na Rua1011 1964 1965 7 reuniao<\/figcaption><\/figure><\/li><li class=\"blocks-gallery-item\"><figure><a href=\"http:\/\/culturabc.com.br\/arquivo\/wp-content\/uploads\/2021\/07\/3407-Bar-Camarao-a-Palito-localizado-na-Av.-Atlantica-esquina-com-a-Rua-1300-onde-hoje-e-o-Restaurante-Chaplin-decada-de-1950_7-reuniao.jpg\"><img loading=\"lazy\" decoding=\"async\" width=\"469\" height=\"699\" src=\"http:\/\/culturabc.com.br\/arquivo\/wp-content\/uploads\/2021\/07\/3407-Bar-Camarao-a-Palito-localizado-na-Av.-Atlantica-esquina-com-a-Rua-1300-onde-hoje-e-o-Restaurante-Chaplin-decada-de-1950_7-reuniao.jpg\" alt=\"3407 Bar Camarao a Palito localizado na Av. Atlantica esquina com a Rua 1300 onde hoje e o Restaurante Chaplin decada de 1950 7 reuniao\" data-id=\"26449\" data-full-url=\"http:\/\/culturabc.com.br\/arquivo\/wp-content\/uploads\/2021\/07\/3407-Bar-Camarao-a-Palito-localizado-na-Av.-Atlantica-esquina-com-a-Rua-1300-onde-hoje-e-o-Restaurante-Chaplin-decada-de-1950_7-reuniao.jpg\" data-link=\"http:\/\/culturabc.com.br\/arquivo\/3407-bar-camarao-a-palito-localizado-na-av-atlantica-esquina-com-a-rua-1300-onde-hoje-e-o-restaurante-chaplin-decada-de-1950_7-reuniao\/\" class=\"wp-image-26449\" srcset=\"https:\/\/culturabc.com.br\/arquivo\/wp-content\/uploads\/2021\/07\/3407-Bar-Camarao-a-Palito-localizado-na-Av.-Atlantica-esquina-com-a-Rua-1300-onde-hoje-e-o-Restaurante-Chaplin-decada-de-1950_7-reuniao.jpg 469w, https:\/\/culturabc.com.br\/arquivo\/wp-content\/uploads\/2021\/07\/3407-Bar-Camarao-a-Palito-localizado-na-Av.-Atlantica-esquina-com-a-Rua-1300-onde-hoje-e-o-Restaurante-Chaplin-decada-de-1950_7-reuniao-201x300.jpg 201w\" sizes=\"(max-width: 469px) 100vw, 469px\" \/><\/a><figcaption class=\"blocks-gallery-item__caption\">3407 Bar Camarao a Palito localizado na Av. Atlantica esquina com a Rua 1300 onde hoje e o Restaurante Chaplin decada de 1950 7 reuniao<\/figcaption><\/figure><\/li><li class=\"blocks-gallery-item\"><figure><a href=\"http:\/\/culturabc.com.br\/arquivo\/wp-content\/uploads\/2021\/07\/3379-Time-de-casadosao-fundo-o-Bar-San-Remo1969_7-reuniao.jpg\"><img loading=\"lazy\" decoding=\"async\" width=\"950\" height=\"571\" src=\"http:\/\/culturabc.com.br\/arquivo\/wp-content\/uploads\/2021\/07\/3379-Time-de-casadosao-fundo-o-Bar-San-Remo1969_7-reuniao.jpg\" alt=\"3379 Time de casadosao fundo o Bar San Remo1969 7 reuniao\" data-id=\"26193\" data-full-url=\"http:\/\/culturabc.com.br\/arquivo\/wp-content\/uploads\/2021\/07\/3379-Time-de-casadosao-fundo-o-Bar-San-Remo1969_7-reuniao.jpg\" data-link=\"http:\/\/culturabc.com.br\/arquivo\/3379-time-de-casadosao-fundo-o-bar-san-remo1969_7-reuniao\/\" class=\"wp-image-26193\" srcset=\"https:\/\/culturabc.com.br\/arquivo\/wp-content\/uploads\/2021\/07\/3379-Time-de-casadosao-fundo-o-Bar-San-Remo1969_7-reuniao.jpg 950w, https:\/\/culturabc.com.br\/arquivo\/wp-content\/uploads\/2021\/07\/3379-Time-de-casadosao-fundo-o-Bar-San-Remo1969_7-reuniao-300x180.jpg 300w, https:\/\/culturabc.com.br\/arquivo\/wp-content\/uploads\/2021\/07\/3379-Time-de-casadosao-fundo-o-Bar-San-Remo1969_7-reuniao-768x462.jpg 768w\" sizes=\"(max-width: 950px) 100vw, 950px\" \/><\/a><figcaption class=\"blocks-gallery-item__caption\">3379 Time de casadosao fundo o Bar San Remo1969 7 reuniao<\/figcaption><\/figure><\/li><li class=\"blocks-gallery-item\"><figure><a href=\"http:\/\/culturabc.com.br\/arquivo\/wp-content\/uploads\/2021\/07\/3377-Casas-da-Concasa-e-a-antiga-captacao-de-agua-1969_7-reuniao.jpg\"><img loading=\"lazy\" decoding=\"async\" width=\"950\" height=\"633\" src=\"http:\/\/culturabc.com.br\/arquivo\/wp-content\/uploads\/2021\/07\/3377-Casas-da-Concasa-e-a-antiga-captacao-de-agua-1969_7-reuniao.jpg\" alt=\"3377 Casas da Concasa e a antiga captacao de agua 1969 7 reuniao\" data-id=\"26192\" data-full-url=\"http:\/\/culturabc.com.br\/arquivo\/wp-content\/uploads\/2021\/07\/3377-Casas-da-Concasa-e-a-antiga-captacao-de-agua-1969_7-reuniao.jpg\" data-link=\"http:\/\/culturabc.com.br\/arquivo\/3377-casas-da-concasa-e-a-antiga-captacao-de-agua-1969_7-reuniao\/\" class=\"wp-image-26192\" srcset=\"https:\/\/culturabc.com.br\/arquivo\/wp-content\/uploads\/2021\/07\/3377-Casas-da-Concasa-e-a-antiga-captacao-de-agua-1969_7-reuniao.jpg 950w, https:\/\/culturabc.com.br\/arquivo\/wp-content\/uploads\/2021\/07\/3377-Casas-da-Concasa-e-a-antiga-captacao-de-agua-1969_7-reuniao-300x200.jpg 300w, https:\/\/culturabc.com.br\/arquivo\/wp-content\/uploads\/2021\/07\/3377-Casas-da-Concasa-e-a-antiga-captacao-de-agua-1969_7-reuniao-768x512.jpg 768w\" sizes=\"(max-width: 950px) 100vw, 950px\" \/><\/a><figcaption class=\"blocks-gallery-item__caption\">3377 Casas da Concasa e a antiga captacao de agua 1969 7 reuniao<\/figcaption><\/figure><\/li><li class=\"blocks-gallery-item\"><figure><a href=\"http:\/\/culturabc.com.br\/arquivo\/wp-content\/uploads\/2021\/07\/3376-Carteira-de-Atleta-do-Badallos-decada-de-1970_7-reuniao.jpg\"><img loading=\"lazy\" decoding=\"async\" width=\"950\" height=\"664\" src=\"http:\/\/culturabc.com.br\/arquivo\/wp-content\/uploads\/2021\/07\/3376-Carteira-de-Atleta-do-Badallos-decada-de-1970_7-reuniao.jpg\" alt=\"3376 Carteira de Atleta do Badallos decada de 1970 7 reuniao\" data-id=\"26191\" data-full-url=\"http:\/\/culturabc.com.br\/arquivo\/wp-content\/uploads\/2021\/07\/3376-Carteira-de-Atleta-do-Badallos-decada-de-1970_7-reuniao.jpg\" data-link=\"http:\/\/culturabc.com.br\/arquivo\/3376-carteira-de-atleta-do-badallos-decada-de-1970_7-reuniao\/\" class=\"wp-image-26191\" srcset=\"https:\/\/culturabc.com.br\/arquivo\/wp-content\/uploads\/2021\/07\/3376-Carteira-de-Atleta-do-Badallos-decada-de-1970_7-reuniao.jpg 950w, https:\/\/culturabc.com.br\/arquivo\/wp-content\/uploads\/2021\/07\/3376-Carteira-de-Atleta-do-Badallos-decada-de-1970_7-reuniao-300x210.jpg 300w, https:\/\/culturabc.com.br\/arquivo\/wp-content\/uploads\/2021\/07\/3376-Carteira-de-Atleta-do-Badallos-decada-de-1970_7-reuniao-768x537.jpg 768w\" sizes=\"(max-width: 950px) 100vw, 950px\" \/><\/a><figcaption class=\"blocks-gallery-item__caption\">3376 Carteira de Atleta do Badallos decada de 1970 7 reuniao<\/figcaption><\/figure><\/li><li class=\"blocks-gallery-item\"><figure><a href=\"http:\/\/culturabc.com.br\/arquivo\/wp-content\/uploads\/2021\/07\/3375-Carlos-Schlup-na-1a-quadra-de-futebol-de-salao-Rua-51-Ao-fundo-as-casas-de-Gerd-Schepers-1968_7-reuniao.jpg\"><img loading=\"lazy\" decoding=\"async\" width=\"950\" height=\"713\" src=\"http:\/\/culturabc.com.br\/arquivo\/wp-content\/uploads\/2021\/07\/3375-Carlos-Schlup-na-1a-quadra-de-futebol-de-salao-Rua-51-Ao-fundo-as-casas-de-Gerd-Schepers-1968_7-reuniao.jpg\" alt=\"3375 Carlos Schlup na 1a quadra de futebol de salao Rua 51 Ao fundo as casas de Gerd Schepers 1968 7 reuniao\" data-id=\"26190\" data-full-url=\"http:\/\/culturabc.com.br\/arquivo\/wp-content\/uploads\/2021\/07\/3375-Carlos-Schlup-na-1a-quadra-de-futebol-de-salao-Rua-51-Ao-fundo-as-casas-de-Gerd-Schepers-1968_7-reuniao.jpg\" data-link=\"http:\/\/culturabc.com.br\/arquivo\/3375-carlos-schlup-na-1a-quadra-de-futebol-de-salao-rua-51-ao-fundo-as-casas-de-gerd-schepers-1968_7-reuniao\/\" class=\"wp-image-26190\" srcset=\"https:\/\/culturabc.com.br\/arquivo\/wp-content\/uploads\/2021\/07\/3375-Carlos-Schlup-na-1a-quadra-de-futebol-de-salao-Rua-51-Ao-fundo-as-casas-de-Gerd-Schepers-1968_7-reuniao.jpg 950w, https:\/\/culturabc.com.br\/arquivo\/wp-content\/uploads\/2021\/07\/3375-Carlos-Schlup-na-1a-quadra-de-futebol-de-salao-Rua-51-Ao-fundo-as-casas-de-Gerd-Schepers-1968_7-reuniao-300x225.jpg 300w, https:\/\/culturabc.com.br\/arquivo\/wp-content\/uploads\/2021\/07\/3375-Carlos-Schlup-na-1a-quadra-de-futebol-de-salao-Rua-51-Ao-fundo-as-casas-de-Gerd-Schepers-1968_7-reuniao-768x576.jpg 768w\" sizes=\"(max-width: 950px) 100vw, 950px\" \/><\/a><figcaption class=\"blocks-gallery-item__caption\">3375 Carlos Schlup na 1a quadra de futebol de salao Rua 51 Ao fundo as casas de Gerd Schepers 1968 7 reuniao<\/figcaption><\/figure><\/li><li class=\"blocks-gallery-item\"><figure><a href=\"http:\/\/culturabc.com.br\/arquivo\/wp-content\/uploads\/2021\/07\/3383-Capela-Santo-Amaro-Bairro-da-Barra-1976_7-reuniao.jpg\"><img loading=\"lazy\" decoding=\"async\" width=\"950\" height=\"696\" src=\"http:\/\/culturabc.com.br\/arquivo\/wp-content\/uploads\/2021\/07\/3383-Capela-Santo-Amaro-Bairro-da-Barra-1976_7-reuniao.jpg\" alt=\"3383 Capela Santo Amaro Bairro da Barra 1976 7 reuniao\" data-id=\"26189\" data-full-url=\"http:\/\/culturabc.com.br\/arquivo\/wp-content\/uploads\/2021\/07\/3383-Capela-Santo-Amaro-Bairro-da-Barra-1976_7-reuniao.jpg\" data-link=\"http:\/\/culturabc.com.br\/arquivo\/3383-capela-santo-amaro-bairro-da-barra-1976_7-reuniao\/\" class=\"wp-image-26189\" srcset=\"https:\/\/culturabc.com.br\/arquivo\/wp-content\/uploads\/2021\/07\/3383-Capela-Santo-Amaro-Bairro-da-Barra-1976_7-reuniao.jpg 950w, https:\/\/culturabc.com.br\/arquivo\/wp-content\/uploads\/2021\/07\/3383-Capela-Santo-Amaro-Bairro-da-Barra-1976_7-reuniao-300x220.jpg 300w, https:\/\/culturabc.com.br\/arquivo\/wp-content\/uploads\/2021\/07\/3383-Capela-Santo-Amaro-Bairro-da-Barra-1976_7-reuniao-768x563.jpg 768w\" sizes=\"(max-width: 950px) 100vw, 950px\" \/><\/a><figcaption class=\"blocks-gallery-item__caption\">3383 Capela Santo Amaro Bairro da Barra 1976 7 reuniao<\/figcaption><\/figure><\/li><li class=\"blocks-gallery-item\"><figure><a href=\"http:\/\/culturabc.com.br\/arquivo\/wp-content\/uploads\/2021\/07\/3382-Capela-Santo-Amaro-Bairro-da-Barra-1976_7-reuniao.jpg\"><img loading=\"lazy\" decoding=\"async\" width=\"950\" height=\"692\" src=\"http:\/\/culturabc.com.br\/arquivo\/wp-content\/uploads\/2021\/07\/3382-Capela-Santo-Amaro-Bairro-da-Barra-1976_7-reuniao.jpg\" alt=\"3382 Capela Santo Amaro Bairro da Barra 1976 7 reuniao\" data-id=\"26188\" data-full-url=\"http:\/\/culturabc.com.br\/arquivo\/wp-content\/uploads\/2021\/07\/3382-Capela-Santo-Amaro-Bairro-da-Barra-1976_7-reuniao.jpg\" data-link=\"http:\/\/culturabc.com.br\/arquivo\/3382-capela-santo-amaro-bairro-da-barra-1976_7-reuniao\/\" class=\"wp-image-26188\" srcset=\"https:\/\/culturabc.com.br\/arquivo\/wp-content\/uploads\/2021\/07\/3382-Capela-Santo-Amaro-Bairro-da-Barra-1976_7-reuniao.jpg 950w, https:\/\/culturabc.com.br\/arquivo\/wp-content\/uploads\/2021\/07\/3382-Capela-Santo-Amaro-Bairro-da-Barra-1976_7-reuniao-300x219.jpg 300w, https:\/\/culturabc.com.br\/arquivo\/wp-content\/uploads\/2021\/07\/3382-Capela-Santo-Amaro-Bairro-da-Barra-1976_7-reuniao-768x559.jpg 768w\" sizes=\"(max-width: 950px) 100vw, 950px\" \/><\/a><figcaption class=\"blocks-gallery-item__caption\">3382 Capela Santo Amaro Bairro da Barra 1976 7 reuniao<\/figcaption><\/figure><\/li><li class=\"blocks-gallery-item\"><figure><a href=\"http:\/\/culturabc.com.br\/arquivo\/wp-content\/uploads\/2021\/07\/3381-Casa-Linhares-e-Praca-do-Pescador-Bairro-da-Barra1976_7-reuniao.jpg\"><img loading=\"lazy\" decoding=\"async\" width=\"950\" height=\"713\" src=\"http:\/\/culturabc.com.br\/arquivo\/wp-content\/uploads\/2021\/07\/3381-Casa-Linhares-e-Praca-do-Pescador-Bairro-da-Barra1976_7-reuniao.jpg\" alt=\"3381 Casa Linhares e Praca do Pescador Bairro da Barra1976 7 reuniao\" data-id=\"26187\" data-full-url=\"http:\/\/culturabc.com.br\/arquivo\/wp-content\/uploads\/2021\/07\/3381-Casa-Linhares-e-Praca-do-Pescador-Bairro-da-Barra1976_7-reuniao.jpg\" data-link=\"http:\/\/culturabc.com.br\/arquivo\/3381-casa-linhares-e-praca-do-pescador-bairro-da-barra1976_7-reuniao\/\" class=\"wp-image-26187\" srcset=\"https:\/\/culturabc.com.br\/arquivo\/wp-content\/uploads\/2021\/07\/3381-Casa-Linhares-e-Praca-do-Pescador-Bairro-da-Barra1976_7-reuniao.jpg 950w, https:\/\/culturabc.com.br\/arquivo\/wp-content\/uploads\/2021\/07\/3381-Casa-Linhares-e-Praca-do-Pescador-Bairro-da-Barra1976_7-reuniao-300x225.jpg 300w, https:\/\/culturabc.com.br\/arquivo\/wp-content\/uploads\/2021\/07\/3381-Casa-Linhares-e-Praca-do-Pescador-Bairro-da-Barra1976_7-reuniao-768x576.jpg 768w\" sizes=\"(max-width: 950px) 100vw, 950px\" \/><\/a><figcaption class=\"blocks-gallery-item__caption\">3381 Casa Linhares e Praca do Pescador Bairro da Barra1976 7 reuniao<\/figcaption><\/figure><\/li><li class=\"blocks-gallery-item\"><figure><a href=\"http:\/\/culturabc.com.br\/arquivo\/wp-content\/uploads\/2021\/07\/3380-Time-dos-Tubaroes-1969_7-reuniao.jpg\"><img loading=\"lazy\" decoding=\"async\" width=\"950\" height=\"711\" src=\"http:\/\/culturabc.com.br\/arquivo\/wp-content\/uploads\/2021\/07\/3380-Time-dos-Tubaroes-1969_7-reuniao.jpg\" alt=\"3380 Time dos Tubaroes 1969 7 reuniao\" data-id=\"26186\" data-full-url=\"http:\/\/culturabc.com.br\/arquivo\/wp-content\/uploads\/2021\/07\/3380-Time-dos-Tubaroes-1969_7-reuniao.jpg\" data-link=\"http:\/\/culturabc.com.br\/arquivo\/3380-time-dos-tubaroes-1969_7-reuniao\/\" class=\"wp-image-26186\" srcset=\"https:\/\/culturabc.com.br\/arquivo\/wp-content\/uploads\/2021\/07\/3380-Time-dos-Tubaroes-1969_7-reuniao.jpg 950w, https:\/\/culturabc.com.br\/arquivo\/wp-content\/uploads\/2021\/07\/3380-Time-dos-Tubaroes-1969_7-reuniao-300x225.jpg 300w, https:\/\/culturabc.com.br\/arquivo\/wp-content\/uploads\/2021\/07\/3380-Time-dos-Tubaroes-1969_7-reuniao-768x575.jpg 768w\" sizes=\"(max-width: 950px) 100vw, 950px\" \/><\/a><figcaption class=\"blocks-gallery-item__caption\">3380 Time dos Tubaroes 1969 7 reuniao<\/figcaption><\/figure><\/li><li class=\"blocks-gallery-item\"><figure><a href=\"http:\/\/culturabc.com.br\/arquivo\/wp-content\/uploads\/2021\/07\/3389-Construcao-do-Edificio-Jacira-onde-esta-localizada-a-VS-Auto-Pecas-3a-Avenida-1390-1976_7-reuniao.jpg\"><img loading=\"lazy\" decoding=\"async\" width=\"950\" height=\"635\" src=\"http:\/\/culturabc.com.br\/arquivo\/wp-content\/uploads\/2021\/07\/3389-Construcao-do-Edificio-Jacira-onde-esta-localizada-a-VS-Auto-Pecas-3a-Avenida-1390-1976_7-reuniao.jpg\" alt=\"3389 Construcao do Edificio Jacira onde esta localizada a VS Auto Pecas 3a Avenida 1390 1976 7 reuniao\" data-id=\"26185\" data-full-url=\"http:\/\/culturabc.com.br\/arquivo\/wp-content\/uploads\/2021\/07\/3389-Construcao-do-Edificio-Jacira-onde-esta-localizada-a-VS-Auto-Pecas-3a-Avenida-1390-1976_7-reuniao.jpg\" data-link=\"http:\/\/culturabc.com.br\/arquivo\/3389-construcao-do-edificio-jacira-onde-esta-localizada-a-vs-auto-pecas-3a-avenida-1390-1976_7-reuniao\/\" class=\"wp-image-26185\" srcset=\"https:\/\/culturabc.com.br\/arquivo\/wp-content\/uploads\/2021\/07\/3389-Construcao-do-Edificio-Jacira-onde-esta-localizada-a-VS-Auto-Pecas-3a-Avenida-1390-1976_7-reuniao.jpg 950w, https:\/\/culturabc.com.br\/arquivo\/wp-content\/uploads\/2021\/07\/3389-Construcao-do-Edificio-Jacira-onde-esta-localizada-a-VS-Auto-Pecas-3a-Avenida-1390-1976_7-reuniao-300x201.jpg 300w, https:\/\/culturabc.com.br\/arquivo\/wp-content\/uploads\/2021\/07\/3389-Construcao-do-Edificio-Jacira-onde-esta-localizada-a-VS-Auto-Pecas-3a-Avenida-1390-1976_7-reuniao-768x513.jpg 768w\" sizes=\"(max-width: 950px) 100vw, 950px\" \/><\/a><figcaption class=\"blocks-gallery-item__caption\">3389 Construcao do Edificio Jacira onde esta localizada a VS Auto Pecas 3a Avenida 1390 1976 7 reuniao<\/figcaption><\/figure><\/li><li class=\"blocks-gallery-item\"><figure><a href=\"http:\/\/culturabc.com.br\/arquivo\/wp-content\/uploads\/2021\/07\/3388-Construcao-do-Edificio-Jacira-onde-esta-localizada-a-VS-Auto-Pecas-3a-Avenida-1390-1976_7-reuniao.jpg\"><img loading=\"lazy\" decoding=\"async\" width=\"950\" height=\"630\" src=\"http:\/\/culturabc.com.br\/arquivo\/wp-content\/uploads\/2021\/07\/3388-Construcao-do-Edificio-Jacira-onde-esta-localizada-a-VS-Auto-Pecas-3a-Avenida-1390-1976_7-reuniao.jpg\" alt=\"3388 Construcao do Edificio Jacira onde esta localizada a VS Auto Pecas 3a Avenida 1390 1976 7 reuniao\" data-id=\"26184\" data-full-url=\"http:\/\/culturabc.com.br\/arquivo\/wp-content\/uploads\/2021\/07\/3388-Construcao-do-Edificio-Jacira-onde-esta-localizada-a-VS-Auto-Pecas-3a-Avenida-1390-1976_7-reuniao.jpg\" data-link=\"http:\/\/culturabc.com.br\/arquivo\/3388-construcao-do-edificio-jacira-onde-esta-localizada-a-vs-auto-pecas-3a-avenida-1390-1976_7-reuniao\/\" class=\"wp-image-26184\" srcset=\"https:\/\/culturabc.com.br\/arquivo\/wp-content\/uploads\/2021\/07\/3388-Construcao-do-Edificio-Jacira-onde-esta-localizada-a-VS-Auto-Pecas-3a-Avenida-1390-1976_7-reuniao.jpg 950w, https:\/\/culturabc.com.br\/arquivo\/wp-content\/uploads\/2021\/07\/3388-Construcao-do-Edificio-Jacira-onde-esta-localizada-a-VS-Auto-Pecas-3a-Avenida-1390-1976_7-reuniao-300x199.jpg 300w, https:\/\/culturabc.com.br\/arquivo\/wp-content\/uploads\/2021\/07\/3388-Construcao-do-Edificio-Jacira-onde-esta-localizada-a-VS-Auto-Pecas-3a-Avenida-1390-1976_7-reuniao-768x509.jpg 768w\" sizes=\"(max-width: 950px) 100vw, 950px\" \/><\/a><figcaption class=\"blocks-gallery-item__caption\">3388 Construcao do Edificio Jacira onde esta localizada a VS Auto Pecas 3a Avenida 1390 1976 7 reuniao<\/figcaption><\/figure><\/li><li class=\"blocks-gallery-item\"><figure><a href=\"http:\/\/culturabc.com.br\/arquivo\/wp-content\/uploads\/2021\/07\/3386-Praca-do-Pescador-Bairro-da-Barra-1976_7-reuniao.jpg\"><img loading=\"lazy\" decoding=\"async\" width=\"950\" height=\"689\" src=\"http:\/\/culturabc.com.br\/arquivo\/wp-content\/uploads\/2021\/07\/3386-Praca-do-Pescador-Bairro-da-Barra-1976_7-reuniao.jpg\" alt=\"3386 Praca do Pescador Bairro da Barra 1976 7 reuniao\" data-id=\"26183\" data-full-url=\"http:\/\/culturabc.com.br\/arquivo\/wp-content\/uploads\/2021\/07\/3386-Praca-do-Pescador-Bairro-da-Barra-1976_7-reuniao.jpg\" data-link=\"http:\/\/culturabc.com.br\/arquivo\/3386-praca-do-pescador-bairro-da-barra-1976_7-reuniao\/\" class=\"wp-image-26183\" srcset=\"https:\/\/culturabc.com.br\/arquivo\/wp-content\/uploads\/2021\/07\/3386-Praca-do-Pescador-Bairro-da-Barra-1976_7-reuniao.jpg 950w, https:\/\/culturabc.com.br\/arquivo\/wp-content\/uploads\/2021\/07\/3386-Praca-do-Pescador-Bairro-da-Barra-1976_7-reuniao-300x218.jpg 300w, https:\/\/culturabc.com.br\/arquivo\/wp-content\/uploads\/2021\/07\/3386-Praca-do-Pescador-Bairro-da-Barra-1976_7-reuniao-768x557.jpg 768w\" sizes=\"(max-width: 950px) 100vw, 950px\" \/><\/a><figcaption class=\"blocks-gallery-item__caption\">3386 Praca do Pescador Bairro da Barra 1976 7 reuniao<\/figcaption><\/figure><\/li><li class=\"blocks-gallery-item\"><figure><a href=\"http:\/\/culturabc.com.br\/arquivo\/wp-content\/uploads\/2021\/07\/3385-Foto-tirada-da-Capela-Santo-Amaro-ao-fundo-Casa-Linhares-1976_7-reuniao.jpg\"><img loading=\"lazy\" decoding=\"async\" width=\"950\" height=\"657\" src=\"http:\/\/culturabc.com.br\/arquivo\/wp-content\/uploads\/2021\/07\/3385-Foto-tirada-da-Capela-Santo-Amaro-ao-fundo-Casa-Linhares-1976_7-reuniao.jpg\" alt=\"3385 Foto tirada da Capela Santo Amaro ao fundo Casa Linhares 1976 7 reuniao\" data-id=\"26182\" data-full-url=\"http:\/\/culturabc.com.br\/arquivo\/wp-content\/uploads\/2021\/07\/3385-Foto-tirada-da-Capela-Santo-Amaro-ao-fundo-Casa-Linhares-1976_7-reuniao.jpg\" data-link=\"http:\/\/culturabc.com.br\/arquivo\/3385-foto-tirada-da-capela-santo-amaro-ao-fundo-casa-linhares-1976_7-reuniao\/\" class=\"wp-image-26182\" srcset=\"https:\/\/culturabc.com.br\/arquivo\/wp-content\/uploads\/2021\/07\/3385-Foto-tirada-da-Capela-Santo-Amaro-ao-fundo-Casa-Linhares-1976_7-reuniao.jpg 950w, https:\/\/culturabc.com.br\/arquivo\/wp-content\/uploads\/2021\/07\/3385-Foto-tirada-da-Capela-Santo-Amaro-ao-fundo-Casa-Linhares-1976_7-reuniao-300x207.jpg 300w, https:\/\/culturabc.com.br\/arquivo\/wp-content\/uploads\/2021\/07\/3385-Foto-tirada-da-Capela-Santo-Amaro-ao-fundo-Casa-Linhares-1976_7-reuniao-768x531.jpg 768w\" sizes=\"(max-width: 950px) 100vw, 950px\" \/><\/a><figcaption class=\"blocks-gallery-item__caption\">3385 Foto tirada da Capela Santo Amaro ao fundo Casa Linhares 1976 7 reuniao<\/figcaption><\/figure><\/li><li class=\"blocks-gallery-item\"><figure><a href=\"http:\/\/culturabc.com.br\/arquivo\/wp-content\/uploads\/2021\/07\/3384-Foto-tirada-da-Capela-Santo-Amaro-ao-fundo-Casa-Linhares-1976_7-reuniao.jpg\"><img loading=\"lazy\" decoding=\"async\" width=\"950\" height=\"713\" src=\"http:\/\/culturabc.com.br\/arquivo\/wp-content\/uploads\/2021\/07\/3384-Foto-tirada-da-Capela-Santo-Amaro-ao-fundo-Casa-Linhares-1976_7-reuniao.jpg\" alt=\"3384 Foto tirada da Capela Santo Amaro ao fundo Casa Linhares 1976 7 reuniao\" data-id=\"26181\" data-full-url=\"http:\/\/culturabc.com.br\/arquivo\/wp-content\/uploads\/2021\/07\/3384-Foto-tirada-da-Capela-Santo-Amaro-ao-fundo-Casa-Linhares-1976_7-reuniao.jpg\" data-link=\"http:\/\/culturabc.com.br\/arquivo\/3384-foto-tirada-da-capela-santo-amaro-ao-fundo-casa-linhares-1976_7-reuniao\/\" class=\"wp-image-26181\" srcset=\"https:\/\/culturabc.com.br\/arquivo\/wp-content\/uploads\/2021\/07\/3384-Foto-tirada-da-Capela-Santo-Amaro-ao-fundo-Casa-Linhares-1976_7-reuniao.jpg 950w, https:\/\/culturabc.com.br\/arquivo\/wp-content\/uploads\/2021\/07\/3384-Foto-tirada-da-Capela-Santo-Amaro-ao-fundo-Casa-Linhares-1976_7-reuniao-300x225.jpg 300w, https:\/\/culturabc.com.br\/arquivo\/wp-content\/uploads\/2021\/07\/3384-Foto-tirada-da-Capela-Santo-Amaro-ao-fundo-Casa-Linhares-1976_7-reuniao-768x576.jpg 768w\" sizes=\"(max-width: 950px) 100vw, 950px\" \/><\/a><figcaption class=\"blocks-gallery-item__caption\">3384 Foto tirada da Capela Santo Amaro ao fundo Casa Linhares 1976 7 reuniao<\/figcaption><\/figure><\/li><li class=\"blocks-gallery-item\"><figure><a href=\"http:\/\/culturabc.com.br\/arquivo\/wp-content\/uploads\/2021\/07\/3403-Equipe-trabalhando-na-construcao-do-muro-de-arrimo-da-Avenida-Atlantica-1967_7-reuniao.jpg\"><img loading=\"lazy\" decoding=\"async\" width=\"950\" height=\"604\" src=\"http:\/\/culturabc.com.br\/arquivo\/wp-content\/uploads\/2021\/07\/3403-Equipe-trabalhando-na-construcao-do-muro-de-arrimo-da-Avenida-Atlantica-1967_7-reuniao.jpg\" alt=\"3403 Equipe trabalhando na construcao do muro de arrimo da Avenida Atlantica 1967 7 reuniao\" data-id=\"26180\" data-full-url=\"http:\/\/culturabc.com.br\/arquivo\/wp-content\/uploads\/2021\/07\/3403-Equipe-trabalhando-na-construcao-do-muro-de-arrimo-da-Avenida-Atlantica-1967_7-reuniao.jpg\" data-link=\"http:\/\/culturabc.com.br\/arquivo\/3403-equipe-trabalhando-na-construcao-do-muro-de-arrimo-da-avenida-atlantica-1967_7-reuniao\/\" class=\"wp-image-26180\" srcset=\"https:\/\/culturabc.com.br\/arquivo\/wp-content\/uploads\/2021\/07\/3403-Equipe-trabalhando-na-construcao-do-muro-de-arrimo-da-Avenida-Atlantica-1967_7-reuniao.jpg 950w, https:\/\/culturabc.com.br\/arquivo\/wp-content\/uploads\/2021\/07\/3403-Equipe-trabalhando-na-construcao-do-muro-de-arrimo-da-Avenida-Atlantica-1967_7-reuniao-300x191.jpg 300w, https:\/\/culturabc.com.br\/arquivo\/wp-content\/uploads\/2021\/07\/3403-Equipe-trabalhando-na-construcao-do-muro-de-arrimo-da-Avenida-Atlantica-1967_7-reuniao-768x488.jpg 768w\" sizes=\"(max-width: 950px) 100vw, 950px\" \/><\/a><figcaption class=\"blocks-gallery-item__caption\">3403 Equipe trabalhando na construcao do muro de arrimo da Avenida Atlantica 1967 7 reuniao<\/figcaption><\/figure><\/li><li class=\"blocks-gallery-item\"><figure><a href=\"http:\/\/culturabc.com.br\/arquivo\/wp-content\/uploads\/2021\/07\/3400-Hotel-Miramar-Av.-Atlantica-esquina-com-a-Av.-Central-aproximadamente-1961-1962_7-reuniao.jpg\"><img loading=\"lazy\" decoding=\"async\" width=\"950\" height=\"519\" src=\"http:\/\/culturabc.com.br\/arquivo\/wp-content\/uploads\/2021\/07\/3400-Hotel-Miramar-Av.-Atlantica-esquina-com-a-Av.-Central-aproximadamente-1961-1962_7-reuniao.jpg\" alt=\"3400 Hotel Miramar Av. Atlantica esquina com a Av. Central aproximadamente 1961 1962 7 reuniao\" data-id=\"26178\" data-full-url=\"http:\/\/culturabc.com.br\/arquivo\/wp-content\/uploads\/2021\/07\/3400-Hotel-Miramar-Av.-Atlantica-esquina-com-a-Av.-Central-aproximadamente-1961-1962_7-reuniao.jpg\" data-link=\"http:\/\/culturabc.com.br\/arquivo\/3400-hotel-miramar-av-atlantica-esquina-com-a-av-central-aproximadamente-1961-1962_7-reuniao\/\" class=\"wp-image-26178\" srcset=\"https:\/\/culturabc.com.br\/arquivo\/wp-content\/uploads\/2021\/07\/3400-Hotel-Miramar-Av.-Atlantica-esquina-com-a-Av.-Central-aproximadamente-1961-1962_7-reuniao.jpg 950w, https:\/\/culturabc.com.br\/arquivo\/wp-content\/uploads\/2021\/07\/3400-Hotel-Miramar-Av.-Atlantica-esquina-com-a-Av.-Central-aproximadamente-1961-1962_7-reuniao-300x164.jpg 300w, https:\/\/culturabc.com.br\/arquivo\/wp-content\/uploads\/2021\/07\/3400-Hotel-Miramar-Av.-Atlantica-esquina-com-a-Av.-Central-aproximadamente-1961-1962_7-reuniao-768x420.jpg 768w\" sizes=\"(max-width: 950px) 100vw, 950px\" \/><\/a><figcaption class=\"blocks-gallery-item__caption\">3400 Hotel Miramar Av. Atlantica esquina com a Av. Central aproximadamente 1961 1962 7 reuniao<\/figcaption><\/figure><\/li><li class=\"blocks-gallery-item\"><figure><a href=\"http:\/\/culturabc.com.br\/arquivo\/wp-content\/uploads\/2021\/07\/3390-Joao-Teixeira-Cruz-20.08.1932_7-reuniao.jpg\"><img loading=\"lazy\" decoding=\"async\" width=\"780\" height=\"1024\" src=\"http:\/\/culturabc.com.br\/arquivo\/wp-content\/uploads\/2021\/07\/3390-Joao-Teixeira-Cruz-20.08.1932_7-reuniao-780x1024.jpg\" alt=\"3390 Joao Teixeira Cruz 20.08.1932 7 reuniao\" data-id=\"26177\" data-full-url=\"http:\/\/culturabc.com.br\/arquivo\/wp-content\/uploads\/2021\/07\/3390-Joao-Teixeira-Cruz-20.08.1932_7-reuniao.jpg\" data-link=\"http:\/\/culturabc.com.br\/arquivo\/3390-joao-teixeira-cruz-20-08-1932_7-reuniao\/\" class=\"wp-image-26177\" srcset=\"https:\/\/culturabc.com.br\/arquivo\/wp-content\/uploads\/2021\/07\/3390-Joao-Teixeira-Cruz-20.08.1932_7-reuniao-780x1024.jpg 780w, https:\/\/culturabc.com.br\/arquivo\/wp-content\/uploads\/2021\/07\/3390-Joao-Teixeira-Cruz-20.08.1932_7-reuniao-229x300.jpg 229w, https:\/\/culturabc.com.br\/arquivo\/wp-content\/uploads\/2021\/07\/3390-Joao-Teixeira-Cruz-20.08.1932_7-reuniao-768x1008.jpg 768w, https:\/\/culturabc.com.br\/arquivo\/wp-content\/uploads\/2021\/07\/3390-Joao-Teixeira-Cruz-20.08.1932_7-reuniao.jpg 950w\" sizes=\"(max-width: 780px) 100vw, 780px\" \/><\/a><figcaption class=\"blocks-gallery-item__caption\">3390 Joao Teixeira Cruz 20.08.1932 7 reuniao<\/figcaption><\/figure><\/li><li class=\"blocks-gallery-item\"><figure><a href=\"http:\/\/culturabc.com.br\/arquivo\/wp-content\/uploads\/2021\/07\/3591-Visita-do-Bispo-na-Paroquia-Santa-Ines-quando-os-franciscanos-assumiram-a-Paroquia-1967_7-reuniao.jpg\"><img loading=\"lazy\" decoding=\"async\" width=\"950\" height=\"568\" src=\"http:\/\/culturabc.com.br\/arquivo\/wp-content\/uploads\/2021\/07\/3591-Visita-do-Bispo-na-Paroquia-Santa-Ines-quando-os-franciscanos-assumiram-a-Paroquia-1967_7-reuniao.jpg\" alt=\"3591 Visita do Bispo na Paroquia Santa Ines quando os franciscanos assumiram a Paroquia 1967 7 reuniao\" data-id=\"26176\" data-full-url=\"http:\/\/culturabc.com.br\/arquivo\/wp-content\/uploads\/2021\/07\/3591-Visita-do-Bispo-na-Paroquia-Santa-Ines-quando-os-franciscanos-assumiram-a-Paroquia-1967_7-reuniao.jpg\" data-link=\"http:\/\/culturabc.com.br\/arquivo\/3591-visita-do-bispo-na-paroquia-santa-ines-quando-os-franciscanos-assumiram-a-paroquia-1967_7-reuniao\/\" class=\"wp-image-26176\" srcset=\"https:\/\/culturabc.com.br\/arquivo\/wp-content\/uploads\/2021\/07\/3591-Visita-do-Bispo-na-Paroquia-Santa-Ines-quando-os-franciscanos-assumiram-a-Paroquia-1967_7-reuniao.jpg 950w, https:\/\/culturabc.com.br\/arquivo\/wp-content\/uploads\/2021\/07\/3591-Visita-do-Bispo-na-Paroquia-Santa-Ines-quando-os-franciscanos-assumiram-a-Paroquia-1967_7-reuniao-300x179.jpg 300w, https:\/\/culturabc.com.br\/arquivo\/wp-content\/uploads\/2021\/07\/3591-Visita-do-Bispo-na-Paroquia-Santa-Ines-quando-os-franciscanos-assumiram-a-Paroquia-1967_7-reuniao-768x459.jpg 768w\" sizes=\"(max-width: 950px) 100vw, 950px\" \/><\/a><figcaption class=\"blocks-gallery-item__caption\">3591 Visita do Bispo na Paroquia Santa Ines quando os franciscanos assumiram a Paroquia 1967 7 reuniao<\/figcaption><\/figure><\/li><li class=\"blocks-gallery-item\"><figure><a href=\"http:\/\/culturabc.com.br\/arquivo\/wp-content\/uploads\/2021\/07\/3581-Primeira-Igreja-Assembleia-de-Deus-Praia-de-Laranjeiras-setembro-de-1991_7-reuniao.jpg\"><img loading=\"lazy\" decoding=\"async\" width=\"950\" height=\"614\" src=\"http:\/\/culturabc.com.br\/arquivo\/wp-content\/uploads\/2021\/07\/3581-Primeira-Igreja-Assembleia-de-Deus-Praia-de-Laranjeiras-setembro-de-1991_7-reuniao.jpg\" alt=\"3581 Primeira Igreja Assembleia de Deus Praia de Laranjeiras setembro de 1991 7 reuniao\" data-id=\"26175\" data-full-url=\"http:\/\/culturabc.com.br\/arquivo\/wp-content\/uploads\/2021\/07\/3581-Primeira-Igreja-Assembleia-de-Deus-Praia-de-Laranjeiras-setembro-de-1991_7-reuniao.jpg\" data-link=\"http:\/\/culturabc.com.br\/arquivo\/3581-primeira-igreja-assembleia-de-deus-praia-de-laranjeiras-setembro-de-1991_7-reuniao\/\" class=\"wp-image-26175\" srcset=\"https:\/\/culturabc.com.br\/arquivo\/wp-content\/uploads\/2021\/07\/3581-Primeira-Igreja-Assembleia-de-Deus-Praia-de-Laranjeiras-setembro-de-1991_7-reuniao.jpg 950w, https:\/\/culturabc.com.br\/arquivo\/wp-content\/uploads\/2021\/07\/3581-Primeira-Igreja-Assembleia-de-Deus-Praia-de-Laranjeiras-setembro-de-1991_7-reuniao-300x194.jpg 300w, https:\/\/culturabc.com.br\/arquivo\/wp-content\/uploads\/2021\/07\/3581-Primeira-Igreja-Assembleia-de-Deus-Praia-de-Laranjeiras-setembro-de-1991_7-reuniao-768x496.jpg 768w\" sizes=\"(max-width: 950px) 100vw, 950px\" \/><\/a><figcaption class=\"blocks-gallery-item__caption\">3581 Primeira Igreja Assembleia de Deus Praia de Laranjeiras setembro de 1991 7 reuniao<\/figcaption><\/figure><\/li><li class=\"blocks-gallery-item\"><figure><a href=\"http:\/\/culturabc.com.br\/arquivo\/wp-content\/uploads\/2021\/07\/3412-Praia-de-Camboriu-ao-fundo-Ilha-das-Cabras-1961-1962._7-reuniao.jpg\"><img loading=\"lazy\" decoding=\"async\" width=\"950\" height=\"521\" src=\"http:\/\/culturabc.com.br\/arquivo\/wp-content\/uploads\/2021\/07\/3412-Praia-de-Camboriu-ao-fundo-Ilha-das-Cabras-1961-1962._7-reuniao.jpg\" alt=\"3412 Praia de Camboriu ao fundo Ilha das Cabras 1961 1962. 7 reuniao\" data-id=\"26174\" data-full-url=\"http:\/\/culturabc.com.br\/arquivo\/wp-content\/uploads\/2021\/07\/3412-Praia-de-Camboriu-ao-fundo-Ilha-das-Cabras-1961-1962._7-reuniao.jpg\" data-link=\"http:\/\/culturabc.com.br\/arquivo\/3412-praia-de-camboriu-ao-fundo-ilha-das-cabras-1961-1962-_7-reuniao\/\" class=\"wp-image-26174\" srcset=\"https:\/\/culturabc.com.br\/arquivo\/wp-content\/uploads\/2021\/07\/3412-Praia-de-Camboriu-ao-fundo-Ilha-das-Cabras-1961-1962._7-reuniao.jpg 950w, https:\/\/culturabc.com.br\/arquivo\/wp-content\/uploads\/2021\/07\/3412-Praia-de-Camboriu-ao-fundo-Ilha-das-Cabras-1961-1962._7-reuniao-300x165.jpg 300w, https:\/\/culturabc.com.br\/arquivo\/wp-content\/uploads\/2021\/07\/3412-Praia-de-Camboriu-ao-fundo-Ilha-das-Cabras-1961-1962._7-reuniao-768x421.jpg 768w\" sizes=\"(max-width: 950px) 100vw, 950px\" \/><\/a><figcaption class=\"blocks-gallery-item__caption\">3412 Praia de Camboriu ao fundo Ilha das Cabras 1961 1962. 7 reuniao<\/figcaption><\/figure><\/li><li class=\"blocks-gallery-item\"><figure><a href=\"http:\/\/culturabc.com.br\/arquivo\/wp-content\/uploads\/2021\/07\/3408-Praia-de-camboriu-vista-da-Ilha-das-Cabras-decada-de-1920_7-reuniao.jpg\"><img loading=\"lazy\" decoding=\"async\" width=\"767\" height=\"1024\" src=\"http:\/\/culturabc.com.br\/arquivo\/wp-content\/uploads\/2021\/07\/3408-Praia-de-camboriu-vista-da-Ilha-das-Cabras-decada-de-1920_7-reuniao-767x1024.jpg\" alt=\"3408 Praia de camboriu vista da Ilha das Cabras decada de 1920 7 reuniao\" data-id=\"26173\" data-full-url=\"http:\/\/culturabc.com.br\/arquivo\/wp-content\/uploads\/2021\/07\/3408-Praia-de-camboriu-vista-da-Ilha-das-Cabras-decada-de-1920_7-reuniao.jpg\" data-link=\"http:\/\/culturabc.com.br\/arquivo\/3408-praia-de-camboriu-vista-da-ilha-das-cabras-decada-de-1920_7-reuniao\/\" class=\"wp-image-26173\" srcset=\"https:\/\/culturabc.com.br\/arquivo\/wp-content\/uploads\/2021\/07\/3408-Praia-de-camboriu-vista-da-Ilha-das-Cabras-decada-de-1920_7-reuniao-767x1024.jpg 767w, https:\/\/culturabc.com.br\/arquivo\/wp-content\/uploads\/2021\/07\/3408-Praia-de-camboriu-vista-da-Ilha-das-Cabras-decada-de-1920_7-reuniao-225x300.jpg 225w, https:\/\/culturabc.com.br\/arquivo\/wp-content\/uploads\/2021\/07\/3408-Praia-de-camboriu-vista-da-Ilha-das-Cabras-decada-de-1920_7-reuniao-768x1025.jpg 768w, https:\/\/culturabc.com.br\/arquivo\/wp-content\/uploads\/2021\/07\/3408-Praia-de-camboriu-vista-da-Ilha-das-Cabras-decada-de-1920_7-reuniao.jpg 950w\" sizes=\"(max-width: 767px) 100vw, 767px\" \/><\/a><figcaption class=\"blocks-gallery-item__caption\">3408 Praia de camboriu vista da Ilha das Cabras decada de 1920 7 reuniao<\/figcaption><\/figure><\/li><li class=\"blocks-gallery-item\"><figure><a href=\"http:\/\/culturabc.com.br\/arquivo\/wp-content\/uploads\/2021\/07\/3373-Inauguracao-do-Centro-Integrado-de-Educacao-Publica-Rodesindo-Pavan-CIEP-20.07.1991-copiar_7-reuniao.jpg\"><img loading=\"lazy\" decoding=\"async\" width=\"716\" height=\"1024\" src=\"http:\/\/culturabc.com.br\/arquivo\/wp-content\/uploads\/2021\/07\/3373-Inauguracao-do-Centro-Integrado-de-Educacao-Publica-Rodesindo-Pavan-CIEP-20.07.1991-copiar_7-reuniao-716x1024.jpg\" alt=\"3373 Inauguracao do Centro Integrado de Educacao Publica Rodesindo Pavan CIEP 20.07.1991 copiar 7 reuniao\" data-id=\"26150\" data-full-url=\"http:\/\/culturabc.com.br\/arquivo\/wp-content\/uploads\/2021\/07\/3373-Inauguracao-do-Centro-Integrado-de-Educacao-Publica-Rodesindo-Pavan-CIEP-20.07.1991-copiar_7-reuniao.jpg\" data-link=\"http:\/\/culturabc.com.br\/arquivo\/3373-inauguracao-do-centro-integrado-de-educacao-publica-rodesindo-pavan-ciep-20-07-1991-copiar_7-reuniao\/\" class=\"wp-image-26150\" srcset=\"https:\/\/culturabc.com.br\/arquivo\/wp-content\/uploads\/2021\/07\/3373-Inauguracao-do-Centro-Integrado-de-Educacao-Publica-Rodesindo-Pavan-CIEP-20.07.1991-copiar_7-reuniao-716x1024.jpg 716w, https:\/\/culturabc.com.br\/arquivo\/wp-content\/uploads\/2021\/07\/3373-Inauguracao-do-Centro-Integrado-de-Educacao-Publica-Rodesindo-Pavan-CIEP-20.07.1991-copiar_7-reuniao-210x300.jpg 210w, https:\/\/culturabc.com.br\/arquivo\/wp-content\/uploads\/2021\/07\/3373-Inauguracao-do-Centro-Integrado-de-Educacao-Publica-Rodesindo-Pavan-CIEP-20.07.1991-copiar_7-reuniao-768x1099.jpg 768w, https:\/\/culturabc.com.br\/arquivo\/wp-content\/uploads\/2021\/07\/3373-Inauguracao-do-Centro-Integrado-de-Educacao-Publica-Rodesindo-Pavan-CIEP-20.07.1991-copiar_7-reuniao.jpg 950w\" sizes=\"(max-width: 716px) 100vw, 716px\" \/><\/a><figcaption class=\"blocks-gallery-item__caption\">3373 Inauguracao do Centro Integrado de Educacao Publica Rodesindo Pavan CIEP 20.07.1991 copiar 7 reuniao<\/figcaption><\/figure><\/li><li class=\"blocks-gallery-item\"><figure><a href=\"http:\/\/culturabc.com.br\/arquivo\/wp-content\/uploads\/2021\/07\/3372-Homenagem-do-Prefeito-Leonel-Pavan-a-Secretaria-de-Educacao-Etelvina-Meneghelli-Julian1992-copiar_7-reuniao.jpg\"><img loading=\"lazy\" decoding=\"async\" width=\"950\" height=\"637\" src=\"http:\/\/culturabc.com.br\/arquivo\/wp-content\/uploads\/2021\/07\/3372-Homenagem-do-Prefeito-Leonel-Pavan-a-Secretaria-de-Educacao-Etelvina-Meneghelli-Julian1992-copiar_7-reuniao.jpg\" alt=\"3372 Homenagem do Prefeito Leonel Pavan a Secretaria de Educacao Etelvina Meneghelli Julian1992 copiar 7 reuniao\" data-id=\"26149\" data-full-url=\"http:\/\/culturabc.com.br\/arquivo\/wp-content\/uploads\/2021\/07\/3372-Homenagem-do-Prefeito-Leonel-Pavan-a-Secretaria-de-Educacao-Etelvina-Meneghelli-Julian1992-copiar_7-reuniao.jpg\" data-link=\"http:\/\/culturabc.com.br\/arquivo\/3372-homenagem-do-prefeito-leonel-pavan-a-secretaria-de-educacao-etelvina-meneghelli-julian1992-copiar_7-reuniao\/\" class=\"wp-image-26149\" srcset=\"https:\/\/culturabc.com.br\/arquivo\/wp-content\/uploads\/2021\/07\/3372-Homenagem-do-Prefeito-Leonel-Pavan-a-Secretaria-de-Educacao-Etelvina-Meneghelli-Julian1992-copiar_7-reuniao.jpg 950w, https:\/\/culturabc.com.br\/arquivo\/wp-content\/uploads\/2021\/07\/3372-Homenagem-do-Prefeito-Leonel-Pavan-a-Secretaria-de-Educacao-Etelvina-Meneghelli-Julian1992-copiar_7-reuniao-300x201.jpg 300w, https:\/\/culturabc.com.br\/arquivo\/wp-content\/uploads\/2021\/07\/3372-Homenagem-do-Prefeito-Leonel-Pavan-a-Secretaria-de-Educacao-Etelvina-Meneghelli-Julian1992-copiar_7-reuniao-768x515.jpg 768w\" sizes=\"(max-width: 950px) 100vw, 950px\" \/><\/a><figcaption class=\"blocks-gallery-item__caption\">3372 Homenagem do Prefeito Leonel Pavan a Secretaria de Educacao Etelvina Meneghelli Julian1992 copiar 7 reuniao<\/figcaption><\/figure><\/li><\/ul><\/figure>\n","protected":false},"excerpt":{"rendered":"<p>7\u00aa reuni\u00e3o Data: 29 de novembro de 2018Local: C\u00e2mara de Vereadores de Balne\u00e1rio Cambori\u00faColaboradores: Ademar Silva, \u00c1lvaro Silva, Ant\u00f4nio Jorge de Borba, Carlos Schlup, Erotides Campos, Gert Hering, Isaque de Borba Corr\u00eaa, Jo\u00e3o Carlos da Silva, L\u00facia Nascimento, Marlene Buratto e Remi Os\u00f3rioFotografias identificadas: 34 imagensEvento especial em comemora\u00e7\u00e3o ao anivers\u00e1rio de 25 anos do &hellip;<\/p>\n<p class=\"read-more\"> <a class=\"\" href=\"https:\/\/culturabc.com.br\/arquivo\/7a-reuniao\/\"> <span class=\"screen-reader-text\">7\u00aa Reuni\u00e3o<\/span> Leia mais &raquo;<\/a><\/p>\n","protected":false},"author":1,"featured_media":0,"parent":0,"menu_order":0,"comment_status":"closed","ping_status":"closed","template":"","meta":{"footnotes":""},"class_list":["post-25758","page","type-page","status-publish","hentry"],"_links":{"self":[{"href":"https:\/\/culturabc.com.br\/arquivo\/wp-json\/wp\/v2\/pages\/25758","targetHints":{"allow":["GET"]}}],"collection":[{"href":"https:\/\/culturabc.com.br\/arquivo\/wp-json\/wp\/v2\/pages"}],"about":[{"href":"https:\/\/culturabc.com.br\/arquivo\/wp-json\/wp\/v2\/types\/page"}],"author":[{"embeddable":true,"href":"https:\/\/culturabc.com.br\/arquivo\/wp-json\/wp\/v2\/users\/1"}],"replies":[{"embeddable":true,"href":"https:\/\/culturabc.com.br\/arquivo\/wp-json\/wp\/v2\/comments?post=25758"}],"version-history":[{"count":4,"href":"https:\/\/culturabc.com.br\/arquivo\/wp-json\/wp\/v2\/pages\/25758\/revisions"}],"predecessor-version":[{"id":26526,"href":"https:\/\/culturabc.com.br\/arquivo\/wp-json\/wp\/v2\/pages\/25758\/revisions\/26526"}],"wp:attachment":[{"href":"https:\/\/culturabc.com.br\/arquivo\/wp-json\/wp\/v2\/media?parent=25758"}],"curies":[{"name":"wp","href":"https:\/\/api.w.org\/{rel}","templated":true}]}}