{"id":25759,"date":"2021-07-19T14:25:47","date_gmt":"2021-07-19T17:25:47","guid":{"rendered":"http:\/\/culturabc.com.br\/arquivo\/?page_id=25759"},"modified":"2021-07-20T12:38:20","modified_gmt":"2021-07-20T15:38:20","slug":"6a-reuniao","status":"publish","type":"page","link":"https:\/\/culturabc.com.br\/arquivo\/6a-reuniao\/","title":{"rendered":"6\u00aa Reuni\u00e3o"},"content":{"rendered":"\n<h2 class=\"wp-block-heading\"><strong>6\u00aa reuni\u00e3o<\/strong><\/h2>\n\n\n\n<p><strong>Data: 26 de setembro de 2018<\/strong><br>Local: Galeria Municipal de Arte<br>Colaboradores: Ademar Silva, \u00c1lvaro Silva, Ant\u00f4nio Jorge de Borba, Carlos Schlup, Erotides Campos e Fernando Delatorre<br>Fotografias identificadas: 53 imagens<\/p>\n\n\n\n<h2 class=\"wp-block-heading\">Fotografias identificadas<\/h2>\n\n\n\n<figure class=\"wp-block-gallery columns-3 is-cropped wp-block-gallery-1 is-layout-flex wp-block-gallery-is-layout-flex\"><ul class=\"blocks-gallery-grid\"><li class=\"blocks-gallery-item\"><figure><a href=\"http:\/\/culturabc.com.br\/arquivo\/wp-content\/uploads\/2021\/07\/3354-Inauguracao-da-Escola-do-Tabuleiro-onde-hoje-esta-o-Ponto-de-Informacoes-Turisticas-PIT-decada-de-1960_6-reuniao.jpg\"><img fetchpriority=\"high\" decoding=\"async\" width=\"1024\" height=\"598\" src=\"http:\/\/culturabc.com.br\/arquivo\/wp-content\/uploads\/2021\/07\/3354-Inauguracao-da-Escola-do-Tabuleiro-onde-hoje-esta-o-Ponto-de-Informacoes-Turisticas-PIT-decada-de-1960_6-reuniao-1024x598.jpg\" alt=\"3354 Inauguracao da Escola do Tabuleiro onde hoje esta o Ponto de Informacoes Turisticas PIT decada de 1960 6 reuniao\" data-id=\"26478\" data-full-url=\"http:\/\/culturabc.com.br\/arquivo\/wp-content\/uploads\/2021\/07\/3354-Inauguracao-da-Escola-do-Tabuleiro-onde-hoje-esta-o-Ponto-de-Informacoes-Turisticas-PIT-decada-de-1960_6-reuniao.jpg\" data-link=\"http:\/\/culturabc.com.br\/arquivo\/3354-inauguracao-da-escola-do-tabuleiro-onde-hoje-esta-o-ponto-de-informacoes-turisticas-pit-decada-de-1960_6-reuniao\/\" class=\"wp-image-26478\" srcset=\"https:\/\/culturabc.com.br\/arquivo\/wp-content\/uploads\/2021\/07\/3354-Inauguracao-da-Escola-do-Tabuleiro-onde-hoje-esta-o-Ponto-de-Informacoes-Turisticas-PIT-decada-de-1960_6-reuniao-1024x598.jpg 1024w, https:\/\/culturabc.com.br\/arquivo\/wp-content\/uploads\/2021\/07\/3354-Inauguracao-da-Escola-do-Tabuleiro-onde-hoje-esta-o-Ponto-de-Informacoes-Turisticas-PIT-decada-de-1960_6-reuniao-300x175.jpg 300w, https:\/\/culturabc.com.br\/arquivo\/wp-content\/uploads\/2021\/07\/3354-Inauguracao-da-Escola-do-Tabuleiro-onde-hoje-esta-o-Ponto-de-Informacoes-Turisticas-PIT-decada-de-1960_6-reuniao-768x449.jpg 768w, https:\/\/culturabc.com.br\/arquivo\/wp-content\/uploads\/2021\/07\/3354-Inauguracao-da-Escola-do-Tabuleiro-onde-hoje-esta-o-Ponto-de-Informacoes-Turisticas-PIT-decada-de-1960_6-reuniao.jpg 1340w\" sizes=\"(max-width: 1024px) 100vw, 1024px\" \/><\/a><figcaption class=\"blocks-gallery-item__caption\">3354 Inauguracao da Escola do Tabuleiro onde hoje esta o Ponto de Informacoes Turisticas PIT decada de 1960 6 reuniao<\/figcaption><\/figure><\/li><li class=\"blocks-gallery-item\"><figure><a href=\"http:\/\/culturabc.com.br\/arquivo\/wp-content\/uploads\/2021\/07\/3348-Da-esquerda-para-a-direita-Dib-Ricardo-Moacir-Higino-Walter-Ivo-Norberto-Niltn-Eloy-decada-de-1960_6-reuniao.jpg\"><img decoding=\"async\" width=\"1024\" height=\"588\" src=\"http:\/\/culturabc.com.br\/arquivo\/wp-content\/uploads\/2021\/07\/3348-Da-esquerda-para-a-direita-Dib-Ricardo-Moacir-Higino-Walter-Ivo-Norberto-Niltn-Eloy-decada-de-1960_6-reuniao-1024x588.jpg\" alt=\"3348 Da esquerda para a direita Dib Ricardo Moacir Higino Walter Ivo Norberto Niltn Eloy decada de 1960 6 reuniao\" data-id=\"26476\" data-full-url=\"http:\/\/culturabc.com.br\/arquivo\/wp-content\/uploads\/2021\/07\/3348-Da-esquerda-para-a-direita-Dib-Ricardo-Moacir-Higino-Walter-Ivo-Norberto-Niltn-Eloy-decada-de-1960_6-reuniao.jpg\" data-link=\"http:\/\/culturabc.com.br\/arquivo\/3348-da-esquerda-para-a-direita-dib-ricardo-moacir-higino-walter-ivo-norberto-niltn-eloy-decada-de-1960_6-reuniao\/\" class=\"wp-image-26476\" srcset=\"https:\/\/culturabc.com.br\/arquivo\/wp-content\/uploads\/2021\/07\/3348-Da-esquerda-para-a-direita-Dib-Ricardo-Moacir-Higino-Walter-Ivo-Norberto-Niltn-Eloy-decada-de-1960_6-reuniao-1024x588.jpg 1024w, https:\/\/culturabc.com.br\/arquivo\/wp-content\/uploads\/2021\/07\/3348-Da-esquerda-para-a-direita-Dib-Ricardo-Moacir-Higino-Walter-Ivo-Norberto-Niltn-Eloy-decada-de-1960_6-reuniao-300x172.jpg 300w, https:\/\/culturabc.com.br\/arquivo\/wp-content\/uploads\/2021\/07\/3348-Da-esquerda-para-a-direita-Dib-Ricardo-Moacir-Higino-Walter-Ivo-Norberto-Niltn-Eloy-decada-de-1960_6-reuniao-768x441.jpg 768w, https:\/\/culturabc.com.br\/arquivo\/wp-content\/uploads\/2021\/07\/3348-Da-esquerda-para-a-direita-Dib-Ricardo-Moacir-Higino-Walter-Ivo-Norberto-Niltn-Eloy-decada-de-1960_6-reuniao.jpg 1336w\" sizes=\"(max-width: 1024px) 100vw, 1024px\" \/><\/a><figcaption class=\"blocks-gallery-item__caption\">3348 Da esquerda para a direita Dib Ricardo Moacir Higino Walter Ivo Norberto Niltn Eloy decada de 1960 6 reuniao<\/figcaption><\/figure><\/li><li class=\"blocks-gallery-item\"><figure><a href=\"http:\/\/culturabc.com.br\/arquivo\/wp-content\/uploads\/2021\/07\/3350-Inauguracao-do-Posto-de-Saude-da-Rua-300.-Identificados-na-imagem-Governador-Ivo-Ricardo-decada-de-1960_6-reuniao.jpg\"><img decoding=\"async\" width=\"1024\" height=\"598\" src=\"http:\/\/culturabc.com.br\/arquivo\/wp-content\/uploads\/2021\/07\/3350-Inauguracao-do-Posto-de-Saude-da-Rua-300.-Identificados-na-imagem-Governador-Ivo-Ricardo-decada-de-1960_6-reuniao-1024x598.jpg\" alt=\"3350 Inauguracao do Posto de Saude da Rua 300. Identificados na imagem Governador Ivo Ricardo decada de 1960 6 reuniao\" data-id=\"26477\" data-full-url=\"http:\/\/culturabc.com.br\/arquivo\/wp-content\/uploads\/2021\/07\/3350-Inauguracao-do-Posto-de-Saude-da-Rua-300.-Identificados-na-imagem-Governador-Ivo-Ricardo-decada-de-1960_6-reuniao.jpg\" data-link=\"http:\/\/culturabc.com.br\/arquivo\/3350-inauguracao-do-posto-de-saude-da-rua-300-identificados-na-imagem-governador-ivo-ricardo-decada-de-1960_6-reuniao\/\" class=\"wp-image-26477\" srcset=\"https:\/\/culturabc.com.br\/arquivo\/wp-content\/uploads\/2021\/07\/3350-Inauguracao-do-Posto-de-Saude-da-Rua-300.-Identificados-na-imagem-Governador-Ivo-Ricardo-decada-de-1960_6-reuniao-1024x598.jpg 1024w, https:\/\/culturabc.com.br\/arquivo\/wp-content\/uploads\/2021\/07\/3350-Inauguracao-do-Posto-de-Saude-da-Rua-300.-Identificados-na-imagem-Governador-Ivo-Ricardo-decada-de-1960_6-reuniao-300x175.jpg 300w, https:\/\/culturabc.com.br\/arquivo\/wp-content\/uploads\/2021\/07\/3350-Inauguracao-do-Posto-de-Saude-da-Rua-300.-Identificados-na-imagem-Governador-Ivo-Ricardo-decada-de-1960_6-reuniao-768x448.jpg 768w, https:\/\/culturabc.com.br\/arquivo\/wp-content\/uploads\/2021\/07\/3350-Inauguracao-do-Posto-de-Saude-da-Rua-300.-Identificados-na-imagem-Governador-Ivo-Ricardo-decada-de-1960_6-reuniao.jpg 1369w\" sizes=\"(max-width: 1024px) 100vw, 1024px\" \/><\/a><figcaption class=\"blocks-gallery-item__caption\">3350 Inauguracao do Posto de Saude da Rua 300. Identificados na imagem Governador Ivo Ricardo decada de 1960 6 reuniao<\/figcaption><\/figure><\/li><li class=\"blocks-gallery-item\"><figure><a href=\"http:\/\/culturabc.com.br\/arquivo\/wp-content\/uploads\/2021\/07\/3347-Presidente-do-Banco-INCO-Genesio-Miranda-Lins-com-o-Prefeito-Higino-Joao-Pio-em-seu-gabinete-decada-de-1960_6-reuniao.jpg\"><img loading=\"lazy\" decoding=\"async\" width=\"1024\" height=\"631\" src=\"http:\/\/culturabc.com.br\/arquivo\/wp-content\/uploads\/2021\/07\/3347-Presidente-do-Banco-INCO-Genesio-Miranda-Lins-com-o-Prefeito-Higino-Joao-Pio-em-seu-gabinete-decada-de-1960_6-reuniao-1024x631.jpg\" alt=\"3347 Presidente do Banco INCO Genesio Miranda Lins com o Prefeito Higino Joao Pio em seu gabinete decada de 1960 6 reuniao\" data-id=\"26475\" data-full-url=\"http:\/\/culturabc.com.br\/arquivo\/wp-content\/uploads\/2021\/07\/3347-Presidente-do-Banco-INCO-Genesio-Miranda-Lins-com-o-Prefeito-Higino-Joao-Pio-em-seu-gabinete-decada-de-1960_6-reuniao.jpg\" data-link=\"http:\/\/culturabc.com.br\/arquivo\/3347-presidente-do-banco-inco-genesio-miranda-lins-com-o-prefeito-higino-joao-pio-em-seu-gabinete-decada-de-1960_6-reuniao\/\" class=\"wp-image-26475\" srcset=\"https:\/\/culturabc.com.br\/arquivo\/wp-content\/uploads\/2021\/07\/3347-Presidente-do-Banco-INCO-Genesio-Miranda-Lins-com-o-Prefeito-Higino-Joao-Pio-em-seu-gabinete-decada-de-1960_6-reuniao-1024x631.jpg 1024w, https:\/\/culturabc.com.br\/arquivo\/wp-content\/uploads\/2021\/07\/3347-Presidente-do-Banco-INCO-Genesio-Miranda-Lins-com-o-Prefeito-Higino-Joao-Pio-em-seu-gabinete-decada-de-1960_6-reuniao-300x185.jpg 300w, https:\/\/culturabc.com.br\/arquivo\/wp-content\/uploads\/2021\/07\/3347-Presidente-do-Banco-INCO-Genesio-Miranda-Lins-com-o-Prefeito-Higino-Joao-Pio-em-seu-gabinete-decada-de-1960_6-reuniao-768x474.jpg 768w, https:\/\/culturabc.com.br\/arquivo\/wp-content\/uploads\/2021\/07\/3347-Presidente-do-Banco-INCO-Genesio-Miranda-Lins-com-o-Prefeito-Higino-Joao-Pio-em-seu-gabinete-decada-de-1960_6-reuniao.jpg 1325w\" sizes=\"(max-width: 1024px) 100vw, 1024px\" \/><\/a><figcaption class=\"blocks-gallery-item__caption\">3347 Presidente do Banco INCO Genesio Miranda Lins com o Prefeito Higino Joao Pio em seu gabinete decada de 1960 6 reuniao<\/figcaption><\/figure><\/li><li class=\"blocks-gallery-item\"><figure><a href=\"http:\/\/culturabc.com.br\/arquivo\/wp-content\/uploads\/2021\/07\/3343-Estacao-de-captacao-de-agua-onde-hoje-esta-localizada-a-Avenida-das-Flores-onde-passa-o-Ribeirao-Peroba-decada-de-1960_6-reuniao.jpg\"><img loading=\"lazy\" decoding=\"async\" width=\"1024\" height=\"621\" src=\"http:\/\/culturabc.com.br\/arquivo\/wp-content\/uploads\/2021\/07\/3343-Estacao-de-captacao-de-agua-onde-hoje-esta-localizada-a-Avenida-das-Flores-onde-passa-o-Ribeirao-Peroba-decada-de-1960_6-reuniao-1024x621.jpg\" alt=\"3343 Estacao de captacao de agua onde hoje esta localizada a Avenida das Flores onde passa o Ribeirao Peroba decada de 1960 6 reuniao\" data-id=\"26473\" data-full-url=\"http:\/\/culturabc.com.br\/arquivo\/wp-content\/uploads\/2021\/07\/3343-Estacao-de-captacao-de-agua-onde-hoje-esta-localizada-a-Avenida-das-Flores-onde-passa-o-Ribeirao-Peroba-decada-de-1960_6-reuniao.jpg\" data-link=\"http:\/\/culturabc.com.br\/arquivo\/3343-estacao-de-captacao-de-agua-onde-hoje-esta-localizada-a-avenida-das-flores-onde-passa-o-ribeirao-peroba-decada-de-1960_6-reuniao\/\" class=\"wp-image-26473\" srcset=\"https:\/\/culturabc.com.br\/arquivo\/wp-content\/uploads\/2021\/07\/3343-Estacao-de-captacao-de-agua-onde-hoje-esta-localizada-a-Avenida-das-Flores-onde-passa-o-Ribeirao-Peroba-decada-de-1960_6-reuniao-1024x621.jpg 1024w, https:\/\/culturabc.com.br\/arquivo\/wp-content\/uploads\/2021\/07\/3343-Estacao-de-captacao-de-agua-onde-hoje-esta-localizada-a-Avenida-das-Flores-onde-passa-o-Ribeirao-Peroba-decada-de-1960_6-reuniao-300x182.jpg 300w, https:\/\/culturabc.com.br\/arquivo\/wp-content\/uploads\/2021\/07\/3343-Estacao-de-captacao-de-agua-onde-hoje-esta-localizada-a-Avenida-das-Flores-onde-passa-o-Ribeirao-Peroba-decada-de-1960_6-reuniao-768x465.jpg 768w, https:\/\/culturabc.com.br\/arquivo\/wp-content\/uploads\/2021\/07\/3343-Estacao-de-captacao-de-agua-onde-hoje-esta-localizada-a-Avenida-das-Flores-onde-passa-o-Ribeirao-Peroba-decada-de-1960_6-reuniao.jpg 1401w\" sizes=\"(max-width: 1024px) 100vw, 1024px\" \/><\/a><figcaption class=\"blocks-gallery-item__caption\">3343 Estacao de captacao de agua onde hoje esta localizada a Avenida das Flores onde passa o Ribeirao Peroba decada de 1960 6 reuniao<\/figcaption><\/figure><\/li><li class=\"blocks-gallery-item\"><figure><a href=\"http:\/\/culturabc.com.br\/arquivo\/wp-content\/uploads\/2021\/07\/3346-Jose-Elias-Garcia-Normando-Tedesco-Deputado-Nilton-Kucker-Governador-Ivo-Silveira-Higino-Pio-decada-de-1960_6-reuniao.jpg\"><img loading=\"lazy\" decoding=\"async\" width=\"1024\" height=\"611\" src=\"http:\/\/culturabc.com.br\/arquivo\/wp-content\/uploads\/2021\/07\/3346-Jose-Elias-Garcia-Normando-Tedesco-Deputado-Nilton-Kucker-Governador-Ivo-Silveira-Higino-Pio-decada-de-1960_6-reuniao-1024x611.jpg\" alt=\"3346 Jose Elias Garcia Normando Tedesco Deputado Nilton Kucker Governador Ivo Silveira Higino Pio decada de 1960 6 reuniao\" data-id=\"26474\" data-full-url=\"http:\/\/culturabc.com.br\/arquivo\/wp-content\/uploads\/2021\/07\/3346-Jose-Elias-Garcia-Normando-Tedesco-Deputado-Nilton-Kucker-Governador-Ivo-Silveira-Higino-Pio-decada-de-1960_6-reuniao.jpg\" data-link=\"http:\/\/culturabc.com.br\/arquivo\/3346-jose-elias-garcia-normando-tedesco-deputado-nilton-kucker-governador-ivo-silveira-higino-pio-decada-de-1960_6-reuniao\/\" class=\"wp-image-26474\" srcset=\"https:\/\/culturabc.com.br\/arquivo\/wp-content\/uploads\/2021\/07\/3346-Jose-Elias-Garcia-Normando-Tedesco-Deputado-Nilton-Kucker-Governador-Ivo-Silveira-Higino-Pio-decada-de-1960_6-reuniao-1024x611.jpg 1024w, https:\/\/culturabc.com.br\/arquivo\/wp-content\/uploads\/2021\/07\/3346-Jose-Elias-Garcia-Normando-Tedesco-Deputado-Nilton-Kucker-Governador-Ivo-Silveira-Higino-Pio-decada-de-1960_6-reuniao-300x179.jpg 300w, https:\/\/culturabc.com.br\/arquivo\/wp-content\/uploads\/2021\/07\/3346-Jose-Elias-Garcia-Normando-Tedesco-Deputado-Nilton-Kucker-Governador-Ivo-Silveira-Higino-Pio-decada-de-1960_6-reuniao-768x458.jpg 768w, https:\/\/culturabc.com.br\/arquivo\/wp-content\/uploads\/2021\/07\/3346-Jose-Elias-Garcia-Normando-Tedesco-Deputado-Nilton-Kucker-Governador-Ivo-Silveira-Higino-Pio-decada-de-1960_6-reuniao.jpg 1335w\" sizes=\"(max-width: 1024px) 100vw, 1024px\" \/><\/a><figcaption class=\"blocks-gallery-item__caption\">3346 Jose Elias Garcia Normando Tedesco Deputado Nilton Kucker Governador Ivo Silveira Higino Pio decada de 1960 6 reuniao<\/figcaption><\/figure><\/li><li class=\"blocks-gallery-item\"><figure><a href=\"http:\/\/culturabc.com.br\/arquivo\/wp-content\/uploads\/2021\/07\/3339-Estacao-de-captacao-de-agua-ao-fundo-vista-parcial-Morro-da-Teta-e-do-Bairro-dos-Municipios-1965_6-reuniao.jpg\"><img loading=\"lazy\" decoding=\"async\" width=\"1024\" height=\"603\" src=\"http:\/\/culturabc.com.br\/arquivo\/wp-content\/uploads\/2021\/07\/3339-Estacao-de-captacao-de-agua-ao-fundo-vista-parcial-Morro-da-Teta-e-do-Bairro-dos-Municipios-1965_6-reuniao-1024x603.jpg\" alt=\"3339 Estacao de captacao de agua ao fundo vista parcial Morro da Teta e do Bairro dos Municipios 1965 6 reuniao\" data-id=\"26472\" data-full-url=\"http:\/\/culturabc.com.br\/arquivo\/wp-content\/uploads\/2021\/07\/3339-Estacao-de-captacao-de-agua-ao-fundo-vista-parcial-Morro-da-Teta-e-do-Bairro-dos-Municipios-1965_6-reuniao.jpg\" data-link=\"http:\/\/culturabc.com.br\/arquivo\/3339-estacao-de-captacao-de-agua-ao-fundo-vista-parcial-morro-da-teta-e-do-bairro-dos-municipios-1965_6-reuniao\/\" class=\"wp-image-26472\" srcset=\"https:\/\/culturabc.com.br\/arquivo\/wp-content\/uploads\/2021\/07\/3339-Estacao-de-captacao-de-agua-ao-fundo-vista-parcial-Morro-da-Teta-e-do-Bairro-dos-Municipios-1965_6-reuniao-1024x603.jpg 1024w, https:\/\/culturabc.com.br\/arquivo\/wp-content\/uploads\/2021\/07\/3339-Estacao-de-captacao-de-agua-ao-fundo-vista-parcial-Morro-da-Teta-e-do-Bairro-dos-Municipios-1965_6-reuniao-300x177.jpg 300w, https:\/\/culturabc.com.br\/arquivo\/wp-content\/uploads\/2021\/07\/3339-Estacao-de-captacao-de-agua-ao-fundo-vista-parcial-Morro-da-Teta-e-do-Bairro-dos-Municipios-1965_6-reuniao-768x452.jpg 768w, https:\/\/culturabc.com.br\/arquivo\/wp-content\/uploads\/2021\/07\/3339-Estacao-de-captacao-de-agua-ao-fundo-vista-parcial-Morro-da-Teta-e-do-Bairro-dos-Municipios-1965_6-reuniao.jpg 1473w\" sizes=\"(max-width: 1024px) 100vw, 1024px\" \/><\/a><figcaption class=\"blocks-gallery-item__caption\">3339 Estacao de captacao de agua ao fundo vista parcial Morro da Teta e do Bairro dos Municipios 1965 6 reuniao<\/figcaption><\/figure><\/li><li class=\"blocks-gallery-item\"><figure><a href=\"http:\/\/culturabc.com.br\/arquivo\/wp-content\/uploads\/2021\/07\/3327-Ricardo-Fuchs-Jurandir-da-Silva-motorista-da-prefeitura-Marcelino-motorista-ambulancia-decada-de-1960_6-reuniao.jpg\"><img loading=\"lazy\" decoding=\"async\" width=\"1024\" height=\"681\" src=\"http:\/\/culturabc.com.br\/arquivo\/wp-content\/uploads\/2021\/07\/3327-Ricardo-Fuchs-Jurandir-da-Silva-motorista-da-prefeitura-Marcelino-motorista-ambulancia-decada-de-1960_6-reuniao-1024x681.jpg\" alt=\"3327 Ricardo Fuchs Jurandir da Silva motorista da prefeitura Marcelino motorista ambulancia decada de 1960 6 reuniao\" data-id=\"26470\" data-full-url=\"http:\/\/culturabc.com.br\/arquivo\/wp-content\/uploads\/2021\/07\/3327-Ricardo-Fuchs-Jurandir-da-Silva-motorista-da-prefeitura-Marcelino-motorista-ambulancia-decada-de-1960_6-reuniao.jpg\" data-link=\"http:\/\/culturabc.com.br\/arquivo\/3327-ricardo-fuchs-jurandir-da-silva-motorista-da-prefeitura-marcelino-motorista-ambulancia-decada-de-1960_6-reuniao\/\" class=\"wp-image-26470\" srcset=\"https:\/\/culturabc.com.br\/arquivo\/wp-content\/uploads\/2021\/07\/3327-Ricardo-Fuchs-Jurandir-da-Silva-motorista-da-prefeitura-Marcelino-motorista-ambulancia-decada-de-1960_6-reuniao-1024x681.jpg 1024w, https:\/\/culturabc.com.br\/arquivo\/wp-content\/uploads\/2021\/07\/3327-Ricardo-Fuchs-Jurandir-da-Silva-motorista-da-prefeitura-Marcelino-motorista-ambulancia-decada-de-1960_6-reuniao-300x200.jpg 300w, https:\/\/culturabc.com.br\/arquivo\/wp-content\/uploads\/2021\/07\/3327-Ricardo-Fuchs-Jurandir-da-Silva-motorista-da-prefeitura-Marcelino-motorista-ambulancia-decada-de-1960_6-reuniao-768x511.jpg 768w, https:\/\/culturabc.com.br\/arquivo\/wp-content\/uploads\/2021\/07\/3327-Ricardo-Fuchs-Jurandir-da-Silva-motorista-da-prefeitura-Marcelino-motorista-ambulancia-decada-de-1960_6-reuniao.jpg 1409w\" sizes=\"(max-width: 1024px) 100vw, 1024px\" \/><\/a><figcaption class=\"blocks-gallery-item__caption\">3327 Ricardo Fuchs Jurandir da Silva motorista da prefeitura Marcelino motorista ambulancia decada de 1960 6 reuniao<\/figcaption><\/figure><\/li><li class=\"blocks-gallery-item\"><figure><a href=\"http:\/\/culturabc.com.br\/arquivo\/wp-content\/uploads\/2021\/07\/3335-Obras-de-tubulacao-na-Avenida-Brasil-onde-hoje-esta-localizado-o-Shopping-Atlantico-decada-de-1960_6-reuniao.jpg\"><img loading=\"lazy\" decoding=\"async\" width=\"1024\" height=\"599\" src=\"http:\/\/culturabc.com.br\/arquivo\/wp-content\/uploads\/2021\/07\/3335-Obras-de-tubulacao-na-Avenida-Brasil-onde-hoje-esta-localizado-o-Shopping-Atlantico-decada-de-1960_6-reuniao-1024x599.jpg\" alt=\"3335 Obras de tubulacao na Avenida Brasil onde hoje esta localizado o Shopping Atlantico decada de 1960 6 reuniao\" data-id=\"26471\" data-full-url=\"http:\/\/culturabc.com.br\/arquivo\/wp-content\/uploads\/2021\/07\/3335-Obras-de-tubulacao-na-Avenida-Brasil-onde-hoje-esta-localizado-o-Shopping-Atlantico-decada-de-1960_6-reuniao.jpg\" data-link=\"http:\/\/culturabc.com.br\/arquivo\/3335-obras-de-tubulacao-na-avenida-brasil-onde-hoje-esta-localizado-o-shopping-atlantico-decada-de-1960_6-reuniao\/\" class=\"wp-image-26471\" srcset=\"https:\/\/culturabc.com.br\/arquivo\/wp-content\/uploads\/2021\/07\/3335-Obras-de-tubulacao-na-Avenida-Brasil-onde-hoje-esta-localizado-o-Shopping-Atlantico-decada-de-1960_6-reuniao-1024x599.jpg 1024w, https:\/\/culturabc.com.br\/arquivo\/wp-content\/uploads\/2021\/07\/3335-Obras-de-tubulacao-na-Avenida-Brasil-onde-hoje-esta-localizado-o-Shopping-Atlantico-decada-de-1960_6-reuniao-300x176.jpg 300w, https:\/\/culturabc.com.br\/arquivo\/wp-content\/uploads\/2021\/07\/3335-Obras-de-tubulacao-na-Avenida-Brasil-onde-hoje-esta-localizado-o-Shopping-Atlantico-decada-de-1960_6-reuniao-768x449.jpg 768w, https:\/\/culturabc.com.br\/arquivo\/wp-content\/uploads\/2021\/07\/3335-Obras-de-tubulacao-na-Avenida-Brasil-onde-hoje-esta-localizado-o-Shopping-Atlantico-decada-de-1960_6-reuniao.jpg 1374w\" sizes=\"(max-width: 1024px) 100vw, 1024px\" \/><\/a><figcaption class=\"blocks-gallery-item__caption\">3335 Obras de tubulacao na Avenida Brasil onde hoje esta localizado o Shopping Atlantico decada de 1960 6 reuniao<\/figcaption><\/figure><\/li><li class=\"blocks-gallery-item\"><figure><a href=\"http:\/\/culturabc.com.br\/arquivo\/wp-content\/uploads\/2021\/07\/3322-Identificados-na-imagem-Prefeito-Higino-Pio-Ricardo-Eloy-Dr.-Heitor-Orlando-Dib-e-Wilson-decada-de-1960_6-reuniao.jpg\"><img loading=\"lazy\" decoding=\"async\" width=\"1024\" height=\"550\" src=\"http:\/\/culturabc.com.br\/arquivo\/wp-content\/uploads\/2021\/07\/3322-Identificados-na-imagem-Prefeito-Higino-Pio-Ricardo-Eloy-Dr.-Heitor-Orlando-Dib-e-Wilson-decada-de-1960_6-reuniao-1024x550.jpg\" alt=\"3322 Identificados na imagem Prefeito Higino Pio Ricardo Eloy Dr. Heitor Orlando Dib e Wilson decada de 1960 6 reuniao\" data-id=\"26469\" data-full-url=\"http:\/\/culturabc.com.br\/arquivo\/wp-content\/uploads\/2021\/07\/3322-Identificados-na-imagem-Prefeito-Higino-Pio-Ricardo-Eloy-Dr.-Heitor-Orlando-Dib-e-Wilson-decada-de-1960_6-reuniao.jpg\" data-link=\"http:\/\/culturabc.com.br\/arquivo\/3322-identificados-na-imagem-prefeito-higino-pio-ricardo-eloy-dr-heitor-orlando-dib-e-wilson-decada-de-1960_6-reuniao\/\" class=\"wp-image-26469\" srcset=\"https:\/\/culturabc.com.br\/arquivo\/wp-content\/uploads\/2021\/07\/3322-Identificados-na-imagem-Prefeito-Higino-Pio-Ricardo-Eloy-Dr.-Heitor-Orlando-Dib-e-Wilson-decada-de-1960_6-reuniao-1024x550.jpg 1024w, https:\/\/culturabc.com.br\/arquivo\/wp-content\/uploads\/2021\/07\/3322-Identificados-na-imagem-Prefeito-Higino-Pio-Ricardo-Eloy-Dr.-Heitor-Orlando-Dib-e-Wilson-decada-de-1960_6-reuniao-300x161.jpg 300w, https:\/\/culturabc.com.br\/arquivo\/wp-content\/uploads\/2021\/07\/3322-Identificados-na-imagem-Prefeito-Higino-Pio-Ricardo-Eloy-Dr.-Heitor-Orlando-Dib-e-Wilson-decada-de-1960_6-reuniao-768x412.jpg 768w, https:\/\/culturabc.com.br\/arquivo\/wp-content\/uploads\/2021\/07\/3322-Identificados-na-imagem-Prefeito-Higino-Pio-Ricardo-Eloy-Dr.-Heitor-Orlando-Dib-e-Wilson-decada-de-1960_6-reuniao.jpg 1364w\" sizes=\"(max-width: 1024px) 100vw, 1024px\" \/><\/a><figcaption class=\"blocks-gallery-item__caption\">3322 Identificados na imagem Prefeito Higino Pio Ricardo Eloy Dr. Heitor Orlando Dib e Wilson decada de 1960 6 reuniao<\/figcaption><\/figure><\/li><li class=\"blocks-gallery-item\"><figure><a href=\"http:\/\/culturabc.com.br\/arquivo\/wp-content\/uploads\/2021\/07\/3317-Da-esquerda-para-direita-Afonso-Buerger-Filho-Djuro-Poljak-Sergio-Fuchs-Ricardo-Fuchs-decada-de-1960_6-reuniao.jpg\"><img loading=\"lazy\" decoding=\"async\" width=\"1024\" height=\"624\" src=\"http:\/\/culturabc.com.br\/arquivo\/wp-content\/uploads\/2021\/07\/3317-Da-esquerda-para-direita-Afonso-Buerger-Filho-Djuro-Poljak-Sergio-Fuchs-Ricardo-Fuchs-decada-de-1960_6-reuniao-1024x624.jpg\" alt=\"3317 Da esquerda para direita Afonso Buerger Filho Djuro Poljak Sergio Fuchs Ricardo Fuchs decada de 1960 6 reuniao\" data-id=\"26467\" data-full-url=\"http:\/\/culturabc.com.br\/arquivo\/wp-content\/uploads\/2021\/07\/3317-Da-esquerda-para-direita-Afonso-Buerger-Filho-Djuro-Poljak-Sergio-Fuchs-Ricardo-Fuchs-decada-de-1960_6-reuniao.jpg\" data-link=\"http:\/\/culturabc.com.br\/arquivo\/3317-da-esquerda-para-direita-afonso-buerger-filho-djuro-poljak-sergio-fuchs-ricardo-fuchs-decada-de-1960_6-reuniao\/\" class=\"wp-image-26467\" srcset=\"https:\/\/culturabc.com.br\/arquivo\/wp-content\/uploads\/2021\/07\/3317-Da-esquerda-para-direita-Afonso-Buerger-Filho-Djuro-Poljak-Sergio-Fuchs-Ricardo-Fuchs-decada-de-1960_6-reuniao-1024x624.jpg 1024w, https:\/\/culturabc.com.br\/arquivo\/wp-content\/uploads\/2021\/07\/3317-Da-esquerda-para-direita-Afonso-Buerger-Filho-Djuro-Poljak-Sergio-Fuchs-Ricardo-Fuchs-decada-de-1960_6-reuniao-300x183.jpg 300w, https:\/\/culturabc.com.br\/arquivo\/wp-content\/uploads\/2021\/07\/3317-Da-esquerda-para-direita-Afonso-Buerger-Filho-Djuro-Poljak-Sergio-Fuchs-Ricardo-Fuchs-decada-de-1960_6-reuniao-768x468.jpg 768w, https:\/\/culturabc.com.br\/arquivo\/wp-content\/uploads\/2021\/07\/3317-Da-esquerda-para-direita-Afonso-Buerger-Filho-Djuro-Poljak-Sergio-Fuchs-Ricardo-Fuchs-decada-de-1960_6-reuniao.jpg 1357w\" sizes=\"(max-width: 1024px) 100vw, 1024px\" \/><\/a><figcaption class=\"blocks-gallery-item__caption\">3317 Da esquerda para direita Afonso Buerger Filho Djuro Poljak Sergio Fuchs Ricardo Fuchs decada de 1960 6 reuniao<\/figcaption><\/figure><\/li><li class=\"blocks-gallery-item\"><figure><a href=\"http:\/\/culturabc.com.br\/arquivo\/wp-content\/uploads\/2021\/07\/3321-Desfile-de-7-de-Setembro-da-esquerda-para-a-direita-Prefeito-Higino-Pio-com-autoridades-decada-de-1960_6-reuniao.jpg\"><img loading=\"lazy\" decoding=\"async\" width=\"1024\" height=\"549\" src=\"http:\/\/culturabc.com.br\/arquivo\/wp-content\/uploads\/2021\/07\/3321-Desfile-de-7-de-Setembro-da-esquerda-para-a-direita-Prefeito-Higino-Pio-com-autoridades-decada-de-1960_6-reuniao-1024x549.jpg\" alt=\"3321 Desfile de 7 de Setembro da esquerda para a direita Prefeito Higino Pio com autoridades decada de 1960 6 reuniao\" data-id=\"26468\" data-full-url=\"http:\/\/culturabc.com.br\/arquivo\/wp-content\/uploads\/2021\/07\/3321-Desfile-de-7-de-Setembro-da-esquerda-para-a-direita-Prefeito-Higino-Pio-com-autoridades-decada-de-1960_6-reuniao.jpg\" data-link=\"http:\/\/culturabc.com.br\/arquivo\/3321-desfile-de-7-de-setembro-da-esquerda-para-a-direita-prefeito-higino-pio-com-autoridades-decada-de-1960_6-reuniao\/\" class=\"wp-image-26468\" srcset=\"https:\/\/culturabc.com.br\/arquivo\/wp-content\/uploads\/2021\/07\/3321-Desfile-de-7-de-Setembro-da-esquerda-para-a-direita-Prefeito-Higino-Pio-com-autoridades-decada-de-1960_6-reuniao-1024x549.jpg 1024w, https:\/\/culturabc.com.br\/arquivo\/wp-content\/uploads\/2021\/07\/3321-Desfile-de-7-de-Setembro-da-esquerda-para-a-direita-Prefeito-Higino-Pio-com-autoridades-decada-de-1960_6-reuniao-300x161.jpg 300w, https:\/\/culturabc.com.br\/arquivo\/wp-content\/uploads\/2021\/07\/3321-Desfile-de-7-de-Setembro-da-esquerda-para-a-direita-Prefeito-Higino-Pio-com-autoridades-decada-de-1960_6-reuniao-768x412.jpg 768w, https:\/\/culturabc.com.br\/arquivo\/wp-content\/uploads\/2021\/07\/3321-Desfile-de-7-de-Setembro-da-esquerda-para-a-direita-Prefeito-Higino-Pio-com-autoridades-decada-de-1960_6-reuniao.jpg 1444w\" sizes=\"(max-width: 1024px) 100vw, 1024px\" \/><\/a><figcaption class=\"blocks-gallery-item__caption\">3321 Desfile de 7 de Setembro da esquerda para a direita Prefeito Higino Pio com autoridades decada de 1960 6 reuniao<\/figcaption><\/figure><\/li><li class=\"blocks-gallery-item\"><figure><a href=\"http:\/\/culturabc.com.br\/arquivo\/wp-content\/uploads\/2021\/07\/3371-Obras-na-Avenida-Atlantica-executadas-pelo-Departamento-de-Estradas-de-Rodagem-de-Santa-Catarina-DER-SC-1970_6-reuniao.jpg\"><img loading=\"lazy\" decoding=\"async\" width=\"1024\" height=\"659\" src=\"http:\/\/culturabc.com.br\/arquivo\/wp-content\/uploads\/2021\/07\/3371-Obras-na-Avenida-Atlantica-executadas-pelo-Departamento-de-Estradas-de-Rodagem-de-Santa-Catarina-DER-SC-1970_6-reuniao-1024x659.jpg\" alt=\"3371 Obras na Avenida Atlantica executadas pelo Departamento de Estradas de Rodagem de Santa Catarina DER SC 1970 6 reuniao\" data-id=\"26461\" data-full-url=\"http:\/\/culturabc.com.br\/arquivo\/wp-content\/uploads\/2021\/07\/3371-Obras-na-Avenida-Atlantica-executadas-pelo-Departamento-de-Estradas-de-Rodagem-de-Santa-Catarina-DER-SC-1970_6-reuniao.jpg\" data-link=\"http:\/\/culturabc.com.br\/arquivo\/3371-obras-na-avenida-atlantica-executadas-pelo-departamento-de-estradas-de-rodagem-de-santa-catarina-der-sc-1970_6-reuniao\/\" class=\"wp-image-26461\" srcset=\"https:\/\/culturabc.com.br\/arquivo\/wp-content\/uploads\/2021\/07\/3371-Obras-na-Avenida-Atlantica-executadas-pelo-Departamento-de-Estradas-de-Rodagem-de-Santa-Catarina-DER-SC-1970_6-reuniao-1024x659.jpg 1024w, https:\/\/culturabc.com.br\/arquivo\/wp-content\/uploads\/2021\/07\/3371-Obras-na-Avenida-Atlantica-executadas-pelo-Departamento-de-Estradas-de-Rodagem-de-Santa-Catarina-DER-SC-1970_6-reuniao-300x193.jpg 300w, https:\/\/culturabc.com.br\/arquivo\/wp-content\/uploads\/2021\/07\/3371-Obras-na-Avenida-Atlantica-executadas-pelo-Departamento-de-Estradas-de-Rodagem-de-Santa-Catarina-DER-SC-1970_6-reuniao-768x495.jpg 768w, https:\/\/culturabc.com.br\/arquivo\/wp-content\/uploads\/2021\/07\/3371-Obras-na-Avenida-Atlantica-executadas-pelo-Departamento-de-Estradas-de-Rodagem-de-Santa-Catarina-DER-SC-1970_6-reuniao.jpg 1365w\" sizes=\"(max-width: 1024px) 100vw, 1024px\" \/><\/a><figcaption class=\"blocks-gallery-item__caption\">3371 Obras na Avenida Atlantica executadas pelo Departamento de Estradas de Rodagem de Santa Catarina DER SC 1970 6 reuniao<\/figcaption><\/figure><\/li><li class=\"blocks-gallery-item\"><figure><a href=\"http:\/\/culturabc.com.br\/arquivo\/wp-content\/uploads\/2021\/07\/3370-Obras-na-Avenida-Atlantica-executadas-pelo-Departamento-de-Estradas-de-Rodagem-de-Santa-Catarina-DER-SC-1970_6-reuniao.jpg\"><img loading=\"lazy\" decoding=\"async\" width=\"1024\" height=\"655\" src=\"http:\/\/culturabc.com.br\/arquivo\/wp-content\/uploads\/2021\/07\/3370-Obras-na-Avenida-Atlantica-executadas-pelo-Departamento-de-Estradas-de-Rodagem-de-Santa-Catarina-DER-SC-1970_6-reuniao-1024x655.jpg\" alt=\"3370 Obras na Avenida Atlantica executadas pelo Departamento de Estradas de Rodagem de Santa Catarina DER SC 1970 6 reuniao\" data-id=\"26460\" data-full-url=\"http:\/\/culturabc.com.br\/arquivo\/wp-content\/uploads\/2021\/07\/3370-Obras-na-Avenida-Atlantica-executadas-pelo-Departamento-de-Estradas-de-Rodagem-de-Santa-Catarina-DER-SC-1970_6-reuniao.jpg\" data-link=\"http:\/\/culturabc.com.br\/arquivo\/3370-obras-na-avenida-atlantica-executadas-pelo-departamento-de-estradas-de-rodagem-de-santa-catarina-der-sc-1970_6-reuniao\/\" class=\"wp-image-26460\" srcset=\"https:\/\/culturabc.com.br\/arquivo\/wp-content\/uploads\/2021\/07\/3370-Obras-na-Avenida-Atlantica-executadas-pelo-Departamento-de-Estradas-de-Rodagem-de-Santa-Catarina-DER-SC-1970_6-reuniao-1024x655.jpg 1024w, https:\/\/culturabc.com.br\/arquivo\/wp-content\/uploads\/2021\/07\/3370-Obras-na-Avenida-Atlantica-executadas-pelo-Departamento-de-Estradas-de-Rodagem-de-Santa-Catarina-DER-SC-1970_6-reuniao-300x192.jpg 300w, https:\/\/culturabc.com.br\/arquivo\/wp-content\/uploads\/2021\/07\/3370-Obras-na-Avenida-Atlantica-executadas-pelo-Departamento-de-Estradas-de-Rodagem-de-Santa-Catarina-DER-SC-1970_6-reuniao-768x491.jpg 768w, https:\/\/culturabc.com.br\/arquivo\/wp-content\/uploads\/2021\/07\/3370-Obras-na-Avenida-Atlantica-executadas-pelo-Departamento-de-Estradas-de-Rodagem-de-Santa-Catarina-DER-SC-1970_6-reuniao.jpg 1384w\" sizes=\"(max-width: 1024px) 100vw, 1024px\" \/><\/a><figcaption class=\"blocks-gallery-item__caption\">3370 Obras na Avenida Atlantica executadas pelo Departamento de Estradas de Rodagem de Santa Catarina DER SC 1970 6 reuniao<\/figcaption><\/figure><\/li><li class=\"blocks-gallery-item\"><figure><a href=\"http:\/\/culturabc.com.br\/arquivo\/wp-content\/uploads\/2021\/07\/3369-Obras-na-Avenida-Atlantica-executadas-pelo-Departamento-de-Estradas-de-Rodagem-de-Santa-Catarina-DER-SC-1970_6-reuniao.jpg\"><img loading=\"lazy\" decoding=\"async\" width=\"1024\" height=\"669\" src=\"http:\/\/culturabc.com.br\/arquivo\/wp-content\/uploads\/2021\/07\/3369-Obras-na-Avenida-Atlantica-executadas-pelo-Departamento-de-Estradas-de-Rodagem-de-Santa-Catarina-DER-SC-1970_6-reuniao-1024x669.jpg\" alt=\"3369 Obras na Avenida Atlantica executadas pelo Departamento de Estradas de Rodagem de Santa Catarina DER SC 1970 6 reuniao\" data-id=\"26459\" data-full-url=\"http:\/\/culturabc.com.br\/arquivo\/wp-content\/uploads\/2021\/07\/3369-Obras-na-Avenida-Atlantica-executadas-pelo-Departamento-de-Estradas-de-Rodagem-de-Santa-Catarina-DER-SC-1970_6-reuniao.jpg\" data-link=\"http:\/\/culturabc.com.br\/arquivo\/3369-obras-na-avenida-atlantica-executadas-pelo-departamento-de-estradas-de-rodagem-de-santa-catarina-der-sc-1970_6-reuniao\/\" class=\"wp-image-26459\" srcset=\"https:\/\/culturabc.com.br\/arquivo\/wp-content\/uploads\/2021\/07\/3369-Obras-na-Avenida-Atlantica-executadas-pelo-Departamento-de-Estradas-de-Rodagem-de-Santa-Catarina-DER-SC-1970_6-reuniao-1024x669.jpg 1024w, https:\/\/culturabc.com.br\/arquivo\/wp-content\/uploads\/2021\/07\/3369-Obras-na-Avenida-Atlantica-executadas-pelo-Departamento-de-Estradas-de-Rodagem-de-Santa-Catarina-DER-SC-1970_6-reuniao-300x196.jpg 300w, https:\/\/culturabc.com.br\/arquivo\/wp-content\/uploads\/2021\/07\/3369-Obras-na-Avenida-Atlantica-executadas-pelo-Departamento-de-Estradas-de-Rodagem-de-Santa-Catarina-DER-SC-1970_6-reuniao-768x502.jpg 768w, https:\/\/culturabc.com.br\/arquivo\/wp-content\/uploads\/2021\/07\/3369-Obras-na-Avenida-Atlantica-executadas-pelo-Departamento-de-Estradas-de-Rodagem-de-Santa-Catarina-DER-SC-1970_6-reuniao.jpg 1333w\" sizes=\"(max-width: 1024px) 100vw, 1024px\" \/><\/a><figcaption class=\"blocks-gallery-item__caption\">3369 Obras na Avenida Atlantica executadas pelo Departamento de Estradas de Rodagem de Santa Catarina DER SC 1970 6 reuniao<\/figcaption><\/figure><\/li><li class=\"blocks-gallery-item\"><figure><a href=\"http:\/\/culturabc.com.br\/arquivo\/wp-content\/uploads\/2021\/07\/3365-Obras-na-Avenida-Atlantica-executadas-pelo-Departamento-de-Estradas-de-Rodagem-de-Santa-Catarina-DER-SC-1970_6-reuniao.jpg\"><img loading=\"lazy\" decoding=\"async\" width=\"967\" height=\"619\" src=\"http:\/\/culturabc.com.br\/arquivo\/wp-content\/uploads\/2021\/07\/3365-Obras-na-Avenida-Atlantica-executadas-pelo-Departamento-de-Estradas-de-Rodagem-de-Santa-Catarina-DER-SC-1970_6-reuniao.jpg\" alt=\"3365 Obras na Avenida Atlantica executadas pelo Departamento de Estradas de Rodagem de Santa Catarina DER SC 1970 6 reuniao\" data-id=\"26457\" data-full-url=\"http:\/\/culturabc.com.br\/arquivo\/wp-content\/uploads\/2021\/07\/3365-Obras-na-Avenida-Atlantica-executadas-pelo-Departamento-de-Estradas-de-Rodagem-de-Santa-Catarina-DER-SC-1970_6-reuniao.jpg\" data-link=\"http:\/\/culturabc.com.br\/arquivo\/3365-obras-na-avenida-atlantica-executadas-pelo-departamento-de-estradas-de-rodagem-de-santa-catarina-der-sc-1970_6-reuniao\/\" class=\"wp-image-26457\" srcset=\"https:\/\/culturabc.com.br\/arquivo\/wp-content\/uploads\/2021\/07\/3365-Obras-na-Avenida-Atlantica-executadas-pelo-Departamento-de-Estradas-de-Rodagem-de-Santa-Catarina-DER-SC-1970_6-reuniao.jpg 967w, https:\/\/culturabc.com.br\/arquivo\/wp-content\/uploads\/2021\/07\/3365-Obras-na-Avenida-Atlantica-executadas-pelo-Departamento-de-Estradas-de-Rodagem-de-Santa-Catarina-DER-SC-1970_6-reuniao-300x192.jpg 300w, https:\/\/culturabc.com.br\/arquivo\/wp-content\/uploads\/2021\/07\/3365-Obras-na-Avenida-Atlantica-executadas-pelo-Departamento-de-Estradas-de-Rodagem-de-Santa-Catarina-DER-SC-1970_6-reuniao-768x492.jpg 768w\" sizes=\"(max-width: 967px) 100vw, 967px\" \/><\/a><figcaption class=\"blocks-gallery-item__caption\">3365 Obras na Avenida Atlantica executadas pelo Departamento de Estradas de Rodagem de Santa Catarina DER SC 1970 6 reuniao<\/figcaption><\/figure><\/li><li class=\"blocks-gallery-item\"><figure><a href=\"http:\/\/culturabc.com.br\/arquivo\/wp-content\/uploads\/2021\/07\/3366-Obras-na-Avenida-Atlantica-executadas-pelo-Departamento-de-Estradas-de-Rodagem-de-Santa-Catarina-DER-SC-1970_6-reuniao.jpg\"><img loading=\"lazy\" decoding=\"async\" width=\"960\" height=\"600\" src=\"http:\/\/culturabc.com.br\/arquivo\/wp-content\/uploads\/2021\/07\/3366-Obras-na-Avenida-Atlantica-executadas-pelo-Departamento-de-Estradas-de-Rodagem-de-Santa-Catarina-DER-SC-1970_6-reuniao.jpg\" alt=\"3366 Obras na Avenida Atlantica executadas pelo Departamento de Estradas de Rodagem de Santa Catarina DER SC 1970 6 reuniao\" data-id=\"26458\" data-full-url=\"http:\/\/culturabc.com.br\/arquivo\/wp-content\/uploads\/2021\/07\/3366-Obras-na-Avenida-Atlantica-executadas-pelo-Departamento-de-Estradas-de-Rodagem-de-Santa-Catarina-DER-SC-1970_6-reuniao.jpg\" data-link=\"http:\/\/culturabc.com.br\/arquivo\/3366-obras-na-avenida-atlantica-executadas-pelo-departamento-de-estradas-de-rodagem-de-santa-catarina-der-sc-1970_6-reuniao\/\" class=\"wp-image-26458\" srcset=\"https:\/\/culturabc.com.br\/arquivo\/wp-content\/uploads\/2021\/07\/3366-Obras-na-Avenida-Atlantica-executadas-pelo-Departamento-de-Estradas-de-Rodagem-de-Santa-Catarina-DER-SC-1970_6-reuniao.jpg 960w, https:\/\/culturabc.com.br\/arquivo\/wp-content\/uploads\/2021\/07\/3366-Obras-na-Avenida-Atlantica-executadas-pelo-Departamento-de-Estradas-de-Rodagem-de-Santa-Catarina-DER-SC-1970_6-reuniao-300x188.jpg 300w, https:\/\/culturabc.com.br\/arquivo\/wp-content\/uploads\/2021\/07\/3366-Obras-na-Avenida-Atlantica-executadas-pelo-Departamento-de-Estradas-de-Rodagem-de-Santa-Catarina-DER-SC-1970_6-reuniao-768x480.jpg 768w\" sizes=\"(max-width: 960px) 100vw, 960px\" \/><\/a><figcaption class=\"blocks-gallery-item__caption\">3366 Obras na Avenida Atlantica executadas pelo Departamento de Estradas de Rodagem de Santa Catarina DER SC 1970 6 reuniao<\/figcaption><\/figure><\/li><li class=\"blocks-gallery-item\"><figure><a href=\"http:\/\/culturabc.com.br\/arquivo\/wp-content\/uploads\/2021\/07\/3362-Obras-na-Avenida-Atlantica-executadas-pelo-Departamento-de-Estradas-de-Rodagem-de-Santa-Catarina-DER-SC-1970_6-reuniao.jpg\"><img loading=\"lazy\" decoding=\"async\" width=\"972\" height=\"613\" src=\"http:\/\/culturabc.com.br\/arquivo\/wp-content\/uploads\/2021\/07\/3362-Obras-na-Avenida-Atlantica-executadas-pelo-Departamento-de-Estradas-de-Rodagem-de-Santa-Catarina-DER-SC-1970_6-reuniao.jpg\" alt=\"3362 Obras na Avenida Atlantica executadas pelo Departamento de Estradas de Rodagem de Santa Catarina DER SC 1970 6 reuniao\" data-id=\"26456\" data-full-url=\"http:\/\/culturabc.com.br\/arquivo\/wp-content\/uploads\/2021\/07\/3362-Obras-na-Avenida-Atlantica-executadas-pelo-Departamento-de-Estradas-de-Rodagem-de-Santa-Catarina-DER-SC-1970_6-reuniao.jpg\" data-link=\"http:\/\/culturabc.com.br\/arquivo\/3362-obras-na-avenida-atlantica-executadas-pelo-departamento-de-estradas-de-rodagem-de-santa-catarina-der-sc-1970_6-reuniao\/\" class=\"wp-image-26456\" srcset=\"https:\/\/culturabc.com.br\/arquivo\/wp-content\/uploads\/2021\/07\/3362-Obras-na-Avenida-Atlantica-executadas-pelo-Departamento-de-Estradas-de-Rodagem-de-Santa-Catarina-DER-SC-1970_6-reuniao.jpg 972w, https:\/\/culturabc.com.br\/arquivo\/wp-content\/uploads\/2021\/07\/3362-Obras-na-Avenida-Atlantica-executadas-pelo-Departamento-de-Estradas-de-Rodagem-de-Santa-Catarina-DER-SC-1970_6-reuniao-300x189.jpg 300w, https:\/\/culturabc.com.br\/arquivo\/wp-content\/uploads\/2021\/07\/3362-Obras-na-Avenida-Atlantica-executadas-pelo-Departamento-de-Estradas-de-Rodagem-de-Santa-Catarina-DER-SC-1970_6-reuniao-768x484.jpg 768w\" sizes=\"(max-width: 972px) 100vw, 972px\" \/><\/a><figcaption class=\"blocks-gallery-item__caption\">3362 Obras na Avenida Atlantica executadas pelo Departamento de Estradas de Rodagem de Santa Catarina DER SC 1970 6 reuniao<\/figcaption><\/figure><\/li><li class=\"blocks-gallery-item\"><figure><a href=\"http:\/\/culturabc.com.br\/arquivo\/wp-content\/uploads\/2021\/07\/3360-Obras-na-Avenida-Atlantica-executadas-pelo-Departamento-de-Estradas-de-Rodagem-de-Santa-Catarina-DER-SC-1970_6-reuniao.jpg\"><img loading=\"lazy\" decoding=\"async\" width=\"965\" height=\"608\" src=\"http:\/\/culturabc.com.br\/arquivo\/wp-content\/uploads\/2021\/07\/3360-Obras-na-Avenida-Atlantica-executadas-pelo-Departamento-de-Estradas-de-Rodagem-de-Santa-Catarina-DER-SC-1970_6-reuniao.jpg\" alt=\"3360 Obras na Avenida Atlantica executadas pelo Departamento de Estradas de Rodagem de Santa Catarina DER SC 1970 6 reuniao\" data-id=\"26454\" data-full-url=\"http:\/\/culturabc.com.br\/arquivo\/wp-content\/uploads\/2021\/07\/3360-Obras-na-Avenida-Atlantica-executadas-pelo-Departamento-de-Estradas-de-Rodagem-de-Santa-Catarina-DER-SC-1970_6-reuniao.jpg\" data-link=\"http:\/\/culturabc.com.br\/arquivo\/3360-obras-na-avenida-atlantica-executadas-pelo-departamento-de-estradas-de-rodagem-de-santa-catarina-der-sc-1970_6-reuniao\/\" class=\"wp-image-26454\" srcset=\"https:\/\/culturabc.com.br\/arquivo\/wp-content\/uploads\/2021\/07\/3360-Obras-na-Avenida-Atlantica-executadas-pelo-Departamento-de-Estradas-de-Rodagem-de-Santa-Catarina-DER-SC-1970_6-reuniao.jpg 965w, https:\/\/culturabc.com.br\/arquivo\/wp-content\/uploads\/2021\/07\/3360-Obras-na-Avenida-Atlantica-executadas-pelo-Departamento-de-Estradas-de-Rodagem-de-Santa-Catarina-DER-SC-1970_6-reuniao-300x189.jpg 300w, https:\/\/culturabc.com.br\/arquivo\/wp-content\/uploads\/2021\/07\/3360-Obras-na-Avenida-Atlantica-executadas-pelo-Departamento-de-Estradas-de-Rodagem-de-Santa-Catarina-DER-SC-1970_6-reuniao-768x484.jpg 768w\" sizes=\"(max-width: 965px) 100vw, 965px\" \/><\/a><figcaption class=\"blocks-gallery-item__caption\">3360 Obras na Avenida Atlantica executadas pelo Departamento de Estradas de Rodagem de Santa Catarina DER SC 1970 6 reuniao<\/figcaption><\/figure><\/li><li class=\"blocks-gallery-item\"><figure><a href=\"http:\/\/culturabc.com.br\/arquivo\/wp-content\/uploads\/2021\/07\/3361-Obras-na-Avenida-Atlantica-executadas-pelo-Departamento-de-Estradas-de-Rodagem-de-Santa-Catarina-DER-SC-1970_6-reuniao.jpg\"><img loading=\"lazy\" decoding=\"async\" width=\"967\" height=\"602\" src=\"http:\/\/culturabc.com.br\/arquivo\/wp-content\/uploads\/2021\/07\/3361-Obras-na-Avenida-Atlantica-executadas-pelo-Departamento-de-Estradas-de-Rodagem-de-Santa-Catarina-DER-SC-1970_6-reuniao.jpg\" alt=\"3361 Obras na Avenida Atlantica executadas pelo Departamento de Estradas de Rodagem de Santa Catarina DER SC 1970 6 reuniao\" data-id=\"26455\" data-full-url=\"http:\/\/culturabc.com.br\/arquivo\/wp-content\/uploads\/2021\/07\/3361-Obras-na-Avenida-Atlantica-executadas-pelo-Departamento-de-Estradas-de-Rodagem-de-Santa-Catarina-DER-SC-1970_6-reuniao.jpg\" data-link=\"http:\/\/culturabc.com.br\/arquivo\/3361-obras-na-avenida-atlantica-executadas-pelo-departamento-de-estradas-de-rodagem-de-santa-catarina-der-sc-1970_6-reuniao\/\" class=\"wp-image-26455\" srcset=\"https:\/\/culturabc.com.br\/arquivo\/wp-content\/uploads\/2021\/07\/3361-Obras-na-Avenida-Atlantica-executadas-pelo-Departamento-de-Estradas-de-Rodagem-de-Santa-Catarina-DER-SC-1970_6-reuniao.jpg 967w, https:\/\/culturabc.com.br\/arquivo\/wp-content\/uploads\/2021\/07\/3361-Obras-na-Avenida-Atlantica-executadas-pelo-Departamento-de-Estradas-de-Rodagem-de-Santa-Catarina-DER-SC-1970_6-reuniao-300x187.jpg 300w, https:\/\/culturabc.com.br\/arquivo\/wp-content\/uploads\/2021\/07\/3361-Obras-na-Avenida-Atlantica-executadas-pelo-Departamento-de-Estradas-de-Rodagem-de-Santa-Catarina-DER-SC-1970_6-reuniao-768x478.jpg 768w\" sizes=\"(max-width: 967px) 100vw, 967px\" \/><\/a><figcaption class=\"blocks-gallery-item__caption\">3361 Obras na Avenida Atlantica executadas pelo Departamento de Estradas de Rodagem de Santa Catarina DER SC 1970 6 reuniao<\/figcaption><\/figure><\/li><li class=\"blocks-gallery-item\"><figure><a href=\"http:\/\/culturabc.com.br\/arquivo\/wp-content\/uploads\/2021\/07\/3359-Obras-na-Avenida-Atlantica-executadas-pelo-Departamento-de-Estradas-de-Rodagem-de-Santa-Catarina-DER-SC-1970_6-reuniao.jpg\"><img loading=\"lazy\" decoding=\"async\" width=\"971\" height=\"602\" src=\"http:\/\/culturabc.com.br\/arquivo\/wp-content\/uploads\/2021\/07\/3359-Obras-na-Avenida-Atlantica-executadas-pelo-Departamento-de-Estradas-de-Rodagem-de-Santa-Catarina-DER-SC-1970_6-reuniao.jpg\" alt=\"3359 Obras na Avenida Atlantica executadas pelo Departamento de Estradas de Rodagem de Santa Catarina DER SC 1970 6 reuniao\" data-id=\"26453\" data-full-url=\"http:\/\/culturabc.com.br\/arquivo\/wp-content\/uploads\/2021\/07\/3359-Obras-na-Avenida-Atlantica-executadas-pelo-Departamento-de-Estradas-de-Rodagem-de-Santa-Catarina-DER-SC-1970_6-reuniao.jpg\" data-link=\"http:\/\/culturabc.com.br\/arquivo\/3359-obras-na-avenida-atlantica-executadas-pelo-departamento-de-estradas-de-rodagem-de-santa-catarina-der-sc-1970_6-reuniao\/\" class=\"wp-image-26453\" srcset=\"https:\/\/culturabc.com.br\/arquivo\/wp-content\/uploads\/2021\/07\/3359-Obras-na-Avenida-Atlantica-executadas-pelo-Departamento-de-Estradas-de-Rodagem-de-Santa-Catarina-DER-SC-1970_6-reuniao.jpg 971w, https:\/\/culturabc.com.br\/arquivo\/wp-content\/uploads\/2021\/07\/3359-Obras-na-Avenida-Atlantica-executadas-pelo-Departamento-de-Estradas-de-Rodagem-de-Santa-Catarina-DER-SC-1970_6-reuniao-300x186.jpg 300w, https:\/\/culturabc.com.br\/arquivo\/wp-content\/uploads\/2021\/07\/3359-Obras-na-Avenida-Atlantica-executadas-pelo-Departamento-de-Estradas-de-Rodagem-de-Santa-Catarina-DER-SC-1970_6-reuniao-768x476.jpg 768w\" sizes=\"(max-width: 971px) 100vw, 971px\" \/><\/a><figcaption class=\"blocks-gallery-item__caption\">3359 Obras na Avenida Atlantica executadas pelo Departamento de Estradas de Rodagem de Santa Catarina DER SC 1970 6 reuniao<\/figcaption><\/figure><\/li><li class=\"blocks-gallery-item\"><figure><a href=\"http:\/\/culturabc.com.br\/arquivo\/wp-content\/uploads\/2021\/07\/3358-Obras-na-Avenida-Atlantica-executadas-pelo-Departamento-de-Estradas-de-Rodagem-de-Santa-Catarina-DER-SC-1970_6-reuniao.jpg\"><img loading=\"lazy\" decoding=\"async\" width=\"971\" height=\"606\" src=\"http:\/\/culturabc.com.br\/arquivo\/wp-content\/uploads\/2021\/07\/3358-Obras-na-Avenida-Atlantica-executadas-pelo-Departamento-de-Estradas-de-Rodagem-de-Santa-Catarina-DER-SC-1970_6-reuniao.jpg\" alt=\"3358 Obras na Avenida Atlantica executadas pelo Departamento de Estradas de Rodagem de Santa Catarina DER SC 1970 6 reuniao\" data-id=\"26452\" data-full-url=\"http:\/\/culturabc.com.br\/arquivo\/wp-content\/uploads\/2021\/07\/3358-Obras-na-Avenida-Atlantica-executadas-pelo-Departamento-de-Estradas-de-Rodagem-de-Santa-Catarina-DER-SC-1970_6-reuniao.jpg\" data-link=\"http:\/\/culturabc.com.br\/arquivo\/3358-obras-na-avenida-atlantica-executadas-pelo-departamento-de-estradas-de-rodagem-de-santa-catarina-der-sc-1970_6-reuniao\/\" class=\"wp-image-26452\" srcset=\"https:\/\/culturabc.com.br\/arquivo\/wp-content\/uploads\/2021\/07\/3358-Obras-na-Avenida-Atlantica-executadas-pelo-Departamento-de-Estradas-de-Rodagem-de-Santa-Catarina-DER-SC-1970_6-reuniao.jpg 971w, https:\/\/culturabc.com.br\/arquivo\/wp-content\/uploads\/2021\/07\/3358-Obras-na-Avenida-Atlantica-executadas-pelo-Departamento-de-Estradas-de-Rodagem-de-Santa-Catarina-DER-SC-1970_6-reuniao-300x187.jpg 300w, https:\/\/culturabc.com.br\/arquivo\/wp-content\/uploads\/2021\/07\/3358-Obras-na-Avenida-Atlantica-executadas-pelo-Departamento-de-Estradas-de-Rodagem-de-Santa-Catarina-DER-SC-1970_6-reuniao-768x479.jpg 768w\" sizes=\"(max-width: 971px) 100vw, 971px\" \/><\/a><figcaption class=\"blocks-gallery-item__caption\">3358 Obras na Avenida Atlantica executadas pelo Departamento de Estradas de Rodagem de Santa Catarina DER SC 1970 6 reuniao<\/figcaption><\/figure><\/li><li class=\"blocks-gallery-item\"><figure><a href=\"http:\/\/culturabc.com.br\/arquivo\/wp-content\/uploads\/2021\/07\/3356-Obras-na-Avenida-Atlantica-executadas-pelo-Departamento-de-Estradas-de-Rodagem-de-Santa-Catarina-DER-SC-1970_6-reuniao.jpg\"><img loading=\"lazy\" decoding=\"async\" width=\"980\" height=\"597\" src=\"http:\/\/culturabc.com.br\/arquivo\/wp-content\/uploads\/2021\/07\/3356-Obras-na-Avenida-Atlantica-executadas-pelo-Departamento-de-Estradas-de-Rodagem-de-Santa-Catarina-DER-SC-1970_6-reuniao.jpg\" alt=\"3356 Obras na Avenida Atlantica executadas pelo Departamento de Estradas de Rodagem de Santa Catarina DER SC 1970 6 reuniao\" data-id=\"26450\" data-full-url=\"http:\/\/culturabc.com.br\/arquivo\/wp-content\/uploads\/2021\/07\/3356-Obras-na-Avenida-Atlantica-executadas-pelo-Departamento-de-Estradas-de-Rodagem-de-Santa-Catarina-DER-SC-1970_6-reuniao.jpg\" data-link=\"http:\/\/culturabc.com.br\/arquivo\/3356-obras-na-avenida-atlantica-executadas-pelo-departamento-de-estradas-de-rodagem-de-santa-catarina-der-sc-1970_6-reuniao\/\" class=\"wp-image-26450\" srcset=\"https:\/\/culturabc.com.br\/arquivo\/wp-content\/uploads\/2021\/07\/3356-Obras-na-Avenida-Atlantica-executadas-pelo-Departamento-de-Estradas-de-Rodagem-de-Santa-Catarina-DER-SC-1970_6-reuniao.jpg 980w, https:\/\/culturabc.com.br\/arquivo\/wp-content\/uploads\/2021\/07\/3356-Obras-na-Avenida-Atlantica-executadas-pelo-Departamento-de-Estradas-de-Rodagem-de-Santa-Catarina-DER-SC-1970_6-reuniao-300x183.jpg 300w, https:\/\/culturabc.com.br\/arquivo\/wp-content\/uploads\/2021\/07\/3356-Obras-na-Avenida-Atlantica-executadas-pelo-Departamento-de-Estradas-de-Rodagem-de-Santa-Catarina-DER-SC-1970_6-reuniao-768x468.jpg 768w\" sizes=\"(max-width: 980px) 100vw, 980px\" \/><\/a><figcaption class=\"blocks-gallery-item__caption\">3356 Obras na Avenida Atlantica executadas pelo Departamento de Estradas de Rodagem de Santa Catarina DER SC 1970 6 reuniao<\/figcaption><\/figure><\/li><li class=\"blocks-gallery-item\"><figure><a href=\"http:\/\/culturabc.com.br\/arquivo\/wp-content\/uploads\/2021\/07\/3357-Obras-na-Avenida-Atlantica-executadas-pelo-Departamento-de-Estradas-de-Rodagem-de-Santa-Catarina-DER-SC-1970_6-reuniao.jpg\"><img loading=\"lazy\" decoding=\"async\" width=\"969\" height=\"597\" src=\"http:\/\/culturabc.com.br\/arquivo\/wp-content\/uploads\/2021\/07\/3357-Obras-na-Avenida-Atlantica-executadas-pelo-Departamento-de-Estradas-de-Rodagem-de-Santa-Catarina-DER-SC-1970_6-reuniao.jpg\" alt=\"3357 Obras na Avenida Atlantica executadas pelo Departamento de Estradas de Rodagem de Santa Catarina DER SC 1970 6 reuniao\" data-id=\"26451\" data-full-url=\"http:\/\/culturabc.com.br\/arquivo\/wp-content\/uploads\/2021\/07\/3357-Obras-na-Avenida-Atlantica-executadas-pelo-Departamento-de-Estradas-de-Rodagem-de-Santa-Catarina-DER-SC-1970_6-reuniao.jpg\" data-link=\"http:\/\/culturabc.com.br\/arquivo\/3357-obras-na-avenida-atlantica-executadas-pelo-departamento-de-estradas-de-rodagem-de-santa-catarina-der-sc-1970_6-reuniao\/\" class=\"wp-image-26451\" srcset=\"https:\/\/culturabc.com.br\/arquivo\/wp-content\/uploads\/2021\/07\/3357-Obras-na-Avenida-Atlantica-executadas-pelo-Departamento-de-Estradas-de-Rodagem-de-Santa-Catarina-DER-SC-1970_6-reuniao.jpg 969w, https:\/\/culturabc.com.br\/arquivo\/wp-content\/uploads\/2021\/07\/3357-Obras-na-Avenida-Atlantica-executadas-pelo-Departamento-de-Estradas-de-Rodagem-de-Santa-Catarina-DER-SC-1970_6-reuniao-300x185.jpg 300w, https:\/\/culturabc.com.br\/arquivo\/wp-content\/uploads\/2021\/07\/3357-Obras-na-Avenida-Atlantica-executadas-pelo-Departamento-de-Estradas-de-Rodagem-de-Santa-Catarina-DER-SC-1970_6-reuniao-768x473.jpg 768w\" sizes=\"(max-width: 969px) 100vw, 969px\" \/><\/a><figcaption class=\"blocks-gallery-item__caption\">3357 Obras na Avenida Atlantica executadas pelo Departamento de Estradas de Rodagem de Santa Catarina DER SC 1970 6 reuniao<\/figcaption><\/figure><\/li><li class=\"blocks-gallery-item\"><figure><a href=\"http:\/\/culturabc.com.br\/arquivo\/wp-content\/uploads\/2021\/07\/3320-Samir-JairChina-Sergio-Rogerio-Evelina-Afonso-Poletti-Elisabete-decada-de-1960_6-reuniao.jpg\"><img loading=\"lazy\" decoding=\"async\" width=\"950\" height=\"552\" src=\"http:\/\/culturabc.com.br\/arquivo\/wp-content\/uploads\/2021\/07\/3320-Samir-JairChina-Sergio-Rogerio-Evelina-Afonso-Poletti-Elisabete-decada-de-1960_6-reuniao.jpg\" alt=\"3320 Samir JairChina Sergio Rogerio Evelina Afonso Poletti Elisabete decada de 1960 6 reuniao\" data-id=\"26222\" data-full-url=\"http:\/\/culturabc.com.br\/arquivo\/wp-content\/uploads\/2021\/07\/3320-Samir-JairChina-Sergio-Rogerio-Evelina-Afonso-Poletti-Elisabete-decada-de-1960_6-reuniao.jpg\" data-link=\"http:\/\/culturabc.com.br\/arquivo\/3320-samir-jairchina-sergio-rogerio-evelina-afonso-poletti-elisabete-decada-de-1960_6-reuniao\/\" class=\"wp-image-26222\" srcset=\"https:\/\/culturabc.com.br\/arquivo\/wp-content\/uploads\/2021\/07\/3320-Samir-JairChina-Sergio-Rogerio-Evelina-Afonso-Poletti-Elisabete-decada-de-1960_6-reuniao.jpg 950w, https:\/\/culturabc.com.br\/arquivo\/wp-content\/uploads\/2021\/07\/3320-Samir-JairChina-Sergio-Rogerio-Evelina-Afonso-Poletti-Elisabete-decada-de-1960_6-reuniao-300x174.jpg 300w, https:\/\/culturabc.com.br\/arquivo\/wp-content\/uploads\/2021\/07\/3320-Samir-JairChina-Sergio-Rogerio-Evelina-Afonso-Poletti-Elisabete-decada-de-1960_6-reuniao-768x446.jpg 768w\" sizes=\"(max-width: 950px) 100vw, 950px\" \/><\/a><figcaption class=\"blocks-gallery-item__caption\">3320 Samir JairChina Sergio Rogerio Evelina Afonso Poletti Elisabete decada de 1960 6 reuniao<\/figcaption><\/figure><\/li><li class=\"blocks-gallery-item\"><figure><a href=\"http:\/\/culturabc.com.br\/arquivo\/wp-content\/uploads\/2021\/07\/3319-Identificados-na-imagem-Ricardo-Ivo.-Em-pe-Chico-Ari-Claudio-Joaquimdecada-de-1960_6-reuniao.jpg\"><img loading=\"lazy\" decoding=\"async\" width=\"950\" height=\"550\" src=\"http:\/\/culturabc.com.br\/arquivo\/wp-content\/uploads\/2021\/07\/3319-Identificados-na-imagem-Ricardo-Ivo.-Em-pe-Chico-Ari-Claudio-Joaquimdecada-de-1960_6-reuniao.jpg\" alt=\"3319 Identificados na imagem Ricardo Ivo. Em pe Chico Ari Claudio Joaquimdecada de 1960 6 reuniao\" data-id=\"26221\" data-full-url=\"http:\/\/culturabc.com.br\/arquivo\/wp-content\/uploads\/2021\/07\/3319-Identificados-na-imagem-Ricardo-Ivo.-Em-pe-Chico-Ari-Claudio-Joaquimdecada-de-1960_6-reuniao.jpg\" data-link=\"http:\/\/culturabc.com.br\/arquivo\/3319-identificados-na-imagem-ricardo-ivo-em-pe-chico-ari-claudio-joaquimdecada-de-1960_6-reuniao\/\" class=\"wp-image-26221\" srcset=\"https:\/\/culturabc.com.br\/arquivo\/wp-content\/uploads\/2021\/07\/3319-Identificados-na-imagem-Ricardo-Ivo.-Em-pe-Chico-Ari-Claudio-Joaquimdecada-de-1960_6-reuniao.jpg 950w, https:\/\/culturabc.com.br\/arquivo\/wp-content\/uploads\/2021\/07\/3319-Identificados-na-imagem-Ricardo-Ivo.-Em-pe-Chico-Ari-Claudio-Joaquimdecada-de-1960_6-reuniao-300x174.jpg 300w, https:\/\/culturabc.com.br\/arquivo\/wp-content\/uploads\/2021\/07\/3319-Identificados-na-imagem-Ricardo-Ivo.-Em-pe-Chico-Ari-Claudio-Joaquimdecada-de-1960_6-reuniao-768x445.jpg 768w\" sizes=\"(max-width: 950px) 100vw, 950px\" \/><\/a><figcaption class=\"blocks-gallery-item__caption\">3319 Identificados na imagem Ricardo Ivo. Em pe Chico Ari Claudio Joaquimdecada de 1960 6 reuniao<\/figcaption><\/figure><\/li><li class=\"blocks-gallery-item\"><figure><a href=\"http:\/\/culturabc.com.br\/arquivo\/wp-content\/uploads\/2021\/07\/3318-Da-esquerda-para-a-direita-Ricardo-Fuchs-Irineu-dos-Santos-Venancio-Veni-decada-de-1960_6-reuniao.jpg\"><img loading=\"lazy\" decoding=\"async\" width=\"950\" height=\"618\" src=\"http:\/\/culturabc.com.br\/arquivo\/wp-content\/uploads\/2021\/07\/3318-Da-esquerda-para-a-direita-Ricardo-Fuchs-Irineu-dos-Santos-Venancio-Veni-decada-de-1960_6-reuniao.jpg\" alt=\"3318 Da esquerda para a direita Ricardo Fuchs Irineu dos Santos Venancio Veni decada de 1960 6 reuniao\" data-id=\"26220\" data-full-url=\"http:\/\/culturabc.com.br\/arquivo\/wp-content\/uploads\/2021\/07\/3318-Da-esquerda-para-a-direita-Ricardo-Fuchs-Irineu-dos-Santos-Venancio-Veni-decada-de-1960_6-reuniao.jpg\" data-link=\"http:\/\/culturabc.com.br\/arquivo\/3318-da-esquerda-para-a-direita-ricardo-fuchs-irineu-dos-santos-venancio-veni-decada-de-1960_6-reuniao\/\" class=\"wp-image-26220\" srcset=\"https:\/\/culturabc.com.br\/arquivo\/wp-content\/uploads\/2021\/07\/3318-Da-esquerda-para-a-direita-Ricardo-Fuchs-Irineu-dos-Santos-Venancio-Veni-decada-de-1960_6-reuniao.jpg 950w, https:\/\/culturabc.com.br\/arquivo\/wp-content\/uploads\/2021\/07\/3318-Da-esquerda-para-a-direita-Ricardo-Fuchs-Irineu-dos-Santos-Venancio-Veni-decada-de-1960_6-reuniao-300x195.jpg 300w, https:\/\/culturabc.com.br\/arquivo\/wp-content\/uploads\/2021\/07\/3318-Da-esquerda-para-a-direita-Ricardo-Fuchs-Irineu-dos-Santos-Venancio-Veni-decada-de-1960_6-reuniao-768x500.jpg 768w\" sizes=\"(max-width: 950px) 100vw, 950px\" \/><\/a><figcaption class=\"blocks-gallery-item__caption\">3318 Da esquerda para a direita Ricardo Fuchs Irineu dos Santos Venancio Veni decada de 1960 6 reuniao<\/figcaption><\/figure><\/li><li class=\"blocks-gallery-item\"><figure><a href=\"http:\/\/culturabc.com.br\/arquivo\/wp-content\/uploads\/2021\/07\/3328-Obras-na-Avenida-do-Estado-nas-proximidades-da-Rua-Uganda-decada-de-1960_6-reuniao.jpg\"><img loading=\"lazy\" decoding=\"async\" width=\"950\" height=\"575\" src=\"http:\/\/culturabc.com.br\/arquivo\/wp-content\/uploads\/2021\/07\/3328-Obras-na-Avenida-do-Estado-nas-proximidades-da-Rua-Uganda-decada-de-1960_6-reuniao.jpg\" alt=\"3328 Obras na Avenida do Estado nas proximidades da Rua Uganda decada de 1960 6 reuniao\" data-id=\"26217\" data-full-url=\"http:\/\/culturabc.com.br\/arquivo\/wp-content\/uploads\/2021\/07\/3328-Obras-na-Avenida-do-Estado-nas-proximidades-da-Rua-Uganda-decada-de-1960_6-reuniao.jpg\" data-link=\"http:\/\/culturabc.com.br\/arquivo\/3328-obras-na-avenida-do-estado-nas-proximidades-da-rua-uganda-decada-de-1960_6-reuniao\/\" class=\"wp-image-26217\" srcset=\"https:\/\/culturabc.com.br\/arquivo\/wp-content\/uploads\/2021\/07\/3328-Obras-na-Avenida-do-Estado-nas-proximidades-da-Rua-Uganda-decada-de-1960_6-reuniao.jpg 950w, https:\/\/culturabc.com.br\/arquivo\/wp-content\/uploads\/2021\/07\/3328-Obras-na-Avenida-do-Estado-nas-proximidades-da-Rua-Uganda-decada-de-1960_6-reuniao-300x182.jpg 300w, https:\/\/culturabc.com.br\/arquivo\/wp-content\/uploads\/2021\/07\/3328-Obras-na-Avenida-do-Estado-nas-proximidades-da-Rua-Uganda-decada-de-1960_6-reuniao-768x465.jpg 768w\" sizes=\"(max-width: 950px) 100vw, 950px\" \/><\/a><figcaption class=\"blocks-gallery-item__caption\">3328 Obras na Avenida do Estado nas proximidades da Rua Uganda decada de 1960 6 reuniao<\/figcaption><\/figure><\/li><li class=\"blocks-gallery-item\"><figure><a href=\"http:\/\/culturabc.com.br\/arquivo\/wp-content\/uploads\/2021\/07\/3326-Evento-no-Hotel-Marambaia-1969_6-reuniao.jpg\"><img loading=\"lazy\" decoding=\"async\" width=\"950\" height=\"585\" src=\"http:\/\/culturabc.com.br\/arquivo\/wp-content\/uploads\/2021\/07\/3326-Evento-no-Hotel-Marambaia-1969_6-reuniao.jpg\" alt=\"3326 Evento no Hotel Marambaia 1969 6 reuniao\" data-id=\"26216\" data-full-url=\"http:\/\/culturabc.com.br\/arquivo\/wp-content\/uploads\/2021\/07\/3326-Evento-no-Hotel-Marambaia-1969_6-reuniao.jpg\" data-link=\"http:\/\/culturabc.com.br\/arquivo\/3326-evento-no-hotel-marambaia-1969_6-reuniao\/\" class=\"wp-image-26216\" srcset=\"https:\/\/culturabc.com.br\/arquivo\/wp-content\/uploads\/2021\/07\/3326-Evento-no-Hotel-Marambaia-1969_6-reuniao.jpg 950w, https:\/\/culturabc.com.br\/arquivo\/wp-content\/uploads\/2021\/07\/3326-Evento-no-Hotel-Marambaia-1969_6-reuniao-300x185.jpg 300w, https:\/\/culturabc.com.br\/arquivo\/wp-content\/uploads\/2021\/07\/3326-Evento-no-Hotel-Marambaia-1969_6-reuniao-768x473.jpg 768w\" sizes=\"(max-width: 950px) 100vw, 950px\" \/><\/a><figcaption class=\"blocks-gallery-item__caption\">3326 Evento no Hotel Marambaia 1969 6 reuniao<\/figcaption><\/figure><\/li><li class=\"blocks-gallery-item\"><figure><a href=\"http:\/\/culturabc.com.br\/arquivo\/wp-content\/uploads\/2021\/07\/3325-Armando-Cesar-Ghislandi-Eloy-Reinert-Moacir-Schlup-Ricardo-Fuchs-decada-de-1960_6-reuniao.jpg\"><img loading=\"lazy\" decoding=\"async\" width=\"950\" height=\"557\" src=\"http:\/\/culturabc.com.br\/arquivo\/wp-content\/uploads\/2021\/07\/3325-Armando-Cesar-Ghislandi-Eloy-Reinert-Moacir-Schlup-Ricardo-Fuchs-decada-de-1960_6-reuniao.jpg\" alt=\"3325 Armando Cesar Ghislandi Eloy Reinert Moacir Schlup Ricardo Fuchs decada de 1960 6 reuniao\" data-id=\"26215\" data-full-url=\"http:\/\/culturabc.com.br\/arquivo\/wp-content\/uploads\/2021\/07\/3325-Armando-Cesar-Ghislandi-Eloy-Reinert-Moacir-Schlup-Ricardo-Fuchs-decada-de-1960_6-reuniao.jpg\" data-link=\"http:\/\/culturabc.com.br\/arquivo\/3325-armando-cesar-ghislandi-eloy-reinert-moacir-schlup-ricardo-fuchs-decada-de-1960_6-reuniao\/\" class=\"wp-image-26215\" srcset=\"https:\/\/culturabc.com.br\/arquivo\/wp-content\/uploads\/2021\/07\/3325-Armando-Cesar-Ghislandi-Eloy-Reinert-Moacir-Schlup-Ricardo-Fuchs-decada-de-1960_6-reuniao.jpg 950w, https:\/\/culturabc.com.br\/arquivo\/wp-content\/uploads\/2021\/07\/3325-Armando-Cesar-Ghislandi-Eloy-Reinert-Moacir-Schlup-Ricardo-Fuchs-decada-de-1960_6-reuniao-300x176.jpg 300w, https:\/\/culturabc.com.br\/arquivo\/wp-content\/uploads\/2021\/07\/3325-Armando-Cesar-Ghislandi-Eloy-Reinert-Moacir-Schlup-Ricardo-Fuchs-decada-de-1960_6-reuniao-768x450.jpg 768w\" sizes=\"(max-width: 950px) 100vw, 950px\" \/><\/a><figcaption class=\"blocks-gallery-item__caption\">3325 Armando Cesar Ghislandi Eloy Reinert Moacir Schlup Ricardo Fuchs decada de 1960 6 reuniao<\/figcaption><\/figure><\/li><li class=\"blocks-gallery-item\"><figure><a href=\"http:\/\/culturabc.com.br\/arquivo\/wp-content\/uploads\/2021\/07\/3324-Churrascaria-Cipo-Avenida-do-Estado-no-5110-onde-hoje-e-a-Joacaba-Pneus-decada-de-1970_6-reuniao.jpg\"><img loading=\"lazy\" decoding=\"async\" width=\"950\" height=\"578\" src=\"http:\/\/culturabc.com.br\/arquivo\/wp-content\/uploads\/2021\/07\/3324-Churrascaria-Cipo-Avenida-do-Estado-no-5110-onde-hoje-e-a-Joacaba-Pneus-decada-de-1970_6-reuniao.jpg\" alt=\"3324 Churrascaria Cipo Avenida do Estado no 5110 onde hoje e a Joacaba Pneus decada de 1970 6 reuniao\" data-id=\"26214\" data-full-url=\"http:\/\/culturabc.com.br\/arquivo\/wp-content\/uploads\/2021\/07\/3324-Churrascaria-Cipo-Avenida-do-Estado-no-5110-onde-hoje-e-a-Joacaba-Pneus-decada-de-1970_6-reuniao.jpg\" data-link=\"http:\/\/culturabc.com.br\/arquivo\/3324-churrascaria-cipo-avenida-do-estado-no-5110-onde-hoje-e-a-joacaba-pneus-decada-de-1970_6-reuniao\/\" class=\"wp-image-26214\" srcset=\"https:\/\/culturabc.com.br\/arquivo\/wp-content\/uploads\/2021\/07\/3324-Churrascaria-Cipo-Avenida-do-Estado-no-5110-onde-hoje-e-a-Joacaba-Pneus-decada-de-1970_6-reuniao.jpg 950w, https:\/\/culturabc.com.br\/arquivo\/wp-content\/uploads\/2021\/07\/3324-Churrascaria-Cipo-Avenida-do-Estado-no-5110-onde-hoje-e-a-Joacaba-Pneus-decada-de-1970_6-reuniao-300x183.jpg 300w, https:\/\/culturabc.com.br\/arquivo\/wp-content\/uploads\/2021\/07\/3324-Churrascaria-Cipo-Avenida-do-Estado-no-5110-onde-hoje-e-a-Joacaba-Pneus-decada-de-1970_6-reuniao-768x467.jpg 768w\" sizes=\"(max-width: 950px) 100vw, 950px\" \/><\/a><figcaption class=\"blocks-gallery-item__caption\">3324 Churrascaria Cipo Avenida do Estado no 5110 onde hoje e a Joacaba Pneus decada de 1970 6 reuniao<\/figcaption><\/figure><\/li><li class=\"blocks-gallery-item\"><figure><a href=\"http:\/\/culturabc.com.br\/arquivo\/wp-content\/uploads\/2021\/07\/3323-Prefeito-Higino-Pio-Amelia-Rosinha-Ricardo-Maria-da-Graca-Olavio-decada-de-1960_6-reuniao.jpg\"><img loading=\"lazy\" decoding=\"async\" width=\"950\" height=\"555\" src=\"http:\/\/culturabc.com.br\/arquivo\/wp-content\/uploads\/2021\/07\/3323-Prefeito-Higino-Pio-Amelia-Rosinha-Ricardo-Maria-da-Graca-Olavio-decada-de-1960_6-reuniao.jpg\" alt=\"3323 Prefeito Higino Pio Amelia Rosinha Ricardo Maria da Graca Olavio decada de 1960 6 reuniao\" data-id=\"26213\" data-full-url=\"http:\/\/culturabc.com.br\/arquivo\/wp-content\/uploads\/2021\/07\/3323-Prefeito-Higino-Pio-Amelia-Rosinha-Ricardo-Maria-da-Graca-Olavio-decada-de-1960_6-reuniao.jpg\" data-link=\"http:\/\/culturabc.com.br\/arquivo\/3323-prefeito-higino-pio-amelia-rosinha-ricardo-maria-da-graca-olavio-decada-de-1960_6-reuniao\/\" class=\"wp-image-26213\" srcset=\"https:\/\/culturabc.com.br\/arquivo\/wp-content\/uploads\/2021\/07\/3323-Prefeito-Higino-Pio-Amelia-Rosinha-Ricardo-Maria-da-Graca-Olavio-decada-de-1960_6-reuniao.jpg 950w, https:\/\/culturabc.com.br\/arquivo\/wp-content\/uploads\/2021\/07\/3323-Prefeito-Higino-Pio-Amelia-Rosinha-Ricardo-Maria-da-Graca-Olavio-decada-de-1960_6-reuniao-300x175.jpg 300w, https:\/\/culturabc.com.br\/arquivo\/wp-content\/uploads\/2021\/07\/3323-Prefeito-Higino-Pio-Amelia-Rosinha-Ricardo-Maria-da-Graca-Olavio-decada-de-1960_6-reuniao-768x449.jpg 768w\" sizes=\"(max-width: 950px) 100vw, 950px\" \/><\/a><figcaption class=\"blocks-gallery-item__caption\">3323 Prefeito Higino Pio Amelia Rosinha Ricardo Maria da Graca Olavio decada de 1960 6 reuniao<\/figcaption><\/figure><\/li><li class=\"blocks-gallery-item\"><figure><a href=\"http:\/\/culturabc.com.br\/arquivo\/wp-content\/uploads\/2021\/07\/3333-Limpeza-da-Praia-Central-nas-proximidades-da-Avenida-Central-1968_6-reuniao.jpg\"><img loading=\"lazy\" decoding=\"async\" width=\"950\" height=\"555\" src=\"http:\/\/culturabc.com.br\/arquivo\/wp-content\/uploads\/2021\/07\/3333-Limpeza-da-Praia-Central-nas-proximidades-da-Avenida-Central-1968_6-reuniao.jpg\" alt=\"3333 Limpeza da Praia Central nas proximidades da Avenida Central 1968 6 reuniao\" data-id=\"26212\" data-full-url=\"http:\/\/culturabc.com.br\/arquivo\/wp-content\/uploads\/2021\/07\/3333-Limpeza-da-Praia-Central-nas-proximidades-da-Avenida-Central-1968_6-reuniao.jpg\" data-link=\"http:\/\/culturabc.com.br\/arquivo\/3333-limpeza-da-praia-central-nas-proximidades-da-avenida-central-1968_6-reuniao\/\" class=\"wp-image-26212\" srcset=\"https:\/\/culturabc.com.br\/arquivo\/wp-content\/uploads\/2021\/07\/3333-Limpeza-da-Praia-Central-nas-proximidades-da-Avenida-Central-1968_6-reuniao.jpg 950w, https:\/\/culturabc.com.br\/arquivo\/wp-content\/uploads\/2021\/07\/3333-Limpeza-da-Praia-Central-nas-proximidades-da-Avenida-Central-1968_6-reuniao-300x175.jpg 300w, https:\/\/culturabc.com.br\/arquivo\/wp-content\/uploads\/2021\/07\/3333-Limpeza-da-Praia-Central-nas-proximidades-da-Avenida-Central-1968_6-reuniao-768x449.jpg 768w\" sizes=\"(max-width: 950px) 100vw, 950px\" \/><\/a><figcaption class=\"blocks-gallery-item__caption\">3333 Limpeza da Praia Central nas proximidades da Avenida Central 1968 6 reuniao<\/figcaption><\/figure><\/li><li class=\"blocks-gallery-item\"><figure><a href=\"http:\/\/culturabc.com.br\/arquivo\/wp-content\/uploads\/2021\/07\/3332-Limpeza-da-Praia-Central-nas-proximidades-da-Avenida-Central-1968_6-reuniao.jpg\"><img loading=\"lazy\" decoding=\"async\" width=\"950\" height=\"616\" src=\"http:\/\/culturabc.com.br\/arquivo\/wp-content\/uploads\/2021\/07\/3332-Limpeza-da-Praia-Central-nas-proximidades-da-Avenida-Central-1968_6-reuniao.jpg\" alt=\"3332 Limpeza da Praia Central nas proximidades da Avenida Central 1968 6 reuniao\" data-id=\"26211\" data-full-url=\"http:\/\/culturabc.com.br\/arquivo\/wp-content\/uploads\/2021\/07\/3332-Limpeza-da-Praia-Central-nas-proximidades-da-Avenida-Central-1968_6-reuniao.jpg\" data-link=\"http:\/\/culturabc.com.br\/arquivo\/3332-limpeza-da-praia-central-nas-proximidades-da-avenida-central-1968_6-reuniao\/\" class=\"wp-image-26211\" srcset=\"https:\/\/culturabc.com.br\/arquivo\/wp-content\/uploads\/2021\/07\/3332-Limpeza-da-Praia-Central-nas-proximidades-da-Avenida-Central-1968_6-reuniao.jpg 950w, https:\/\/culturabc.com.br\/arquivo\/wp-content\/uploads\/2021\/07\/3332-Limpeza-da-Praia-Central-nas-proximidades-da-Avenida-Central-1968_6-reuniao-300x195.jpg 300w, https:\/\/culturabc.com.br\/arquivo\/wp-content\/uploads\/2021\/07\/3332-Limpeza-da-Praia-Central-nas-proximidades-da-Avenida-Central-1968_6-reuniao-768x498.jpg 768w\" sizes=\"(max-width: 950px) 100vw, 950px\" \/><\/a><figcaption class=\"blocks-gallery-item__caption\">3332 Limpeza da Praia Central nas proximidades da Avenida Central 1968 6 reuniao<\/figcaption><\/figure><\/li><li class=\"blocks-gallery-item\"><figure><a href=\"http:\/\/culturabc.com.br\/arquivo\/wp-content\/uploads\/2021\/07\/3331-Limpeza-da-Praia-Central-nas-proximidades-da-Avenida-Central-1968_6-reuniao.jpg\"><img loading=\"lazy\" decoding=\"async\" width=\"950\" height=\"609\" src=\"http:\/\/culturabc.com.br\/arquivo\/wp-content\/uploads\/2021\/07\/3331-Limpeza-da-Praia-Central-nas-proximidades-da-Avenida-Central-1968_6-reuniao.jpg\" alt=\"3331 Limpeza da Praia Central nas proximidades da Avenida Central 1968 6 reuniao\" data-id=\"26210\" data-full-url=\"http:\/\/culturabc.com.br\/arquivo\/wp-content\/uploads\/2021\/07\/3331-Limpeza-da-Praia-Central-nas-proximidades-da-Avenida-Central-1968_6-reuniao.jpg\" data-link=\"http:\/\/culturabc.com.br\/arquivo\/3331-limpeza-da-praia-central-nas-proximidades-da-avenida-central-1968_6-reuniao\/\" class=\"wp-image-26210\" srcset=\"https:\/\/culturabc.com.br\/arquivo\/wp-content\/uploads\/2021\/07\/3331-Limpeza-da-Praia-Central-nas-proximidades-da-Avenida-Central-1968_6-reuniao.jpg 950w, https:\/\/culturabc.com.br\/arquivo\/wp-content\/uploads\/2021\/07\/3331-Limpeza-da-Praia-Central-nas-proximidades-da-Avenida-Central-1968_6-reuniao-300x192.jpg 300w, https:\/\/culturabc.com.br\/arquivo\/wp-content\/uploads\/2021\/07\/3331-Limpeza-da-Praia-Central-nas-proximidades-da-Avenida-Central-1968_6-reuniao-768x492.jpg 768w\" sizes=\"(max-width: 950px) 100vw, 950px\" \/><\/a><figcaption class=\"blocks-gallery-item__caption\">3331 Limpeza da Praia Central nas proximidades da Avenida Central 1968 6 reuniao<\/figcaption><\/figure><\/li><li class=\"blocks-gallery-item\"><figure><a href=\"http:\/\/culturabc.com.br\/arquivo\/wp-content\/uploads\/2021\/07\/3329-Deposito-de-distribuicao-da-estacao-de-tratamento-de-agua-no-morro-do-Caseca-1965_6-reuniao.jpg\"><img loading=\"lazy\" decoding=\"async\" width=\"950\" height=\"539\" src=\"http:\/\/culturabc.com.br\/arquivo\/wp-content\/uploads\/2021\/07\/3329-Deposito-de-distribuicao-da-estacao-de-tratamento-de-agua-no-morro-do-Caseca-1965_6-reuniao.jpg\" alt=\"3329 Deposito de distribuicao da estacao de tratamento de agua no morro do Caseca 1965 6 reuniao\" data-id=\"26209\" data-full-url=\"http:\/\/culturabc.com.br\/arquivo\/wp-content\/uploads\/2021\/07\/3329-Deposito-de-distribuicao-da-estacao-de-tratamento-de-agua-no-morro-do-Caseca-1965_6-reuniao.jpg\" data-link=\"http:\/\/culturabc.com.br\/arquivo\/3329-deposito-de-distribuicao-da-estacao-de-tratamento-de-agua-no-morro-do-caseca-1965_6-reuniao\/\" class=\"wp-image-26209\" srcset=\"https:\/\/culturabc.com.br\/arquivo\/wp-content\/uploads\/2021\/07\/3329-Deposito-de-distribuicao-da-estacao-de-tratamento-de-agua-no-morro-do-Caseca-1965_6-reuniao.jpg 950w, https:\/\/culturabc.com.br\/arquivo\/wp-content\/uploads\/2021\/07\/3329-Deposito-de-distribuicao-da-estacao-de-tratamento-de-agua-no-morro-do-Caseca-1965_6-reuniao-300x170.jpg 300w, https:\/\/culturabc.com.br\/arquivo\/wp-content\/uploads\/2021\/07\/3329-Deposito-de-distribuicao-da-estacao-de-tratamento-de-agua-no-morro-do-Caseca-1965_6-reuniao-768x436.jpg 768w\" sizes=\"(max-width: 950px) 100vw, 950px\" \/><\/a><figcaption class=\"blocks-gallery-item__caption\">3329 Deposito de distribuicao da estacao de tratamento de agua no morro do Caseca 1965 6 reuniao<\/figcaption><\/figure><\/li><li class=\"blocks-gallery-item\"><figure><a href=\"http:\/\/culturabc.com.br\/arquivo\/wp-content\/uploads\/2021\/07\/3340-Obras-de-tubulacao-na-Rua-1400-nas-proximidades-da-Igreja-Santa-Ines-decada-de-1960_6-reuniao.jpg\"><img loading=\"lazy\" decoding=\"async\" width=\"950\" height=\"540\" src=\"http:\/\/culturabc.com.br\/arquivo\/wp-content\/uploads\/2021\/07\/3340-Obras-de-tubulacao-na-Rua-1400-nas-proximidades-da-Igreja-Santa-Ines-decada-de-1960_6-reuniao.jpg\" alt=\"3340 Obras de tubulacao na Rua 1400 nas proximidades da Igreja Santa Ines decada de 1960 6 reuniao\" data-id=\"26208\" data-full-url=\"http:\/\/culturabc.com.br\/arquivo\/wp-content\/uploads\/2021\/07\/3340-Obras-de-tubulacao-na-Rua-1400-nas-proximidades-da-Igreja-Santa-Ines-decada-de-1960_6-reuniao.jpg\" data-link=\"http:\/\/culturabc.com.br\/arquivo\/3340-obras-de-tubulacao-na-rua-1400-nas-proximidades-da-igreja-santa-ines-decada-de-1960_6-reuniao\/\" class=\"wp-image-26208\" srcset=\"https:\/\/culturabc.com.br\/arquivo\/wp-content\/uploads\/2021\/07\/3340-Obras-de-tubulacao-na-Rua-1400-nas-proximidades-da-Igreja-Santa-Ines-decada-de-1960_6-reuniao.jpg 950w, https:\/\/culturabc.com.br\/arquivo\/wp-content\/uploads\/2021\/07\/3340-Obras-de-tubulacao-na-Rua-1400-nas-proximidades-da-Igreja-Santa-Ines-decada-de-1960_6-reuniao-300x171.jpg 300w, https:\/\/culturabc.com.br\/arquivo\/wp-content\/uploads\/2021\/07\/3340-Obras-de-tubulacao-na-Rua-1400-nas-proximidades-da-Igreja-Santa-Ines-decada-de-1960_6-reuniao-768x437.jpg 768w\" sizes=\"(max-width: 950px) 100vw, 950px\" \/><\/a><figcaption class=\"blocks-gallery-item__caption\">3340 Obras de tubulacao na Rua 1400 nas proximidades da Igreja Santa Ines decada de 1960 6 reuniao<\/figcaption><\/figure><\/li><li class=\"blocks-gallery-item\"><figure><a href=\"http:\/\/culturabc.com.br\/arquivo\/wp-content\/uploads\/2021\/07\/3338-Obras-de-tubulacao-nas-proximidades-da-Rua-200.-Estacao-de-tratamento-de-Agua-decada-de-1960_6-reuniao.jpg\"><img loading=\"lazy\" decoding=\"async\" width=\"950\" height=\"584\" src=\"http:\/\/culturabc.com.br\/arquivo\/wp-content\/uploads\/2021\/07\/3338-Obras-de-tubulacao-nas-proximidades-da-Rua-200.-Estacao-de-tratamento-de-Agua-decada-de-1960_6-reuniao.jpg\" alt=\"3338 Obras de tubulacao nas proximidades da Rua 200. Estacao de tratamento de Agua decada de 1960 6 reuniao\" data-id=\"26207\" data-full-url=\"http:\/\/culturabc.com.br\/arquivo\/wp-content\/uploads\/2021\/07\/3338-Obras-de-tubulacao-nas-proximidades-da-Rua-200.-Estacao-de-tratamento-de-Agua-decada-de-1960_6-reuniao.jpg\" data-link=\"http:\/\/culturabc.com.br\/arquivo\/3338-obras-de-tubulacao-nas-proximidades-da-rua-200-estacao-de-tratamento-de-agua-decada-de-1960_6-reuniao\/\" class=\"wp-image-26207\" srcset=\"https:\/\/culturabc.com.br\/arquivo\/wp-content\/uploads\/2021\/07\/3338-Obras-de-tubulacao-nas-proximidades-da-Rua-200.-Estacao-de-tratamento-de-Agua-decada-de-1960_6-reuniao.jpg 950w, https:\/\/culturabc.com.br\/arquivo\/wp-content\/uploads\/2021\/07\/3338-Obras-de-tubulacao-nas-proximidades-da-Rua-200.-Estacao-de-tratamento-de-Agua-decada-de-1960_6-reuniao-300x184.jpg 300w, https:\/\/culturabc.com.br\/arquivo\/wp-content\/uploads\/2021\/07\/3338-Obras-de-tubulacao-nas-proximidades-da-Rua-200.-Estacao-de-tratamento-de-Agua-decada-de-1960_6-reuniao-768x472.jpg 768w\" sizes=\"(max-width: 950px) 100vw, 950px\" \/><\/a><figcaption class=\"blocks-gallery-item__caption\">3338 Obras de tubulacao nas proximidades da Rua 200. Estacao de tratamento de Agua decada de 1960 6 reuniao<\/figcaption><\/figure><\/li><li class=\"blocks-gallery-item\"><figure><a href=\"http:\/\/culturabc.com.br\/arquivo\/wp-content\/uploads\/2021\/07\/3337-1a-Sede-da-Prefeitura-Municipal-de-Balneario-Camboriu-na-Avenida-Central1964_6-reuniao.jpg\"><img loading=\"lazy\" decoding=\"async\" width=\"611\" height=\"1024\" src=\"http:\/\/culturabc.com.br\/arquivo\/wp-content\/uploads\/2021\/07\/3337-1a-Sede-da-Prefeitura-Municipal-de-Balneario-Camboriu-na-Avenida-Central1964_6-reuniao-611x1024.jpg\" alt=\"3337 1a Sede da Prefeitura Municipal de Balneario Camboriu na Avenida Central1964 6 reuniao\" data-id=\"26206\" data-full-url=\"http:\/\/culturabc.com.br\/arquivo\/wp-content\/uploads\/2021\/07\/3337-1a-Sede-da-Prefeitura-Municipal-de-Balneario-Camboriu-na-Avenida-Central1964_6-reuniao.jpg\" data-link=\"http:\/\/culturabc.com.br\/arquivo\/3337-1a-sede-da-prefeitura-municipal-de-balneario-camboriu-na-avenida-central1964_6-reuniao\/\" class=\"wp-image-26206\" srcset=\"https:\/\/culturabc.com.br\/arquivo\/wp-content\/uploads\/2021\/07\/3337-1a-Sede-da-Prefeitura-Municipal-de-Balneario-Camboriu-na-Avenida-Central1964_6-reuniao-611x1024.jpg 611w, https:\/\/culturabc.com.br\/arquivo\/wp-content\/uploads\/2021\/07\/3337-1a-Sede-da-Prefeitura-Municipal-de-Balneario-Camboriu-na-Avenida-Central1964_6-reuniao-179x300.jpg 179w, https:\/\/culturabc.com.br\/arquivo\/wp-content\/uploads\/2021\/07\/3337-1a-Sede-da-Prefeitura-Municipal-de-Balneario-Camboriu-na-Avenida-Central1964_6-reuniao-768x1288.jpg 768w, https:\/\/culturabc.com.br\/arquivo\/wp-content\/uploads\/2021\/07\/3337-1a-Sede-da-Prefeitura-Municipal-de-Balneario-Camboriu-na-Avenida-Central1964_6-reuniao-916x1536.jpg 916w, https:\/\/culturabc.com.br\/arquivo\/wp-content\/uploads\/2021\/07\/3337-1a-Sede-da-Prefeitura-Municipal-de-Balneario-Camboriu-na-Avenida-Central1964_6-reuniao.jpg 950w\" sizes=\"(max-width: 611px) 100vw, 611px\" \/><\/a><figcaption class=\"blocks-gallery-item__caption\">3337 1a Sede da Prefeitura Municipal de Balneario Camboriu na Avenida Central1964 6 reuniao<\/figcaption><\/figure><\/li><li class=\"blocks-gallery-item\"><figure><a href=\"http:\/\/culturabc.com.br\/arquivo\/wp-content\/uploads\/2021\/07\/3336-Construcao-do-pontilhao-no-final-da-Avenida-Santa-Catarina-proximo-a-BR-101-decada-de-1960_6-reuniao.jpg\"><img loading=\"lazy\" decoding=\"async\" width=\"950\" height=\"580\" src=\"http:\/\/culturabc.com.br\/arquivo\/wp-content\/uploads\/2021\/07\/3336-Construcao-do-pontilhao-no-final-da-Avenida-Santa-Catarina-proximo-a-BR-101-decada-de-1960_6-reuniao.jpg\" alt=\"3336 Construcao do pontilhao no final da Avenida Santa Catarina proximo a BR 101 decada de 1960 6 reuniao\" data-id=\"26205\" data-full-url=\"http:\/\/culturabc.com.br\/arquivo\/wp-content\/uploads\/2021\/07\/3336-Construcao-do-pontilhao-no-final-da-Avenida-Santa-Catarina-proximo-a-BR-101-decada-de-1960_6-reuniao.jpg\" data-link=\"http:\/\/culturabc.com.br\/arquivo\/3336-construcao-do-pontilhao-no-final-da-avenida-santa-catarina-proximo-a-br-101-decada-de-1960_6-reuniao\/\" class=\"wp-image-26205\" srcset=\"https:\/\/culturabc.com.br\/arquivo\/wp-content\/uploads\/2021\/07\/3336-Construcao-do-pontilhao-no-final-da-Avenida-Santa-Catarina-proximo-a-BR-101-decada-de-1960_6-reuniao.jpg 950w, https:\/\/culturabc.com.br\/arquivo\/wp-content\/uploads\/2021\/07\/3336-Construcao-do-pontilhao-no-final-da-Avenida-Santa-Catarina-proximo-a-BR-101-decada-de-1960_6-reuniao-300x183.jpg 300w, https:\/\/culturabc.com.br\/arquivo\/wp-content\/uploads\/2021\/07\/3336-Construcao-do-pontilhao-no-final-da-Avenida-Santa-Catarina-proximo-a-BR-101-decada-de-1960_6-reuniao-768x469.jpg 768w\" sizes=\"(max-width: 950px) 100vw, 950px\" \/><\/a><figcaption class=\"blocks-gallery-item__caption\">3336 Construcao do pontilhao no final da Avenida Santa Catarina proximo a BR 101 decada de 1960 6 reuniao<\/figcaption><\/figure><\/li><li class=\"blocks-gallery-item\"><figure><a href=\"http:\/\/culturabc.com.br\/arquivo\/wp-content\/uploads\/2021\/07\/3334-Limpeza-da-Praia-Central-nas-proximidades-da-Avenida-Central-1968_6-reuniao.jpg\"><img loading=\"lazy\" decoding=\"async\" width=\"950\" height=\"569\" src=\"http:\/\/culturabc.com.br\/arquivo\/wp-content\/uploads\/2021\/07\/3334-Limpeza-da-Praia-Central-nas-proximidades-da-Avenida-Central-1968_6-reuniao.jpg\" alt=\"3334 Limpeza da Praia Central nas proximidades da Avenida Central 1968 6 reuniao\" data-id=\"26204\" data-full-url=\"http:\/\/culturabc.com.br\/arquivo\/wp-content\/uploads\/2021\/07\/3334-Limpeza-da-Praia-Central-nas-proximidades-da-Avenida-Central-1968_6-reuniao.jpg\" data-link=\"http:\/\/culturabc.com.br\/arquivo\/3334-limpeza-da-praia-central-nas-proximidades-da-avenida-central-1968_6-reuniao\/\" class=\"wp-image-26204\" srcset=\"https:\/\/culturabc.com.br\/arquivo\/wp-content\/uploads\/2021\/07\/3334-Limpeza-da-Praia-Central-nas-proximidades-da-Avenida-Central-1968_6-reuniao.jpg 950w, https:\/\/culturabc.com.br\/arquivo\/wp-content\/uploads\/2021\/07\/3334-Limpeza-da-Praia-Central-nas-proximidades-da-Avenida-Central-1968_6-reuniao-300x180.jpg 300w, https:\/\/culturabc.com.br\/arquivo\/wp-content\/uploads\/2021\/07\/3334-Limpeza-da-Praia-Central-nas-proximidades-da-Avenida-Central-1968_6-reuniao-768x460.jpg 768w\" sizes=\"(max-width: 950px) 100vw, 950px\" \/><\/a><figcaption class=\"blocks-gallery-item__caption\">3334 Limpeza da Praia Central nas proximidades da Avenida Central 1968 6 reuniao<\/figcaption><\/figure><\/li><li class=\"blocks-gallery-item\"><figure><a href=\"http:\/\/culturabc.com.br\/arquivo\/wp-content\/uploads\/2021\/07\/3349-Desfile-de-7-de-Setembro-na-Rua-1500-No-palanque-Ricardo-Carlos-Alberto-decada-de-1960_6-reuniao.jpg\"><img loading=\"lazy\" decoding=\"async\" width=\"950\" height=\"592\" src=\"http:\/\/culturabc.com.br\/arquivo\/wp-content\/uploads\/2021\/07\/3349-Desfile-de-7-de-Setembro-na-Rua-1500-No-palanque-Ricardo-Carlos-Alberto-decada-de-1960_6-reuniao.jpg\" alt=\"3349 Desfile de 7 de Setembro na Rua 1500 No palanque Ricardo Carlos Alberto decada de 1960 6 reuniao\" data-id=\"26203\" data-full-url=\"http:\/\/culturabc.com.br\/arquivo\/wp-content\/uploads\/2021\/07\/3349-Desfile-de-7-de-Setembro-na-Rua-1500-No-palanque-Ricardo-Carlos-Alberto-decada-de-1960_6-reuniao.jpg\" data-link=\"http:\/\/culturabc.com.br\/arquivo\/3349-desfile-de-7-de-setembro-na-rua-1500-no-palanque-ricardo-carlos-alberto-decada-de-1960_6-reuniao\/\" class=\"wp-image-26203\" srcset=\"https:\/\/culturabc.com.br\/arquivo\/wp-content\/uploads\/2021\/07\/3349-Desfile-de-7-de-Setembro-na-Rua-1500-No-palanque-Ricardo-Carlos-Alberto-decada-de-1960_6-reuniao.jpg 950w, https:\/\/culturabc.com.br\/arquivo\/wp-content\/uploads\/2021\/07\/3349-Desfile-de-7-de-Setembro-na-Rua-1500-No-palanque-Ricardo-Carlos-Alberto-decada-de-1960_6-reuniao-300x187.jpg 300w, https:\/\/culturabc.com.br\/arquivo\/wp-content\/uploads\/2021\/07\/3349-Desfile-de-7-de-Setembro-na-Rua-1500-No-palanque-Ricardo-Carlos-Alberto-decada-de-1960_6-reuniao-768x479.jpg 768w\" sizes=\"(max-width: 950px) 100vw, 950px\" \/><\/a><figcaption class=\"blocks-gallery-item__caption\">3349 Desfile de 7 de Setembro na Rua 1500 No palanque Ricardo Carlos Alberto decada de 1960 6 reuniao<\/figcaption><\/figure><\/li><li class=\"blocks-gallery-item\"><figure><a href=\"http:\/\/culturabc.com.br\/arquivo\/wp-content\/uploads\/2021\/07\/3345-Obras-da-Avenida-Brasil-com-Avenida-Alvin-Bauer-decada-de-1960_6-reuniao.jpg\"><img loading=\"lazy\" decoding=\"async\" width=\"950\" height=\"553\" src=\"http:\/\/culturabc.com.br\/arquivo\/wp-content\/uploads\/2021\/07\/3345-Obras-da-Avenida-Brasil-com-Avenida-Alvin-Bauer-decada-de-1960_6-reuniao.jpg\" alt=\"3345 Obras da Avenida Brasil com Avenida Alvin Bauer decada de 1960 6 reuniao\" data-id=\"26202\" data-full-url=\"http:\/\/culturabc.com.br\/arquivo\/wp-content\/uploads\/2021\/07\/3345-Obras-da-Avenida-Brasil-com-Avenida-Alvin-Bauer-decada-de-1960_6-reuniao.jpg\" data-link=\"http:\/\/culturabc.com.br\/arquivo\/3345-obras-da-avenida-brasil-com-avenida-alvin-bauer-decada-de-1960_6-reuniao\/\" class=\"wp-image-26202\" srcset=\"https:\/\/culturabc.com.br\/arquivo\/wp-content\/uploads\/2021\/07\/3345-Obras-da-Avenida-Brasil-com-Avenida-Alvin-Bauer-decada-de-1960_6-reuniao.jpg 950w, https:\/\/culturabc.com.br\/arquivo\/wp-content\/uploads\/2021\/07\/3345-Obras-da-Avenida-Brasil-com-Avenida-Alvin-Bauer-decada-de-1960_6-reuniao-300x175.jpg 300w, https:\/\/culturabc.com.br\/arquivo\/wp-content\/uploads\/2021\/07\/3345-Obras-da-Avenida-Brasil-com-Avenida-Alvin-Bauer-decada-de-1960_6-reuniao-768x447.jpg 768w\" sizes=\"(max-width: 950px) 100vw, 950px\" \/><\/a><figcaption class=\"blocks-gallery-item__caption\">3345 Obras da Avenida Brasil com Avenida Alvin Bauer decada de 1960 6 reuniao<\/figcaption><\/figure><\/li><li class=\"blocks-gallery-item\"><figure><a href=\"http:\/\/culturabc.com.br\/arquivo\/wp-content\/uploads\/2021\/07\/3344-Secretario-de-Obras-Ricardo-Fuchs-acompanhando-as-obras-de-tubulacao-na-Rua-1400-decada-de-1960_6-reuniao.jpg\"><img loading=\"lazy\" decoding=\"async\" width=\"950\" height=\"534\" src=\"http:\/\/culturabc.com.br\/arquivo\/wp-content\/uploads\/2021\/07\/3344-Secretario-de-Obras-Ricardo-Fuchs-acompanhando-as-obras-de-tubulacao-na-Rua-1400-decada-de-1960_6-reuniao.jpg\" alt=\"3344 Secretario de Obras Ricardo Fuchs acompanhando as obras de tubulacao na Rua 1400 decada de 1960 6 reuniao\" data-id=\"26201\" data-full-url=\"http:\/\/culturabc.com.br\/arquivo\/wp-content\/uploads\/2021\/07\/3344-Secretario-de-Obras-Ricardo-Fuchs-acompanhando-as-obras-de-tubulacao-na-Rua-1400-decada-de-1960_6-reuniao.jpg\" data-link=\"http:\/\/culturabc.com.br\/arquivo\/3344-secretario-de-obras-ricardo-fuchs-acompanhando-as-obras-de-tubulacao-na-rua-1400-decada-de-1960_6-reuniao\/\" class=\"wp-image-26201\" srcset=\"https:\/\/culturabc.com.br\/arquivo\/wp-content\/uploads\/2021\/07\/3344-Secretario-de-Obras-Ricardo-Fuchs-acompanhando-as-obras-de-tubulacao-na-Rua-1400-decada-de-1960_6-reuniao.jpg 950w, https:\/\/culturabc.com.br\/arquivo\/wp-content\/uploads\/2021\/07\/3344-Secretario-de-Obras-Ricardo-Fuchs-acompanhando-as-obras-de-tubulacao-na-Rua-1400-decada-de-1960_6-reuniao-300x169.jpg 300w, https:\/\/culturabc.com.br\/arquivo\/wp-content\/uploads\/2021\/07\/3344-Secretario-de-Obras-Ricardo-Fuchs-acompanhando-as-obras-de-tubulacao-na-Rua-1400-decada-de-1960_6-reuniao-768x432.jpg 768w\" sizes=\"(max-width: 950px) 100vw, 950px\" \/><\/a><figcaption class=\"blocks-gallery-item__caption\">3344 Secretario de Obras Ricardo Fuchs acompanhando as obras de tubulacao na Rua 1400 decada de 1960 6 reuniao<\/figcaption><\/figure><\/li><li class=\"blocks-gallery-item\"><figure><a href=\"http:\/\/culturabc.com.br\/arquivo\/wp-content\/uploads\/2021\/07\/3342-Alargamento-de-boeiro-na-Avenida-Brasil-nas-proximidades-da-Rua-101-decada-de-1960_6-reuniao.jpg\"><img loading=\"lazy\" decoding=\"async\" width=\"950\" height=\"554\" src=\"http:\/\/culturabc.com.br\/arquivo\/wp-content\/uploads\/2021\/07\/3342-Alargamento-de-boeiro-na-Avenida-Brasil-nas-proximidades-da-Rua-101-decada-de-1960_6-reuniao.jpg\" alt=\"3342 Alargamento de boeiro na Avenida Brasil nas proximidades da Rua 101 decada de 1960 6 reuniao\" data-id=\"26200\" data-full-url=\"http:\/\/culturabc.com.br\/arquivo\/wp-content\/uploads\/2021\/07\/3342-Alargamento-de-boeiro-na-Avenida-Brasil-nas-proximidades-da-Rua-101-decada-de-1960_6-reuniao.jpg\" data-link=\"http:\/\/culturabc.com.br\/arquivo\/3342-alargamento-de-boeiro-na-avenida-brasil-nas-proximidades-da-rua-101-decada-de-1960_6-reuniao\/\" class=\"wp-image-26200\" srcset=\"https:\/\/culturabc.com.br\/arquivo\/wp-content\/uploads\/2021\/07\/3342-Alargamento-de-boeiro-na-Avenida-Brasil-nas-proximidades-da-Rua-101-decada-de-1960_6-reuniao.jpg 950w, https:\/\/culturabc.com.br\/arquivo\/wp-content\/uploads\/2021\/07\/3342-Alargamento-de-boeiro-na-Avenida-Brasil-nas-proximidades-da-Rua-101-decada-de-1960_6-reuniao-300x175.jpg 300w, https:\/\/culturabc.com.br\/arquivo\/wp-content\/uploads\/2021\/07\/3342-Alargamento-de-boeiro-na-Avenida-Brasil-nas-proximidades-da-Rua-101-decada-de-1960_6-reuniao-768x448.jpg 768w\" sizes=\"(max-width: 950px) 100vw, 950px\" \/><\/a><figcaption class=\"blocks-gallery-item__caption\">3342 Alargamento de boeiro na Avenida Brasil nas proximidades da Rua 101 decada de 1960 6 reuniao<\/figcaption><\/figure><\/li><li class=\"blocks-gallery-item\"><figure><a href=\"http:\/\/culturabc.com.br\/arquivo\/wp-content\/uploads\/2021\/07\/3341-Obras-de-tubulacao-na-Rua-1400-nas-proximidades-da-Igreja-Santa-Ines-decada-de-1960_6-reuniao.jpg\"><img loading=\"lazy\" decoding=\"async\" width=\"950\" height=\"569\" src=\"http:\/\/culturabc.com.br\/arquivo\/wp-content\/uploads\/2021\/07\/3341-Obras-de-tubulacao-na-Rua-1400-nas-proximidades-da-Igreja-Santa-Ines-decada-de-1960_6-reuniao.jpg\" alt=\"3341 Obras de tubulacao na Rua 1400 nas proximidades da Igreja Santa Ines decada de 1960 6 reuniao\" data-id=\"26199\" data-full-url=\"http:\/\/culturabc.com.br\/arquivo\/wp-content\/uploads\/2021\/07\/3341-Obras-de-tubulacao-na-Rua-1400-nas-proximidades-da-Igreja-Santa-Ines-decada-de-1960_6-reuniao.jpg\" data-link=\"http:\/\/culturabc.com.br\/arquivo\/3341-obras-de-tubulacao-na-rua-1400-nas-proximidades-da-igreja-santa-ines-decada-de-1960_6-reuniao\/\" class=\"wp-image-26199\" srcset=\"https:\/\/culturabc.com.br\/arquivo\/wp-content\/uploads\/2021\/07\/3341-Obras-de-tubulacao-na-Rua-1400-nas-proximidades-da-Igreja-Santa-Ines-decada-de-1960_6-reuniao.jpg 950w, https:\/\/culturabc.com.br\/arquivo\/wp-content\/uploads\/2021\/07\/3341-Obras-de-tubulacao-na-Rua-1400-nas-proximidades-da-Igreja-Santa-Ines-decada-de-1960_6-reuniao-300x180.jpg 300w, https:\/\/culturabc.com.br\/arquivo\/wp-content\/uploads\/2021\/07\/3341-Obras-de-tubulacao-na-Rua-1400-nas-proximidades-da-Igreja-Santa-Ines-decada-de-1960_6-reuniao-768x460.jpg 768w\" sizes=\"(max-width: 950px) 100vw, 950px\" \/><\/a><figcaption class=\"blocks-gallery-item__caption\">3341 Obras de tubulacao na Rua 1400 nas proximidades da Igreja Santa Ines decada de 1960 6 reuniao<\/figcaption><\/figure><\/li><li class=\"blocks-gallery-item\"><figure><a href=\"http:\/\/culturabc.com.br\/arquivo\/wp-content\/uploads\/2021\/07\/3355-Desfile-de-7-de-Setembro-Rua-1500-decada-de-1960_6-reuniao.jpg\"><img loading=\"lazy\" decoding=\"async\" width=\"950\" height=\"538\" src=\"http:\/\/culturabc.com.br\/arquivo\/wp-content\/uploads\/2021\/07\/3355-Desfile-de-7-de-Setembro-Rua-1500-decada-de-1960_6-reuniao.jpg\" alt=\"3355 Desfile de 7 de Setembro Rua 1500 decada de 1960 6 reuniao\" data-id=\"26198\" data-full-url=\"http:\/\/culturabc.com.br\/arquivo\/wp-content\/uploads\/2021\/07\/3355-Desfile-de-7-de-Setembro-Rua-1500-decada-de-1960_6-reuniao.jpg\" data-link=\"http:\/\/culturabc.com.br\/arquivo\/3355-desfile-de-7-de-setembro-rua-1500-decada-de-1960_6-reuniao\/\" class=\"wp-image-26198\" srcset=\"https:\/\/culturabc.com.br\/arquivo\/wp-content\/uploads\/2021\/07\/3355-Desfile-de-7-de-Setembro-Rua-1500-decada-de-1960_6-reuniao.jpg 950w, https:\/\/culturabc.com.br\/arquivo\/wp-content\/uploads\/2021\/07\/3355-Desfile-de-7-de-Setembro-Rua-1500-decada-de-1960_6-reuniao-300x170.jpg 300w, https:\/\/culturabc.com.br\/arquivo\/wp-content\/uploads\/2021\/07\/3355-Desfile-de-7-de-Setembro-Rua-1500-decada-de-1960_6-reuniao-768x435.jpg 768w\" sizes=\"(max-width: 950px) 100vw, 950px\" \/><\/a><figcaption class=\"blocks-gallery-item__caption\">3355 Desfile de 7 de Setembro Rua 1500 decada de 1960 6 reuniao<\/figcaption><\/figure><\/li><li class=\"blocks-gallery-item\"><figure><a href=\"http:\/\/culturabc.com.br\/arquivo\/wp-content\/uploads\/2021\/07\/3353-Aquiles-Ricardo-Alvaro-Antonio-Dr.-Erasmo-Juiz-Dr.-Joao-Jose-Dr.-Luis-decada-de-1960_6-reuniao.jpg\"><img loading=\"lazy\" decoding=\"async\" width=\"950\" height=\"576\" src=\"http:\/\/culturabc.com.br\/arquivo\/wp-content\/uploads\/2021\/07\/3353-Aquiles-Ricardo-Alvaro-Antonio-Dr.-Erasmo-Juiz-Dr.-Joao-Jose-Dr.-Luis-decada-de-1960_6-reuniao.jpg\" alt=\"3353 Aquiles Ricardo Alvaro Antonio Dr. Erasmo Juiz Dr. Joao Jose Dr. Luis decada de 1960 6 reuniao\" data-id=\"26197\" data-full-url=\"http:\/\/culturabc.com.br\/arquivo\/wp-content\/uploads\/2021\/07\/3353-Aquiles-Ricardo-Alvaro-Antonio-Dr.-Erasmo-Juiz-Dr.-Joao-Jose-Dr.-Luis-decada-de-1960_6-reuniao.jpg\" data-link=\"http:\/\/culturabc.com.br\/arquivo\/3353-aquiles-ricardo-alvaro-antonio-dr-erasmo-juiz-dr-joao-jose-dr-luis-decada-de-1960_6-reuniao\/\" class=\"wp-image-26197\" srcset=\"https:\/\/culturabc.com.br\/arquivo\/wp-content\/uploads\/2021\/07\/3353-Aquiles-Ricardo-Alvaro-Antonio-Dr.-Erasmo-Juiz-Dr.-Joao-Jose-Dr.-Luis-decada-de-1960_6-reuniao.jpg 950w, https:\/\/culturabc.com.br\/arquivo\/wp-content\/uploads\/2021\/07\/3353-Aquiles-Ricardo-Alvaro-Antonio-Dr.-Erasmo-Juiz-Dr.-Joao-Jose-Dr.-Luis-decada-de-1960_6-reuniao-300x182.jpg 300w, https:\/\/culturabc.com.br\/arquivo\/wp-content\/uploads\/2021\/07\/3353-Aquiles-Ricardo-Alvaro-Antonio-Dr.-Erasmo-Juiz-Dr.-Joao-Jose-Dr.-Luis-decada-de-1960_6-reuniao-768x466.jpg 768w\" sizes=\"(max-width: 950px) 100vw, 950px\" \/><\/a><figcaption class=\"blocks-gallery-item__caption\">3353 Aquiles Ricardo Alvaro Antonio Dr. Erasmo Juiz Dr. Joao Jose Dr. Luis decada de 1960 6 reuniao<\/figcaption><\/figure><\/li><li class=\"blocks-gallery-item\"><figure><a href=\"http:\/\/culturabc.com.br\/arquivo\/wp-content\/uploads\/2021\/07\/3352-Avenida-Brasil-com-a-Rua-1061-obras-de-alargamento-de-boeiro-decada-de-1960_6-reuniao.jpg\"><img loading=\"lazy\" decoding=\"async\" width=\"950\" height=\"567\" src=\"http:\/\/culturabc.com.br\/arquivo\/wp-content\/uploads\/2021\/07\/3352-Avenida-Brasil-com-a-Rua-1061-obras-de-alargamento-de-boeiro-decada-de-1960_6-reuniao.jpg\" alt=\"3352 Avenida Brasil com a Rua 1061 obras de alargamento de boeiro decada de 1960 6 reuniao\" data-id=\"26196\" data-full-url=\"http:\/\/culturabc.com.br\/arquivo\/wp-content\/uploads\/2021\/07\/3352-Avenida-Brasil-com-a-Rua-1061-obras-de-alargamento-de-boeiro-decada-de-1960_6-reuniao.jpg\" data-link=\"http:\/\/culturabc.com.br\/arquivo\/3352-avenida-brasil-com-a-rua-1061-obras-de-alargamento-de-boeiro-decada-de-1960_6-reuniao\/\" class=\"wp-image-26196\" srcset=\"https:\/\/culturabc.com.br\/arquivo\/wp-content\/uploads\/2021\/07\/3352-Avenida-Brasil-com-a-Rua-1061-obras-de-alargamento-de-boeiro-decada-de-1960_6-reuniao.jpg 950w, https:\/\/culturabc.com.br\/arquivo\/wp-content\/uploads\/2021\/07\/3352-Avenida-Brasil-com-a-Rua-1061-obras-de-alargamento-de-boeiro-decada-de-1960_6-reuniao-300x179.jpg 300w, https:\/\/culturabc.com.br\/arquivo\/wp-content\/uploads\/2021\/07\/3352-Avenida-Brasil-com-a-Rua-1061-obras-de-alargamento-de-boeiro-decada-de-1960_6-reuniao-768x458.jpg 768w\" sizes=\"(max-width: 950px) 100vw, 950px\" \/><\/a><figcaption class=\"blocks-gallery-item__caption\">3352 Avenida Brasil com a Rua 1061 obras de alargamento de boeiro decada de 1960 6 reuniao<\/figcaption><\/figure><\/li><li class=\"blocks-gallery-item\"><figure><a href=\"http:\/\/culturabc.com.br\/arquivo\/wp-content\/uploads\/2021\/07\/3351-Obras-na-Rua-1400-nas-proximidades-do-camelodromo-decada-de-1960_6-reuniao.jpg\"><img loading=\"lazy\" decoding=\"async\" width=\"950\" height=\"538\" src=\"http:\/\/culturabc.com.br\/arquivo\/wp-content\/uploads\/2021\/07\/3351-Obras-na-Rua-1400-nas-proximidades-do-camelodromo-decada-de-1960_6-reuniao.jpg\" alt=\"3351 Obras na Rua 1400 nas proximidades do camelodromo decada de 1960 6 reuniao\" data-id=\"26195\" data-full-url=\"http:\/\/culturabc.com.br\/arquivo\/wp-content\/uploads\/2021\/07\/3351-Obras-na-Rua-1400-nas-proximidades-do-camelodromo-decada-de-1960_6-reuniao.jpg\" data-link=\"http:\/\/culturabc.com.br\/arquivo\/3351-obras-na-rua-1400-nas-proximidades-do-camelodromo-decada-de-1960_6-reuniao\/\" class=\"wp-image-26195\" srcset=\"https:\/\/culturabc.com.br\/arquivo\/wp-content\/uploads\/2021\/07\/3351-Obras-na-Rua-1400-nas-proximidades-do-camelodromo-decada-de-1960_6-reuniao.jpg 950w, https:\/\/culturabc.com.br\/arquivo\/wp-content\/uploads\/2021\/07\/3351-Obras-na-Rua-1400-nas-proximidades-do-camelodromo-decada-de-1960_6-reuniao-300x170.jpg 300w, https:\/\/culturabc.com.br\/arquivo\/wp-content\/uploads\/2021\/07\/3351-Obras-na-Rua-1400-nas-proximidades-do-camelodromo-decada-de-1960_6-reuniao-768x435.jpg 768w\" sizes=\"(max-width: 950px) 100vw, 950px\" \/><\/a><figcaption class=\"blocks-gallery-item__caption\">3351 Obras na Rua 1400 nas proximidades do camelodromo decada de 1960 6 reuniao<\/figcaption><\/figure><\/li><li class=\"blocks-gallery-item\"><figure><a href=\"http:\/\/culturabc.com.br\/arquivo\/wp-content\/uploads\/2021\/07\/3368-Obras-no-Pontal-Norte-Avenida-Atlantica-decada-1990_6-reuniao.jpg\"><img loading=\"lazy\" decoding=\"async\" width=\"950\" height=\"666\" src=\"http:\/\/culturabc.com.br\/arquivo\/wp-content\/uploads\/2021\/07\/3368-Obras-no-Pontal-Norte-Avenida-Atlantica-decada-1990_6-reuniao.jpg\" alt=\"3368 Obras no Pontal Norte Avenida Atlantica decada 1990 6 reuniao\" data-id=\"26194\" data-full-url=\"http:\/\/culturabc.com.br\/arquivo\/wp-content\/uploads\/2021\/07\/3368-Obras-no-Pontal-Norte-Avenida-Atlantica-decada-1990_6-reuniao.jpg\" data-link=\"http:\/\/culturabc.com.br\/arquivo\/3368-obras-no-pontal-norte-avenida-atlantica-decada-1990_6-reuniao\/\" class=\"wp-image-26194\" srcset=\"https:\/\/culturabc.com.br\/arquivo\/wp-content\/uploads\/2021\/07\/3368-Obras-no-Pontal-Norte-Avenida-Atlantica-decada-1990_6-reuniao.jpg 950w, https:\/\/culturabc.com.br\/arquivo\/wp-content\/uploads\/2021\/07\/3368-Obras-no-Pontal-Norte-Avenida-Atlantica-decada-1990_6-reuniao-300x210.jpg 300w, https:\/\/culturabc.com.br\/arquivo\/wp-content\/uploads\/2021\/07\/3368-Obras-no-Pontal-Norte-Avenida-Atlantica-decada-1990_6-reuniao-768x538.jpg 768w\" sizes=\"(max-width: 950px) 100vw, 950px\" \/><\/a><figcaption class=\"blocks-gallery-item__caption\">3368 Obras no Pontal Norte Avenida Atlantica decada 1990 6 reuniao<\/figcaption><\/figure><\/li><li class=\"blocks-gallery-item\"><figure><a href=\"http:\/\/culturabc.com.br\/arquivo\/wp-content\/uploads\/2021\/07\/3171-Documento-datilografado-sobre-o-Jardim-Residencial-Panoramico-acompanhado-de-27-imagens-da-dec-6-reuniao.png\"><img loading=\"lazy\" decoding=\"async\" width=\"558\" height=\"740\" src=\"http:\/\/culturabc.com.br\/arquivo\/wp-content\/uploads\/2021\/07\/3171-Documento-datilografado-sobre-o-Jardim-Residencial-Panoramico-acompanhado-de-27-imagens-da-dec-6-reuniao.png\" alt=\"3171 Documento datilografado sobre o Jardim Residencial Panoramico acompanhado de 27 imagens da dec 6 reuniao\" data-id=\"26151\" data-full-url=\"http:\/\/culturabc.com.br\/arquivo\/wp-content\/uploads\/2021\/07\/3171-Documento-datilografado-sobre-o-Jardim-Residencial-Panoramico-acompanhado-de-27-imagens-da-dec-6-reuniao.png\" data-link=\"http:\/\/culturabc.com.br\/arquivo\/3171-documento-datilografado-sobre-o-jardim-residencial-panoramico-acompanhado-de-27-imagens-da-dec-6-reuniao\/\" class=\"wp-image-26151\" srcset=\"https:\/\/culturabc.com.br\/arquivo\/wp-content\/uploads\/2021\/07\/3171-Documento-datilografado-sobre-o-Jardim-Residencial-Panoramico-acompanhado-de-27-imagens-da-dec-6-reuniao.png 558w, https:\/\/culturabc.com.br\/arquivo\/wp-content\/uploads\/2021\/07\/3171-Documento-datilografado-sobre-o-Jardim-Residencial-Panoramico-acompanhado-de-27-imagens-da-dec-6-reuniao-226x300.png 226w\" sizes=\"(max-width: 558px) 100vw, 558px\" \/><\/a><figcaption class=\"blocks-gallery-item__caption\">3171 Documento datilografado sobre o Jardim Residencial Panoramico acompanhado de 27 imagens da dec 6 reuniao<\/figcaption><\/figure><\/li><\/ul><\/figure>\n","protected":false},"excerpt":{"rendered":"<p>6\u00aa reuni\u00e3o Data: 26 de setembro de 2018Local: Galeria Municipal de ArteColaboradores: Ademar Silva, \u00c1lvaro Silva, Ant\u00f4nio Jorge de Borba, Carlos Schlup, Erotides Campos e Fernando DelatorreFotografias identificadas: 53 imagens Fotografias identificadas<\/p>\n","protected":false},"author":1,"featured_media":0,"parent":0,"menu_order":0,"comment_status":"closed","ping_status":"closed","template":"","meta":{"footnotes":""},"class_list":["post-25759","page","type-page","status-publish","hentry"],"_links":{"self":[{"href":"https:\/\/culturabc.com.br\/arquivo\/wp-json\/wp\/v2\/pages\/25759","targetHints":{"allow":["GET"]}}],"collection":[{"href":"https:\/\/culturabc.com.br\/arquivo\/wp-json\/wp\/v2\/pages"}],"about":[{"href":"https:\/\/culturabc.com.br\/arquivo\/wp-json\/wp\/v2\/types\/page"}],"author":[{"embeddable":true,"href":"https:\/\/culturabc.com.br\/arquivo\/wp-json\/wp\/v2\/users\/1"}],"replies":[{"embeddable":true,"href":"https:\/\/culturabc.com.br\/arquivo\/wp-json\/wp\/v2\/comments?post=25759"}],"version-history":[{"count":4,"href":"https:\/\/culturabc.com.br\/arquivo\/wp-json\/wp\/v2\/pages\/25759\/revisions"}],"predecessor-version":[{"id":26525,"href":"https:\/\/culturabc.com.br\/arquivo\/wp-json\/wp\/v2\/pages\/25759\/revisions\/26525"}],"wp:attachment":[{"href":"https:\/\/culturabc.com.br\/arquivo\/wp-json\/wp\/v2\/media?parent=25759"}],"curies":[{"name":"wp","href":"https:\/\/api.w.org\/{rel}","templated":true}]}}