{"id":25760,"date":"2021-07-19T14:25:47","date_gmt":"2021-07-19T17:25:47","guid":{"rendered":"http:\/\/culturabc.com.br\/arquivo\/?page_id=25760"},"modified":"2021-07-20T12:38:15","modified_gmt":"2021-07-20T15:38:15","slug":"5a-reuniao","status":"publish","type":"page","link":"https:\/\/culturabc.com.br\/arquivo\/5a-reuniao\/","title":{"rendered":"5\u00aa Reuni\u00e3o"},"content":{"rendered":"\n<h2 class=\"wp-block-heading\"><strong>5\u00aa reuni\u00e3o<\/strong><\/h2>\n\n\n\n<p><strong>Data: 25 de julho de 2018<\/strong><br>Local: Arquivo Hist\u00f3rico de Balne\u00e1rio Cambori\u00fa<br>Colaboradores: Ademar Silva, \u00c1lvaro Silva, Ant\u00f4nio Jorge de Borba, Carlos Schlup, Erotides Campos, Fernando Delatorre e Luiz Carlos Chedid<br>Fotografias identificadas: 30 imagens<\/p>\n\n\n\n<h2 class=\"wp-block-heading\">Fotografias identificadas<\/h2>\n\n\n\n<figure class=\"wp-block-gallery columns-3 is-cropped wp-block-gallery-1 is-layout-flex wp-block-gallery-is-layout-flex\"><ul class=\"blocks-gallery-grid\"><li class=\"blocks-gallery-item\"><figure><a href=\"http:\/\/culturabc.com.br\/arquivo\/wp-content\/uploads\/2021\/07\/3115-Jaco-Aquiles-Noemia-Ana-Ricardo-Sergio-Silveira-Jr-Ligia-Amilton-no-Hotel-Icarai-decada-de-1970_5-reuniao.jpg\"><img fetchpriority=\"high\" decoding=\"async\" width=\"1024\" height=\"606\" src=\"http:\/\/culturabc.com.br\/arquivo\/wp-content\/uploads\/2021\/07\/3115-Jaco-Aquiles-Noemia-Ana-Ricardo-Sergio-Silveira-Jr-Ligia-Amilton-no-Hotel-Icarai-decada-de-1970_5-reuniao-1024x606.jpg\" alt=\"3115 Jaco Aquiles Noemia Ana Ricardo Sergio Silveira Jr Ligia Amilton no Hotel Icarai decada de 1970 5 reuniao\" data-id=\"26484\" data-full-url=\"http:\/\/culturabc.com.br\/arquivo\/wp-content\/uploads\/2021\/07\/3115-Jaco-Aquiles-Noemia-Ana-Ricardo-Sergio-Silveira-Jr-Ligia-Amilton-no-Hotel-Icarai-decada-de-1970_5-reuniao.jpg\" data-link=\"http:\/\/culturabc.com.br\/arquivo\/3115-jaco-aquiles-noemia-ana-ricardo-sergio-silveira-jr-ligia-amilton-no-hotel-icarai-decada-de-1970_5-reuniao\/\" class=\"wp-image-26484\" srcset=\"https:\/\/culturabc.com.br\/arquivo\/wp-content\/uploads\/2021\/07\/3115-Jaco-Aquiles-Noemia-Ana-Ricardo-Sergio-Silveira-Jr-Ligia-Amilton-no-Hotel-Icarai-decada-de-1970_5-reuniao-1024x606.jpg 1024w, https:\/\/culturabc.com.br\/arquivo\/wp-content\/uploads\/2021\/07\/3115-Jaco-Aquiles-Noemia-Ana-Ricardo-Sergio-Silveira-Jr-Ligia-Amilton-no-Hotel-Icarai-decada-de-1970_5-reuniao-300x178.jpg 300w, https:\/\/culturabc.com.br\/arquivo\/wp-content\/uploads\/2021\/07\/3115-Jaco-Aquiles-Noemia-Ana-Ricardo-Sergio-Silveira-Jr-Ligia-Amilton-no-Hotel-Icarai-decada-de-1970_5-reuniao-768x455.jpg 768w, https:\/\/culturabc.com.br\/arquivo\/wp-content\/uploads\/2021\/07\/3115-Jaco-Aquiles-Noemia-Ana-Ricardo-Sergio-Silveira-Jr-Ligia-Amilton-no-Hotel-Icarai-decada-de-1970_5-reuniao.jpg 1361w\" sizes=\"(max-width: 1024px) 100vw, 1024px\" \/><\/a><figcaption class=\"blocks-gallery-item__caption\">3115 Jaco Aquiles Noemia Ana Ricardo Sergio Silveira Jr Ligia Amilton no Hotel Icarai decada de 1970 5 reuniao<\/figcaption><\/figure><\/li><li class=\"blocks-gallery-item\"><figure><a href=\"http:\/\/culturabc.com.br\/arquivo\/wp-content\/uploads\/2021\/07\/3107-Foto-Praiano-funcionou-neste-endereco-de-1967-a-1970-onde-hoje-esta-localizado-o-Edificio-Aquarius-decada-de-1960_5-reuniao.jpg\"><img decoding=\"async\" width=\"1024\" height=\"626\" src=\"http:\/\/culturabc.com.br\/arquivo\/wp-content\/uploads\/2021\/07\/3107-Foto-Praiano-funcionou-neste-endereco-de-1967-a-1970-onde-hoje-esta-localizado-o-Edificio-Aquarius-decada-de-1960_5-reuniao-1024x626.jpg\" alt=\"3107 Foto Praiano funcionou neste endereco de 1967 a 1970 onde hoje esta localizado o Edificio Aquarius decada de 1960 5 reuniao\" data-id=\"26483\" data-full-url=\"http:\/\/culturabc.com.br\/arquivo\/wp-content\/uploads\/2021\/07\/3107-Foto-Praiano-funcionou-neste-endereco-de-1967-a-1970-onde-hoje-esta-localizado-o-Edificio-Aquarius-decada-de-1960_5-reuniao.jpg\" data-link=\"http:\/\/culturabc.com.br\/arquivo\/3107-foto-praiano-funcionou-neste-endereco-de-1967-a-1970-onde-hoje-esta-localizado-o-edificio-aquarius-decada-de-1960_5-reuniao\/\" class=\"wp-image-26483\" srcset=\"https:\/\/culturabc.com.br\/arquivo\/wp-content\/uploads\/2021\/07\/3107-Foto-Praiano-funcionou-neste-endereco-de-1967-a-1970-onde-hoje-esta-localizado-o-Edificio-Aquarius-decada-de-1960_5-reuniao-1024x626.jpg 1024w, https:\/\/culturabc.com.br\/arquivo\/wp-content\/uploads\/2021\/07\/3107-Foto-Praiano-funcionou-neste-endereco-de-1967-a-1970-onde-hoje-esta-localizado-o-Edificio-Aquarius-decada-de-1960_5-reuniao-300x183.jpg 300w, https:\/\/culturabc.com.br\/arquivo\/wp-content\/uploads\/2021\/07\/3107-Foto-Praiano-funcionou-neste-endereco-de-1967-a-1970-onde-hoje-esta-localizado-o-Edificio-Aquarius-decada-de-1960_5-reuniao-768x469.jpg 768w, https:\/\/culturabc.com.br\/arquivo\/wp-content\/uploads\/2021\/07\/3107-Foto-Praiano-funcionou-neste-endereco-de-1967-a-1970-onde-hoje-esta-localizado-o-Edificio-Aquarius-decada-de-1960_5-reuniao.jpg 1417w\" sizes=\"(max-width: 1024px) 100vw, 1024px\" \/><\/a><figcaption class=\"blocks-gallery-item__caption\">3107 Foto Praiano funcionou neste endereco de 1967 a 1970 onde hoje esta localizado o Edificio Aquarius decada de 1960 5 reuniao<\/figcaption><\/figure><\/li><li class=\"blocks-gallery-item\"><figure><a href=\"http:\/\/culturabc.com.br\/arquivo\/wp-content\/uploads\/2021\/07\/3100-Claudia-e-Cecilia-Dalcanale-ao-fundo-vista-da-Praia-Central-Estrada-Panoramica-hoje-Rodovia-Interpraias-decada-de-1970_5-reuniao.jpg\"><img decoding=\"async\" width=\"856\" height=\"559\" src=\"http:\/\/culturabc.com.br\/arquivo\/wp-content\/uploads\/2021\/07\/3100-Claudia-e-Cecilia-Dalcanale-ao-fundo-vista-da-Praia-Central-Estrada-Panoramica-hoje-Rodovia-Interpraias-decada-de-1970_5-reuniao.jpg\" alt=\"3100 Claudia e Cecilia Dalcanale ao fundo vista da Praia Central Estrada Panoramica hoje Rodovia Interpraias decada de 1970 5 reuniao\" data-id=\"26482\" data-full-url=\"http:\/\/culturabc.com.br\/arquivo\/wp-content\/uploads\/2021\/07\/3100-Claudia-e-Cecilia-Dalcanale-ao-fundo-vista-da-Praia-Central-Estrada-Panoramica-hoje-Rodovia-Interpraias-decada-de-1970_5-reuniao.jpg\" data-link=\"http:\/\/culturabc.com.br\/arquivo\/3100-claudia-e-cecilia-dalcanale-ao-fundo-vista-da-praia-central-estrada-panoramica-hoje-rodovia-interpraias-decada-de-1970_5-reuniao\/\" class=\"wp-image-26482\" srcset=\"https:\/\/culturabc.com.br\/arquivo\/wp-content\/uploads\/2021\/07\/3100-Claudia-e-Cecilia-Dalcanale-ao-fundo-vista-da-Praia-Central-Estrada-Panoramica-hoje-Rodovia-Interpraias-decada-de-1970_5-reuniao.jpg 856w, https:\/\/culturabc.com.br\/arquivo\/wp-content\/uploads\/2021\/07\/3100-Claudia-e-Cecilia-Dalcanale-ao-fundo-vista-da-Praia-Central-Estrada-Panoramica-hoje-Rodovia-Interpraias-decada-de-1970_5-reuniao-300x196.jpg 300w, https:\/\/culturabc.com.br\/arquivo\/wp-content\/uploads\/2021\/07\/3100-Claudia-e-Cecilia-Dalcanale-ao-fundo-vista-da-Praia-Central-Estrada-Panoramica-hoje-Rodovia-Interpraias-decada-de-1970_5-reuniao-768x502.jpg 768w\" sizes=\"(max-width: 856px) 100vw, 856px\" \/><\/a><figcaption class=\"blocks-gallery-item__caption\">3100 Claudia e Cecilia Dalcanale ao fundo vista da Praia Central Estrada Panoramica hoje Rodovia Interpraias decada de 1970 5 reuniao<\/figcaption><\/figure><\/li><li class=\"blocks-gallery-item\"><figure><a href=\"http:\/\/culturabc.com.br\/arquivo\/wp-content\/uploads\/2021\/07\/3099-Cinema-Drive-In-Auto-Cine-com-tela-de-22-metros-de-altura-construida-em-concreto-armado-equivalente-a-um-predio-de-7-andares-1973_5-reuniao.jpg\"><img loading=\"lazy\" decoding=\"async\" width=\"1024\" height=\"761\" src=\"http:\/\/culturabc.com.br\/arquivo\/wp-content\/uploads\/2021\/07\/3099-Cinema-Drive-In-Auto-Cine-com-tela-de-22-metros-de-altura-construida-em-concreto-armado-equivalente-a-um-predio-de-7-andares-1973_5-reuniao-1024x761.jpg\" alt=\"3099 Cinema Drive In Auto Cine com tela de 22 metros de altura construida em concreto armado equivalente a um predio de 7 andares 1973 5 reuniao\" data-id=\"26481\" data-full-url=\"http:\/\/culturabc.com.br\/arquivo\/wp-content\/uploads\/2021\/07\/3099-Cinema-Drive-In-Auto-Cine-com-tela-de-22-metros-de-altura-construida-em-concreto-armado-equivalente-a-um-predio-de-7-andares-1973_5-reuniao.jpg\" data-link=\"http:\/\/culturabc.com.br\/arquivo\/3099-cinema-drive-in-auto-cine-com-tela-de-22-metros-de-altura-construida-em-concreto-armado-equivalente-a-um-predio-de-7-andares-1973_5-reuniao\/\" class=\"wp-image-26481\" srcset=\"https:\/\/culturabc.com.br\/arquivo\/wp-content\/uploads\/2021\/07\/3099-Cinema-Drive-In-Auto-Cine-com-tela-de-22-metros-de-altura-construida-em-concreto-armado-equivalente-a-um-predio-de-7-andares-1973_5-reuniao-1024x761.jpg 1024w, https:\/\/culturabc.com.br\/arquivo\/wp-content\/uploads\/2021\/07\/3099-Cinema-Drive-In-Auto-Cine-com-tela-de-22-metros-de-altura-construida-em-concreto-armado-equivalente-a-um-predio-de-7-andares-1973_5-reuniao-300x223.jpg 300w, https:\/\/culturabc.com.br\/arquivo\/wp-content\/uploads\/2021\/07\/3099-Cinema-Drive-In-Auto-Cine-com-tela-de-22-metros-de-altura-construida-em-concreto-armado-equivalente-a-um-predio-de-7-andares-1973_5-reuniao-768x571.jpg 768w, https:\/\/culturabc.com.br\/arquivo\/wp-content\/uploads\/2021\/07\/3099-Cinema-Drive-In-Auto-Cine-com-tela-de-22-metros-de-altura-construida-em-concreto-armado-equivalente-a-um-predio-de-7-andares-1973_5-reuniao.jpg 1271w\" sizes=\"(max-width: 1024px) 100vw, 1024px\" \/><\/a><figcaption class=\"blocks-gallery-item__caption\">3099 Cinema Drive In Auto Cine com tela de 22 metros de altura construida em concreto armado equivalente a um predio de 7 andares 1973 5 reuniao<\/figcaption><\/figure><\/li><li class=\"blocks-gallery-item\"><figure><a href=\"http:\/\/culturabc.com.br\/arquivo\/wp-content\/uploads\/2021\/07\/3095-Carnaval-no-Iate-Clube-Nazira-BuatimTereza-Buatim-Najila-Buatim-Elisa-Buatim-e-Patricia-1959_5-reuniao.jpg\"><img loading=\"lazy\" decoding=\"async\" width=\"1024\" height=\"731\" src=\"http:\/\/culturabc.com.br\/arquivo\/wp-content\/uploads\/2021\/07\/3095-Carnaval-no-Iate-Clube-Nazira-BuatimTereza-Buatim-Najila-Buatim-Elisa-Buatim-e-Patricia-1959_5-reuniao-1024x731.jpg\" alt=\"3095 Carnaval no Iate Clube Nazira BuatimTereza Buatim Najila Buatim Elisa Buatim e Patricia 1959 5 reuniao\" data-id=\"26480\" data-full-url=\"http:\/\/culturabc.com.br\/arquivo\/wp-content\/uploads\/2021\/07\/3095-Carnaval-no-Iate-Clube-Nazira-BuatimTereza-Buatim-Najila-Buatim-Elisa-Buatim-e-Patricia-1959_5-reuniao.jpg\" data-link=\"http:\/\/culturabc.com.br\/arquivo\/3095-carnaval-no-iate-clube-nazira-buatimtereza-buatim-najila-buatim-elisa-buatim-e-patricia-1959_5-reuniao\/\" class=\"wp-image-26480\" srcset=\"https:\/\/culturabc.com.br\/arquivo\/wp-content\/uploads\/2021\/07\/3095-Carnaval-no-Iate-Clube-Nazira-BuatimTereza-Buatim-Najila-Buatim-Elisa-Buatim-e-Patricia-1959_5-reuniao-1024x731.jpg 1024w, https:\/\/culturabc.com.br\/arquivo\/wp-content\/uploads\/2021\/07\/3095-Carnaval-no-Iate-Clube-Nazira-BuatimTereza-Buatim-Najila-Buatim-Elisa-Buatim-e-Patricia-1959_5-reuniao-300x214.jpg 300w, https:\/\/culturabc.com.br\/arquivo\/wp-content\/uploads\/2021\/07\/3095-Carnaval-no-Iate-Clube-Nazira-BuatimTereza-Buatim-Najila-Buatim-Elisa-Buatim-e-Patricia-1959_5-reuniao-768x548.jpg 768w, https:\/\/culturabc.com.br\/arquivo\/wp-content\/uploads\/2021\/07\/3095-Carnaval-no-Iate-Clube-Nazira-BuatimTereza-Buatim-Najila-Buatim-Elisa-Buatim-e-Patricia-1959_5-reuniao.jpg 1087w\" sizes=\"(max-width: 1024px) 100vw, 1024px\" \/><\/a><figcaption class=\"blocks-gallery-item__caption\">3095 Carnaval no Iate Clube Nazira BuatimTereza Buatim Najila Buatim Elisa Buatim e Patricia 1959 5 reuniao<\/figcaption><\/figure><\/li><li class=\"blocks-gallery-item\"><figure><a href=\"http:\/\/culturabc.com.br\/arquivo\/wp-content\/uploads\/2021\/07\/3092-Carnaval-no-Iate-Clube-Nazira-Buatim-Najila-Buatim-Tufi-Buatim-Elisa-Buatim-e-Jorge-Chediak-1962_5-reuniao.jpg\"><img loading=\"lazy\" decoding=\"async\" width=\"1024\" height=\"561\" src=\"http:\/\/culturabc.com.br\/arquivo\/wp-content\/uploads\/2021\/07\/3092-Carnaval-no-Iate-Clube-Nazira-Buatim-Najila-Buatim-Tufi-Buatim-Elisa-Buatim-e-Jorge-Chediak-1962_5-reuniao-1024x561.jpg\" alt=\"3092 Carnaval no Iate Clube Nazira Buatim Najila Buatim Tufi Buatim Elisa Buatim e Jorge Chediak 1962 5 reuniao\" data-id=\"26479\" data-full-url=\"http:\/\/culturabc.com.br\/arquivo\/wp-content\/uploads\/2021\/07\/3092-Carnaval-no-Iate-Clube-Nazira-Buatim-Najila-Buatim-Tufi-Buatim-Elisa-Buatim-e-Jorge-Chediak-1962_5-reuniao.jpg\" data-link=\"http:\/\/culturabc.com.br\/arquivo\/3092-carnaval-no-iate-clube-nazira-buatim-najila-buatim-tufi-buatim-elisa-buatim-e-jorge-chediak-1962_5-reuniao\/\" class=\"wp-image-26479\" srcset=\"https:\/\/culturabc.com.br\/arquivo\/wp-content\/uploads\/2021\/07\/3092-Carnaval-no-Iate-Clube-Nazira-Buatim-Najila-Buatim-Tufi-Buatim-Elisa-Buatim-e-Jorge-Chediak-1962_5-reuniao-1024x561.jpg 1024w, https:\/\/culturabc.com.br\/arquivo\/wp-content\/uploads\/2021\/07\/3092-Carnaval-no-Iate-Clube-Nazira-Buatim-Najila-Buatim-Tufi-Buatim-Elisa-Buatim-e-Jorge-Chediak-1962_5-reuniao-300x164.jpg 300w, https:\/\/culturabc.com.br\/arquivo\/wp-content\/uploads\/2021\/07\/3092-Carnaval-no-Iate-Clube-Nazira-Buatim-Najila-Buatim-Tufi-Buatim-Elisa-Buatim-e-Jorge-Chediak-1962_5-reuniao-768x420.jpg 768w, https:\/\/culturabc.com.br\/arquivo\/wp-content\/uploads\/2021\/07\/3092-Carnaval-no-Iate-Clube-Nazira-Buatim-Najila-Buatim-Tufi-Buatim-Elisa-Buatim-e-Jorge-Chediak-1962_5-reuniao.jpg 1138w\" sizes=\"(max-width: 1024px) 100vw, 1024px\" \/><\/a><figcaption class=\"blocks-gallery-item__caption\">3092 Carnaval no Iate Clube Nazira Buatim Najila Buatim Tufi Buatim Elisa Buatim e Jorge Chediak 1962 5 reuniao<\/figcaption><\/figure><\/li><li class=\"blocks-gallery-item\"><figure><a href=\"http:\/\/culturabc.com.br\/arquivo\/wp-content\/uploads\/2021\/07\/2396-Ressaca-na-saida-da-Rua-51-onde-hoje-esta-localizada-a-Praca-Almirante-Tamandare-1952_5-reuniao.jpg\"><img loading=\"lazy\" decoding=\"async\" width=\"950\" height=\"556\" src=\"http:\/\/culturabc.com.br\/arquivo\/wp-content\/uploads\/2021\/07\/2396-Ressaca-na-saida-da-Rua-51-onde-hoje-esta-localizada-a-Praca-Almirante-Tamandare-1952_5-reuniao.jpg\" alt=\"2396 Ressaca na saida da Rua 51 onde hoje esta localizada a Praca Almirante Tamandare 1952 5 reuniao\" data-id=\"26240\" data-full-url=\"http:\/\/culturabc.com.br\/arquivo\/wp-content\/uploads\/2021\/07\/2396-Ressaca-na-saida-da-Rua-51-onde-hoje-esta-localizada-a-Praca-Almirante-Tamandare-1952_5-reuniao.jpg\" data-link=\"http:\/\/culturabc.com.br\/arquivo\/2396-ressaca-na-saida-da-rua-51-onde-hoje-esta-localizada-a-praca-almirante-tamandare-1952_5-reuniao\/\" class=\"wp-image-26240\" srcset=\"https:\/\/culturabc.com.br\/arquivo\/wp-content\/uploads\/2021\/07\/2396-Ressaca-na-saida-da-Rua-51-onde-hoje-esta-localizada-a-Praca-Almirante-Tamandare-1952_5-reuniao.jpg 950w, https:\/\/culturabc.com.br\/arquivo\/wp-content\/uploads\/2021\/07\/2396-Ressaca-na-saida-da-Rua-51-onde-hoje-esta-localizada-a-Praca-Almirante-Tamandare-1952_5-reuniao-300x176.jpg 300w, https:\/\/culturabc.com.br\/arquivo\/wp-content\/uploads\/2021\/07\/2396-Ressaca-na-saida-da-Rua-51-onde-hoje-esta-localizada-a-Praca-Almirante-Tamandare-1952_5-reuniao-768x449.jpg 768w\" sizes=\"(max-width: 950px) 100vw, 950px\" \/><\/a><figcaption class=\"blocks-gallery-item__caption\">2396 Ressaca na saida da Rua 51 onde hoje esta localizada a Praca Almirante Tamandare 1952 5 reuniao<\/figcaption><\/figure><\/li><li class=\"blocks-gallery-item\"><figure><a href=\"http:\/\/culturabc.com.br\/arquivo\/wp-content\/uploads\/2021\/07\/3089-Antigo-Canto-da-Praia-de-Camboriu-hoje-Pontal-Norte-decada-de-1940_5-reuniao.jpg\"><img loading=\"lazy\" decoding=\"async\" width=\"608\" height=\"1024\" src=\"http:\/\/culturabc.com.br\/arquivo\/wp-content\/uploads\/2021\/07\/3089-Antigo-Canto-da-Praia-de-Camboriu-hoje-Pontal-Norte-decada-de-1940_5-reuniao-608x1024.jpg\" alt=\"3089 Antigo Canto da Praia de Camboriu hoje Pontal Norte decada de 1940 5 reuniao\" data-id=\"26239\" data-full-url=\"http:\/\/culturabc.com.br\/arquivo\/wp-content\/uploads\/2021\/07\/3089-Antigo-Canto-da-Praia-de-Camboriu-hoje-Pontal-Norte-decada-de-1940_5-reuniao.jpg\" data-link=\"http:\/\/culturabc.com.br\/arquivo\/3089-antigo-canto-da-praia-de-camboriu-hoje-pontal-norte-decada-de-1940_5-reuniao\/\" class=\"wp-image-26239\" srcset=\"https:\/\/culturabc.com.br\/arquivo\/wp-content\/uploads\/2021\/07\/3089-Antigo-Canto-da-Praia-de-Camboriu-hoje-Pontal-Norte-decada-de-1940_5-reuniao-608x1024.jpg 608w, https:\/\/culturabc.com.br\/arquivo\/wp-content\/uploads\/2021\/07\/3089-Antigo-Canto-da-Praia-de-Camboriu-hoje-Pontal-Norte-decada-de-1940_5-reuniao-178x300.jpg 178w, https:\/\/culturabc.com.br\/arquivo\/wp-content\/uploads\/2021\/07\/3089-Antigo-Canto-da-Praia-de-Camboriu-hoje-Pontal-Norte-decada-de-1940_5-reuniao-768x1293.jpg 768w, https:\/\/culturabc.com.br\/arquivo\/wp-content\/uploads\/2021\/07\/3089-Antigo-Canto-da-Praia-de-Camboriu-hoje-Pontal-Norte-decada-de-1940_5-reuniao-913x1536.jpg 913w, https:\/\/culturabc.com.br\/arquivo\/wp-content\/uploads\/2021\/07\/3089-Antigo-Canto-da-Praia-de-Camboriu-hoje-Pontal-Norte-decada-de-1940_5-reuniao.jpg 950w\" sizes=\"(max-width: 608px) 100vw, 608px\" \/><\/a><figcaption class=\"blocks-gallery-item__caption\">3089 Antigo Canto da Praia de Camboriu hoje Pontal Norte decada de 1940 5 reuniao<\/figcaption><\/figure><\/li><li class=\"blocks-gallery-item\"><figure><a href=\"http:\/\/culturabc.com.br\/arquivo\/wp-content\/uploads\/2021\/07\/3088-Prainha-Pontal-Norte-decada-de-1940_5-reuniao.jpg\"><img loading=\"lazy\" decoding=\"async\" width=\"950\" height=\"633\" src=\"http:\/\/culturabc.com.br\/arquivo\/wp-content\/uploads\/2021\/07\/3088-Prainha-Pontal-Norte-decada-de-1940_5-reuniao.jpg\" alt=\"3088 Prainha Pontal Norte decada de 1940 5 reuniao\" data-id=\"26238\" data-full-url=\"http:\/\/culturabc.com.br\/arquivo\/wp-content\/uploads\/2021\/07\/3088-Prainha-Pontal-Norte-decada-de-1940_5-reuniao.jpg\" data-link=\"http:\/\/culturabc.com.br\/arquivo\/3088-prainha-pontal-norte-decada-de-1940_5-reuniao\/\" class=\"wp-image-26238\" srcset=\"https:\/\/culturabc.com.br\/arquivo\/wp-content\/uploads\/2021\/07\/3088-Prainha-Pontal-Norte-decada-de-1940_5-reuniao.jpg 950w, https:\/\/culturabc.com.br\/arquivo\/wp-content\/uploads\/2021\/07\/3088-Prainha-Pontal-Norte-decada-de-1940_5-reuniao-300x200.jpg 300w, https:\/\/culturabc.com.br\/arquivo\/wp-content\/uploads\/2021\/07\/3088-Prainha-Pontal-Norte-decada-de-1940_5-reuniao-768x512.jpg 768w\" sizes=\"(max-width: 950px) 100vw, 950px\" \/><\/a><figcaption class=\"blocks-gallery-item__caption\">3088 Prainha Pontal Norte decada de 1940 5 reuniao<\/figcaption><\/figure><\/li><li class=\"blocks-gallery-item\"><figure><a href=\"http:\/\/culturabc.com.br\/arquivo\/wp-content\/uploads\/2021\/07\/3087-Praia-de-Camboriu-decada-de-1930_5-reuniao.jpg\"><img loading=\"lazy\" decoding=\"async\" width=\"950\" height=\"572\" src=\"http:\/\/culturabc.com.br\/arquivo\/wp-content\/uploads\/2021\/07\/3087-Praia-de-Camboriu-decada-de-1930_5-reuniao.jpg\" alt=\"3087 Praia de Camboriu decada de 1930 5 reuniao\" data-id=\"26237\" data-full-url=\"http:\/\/culturabc.com.br\/arquivo\/wp-content\/uploads\/2021\/07\/3087-Praia-de-Camboriu-decada-de-1930_5-reuniao.jpg\" data-link=\"http:\/\/culturabc.com.br\/arquivo\/3087-praia-de-camboriu-decada-de-1930_5-reuniao\/\" class=\"wp-image-26237\" srcset=\"https:\/\/culturabc.com.br\/arquivo\/wp-content\/uploads\/2021\/07\/3087-Praia-de-Camboriu-decada-de-1930_5-reuniao.jpg 950w, https:\/\/culturabc.com.br\/arquivo\/wp-content\/uploads\/2021\/07\/3087-Praia-de-Camboriu-decada-de-1930_5-reuniao-300x181.jpg 300w, https:\/\/culturabc.com.br\/arquivo\/wp-content\/uploads\/2021\/07\/3087-Praia-de-Camboriu-decada-de-1930_5-reuniao-768x462.jpg 768w\" sizes=\"(max-width: 950px) 100vw, 950px\" \/><\/a><figcaption class=\"blocks-gallery-item__caption\">3087 Praia de Camboriu decada de 1930 5 reuniao<\/figcaption><\/figure><\/li><li class=\"blocks-gallery-item\"><figure><a href=\"http:\/\/culturabc.com.br\/arquivo\/wp-content\/uploads\/2021\/07\/3086-Casa-de-Pescadores-na-Praia-de-Camboriu-decada-de-1930_5-reuniao.jpg\"><img loading=\"lazy\" decoding=\"async\" width=\"950\" height=\"629\" src=\"http:\/\/culturabc.com.br\/arquivo\/wp-content\/uploads\/2021\/07\/3086-Casa-de-Pescadores-na-Praia-de-Camboriu-decada-de-1930_5-reuniao.jpg\" alt=\"3086 Casa de Pescadores na Praia de Camboriu decada de 1930 5 reuniao\" data-id=\"26236\" data-full-url=\"http:\/\/culturabc.com.br\/arquivo\/wp-content\/uploads\/2021\/07\/3086-Casa-de-Pescadores-na-Praia-de-Camboriu-decada-de-1930_5-reuniao.jpg\" data-link=\"http:\/\/culturabc.com.br\/arquivo\/3086-casa-de-pescadores-na-praia-de-camboriu-decada-de-1930_5-reuniao\/\" class=\"wp-image-26236\" srcset=\"https:\/\/culturabc.com.br\/arquivo\/wp-content\/uploads\/2021\/07\/3086-Casa-de-Pescadores-na-Praia-de-Camboriu-decada-de-1930_5-reuniao.jpg 950w, https:\/\/culturabc.com.br\/arquivo\/wp-content\/uploads\/2021\/07\/3086-Casa-de-Pescadores-na-Praia-de-Camboriu-decada-de-1930_5-reuniao-300x199.jpg 300w, https:\/\/culturabc.com.br\/arquivo\/wp-content\/uploads\/2021\/07\/3086-Casa-de-Pescadores-na-Praia-de-Camboriu-decada-de-1930_5-reuniao-768x508.jpg 768w\" sizes=\"(max-width: 950px) 100vw, 950px\" \/><\/a><figcaption class=\"blocks-gallery-item__caption\">3086 Casa de Pescadores na Praia de Camboriu decada de 1930 5 reuniao<\/figcaption><\/figure><\/li><li class=\"blocks-gallery-item\"><figure><a href=\"http:\/\/culturabc.com.br\/arquivo\/wp-content\/uploads\/2021\/07\/3097-Casa-do-Paulo-Willerich-construida-em-1950-Rua-1.500-no-110-decada-de-1950_5-reuniao.jpg\"><img loading=\"lazy\" decoding=\"async\" width=\"950\" height=\"620\" src=\"http:\/\/culturabc.com.br\/arquivo\/wp-content\/uploads\/2021\/07\/3097-Casa-do-Paulo-Willerich-construida-em-1950-Rua-1.500-no-110-decada-de-1950_5-reuniao.jpg\" alt=\"3097 Casa do Paulo Willerich construida em 1950 Rua 1.500 no 110 decada de 1950 5 reuniao\" data-id=\"26235\" data-full-url=\"http:\/\/culturabc.com.br\/arquivo\/wp-content\/uploads\/2021\/07\/3097-Casa-do-Paulo-Willerich-construida-em-1950-Rua-1.500-no-110-decada-de-1950_5-reuniao.jpg\" data-link=\"http:\/\/culturabc.com.br\/arquivo\/3097-casa-do-paulo-willerich-construida-em-1950-rua-1-500-no-110-decada-de-1950_5-reuniao\/\" class=\"wp-image-26235\" srcset=\"https:\/\/culturabc.com.br\/arquivo\/wp-content\/uploads\/2021\/07\/3097-Casa-do-Paulo-Willerich-construida-em-1950-Rua-1.500-no-110-decada-de-1950_5-reuniao.jpg 950w, https:\/\/culturabc.com.br\/arquivo\/wp-content\/uploads\/2021\/07\/3097-Casa-do-Paulo-Willerich-construida-em-1950-Rua-1.500-no-110-decada-de-1950_5-reuniao-300x196.jpg 300w, https:\/\/culturabc.com.br\/arquivo\/wp-content\/uploads\/2021\/07\/3097-Casa-do-Paulo-Willerich-construida-em-1950-Rua-1.500-no-110-decada-de-1950_5-reuniao-768x501.jpg 768w\" sizes=\"(max-width: 950px) 100vw, 950px\" \/><\/a><figcaption class=\"blocks-gallery-item__caption\">3097 Casa do Paulo Willerich construida em 1950 Rua 1.500 no 110 decada de 1950 5 reuniao<\/figcaption><\/figure><\/li><li class=\"blocks-gallery-item\"><figure><a href=\"http:\/\/culturabc.com.br\/arquivo\/wp-content\/uploads\/2021\/07\/3096-Casa-de-Alberto-Dalcanale-Av.-Atlantica-esquina-com-a-Rua-1900-decada-de-1970_5-reuniao.jpg\"><img loading=\"lazy\" decoding=\"async\" width=\"950\" height=\"778\" src=\"http:\/\/culturabc.com.br\/arquivo\/wp-content\/uploads\/2021\/07\/3096-Casa-de-Alberto-Dalcanale-Av.-Atlantica-esquina-com-a-Rua-1900-decada-de-1970_5-reuniao.jpg\" alt=\"3096 Casa de Alberto Dalcanale Av. Atlantica esquina com a Rua 1900 decada de 1970 5 reuniao\" data-id=\"26234\" data-full-url=\"http:\/\/culturabc.com.br\/arquivo\/wp-content\/uploads\/2021\/07\/3096-Casa-de-Alberto-Dalcanale-Av.-Atlantica-esquina-com-a-Rua-1900-decada-de-1970_5-reuniao.jpg\" data-link=\"http:\/\/culturabc.com.br\/arquivo\/3096-casa-de-alberto-dalcanale-av-atlantica-esquina-com-a-rua-1900-decada-de-1970_5-reuniao\/\" class=\"wp-image-26234\" srcset=\"https:\/\/culturabc.com.br\/arquivo\/wp-content\/uploads\/2021\/07\/3096-Casa-de-Alberto-Dalcanale-Av.-Atlantica-esquina-com-a-Rua-1900-decada-de-1970_5-reuniao.jpg 950w, https:\/\/culturabc.com.br\/arquivo\/wp-content\/uploads\/2021\/07\/3096-Casa-de-Alberto-Dalcanale-Av.-Atlantica-esquina-com-a-Rua-1900-decada-de-1970_5-reuniao-300x246.jpg 300w, https:\/\/culturabc.com.br\/arquivo\/wp-content\/uploads\/2021\/07\/3096-Casa-de-Alberto-Dalcanale-Av.-Atlantica-esquina-com-a-Rua-1900-decada-de-1970_5-reuniao-768x629.jpg 768w\" sizes=\"(max-width: 950px) 100vw, 950px\" \/><\/a><figcaption class=\"blocks-gallery-item__caption\">3096 Casa de Alberto Dalcanale Av. Atlantica esquina com a Rua 1900 decada de 1970 5 reuniao<\/figcaption><\/figure><\/li><li class=\"blocks-gallery-item\"><figure><a href=\"http:\/\/culturabc.com.br\/arquivo\/wp-content\/uploads\/2021\/07\/3093-Carnaval-no-Iate-Clube-Nazira-BuatimTereza-Buatim-Najila-Buatim-Elisa-Buatim-1959_5-reuniao.jpg\"><img loading=\"lazy\" decoding=\"async\" width=\"950\" height=\"685\" src=\"http:\/\/culturabc.com.br\/arquivo\/wp-content\/uploads\/2021\/07\/3093-Carnaval-no-Iate-Clube-Nazira-BuatimTereza-Buatim-Najila-Buatim-Elisa-Buatim-1959_5-reuniao.jpg\" alt=\"3093 Carnaval no Iate Clube Nazira BuatimTereza Buatim Najila Buatim Elisa Buatim 1959 5 reuniao\" data-id=\"26233\" data-full-url=\"http:\/\/culturabc.com.br\/arquivo\/wp-content\/uploads\/2021\/07\/3093-Carnaval-no-Iate-Clube-Nazira-BuatimTereza-Buatim-Najila-Buatim-Elisa-Buatim-1959_5-reuniao.jpg\" data-link=\"http:\/\/culturabc.com.br\/arquivo\/3093-carnaval-no-iate-clube-nazira-buatimtereza-buatim-najila-buatim-elisa-buatim-1959_5-reuniao\/\" class=\"wp-image-26233\" srcset=\"https:\/\/culturabc.com.br\/arquivo\/wp-content\/uploads\/2021\/07\/3093-Carnaval-no-Iate-Clube-Nazira-BuatimTereza-Buatim-Najila-Buatim-Elisa-Buatim-1959_5-reuniao.jpg 950w, https:\/\/culturabc.com.br\/arquivo\/wp-content\/uploads\/2021\/07\/3093-Carnaval-no-Iate-Clube-Nazira-BuatimTereza-Buatim-Najila-Buatim-Elisa-Buatim-1959_5-reuniao-300x216.jpg 300w, https:\/\/culturabc.com.br\/arquivo\/wp-content\/uploads\/2021\/07\/3093-Carnaval-no-Iate-Clube-Nazira-BuatimTereza-Buatim-Najila-Buatim-Elisa-Buatim-1959_5-reuniao-768x554.jpg 768w\" sizes=\"(max-width: 950px) 100vw, 950px\" \/><\/a><figcaption class=\"blocks-gallery-item__caption\">3093 Carnaval no Iate Clube Nazira BuatimTereza Buatim Najila Buatim Elisa Buatim 1959 5 reuniao<\/figcaption><\/figure><\/li><li class=\"blocks-gallery-item\"><figure><a href=\"http:\/\/culturabc.com.br\/arquivo\/wp-content\/uploads\/2021\/07\/3091-Vista-aerea-da-Praia-Central-Ilha-das-Cabras-e-Bairro-das-Nacoes-decada-de-1960_5-reuniao.jpg\"><img loading=\"lazy\" decoding=\"async\" width=\"950\" height=\"703\" src=\"http:\/\/culturabc.com.br\/arquivo\/wp-content\/uploads\/2021\/07\/3091-Vista-aerea-da-Praia-Central-Ilha-das-Cabras-e-Bairro-das-Nacoes-decada-de-1960_5-reuniao.jpg\" alt=\"3091 Vista aerea da Praia Central Ilha das Cabras e Bairro das Nacoes decada de 1960 5 reuniao\" data-id=\"26232\" data-full-url=\"http:\/\/culturabc.com.br\/arquivo\/wp-content\/uploads\/2021\/07\/3091-Vista-aerea-da-Praia-Central-Ilha-das-Cabras-e-Bairro-das-Nacoes-decada-de-1960_5-reuniao.jpg\" data-link=\"http:\/\/culturabc.com.br\/arquivo\/3091-vista-aerea-da-praia-central-ilha-das-cabras-e-bairro-das-nacoes-decada-de-1960_5-reuniao\/\" class=\"wp-image-26232\" srcset=\"https:\/\/culturabc.com.br\/arquivo\/wp-content\/uploads\/2021\/07\/3091-Vista-aerea-da-Praia-Central-Ilha-das-Cabras-e-Bairro-das-Nacoes-decada-de-1960_5-reuniao.jpg 950w, https:\/\/culturabc.com.br\/arquivo\/wp-content\/uploads\/2021\/07\/3091-Vista-aerea-da-Praia-Central-Ilha-das-Cabras-e-Bairro-das-Nacoes-decada-de-1960_5-reuniao-300x222.jpg 300w, https:\/\/culturabc.com.br\/arquivo\/wp-content\/uploads\/2021\/07\/3091-Vista-aerea-da-Praia-Central-Ilha-das-Cabras-e-Bairro-das-Nacoes-decada-de-1960_5-reuniao-768x568.jpg 768w\" sizes=\"(max-width: 950px) 100vw, 950px\" \/><\/a><figcaption class=\"blocks-gallery-item__caption\">3091 Vista aerea da Praia Central Ilha das Cabras e Bairro das Nacoes decada de 1960 5 reuniao<\/figcaption><\/figure><\/li><li class=\"blocks-gallery-item\"><figure><a href=\"http:\/\/culturabc.com.br\/arquivo\/wp-content\/uploads\/2021\/07\/3108-Praia-do-Estaleiro-decada-de-1970_5-reuniao.jpg\"><img loading=\"lazy\" decoding=\"async\" width=\"950\" height=\"725\" src=\"http:\/\/culturabc.com.br\/arquivo\/wp-content\/uploads\/2021\/07\/3108-Praia-do-Estaleiro-decada-de-1970_5-reuniao.jpg\" alt=\"3108 Praia do Estaleiro decada de 1970 5 reuniao\" data-id=\"26231\" data-full-url=\"http:\/\/culturabc.com.br\/arquivo\/wp-content\/uploads\/2021\/07\/3108-Praia-do-Estaleiro-decada-de-1970_5-reuniao.jpg\" data-link=\"http:\/\/culturabc.com.br\/arquivo\/3108-praia-do-estaleiro-decada-de-1970_5-reuniao\/\" class=\"wp-image-26231\" srcset=\"https:\/\/culturabc.com.br\/arquivo\/wp-content\/uploads\/2021\/07\/3108-Praia-do-Estaleiro-decada-de-1970_5-reuniao.jpg 950w, https:\/\/culturabc.com.br\/arquivo\/wp-content\/uploads\/2021\/07\/3108-Praia-do-Estaleiro-decada-de-1970_5-reuniao-300x229.jpg 300w, https:\/\/culturabc.com.br\/arquivo\/wp-content\/uploads\/2021\/07\/3108-Praia-do-Estaleiro-decada-de-1970_5-reuniao-768x586.jpg 768w\" sizes=\"(max-width: 950px) 100vw, 950px\" \/><\/a><figcaption class=\"blocks-gallery-item__caption\">3108 Praia do Estaleiro decada de 1970 5 reuniao<\/figcaption><\/figure><\/li><li class=\"blocks-gallery-item\"><figure><a href=\"http:\/\/culturabc.com.br\/arquivo\/wp-content\/uploads\/2021\/07\/3105-Felipe-Euflorzino-e-Maria-em-sua-propriedade-em-Taquaras-1976_5-reuniao.jpg\"><img loading=\"lazy\" decoding=\"async\" width=\"950\" height=\"640\" src=\"http:\/\/culturabc.com.br\/arquivo\/wp-content\/uploads\/2021\/07\/3105-Felipe-Euflorzino-e-Maria-em-sua-propriedade-em-Taquaras-1976_5-reuniao.jpg\" alt=\"3105 Felipe Euflorzino e Maria em sua propriedade em Taquaras 1976 5 reuniao\" data-id=\"26229\" data-full-url=\"http:\/\/culturabc.com.br\/arquivo\/wp-content\/uploads\/2021\/07\/3105-Felipe-Euflorzino-e-Maria-em-sua-propriedade-em-Taquaras-1976_5-reuniao.jpg\" data-link=\"http:\/\/culturabc.com.br\/arquivo\/3105-felipe-euflorzino-e-maria-em-sua-propriedade-em-taquaras-1976_5-reuniao\/\" class=\"wp-image-26229\" srcset=\"https:\/\/culturabc.com.br\/arquivo\/wp-content\/uploads\/2021\/07\/3105-Felipe-Euflorzino-e-Maria-em-sua-propriedade-em-Taquaras-1976_5-reuniao.jpg 950w, https:\/\/culturabc.com.br\/arquivo\/wp-content\/uploads\/2021\/07\/3105-Felipe-Euflorzino-e-Maria-em-sua-propriedade-em-Taquaras-1976_5-reuniao-300x202.jpg 300w, https:\/\/culturabc.com.br\/arquivo\/wp-content\/uploads\/2021\/07\/3105-Felipe-Euflorzino-e-Maria-em-sua-propriedade-em-Taquaras-1976_5-reuniao-768x517.jpg 768w\" sizes=\"(max-width: 950px) 100vw, 950px\" \/><\/a><figcaption class=\"blocks-gallery-item__caption\">3105 Felipe Euflorzino e Maria em sua propriedade em Taquaras 1976 5 reuniao<\/figcaption><\/figure><\/li><li class=\"blocks-gallery-item\"><figure><a href=\"http:\/\/culturabc.com.br\/arquivo\/wp-content\/uploads\/2021\/07\/3106-Vista-parcial-da-Praia-Central-uma-das-criancas-no-barco-e-Mauri-Bittencourt-decada-de-1960_5-reuniao.jpg\"><img loading=\"lazy\" decoding=\"async\" width=\"950\" height=\"647\" src=\"http:\/\/culturabc.com.br\/arquivo\/wp-content\/uploads\/2021\/07\/3106-Vista-parcial-da-Praia-Central-uma-das-criancas-no-barco-e-Mauri-Bittencourt-decada-de-1960_5-reuniao.jpg\" alt=\"3106 Vista parcial da Praia Central uma das criancas no barco e Mauri Bittencourt decada de 1960 5 reuniao\" data-id=\"26230\" data-full-url=\"http:\/\/culturabc.com.br\/arquivo\/wp-content\/uploads\/2021\/07\/3106-Vista-parcial-da-Praia-Central-uma-das-criancas-no-barco-e-Mauri-Bittencourt-decada-de-1960_5-reuniao.jpg\" data-link=\"http:\/\/culturabc.com.br\/arquivo\/3106-vista-parcial-da-praia-central-uma-das-criancas-no-barco-e-mauri-bittencourt-decada-de-1960_5-reuniao\/\" class=\"wp-image-26230\" srcset=\"https:\/\/culturabc.com.br\/arquivo\/wp-content\/uploads\/2021\/07\/3106-Vista-parcial-da-Praia-Central-uma-das-criancas-no-barco-e-Mauri-Bittencourt-decada-de-1960_5-reuniao.jpg 950w, https:\/\/culturabc.com.br\/arquivo\/wp-content\/uploads\/2021\/07\/3106-Vista-parcial-da-Praia-Central-uma-das-criancas-no-barco-e-Mauri-Bittencourt-decada-de-1960_5-reuniao-300x204.jpg 300w, https:\/\/culturabc.com.br\/arquivo\/wp-content\/uploads\/2021\/07\/3106-Vista-parcial-da-Praia-Central-uma-das-criancas-no-barco-e-Mauri-Bittencourt-decada-de-1960_5-reuniao-768x523.jpg 768w\" sizes=\"(max-width: 950px) 100vw, 950px\" \/><\/a><figcaption class=\"blocks-gallery-item__caption\">3106 Vista parcial da Praia Central uma das criancas no barco e Mauri Bittencourt decada de 1960 5 reuniao<\/figcaption><\/figure><\/li><li class=\"blocks-gallery-item\"><figure><a href=\"http:\/\/culturabc.com.br\/arquivo\/wp-content\/uploads\/2021\/07\/3102-Escola-do-Estaleiro-Professora-Lenidia-Venceslau-Dona-Lila-abril-de-1967_5-reuniao.jpg\"><img loading=\"lazy\" decoding=\"async\" width=\"950\" height=\"695\" src=\"http:\/\/culturabc.com.br\/arquivo\/wp-content\/uploads\/2021\/07\/3102-Escola-do-Estaleiro-Professora-Lenidia-Venceslau-Dona-Lila-abril-de-1967_5-reuniao.jpg\" alt=\"3102 Escola do Estaleiro Professora Lenidia Venceslau Dona Lila abril de 1967 5 reuniao\" data-id=\"26228\" data-full-url=\"http:\/\/culturabc.com.br\/arquivo\/wp-content\/uploads\/2021\/07\/3102-Escola-do-Estaleiro-Professora-Lenidia-Venceslau-Dona-Lila-abril-de-1967_5-reuniao.jpg\" data-link=\"http:\/\/culturabc.com.br\/arquivo\/3102-escola-do-estaleiro-professora-lenidia-venceslau-dona-lila-abril-de-1967_5-reuniao\/\" class=\"wp-image-26228\" srcset=\"https:\/\/culturabc.com.br\/arquivo\/wp-content\/uploads\/2021\/07\/3102-Escola-do-Estaleiro-Professora-Lenidia-Venceslau-Dona-Lila-abril-de-1967_5-reuniao.jpg 950w, https:\/\/culturabc.com.br\/arquivo\/wp-content\/uploads\/2021\/07\/3102-Escola-do-Estaleiro-Professora-Lenidia-Venceslau-Dona-Lila-abril-de-1967_5-reuniao-300x219.jpg 300w, https:\/\/culturabc.com.br\/arquivo\/wp-content\/uploads\/2021\/07\/3102-Escola-do-Estaleiro-Professora-Lenidia-Venceslau-Dona-Lila-abril-de-1967_5-reuniao-768x562.jpg 768w\" sizes=\"(max-width: 950px) 100vw, 950px\" \/><\/a><figcaption class=\"blocks-gallery-item__caption\">3102 Escola do Estaleiro Professora Lenidia Venceslau Dona Lila abril de 1967 5 reuniao<\/figcaption><\/figure><\/li><li class=\"blocks-gallery-item\"><figure><a href=\"http:\/\/culturabc.com.br\/arquivo\/wp-content\/uploads\/2021\/07\/3098-Casa-de-Erico-Schaefer-Avenida-Atlantica-com-a-Avenida-Central-agosto-de-1948_5-reuniao.jpg\"><img loading=\"lazy\" decoding=\"async\" width=\"950\" height=\"635\" src=\"http:\/\/culturabc.com.br\/arquivo\/wp-content\/uploads\/2021\/07\/3098-Casa-de-Erico-Schaefer-Avenida-Atlantica-com-a-Avenida-Central-agosto-de-1948_5-reuniao.jpg\" alt=\"3098 Casa de Erico Schaefer Avenida Atlantica com a Avenida Central agosto de 1948 5 reuniao\" data-id=\"26227\" data-full-url=\"http:\/\/culturabc.com.br\/arquivo\/wp-content\/uploads\/2021\/07\/3098-Casa-de-Erico-Schaefer-Avenida-Atlantica-com-a-Avenida-Central-agosto-de-1948_5-reuniao.jpg\" data-link=\"http:\/\/culturabc.com.br\/arquivo\/3098-casa-de-erico-schaefer-avenida-atlantica-com-a-avenida-central-agosto-de-1948_5-reuniao\/\" class=\"wp-image-26227\" srcset=\"https:\/\/culturabc.com.br\/arquivo\/wp-content\/uploads\/2021\/07\/3098-Casa-de-Erico-Schaefer-Avenida-Atlantica-com-a-Avenida-Central-agosto-de-1948_5-reuniao.jpg 950w, https:\/\/culturabc.com.br\/arquivo\/wp-content\/uploads\/2021\/07\/3098-Casa-de-Erico-Schaefer-Avenida-Atlantica-com-a-Avenida-Central-agosto-de-1948_5-reuniao-300x201.jpg 300w, https:\/\/culturabc.com.br\/arquivo\/wp-content\/uploads\/2021\/07\/3098-Casa-de-Erico-Schaefer-Avenida-Atlantica-com-a-Avenida-Central-agosto-de-1948_5-reuniao-768x513.jpg 768w\" sizes=\"(max-width: 950px) 100vw, 950px\" \/><\/a><figcaption class=\"blocks-gallery-item__caption\">3098 Casa de Erico Schaefer Avenida Atlantica com a Avenida Central agosto de 1948 5 reuniao<\/figcaption><\/figure><\/li><li class=\"blocks-gallery-item\"><figure><a href=\"http:\/\/culturabc.com.br\/arquivo\/wp-content\/uploads\/2021\/07\/3112-Da-direita-para-a-esquerda-Sergio-Fuchs-e-Manoel-Germano-Correa-decada-de-1960_5-reuniao.jpg\"><img loading=\"lazy\" decoding=\"async\" width=\"950\" height=\"563\" src=\"http:\/\/culturabc.com.br\/arquivo\/wp-content\/uploads\/2021\/07\/3112-Da-direita-para-a-esquerda-Sergio-Fuchs-e-Manoel-Germano-Correa-decada-de-1960_5-reuniao.jpg\" alt=\"3112 Da direita para a esquerda Sergio Fuchs e Manoel Germano Correa decada de 1960 5 reuniao\" data-id=\"26226\" data-full-url=\"http:\/\/culturabc.com.br\/arquivo\/wp-content\/uploads\/2021\/07\/3112-Da-direita-para-a-esquerda-Sergio-Fuchs-e-Manoel-Germano-Correa-decada-de-1960_5-reuniao.jpg\" data-link=\"http:\/\/culturabc.com.br\/arquivo\/3112-da-direita-para-a-esquerda-sergio-fuchs-e-manoel-germano-correa-decada-de-1960_5-reuniao\/\" class=\"wp-image-26226\" srcset=\"https:\/\/culturabc.com.br\/arquivo\/wp-content\/uploads\/2021\/07\/3112-Da-direita-para-a-esquerda-Sergio-Fuchs-e-Manoel-Germano-Correa-decada-de-1960_5-reuniao.jpg 950w, https:\/\/culturabc.com.br\/arquivo\/wp-content\/uploads\/2021\/07\/3112-Da-direita-para-a-esquerda-Sergio-Fuchs-e-Manoel-Germano-Correa-decada-de-1960_5-reuniao-300x178.jpg 300w, https:\/\/culturabc.com.br\/arquivo\/wp-content\/uploads\/2021\/07\/3112-Da-direita-para-a-esquerda-Sergio-Fuchs-e-Manoel-Germano-Correa-decada-de-1960_5-reuniao-768x455.jpg 768w\" sizes=\"(max-width: 950px) 100vw, 950px\" \/><\/a><figcaption class=\"blocks-gallery-item__caption\">3112 Da direita para a esquerda Sergio Fuchs e Manoel Germano Correa decada de 1960 5 reuniao<\/figcaption><\/figure><\/li><li class=\"blocks-gallery-item\"><figure><a href=\"http:\/\/culturabc.com.br\/arquivo\/wp-content\/uploads\/2021\/07\/3111-Residencia-de-Ricardo-Fuchs-na-Rua-951-decada-de-1950_5-reuniao.jpg\"><img loading=\"lazy\" decoding=\"async\" width=\"950\" height=\"620\" src=\"http:\/\/culturabc.com.br\/arquivo\/wp-content\/uploads\/2021\/07\/3111-Residencia-de-Ricardo-Fuchs-na-Rua-951-decada-de-1950_5-reuniao.jpg\" alt=\"3111 Residencia de Ricardo Fuchs na Rua 951 decada de 1950 5 reuniao\" data-id=\"26225\" data-full-url=\"http:\/\/culturabc.com.br\/arquivo\/wp-content\/uploads\/2021\/07\/3111-Residencia-de-Ricardo-Fuchs-na-Rua-951-decada-de-1950_5-reuniao.jpg\" data-link=\"http:\/\/culturabc.com.br\/arquivo\/3111-residencia-de-ricardo-fuchs-na-rua-951-decada-de-1950_5-reuniao\/\" class=\"wp-image-26225\" srcset=\"https:\/\/culturabc.com.br\/arquivo\/wp-content\/uploads\/2021\/07\/3111-Residencia-de-Ricardo-Fuchs-na-Rua-951-decada-de-1950_5-reuniao.jpg 950w, https:\/\/culturabc.com.br\/arquivo\/wp-content\/uploads\/2021\/07\/3111-Residencia-de-Ricardo-Fuchs-na-Rua-951-decada-de-1950_5-reuniao-300x196.jpg 300w, https:\/\/culturabc.com.br\/arquivo\/wp-content\/uploads\/2021\/07\/3111-Residencia-de-Ricardo-Fuchs-na-Rua-951-decada-de-1950_5-reuniao-768x501.jpg 768w\" sizes=\"(max-width: 950px) 100vw, 950px\" \/><\/a><figcaption class=\"blocks-gallery-item__caption\">3111 Residencia de Ricardo Fuchs na Rua 951 decada de 1950 5 reuniao<\/figcaption><\/figure><\/li><li class=\"blocks-gallery-item\"><figure><a href=\"http:\/\/culturabc.com.br\/arquivo\/wp-content\/uploads\/2021\/07\/3110-Manoel-Germano-Correa-levando-turistas-para-a-Ilha-das-Cabras-decada-de-1950_5-reuniao.jpg\"><img loading=\"lazy\" decoding=\"async\" width=\"950\" height=\"620\" src=\"http:\/\/culturabc.com.br\/arquivo\/wp-content\/uploads\/2021\/07\/3110-Manoel-Germano-Correa-levando-turistas-para-a-Ilha-das-Cabras-decada-de-1950_5-reuniao.jpg\" alt=\"3110 Manoel Germano Correa levando turistas para a Ilha das Cabras decada de 1950 5 reuniao\" data-id=\"26224\" data-full-url=\"http:\/\/culturabc.com.br\/arquivo\/wp-content\/uploads\/2021\/07\/3110-Manoel-Germano-Correa-levando-turistas-para-a-Ilha-das-Cabras-decada-de-1950_5-reuniao.jpg\" data-link=\"http:\/\/culturabc.com.br\/arquivo\/3110-manoel-germano-correa-levando-turistas-para-a-ilha-das-cabras-decada-de-1950_5-reuniao\/\" class=\"wp-image-26224\" srcset=\"https:\/\/culturabc.com.br\/arquivo\/wp-content\/uploads\/2021\/07\/3110-Manoel-Germano-Correa-levando-turistas-para-a-Ilha-das-Cabras-decada-de-1950_5-reuniao.jpg 950w, https:\/\/culturabc.com.br\/arquivo\/wp-content\/uploads\/2021\/07\/3110-Manoel-Germano-Correa-levando-turistas-para-a-Ilha-das-Cabras-decada-de-1950_5-reuniao-300x196.jpg 300w, https:\/\/culturabc.com.br\/arquivo\/wp-content\/uploads\/2021\/07\/3110-Manoel-Germano-Correa-levando-turistas-para-a-Ilha-das-Cabras-decada-de-1950_5-reuniao-768x501.jpg 768w\" sizes=\"(max-width: 950px) 100vw, 950px\" \/><\/a><figcaption class=\"blocks-gallery-item__caption\">3110 Manoel Germano Correa levando turistas para a Ilha das Cabras decada de 1950 5 reuniao<\/figcaption><\/figure><\/li><li class=\"blocks-gallery-item\"><figure><a href=\"http:\/\/culturabc.com.br\/arquivo\/wp-content\/uploads\/2021\/07\/3109-Familia-Correa-na-Praia-de-Camboriu-decada-de-1950_5-reuniao.jpg\"><img loading=\"lazy\" decoding=\"async\" width=\"950\" height=\"792\" src=\"http:\/\/culturabc.com.br\/arquivo\/wp-content\/uploads\/2021\/07\/3109-Familia-Correa-na-Praia-de-Camboriu-decada-de-1950_5-reuniao.jpg\" alt=\"3109 Familia Correa na Praia de Camboriu decada de 1950 5 reuniao\" data-id=\"26223\" data-full-url=\"http:\/\/culturabc.com.br\/arquivo\/wp-content\/uploads\/2021\/07\/3109-Familia-Correa-na-Praia-de-Camboriu-decada-de-1950_5-reuniao.jpg\" data-link=\"http:\/\/culturabc.com.br\/arquivo\/3109-familia-correa-na-praia-de-camboriu-decada-de-1950_5-reuniao\/\" class=\"wp-image-26223\" srcset=\"https:\/\/culturabc.com.br\/arquivo\/wp-content\/uploads\/2021\/07\/3109-Familia-Correa-na-Praia-de-Camboriu-decada-de-1950_5-reuniao.jpg 950w, https:\/\/culturabc.com.br\/arquivo\/wp-content\/uploads\/2021\/07\/3109-Familia-Correa-na-Praia-de-Camboriu-decada-de-1950_5-reuniao-300x250.jpg 300w, https:\/\/culturabc.com.br\/arquivo\/wp-content\/uploads\/2021\/07\/3109-Familia-Correa-na-Praia-de-Camboriu-decada-de-1950_5-reuniao-768x640.jpg 768w\" sizes=\"(max-width: 950px) 100vw, 950px\" \/><\/a><figcaption class=\"blocks-gallery-item__caption\">3109 Familia Correa na Praia de Camboriu decada de 1950 5 reuniao<\/figcaption><\/figure><\/li><li class=\"blocks-gallery-item\"><figure><a href=\"http:\/\/culturabc.com.br\/arquivo\/wp-content\/uploads\/2021\/07\/3116-Ricardo-e-Ana-Fuchs-Jose-Martins-Damasceno-Onemia-Damasceno-no-Mariluz-Bar-decada-de-1960_5-reuniao.jpg\"><img loading=\"lazy\" decoding=\"async\" width=\"950\" height=\"583\" src=\"http:\/\/culturabc.com.br\/arquivo\/wp-content\/uploads\/2021\/07\/3116-Ricardo-e-Ana-Fuchs-Jose-Martins-Damasceno-Onemia-Damasceno-no-Mariluz-Bar-decada-de-1960_5-reuniao.jpg\" alt=\"3116 Ricardo e Ana Fuchs Jose Martins Damasceno Onemia Damasceno no Mariluz Bar decada de 1960 5 reuniao\" data-id=\"26219\" data-full-url=\"http:\/\/culturabc.com.br\/arquivo\/wp-content\/uploads\/2021\/07\/3116-Ricardo-e-Ana-Fuchs-Jose-Martins-Damasceno-Onemia-Damasceno-no-Mariluz-Bar-decada-de-1960_5-reuniao.jpg\" data-link=\"http:\/\/culturabc.com.br\/arquivo\/3116-ricardo-e-ana-fuchs-jose-martins-damasceno-onemia-damasceno-no-mariluz-bar-decada-de-1960_5-reuniao\/\" class=\"wp-image-26219\" srcset=\"https:\/\/culturabc.com.br\/arquivo\/wp-content\/uploads\/2021\/07\/3116-Ricardo-e-Ana-Fuchs-Jose-Martins-Damasceno-Onemia-Damasceno-no-Mariluz-Bar-decada-de-1960_5-reuniao.jpg 950w, https:\/\/culturabc.com.br\/arquivo\/wp-content\/uploads\/2021\/07\/3116-Ricardo-e-Ana-Fuchs-Jose-Martins-Damasceno-Onemia-Damasceno-no-Mariluz-Bar-decada-de-1960_5-reuniao-300x184.jpg 300w, https:\/\/culturabc.com.br\/arquivo\/wp-content\/uploads\/2021\/07\/3116-Ricardo-e-Ana-Fuchs-Jose-Martins-Damasceno-Onemia-Damasceno-no-Mariluz-Bar-decada-de-1960_5-reuniao-768x471.jpg 768w\" sizes=\"(max-width: 950px) 100vw, 950px\" \/><\/a><figcaption class=\"blocks-gallery-item__caption\">3116 Ricardo e Ana Fuchs Jose Martins Damasceno Onemia Damasceno no Mariluz Bar decada de 1960 5 reuniao<\/figcaption><\/figure><\/li><li class=\"blocks-gallery-item\"><figure><a href=\"http:\/\/culturabc.com.br\/arquivo\/wp-content\/uploads\/2021\/07\/3113-Manoel-Germano-Correa-e-Ricardo-Fuchs-no-Hotel-Icarai-decada-de-1960_5-reuniao.jpg\"><img loading=\"lazy\" decoding=\"async\" width=\"640\" height=\"1024\" src=\"http:\/\/culturabc.com.br\/arquivo\/wp-content\/uploads\/2021\/07\/3113-Manoel-Germano-Correa-e-Ricardo-Fuchs-no-Hotel-Icarai-decada-de-1960_5-reuniao-640x1024.jpg\" alt=\"3113 Manoel Germano Correa e Ricardo Fuchs no Hotel Icarai decada de 1960 5 reuniao\" data-id=\"26218\" data-full-url=\"http:\/\/culturabc.com.br\/arquivo\/wp-content\/uploads\/2021\/07\/3113-Manoel-Germano-Correa-e-Ricardo-Fuchs-no-Hotel-Icarai-decada-de-1960_5-reuniao.jpg\" data-link=\"http:\/\/culturabc.com.br\/arquivo\/3113-manoel-germano-correa-e-ricardo-fuchs-no-hotel-icarai-decada-de-1960_5-reuniao\/\" class=\"wp-image-26218\" srcset=\"https:\/\/culturabc.com.br\/arquivo\/wp-content\/uploads\/2021\/07\/3113-Manoel-Germano-Correa-e-Ricardo-Fuchs-no-Hotel-Icarai-decada-de-1960_5-reuniao-640x1024.jpg 640w, https:\/\/culturabc.com.br\/arquivo\/wp-content\/uploads\/2021\/07\/3113-Manoel-Germano-Correa-e-Ricardo-Fuchs-no-Hotel-Icarai-decada-de-1960_5-reuniao-188x300.jpg 188w, https:\/\/culturabc.com.br\/arquivo\/wp-content\/uploads\/2021\/07\/3113-Manoel-Germano-Correa-e-Ricardo-Fuchs-no-Hotel-Icarai-decada-de-1960_5-reuniao-768x1229.jpg 768w, https:\/\/culturabc.com.br\/arquivo\/wp-content\/uploads\/2021\/07\/3113-Manoel-Germano-Correa-e-Ricardo-Fuchs-no-Hotel-Icarai-decada-de-1960_5-reuniao.jpg 950w\" sizes=\"(max-width: 640px) 100vw, 640px\" \/><\/a><figcaption class=\"blocks-gallery-item__caption\">3113 Manoel Germano Correa e Ricardo Fuchs no Hotel Icarai decada de 1960 5 reuniao<\/figcaption><\/figure><\/li><\/ul><\/figure>\n","protected":false},"excerpt":{"rendered":"<p>5\u00aa reuni\u00e3o Data: 25 de julho de 2018Local: Arquivo Hist\u00f3rico de Balne\u00e1rio Cambori\u00faColaboradores: Ademar Silva, \u00c1lvaro Silva, Ant\u00f4nio Jorge de Borba, Carlos Schlup, Erotides Campos, Fernando Delatorre e Luiz Carlos ChedidFotografias identificadas: 30 imagens Fotografias identificadas<\/p>\n","protected":false},"author":1,"featured_media":0,"parent":0,"menu_order":0,"comment_status":"closed","ping_status":"closed","template":"","meta":{"footnotes":""},"class_list":["post-25760","page","type-page","status-publish","hentry"],"_links":{"self":[{"href":"https:\/\/culturabc.com.br\/arquivo\/wp-json\/wp\/v2\/pages\/25760","targetHints":{"allow":["GET"]}}],"collection":[{"href":"https:\/\/culturabc.com.br\/arquivo\/wp-json\/wp\/v2\/pages"}],"about":[{"href":"https:\/\/culturabc.com.br\/arquivo\/wp-json\/wp\/v2\/types\/page"}],"author":[{"embeddable":true,"href":"https:\/\/culturabc.com.br\/arquivo\/wp-json\/wp\/v2\/users\/1"}],"replies":[{"embeddable":true,"href":"https:\/\/culturabc.com.br\/arquivo\/wp-json\/wp\/v2\/comments?post=25760"}],"version-history":[{"count":6,"href":"https:\/\/culturabc.com.br\/arquivo\/wp-json\/wp\/v2\/pages\/25760\/revisions"}],"predecessor-version":[{"id":26524,"href":"https:\/\/culturabc.com.br\/arquivo\/wp-json\/wp\/v2\/pages\/25760\/revisions\/26524"}],"wp:attachment":[{"href":"https:\/\/culturabc.com.br\/arquivo\/wp-json\/wp\/v2\/media?parent=25760"}],"curies":[{"name":"wp","href":"https:\/\/api.w.org\/{rel}","templated":true}]}}