{"id":25761,"date":"2021-07-19T14:25:48","date_gmt":"2021-07-19T17:25:48","guid":{"rendered":"http:\/\/culturabc.com.br\/arquivo\/?page_id=25761"},"modified":"2021-07-20T12:38:15","modified_gmt":"2021-07-20T15:38:15","slug":"4a-reuniao","status":"publish","type":"page","link":"https:\/\/culturabc.com.br\/arquivo\/4a-reuniao\/","title":{"rendered":"4\u00aa Reuni\u00e3o"},"content":{"rendered":"\n<h2 class=\"wp-block-heading\"><strong>4\u00aa reuni\u00e3o<\/strong><\/h2>\n\n\n\n<p><strong>Data: 24 de maio de 2018<\/strong><br>Local: Arquivo Hist\u00f3rico de Balne\u00e1rio Cambori\u00fa<br>Colaboradores: \u00c1lvaro Silva, Antonio Jorge de Borba, Carlos Schlup, Erotides Campos, Fernando<br>Delatorre, L\u00facia Nascimento e Luiz Carlos Chedid<br>Fotografias identificadas: 29 imagens<\/p>\n\n\n\n<h2 class=\"wp-block-heading\">Fotografias identificadas<\/h2>\n\n\n\n<figure class=\"wp-block-gallery columns-3 is-cropped wp-block-gallery-1 is-layout-flex wp-block-gallery-is-layout-flex\"><ul class=\"blocks-gallery-grid\"><li class=\"blocks-gallery-item\"><figure><a href=\"http:\/\/culturabc.com.br\/arquivo\/wp-content\/uploads\/2021\/07\/3079-Olindino-Fonseca-com-casal-de-alemaes-com-seus-filhos-ao-lado-de-onde-hoje-esta-localizado-o-Edificio-Imperatriz-decada-de-1940_4-reuniao.jpg\"><img fetchpriority=\"high\" decoding=\"async\" width=\"630\" height=\"369\" src=\"http:\/\/culturabc.com.br\/arquivo\/wp-content\/uploads\/2021\/07\/3079-Olindino-Fonseca-com-casal-de-alemaes-com-seus-filhos-ao-lado-de-onde-hoje-esta-localizado-o-Edificio-Imperatriz-decada-de-1940_4-reuniao.jpg\" alt=\"3079 Olindino Fonseca com casal de alemaes com seus filhos ao lado de onde hoje esta localizado o Edificio Imperatriz decada de 1940 4 reuniao\" data-id=\"26491\" data-full-url=\"http:\/\/culturabc.com.br\/arquivo\/wp-content\/uploads\/2021\/07\/3079-Olindino-Fonseca-com-casal-de-alemaes-com-seus-filhos-ao-lado-de-onde-hoje-esta-localizado-o-Edificio-Imperatriz-decada-de-1940_4-reuniao.jpg\" data-link=\"http:\/\/culturabc.com.br\/arquivo\/3079-olindino-fonseca-com-casal-de-alemaes-com-seus-filhos-ao-lado-de-onde-hoje-esta-localizado-o-edificio-imperatriz-decada-de-1940_4-reuniao\/\" class=\"wp-image-26491\" srcset=\"https:\/\/culturabc.com.br\/arquivo\/wp-content\/uploads\/2021\/07\/3079-Olindino-Fonseca-com-casal-de-alemaes-com-seus-filhos-ao-lado-de-onde-hoje-esta-localizado-o-Edificio-Imperatriz-decada-de-1940_4-reuniao.jpg 630w, https:\/\/culturabc.com.br\/arquivo\/wp-content\/uploads\/2021\/07\/3079-Olindino-Fonseca-com-casal-de-alemaes-com-seus-filhos-ao-lado-de-onde-hoje-esta-localizado-o-Edificio-Imperatriz-decada-de-1940_4-reuniao-300x176.jpg 300w\" sizes=\"(max-width: 630px) 100vw, 630px\" \/><\/a><figcaption class=\"blocks-gallery-item__caption\">3079 Olindino Fonseca com casal de alemaes com seus filhos ao lado de onde hoje esta localizado o Edificio Imperatriz decada de 1940 4 reuniao<\/figcaption><\/figure><\/li><li class=\"blocks-gallery-item\"><figure><a href=\"http:\/\/culturabc.com.br\/arquivo\/wp-content\/uploads\/2021\/07\/3081-Vista-aerea-da-Praia-Central-e-do-Bairro-das-Nacoes-ao-fundo-vista-parcial-da-Rua-1901-decada-de-1960_4-reuniao.jpg\"><img decoding=\"async\" width=\"612\" height=\"390\" src=\"http:\/\/culturabc.com.br\/arquivo\/wp-content\/uploads\/2021\/07\/3081-Vista-aerea-da-Praia-Central-e-do-Bairro-das-Nacoes-ao-fundo-vista-parcial-da-Rua-1901-decada-de-1960_4-reuniao.jpg\" alt=\"3081 Vista aerea da Praia Central e do Bairro das Nacoes ao fundo vista parcial da Rua 1901 decada de 1960 4 reuniao\" data-id=\"26490\" data-full-url=\"http:\/\/culturabc.com.br\/arquivo\/wp-content\/uploads\/2021\/07\/3081-Vista-aerea-da-Praia-Central-e-do-Bairro-das-Nacoes-ao-fundo-vista-parcial-da-Rua-1901-decada-de-1960_4-reuniao.jpg\" data-link=\"http:\/\/culturabc.com.br\/arquivo\/3081-vista-aerea-da-praia-central-e-do-bairro-das-nacoes-ao-fundo-vista-parcial-da-rua-1901-decada-de-1960_4-reuniao\/\" class=\"wp-image-26490\" srcset=\"https:\/\/culturabc.com.br\/arquivo\/wp-content\/uploads\/2021\/07\/3081-Vista-aerea-da-Praia-Central-e-do-Bairro-das-Nacoes-ao-fundo-vista-parcial-da-Rua-1901-decada-de-1960_4-reuniao.jpg 612w, https:\/\/culturabc.com.br\/arquivo\/wp-content\/uploads\/2021\/07\/3081-Vista-aerea-da-Praia-Central-e-do-Bairro-das-Nacoes-ao-fundo-vista-parcial-da-Rua-1901-decada-de-1960_4-reuniao-300x191.jpg 300w\" sizes=\"(max-width: 612px) 100vw, 612px\" \/><\/a><figcaption class=\"blocks-gallery-item__caption\">3081 Vista aerea da Praia Central e do Bairro das Nacoes ao fundo vista parcial da Rua 1901 decada de 1960 4 reuniao<\/figcaption><\/figure><\/li><li class=\"blocks-gallery-item\"><figure><a href=\"http:\/\/culturabc.com.br\/arquivo\/wp-content\/uploads\/2021\/07\/3080-Praia-de-Camboriu-em-frente-ao-Bar-Camarao-a-Palito-da-familia-Wachs-onde-hoje-esta-localizado-o-Chaplin-Bar-Rua-1300-decada-de-1950_4-reuniao.jpg\"><img decoding=\"async\" width=\"1024\" height=\"668\" src=\"http:\/\/culturabc.com.br\/arquivo\/wp-content\/uploads\/2021\/07\/3080-Praia-de-Camboriu-em-frente-ao-Bar-Camarao-a-Palito-da-familia-Wachs-onde-hoje-esta-localizado-o-Chaplin-Bar-Rua-1300-decada-de-1950_4-reuniao-1024x668.jpg\" alt=\"3080 Praia de Camboriu em frente ao Bar Camarao a Palito da familia Wachs onde hoje esta localizado o Chaplin Bar Rua 1300 decada de 1950 4 reuniao\" data-id=\"26489\" data-full-url=\"http:\/\/culturabc.com.br\/arquivo\/wp-content\/uploads\/2021\/07\/3080-Praia-de-Camboriu-em-frente-ao-Bar-Camarao-a-Palito-da-familia-Wachs-onde-hoje-esta-localizado-o-Chaplin-Bar-Rua-1300-decada-de-1950_4-reuniao.jpg\" data-link=\"http:\/\/culturabc.com.br\/arquivo\/3080-praia-de-camboriu-em-frente-ao-bar-camarao-a-palito-da-familia-wachs-onde-hoje-esta-localizado-o-chaplin-bar-rua-1300-decada-de-1950_4-reuniao\/\" class=\"wp-image-26489\" srcset=\"https:\/\/culturabc.com.br\/arquivo\/wp-content\/uploads\/2021\/07\/3080-Praia-de-Camboriu-em-frente-ao-Bar-Camarao-a-Palito-da-familia-Wachs-onde-hoje-esta-localizado-o-Chaplin-Bar-Rua-1300-decada-de-1950_4-reuniao-1024x668.jpg 1024w, https:\/\/culturabc.com.br\/arquivo\/wp-content\/uploads\/2021\/07\/3080-Praia-de-Camboriu-em-frente-ao-Bar-Camarao-a-Palito-da-familia-Wachs-onde-hoje-esta-localizado-o-Chaplin-Bar-Rua-1300-decada-de-1950_4-reuniao-300x196.jpg 300w, https:\/\/culturabc.com.br\/arquivo\/wp-content\/uploads\/2021\/07\/3080-Praia-de-Camboriu-em-frente-ao-Bar-Camarao-a-Palito-da-familia-Wachs-onde-hoje-esta-localizado-o-Chaplin-Bar-Rua-1300-decada-de-1950_4-reuniao-768x501.jpg 768w, https:\/\/culturabc.com.br\/arquivo\/wp-content\/uploads\/2021\/07\/3080-Praia-de-Camboriu-em-frente-ao-Bar-Camarao-a-Palito-da-familia-Wachs-onde-hoje-esta-localizado-o-Chaplin-Bar-Rua-1300-decada-de-1950_4-reuniao.jpg 1449w\" sizes=\"(max-width: 1024px) 100vw, 1024px\" \/><\/a><figcaption class=\"blocks-gallery-item__caption\">3080 Praia de Camboriu em frente ao Bar Camarao a Palito da familia Wachs onde hoje esta localizado o Chaplin Bar Rua 1300 decada de 1950 4 reuniao<\/figcaption><\/figure><\/li><li class=\"blocks-gallery-item\"><figure><a href=\"http:\/\/culturabc.com.br\/arquivo\/wp-content\/uploads\/2021\/07\/3077-Escola-Basica-Municipal-Professor-Antonio-Lucio-Rua-Italia-977-Bairro-das-Nacoes-decada-de-1970_4-reuniao.jpg\"><img loading=\"lazy\" decoding=\"async\" width=\"1024\" height=\"676\" src=\"http:\/\/culturabc.com.br\/arquivo\/wp-content\/uploads\/2021\/07\/3077-Escola-Basica-Municipal-Professor-Antonio-Lucio-Rua-Italia-977-Bairro-das-Nacoes-decada-de-1970_4-reuniao-1024x676.jpg\" alt=\"3077 Escola Basica Municipal Professor Antonio Lucio Rua Italia 977 Bairro das Nacoes decada de 1970 4 reuniao\" data-id=\"26488\" data-full-url=\"http:\/\/culturabc.com.br\/arquivo\/wp-content\/uploads\/2021\/07\/3077-Escola-Basica-Municipal-Professor-Antonio-Lucio-Rua-Italia-977-Bairro-das-Nacoes-decada-de-1970_4-reuniao.jpg\" data-link=\"http:\/\/culturabc.com.br\/arquivo\/3077-escola-basica-municipal-professor-antonio-lucio-rua-italia-977-bairro-das-nacoes-decada-de-1970_4-reuniao\/\" class=\"wp-image-26488\" srcset=\"https:\/\/culturabc.com.br\/arquivo\/wp-content\/uploads\/2021\/07\/3077-Escola-Basica-Municipal-Professor-Antonio-Lucio-Rua-Italia-977-Bairro-das-Nacoes-decada-de-1970_4-reuniao-1024x676.jpg 1024w, https:\/\/culturabc.com.br\/arquivo\/wp-content\/uploads\/2021\/07\/3077-Escola-Basica-Municipal-Professor-Antonio-Lucio-Rua-Italia-977-Bairro-das-Nacoes-decada-de-1970_4-reuniao-300x198.jpg 300w, https:\/\/culturabc.com.br\/arquivo\/wp-content\/uploads\/2021\/07\/3077-Escola-Basica-Municipal-Professor-Antonio-Lucio-Rua-Italia-977-Bairro-das-Nacoes-decada-de-1970_4-reuniao-768x507.jpg 768w, https:\/\/culturabc.com.br\/arquivo\/wp-content\/uploads\/2021\/07\/3077-Escola-Basica-Municipal-Professor-Antonio-Lucio-Rua-Italia-977-Bairro-das-Nacoes-decada-de-1970_4-reuniao.jpg 1255w\" sizes=\"(max-width: 1024px) 100vw, 1024px\" \/><\/a><figcaption class=\"blocks-gallery-item__caption\">3077 Escola Basica Municipal Professor Antonio Lucio Rua Italia 977 Bairro das Nacoes decada de 1970 4 reuniao<\/figcaption><\/figure><\/li><li class=\"blocks-gallery-item\"><figure><a href=\"http:\/\/culturabc.com.br\/arquivo\/wp-content\/uploads\/2021\/07\/3076-Ed.-Atlantico-Av.-Brasil-esq.-com-Av.-Central-na-epoca-o-edificio-mais-alto-da-cidade-decada-de-1960_4-reuniao.jpg\"><img loading=\"lazy\" decoding=\"async\" width=\"1024\" height=\"851\" src=\"http:\/\/culturabc.com.br\/arquivo\/wp-content\/uploads\/2021\/07\/3076-Ed.-Atlantico-Av.-Brasil-esq.-com-Av.-Central-na-epoca-o-edificio-mais-alto-da-cidade-decada-de-1960_4-reuniao-1024x851.jpg\" alt=\"3076 Ed. Atlantico Av. Brasil esq. com Av. Central na epoca o edificio mais alto da cidade decada de 1960 4 reuniao\" data-id=\"26487\" data-full-url=\"http:\/\/culturabc.com.br\/arquivo\/wp-content\/uploads\/2021\/07\/3076-Ed.-Atlantico-Av.-Brasil-esq.-com-Av.-Central-na-epoca-o-edificio-mais-alto-da-cidade-decada-de-1960_4-reuniao.jpg\" data-link=\"http:\/\/culturabc.com.br\/arquivo\/3076-ed-atlantico-av-brasil-esq-com-av-central-na-epoca-o-edificio-mais-alto-da-cidade-decada-de-1960_4-reuniao\/\" class=\"wp-image-26487\" srcset=\"https:\/\/culturabc.com.br\/arquivo\/wp-content\/uploads\/2021\/07\/3076-Ed.-Atlantico-Av.-Brasil-esq.-com-Av.-Central-na-epoca-o-edificio-mais-alto-da-cidade-decada-de-1960_4-reuniao-1024x851.jpg 1024w, https:\/\/culturabc.com.br\/arquivo\/wp-content\/uploads\/2021\/07\/3076-Ed.-Atlantico-Av.-Brasil-esq.-com-Av.-Central-na-epoca-o-edificio-mais-alto-da-cidade-decada-de-1960_4-reuniao-300x249.jpg 300w, https:\/\/culturabc.com.br\/arquivo\/wp-content\/uploads\/2021\/07\/3076-Ed.-Atlantico-Av.-Brasil-esq.-com-Av.-Central-na-epoca-o-edificio-mais-alto-da-cidade-decada-de-1960_4-reuniao-768x638.jpg 768w, https:\/\/culturabc.com.br\/arquivo\/wp-content\/uploads\/2021\/07\/3076-Ed.-Atlantico-Av.-Brasil-esq.-com-Av.-Central-na-epoca-o-edificio-mais-alto-da-cidade-decada-de-1960_4-reuniao.jpg 1040w\" sizes=\"(max-width: 1024px) 100vw, 1024px\" \/><\/a><figcaption class=\"blocks-gallery-item__caption\">3076 Ed. Atlantico Av. Brasil esq. com Av. Central na epoca o edificio mais alto da cidade decada de 1960 4 reuniao<\/figcaption><\/figure><\/li><li class=\"blocks-gallery-item\"><figure><a href=\"http:\/\/culturabc.com.br\/arquivo\/wp-content\/uploads\/2021\/07\/3075-Desfile-de-7-de-Setembro-da-Escola-Municipal-Ivo-Silveira-desfile-na-Rua-990-em-direcao-a-4a-Avenida-decada-de-1970_4-reuniao.jpg\"><img loading=\"lazy\" decoding=\"async\" width=\"1024\" height=\"648\" src=\"http:\/\/culturabc.com.br\/arquivo\/wp-content\/uploads\/2021\/07\/3075-Desfile-de-7-de-Setembro-da-Escola-Municipal-Ivo-Silveira-desfile-na-Rua-990-em-direcao-a-4a-Avenida-decada-de-1970_4-reuniao-1024x648.jpg\" alt=\"3075 Desfile de 7 de Setembro da Escola Municipal Ivo Silveira desfile na Rua 990 em direcao a 4a Avenida decada de 1970 4 reuniao\" data-id=\"26486\" data-full-url=\"http:\/\/culturabc.com.br\/arquivo\/wp-content\/uploads\/2021\/07\/3075-Desfile-de-7-de-Setembro-da-Escola-Municipal-Ivo-Silveira-desfile-na-Rua-990-em-direcao-a-4a-Avenida-decada-de-1970_4-reuniao.jpg\" data-link=\"http:\/\/culturabc.com.br\/arquivo\/3075-desfile-de-7-de-setembro-da-escola-municipal-ivo-silveira-desfile-na-rua-990-em-direcao-a-4a-avenida-decada-de-1970_4-reuniao\/\" class=\"wp-image-26486\" srcset=\"https:\/\/culturabc.com.br\/arquivo\/wp-content\/uploads\/2021\/07\/3075-Desfile-de-7-de-Setembro-da-Escola-Municipal-Ivo-Silveira-desfile-na-Rua-990-em-direcao-a-4a-Avenida-decada-de-1970_4-reuniao-1024x648.jpg 1024w, https:\/\/culturabc.com.br\/arquivo\/wp-content\/uploads\/2021\/07\/3075-Desfile-de-7-de-Setembro-da-Escola-Municipal-Ivo-Silveira-desfile-na-Rua-990-em-direcao-a-4a-Avenida-decada-de-1970_4-reuniao-300x190.jpg 300w, https:\/\/culturabc.com.br\/arquivo\/wp-content\/uploads\/2021\/07\/3075-Desfile-de-7-de-Setembro-da-Escola-Municipal-Ivo-Silveira-desfile-na-Rua-990-em-direcao-a-4a-Avenida-decada-de-1970_4-reuniao-768x486.jpg 768w, https:\/\/culturabc.com.br\/arquivo\/wp-content\/uploads\/2021\/07\/3075-Desfile-de-7-de-Setembro-da-Escola-Municipal-Ivo-Silveira-desfile-na-Rua-990-em-direcao-a-4a-Avenida-decada-de-1970_4-reuniao.jpg 1167w\" sizes=\"(max-width: 1024px) 100vw, 1024px\" \/><\/a><figcaption class=\"blocks-gallery-item__caption\">3075 Desfile de 7 de Setembro da Escola Municipal Ivo Silveira desfile na Rua 990 em direcao a 4a Avenida decada de 1970 4 reuniao<\/figcaption><\/figure><\/li><li class=\"blocks-gallery-item\"><figure><a href=\"http:\/\/culturabc.com.br\/arquivo\/wp-content\/uploads\/2021\/07\/3074-Casa-de-Dario-Beline-e-Prof.-Marlene-Avenida-do-Estado-3690-frente-ao-n-o-3671-decada-de-1960_4-reuniao.jpg\"><img loading=\"lazy\" decoding=\"async\" width=\"1024\" height=\"652\" src=\"http:\/\/culturabc.com.br\/arquivo\/wp-content\/uploads\/2021\/07\/3074-Casa-de-Dario-Beline-e-Prof.-Marlene-Avenida-do-Estado-3690-frente-ao-n-o-3671-decada-de-1960_4-reuniao-1024x652.jpg\" alt=\"3074 Casa de Dario Beline e Prof. Marlene Avenida do Estado 3690 frente ao n o 3671 decada de 1960 4 reuniao\" data-id=\"26485\" data-full-url=\"http:\/\/culturabc.com.br\/arquivo\/wp-content\/uploads\/2021\/07\/3074-Casa-de-Dario-Beline-e-Prof.-Marlene-Avenida-do-Estado-3690-frente-ao-n-o-3671-decada-de-1960_4-reuniao.jpg\" data-link=\"http:\/\/culturabc.com.br\/arquivo\/3074-casa-de-dario-beline-e-prof-marlene-avenida-do-estado-3690-frente-ao-n-o-3671-decada-de-1960_4-reuniao\/\" class=\"wp-image-26485\" srcset=\"https:\/\/culturabc.com.br\/arquivo\/wp-content\/uploads\/2021\/07\/3074-Casa-de-Dario-Beline-e-Prof.-Marlene-Avenida-do-Estado-3690-frente-ao-n-o-3671-decada-de-1960_4-reuniao-1024x652.jpg 1024w, https:\/\/culturabc.com.br\/arquivo\/wp-content\/uploads\/2021\/07\/3074-Casa-de-Dario-Beline-e-Prof.-Marlene-Avenida-do-Estado-3690-frente-ao-n-o-3671-decada-de-1960_4-reuniao-300x191.jpg 300w, https:\/\/culturabc.com.br\/arquivo\/wp-content\/uploads\/2021\/07\/3074-Casa-de-Dario-Beline-e-Prof.-Marlene-Avenida-do-Estado-3690-frente-ao-n-o-3671-decada-de-1960_4-reuniao-768x489.jpg 768w, https:\/\/culturabc.com.br\/arquivo\/wp-content\/uploads\/2021\/07\/3074-Casa-de-Dario-Beline-e-Prof.-Marlene-Avenida-do-Estado-3690-frente-ao-n-o-3671-decada-de-1960_4-reuniao.jpg 1273w\" sizes=\"(max-width: 1024px) 100vw, 1024px\" \/><\/a><figcaption class=\"blocks-gallery-item__caption\">3074 Casa de Dario Beline e Prof. Marlene Avenida do Estado 3690 frente ao n o 3671 decada de 1960 4 reuniao<\/figcaption><\/figure><\/li><li class=\"blocks-gallery-item\"><figure><a href=\"http:\/\/culturabc.com.br\/arquivo\/wp-content\/uploads\/2021\/07\/3034-Reuniao-Associacoes-de-Bairros-no-Gabinete-do-Prefeito-Leonel-Pavan-Dezembro-de-1990_3-reuniao.jpg\"><img loading=\"lazy\" decoding=\"async\" width=\"950\" height=\"621\" src=\"http:\/\/culturabc.com.br\/arquivo\/wp-content\/uploads\/2021\/07\/3034-Reuniao-Associacoes-de-Bairros-no-Gabinete-do-Prefeito-Leonel-Pavan-Dezembro-de-1990_3-reuniao.jpg\" alt=\"3034 Reuniao Associacoes de Bairros no Gabinete do Prefeito Leonel Pavan Dezembro de 1990 3 reuniao\" data-id=\"26281\" data-full-url=\"http:\/\/culturabc.com.br\/arquivo\/wp-content\/uploads\/2021\/07\/3034-Reuniao-Associacoes-de-Bairros-no-Gabinete-do-Prefeito-Leonel-Pavan-Dezembro-de-1990_3-reuniao.jpg\" data-link=\"http:\/\/culturabc.com.br\/arquivo\/3034-reuniao-associacoes-de-bairros-no-gabinete-do-prefeito-leonel-pavan-dezembro-de-1990_3-reuniao\/\" class=\"wp-image-26281\" srcset=\"https:\/\/culturabc.com.br\/arquivo\/wp-content\/uploads\/2021\/07\/3034-Reuniao-Associacoes-de-Bairros-no-Gabinete-do-Prefeito-Leonel-Pavan-Dezembro-de-1990_3-reuniao.jpg 950w, https:\/\/culturabc.com.br\/arquivo\/wp-content\/uploads\/2021\/07\/3034-Reuniao-Associacoes-de-Bairros-no-Gabinete-do-Prefeito-Leonel-Pavan-Dezembro-de-1990_3-reuniao-300x196.jpg 300w, https:\/\/culturabc.com.br\/arquivo\/wp-content\/uploads\/2021\/07\/3034-Reuniao-Associacoes-de-Bairros-no-Gabinete-do-Prefeito-Leonel-Pavan-Dezembro-de-1990_3-reuniao-768x502.jpg 768w\" sizes=\"(max-width: 950px) 100vw, 950px\" \/><\/a><figcaption class=\"blocks-gallery-item__caption\">3034 Reuniao Associacoes de Bairros no Gabinete do Prefeito Leonel Pavan Dezembro de 1990 3 reuniao<\/figcaption><\/figure><\/li><li class=\"blocks-gallery-item\"><figure><a href=\"http:\/\/culturabc.com.br\/arquivo\/wp-content\/uploads\/2021\/07\/3056-Primeira-casa-do-Jacob-Schmitt-Avenida-Atlantica-esquina-com-Avenida-Central-1931_4-reuniao.jpg\"><img loading=\"lazy\" decoding=\"async\" width=\"824\" height=\"1024\" src=\"http:\/\/culturabc.com.br\/arquivo\/wp-content\/uploads\/2021\/07\/3056-Primeira-casa-do-Jacob-Schmitt-Avenida-Atlantica-esquina-com-Avenida-Central-1931_4-reuniao-824x1024.jpg\" alt=\"3056 Primeira casa do Jacob Schmitt Avenida Atlantica esquina com Avenida Central 1931 4 reuniao\" data-id=\"26264\" data-full-url=\"http:\/\/culturabc.com.br\/arquivo\/wp-content\/uploads\/2021\/07\/3056-Primeira-casa-do-Jacob-Schmitt-Avenida-Atlantica-esquina-com-Avenida-Central-1931_4-reuniao.jpg\" data-link=\"http:\/\/culturabc.com.br\/arquivo\/3056-primeira-casa-do-jacob-schmitt-avenida-atlantica-esquina-com-avenida-central-1931_4-reuniao\/\" class=\"wp-image-26264\" srcset=\"https:\/\/culturabc.com.br\/arquivo\/wp-content\/uploads\/2021\/07\/3056-Primeira-casa-do-Jacob-Schmitt-Avenida-Atlantica-esquina-com-Avenida-Central-1931_4-reuniao-824x1024.jpg 824w, https:\/\/culturabc.com.br\/arquivo\/wp-content\/uploads\/2021\/07\/3056-Primeira-casa-do-Jacob-Schmitt-Avenida-Atlantica-esquina-com-Avenida-Central-1931_4-reuniao-242x300.jpg 242w, https:\/\/culturabc.com.br\/arquivo\/wp-content\/uploads\/2021\/07\/3056-Primeira-casa-do-Jacob-Schmitt-Avenida-Atlantica-esquina-com-Avenida-Central-1931_4-reuniao-768x954.jpg 768w, https:\/\/culturabc.com.br\/arquivo\/wp-content\/uploads\/2021\/07\/3056-Primeira-casa-do-Jacob-Schmitt-Avenida-Atlantica-esquina-com-Avenida-Central-1931_4-reuniao.jpg 950w\" sizes=\"(max-width: 824px) 100vw, 824px\" \/><\/a><figcaption class=\"blocks-gallery-item__caption\">3056 Primeira casa do Jacob Schmitt Avenida Atlantica esquina com Avenida Central 1931 4 reuniao<\/figcaption><\/figure><\/li><li class=\"blocks-gallery-item\"><figure><a href=\"http:\/\/culturabc.com.br\/arquivo\/wp-content\/uploads\/2021\/07\/3060-Vista-parcial-da-Praia-de-Camboriu-decada-de-1950_4-reuniao.jpg\"><img loading=\"lazy\" decoding=\"async\" width=\"950\" height=\"596\" src=\"http:\/\/culturabc.com.br\/arquivo\/wp-content\/uploads\/2021\/07\/3060-Vista-parcial-da-Praia-de-Camboriu-decada-de-1950_4-reuniao.jpg\" alt=\"3060 Vista parcial da Praia de Camboriu decada de 1950 4 reuniao\" data-id=\"26260\" data-full-url=\"http:\/\/culturabc.com.br\/arquivo\/wp-content\/uploads\/2021\/07\/3060-Vista-parcial-da-Praia-de-Camboriu-decada-de-1950_4-reuniao.jpg\" data-link=\"http:\/\/culturabc.com.br\/arquivo\/3060-vista-parcial-da-praia-de-camboriu-decada-de-1950_4-reuniao\/\" class=\"wp-image-26260\" srcset=\"https:\/\/culturabc.com.br\/arquivo\/wp-content\/uploads\/2021\/07\/3060-Vista-parcial-da-Praia-de-Camboriu-decada-de-1950_4-reuniao.jpg 950w, https:\/\/culturabc.com.br\/arquivo\/wp-content\/uploads\/2021\/07\/3060-Vista-parcial-da-Praia-de-Camboriu-decada-de-1950_4-reuniao-300x188.jpg 300w, https:\/\/culturabc.com.br\/arquivo\/wp-content\/uploads\/2021\/07\/3060-Vista-parcial-da-Praia-de-Camboriu-decada-de-1950_4-reuniao-768x482.jpg 768w\" sizes=\"(max-width: 950px) 100vw, 950px\" \/><\/a><figcaption class=\"blocks-gallery-item__caption\">3060 Vista parcial da Praia de Camboriu decada de 1950 4 reuniao<\/figcaption><\/figure><\/li><li class=\"blocks-gallery-item\"><figure><a href=\"http:\/\/culturabc.com.br\/arquivo\/wp-content\/uploads\/2021\/07\/3059-Armando-Ghislandi-Evani-Ghislandi-com-as-filhas-Celi-e-Iria-decada-de-1960_4-reuniao.jpg\"><img loading=\"lazy\" decoding=\"async\" width=\"950\" height=\"963\" src=\"http:\/\/culturabc.com.br\/arquivo\/wp-content\/uploads\/2021\/07\/3059-Armando-Ghislandi-Evani-Ghislandi-com-as-filhas-Celi-e-Iria-decada-de-1960_4-reuniao.jpg\" alt=\"3059 Armando Ghislandi Evani Ghislandi com as filhas Celi e Iria decada de 1960 4 reuniao\" data-id=\"26259\" data-full-url=\"http:\/\/culturabc.com.br\/arquivo\/wp-content\/uploads\/2021\/07\/3059-Armando-Ghislandi-Evani-Ghislandi-com-as-filhas-Celi-e-Iria-decada-de-1960_4-reuniao.jpg\" data-link=\"http:\/\/culturabc.com.br\/arquivo\/3059-armando-ghislandi-evani-ghislandi-com-as-filhas-celi-e-iria-decada-de-1960_4-reuniao\/\" class=\"wp-image-26259\" srcset=\"https:\/\/culturabc.com.br\/arquivo\/wp-content\/uploads\/2021\/07\/3059-Armando-Ghislandi-Evani-Ghislandi-com-as-filhas-Celi-e-Iria-decada-de-1960_4-reuniao.jpg 950w, https:\/\/culturabc.com.br\/arquivo\/wp-content\/uploads\/2021\/07\/3059-Armando-Ghislandi-Evani-Ghislandi-com-as-filhas-Celi-e-Iria-decada-de-1960_4-reuniao-296x300.jpg 296w, https:\/\/culturabc.com.br\/arquivo\/wp-content\/uploads\/2021\/07\/3059-Armando-Ghislandi-Evani-Ghislandi-com-as-filhas-Celi-e-Iria-decada-de-1960_4-reuniao-768x779.jpg 768w\" sizes=\"(max-width: 950px) 100vw, 950px\" \/><\/a><figcaption class=\"blocks-gallery-item__caption\">3059 Armando Ghislandi Evani Ghislandi com as filhas Celi e Iria decada de 1960 4 reuniao<\/figcaption><\/figure><\/li><li class=\"blocks-gallery-item\"><figure><a href=\"http:\/\/culturabc.com.br\/arquivo\/wp-content\/uploads\/2021\/07\/3058-Armando-Ghislandi-e-Evani-Ghislandi-decada-de-1960_4-reuniao.jpg\"><img loading=\"lazy\" decoding=\"async\" width=\"950\" height=\"560\" src=\"http:\/\/culturabc.com.br\/arquivo\/wp-content\/uploads\/2021\/07\/3058-Armando-Ghislandi-e-Evani-Ghislandi-decada-de-1960_4-reuniao.jpg\" alt=\"3058 Armando Ghislandi e Evani Ghislandi decada de 1960 4 reuniao\" data-id=\"26258\" data-full-url=\"http:\/\/culturabc.com.br\/arquivo\/wp-content\/uploads\/2021\/07\/3058-Armando-Ghislandi-e-Evani-Ghislandi-decada-de-1960_4-reuniao.jpg\" data-link=\"http:\/\/culturabc.com.br\/arquivo\/3058-armando-ghislandi-e-evani-ghislandi-decada-de-1960_4-reuniao\/\" class=\"wp-image-26258\" srcset=\"https:\/\/culturabc.com.br\/arquivo\/wp-content\/uploads\/2021\/07\/3058-Armando-Ghislandi-e-Evani-Ghislandi-decada-de-1960_4-reuniao.jpg 950w, https:\/\/culturabc.com.br\/arquivo\/wp-content\/uploads\/2021\/07\/3058-Armando-Ghislandi-e-Evani-Ghislandi-decada-de-1960_4-reuniao-300x177.jpg 300w, https:\/\/culturabc.com.br\/arquivo\/wp-content\/uploads\/2021\/07\/3058-Armando-Ghislandi-e-Evani-Ghislandi-decada-de-1960_4-reuniao-768x453.jpg 768w\" sizes=\"(max-width: 950px) 100vw, 950px\" \/><\/a><figcaption class=\"blocks-gallery-item__caption\">3058 Armando Ghislandi e Evani Ghislandi decada de 1960 4 reuniao<\/figcaption><\/figure><\/li><li class=\"blocks-gallery-item\"><figure><a href=\"http:\/\/culturabc.com.br\/arquivo\/wp-content\/uploads\/2021\/07\/3057-Alice-Kuzer-Leonice-Kuzer-e-Nazira-Boatin-na-Praia-do-Coco-decada-de-1960_4-reuniao.jpg\"><img loading=\"lazy\" decoding=\"async\" width=\"950\" height=\"617\" src=\"http:\/\/culturabc.com.br\/arquivo\/wp-content\/uploads\/2021\/07\/3057-Alice-Kuzer-Leonice-Kuzer-e-Nazira-Boatin-na-Praia-do-Coco-decada-de-1960_4-reuniao.jpg\" alt=\"3057 Alice Kuzer Leonice Kuzer e Nazira Boatin na Praia do Coco decada de 1960 4 reuniao\" data-id=\"26257\" data-full-url=\"http:\/\/culturabc.com.br\/arquivo\/wp-content\/uploads\/2021\/07\/3057-Alice-Kuzer-Leonice-Kuzer-e-Nazira-Boatin-na-Praia-do-Coco-decada-de-1960_4-reuniao.jpg\" data-link=\"http:\/\/culturabc.com.br\/arquivo\/3057-alice-kuzer-leonice-kuzer-e-nazira-boatin-na-praia-do-coco-decada-de-1960_4-reuniao\/\" class=\"wp-image-26257\" srcset=\"https:\/\/culturabc.com.br\/arquivo\/wp-content\/uploads\/2021\/07\/3057-Alice-Kuzer-Leonice-Kuzer-e-Nazira-Boatin-na-Praia-do-Coco-decada-de-1960_4-reuniao.jpg 950w, https:\/\/culturabc.com.br\/arquivo\/wp-content\/uploads\/2021\/07\/3057-Alice-Kuzer-Leonice-Kuzer-e-Nazira-Boatin-na-Praia-do-Coco-decada-de-1960_4-reuniao-300x195.jpg 300w, https:\/\/culturabc.com.br\/arquivo\/wp-content\/uploads\/2021\/07\/3057-Alice-Kuzer-Leonice-Kuzer-e-Nazira-Boatin-na-Praia-do-Coco-decada-de-1960_4-reuniao-768x499.jpg 768w\" sizes=\"(max-width: 950px) 100vw, 950px\" \/><\/a><figcaption class=\"blocks-gallery-item__caption\">3057 Alice Kuzer Leonice Kuzer e Nazira Boatin na Praia do Coco decada de 1960 4 reuniao<\/figcaption><\/figure><\/li><li class=\"blocks-gallery-item\"><figure><a href=\"http:\/\/culturabc.com.br\/arquivo\/wp-content\/uploads\/2021\/07\/3064-Aviao-na-praia-de-Camboriu-em-frente-ao-Hotel-Balneario-decada-de-1940_4-reuniao.jpg\"><img loading=\"lazy\" decoding=\"async\" width=\"950\" height=\"591\" src=\"http:\/\/culturabc.com.br\/arquivo\/wp-content\/uploads\/2021\/07\/3064-Aviao-na-praia-de-Camboriu-em-frente-ao-Hotel-Balneario-decada-de-1940_4-reuniao.jpg\" alt=\"3064 Aviao na praia de Camboriu em frente ao Hotel Balneario decada de 1940 4 reuniao\" data-id=\"26256\" data-full-url=\"http:\/\/culturabc.com.br\/arquivo\/wp-content\/uploads\/2021\/07\/3064-Aviao-na-praia-de-Camboriu-em-frente-ao-Hotel-Balneario-decada-de-1940_4-reuniao.jpg\" data-link=\"http:\/\/culturabc.com.br\/arquivo\/3064-aviao-na-praia-de-camboriu-em-frente-ao-hotel-balneario-decada-de-1940_4-reuniao\/\" class=\"wp-image-26256\" srcset=\"https:\/\/culturabc.com.br\/arquivo\/wp-content\/uploads\/2021\/07\/3064-Aviao-na-praia-de-Camboriu-em-frente-ao-Hotel-Balneario-decada-de-1940_4-reuniao.jpg 950w, https:\/\/culturabc.com.br\/arquivo\/wp-content\/uploads\/2021\/07\/3064-Aviao-na-praia-de-Camboriu-em-frente-ao-Hotel-Balneario-decada-de-1940_4-reuniao-300x187.jpg 300w, https:\/\/culturabc.com.br\/arquivo\/wp-content\/uploads\/2021\/07\/3064-Aviao-na-praia-de-Camboriu-em-frente-ao-Hotel-Balneario-decada-de-1940_4-reuniao-768x478.jpg 768w\" sizes=\"(max-width: 950px) 100vw, 950px\" \/><\/a><figcaption class=\"blocks-gallery-item__caption\">3064 Aviao na praia de Camboriu em frente ao Hotel Balneario decada de 1940 4 reuniao<\/figcaption><\/figure><\/li><li class=\"blocks-gallery-item\"><figure><a href=\"http:\/\/culturabc.com.br\/arquivo\/wp-content\/uploads\/2021\/07\/3063-Aviao-em-frente-ao-Hotel-Balneario-Avenida-Atlantica-esquina-com-a-Rua-1800-decada-de-1930_4-reuniao.jpg\"><img loading=\"lazy\" decoding=\"async\" width=\"950\" height=\"643\" src=\"http:\/\/culturabc.com.br\/arquivo\/wp-content\/uploads\/2021\/07\/3063-Aviao-em-frente-ao-Hotel-Balneario-Avenida-Atlantica-esquina-com-a-Rua-1800-decada-de-1930_4-reuniao.jpg\" alt=\"3063 Aviao em frente ao Hotel Balneario Avenida Atlantica esquina com a Rua 1800 decada de 1930 4 reuniao\" data-id=\"26255\" data-full-url=\"http:\/\/culturabc.com.br\/arquivo\/wp-content\/uploads\/2021\/07\/3063-Aviao-em-frente-ao-Hotel-Balneario-Avenida-Atlantica-esquina-com-a-Rua-1800-decada-de-1930_4-reuniao.jpg\" data-link=\"http:\/\/culturabc.com.br\/arquivo\/3063-aviao-em-frente-ao-hotel-balneario-avenida-atlantica-esquina-com-a-rua-1800-decada-de-1930_4-reuniao\/\" class=\"wp-image-26255\" srcset=\"https:\/\/culturabc.com.br\/arquivo\/wp-content\/uploads\/2021\/07\/3063-Aviao-em-frente-ao-Hotel-Balneario-Avenida-Atlantica-esquina-com-a-Rua-1800-decada-de-1930_4-reuniao.jpg 950w, https:\/\/culturabc.com.br\/arquivo\/wp-content\/uploads\/2021\/07\/3063-Aviao-em-frente-ao-Hotel-Balneario-Avenida-Atlantica-esquina-com-a-Rua-1800-decada-de-1930_4-reuniao-300x203.jpg 300w, https:\/\/culturabc.com.br\/arquivo\/wp-content\/uploads\/2021\/07\/3063-Aviao-em-frente-ao-Hotel-Balneario-Avenida-Atlantica-esquina-com-a-Rua-1800-decada-de-1930_4-reuniao-768x520.jpg 768w\" sizes=\"(max-width: 950px) 100vw, 950px\" \/><\/a><figcaption class=\"blocks-gallery-item__caption\">3063 Aviao em frente ao Hotel Balneario Avenida Atlantica esquina com a Rua 1800 decada de 1930 4 reuniao<\/figcaption><\/figure><\/li><li class=\"blocks-gallery-item\"><figure><a href=\"http:\/\/culturabc.com.br\/arquivo\/wp-content\/uploads\/2021\/07\/3062-Aviao-em-frente-ao-Hotel-Balneario-Avenida-Atlantica-esquina-com-a-Rua-1800-decada-de-1930._4-reuniao.jpg\"><img loading=\"lazy\" decoding=\"async\" width=\"950\" height=\"616\" src=\"http:\/\/culturabc.com.br\/arquivo\/wp-content\/uploads\/2021\/07\/3062-Aviao-em-frente-ao-Hotel-Balneario-Avenida-Atlantica-esquina-com-a-Rua-1800-decada-de-1930._4-reuniao.jpg\" alt=\"3062 Aviao em frente ao Hotel Balneario Avenida Atlantica esquina com a Rua 1800 decada de 1930. 4 reuniao\" data-id=\"26254\" data-full-url=\"http:\/\/culturabc.com.br\/arquivo\/wp-content\/uploads\/2021\/07\/3062-Aviao-em-frente-ao-Hotel-Balneario-Avenida-Atlantica-esquina-com-a-Rua-1800-decada-de-1930._4-reuniao.jpg\" data-link=\"http:\/\/culturabc.com.br\/arquivo\/3062-aviao-em-frente-ao-hotel-balneario-avenida-atlantica-esquina-com-a-rua-1800-decada-de-1930-_4-reuniao\/\" class=\"wp-image-26254\" srcset=\"https:\/\/culturabc.com.br\/arquivo\/wp-content\/uploads\/2021\/07\/3062-Aviao-em-frente-ao-Hotel-Balneario-Avenida-Atlantica-esquina-com-a-Rua-1800-decada-de-1930._4-reuniao.jpg 950w, https:\/\/culturabc.com.br\/arquivo\/wp-content\/uploads\/2021\/07\/3062-Aviao-em-frente-ao-Hotel-Balneario-Avenida-Atlantica-esquina-com-a-Rua-1800-decada-de-1930._4-reuniao-300x195.jpg 300w, https:\/\/culturabc.com.br\/arquivo\/wp-content\/uploads\/2021\/07\/3062-Aviao-em-frente-ao-Hotel-Balneario-Avenida-Atlantica-esquina-com-a-Rua-1800-decada-de-1930._4-reuniao-768x498.jpg 768w\" sizes=\"(max-width: 950px) 100vw, 950px\" \/><\/a><figcaption class=\"blocks-gallery-item__caption\">3062 Aviao em frente ao Hotel Balneario Avenida Atlantica esquina com a Rua 1800 decada de 1930. 4 reuniao<\/figcaption><\/figure><\/li><li class=\"blocks-gallery-item\"><figure><a href=\"http:\/\/culturabc.com.br\/arquivo\/wp-content\/uploads\/2021\/07\/3061-Avenida-Atlantica-decada-de-1950_4-reuniao.jpg\"><img loading=\"lazy\" decoding=\"async\" width=\"950\" height=\"569\" src=\"http:\/\/culturabc.com.br\/arquivo\/wp-content\/uploads\/2021\/07\/3061-Avenida-Atlantica-decada-de-1950_4-reuniao.jpg\" alt=\"3061 Avenida Atlantica decada de 1950 4 reuniao\" data-id=\"26253\" data-full-url=\"http:\/\/culturabc.com.br\/arquivo\/wp-content\/uploads\/2021\/07\/3061-Avenida-Atlantica-decada-de-1950_4-reuniao.jpg\" data-link=\"http:\/\/culturabc.com.br\/arquivo\/3061-avenida-atlantica-decada-de-1950_4-reuniao\/\" class=\"wp-image-26253\" srcset=\"https:\/\/culturabc.com.br\/arquivo\/wp-content\/uploads\/2021\/07\/3061-Avenida-Atlantica-decada-de-1950_4-reuniao.jpg 950w, https:\/\/culturabc.com.br\/arquivo\/wp-content\/uploads\/2021\/07\/3061-Avenida-Atlantica-decada-de-1950_4-reuniao-300x180.jpg 300w, https:\/\/culturabc.com.br\/arquivo\/wp-content\/uploads\/2021\/07\/3061-Avenida-Atlantica-decada-de-1950_4-reuniao-768x460.jpg 768w\" sizes=\"(max-width: 950px) 100vw, 950px\" \/><\/a><figcaption class=\"blocks-gallery-item__caption\">3061 Avenida Atlantica decada de 1950 4 reuniao<\/figcaption><\/figure><\/li><li class=\"blocks-gallery-item\"><figure><a href=\"http:\/\/culturabc.com.br\/arquivo\/wp-content\/uploads\/2021\/07\/3069-Carmen-Mendes-com-pescador-na-Praia-de-Laranjeiras-decada-de-1950_4-reuniao.jpg\"><img loading=\"lazy\" decoding=\"async\" width=\"950\" height=\"536\" src=\"http:\/\/culturabc.com.br\/arquivo\/wp-content\/uploads\/2021\/07\/3069-Carmen-Mendes-com-pescador-na-Praia-de-Laranjeiras-decada-de-1950_4-reuniao.jpg\" alt=\"3069 Carmen Mendes com pescador na Praia de Laranjeiras decada de 1950 4 reuniao\" data-id=\"26252\" data-full-url=\"http:\/\/culturabc.com.br\/arquivo\/wp-content\/uploads\/2021\/07\/3069-Carmen-Mendes-com-pescador-na-Praia-de-Laranjeiras-decada-de-1950_4-reuniao.jpg\" data-link=\"http:\/\/culturabc.com.br\/arquivo\/3069-carmen-mendes-com-pescador-na-praia-de-laranjeiras-decada-de-1950_4-reuniao\/\" class=\"wp-image-26252\" srcset=\"https:\/\/culturabc.com.br\/arquivo\/wp-content\/uploads\/2021\/07\/3069-Carmen-Mendes-com-pescador-na-Praia-de-Laranjeiras-decada-de-1950_4-reuniao.jpg 950w, https:\/\/culturabc.com.br\/arquivo\/wp-content\/uploads\/2021\/07\/3069-Carmen-Mendes-com-pescador-na-Praia-de-Laranjeiras-decada-de-1950_4-reuniao-300x169.jpg 300w, https:\/\/culturabc.com.br\/arquivo\/wp-content\/uploads\/2021\/07\/3069-Carmen-Mendes-com-pescador-na-Praia-de-Laranjeiras-decada-de-1950_4-reuniao-768x433.jpg 768w\" sizes=\"(max-width: 950px) 100vw, 950px\" \/><\/a><figcaption class=\"blocks-gallery-item__caption\">3069 Carmen Mendes com pescador na Praia de Laranjeiras decada de 1950 4 reuniao<\/figcaption><\/figure><\/li><li class=\"blocks-gallery-item\"><figure><a href=\"http:\/\/culturabc.com.br\/arquivo\/wp-content\/uploads\/2021\/07\/3068-Carmen-com-seu-padrasto-Joao-Pickering-em-frente-ao-Hotel-Balneario-decada-de-1940_4-reuniao.jpg\"><img loading=\"lazy\" decoding=\"async\" width=\"696\" height=\"1024\" src=\"http:\/\/culturabc.com.br\/arquivo\/wp-content\/uploads\/2021\/07\/3068-Carmen-com-seu-padrasto-Joao-Pickering-em-frente-ao-Hotel-Balneario-decada-de-1940_4-reuniao-696x1024.jpg\" alt=\"3068 Carmen com seu padrasto Joao Pickering em frente ao Hotel Balneario decada de 1940 4 reuniao\" data-id=\"26251\" data-full-url=\"http:\/\/culturabc.com.br\/arquivo\/wp-content\/uploads\/2021\/07\/3068-Carmen-com-seu-padrasto-Joao-Pickering-em-frente-ao-Hotel-Balneario-decada-de-1940_4-reuniao.jpg\" data-link=\"http:\/\/culturabc.com.br\/arquivo\/3068-carmen-com-seu-padrasto-joao-pickering-em-frente-ao-hotel-balneario-decada-de-1940_4-reuniao\/\" class=\"wp-image-26251\" srcset=\"https:\/\/culturabc.com.br\/arquivo\/wp-content\/uploads\/2021\/07\/3068-Carmen-com-seu-padrasto-Joao-Pickering-em-frente-ao-Hotel-Balneario-decada-de-1940_4-reuniao-696x1024.jpg 696w, https:\/\/culturabc.com.br\/arquivo\/wp-content\/uploads\/2021\/07\/3068-Carmen-com-seu-padrasto-Joao-Pickering-em-frente-ao-Hotel-Balneario-decada-de-1940_4-reuniao-204x300.jpg 204w, https:\/\/culturabc.com.br\/arquivo\/wp-content\/uploads\/2021\/07\/3068-Carmen-com-seu-padrasto-Joao-Pickering-em-frente-ao-Hotel-Balneario-decada-de-1940_4-reuniao-768x1129.jpg 768w, https:\/\/culturabc.com.br\/arquivo\/wp-content\/uploads\/2021\/07\/3068-Carmen-com-seu-padrasto-Joao-Pickering-em-frente-ao-Hotel-Balneario-decada-de-1940_4-reuniao.jpg 950w\" sizes=\"(max-width: 696px) 100vw, 696px\" \/><\/a><figcaption class=\"blocks-gallery-item__caption\">3068 Carmen com seu padrasto Joao Pickering em frente ao Hotel Balneario decada de 1940 4 reuniao<\/figcaption><\/figure><\/li><li class=\"blocks-gallery-item\"><figure><a href=\"http:\/\/culturabc.com.br\/arquivo\/wp-content\/uploads\/2021\/07\/3065-Aviao-em-frente-ao-Hotel-Balneario-Avenida-Atlantica-esquina-com-a-Rua-1800-decada-de-1930_4-reuniao.jpg\"><img loading=\"lazy\" decoding=\"async\" width=\"950\" height=\"638\" src=\"http:\/\/culturabc.com.br\/arquivo\/wp-content\/uploads\/2021\/07\/3065-Aviao-em-frente-ao-Hotel-Balneario-Avenida-Atlantica-esquina-com-a-Rua-1800-decada-de-1930_4-reuniao.jpg\" alt=\"3065 Aviao em frente ao Hotel Balneario Avenida Atlantica esquina com a Rua 1800 decada de 1930 4 reuniao\" data-id=\"26249\" data-full-url=\"http:\/\/culturabc.com.br\/arquivo\/wp-content\/uploads\/2021\/07\/3065-Aviao-em-frente-ao-Hotel-Balneario-Avenida-Atlantica-esquina-com-a-Rua-1800-decada-de-1930_4-reuniao.jpg\" data-link=\"http:\/\/culturabc.com.br\/arquivo\/3065-aviao-em-frente-ao-hotel-balneario-avenida-atlantica-esquina-com-a-rua-1800-decada-de-1930_4-reuniao\/\" class=\"wp-image-26249\" srcset=\"https:\/\/culturabc.com.br\/arquivo\/wp-content\/uploads\/2021\/07\/3065-Aviao-em-frente-ao-Hotel-Balneario-Avenida-Atlantica-esquina-com-a-Rua-1800-decada-de-1930_4-reuniao.jpg 950w, https:\/\/culturabc.com.br\/arquivo\/wp-content\/uploads\/2021\/07\/3065-Aviao-em-frente-ao-Hotel-Balneario-Avenida-Atlantica-esquina-com-a-Rua-1800-decada-de-1930_4-reuniao-300x201.jpg 300w, https:\/\/culturabc.com.br\/arquivo\/wp-content\/uploads\/2021\/07\/3065-Aviao-em-frente-ao-Hotel-Balneario-Avenida-Atlantica-esquina-com-a-Rua-1800-decada-de-1930_4-reuniao-768x516.jpg 768w\" sizes=\"(max-width: 950px) 100vw, 950px\" \/><\/a><figcaption class=\"blocks-gallery-item__caption\">3065 Aviao em frente ao Hotel Balneario Avenida Atlantica esquina com a Rua 1800 decada de 1930 4 reuniao<\/figcaption><\/figure><\/li><li class=\"blocks-gallery-item\"><figure><a href=\"http:\/\/culturabc.com.br\/arquivo\/wp-content\/uploads\/2021\/07\/3066-Praia-Central-em-frente-a-Rua-2000-fevereiro-de-1974_4-reuniao.jpg\"><img loading=\"lazy\" decoding=\"async\" width=\"950\" height=\"884\" src=\"http:\/\/culturabc.com.br\/arquivo\/wp-content\/uploads\/2021\/07\/3066-Praia-Central-em-frente-a-Rua-2000-fevereiro-de-1974_4-reuniao.jpg\" alt=\"3066 Praia Central em frente a Rua 2000 fevereiro de 1974 4 reuniao\" data-id=\"26250\" data-full-url=\"http:\/\/culturabc.com.br\/arquivo\/wp-content\/uploads\/2021\/07\/3066-Praia-Central-em-frente-a-Rua-2000-fevereiro-de-1974_4-reuniao.jpg\" data-link=\"http:\/\/culturabc.com.br\/arquivo\/3066-praia-central-em-frente-a-rua-2000-fevereiro-de-1974_4-reuniao\/\" class=\"wp-image-26250\" srcset=\"https:\/\/culturabc.com.br\/arquivo\/wp-content\/uploads\/2021\/07\/3066-Praia-Central-em-frente-a-Rua-2000-fevereiro-de-1974_4-reuniao.jpg 950w, https:\/\/culturabc.com.br\/arquivo\/wp-content\/uploads\/2021\/07\/3066-Praia-Central-em-frente-a-Rua-2000-fevereiro-de-1974_4-reuniao-300x279.jpg 300w, https:\/\/culturabc.com.br\/arquivo\/wp-content\/uploads\/2021\/07\/3066-Praia-Central-em-frente-a-Rua-2000-fevereiro-de-1974_4-reuniao-768x715.jpg 768w\" sizes=\"(max-width: 950px) 100vw, 950px\" \/><\/a><figcaption class=\"blocks-gallery-item__caption\">3066 Praia Central em frente a Rua 2000 fevereiro de 1974 4 reuniao<\/figcaption><\/figure><\/li><li class=\"blocks-gallery-item\"><figure><a href=\"http:\/\/culturabc.com.br\/arquivo\/wp-content\/uploads\/2021\/07\/3073-Cartao-postal-da-Praia-de-Camboriu-decada-de-1950_4-reuniao.jpg\"><img loading=\"lazy\" decoding=\"async\" width=\"950\" height=\"585\" src=\"http:\/\/culturabc.com.br\/arquivo\/wp-content\/uploads\/2021\/07\/3073-Cartao-postal-da-Praia-de-Camboriu-decada-de-1950_4-reuniao.jpg\" alt=\"3073 Cartao postal da Praia de Camboriu decada de 1950 4 reuniao\" data-id=\"26248\" data-full-url=\"http:\/\/culturabc.com.br\/arquivo\/wp-content\/uploads\/2021\/07\/3073-Cartao-postal-da-Praia-de-Camboriu-decada-de-1950_4-reuniao.jpg\" data-link=\"http:\/\/culturabc.com.br\/arquivo\/3073-cartao-postal-da-praia-de-camboriu-decada-de-1950_4-reuniao\/\" class=\"wp-image-26248\" srcset=\"https:\/\/culturabc.com.br\/arquivo\/wp-content\/uploads\/2021\/07\/3073-Cartao-postal-da-Praia-de-Camboriu-decada-de-1950_4-reuniao.jpg 950w, https:\/\/culturabc.com.br\/arquivo\/wp-content\/uploads\/2021\/07\/3073-Cartao-postal-da-Praia-de-Camboriu-decada-de-1950_4-reuniao-300x185.jpg 300w, https:\/\/culturabc.com.br\/arquivo\/wp-content\/uploads\/2021\/07\/3073-Cartao-postal-da-Praia-de-Camboriu-decada-de-1950_4-reuniao-768x473.jpg 768w\" sizes=\"(max-width: 950px) 100vw, 950px\" \/><\/a><figcaption class=\"blocks-gallery-item__caption\">3073 Cartao postal da Praia de Camboriu decada de 1950 4 reuniao<\/figcaption><\/figure><\/li><li class=\"blocks-gallery-item\"><figure><a href=\"http:\/\/culturabc.com.br\/arquivo\/wp-content\/uploads\/2021\/07\/3072-Carro-de-Boi-no-Caminho-de-Laranjeiras-ao-fundo-plantacao-de-mandioca-1942_4-reuniao.jpg\"><img loading=\"lazy\" decoding=\"async\" width=\"576\" height=\"1024\" src=\"http:\/\/culturabc.com.br\/arquivo\/wp-content\/uploads\/2021\/07\/3072-Carro-de-Boi-no-Caminho-de-Laranjeiras-ao-fundo-plantacao-de-mandioca-1942_4-reuniao-576x1024.jpg\" alt=\"3072 Carro de Boi no Caminho de Laranjeiras ao fundo plantacao de mandioca 1942 4 reuniao\" data-id=\"26247\" data-full-url=\"http:\/\/culturabc.com.br\/arquivo\/wp-content\/uploads\/2021\/07\/3072-Carro-de-Boi-no-Caminho-de-Laranjeiras-ao-fundo-plantacao-de-mandioca-1942_4-reuniao.jpg\" data-link=\"http:\/\/culturabc.com.br\/arquivo\/3072-carro-de-boi-no-caminho-de-laranjeiras-ao-fundo-plantacao-de-mandioca-1942_4-reuniao\/\" class=\"wp-image-26247\" srcset=\"https:\/\/culturabc.com.br\/arquivo\/wp-content\/uploads\/2021\/07\/3072-Carro-de-Boi-no-Caminho-de-Laranjeiras-ao-fundo-plantacao-de-mandioca-1942_4-reuniao-576x1024.jpg 576w, https:\/\/culturabc.com.br\/arquivo\/wp-content\/uploads\/2021\/07\/3072-Carro-de-Boi-no-Caminho-de-Laranjeiras-ao-fundo-plantacao-de-mandioca-1942_4-reuniao-169x300.jpg 169w, https:\/\/culturabc.com.br\/arquivo\/wp-content\/uploads\/2021\/07\/3072-Carro-de-Boi-no-Caminho-de-Laranjeiras-ao-fundo-plantacao-de-mandioca-1942_4-reuniao-768x1366.jpg 768w, https:\/\/culturabc.com.br\/arquivo\/wp-content\/uploads\/2021\/07\/3072-Carro-de-Boi-no-Caminho-de-Laranjeiras-ao-fundo-plantacao-de-mandioca-1942_4-reuniao-863x1536.jpg 863w, https:\/\/culturabc.com.br\/arquivo\/wp-content\/uploads\/2021\/07\/3072-Carro-de-Boi-no-Caminho-de-Laranjeiras-ao-fundo-plantacao-de-mandioca-1942_4-reuniao.jpg 950w\" sizes=\"(max-width: 576px) 100vw, 576px\" \/><\/a><figcaption class=\"blocks-gallery-item__caption\">3072 Carro de Boi no Caminho de Laranjeiras ao fundo plantacao de mandioca 1942 4 reuniao<\/figcaption><\/figure><\/li><li class=\"blocks-gallery-item\"><figure><a href=\"http:\/\/culturabc.com.br\/arquivo\/wp-content\/uploads\/2021\/07\/3071-Hotel-Balneario-Avenida-Atlantica-esquina-com-a-Rua-1800-decada-de-1930_4-reuniao.jpg\"><img loading=\"lazy\" decoding=\"async\" width=\"950\" height=\"638\" src=\"http:\/\/culturabc.com.br\/arquivo\/wp-content\/uploads\/2021\/07\/3071-Hotel-Balneario-Avenida-Atlantica-esquina-com-a-Rua-1800-decada-de-1930_4-reuniao.jpg\" alt=\"3071 Hotel Balneario Avenida Atlantica esquina com a Rua 1800 decada de 1930 4 reuniao\" data-id=\"26246\" data-full-url=\"http:\/\/culturabc.com.br\/arquivo\/wp-content\/uploads\/2021\/07\/3071-Hotel-Balneario-Avenida-Atlantica-esquina-com-a-Rua-1800-decada-de-1930_4-reuniao.jpg\" data-link=\"http:\/\/culturabc.com.br\/arquivo\/3071-hotel-balneario-avenida-atlantica-esquina-com-a-rua-1800-decada-de-1930_4-reuniao\/\" class=\"wp-image-26246\" srcset=\"https:\/\/culturabc.com.br\/arquivo\/wp-content\/uploads\/2021\/07\/3071-Hotel-Balneario-Avenida-Atlantica-esquina-com-a-Rua-1800-decada-de-1930_4-reuniao.jpg 950w, https:\/\/culturabc.com.br\/arquivo\/wp-content\/uploads\/2021\/07\/3071-Hotel-Balneario-Avenida-Atlantica-esquina-com-a-Rua-1800-decada-de-1930_4-reuniao-300x201.jpg 300w, https:\/\/culturabc.com.br\/arquivo\/wp-content\/uploads\/2021\/07\/3071-Hotel-Balneario-Avenida-Atlantica-esquina-com-a-Rua-1800-decada-de-1930_4-reuniao-768x516.jpg 768w\" sizes=\"(max-width: 950px) 100vw, 950px\" \/><\/a><figcaption class=\"blocks-gallery-item__caption\">3071 Hotel Balneario Avenida Atlantica esquina com a Rua 1800 decada de 1930 4 reuniao<\/figcaption><\/figure><\/li><li class=\"blocks-gallery-item\"><figure><a href=\"http:\/\/culturabc.com.br\/arquivo\/wp-content\/uploads\/2021\/07\/3070-Carmen-na-Ponta-de-Laranjeiras-decada-de-1950_4-reuniao.jpg\"><img loading=\"lazy\" decoding=\"async\" width=\"654\" height=\"1024\" src=\"http:\/\/culturabc.com.br\/arquivo\/wp-content\/uploads\/2021\/07\/3070-Carmen-na-Ponta-de-Laranjeiras-decada-de-1950_4-reuniao-654x1024.jpg\" alt=\"3070 Carmen na Ponta de Laranjeiras decada de 1950 4 reuniao\" data-id=\"26245\" data-full-url=\"http:\/\/culturabc.com.br\/arquivo\/wp-content\/uploads\/2021\/07\/3070-Carmen-na-Ponta-de-Laranjeiras-decada-de-1950_4-reuniao.jpg\" data-link=\"http:\/\/culturabc.com.br\/arquivo\/3070-carmen-na-ponta-de-laranjeiras-decada-de-1950_4-reuniao\/\" class=\"wp-image-26245\" srcset=\"https:\/\/culturabc.com.br\/arquivo\/wp-content\/uploads\/2021\/07\/3070-Carmen-na-Ponta-de-Laranjeiras-decada-de-1950_4-reuniao-654x1024.jpg 654w, https:\/\/culturabc.com.br\/arquivo\/wp-content\/uploads\/2021\/07\/3070-Carmen-na-Ponta-de-Laranjeiras-decada-de-1950_4-reuniao-192x300.jpg 192w, https:\/\/culturabc.com.br\/arquivo\/wp-content\/uploads\/2021\/07\/3070-Carmen-na-Ponta-de-Laranjeiras-decada-de-1950_4-reuniao-768x1203.jpg 768w, https:\/\/culturabc.com.br\/arquivo\/wp-content\/uploads\/2021\/07\/3070-Carmen-na-Ponta-de-Laranjeiras-decada-de-1950_4-reuniao.jpg 950w\" sizes=\"(max-width: 654px) 100vw, 654px\" \/><\/a><figcaption class=\"blocks-gallery-item__caption\">3070 Carmen na Ponta de Laranjeiras decada de 1950 4 reuniao<\/figcaption><\/figure><\/li><li class=\"blocks-gallery-item\"><figure><a href=\"http:\/\/culturabc.com.br\/arquivo\/wp-content\/uploads\/2021\/07\/3085-Igreja-Evangelica-Assembleia-de-Deus-Rua-Noruega-26-Bairro-das-Nacoes-dezembro-de-1962_4-reuniao.jpg\"><img loading=\"lazy\" decoding=\"async\" width=\"950\" height=\"701\" src=\"http:\/\/culturabc.com.br\/arquivo\/wp-content\/uploads\/2021\/07\/3085-Igreja-Evangelica-Assembleia-de-Deus-Rua-Noruega-26-Bairro-das-Nacoes-dezembro-de-1962_4-reuniao.jpg\" alt=\"3085 Igreja Evangelica Assembleia de Deus Rua Noruega 26 Bairro das Nacoes dezembro de 1962 4 reuniao\" data-id=\"26244\" data-full-url=\"http:\/\/culturabc.com.br\/arquivo\/wp-content\/uploads\/2021\/07\/3085-Igreja-Evangelica-Assembleia-de-Deus-Rua-Noruega-26-Bairro-das-Nacoes-dezembro-de-1962_4-reuniao.jpg\" data-link=\"http:\/\/culturabc.com.br\/arquivo\/3085-igreja-evangelica-assembleia-de-deus-rua-noruega-26-bairro-das-nacoes-dezembro-de-1962_4-reuniao\/\" class=\"wp-image-26244\" srcset=\"https:\/\/culturabc.com.br\/arquivo\/wp-content\/uploads\/2021\/07\/3085-Igreja-Evangelica-Assembleia-de-Deus-Rua-Noruega-26-Bairro-das-Nacoes-dezembro-de-1962_4-reuniao.jpg 950w, https:\/\/culturabc.com.br\/arquivo\/wp-content\/uploads\/2021\/07\/3085-Igreja-Evangelica-Assembleia-de-Deus-Rua-Noruega-26-Bairro-das-Nacoes-dezembro-de-1962_4-reuniao-300x221.jpg 300w, https:\/\/culturabc.com.br\/arquivo\/wp-content\/uploads\/2021\/07\/3085-Igreja-Evangelica-Assembleia-de-Deus-Rua-Noruega-26-Bairro-das-Nacoes-dezembro-de-1962_4-reuniao-768x567.jpg 768w\" sizes=\"(max-width: 950px) 100vw, 950px\" \/><\/a><figcaption class=\"blocks-gallery-item__caption\">3085 Igreja Evangelica Assembleia de Deus Rua Noruega 26 Bairro das Nacoes dezembro de 1962 4 reuniao<\/figcaption><\/figure><\/li><li class=\"blocks-gallery-item\"><figure><a href=\"http:\/\/culturabc.com.br\/arquivo\/wp-content\/uploads\/2021\/07\/3084-Bairro-da-Barra-onde-hoje-e-a-Rua-Emanoel-Rebelo-dos-Santos-decada-1940_4-reuniao.jpg\"><img loading=\"lazy\" decoding=\"async\" width=\"950\" height=\"567\" src=\"http:\/\/culturabc.com.br\/arquivo\/wp-content\/uploads\/2021\/07\/3084-Bairro-da-Barra-onde-hoje-e-a-Rua-Emanoel-Rebelo-dos-Santos-decada-1940_4-reuniao.jpg\" alt=\"3084 Bairro da Barra onde hoje e a Rua Emanoel Rebelo dos Santos decada 1940 4 reuniao\" data-id=\"26243\" data-full-url=\"http:\/\/culturabc.com.br\/arquivo\/wp-content\/uploads\/2021\/07\/3084-Bairro-da-Barra-onde-hoje-e-a-Rua-Emanoel-Rebelo-dos-Santos-decada-1940_4-reuniao.jpg\" data-link=\"http:\/\/culturabc.com.br\/arquivo\/3084-bairro-da-barra-onde-hoje-e-a-rua-emanoel-rebelo-dos-santos-decada-1940_4-reuniao\/\" class=\"wp-image-26243\" srcset=\"https:\/\/culturabc.com.br\/arquivo\/wp-content\/uploads\/2021\/07\/3084-Bairro-da-Barra-onde-hoje-e-a-Rua-Emanoel-Rebelo-dos-Santos-decada-1940_4-reuniao.jpg 950w, https:\/\/culturabc.com.br\/arquivo\/wp-content\/uploads\/2021\/07\/3084-Bairro-da-Barra-onde-hoje-e-a-Rua-Emanoel-Rebelo-dos-Santos-decada-1940_4-reuniao-300x179.jpg 300w, https:\/\/culturabc.com.br\/arquivo\/wp-content\/uploads\/2021\/07\/3084-Bairro-da-Barra-onde-hoje-e-a-Rua-Emanoel-Rebelo-dos-Santos-decada-1940_4-reuniao-768x458.jpg 768w\" sizes=\"(max-width: 950px) 100vw, 950px\" \/><\/a><figcaption class=\"blocks-gallery-item__caption\">3084 Bairro da Barra onde hoje e a Rua Emanoel Rebelo dos Santos decada 1940 4 reuniao<\/figcaption><\/figure><\/li><li class=\"blocks-gallery-item\"><figure><a href=\"http:\/\/culturabc.com.br\/arquivo\/wp-content\/uploads\/2021\/07\/3082-Vista-geral-da-Praia-Central-ao-fundo-Hotel-Marambaia-e-Ilha-das-Cabras-1967_4-reuniao.jpg\"><img loading=\"lazy\" decoding=\"async\" width=\"950\" height=\"666\" src=\"http:\/\/culturabc.com.br\/arquivo\/wp-content\/uploads\/2021\/07\/3082-Vista-geral-da-Praia-Central-ao-fundo-Hotel-Marambaia-e-Ilha-das-Cabras-1967_4-reuniao.jpg\" alt=\"3082 Vista geral da Praia Central ao fundo Hotel Marambaia e Ilha das Cabras 1967 4 reuniao\" data-id=\"26242\" data-full-url=\"http:\/\/culturabc.com.br\/arquivo\/wp-content\/uploads\/2021\/07\/3082-Vista-geral-da-Praia-Central-ao-fundo-Hotel-Marambaia-e-Ilha-das-Cabras-1967_4-reuniao.jpg\" data-link=\"http:\/\/culturabc.com.br\/arquivo\/3082-vista-geral-da-praia-central-ao-fundo-hotel-marambaia-e-ilha-das-cabras-1967_4-reuniao\/\" class=\"wp-image-26242\" srcset=\"https:\/\/culturabc.com.br\/arquivo\/wp-content\/uploads\/2021\/07\/3082-Vista-geral-da-Praia-Central-ao-fundo-Hotel-Marambaia-e-Ilha-das-Cabras-1967_4-reuniao.jpg 950w, https:\/\/culturabc.com.br\/arquivo\/wp-content\/uploads\/2021\/07\/3082-Vista-geral-da-Praia-Central-ao-fundo-Hotel-Marambaia-e-Ilha-das-Cabras-1967_4-reuniao-300x210.jpg 300w, https:\/\/culturabc.com.br\/arquivo\/wp-content\/uploads\/2021\/07\/3082-Vista-geral-da-Praia-Central-ao-fundo-Hotel-Marambaia-e-Ilha-das-Cabras-1967_4-reuniao-768x538.jpg 768w\" sizes=\"(max-width: 950px) 100vw, 950px\" \/><\/a><figcaption class=\"blocks-gallery-item__caption\">3082 Vista geral da Praia Central ao fundo Hotel Marambaia e Ilha das Cabras 1967 4 reuniao<\/figcaption><\/figure><\/li><li class=\"blocks-gallery-item\"><figure><a href=\"http:\/\/culturabc.com.br\/arquivo\/wp-content\/uploads\/2021\/07\/3078-Festa-de-Procissao-de-Nossa-Senhora-de-Navegantes-Bairro-da-Barra-decada-de-1950_4-reuniao.jpg\"><img loading=\"lazy\" decoding=\"async\" width=\"950\" height=\"807\" src=\"http:\/\/culturabc.com.br\/arquivo\/wp-content\/uploads\/2021\/07\/3078-Festa-de-Procissao-de-Nossa-Senhora-de-Navegantes-Bairro-da-Barra-decada-de-1950_4-reuniao.jpg\" alt=\"3078 Festa de Procissao de Nossa Senhora de Navegantes Bairro da Barra decada de 1950 4 reuniao\" data-id=\"26241\" data-full-url=\"http:\/\/culturabc.com.br\/arquivo\/wp-content\/uploads\/2021\/07\/3078-Festa-de-Procissao-de-Nossa-Senhora-de-Navegantes-Bairro-da-Barra-decada-de-1950_4-reuniao.jpg\" data-link=\"http:\/\/culturabc.com.br\/arquivo\/3078-festa-de-procissao-de-nossa-senhora-de-navegantes-bairro-da-barra-decada-de-1950_4-reuniao\/\" class=\"wp-image-26241\" srcset=\"https:\/\/culturabc.com.br\/arquivo\/wp-content\/uploads\/2021\/07\/3078-Festa-de-Procissao-de-Nossa-Senhora-de-Navegantes-Bairro-da-Barra-decada-de-1950_4-reuniao.jpg 950w, https:\/\/culturabc.com.br\/arquivo\/wp-content\/uploads\/2021\/07\/3078-Festa-de-Procissao-de-Nossa-Senhora-de-Navegantes-Bairro-da-Barra-decada-de-1950_4-reuniao-300x255.jpg 300w, https:\/\/culturabc.com.br\/arquivo\/wp-content\/uploads\/2021\/07\/3078-Festa-de-Procissao-de-Nossa-Senhora-de-Navegantes-Bairro-da-Barra-decada-de-1950_4-reuniao-768x652.jpg 768w\" sizes=\"(max-width: 950px) 100vw, 950px\" \/><\/a><figcaption class=\"blocks-gallery-item__caption\">3078 Festa de Procissao de Nossa Senhora de Navegantes Bairro da Barra decada de 1950 4 reuniao<\/figcaption><\/figure><\/li><\/ul><\/figure>\n","protected":false},"excerpt":{"rendered":"<p>4\u00aa reuni\u00e3o Data: 24 de maio de 2018Local: Arquivo Hist\u00f3rico de Balne\u00e1rio Cambori\u00faColaboradores: \u00c1lvaro Silva, Antonio Jorge de Borba, Carlos Schlup, Erotides Campos, FernandoDelatorre, L\u00facia Nascimento e Luiz Carlos ChedidFotografias identificadas: 29 imagens Fotografias identificadas<\/p>\n","protected":false},"author":1,"featured_media":0,"parent":0,"menu_order":0,"comment_status":"closed","ping_status":"closed","template":"","meta":{"footnotes":""},"class_list":["post-25761","page","type-page","status-publish","hentry"],"_links":{"self":[{"href":"https:\/\/culturabc.com.br\/arquivo\/wp-json\/wp\/v2\/pages\/25761","targetHints":{"allow":["GET"]}}],"collection":[{"href":"https:\/\/culturabc.com.br\/arquivo\/wp-json\/wp\/v2\/pages"}],"about":[{"href":"https:\/\/culturabc.com.br\/arquivo\/wp-json\/wp\/v2\/types\/page"}],"author":[{"embeddable":true,"href":"https:\/\/culturabc.com.br\/arquivo\/wp-json\/wp\/v2\/users\/1"}],"replies":[{"embeddable":true,"href":"https:\/\/culturabc.com.br\/arquivo\/wp-json\/wp\/v2\/comments?post=25761"}],"version-history":[{"count":5,"href":"https:\/\/culturabc.com.br\/arquivo\/wp-json\/wp\/v2\/pages\/25761\/revisions"}],"predecessor-version":[{"id":26523,"href":"https:\/\/culturabc.com.br\/arquivo\/wp-json\/wp\/v2\/pages\/25761\/revisions\/26523"}],"wp:attachment":[{"href":"https:\/\/culturabc.com.br\/arquivo\/wp-json\/wp\/v2\/media?parent=25761"}],"curies":[{"name":"wp","href":"https:\/\/api.w.org\/{rel}","templated":true}]}}