{"id":25775,"date":"2021-07-19T14:27:20","date_gmt":"2021-07-19T17:27:20","guid":{"rendered":"http:\/\/culturabc.com.br\/arquivo\/?page_id=25775"},"modified":"2021-07-20T13:30:44","modified_gmt":"2021-07-20T16:30:44","slug":"3a-reuniao","status":"publish","type":"page","link":"https:\/\/culturabc.com.br\/arquivo\/3a-reuniao\/","title":{"rendered":"3\u00aa Reuni\u00e3o"},"content":{"rendered":"\n<h2 class=\"wp-block-heading\"><strong>3\u00aa reuni\u00e3o<\/strong><\/h2>\n\n\n\n<p><strong>Data: 22 de novembro de 2016<\/strong><br>Local: Arquivo Hist\u00f3rico de Balne\u00e1rio Cambori\u00fa<br>Colaboradores: Ademar Silva, \u00c1lvaro Silva, Jurandir Knabben, Luiz Carlos Chedid e Remi Os\u00f3rio<br>Fotografias identificadas: 46 imagens<br>Neste encontro, foram repassadas as fotografias antigas digitalizadas para complementar a identifica\u00e7\u00e3o.<\/p>\n\n\n\n<h2 class=\"wp-block-heading\">Fotografias identificadas<\/h2>\n\n\n\n<figure class=\"wp-block-gallery columns-3 is-cropped wp-block-gallery-1 is-layout-flex wp-block-gallery-is-layout-flex\"><ul class=\"blocks-gallery-grid\"><li class=\"blocks-gallery-item\"><figure><a href=\"http:\/\/culturabc.com.br\/arquivo\/wp-content\/uploads\/2021\/07\/3026-Na-imagem-Heraldo-N.-Arruda-Frei-Belmiro-Brondani-Osvaldo-Da-Silva-Husadel-Wilson-Santos-Dr.-Helio-Carneiro-decada-de-1970_3-reuniao.jpg\"><img fetchpriority=\"high\" decoding=\"async\" width=\"1024\" height=\"687\" src=\"http:\/\/culturabc.com.br\/arquivo\/wp-content\/uploads\/2021\/07\/3026-Na-imagem-Heraldo-N.-Arruda-Frei-Belmiro-Brondani-Osvaldo-Da-Silva-Husadel-Wilson-Santos-Dr.-Helio-Carneiro-decada-de-1970_3-reuniao-1024x687.jpg\" alt=\"3026 Na imagem Heraldo N. Arruda Frei Belmiro Brondani Osvaldo Da Silva Husadel Wilson Santos Dr. Helio Carneiro decada de 1970 3 reuniao\" data-id=\"26501\" data-full-url=\"http:\/\/culturabc.com.br\/arquivo\/wp-content\/uploads\/2021\/07\/3026-Na-imagem-Heraldo-N.-Arruda-Frei-Belmiro-Brondani-Osvaldo-Da-Silva-Husadel-Wilson-Santos-Dr.-Helio-Carneiro-decada-de-1970_3-reuniao.jpg\" data-link=\"http:\/\/culturabc.com.br\/arquivo\/3026-na-imagem-heraldo-n-arruda-frei-belmiro-brondani-osvaldo-da-silva-husadel-wilson-santos-dr-helio-carneiro-decada-de-1970_3-reuniao\/\" class=\"wp-image-26501\" srcset=\"https:\/\/culturabc.com.br\/arquivo\/wp-content\/uploads\/2021\/07\/3026-Na-imagem-Heraldo-N.-Arruda-Frei-Belmiro-Brondani-Osvaldo-Da-Silva-Husadel-Wilson-Santos-Dr.-Helio-Carneiro-decada-de-1970_3-reuniao-1024x687.jpg 1024w, https:\/\/culturabc.com.br\/arquivo\/wp-content\/uploads\/2021\/07\/3026-Na-imagem-Heraldo-N.-Arruda-Frei-Belmiro-Brondani-Osvaldo-Da-Silva-Husadel-Wilson-Santos-Dr.-Helio-Carneiro-decada-de-1970_3-reuniao-300x201.jpg 300w, https:\/\/culturabc.com.br\/arquivo\/wp-content\/uploads\/2021\/07\/3026-Na-imagem-Heraldo-N.-Arruda-Frei-Belmiro-Brondani-Osvaldo-Da-Silva-Husadel-Wilson-Santos-Dr.-Helio-Carneiro-decada-de-1970_3-reuniao-768x515.jpg 768w, https:\/\/culturabc.com.br\/arquivo\/wp-content\/uploads\/2021\/07\/3026-Na-imagem-Heraldo-N.-Arruda-Frei-Belmiro-Brondani-Osvaldo-Da-Silva-Husadel-Wilson-Santos-Dr.-Helio-Carneiro-decada-de-1970_3-reuniao-1536x1030.jpg 1536w, https:\/\/culturabc.com.br\/arquivo\/wp-content\/uploads\/2021\/07\/3026-Na-imagem-Heraldo-N.-Arruda-Frei-Belmiro-Brondani-Osvaldo-Da-Silva-Husadel-Wilson-Santos-Dr.-Helio-Carneiro-decada-de-1970_3-reuniao.jpg 1939w\" sizes=\"(max-width: 1024px) 100vw, 1024px\" \/><\/a><figcaption class=\"blocks-gallery-item__caption\">3026 Na imagem Heraldo N. Arruda Frei Belmiro Brondani Osvaldo Da Silva Husadel Wilson Santos Dr. Helio Carneiro decada de 1970 3 reuniao<\/figcaption><\/figure><\/li><li class=\"blocks-gallery-item\"><figure><a href=\"http:\/\/culturabc.com.br\/arquivo\/wp-content\/uploads\/2021\/07\/3024-Na-imagem-Ivo-Bernardi-gerente-do-Bamerindus-Jose-A.-Heil-Antonio-Gadotti-Sergio-B.-laus-Jose-Jorge-Pio-decada-de-1970_3-reuniao.jpg\"><img decoding=\"async\" width=\"1024\" height=\"724\" src=\"http:\/\/culturabc.com.br\/arquivo\/wp-content\/uploads\/2021\/07\/3024-Na-imagem-Ivo-Bernardi-gerente-do-Bamerindus-Jose-A.-Heil-Antonio-Gadotti-Sergio-B.-laus-Jose-Jorge-Pio-decada-de-1970_3-reuniao-1024x724.jpg\" alt=\"3024 Na imagem Ivo Bernardi gerente do Bamerindus Jose A. Heil Antonio Gadotti Sergio B. laus Jose Jorge Pio decada de 1970 3 reuniao\" data-id=\"26500\" data-full-url=\"http:\/\/culturabc.com.br\/arquivo\/wp-content\/uploads\/2021\/07\/3024-Na-imagem-Ivo-Bernardi-gerente-do-Bamerindus-Jose-A.-Heil-Antonio-Gadotti-Sergio-B.-laus-Jose-Jorge-Pio-decada-de-1970_3-reuniao.jpg\" data-link=\"http:\/\/culturabc.com.br\/arquivo\/3024-na-imagem-ivo-bernardi-gerente-do-bamerindus-jose-a-heil-antonio-gadotti-sergio-b-laus-jose-jorge-pio-decada-de-1970_3-reuniao\/\" class=\"wp-image-26500\" srcset=\"https:\/\/culturabc.com.br\/arquivo\/wp-content\/uploads\/2021\/07\/3024-Na-imagem-Ivo-Bernardi-gerente-do-Bamerindus-Jose-A.-Heil-Antonio-Gadotti-Sergio-B.-laus-Jose-Jorge-Pio-decada-de-1970_3-reuniao-1024x724.jpg 1024w, https:\/\/culturabc.com.br\/arquivo\/wp-content\/uploads\/2021\/07\/3024-Na-imagem-Ivo-Bernardi-gerente-do-Bamerindus-Jose-A.-Heil-Antonio-Gadotti-Sergio-B.-laus-Jose-Jorge-Pio-decada-de-1970_3-reuniao-300x212.jpg 300w, https:\/\/culturabc.com.br\/arquivo\/wp-content\/uploads\/2021\/07\/3024-Na-imagem-Ivo-Bernardi-gerente-do-Bamerindus-Jose-A.-Heil-Antonio-Gadotti-Sergio-B.-laus-Jose-Jorge-Pio-decada-de-1970_3-reuniao-768x543.jpg 768w, https:\/\/culturabc.com.br\/arquivo\/wp-content\/uploads\/2021\/07\/3024-Na-imagem-Ivo-Bernardi-gerente-do-Bamerindus-Jose-A.-Heil-Antonio-Gadotti-Sergio-B.-laus-Jose-Jorge-Pio-decada-de-1970_3-reuniao-1536x1087.jpg 1536w, https:\/\/culturabc.com.br\/arquivo\/wp-content\/uploads\/2021\/07\/3024-Na-imagem-Ivo-Bernardi-gerente-do-Bamerindus-Jose-A.-Heil-Antonio-Gadotti-Sergio-B.-laus-Jose-Jorge-Pio-decada-de-1970_3-reuniao.jpg 1900w\" sizes=\"(max-width: 1024px) 100vw, 1024px\" \/><\/a><figcaption class=\"blocks-gallery-item__caption\">3024 Na imagem Ivo Bernardi gerente do Bamerindus Jose A. Heil Antonio Gadotti Sergio B. laus Jose Jorge Pio decada de 1970 3 reuniao<\/figcaption><\/figure><\/li><li class=\"blocks-gallery-item\"><figure><a href=\"http:\/\/culturabc.com.br\/arquivo\/wp-content\/uploads\/2021\/07\/3023-Na-imagem-Ivo-Bernardi-gerente-do-Bamerindus-Heraldo-Arruda-Antonio-Gadotti-Sergio-B.-laus-Jose-Jorge-Pio-decada-de-1970_3-reuniao.jpg\"><img decoding=\"async\" width=\"1024\" height=\"696\" src=\"http:\/\/culturabc.com.br\/arquivo\/wp-content\/uploads\/2021\/07\/3023-Na-imagem-Ivo-Bernardi-gerente-do-Bamerindus-Heraldo-Arruda-Antonio-Gadotti-Sergio-B.-laus-Jose-Jorge-Pio-decada-de-1970_3-reuniao-1024x696.jpg\" alt=\"3023 Na imagem Ivo Bernardi gerente do Bamerindus Heraldo Arruda Antonio Gadotti Sergio B. laus Jose Jorge Pio decada de 1970 3 reuniao\" data-id=\"26499\" data-full-url=\"http:\/\/culturabc.com.br\/arquivo\/wp-content\/uploads\/2021\/07\/3023-Na-imagem-Ivo-Bernardi-gerente-do-Bamerindus-Heraldo-Arruda-Antonio-Gadotti-Sergio-B.-laus-Jose-Jorge-Pio-decada-de-1970_3-reuniao.jpg\" data-link=\"http:\/\/culturabc.com.br\/arquivo\/3023-na-imagem-ivo-bernardi-gerente-do-bamerindus-heraldo-arruda-antonio-gadotti-sergio-b-laus-jose-jorge-pio-decada-de-1970_3-reuniao\/\" class=\"wp-image-26499\" srcset=\"https:\/\/culturabc.com.br\/arquivo\/wp-content\/uploads\/2021\/07\/3023-Na-imagem-Ivo-Bernardi-gerente-do-Bamerindus-Heraldo-Arruda-Antonio-Gadotti-Sergio-B.-laus-Jose-Jorge-Pio-decada-de-1970_3-reuniao-1024x696.jpg 1024w, https:\/\/culturabc.com.br\/arquivo\/wp-content\/uploads\/2021\/07\/3023-Na-imagem-Ivo-Bernardi-gerente-do-Bamerindus-Heraldo-Arruda-Antonio-Gadotti-Sergio-B.-laus-Jose-Jorge-Pio-decada-de-1970_3-reuniao-300x204.jpg 300w, https:\/\/culturabc.com.br\/arquivo\/wp-content\/uploads\/2021\/07\/3023-Na-imagem-Ivo-Bernardi-gerente-do-Bamerindus-Heraldo-Arruda-Antonio-Gadotti-Sergio-B.-laus-Jose-Jorge-Pio-decada-de-1970_3-reuniao-768x522.jpg 768w, https:\/\/culturabc.com.br\/arquivo\/wp-content\/uploads\/2021\/07\/3023-Na-imagem-Ivo-Bernardi-gerente-do-Bamerindus-Heraldo-Arruda-Antonio-Gadotti-Sergio-B.-laus-Jose-Jorge-Pio-decada-de-1970_3-reuniao-1536x1045.jpg 1536w, https:\/\/culturabc.com.br\/arquivo\/wp-content\/uploads\/2021\/07\/3023-Na-imagem-Ivo-Bernardi-gerente-do-Bamerindus-Heraldo-Arruda-Antonio-Gadotti-Sergio-B.-laus-Jose-Jorge-Pio-decada-de-1970_3-reuniao.jpg 2032w\" sizes=\"(max-width: 1024px) 100vw, 1024px\" \/><\/a><figcaption class=\"blocks-gallery-item__caption\">3023 Na imagem Ivo Bernardi gerente do Bamerindus Heraldo Arruda Antonio Gadotti Sergio B. laus Jose Jorge Pio decada de 1970 3 reuniao<\/figcaption><\/figure><\/li><li class=\"blocks-gallery-item\"><figure><a href=\"http:\/\/culturabc.com.br\/arquivo\/wp-content\/uploads\/2021\/07\/3018-Na-imagem-Sergio-B.-Laus-Joao-Jorge-Pio-Gilberto-A.-Meirinho-Heraldo-Neves-Arruda-decada-de-1980_3-reuniao.jpg\"><img loading=\"lazy\" decoding=\"async\" width=\"1024\" height=\"731\" src=\"http:\/\/culturabc.com.br\/arquivo\/wp-content\/uploads\/2021\/07\/3018-Na-imagem-Sergio-B.-Laus-Joao-Jorge-Pio-Gilberto-A.-Meirinho-Heraldo-Neves-Arruda-decada-de-1980_3-reuniao-1024x731.jpg\" alt=\"3018 Na imagem Sergio B. Laus Joao Jorge Pio Gilberto A. Meirinho Heraldo Neves Arruda decada de 1980 3 reuniao\" data-id=\"26498\" data-full-url=\"http:\/\/culturabc.com.br\/arquivo\/wp-content\/uploads\/2021\/07\/3018-Na-imagem-Sergio-B.-Laus-Joao-Jorge-Pio-Gilberto-A.-Meirinho-Heraldo-Neves-Arruda-decada-de-1980_3-reuniao.jpg\" data-link=\"http:\/\/culturabc.com.br\/arquivo\/3018-na-imagem-sergio-b-laus-joao-jorge-pio-gilberto-a-meirinho-heraldo-neves-arruda-decada-de-1980_3-reuniao\/\" class=\"wp-image-26498\" srcset=\"https:\/\/culturabc.com.br\/arquivo\/wp-content\/uploads\/2021\/07\/3018-Na-imagem-Sergio-B.-Laus-Joao-Jorge-Pio-Gilberto-A.-Meirinho-Heraldo-Neves-Arruda-decada-de-1980_3-reuniao-1024x731.jpg 1024w, https:\/\/culturabc.com.br\/arquivo\/wp-content\/uploads\/2021\/07\/3018-Na-imagem-Sergio-B.-Laus-Joao-Jorge-Pio-Gilberto-A.-Meirinho-Heraldo-Neves-Arruda-decada-de-1980_3-reuniao-300x214.jpg 300w, https:\/\/culturabc.com.br\/arquivo\/wp-content\/uploads\/2021\/07\/3018-Na-imagem-Sergio-B.-Laus-Joao-Jorge-Pio-Gilberto-A.-Meirinho-Heraldo-Neves-Arruda-decada-de-1980_3-reuniao-768x548.jpg 768w, https:\/\/culturabc.com.br\/arquivo\/wp-content\/uploads\/2021\/07\/3018-Na-imagem-Sergio-B.-Laus-Joao-Jorge-Pio-Gilberto-A.-Meirinho-Heraldo-Neves-Arruda-decada-de-1980_3-reuniao-1536x1096.jpg 1536w, https:\/\/culturabc.com.br\/arquivo\/wp-content\/uploads\/2021\/07\/3018-Na-imagem-Sergio-B.-Laus-Joao-Jorge-Pio-Gilberto-A.-Meirinho-Heraldo-Neves-Arruda-decada-de-1980_3-reuniao.jpg 1872w\" sizes=\"(max-width: 1024px) 100vw, 1024px\" \/><\/a><figcaption class=\"blocks-gallery-item__caption\">3018 Na imagem Sergio B. Laus Joao Jorge Pio Gilberto A. Meirinho Heraldo Neves Arruda decada de 1980 3 reuniao<\/figcaption><\/figure><\/li><li class=\"blocks-gallery-item\"><figure><a href=\"http:\/\/culturabc.com.br\/arquivo\/wp-content\/uploads\/2021\/07\/3017-Antonio-Galotti-Ivo-Bernardes-Jose-Augusto-Heil-Jose-Alberto-Schelemberg-Orival-Perez-decada-de-1970_3-reuniao.jpg\"><img loading=\"lazy\" decoding=\"async\" width=\"1024\" height=\"674\" src=\"http:\/\/culturabc.com.br\/arquivo\/wp-content\/uploads\/2021\/07\/3017-Antonio-Galotti-Ivo-Bernardes-Jose-Augusto-Heil-Jose-Alberto-Schelemberg-Orival-Perez-decada-de-1970_3-reuniao-1024x674.jpg\" alt=\"3017 Antonio Galotti Ivo Bernardes Jose Augusto Heil Jose Alberto Schelemberg Orival Perez decada de 1970 3 reuniao\" data-id=\"26497\" data-full-url=\"http:\/\/culturabc.com.br\/arquivo\/wp-content\/uploads\/2021\/07\/3017-Antonio-Galotti-Ivo-Bernardes-Jose-Augusto-Heil-Jose-Alberto-Schelemberg-Orival-Perez-decada-de-1970_3-reuniao.jpg\" data-link=\"http:\/\/culturabc.com.br\/arquivo\/3017-antonio-galotti-ivo-bernardes-jose-augusto-heil-jose-alberto-schelemberg-orival-perez-decada-de-1970_3-reuniao\/\" class=\"wp-image-26497\" srcset=\"https:\/\/culturabc.com.br\/arquivo\/wp-content\/uploads\/2021\/07\/3017-Antonio-Galotti-Ivo-Bernardes-Jose-Augusto-Heil-Jose-Alberto-Schelemberg-Orival-Perez-decada-de-1970_3-reuniao-1024x674.jpg 1024w, https:\/\/culturabc.com.br\/arquivo\/wp-content\/uploads\/2021\/07\/3017-Antonio-Galotti-Ivo-Bernardes-Jose-Augusto-Heil-Jose-Alberto-Schelemberg-Orival-Perez-decada-de-1970_3-reuniao-300x197.jpg 300w, https:\/\/culturabc.com.br\/arquivo\/wp-content\/uploads\/2021\/07\/3017-Antonio-Galotti-Ivo-Bernardes-Jose-Augusto-Heil-Jose-Alberto-Schelemberg-Orival-Perez-decada-de-1970_3-reuniao-768x505.jpg 768w, https:\/\/culturabc.com.br\/arquivo\/wp-content\/uploads\/2021\/07\/3017-Antonio-Galotti-Ivo-Bernardes-Jose-Augusto-Heil-Jose-Alberto-Schelemberg-Orival-Perez-decada-de-1970_3-reuniao-1536x1010.jpg 1536w, https:\/\/culturabc.com.br\/arquivo\/wp-content\/uploads\/2021\/07\/3017-Antonio-Galotti-Ivo-Bernardes-Jose-Augusto-Heil-Jose-Alberto-Schelemberg-Orival-Perez-decada-de-1970_3-reuniao.jpg 2002w\" sizes=\"(max-width: 1024px) 100vw, 1024px\" \/><\/a><figcaption class=\"blocks-gallery-item__caption\">3017 Antonio Galotti Ivo Bernardes Jose Augusto Heil Jose Alberto Schelemberg Orival Perez decada de 1970 3 reuniao<\/figcaption><\/figure><\/li><li class=\"blocks-gallery-item\"><figure><a href=\"http:\/\/culturabc.com.br\/arquivo\/wp-content\/uploads\/2021\/07\/3054-Na-imagem-Frei-Belmiro-Brandone-Delegado-Pedro-Benedetti-Antonio-Espindola-Walter-Fibers-decada-de-1950_3-reuniao.jpg\"><img loading=\"lazy\" decoding=\"async\" width=\"1024\" height=\"756\" src=\"http:\/\/culturabc.com.br\/arquivo\/wp-content\/uploads\/2021\/07\/3054-Na-imagem-Frei-Belmiro-Brandone-Delegado-Pedro-Benedetti-Antonio-Espindola-Walter-Fibers-decada-de-1950_3-reuniao-1024x756.jpg\" alt=\"3054 Na imagem Frei Belmiro Brandone Delegado Pedro Benedetti Antonio Espindola Walter Fibers decada de 1950 3 reuniao\" data-id=\"26496\" data-full-url=\"http:\/\/culturabc.com.br\/arquivo\/wp-content\/uploads\/2021\/07\/3054-Na-imagem-Frei-Belmiro-Brandone-Delegado-Pedro-Benedetti-Antonio-Espindola-Walter-Fibers-decada-de-1950_3-reuniao.jpg\" data-link=\"http:\/\/culturabc.com.br\/arquivo\/3054-na-imagem-frei-belmiro-brandone-delegado-pedro-benedetti-antonio-espindola-walter-fibers-decada-de-1950_3-reuniao\/\" class=\"wp-image-26496\" srcset=\"https:\/\/culturabc.com.br\/arquivo\/wp-content\/uploads\/2021\/07\/3054-Na-imagem-Frei-Belmiro-Brandone-Delegado-Pedro-Benedetti-Antonio-Espindola-Walter-Fibers-decada-de-1950_3-reuniao-1024x756.jpg 1024w, https:\/\/culturabc.com.br\/arquivo\/wp-content\/uploads\/2021\/07\/3054-Na-imagem-Frei-Belmiro-Brandone-Delegado-Pedro-Benedetti-Antonio-Espindola-Walter-Fibers-decada-de-1950_3-reuniao-300x222.jpg 300w, https:\/\/culturabc.com.br\/arquivo\/wp-content\/uploads\/2021\/07\/3054-Na-imagem-Frei-Belmiro-Brandone-Delegado-Pedro-Benedetti-Antonio-Espindola-Walter-Fibers-decada-de-1950_3-reuniao-768x567.jpg 768w, https:\/\/culturabc.com.br\/arquivo\/wp-content\/uploads\/2021\/07\/3054-Na-imagem-Frei-Belmiro-Brandone-Delegado-Pedro-Benedetti-Antonio-Espindola-Walter-Fibers-decada-de-1950_3-reuniao-1536x1134.jpg 1536w, https:\/\/culturabc.com.br\/arquivo\/wp-content\/uploads\/2021\/07\/3054-Na-imagem-Frei-Belmiro-Brandone-Delegado-Pedro-Benedetti-Antonio-Espindola-Walter-Fibers-decada-de-1950_3-reuniao.jpg 1836w\" sizes=\"(max-width: 1024px) 100vw, 1024px\" \/><\/a><figcaption class=\"blocks-gallery-item__caption\">3054 Na imagem Frei Belmiro Brandone Delegado Pedro Benedetti Antonio Espindola Walter Fibers decada de 1950 3 reuniao<\/figcaption><\/figure><\/li><li class=\"blocks-gallery-item\"><figure><a href=\"http:\/\/culturabc.com.br\/arquivo\/wp-content\/uploads\/2021\/07\/3053-Na-imagem-Antonio-Gadotti-Joao-Jorge-Pio-Gilberto-Meirinho-Heraldo-Neves-Arruda-Nelson-F.-Shefer-decada-de-1953_3-reuniao.jpg\"><img loading=\"lazy\" decoding=\"async\" width=\"1024\" height=\"737\" src=\"http:\/\/culturabc.com.br\/arquivo\/wp-content\/uploads\/2021\/07\/3053-Na-imagem-Antonio-Gadotti-Joao-Jorge-Pio-Gilberto-Meirinho-Heraldo-Neves-Arruda-Nelson-F.-Shefer-decada-de-1953_3-reuniao-1024x737.jpg\" alt=\"3053 Na imagem Antonio Gadotti Joao Jorge Pio Gilberto Meirinho Heraldo Neves Arruda Nelson F. Shefer decada de 1953 3 reuniao\" data-id=\"26495\" data-full-url=\"http:\/\/culturabc.com.br\/arquivo\/wp-content\/uploads\/2021\/07\/3053-Na-imagem-Antonio-Gadotti-Joao-Jorge-Pio-Gilberto-Meirinho-Heraldo-Neves-Arruda-Nelson-F.-Shefer-decada-de-1953_3-reuniao.jpg\" data-link=\"http:\/\/culturabc.com.br\/arquivo\/3053-na-imagem-antonio-gadotti-joao-jorge-pio-gilberto-meirinho-heraldo-neves-arruda-nelson-f-shefer-decada-de-1953_3-reuniao\/\" class=\"wp-image-26495\" srcset=\"https:\/\/culturabc.com.br\/arquivo\/wp-content\/uploads\/2021\/07\/3053-Na-imagem-Antonio-Gadotti-Joao-Jorge-Pio-Gilberto-Meirinho-Heraldo-Neves-Arruda-Nelson-F.-Shefer-decada-de-1953_3-reuniao-1024x737.jpg 1024w, https:\/\/culturabc.com.br\/arquivo\/wp-content\/uploads\/2021\/07\/3053-Na-imagem-Antonio-Gadotti-Joao-Jorge-Pio-Gilberto-Meirinho-Heraldo-Neves-Arruda-Nelson-F.-Shefer-decada-de-1953_3-reuniao-300x216.jpg 300w, https:\/\/culturabc.com.br\/arquivo\/wp-content\/uploads\/2021\/07\/3053-Na-imagem-Antonio-Gadotti-Joao-Jorge-Pio-Gilberto-Meirinho-Heraldo-Neves-Arruda-Nelson-F.-Shefer-decada-de-1953_3-reuniao-768x553.jpg 768w, https:\/\/culturabc.com.br\/arquivo\/wp-content\/uploads\/2021\/07\/3053-Na-imagem-Antonio-Gadotti-Joao-Jorge-Pio-Gilberto-Meirinho-Heraldo-Neves-Arruda-Nelson-F.-Shefer-decada-de-1953_3-reuniao-1536x1106.jpg 1536w, https:\/\/culturabc.com.br\/arquivo\/wp-content\/uploads\/2021\/07\/3053-Na-imagem-Antonio-Gadotti-Joao-Jorge-Pio-Gilberto-Meirinho-Heraldo-Neves-Arruda-Nelson-F.-Shefer-decada-de-1953_3-reuniao.jpg 1867w\" sizes=\"(max-width: 1024px) 100vw, 1024px\" \/><\/a><figcaption class=\"blocks-gallery-item__caption\">3053 Na imagem Antonio Gadotti Joao Jorge Pio Gilberto Meirinho Heraldo Neves Arruda Nelson F. Shefer decada de 1953 3 reuniao<\/figcaption><\/figure><\/li><li class=\"blocks-gallery-item\"><figure><a href=\"http:\/\/culturabc.com.br\/arquivo\/wp-content\/uploads\/2021\/07\/3038-Evento-para-entrega-do-Premio-Destaque-entregue-por-Eduardo-Delatorre-a-Ademar-Silva-decada-de-1970_3-reuniao.jpg\"><img loading=\"lazy\" decoding=\"async\" width=\"780\" height=\"1024\" src=\"http:\/\/culturabc.com.br\/arquivo\/wp-content\/uploads\/2021\/07\/3038-Evento-para-entrega-do-Premio-Destaque-entregue-por-Eduardo-Delatorre-a-Ademar-Silva-decada-de-1970_3-reuniao-780x1024.jpg\" alt=\"3038 Evento para entrega do Premio Destaque entregue por Eduardo Delatorre a Ademar Silva decada de 1970 3 reuniao\" data-id=\"26494\" data-full-url=\"http:\/\/culturabc.com.br\/arquivo\/wp-content\/uploads\/2021\/07\/3038-Evento-para-entrega-do-Premio-Destaque-entregue-por-Eduardo-Delatorre-a-Ademar-Silva-decada-de-1970_3-reuniao.jpg\" data-link=\"http:\/\/culturabc.com.br\/arquivo\/3038-evento-para-entrega-do-premio-destaque-entregue-por-eduardo-delatorre-a-ademar-silva-decada-de-1970_3-reuniao\/\" class=\"wp-image-26494\" srcset=\"https:\/\/culturabc.com.br\/arquivo\/wp-content\/uploads\/2021\/07\/3038-Evento-para-entrega-do-Premio-Destaque-entregue-por-Eduardo-Delatorre-a-Ademar-Silva-decada-de-1970_3-reuniao-780x1024.jpg 780w, https:\/\/culturabc.com.br\/arquivo\/wp-content\/uploads\/2021\/07\/3038-Evento-para-entrega-do-Premio-Destaque-entregue-por-Eduardo-Delatorre-a-Ademar-Silva-decada-de-1970_3-reuniao-229x300.jpg 229w, https:\/\/culturabc.com.br\/arquivo\/wp-content\/uploads\/2021\/07\/3038-Evento-para-entrega-do-Premio-Destaque-entregue-por-Eduardo-Delatorre-a-Ademar-Silva-decada-de-1970_3-reuniao-768x1008.jpg 768w, https:\/\/culturabc.com.br\/arquivo\/wp-content\/uploads\/2021\/07\/3038-Evento-para-entrega-do-Premio-Destaque-entregue-por-Eduardo-Delatorre-a-Ademar-Silva-decada-de-1970_3-reuniao-1170x1536.jpg 1170w, https:\/\/culturabc.com.br\/arquivo\/wp-content\/uploads\/2021\/07\/3038-Evento-para-entrega-do-Premio-Destaque-entregue-por-Eduardo-Delatorre-a-Ademar-Silva-decada-de-1970_3-reuniao-1560x2048.jpg 1560w, https:\/\/culturabc.com.br\/arquivo\/wp-content\/uploads\/2021\/07\/3038-Evento-para-entrega-do-Premio-Destaque-entregue-por-Eduardo-Delatorre-a-Ademar-Silva-decada-de-1970_3-reuniao.jpg 1695w\" sizes=\"(max-width: 780px) 100vw, 780px\" \/><\/a><figcaption class=\"blocks-gallery-item__caption\">3038 Evento para entrega do Premio Destaque entregue por Eduardo Delatorre a Ademar Silva decada de 1970 3 reuniao<\/figcaption><\/figure><\/li><li class=\"blocks-gallery-item\"><figure><a href=\"http:\/\/culturabc.com.br\/arquivo\/wp-content\/uploads\/2021\/07\/2984-Professor-Antonio-Lucio-e-Domingos-Fonseca-decada-de-1970_3-reuniao.jpg\"><img loading=\"lazy\" decoding=\"async\" width=\"950\" height=\"572\" src=\"http:\/\/culturabc.com.br\/arquivo\/wp-content\/uploads\/2021\/07\/2984-Professor-Antonio-Lucio-e-Domingos-Fonseca-decada-de-1970_3-reuniao.jpg\" alt=\"2984 Professor Antonio Lucio e Domingos Fonseca decada de 1970 3 reuniao\" data-id=\"26298\" data-full-url=\"http:\/\/culturabc.com.br\/arquivo\/wp-content\/uploads\/2021\/07\/2984-Professor-Antonio-Lucio-e-Domingos-Fonseca-decada-de-1970_3-reuniao.jpg\" data-link=\"http:\/\/culturabc.com.br\/arquivo\/2984-professor-antonio-lucio-e-domingos-fonseca-decada-de-1970_3-reuniao\/\" class=\"wp-image-26298\" srcset=\"https:\/\/culturabc.com.br\/arquivo\/wp-content\/uploads\/2021\/07\/2984-Professor-Antonio-Lucio-e-Domingos-Fonseca-decada-de-1970_3-reuniao.jpg 950w, https:\/\/culturabc.com.br\/arquivo\/wp-content\/uploads\/2021\/07\/2984-Professor-Antonio-Lucio-e-Domingos-Fonseca-decada-de-1970_3-reuniao-300x181.jpg 300w, https:\/\/culturabc.com.br\/arquivo\/wp-content\/uploads\/2021\/07\/2984-Professor-Antonio-Lucio-e-Domingos-Fonseca-decada-de-1970_3-reuniao-768x462.jpg 768w\" sizes=\"(max-width: 950px) 100vw, 950px\" \/><\/a><figcaption class=\"blocks-gallery-item__caption\">2984 Professor Antonio Lucio e Domingos Fonseca decada de 1970 3 reuniao<\/figcaption><\/figure><\/li><li class=\"blocks-gallery-item\"><figure><a href=\"http:\/\/culturabc.com.br\/arquivo\/wp-content\/uploads\/2021\/07\/2983-Armando-Cesar-Ghislandi-em-reuniao-decada-de-1970_3-reuniao.jpg\"><img loading=\"lazy\" decoding=\"async\" width=\"950\" height=\"608\" src=\"http:\/\/culturabc.com.br\/arquivo\/wp-content\/uploads\/2021\/07\/2983-Armando-Cesar-Ghislandi-em-reuniao-decada-de-1970_3-reuniao.jpg\" alt=\"2983 Armando Cesar Ghislandi em reuniao decada de 1970 3 reuniao\" data-id=\"26297\" data-full-url=\"http:\/\/culturabc.com.br\/arquivo\/wp-content\/uploads\/2021\/07\/2983-Armando-Cesar-Ghislandi-em-reuniao-decada-de-1970_3-reuniao.jpg\" data-link=\"http:\/\/culturabc.com.br\/arquivo\/2983-armando-cesar-ghislandi-em-reuniao-decada-de-1970_3-reuniao\/\" class=\"wp-image-26297\" srcset=\"https:\/\/culturabc.com.br\/arquivo\/wp-content\/uploads\/2021\/07\/2983-Armando-Cesar-Ghislandi-em-reuniao-decada-de-1970_3-reuniao.jpg 950w, https:\/\/culturabc.com.br\/arquivo\/wp-content\/uploads\/2021\/07\/2983-Armando-Cesar-Ghislandi-em-reuniao-decada-de-1970_3-reuniao-300x192.jpg 300w, https:\/\/culturabc.com.br\/arquivo\/wp-content\/uploads\/2021\/07\/2983-Armando-Cesar-Ghislandi-em-reuniao-decada-de-1970_3-reuniao-768x492.jpg 768w\" sizes=\"(max-width: 950px) 100vw, 950px\" \/><\/a><figcaption class=\"blocks-gallery-item__caption\">2983 Armando Cesar Ghislandi em reuniao decada de 1970 3 reuniao<\/figcaption><\/figure><\/li><li class=\"blocks-gallery-item\"><figure><a href=\"http:\/\/culturabc.com.br\/arquivo\/wp-content\/uploads\/2021\/07\/2978-Armando-Cesar-Ghislandi-decada-de-1970_3-reuniao.jpg\"><img loading=\"lazy\" decoding=\"async\" width=\"625\" height=\"1024\" src=\"http:\/\/culturabc.com.br\/arquivo\/wp-content\/uploads\/2021\/07\/2978-Armando-Cesar-Ghislandi-decada-de-1970_3-reuniao-625x1024.jpg\" alt=\"2978 Armando Cesar Ghislandi decada de 1970 3 reuniao\" data-id=\"26296\" data-full-url=\"http:\/\/culturabc.com.br\/arquivo\/wp-content\/uploads\/2021\/07\/2978-Armando-Cesar-Ghislandi-decada-de-1970_3-reuniao.jpg\" data-link=\"http:\/\/culturabc.com.br\/arquivo\/2978-armando-cesar-ghislandi-decada-de-1970_3-reuniao\/\" class=\"wp-image-26296\" srcset=\"https:\/\/culturabc.com.br\/arquivo\/wp-content\/uploads\/2021\/07\/2978-Armando-Cesar-Ghislandi-decada-de-1970_3-reuniao-625x1024.jpg 625w, https:\/\/culturabc.com.br\/arquivo\/wp-content\/uploads\/2021\/07\/2978-Armando-Cesar-Ghislandi-decada-de-1970_3-reuniao-183x300.jpg 183w, https:\/\/culturabc.com.br\/arquivo\/wp-content\/uploads\/2021\/07\/2978-Armando-Cesar-Ghislandi-decada-de-1970_3-reuniao-768x1258.jpg 768w, https:\/\/culturabc.com.br\/arquivo\/wp-content\/uploads\/2021\/07\/2978-Armando-Cesar-Ghislandi-decada-de-1970_3-reuniao-938x1536.jpg 938w, https:\/\/culturabc.com.br\/arquivo\/wp-content\/uploads\/2021\/07\/2978-Armando-Cesar-Ghislandi-decada-de-1970_3-reuniao.jpg 950w\" sizes=\"(max-width: 625px) 100vw, 625px\" \/><\/a><figcaption class=\"blocks-gallery-item__caption\">2978 Armando Cesar Ghislandi decada de 1970 3 reuniao<\/figcaption><\/figure><\/li><li class=\"blocks-gallery-item\"><figure><a href=\"http:\/\/culturabc.com.br\/arquivo\/wp-content\/uploads\/2021\/07\/2971-Gilberto-Americo-Meirinho-e-Heraldo-Neves-Arruda-decada-de-1970_3-reuniao.jpg\"><img loading=\"lazy\" decoding=\"async\" width=\"756\" height=\"1024\" src=\"http:\/\/culturabc.com.br\/arquivo\/wp-content\/uploads\/2021\/07\/2971-Gilberto-Americo-Meirinho-e-Heraldo-Neves-Arruda-decada-de-1970_3-reuniao-756x1024.jpg\" alt=\"2971 Gilberto Americo Meirinho e Heraldo Neves Arruda decada de 1970 3 reuniao\" data-id=\"26295\" data-full-url=\"http:\/\/culturabc.com.br\/arquivo\/wp-content\/uploads\/2021\/07\/2971-Gilberto-Americo-Meirinho-e-Heraldo-Neves-Arruda-decada-de-1970_3-reuniao.jpg\" data-link=\"http:\/\/culturabc.com.br\/arquivo\/2971-gilberto-americo-meirinho-e-heraldo-neves-arruda-decada-de-1970_3-reuniao\/\" class=\"wp-image-26295\" srcset=\"https:\/\/culturabc.com.br\/arquivo\/wp-content\/uploads\/2021\/07\/2971-Gilberto-Americo-Meirinho-e-Heraldo-Neves-Arruda-decada-de-1970_3-reuniao-756x1024.jpg 756w, https:\/\/culturabc.com.br\/arquivo\/wp-content\/uploads\/2021\/07\/2971-Gilberto-Americo-Meirinho-e-Heraldo-Neves-Arruda-decada-de-1970_3-reuniao-221x300.jpg 221w, https:\/\/culturabc.com.br\/arquivo\/wp-content\/uploads\/2021\/07\/2971-Gilberto-Americo-Meirinho-e-Heraldo-Neves-Arruda-decada-de-1970_3-reuniao-768x1040.jpg 768w, https:\/\/culturabc.com.br\/arquivo\/wp-content\/uploads\/2021\/07\/2971-Gilberto-Americo-Meirinho-e-Heraldo-Neves-Arruda-decada-de-1970_3-reuniao.jpg 950w\" sizes=\"(max-width: 756px) 100vw, 756px\" \/><\/a><figcaption class=\"blocks-gallery-item__caption\">2971 Gilberto Americo Meirinho e Heraldo Neves Arruda decada de 1970 3 reuniao<\/figcaption><\/figure><\/li><li class=\"blocks-gallery-item\"><figure><a href=\"http:\/\/culturabc.com.br\/arquivo\/wp-content\/uploads\/2021\/07\/3013-Recebimento-do-titulo-de-comendador-em-Sao-Paulo.-Na-imagem-prefeito-Harold-Shultz-decada-de-1980_3-reuniao.jpg\"><img loading=\"lazy\" decoding=\"async\" width=\"950\" height=\"662\" src=\"http:\/\/culturabc.com.br\/arquivo\/wp-content\/uploads\/2021\/07\/3013-Recebimento-do-titulo-de-comendador-em-Sao-Paulo.-Na-imagem-prefeito-Harold-Shultz-decada-de-1980_3-reuniao.jpg\" alt=\"3013 Recebimento do titulo de comendador em Sao Paulo. Na imagem prefeito Harold Shultz decada de 1980 3 reuniao\" data-id=\"26294\" data-full-url=\"http:\/\/culturabc.com.br\/arquivo\/wp-content\/uploads\/2021\/07\/3013-Recebimento-do-titulo-de-comendador-em-Sao-Paulo.-Na-imagem-prefeito-Harold-Shultz-decada-de-1980_3-reuniao.jpg\" data-link=\"http:\/\/culturabc.com.br\/arquivo\/3013-recebimento-do-titulo-de-comendador-em-sao-paulo-na-imagem-prefeito-harold-shultz-decada-de-1980_3-reuniao\/\" class=\"wp-image-26294\" srcset=\"https:\/\/culturabc.com.br\/arquivo\/wp-content\/uploads\/2021\/07\/3013-Recebimento-do-titulo-de-comendador-em-Sao-Paulo.-Na-imagem-prefeito-Harold-Shultz-decada-de-1980_3-reuniao.jpg 950w, https:\/\/culturabc.com.br\/arquivo\/wp-content\/uploads\/2021\/07\/3013-Recebimento-do-titulo-de-comendador-em-Sao-Paulo.-Na-imagem-prefeito-Harold-Shultz-decada-de-1980_3-reuniao-300x209.jpg 300w, https:\/\/culturabc.com.br\/arquivo\/wp-content\/uploads\/2021\/07\/3013-Recebimento-do-titulo-de-comendador-em-Sao-Paulo.-Na-imagem-prefeito-Harold-Shultz-decada-de-1980_3-reuniao-768x535.jpg 768w\" sizes=\"(max-width: 950px) 100vw, 950px\" \/><\/a><figcaption class=\"blocks-gallery-item__caption\">3013 Recebimento do titulo de comendador em Sao Paulo. Na imagem prefeito Harold Shultz decada de 1980 3 reuniao<\/figcaption><\/figure><\/li><li class=\"blocks-gallery-item\"><figure><a href=\"http:\/\/culturabc.com.br\/arquivo\/wp-content\/uploads\/2021\/07\/3012-Recebimento-do-titulo-de-comendador-em-Sao-Paulo.-Na-imagem-prefeito-Harold-Shultz-decada-de-1980_3-reuniao.jpg\"><img loading=\"lazy\" decoding=\"async\" width=\"950\" height=\"671\" src=\"http:\/\/culturabc.com.br\/arquivo\/wp-content\/uploads\/2021\/07\/3012-Recebimento-do-titulo-de-comendador-em-Sao-Paulo.-Na-imagem-prefeito-Harold-Shultz-decada-de-1980_3-reuniao.jpg\" alt=\"3012 Recebimento do titulo de comendador em Sao Paulo. Na imagem prefeito Harold Shultz decada de 1980 3 reuniao\" data-id=\"26293\" data-full-url=\"http:\/\/culturabc.com.br\/arquivo\/wp-content\/uploads\/2021\/07\/3012-Recebimento-do-titulo-de-comendador-em-Sao-Paulo.-Na-imagem-prefeito-Harold-Shultz-decada-de-1980_3-reuniao.jpg\" data-link=\"http:\/\/culturabc.com.br\/arquivo\/3012-recebimento-do-titulo-de-comendador-em-sao-paulo-na-imagem-prefeito-harold-shultz-decada-de-1980_3-reuniao\/\" class=\"wp-image-26293\" srcset=\"https:\/\/culturabc.com.br\/arquivo\/wp-content\/uploads\/2021\/07\/3012-Recebimento-do-titulo-de-comendador-em-Sao-Paulo.-Na-imagem-prefeito-Harold-Shultz-decada-de-1980_3-reuniao.jpg 950w, https:\/\/culturabc.com.br\/arquivo\/wp-content\/uploads\/2021\/07\/3012-Recebimento-do-titulo-de-comendador-em-Sao-Paulo.-Na-imagem-prefeito-Harold-Shultz-decada-de-1980_3-reuniao-300x212.jpg 300w, https:\/\/culturabc.com.br\/arquivo\/wp-content\/uploads\/2021\/07\/3012-Recebimento-do-titulo-de-comendador-em-Sao-Paulo.-Na-imagem-prefeito-Harold-Shultz-decada-de-1980_3-reuniao-768x542.jpg 768w\" sizes=\"(max-width: 950px) 100vw, 950px\" \/><\/a><figcaption class=\"blocks-gallery-item__caption\">3012 Recebimento do titulo de comendador em Sao Paulo. Na imagem prefeito Harold Shultz decada de 1980 3 reuniao<\/figcaption><\/figure><\/li><li class=\"blocks-gallery-item\"><figure><a href=\"http:\/\/culturabc.com.br\/arquivo\/wp-content\/uploads\/2021\/07\/3011-Posse-de-Eduardo-de-Mello-na-Receita-Federal-decada-de-1970_3-reuniao.jpg\"><img loading=\"lazy\" decoding=\"async\" width=\"950\" height=\"593\" src=\"http:\/\/culturabc.com.br\/arquivo\/wp-content\/uploads\/2021\/07\/3011-Posse-de-Eduardo-de-Mello-na-Receita-Federal-decada-de-1970_3-reuniao.jpg\" alt=\"3011 Posse de Eduardo de Mello na Receita Federal decada de 1970 3 reuniao\" data-id=\"26292\" data-full-url=\"http:\/\/culturabc.com.br\/arquivo\/wp-content\/uploads\/2021\/07\/3011-Posse-de-Eduardo-de-Mello-na-Receita-Federal-decada-de-1970_3-reuniao.jpg\" data-link=\"http:\/\/culturabc.com.br\/arquivo\/3011-posse-de-eduardo-de-mello-na-receita-federal-decada-de-1970_3-reuniao\/\" class=\"wp-image-26292\" srcset=\"https:\/\/culturabc.com.br\/arquivo\/wp-content\/uploads\/2021\/07\/3011-Posse-de-Eduardo-de-Mello-na-Receita-Federal-decada-de-1970_3-reuniao.jpg 950w, https:\/\/culturabc.com.br\/arquivo\/wp-content\/uploads\/2021\/07\/3011-Posse-de-Eduardo-de-Mello-na-Receita-Federal-decada-de-1970_3-reuniao-300x187.jpg 300w, https:\/\/culturabc.com.br\/arquivo\/wp-content\/uploads\/2021\/07\/3011-Posse-de-Eduardo-de-Mello-na-Receita-Federal-decada-de-1970_3-reuniao-768x479.jpg 768w\" sizes=\"(max-width: 950px) 100vw, 950px\" \/><\/a><figcaption class=\"blocks-gallery-item__caption\">3011 Posse de Eduardo de Mello na Receita Federal decada de 1970 3 reuniao<\/figcaption><\/figure><\/li><li class=\"blocks-gallery-item\"><figure><a href=\"http:\/\/culturabc.com.br\/arquivo\/wp-content\/uploads\/2021\/07\/2991-Gilberto-Americo-Meirinho-e-Pedro-Benedeti-decada-de-1970_3-reuniao.jpg\"><img loading=\"lazy\" decoding=\"async\" width=\"950\" height=\"708\" src=\"http:\/\/culturabc.com.br\/arquivo\/wp-content\/uploads\/2021\/07\/2991-Gilberto-Americo-Meirinho-e-Pedro-Benedeti-decada-de-1970_3-reuniao.jpg\" alt=\"2991 Gilberto Americo Meirinho e Pedro Benedeti decada de 1970 3 reuniao\" data-id=\"26291\" data-full-url=\"http:\/\/culturabc.com.br\/arquivo\/wp-content\/uploads\/2021\/07\/2991-Gilberto-Americo-Meirinho-e-Pedro-Benedeti-decada-de-1970_3-reuniao.jpg\" data-link=\"http:\/\/culturabc.com.br\/arquivo\/2991-gilberto-americo-meirinho-e-pedro-benedeti-decada-de-1970_3-reuniao\/\" class=\"wp-image-26291\" srcset=\"https:\/\/culturabc.com.br\/arquivo\/wp-content\/uploads\/2021\/07\/2991-Gilberto-Americo-Meirinho-e-Pedro-Benedeti-decada-de-1970_3-reuniao.jpg 950w, https:\/\/culturabc.com.br\/arquivo\/wp-content\/uploads\/2021\/07\/2991-Gilberto-Americo-Meirinho-e-Pedro-Benedeti-decada-de-1970_3-reuniao-300x224.jpg 300w, https:\/\/culturabc.com.br\/arquivo\/wp-content\/uploads\/2021\/07\/2991-Gilberto-Americo-Meirinho-e-Pedro-Benedeti-decada-de-1970_3-reuniao-768x572.jpg 768w\" sizes=\"(max-width: 950px) 100vw, 950px\" \/><\/a><figcaption class=\"blocks-gallery-item__caption\">2991 Gilberto Americo Meirinho e Pedro Benedeti decada de 1970 3 reuniao<\/figcaption><\/figure><\/li><li class=\"blocks-gallery-item\"><figure><a href=\"http:\/\/culturabc.com.br\/arquivo\/wp-content\/uploads\/2021\/07\/2985-Domingos-Fonseca-e-Professor-Antonio-Lucio-decada-de-1970_3-reuniao.jpg\"><img loading=\"lazy\" decoding=\"async\" width=\"950\" height=\"574\" src=\"http:\/\/culturabc.com.br\/arquivo\/wp-content\/uploads\/2021\/07\/2985-Domingos-Fonseca-e-Professor-Antonio-Lucio-decada-de-1970_3-reuniao.jpg\" alt=\"2985 Domingos Fonseca e Professor Antonio Lucio decada de 1970 3 reuniao\" data-id=\"26290\" data-full-url=\"http:\/\/culturabc.com.br\/arquivo\/wp-content\/uploads\/2021\/07\/2985-Domingos-Fonseca-e-Professor-Antonio-Lucio-decada-de-1970_3-reuniao.jpg\" data-link=\"http:\/\/culturabc.com.br\/arquivo\/2985-domingos-fonseca-e-professor-antonio-lucio-decada-de-1970_3-reuniao\/\" class=\"wp-image-26290\" srcset=\"https:\/\/culturabc.com.br\/arquivo\/wp-content\/uploads\/2021\/07\/2985-Domingos-Fonseca-e-Professor-Antonio-Lucio-decada-de-1970_3-reuniao.jpg 950w, https:\/\/culturabc.com.br\/arquivo\/wp-content\/uploads\/2021\/07\/2985-Domingos-Fonseca-e-Professor-Antonio-Lucio-decada-de-1970_3-reuniao-300x181.jpg 300w, https:\/\/culturabc.com.br\/arquivo\/wp-content\/uploads\/2021\/07\/2985-Domingos-Fonseca-e-Professor-Antonio-Lucio-decada-de-1970_3-reuniao-768x464.jpg 768w\" sizes=\"(max-width: 950px) 100vw, 950px\" \/><\/a><figcaption class=\"blocks-gallery-item__caption\">2985 Domingos Fonseca e Professor Antonio Lucio decada de 1970 3 reuniao<\/figcaption><\/figure><\/li><li class=\"blocks-gallery-item\"><figure><a href=\"http:\/\/culturabc.com.br\/arquivo\/wp-content\/uploads\/2021\/07\/3019-Trailer-em-frente-ao-Hotel-Miramar.-Na-imagem-Carlos-F.-da-Rosa-decada-de-1950_3-reuniao.jpg\"><img loading=\"lazy\" decoding=\"async\" width=\"754\" height=\"1024\" src=\"http:\/\/culturabc.com.br\/arquivo\/wp-content\/uploads\/2021\/07\/3019-Trailer-em-frente-ao-Hotel-Miramar.-Na-imagem-Carlos-F.-da-Rosa-decada-de-1950_3-reuniao-754x1024.jpg\" alt=\"3019 Trailer em frente ao Hotel Miramar. Na imagem Carlos F. da Rosa decada de 1950 3 reuniao\" data-id=\"26289\" data-full-url=\"http:\/\/culturabc.com.br\/arquivo\/wp-content\/uploads\/2021\/07\/3019-Trailer-em-frente-ao-Hotel-Miramar.-Na-imagem-Carlos-F.-da-Rosa-decada-de-1950_3-reuniao.jpg\" data-link=\"http:\/\/culturabc.com.br\/arquivo\/3019-trailer-em-frente-ao-hotel-miramar-na-imagem-carlos-f-da-rosa-decada-de-1950_3-reuniao\/\" class=\"wp-image-26289\" srcset=\"https:\/\/culturabc.com.br\/arquivo\/wp-content\/uploads\/2021\/07\/3019-Trailer-em-frente-ao-Hotel-Miramar.-Na-imagem-Carlos-F.-da-Rosa-decada-de-1950_3-reuniao-754x1024.jpg 754w, https:\/\/culturabc.com.br\/arquivo\/wp-content\/uploads\/2021\/07\/3019-Trailer-em-frente-ao-Hotel-Miramar.-Na-imagem-Carlos-F.-da-Rosa-decada-de-1950_3-reuniao-221x300.jpg 221w, https:\/\/culturabc.com.br\/arquivo\/wp-content\/uploads\/2021\/07\/3019-Trailer-em-frente-ao-Hotel-Miramar.-Na-imagem-Carlos-F.-da-Rosa-decada-de-1950_3-reuniao-768x1043.jpg 768w, https:\/\/culturabc.com.br\/arquivo\/wp-content\/uploads\/2021\/07\/3019-Trailer-em-frente-ao-Hotel-Miramar.-Na-imagem-Carlos-F.-da-Rosa-decada-de-1950_3-reuniao.jpg 950w\" sizes=\"(max-width: 754px) 100vw, 754px\" \/><\/a><figcaption class=\"blocks-gallery-item__caption\">3019 Trailer em frente ao Hotel Miramar. Na imagem Carlos F. da Rosa decada de 1950 3 reuniao<\/figcaption><\/figure><\/li><li class=\"blocks-gallery-item\"><figure><a href=\"http:\/\/culturabc.com.br\/arquivo\/wp-content\/uploads\/2021\/07\/3016-Recebimento-do-titulo-de-comendador-em-Sao-Paulo.-Na-imagem-prefeito-Harold-Shultz-decada-de-1980_3-reuniao.jpg\"><img loading=\"lazy\" decoding=\"async\" width=\"950\" height=\"675\" src=\"http:\/\/culturabc.com.br\/arquivo\/wp-content\/uploads\/2021\/07\/3016-Recebimento-do-titulo-de-comendador-em-Sao-Paulo.-Na-imagem-prefeito-Harold-Shultz-decada-de-1980_3-reuniao.jpg\" alt=\"3016 Recebimento do titulo de comendador em Sao Paulo. Na imagem prefeito Harold Shultz decada de 1980 3 reuniao\" data-id=\"26288\" data-full-url=\"http:\/\/culturabc.com.br\/arquivo\/wp-content\/uploads\/2021\/07\/3016-Recebimento-do-titulo-de-comendador-em-Sao-Paulo.-Na-imagem-prefeito-Harold-Shultz-decada-de-1980_3-reuniao.jpg\" data-link=\"http:\/\/culturabc.com.br\/arquivo\/3016-recebimento-do-titulo-de-comendador-em-sao-paulo-na-imagem-prefeito-harold-shultz-decada-de-1980_3-reuniao\/\" class=\"wp-image-26288\" srcset=\"https:\/\/culturabc.com.br\/arquivo\/wp-content\/uploads\/2021\/07\/3016-Recebimento-do-titulo-de-comendador-em-Sao-Paulo.-Na-imagem-prefeito-Harold-Shultz-decada-de-1980_3-reuniao.jpg 950w, https:\/\/culturabc.com.br\/arquivo\/wp-content\/uploads\/2021\/07\/3016-Recebimento-do-titulo-de-comendador-em-Sao-Paulo.-Na-imagem-prefeito-Harold-Shultz-decada-de-1980_3-reuniao-300x213.jpg 300w, https:\/\/culturabc.com.br\/arquivo\/wp-content\/uploads\/2021\/07\/3016-Recebimento-do-titulo-de-comendador-em-Sao-Paulo.-Na-imagem-prefeito-Harold-Shultz-decada-de-1980_3-reuniao-768x546.jpg 768w\" sizes=\"(max-width: 950px) 100vw, 950px\" \/><\/a><figcaption class=\"blocks-gallery-item__caption\">3016 Recebimento do titulo de comendador em Sao Paulo. Na imagem prefeito Harold Shultz decada de 1980 3 reuniao<\/figcaption><\/figure><\/li><li class=\"blocks-gallery-item\"><figure><a href=\"http:\/\/culturabc.com.br\/arquivo\/wp-content\/uploads\/2021\/07\/3015-Recebimento-do-titulo-de-comendador-em-Sao-Paulo.-Na-imagem-prefeito-Harold-Shultz-decada-de-1980_3-reuniao.jpg\"><img loading=\"lazy\" decoding=\"async\" width=\"950\" height=\"672\" src=\"http:\/\/culturabc.com.br\/arquivo\/wp-content\/uploads\/2021\/07\/3015-Recebimento-do-titulo-de-comendador-em-Sao-Paulo.-Na-imagem-prefeito-Harold-Shultz-decada-de-1980_3-reuniao.jpg\" alt=\"3015 Recebimento do titulo de comendador em Sao Paulo. Na imagem prefeito Harold Shultz decada de 1980 3 reuniao\" data-id=\"26287\" data-full-url=\"http:\/\/culturabc.com.br\/arquivo\/wp-content\/uploads\/2021\/07\/3015-Recebimento-do-titulo-de-comendador-em-Sao-Paulo.-Na-imagem-prefeito-Harold-Shultz-decada-de-1980_3-reuniao.jpg\" data-link=\"http:\/\/culturabc.com.br\/arquivo\/3015-recebimento-do-titulo-de-comendador-em-sao-paulo-na-imagem-prefeito-harold-shultz-decada-de-1980_3-reuniao\/\" class=\"wp-image-26287\" srcset=\"https:\/\/culturabc.com.br\/arquivo\/wp-content\/uploads\/2021\/07\/3015-Recebimento-do-titulo-de-comendador-em-Sao-Paulo.-Na-imagem-prefeito-Harold-Shultz-decada-de-1980_3-reuniao.jpg 950w, https:\/\/culturabc.com.br\/arquivo\/wp-content\/uploads\/2021\/07\/3015-Recebimento-do-titulo-de-comendador-em-Sao-Paulo.-Na-imagem-prefeito-Harold-Shultz-decada-de-1980_3-reuniao-300x212.jpg 300w, https:\/\/culturabc.com.br\/arquivo\/wp-content\/uploads\/2021\/07\/3015-Recebimento-do-titulo-de-comendador-em-Sao-Paulo.-Na-imagem-prefeito-Harold-Shultz-decada-de-1980_3-reuniao-768x543.jpg 768w\" sizes=\"(max-width: 950px) 100vw, 950px\" \/><\/a><figcaption class=\"blocks-gallery-item__caption\">3015 Recebimento do titulo de comendador em Sao Paulo. Na imagem prefeito Harold Shultz decada de 1980 3 reuniao<\/figcaption><\/figure><\/li><li class=\"blocks-gallery-item\"><figure><a href=\"http:\/\/culturabc.com.br\/arquivo\/wp-content\/uploads\/2021\/07\/3014-Recebimento-do-titulo-de-comendador-em-Sao-Paulo.-Na-imagem-prefeito-Harold-Shultz-decada-de-1980_3-reuniao.jpg\"><img loading=\"lazy\" decoding=\"async\" width=\"950\" height=\"677\" src=\"http:\/\/culturabc.com.br\/arquivo\/wp-content\/uploads\/2021\/07\/3014-Recebimento-do-titulo-de-comendador-em-Sao-Paulo.-Na-imagem-prefeito-Harold-Shultz-decada-de-1980_3-reuniao.jpg\" alt=\"3014 Recebimento do titulo de comendador em Sao Paulo. Na imagem prefeito Harold Shultz decada de 1980 3 reuniao\" data-id=\"26286\" data-full-url=\"http:\/\/culturabc.com.br\/arquivo\/wp-content\/uploads\/2021\/07\/3014-Recebimento-do-titulo-de-comendador-em-Sao-Paulo.-Na-imagem-prefeito-Harold-Shultz-decada-de-1980_3-reuniao.jpg\" data-link=\"http:\/\/culturabc.com.br\/arquivo\/3014-recebimento-do-titulo-de-comendador-em-sao-paulo-na-imagem-prefeito-harold-shultz-decada-de-1980_3-reuniao\/\" class=\"wp-image-26286\" srcset=\"https:\/\/culturabc.com.br\/arquivo\/wp-content\/uploads\/2021\/07\/3014-Recebimento-do-titulo-de-comendador-em-Sao-Paulo.-Na-imagem-prefeito-Harold-Shultz-decada-de-1980_3-reuniao.jpg 950w, https:\/\/culturabc.com.br\/arquivo\/wp-content\/uploads\/2021\/07\/3014-Recebimento-do-titulo-de-comendador-em-Sao-Paulo.-Na-imagem-prefeito-Harold-Shultz-decada-de-1980_3-reuniao-300x214.jpg 300w, https:\/\/culturabc.com.br\/arquivo\/wp-content\/uploads\/2021\/07\/3014-Recebimento-do-titulo-de-comendador-em-Sao-Paulo.-Na-imagem-prefeito-Harold-Shultz-decada-de-1980_3-reuniao-768x547.jpg 768w\" sizes=\"(max-width: 950px) 100vw, 950px\" \/><\/a><figcaption class=\"blocks-gallery-item__caption\">3014 Recebimento do titulo de comendador em Sao Paulo. Na imagem prefeito Harold Shultz decada de 1980 3 reuniao<\/figcaption><\/figure><\/li><li class=\"blocks-gallery-item\"><figure><a href=\"http:\/\/culturabc.com.br\/arquivo\/wp-content\/uploads\/2021\/07\/3025-Na-imagem-Orivaldo-Perez-Antonio-Gadotti-Osvaldo-Da-Lua-Husadel-decada-de-1970_3-reuniao.jpg\"><img loading=\"lazy\" decoding=\"async\" width=\"950\" height=\"693\" src=\"http:\/\/culturabc.com.br\/arquivo\/wp-content\/uploads\/2021\/07\/3025-Na-imagem-Orivaldo-Perez-Antonio-Gadotti-Osvaldo-Da-Lua-Husadel-decada-de-1970_3-reuniao.jpg\" alt=\"3025 Na imagem Orivaldo Perez Antonio Gadotti Osvaldo Da Lua Husadel decada de 1970 3 reuniao\" data-id=\"26285\" data-full-url=\"http:\/\/culturabc.com.br\/arquivo\/wp-content\/uploads\/2021\/07\/3025-Na-imagem-Orivaldo-Perez-Antonio-Gadotti-Osvaldo-Da-Lua-Husadel-decada-de-1970_3-reuniao.jpg\" data-link=\"http:\/\/culturabc.com.br\/arquivo\/3025-na-imagem-orivaldo-perez-antonio-gadotti-osvaldo-da-lua-husadel-decada-de-1970_3-reuniao\/\" class=\"wp-image-26285\" srcset=\"https:\/\/culturabc.com.br\/arquivo\/wp-content\/uploads\/2021\/07\/3025-Na-imagem-Orivaldo-Perez-Antonio-Gadotti-Osvaldo-Da-Lua-Husadel-decada-de-1970_3-reuniao.jpg 950w, https:\/\/culturabc.com.br\/arquivo\/wp-content\/uploads\/2021\/07\/3025-Na-imagem-Orivaldo-Perez-Antonio-Gadotti-Osvaldo-Da-Lua-Husadel-decada-de-1970_3-reuniao-300x219.jpg 300w, https:\/\/culturabc.com.br\/arquivo\/wp-content\/uploads\/2021\/07\/3025-Na-imagem-Orivaldo-Perez-Antonio-Gadotti-Osvaldo-Da-Lua-Husadel-decada-de-1970_3-reuniao-768x560.jpg 768w\" sizes=\"(max-width: 950px) 100vw, 950px\" \/><\/a><figcaption class=\"blocks-gallery-item__caption\">3025 Na imagem Orivaldo Perez Antonio Gadotti Osvaldo Da Lua Husadel decada de 1970 3 reuniao<\/figcaption><\/figure><\/li><li class=\"blocks-gallery-item\"><figure><a href=\"http:\/\/culturabc.com.br\/arquivo\/wp-content\/uploads\/2021\/07\/3022-Na-imagem-Bruno-Haack-Antonio-Espindola-Osvaldo-S.-Husadel-decada-de-1970_3-reuniao.jpg\"><img loading=\"lazy\" decoding=\"async\" width=\"950\" height=\"682\" src=\"http:\/\/culturabc.com.br\/arquivo\/wp-content\/uploads\/2021\/07\/3022-Na-imagem-Bruno-Haack-Antonio-Espindola-Osvaldo-S.-Husadel-decada-de-1970_3-reuniao.jpg\" alt=\"3022 Na imagem Bruno Haack Antonio Espindola Osvaldo S. Husadel decada de 1970 3 reuniao\" data-id=\"26284\" data-full-url=\"http:\/\/culturabc.com.br\/arquivo\/wp-content\/uploads\/2021\/07\/3022-Na-imagem-Bruno-Haack-Antonio-Espindola-Osvaldo-S.-Husadel-decada-de-1970_3-reuniao.jpg\" data-link=\"http:\/\/culturabc.com.br\/arquivo\/3022-na-imagem-bruno-haack-antonio-espindola-osvaldo-s-husadel-decada-de-1970_3-reuniao\/\" class=\"wp-image-26284\" srcset=\"https:\/\/culturabc.com.br\/arquivo\/wp-content\/uploads\/2021\/07\/3022-Na-imagem-Bruno-Haack-Antonio-Espindola-Osvaldo-S.-Husadel-decada-de-1970_3-reuniao.jpg 950w, https:\/\/culturabc.com.br\/arquivo\/wp-content\/uploads\/2021\/07\/3022-Na-imagem-Bruno-Haack-Antonio-Espindola-Osvaldo-S.-Husadel-decada-de-1970_3-reuniao-300x215.jpg 300w, https:\/\/culturabc.com.br\/arquivo\/wp-content\/uploads\/2021\/07\/3022-Na-imagem-Bruno-Haack-Antonio-Espindola-Osvaldo-S.-Husadel-decada-de-1970_3-reuniao-768x551.jpg 768w\" sizes=\"(max-width: 950px) 100vw, 950px\" \/><\/a><figcaption class=\"blocks-gallery-item__caption\">3022 Na imagem Bruno Haack Antonio Espindola Osvaldo S. Husadel decada de 1970 3 reuniao<\/figcaption><\/figure><\/li><li class=\"blocks-gallery-item\"><figure><a href=\"http:\/\/culturabc.com.br\/arquivo\/wp-content\/uploads\/2021\/07\/3021-Iate-Clube.-Na-imagem-Antonio-Espindola-Frei-Belmiro-Brondani-decada-de-1970_3-reuniao.jpg\"><img loading=\"lazy\" decoding=\"async\" width=\"950\" height=\"684\" src=\"http:\/\/culturabc.com.br\/arquivo\/wp-content\/uploads\/2021\/07\/3021-Iate-Clube.-Na-imagem-Antonio-Espindola-Frei-Belmiro-Brondani-decada-de-1970_3-reuniao.jpg\" alt=\"3021 Iate Clube. Na imagem Antonio Espindola Frei Belmiro Brondani decada de 1970 3 reuniao\" data-id=\"26283\" data-full-url=\"http:\/\/culturabc.com.br\/arquivo\/wp-content\/uploads\/2021\/07\/3021-Iate-Clube.-Na-imagem-Antonio-Espindola-Frei-Belmiro-Brondani-decada-de-1970_3-reuniao.jpg\" data-link=\"http:\/\/culturabc.com.br\/arquivo\/3021-iate-clube-na-imagem-antonio-espindola-frei-belmiro-brondani-decada-de-1970_3-reuniao\/\" class=\"wp-image-26283\" srcset=\"https:\/\/culturabc.com.br\/arquivo\/wp-content\/uploads\/2021\/07\/3021-Iate-Clube.-Na-imagem-Antonio-Espindola-Frei-Belmiro-Brondani-decada-de-1970_3-reuniao.jpg 950w, https:\/\/culturabc.com.br\/arquivo\/wp-content\/uploads\/2021\/07\/3021-Iate-Clube.-Na-imagem-Antonio-Espindola-Frei-Belmiro-Brondani-decada-de-1970_3-reuniao-300x216.jpg 300w, https:\/\/culturabc.com.br\/arquivo\/wp-content\/uploads\/2021\/07\/3021-Iate-Clube.-Na-imagem-Antonio-Espindola-Frei-Belmiro-Brondani-decada-de-1970_3-reuniao-768x553.jpg 768w\" sizes=\"(max-width: 950px) 100vw, 950px\" \/><\/a><figcaption class=\"blocks-gallery-item__caption\">3021 Iate Clube. Na imagem Antonio Espindola Frei Belmiro Brondani decada de 1970 3 reuniao<\/figcaption><\/figure><\/li><li class=\"blocks-gallery-item\"><figure><a href=\"http:\/\/culturabc.com.br\/arquivo\/wp-content\/uploads\/2021\/07\/3020-Na-imagem-Carlos-F.-da-Rosa-Vera-da-Rosa_3-reuniao.jpg\"><img loading=\"lazy\" decoding=\"async\" width=\"691\" height=\"1024\" src=\"http:\/\/culturabc.com.br\/arquivo\/wp-content\/uploads\/2021\/07\/3020-Na-imagem-Carlos-F.-da-Rosa-Vera-da-Rosa_3-reuniao-691x1024.jpg\" alt=\"3020 Na imagem Carlos F. da Rosa Vera da Rosa 3 reuniao\" data-id=\"26282\" data-full-url=\"http:\/\/culturabc.com.br\/arquivo\/wp-content\/uploads\/2021\/07\/3020-Na-imagem-Carlos-F.-da-Rosa-Vera-da-Rosa_3-reuniao.jpg\" data-link=\"http:\/\/culturabc.com.br\/arquivo\/3020-na-imagem-carlos-f-da-rosa-vera-da-rosa_3-reuniao\/\" class=\"wp-image-26282\" srcset=\"https:\/\/culturabc.com.br\/arquivo\/wp-content\/uploads\/2021\/07\/3020-Na-imagem-Carlos-F.-da-Rosa-Vera-da-Rosa_3-reuniao-691x1024.jpg 691w, https:\/\/culturabc.com.br\/arquivo\/wp-content\/uploads\/2021\/07\/3020-Na-imagem-Carlos-F.-da-Rosa-Vera-da-Rosa_3-reuniao-203x300.jpg 203w, https:\/\/culturabc.com.br\/arquivo\/wp-content\/uploads\/2021\/07\/3020-Na-imagem-Carlos-F.-da-Rosa-Vera-da-Rosa_3-reuniao-768x1137.jpg 768w, https:\/\/culturabc.com.br\/arquivo\/wp-content\/uploads\/2021\/07\/3020-Na-imagem-Carlos-F.-da-Rosa-Vera-da-Rosa_3-reuniao.jpg 950w\" sizes=\"(max-width: 691px) 100vw, 691px\" \/><\/a><figcaption class=\"blocks-gallery-item__caption\">3020 Na imagem Carlos F. da Rosa Vera da Rosa 3 reuniao<\/figcaption><\/figure><\/li><li class=\"blocks-gallery-item\"><figure><a href=\"http:\/\/culturabc.com.br\/arquivo\/wp-content\/uploads\/2021\/07\/3034-Reuniao-Associacoes-de-Bairros-no-Gabinete-do-Prefeito-Leonel-Pavan-Dezembro-de-1990_3-reuniao.jpg\"><img loading=\"lazy\" decoding=\"async\" width=\"950\" height=\"621\" src=\"http:\/\/culturabc.com.br\/arquivo\/wp-content\/uploads\/2021\/07\/3034-Reuniao-Associacoes-de-Bairros-no-Gabinete-do-Prefeito-Leonel-Pavan-Dezembro-de-1990_3-reuniao.jpg\" alt=\"3034 Reuniao Associacoes de Bairros no Gabinete do Prefeito Leonel Pavan Dezembro de 1990 3 reuniao\" data-id=\"26281\" data-full-url=\"http:\/\/culturabc.com.br\/arquivo\/wp-content\/uploads\/2021\/07\/3034-Reuniao-Associacoes-de-Bairros-no-Gabinete-do-Prefeito-Leonel-Pavan-Dezembro-de-1990_3-reuniao.jpg\" data-link=\"http:\/\/culturabc.com.br\/arquivo\/3034-reuniao-associacoes-de-bairros-no-gabinete-do-prefeito-leonel-pavan-dezembro-de-1990_3-reuniao\/\" class=\"wp-image-26281\" srcset=\"https:\/\/culturabc.com.br\/arquivo\/wp-content\/uploads\/2021\/07\/3034-Reuniao-Associacoes-de-Bairros-no-Gabinete-do-Prefeito-Leonel-Pavan-Dezembro-de-1990_3-reuniao.jpg 950w, https:\/\/culturabc.com.br\/arquivo\/wp-content\/uploads\/2021\/07\/3034-Reuniao-Associacoes-de-Bairros-no-Gabinete-do-Prefeito-Leonel-Pavan-Dezembro-de-1990_3-reuniao-300x196.jpg 300w, https:\/\/culturabc.com.br\/arquivo\/wp-content\/uploads\/2021\/07\/3034-Reuniao-Associacoes-de-Bairros-no-Gabinete-do-Prefeito-Leonel-Pavan-Dezembro-de-1990_3-reuniao-768x502.jpg 768w\" sizes=\"(max-width: 950px) 100vw, 950px\" \/><\/a><figcaption class=\"blocks-gallery-item__caption\">3034 Reuniao Associacoes de Bairros no Gabinete do Prefeito Leonel Pavan Dezembro de 1990 3 reuniao<\/figcaption><\/figure><\/li><li class=\"blocks-gallery-item\"><figure><a href=\"http:\/\/culturabc.com.br\/arquivo\/wp-content\/uploads\/2021\/07\/3029-1\u00b0-da-esquerda-ex-vereador-Jorge-Cachel.-Paulo-Atanazio-Correa-ex-vereador-1991_3-reuniao.jpg\"><img loading=\"lazy\" decoding=\"async\" width=\"950\" height=\"618\" src=\"http:\/\/culturabc.com.br\/arquivo\/wp-content\/uploads\/2021\/07\/3029-1\u00b0-da-esquerda-ex-vereador-Jorge-Cachel.-Paulo-Atanazio-Correa-ex-vereador-1991_3-reuniao.jpg\" alt=\"3029 1\u00b0 da esquerda ex vereador Jorge Cachel. Paulo Atanazio Correa ex vereador 1991 3 reuniao\" data-id=\"26280\" data-full-url=\"http:\/\/culturabc.com.br\/arquivo\/wp-content\/uploads\/2021\/07\/3029-1\u00b0-da-esquerda-ex-vereador-Jorge-Cachel.-Paulo-Atanazio-Correa-ex-vereador-1991_3-reuniao.jpg\" data-link=\"http:\/\/culturabc.com.br\/arquivo\/3029-1-da-esquerda-ex-vereador-jorge-cachel-paulo-atanazio-correa-ex-vereador-1991_3-reuniao\/\" class=\"wp-image-26280\" srcset=\"https:\/\/culturabc.com.br\/arquivo\/wp-content\/uploads\/2021\/07\/3029-1\u00b0-da-esquerda-ex-vereador-Jorge-Cachel.-Paulo-Atanazio-Correa-ex-vereador-1991_3-reuniao.jpg 950w, https:\/\/culturabc.com.br\/arquivo\/wp-content\/uploads\/2021\/07\/3029-1\u00b0-da-esquerda-ex-vereador-Jorge-Cachel.-Paulo-Atanazio-Correa-ex-vereador-1991_3-reuniao-300x195.jpg 300w, https:\/\/culturabc.com.br\/arquivo\/wp-content\/uploads\/2021\/07\/3029-1\u00b0-da-esquerda-ex-vereador-Jorge-Cachel.-Paulo-Atanazio-Correa-ex-vereador-1991_3-reuniao-768x500.jpg 768w\" sizes=\"(max-width: 950px) 100vw, 950px\" \/><\/a><figcaption class=\"blocks-gallery-item__caption\">3029 1\u00b0 da esquerda ex vereador Jorge Cachel. Paulo Atanazio Correa ex vereador 1991 3 reuniao<\/figcaption><\/figure><\/li><li class=\"blocks-gallery-item\"><figure><a href=\"http:\/\/culturabc.com.br\/arquivo\/wp-content\/uploads\/2021\/07\/3028-Iate-Clube-Camboriu.-Na-imagem-Olindor-Ribeiro-Camargo-Bruno-Haack-decada-de-1970_3-reuniao.jpg\"><img loading=\"lazy\" decoding=\"async\" width=\"950\" height=\"638\" src=\"http:\/\/culturabc.com.br\/arquivo\/wp-content\/uploads\/2021\/07\/3028-Iate-Clube-Camboriu.-Na-imagem-Olindor-Ribeiro-Camargo-Bruno-Haack-decada-de-1970_3-reuniao.jpg\" alt=\"3028 Iate Clube Camboriu. Na imagem Olindor Ribeiro Camargo Bruno Haack decada de 1970 3 reuniao\" data-id=\"26279\" data-full-url=\"http:\/\/culturabc.com.br\/arquivo\/wp-content\/uploads\/2021\/07\/3028-Iate-Clube-Camboriu.-Na-imagem-Olindor-Ribeiro-Camargo-Bruno-Haack-decada-de-1970_3-reuniao.jpg\" data-link=\"http:\/\/culturabc.com.br\/arquivo\/3028-iate-clube-camboriu-na-imagem-olindor-ribeiro-camargo-bruno-haack-decada-de-1970_3-reuniao\/\" class=\"wp-image-26279\" srcset=\"https:\/\/culturabc.com.br\/arquivo\/wp-content\/uploads\/2021\/07\/3028-Iate-Clube-Camboriu.-Na-imagem-Olindor-Ribeiro-Camargo-Bruno-Haack-decada-de-1970_3-reuniao.jpg 950w, https:\/\/culturabc.com.br\/arquivo\/wp-content\/uploads\/2021\/07\/3028-Iate-Clube-Camboriu.-Na-imagem-Olindor-Ribeiro-Camargo-Bruno-Haack-decada-de-1970_3-reuniao-300x201.jpg 300w, https:\/\/culturabc.com.br\/arquivo\/wp-content\/uploads\/2021\/07\/3028-Iate-Clube-Camboriu.-Na-imagem-Olindor-Ribeiro-Camargo-Bruno-Haack-decada-de-1970_3-reuniao-768x516.jpg 768w\" sizes=\"(max-width: 950px) 100vw, 950px\" \/><\/a><figcaption class=\"blocks-gallery-item__caption\">3028 Iate Clube Camboriu. Na imagem Olindor Ribeiro Camargo Bruno Haack decada de 1970 3 reuniao<\/figcaption><\/figure><\/li><li class=\"blocks-gallery-item\"><figure><a href=\"http:\/\/culturabc.com.br\/arquivo\/wp-content\/uploads\/2021\/07\/3027-Na-imagem-Walter-Eilers-Ivan-Santiago-Heraldo-Neves-Arruda-Olindor-R.-Camargo-decada-de-1970_3-reuniao.jpg\"><img loading=\"lazy\" decoding=\"async\" width=\"950\" height=\"662\" src=\"http:\/\/culturabc.com.br\/arquivo\/wp-content\/uploads\/2021\/07\/3027-Na-imagem-Walter-Eilers-Ivan-Santiago-Heraldo-Neves-Arruda-Olindor-R.-Camargo-decada-de-1970_3-reuniao.jpg\" alt=\"3027 Na imagem Walter Eilers Ivan Santiago Heraldo Neves Arruda Olindor R. Camargo decada de 1970 3 reuniao\" data-id=\"26278\" data-full-url=\"http:\/\/culturabc.com.br\/arquivo\/wp-content\/uploads\/2021\/07\/3027-Na-imagem-Walter-Eilers-Ivan-Santiago-Heraldo-Neves-Arruda-Olindor-R.-Camargo-decada-de-1970_3-reuniao.jpg\" data-link=\"http:\/\/culturabc.com.br\/arquivo\/3027-na-imagem-walter-eilers-ivan-santiago-heraldo-neves-arruda-olindor-r-camargo-decada-de-1970_3-reuniao\/\" class=\"wp-image-26278\" srcset=\"https:\/\/culturabc.com.br\/arquivo\/wp-content\/uploads\/2021\/07\/3027-Na-imagem-Walter-Eilers-Ivan-Santiago-Heraldo-Neves-Arruda-Olindor-R.-Camargo-decada-de-1970_3-reuniao.jpg 950w, https:\/\/culturabc.com.br\/arquivo\/wp-content\/uploads\/2021\/07\/3027-Na-imagem-Walter-Eilers-Ivan-Santiago-Heraldo-Neves-Arruda-Olindor-R.-Camargo-decada-de-1970_3-reuniao-300x209.jpg 300w, https:\/\/culturabc.com.br\/arquivo\/wp-content\/uploads\/2021\/07\/3027-Na-imagem-Walter-Eilers-Ivan-Santiago-Heraldo-Neves-Arruda-Olindor-R.-Camargo-decada-de-1970_3-reuniao-768x535.jpg 768w\" sizes=\"(max-width: 950px) 100vw, 950px\" \/><\/a><figcaption class=\"blocks-gallery-item__caption\">3027 Na imagem Walter Eilers Ivan Santiago Heraldo Neves Arruda Olindor R. Camargo decada de 1970 3 reuniao<\/figcaption><\/figure><\/li><li class=\"blocks-gallery-item\"><figure><a href=\"http:\/\/culturabc.com.br\/arquivo\/wp-content\/uploads\/2021\/07\/3040-Possivelmente-Iate-Clube-Perto-do-Tunel-virou-Clube-33-decada-de-1970_3-reuniao.jpg\"><img loading=\"lazy\" decoding=\"async\" width=\"950\" height=\"688\" src=\"http:\/\/culturabc.com.br\/arquivo\/wp-content\/uploads\/2021\/07\/3040-Possivelmente-Iate-Clube-Perto-do-Tunel-virou-Clube-33-decada-de-1970_3-reuniao.jpg\" alt=\"3040 Possivelmente Iate Clube Perto do Tunel virou Clube 33 decada de 1970 3 reuniao\" data-id=\"26277\" data-full-url=\"http:\/\/culturabc.com.br\/arquivo\/wp-content\/uploads\/2021\/07\/3040-Possivelmente-Iate-Clube-Perto-do-Tunel-virou-Clube-33-decada-de-1970_3-reuniao.jpg\" data-link=\"http:\/\/culturabc.com.br\/arquivo\/3040-possivelmente-iate-clube-perto-do-tunel-virou-clube-33-decada-de-1970_3-reuniao\/\" class=\"wp-image-26277\" srcset=\"https:\/\/culturabc.com.br\/arquivo\/wp-content\/uploads\/2021\/07\/3040-Possivelmente-Iate-Clube-Perto-do-Tunel-virou-Clube-33-decada-de-1970_3-reuniao.jpg 950w, https:\/\/culturabc.com.br\/arquivo\/wp-content\/uploads\/2021\/07\/3040-Possivelmente-Iate-Clube-Perto-do-Tunel-virou-Clube-33-decada-de-1970_3-reuniao-300x217.jpg 300w, https:\/\/culturabc.com.br\/arquivo\/wp-content\/uploads\/2021\/07\/3040-Possivelmente-Iate-Clube-Perto-do-Tunel-virou-Clube-33-decada-de-1970_3-reuniao-768x556.jpg 768w\" sizes=\"(max-width: 950px) 100vw, 950px\" \/><\/a><figcaption class=\"blocks-gallery-item__caption\">3040 Possivelmente Iate Clube Perto do Tunel virou Clube 33 decada de 1970 3 reuniao<\/figcaption><\/figure><\/li><li class=\"blocks-gallery-item\"><figure><a href=\"http:\/\/culturabc.com.br\/arquivo\/wp-content\/uploads\/2021\/07\/3039-Na-imagem-Eraldo-Neves-e-o-1\u00b0-Promotor-decada-de-1970_3-reuniao.jpg\"><img loading=\"lazy\" decoding=\"async\" width=\"950\" height=\"639\" src=\"http:\/\/culturabc.com.br\/arquivo\/wp-content\/uploads\/2021\/07\/3039-Na-imagem-Eraldo-Neves-e-o-1\u00b0-Promotor-decada-de-1970_3-reuniao.jpg\" alt=\"3039 Na imagem Eraldo Neves e o 1\u00b0 Promotor decada de 1970 3 reuniao\" data-id=\"26276\" data-full-url=\"http:\/\/culturabc.com.br\/arquivo\/wp-content\/uploads\/2021\/07\/3039-Na-imagem-Eraldo-Neves-e-o-1\u00b0-Promotor-decada-de-1970_3-reuniao.jpg\" data-link=\"http:\/\/culturabc.com.br\/arquivo\/3039-na-imagem-eraldo-neves-e-o-1-promotor-decada-de-1970_3-reuniao\/\" class=\"wp-image-26276\" srcset=\"https:\/\/culturabc.com.br\/arquivo\/wp-content\/uploads\/2021\/07\/3039-Na-imagem-Eraldo-Neves-e-o-1\u00b0-Promotor-decada-de-1970_3-reuniao.jpg 950w, https:\/\/culturabc.com.br\/arquivo\/wp-content\/uploads\/2021\/07\/3039-Na-imagem-Eraldo-Neves-e-o-1\u00b0-Promotor-decada-de-1970_3-reuniao-300x202.jpg 300w, https:\/\/culturabc.com.br\/arquivo\/wp-content\/uploads\/2021\/07\/3039-Na-imagem-Eraldo-Neves-e-o-1\u00b0-Promotor-decada-de-1970_3-reuniao-768x517.jpg 768w\" sizes=\"(max-width: 950px) 100vw, 950px\" \/><\/a><figcaption class=\"blocks-gallery-item__caption\">3039 Na imagem Eraldo Neves e o 1\u00b0 Promotor decada de 1970 3 reuniao<\/figcaption><\/figure><\/li><li class=\"blocks-gallery-item\"><figure><a href=\"http:\/\/culturabc.com.br\/arquivo\/wp-content\/uploads\/2021\/07\/3037-Na-imagem-identificado-Heraldo-Neves-Arruda-decada-de-1970_3-reuniao.jpg\"><img loading=\"lazy\" decoding=\"async\" width=\"950\" height=\"671\" src=\"http:\/\/culturabc.com.br\/arquivo\/wp-content\/uploads\/2021\/07\/3037-Na-imagem-identificado-Heraldo-Neves-Arruda-decada-de-1970_3-reuniao.jpg\" alt=\"3037 Na imagem identificado Heraldo Neves Arruda decada de 1970 3 reuniao\" data-id=\"26275\" data-full-url=\"http:\/\/culturabc.com.br\/arquivo\/wp-content\/uploads\/2021\/07\/3037-Na-imagem-identificado-Heraldo-Neves-Arruda-decada-de-1970_3-reuniao.jpg\" data-link=\"http:\/\/culturabc.com.br\/arquivo\/3037-na-imagem-identificado-heraldo-neves-arruda-decada-de-1970_3-reuniao\/\" class=\"wp-image-26275\" srcset=\"https:\/\/culturabc.com.br\/arquivo\/wp-content\/uploads\/2021\/07\/3037-Na-imagem-identificado-Heraldo-Neves-Arruda-decada-de-1970_3-reuniao.jpg 950w, https:\/\/culturabc.com.br\/arquivo\/wp-content\/uploads\/2021\/07\/3037-Na-imagem-identificado-Heraldo-Neves-Arruda-decada-de-1970_3-reuniao-300x212.jpg 300w, https:\/\/culturabc.com.br\/arquivo\/wp-content\/uploads\/2021\/07\/3037-Na-imagem-identificado-Heraldo-Neves-Arruda-decada-de-1970_3-reuniao-768x542.jpg 768w\" sizes=\"(max-width: 950px) 100vw, 950px\" \/><\/a><figcaption class=\"blocks-gallery-item__caption\">3037 Na imagem identificado Heraldo Neves Arruda decada de 1970 3 reuniao<\/figcaption><\/figure><\/li><li class=\"blocks-gallery-item\"><figure><a href=\"http:\/\/culturabc.com.br\/arquivo\/wp-content\/uploads\/2021\/07\/3035-Encontro-Estadual-M.D.B.-1979_3-reuniao.jpg\"><img loading=\"lazy\" decoding=\"async\" width=\"950\" height=\"624\" src=\"http:\/\/culturabc.com.br\/arquivo\/wp-content\/uploads\/2021\/07\/3035-Encontro-Estadual-M.D.B.-1979_3-reuniao.jpg\" alt=\"3035 Encontro Estadual M.D.B. 1979 3 reuniao\" data-id=\"26274\" data-full-url=\"http:\/\/culturabc.com.br\/arquivo\/wp-content\/uploads\/2021\/07\/3035-Encontro-Estadual-M.D.B.-1979_3-reuniao.jpg\" data-link=\"http:\/\/culturabc.com.br\/arquivo\/3035-encontro-estadual-m-d-b-1979_3-reuniao\/\" class=\"wp-image-26274\" srcset=\"https:\/\/culturabc.com.br\/arquivo\/wp-content\/uploads\/2021\/07\/3035-Encontro-Estadual-M.D.B.-1979_3-reuniao.jpg 950w, https:\/\/culturabc.com.br\/arquivo\/wp-content\/uploads\/2021\/07\/3035-Encontro-Estadual-M.D.B.-1979_3-reuniao-300x197.jpg 300w, https:\/\/culturabc.com.br\/arquivo\/wp-content\/uploads\/2021\/07\/3035-Encontro-Estadual-M.D.B.-1979_3-reuniao-768x504.jpg 768w\" sizes=\"(max-width: 950px) 100vw, 950px\" \/><\/a><figcaption class=\"blocks-gallery-item__caption\">3035 Encontro Estadual M.D.B. 1979 3 reuniao<\/figcaption><\/figure><\/li><li class=\"blocks-gallery-item\"><figure><a href=\"http:\/\/culturabc.com.br\/arquivo\/wp-content\/uploads\/2021\/07\/3044-Sessao-Solene-decada-de-1980._3-reuniao.jpg\"><img loading=\"lazy\" decoding=\"async\" width=\"693\" height=\"1024\" src=\"http:\/\/culturabc.com.br\/arquivo\/wp-content\/uploads\/2021\/07\/3044-Sessao-Solene-decada-de-1980._3-reuniao-693x1024.jpg\" alt=\"3044 Sessao Solene decada de 1980. 3 reuniao\" data-id=\"26273\" data-full-url=\"http:\/\/culturabc.com.br\/arquivo\/wp-content\/uploads\/2021\/07\/3044-Sessao-Solene-decada-de-1980._3-reuniao.jpg\" data-link=\"http:\/\/culturabc.com.br\/arquivo\/3044-sessao-solene-decada-de-1980-_3-reuniao\/\" class=\"wp-image-26273\" srcset=\"https:\/\/culturabc.com.br\/arquivo\/wp-content\/uploads\/2021\/07\/3044-Sessao-Solene-decada-de-1980._3-reuniao-693x1024.jpg 693w, https:\/\/culturabc.com.br\/arquivo\/wp-content\/uploads\/2021\/07\/3044-Sessao-Solene-decada-de-1980._3-reuniao-203x300.jpg 203w, https:\/\/culturabc.com.br\/arquivo\/wp-content\/uploads\/2021\/07\/3044-Sessao-Solene-decada-de-1980._3-reuniao-768x1134.jpg 768w, https:\/\/culturabc.com.br\/arquivo\/wp-content\/uploads\/2021\/07\/3044-Sessao-Solene-decada-de-1980._3-reuniao.jpg 950w\" sizes=\"(max-width: 693px) 100vw, 693px\" \/><\/a><figcaption class=\"blocks-gallery-item__caption\">3044 Sessao Solene decada de 1980. 3 reuniao<\/figcaption><\/figure><\/li><li class=\"blocks-gallery-item\"><figure><a href=\"http:\/\/culturabc.com.br\/arquivo\/wp-content\/uploads\/2021\/07\/3043-Em-frente-ao-Auto-cine-1980_3-reuniao.jpg\"><img loading=\"lazy\" decoding=\"async\" width=\"950\" height=\"596\" src=\"http:\/\/culturabc.com.br\/arquivo\/wp-content\/uploads\/2021\/07\/3043-Em-frente-ao-Auto-cine-1980_3-reuniao.jpg\" alt=\"3043 Em frente ao Auto cine 1980 3 reuniao\" data-id=\"26272\" data-full-url=\"http:\/\/culturabc.com.br\/arquivo\/wp-content\/uploads\/2021\/07\/3043-Em-frente-ao-Auto-cine-1980_3-reuniao.jpg\" data-link=\"http:\/\/culturabc.com.br\/arquivo\/3043-em-frente-ao-auto-cine-1980_3-reuniao\/\" class=\"wp-image-26272\" srcset=\"https:\/\/culturabc.com.br\/arquivo\/wp-content\/uploads\/2021\/07\/3043-Em-frente-ao-Auto-cine-1980_3-reuniao.jpg 950w, https:\/\/culturabc.com.br\/arquivo\/wp-content\/uploads\/2021\/07\/3043-Em-frente-ao-Auto-cine-1980_3-reuniao-300x188.jpg 300w, https:\/\/culturabc.com.br\/arquivo\/wp-content\/uploads\/2021\/07\/3043-Em-frente-ao-Auto-cine-1980_3-reuniao-768x482.jpg 768w\" sizes=\"(max-width: 950px) 100vw, 950px\" \/><\/a><figcaption class=\"blocks-gallery-item__caption\">3043 Em frente ao Auto cine 1980 3 reuniao<\/figcaption><\/figure><\/li><li class=\"blocks-gallery-item\"><figure><a href=\"http:\/\/culturabc.com.br\/arquivo\/wp-content\/uploads\/2021\/07\/3042-Restaurante-Calamares-Avenida-Atlantica_3-reuniao.jpg\"><img loading=\"lazy\" decoding=\"async\" width=\"950\" height=\"795\" src=\"http:\/\/culturabc.com.br\/arquivo\/wp-content\/uploads\/2021\/07\/3042-Restaurante-Calamares-Avenida-Atlantica_3-reuniao.jpg\" alt=\"3042 Restaurante Calamares Avenida Atlantica 3 reuniao\" data-id=\"26271\" data-full-url=\"http:\/\/culturabc.com.br\/arquivo\/wp-content\/uploads\/2021\/07\/3042-Restaurante-Calamares-Avenida-Atlantica_3-reuniao.jpg\" data-link=\"http:\/\/culturabc.com.br\/arquivo\/3042-restaurante-calamares-avenida-atlantica_3-reuniao\/\" class=\"wp-image-26271\" srcset=\"https:\/\/culturabc.com.br\/arquivo\/wp-content\/uploads\/2021\/07\/3042-Restaurante-Calamares-Avenida-Atlantica_3-reuniao.jpg 950w, https:\/\/culturabc.com.br\/arquivo\/wp-content\/uploads\/2021\/07\/3042-Restaurante-Calamares-Avenida-Atlantica_3-reuniao-300x251.jpg 300w, https:\/\/culturabc.com.br\/arquivo\/wp-content\/uploads\/2021\/07\/3042-Restaurante-Calamares-Avenida-Atlantica_3-reuniao-768x643.jpg 768w\" sizes=\"(max-width: 950px) 100vw, 950px\" \/><\/a><figcaption class=\"blocks-gallery-item__caption\">3042 Restaurante Calamares Avenida Atlantica 3 reuniao<\/figcaption><\/figure><\/li><li class=\"blocks-gallery-item\"><figure><a href=\"http:\/\/culturabc.com.br\/arquivo\/wp-content\/uploads\/2021\/07\/3041-Casa-dos-padres-atual-edificio-Saint-Antoine-decada-de-1950_3-reuniao.jpg\"><img loading=\"lazy\" decoding=\"async\" width=\"950\" height=\"613\" src=\"http:\/\/culturabc.com.br\/arquivo\/wp-content\/uploads\/2021\/07\/3041-Casa-dos-padres-atual-edificio-Saint-Antoine-decada-de-1950_3-reuniao.jpg\" alt=\"3041 Casa dos padres atual edificio Saint Antoine decada de 1950 3 reuniao\" data-id=\"26270\" data-full-url=\"http:\/\/culturabc.com.br\/arquivo\/wp-content\/uploads\/2021\/07\/3041-Casa-dos-padres-atual-edificio-Saint-Antoine-decada-de-1950_3-reuniao.jpg\" data-link=\"http:\/\/culturabc.com.br\/arquivo\/3041-casa-dos-padres-atual-edificio-saint-antoine-decada-de-1950_3-reuniao\/\" class=\"wp-image-26270\" srcset=\"https:\/\/culturabc.com.br\/arquivo\/wp-content\/uploads\/2021\/07\/3041-Casa-dos-padres-atual-edificio-Saint-Antoine-decada-de-1950_3-reuniao.jpg 950w, https:\/\/culturabc.com.br\/arquivo\/wp-content\/uploads\/2021\/07\/3041-Casa-dos-padres-atual-edificio-Saint-Antoine-decada-de-1950_3-reuniao-300x194.jpg 300w, https:\/\/culturabc.com.br\/arquivo\/wp-content\/uploads\/2021\/07\/3041-Casa-dos-padres-atual-edificio-Saint-Antoine-decada-de-1950_3-reuniao-768x496.jpg 768w\" sizes=\"(max-width: 950px) 100vw, 950px\" \/><\/a><figcaption class=\"blocks-gallery-item__caption\">3041 Casa dos padres atual edificio Saint Antoine decada de 1950 3 reuniao<\/figcaption><\/figure><\/li><li class=\"blocks-gallery-item\"><figure><a href=\"http:\/\/culturabc.com.br\/arquivo\/wp-content\/uploads\/2021\/07\/3049-Pavilhao-de-promocoes-da-Santur.-Parque-Balneario-Camboriu-1974_3-reuniao.jpg\"><img loading=\"lazy\" decoding=\"async\" width=\"950\" height=\"455\" src=\"http:\/\/culturabc.com.br\/arquivo\/wp-content\/uploads\/2021\/07\/3049-Pavilhao-de-promocoes-da-Santur.-Parque-Balneario-Camboriu-1974_3-reuniao.jpg\" alt=\"3049 Pavilhao de promocoes da Santur. Parque Balneario Camboriu 1974 3 reuniao\" data-id=\"26269\" data-full-url=\"http:\/\/culturabc.com.br\/arquivo\/wp-content\/uploads\/2021\/07\/3049-Pavilhao-de-promocoes-da-Santur.-Parque-Balneario-Camboriu-1974_3-reuniao.jpg\" data-link=\"http:\/\/culturabc.com.br\/arquivo\/3049-pavilhao-de-promocoes-da-santur-parque-balneario-camboriu-1974_3-reuniao\/\" class=\"wp-image-26269\" srcset=\"https:\/\/culturabc.com.br\/arquivo\/wp-content\/uploads\/2021\/07\/3049-Pavilhao-de-promocoes-da-Santur.-Parque-Balneario-Camboriu-1974_3-reuniao.jpg 950w, https:\/\/culturabc.com.br\/arquivo\/wp-content\/uploads\/2021\/07\/3049-Pavilhao-de-promocoes-da-Santur.-Parque-Balneario-Camboriu-1974_3-reuniao-300x144.jpg 300w, https:\/\/culturabc.com.br\/arquivo\/wp-content\/uploads\/2021\/07\/3049-Pavilhao-de-promocoes-da-Santur.-Parque-Balneario-Camboriu-1974_3-reuniao-768x368.jpg 768w\" sizes=\"(max-width: 950px) 100vw, 950px\" \/><\/a><figcaption class=\"blocks-gallery-item__caption\">3049 Pavilhao de promocoes da Santur. Parque Balneario Camboriu 1974 3 reuniao<\/figcaption><\/figure><\/li><li class=\"blocks-gallery-item\"><figure><a href=\"http:\/\/culturabc.com.br\/arquivo\/wp-content\/uploads\/2021\/07\/3048-Edificio-Itapoa-Avenida-Atlantica_3-reuniao.jpg\"><img loading=\"lazy\" decoding=\"async\" width=\"950\" height=\"617\" src=\"http:\/\/culturabc.com.br\/arquivo\/wp-content\/uploads\/2021\/07\/3048-Edificio-Itapoa-Avenida-Atlantica_3-reuniao.jpg\" alt=\"3048 Edificio Itapoa Avenida Atlantica 3 reuniao\" data-id=\"26268\" data-full-url=\"http:\/\/culturabc.com.br\/arquivo\/wp-content\/uploads\/2021\/07\/3048-Edificio-Itapoa-Avenida-Atlantica_3-reuniao.jpg\" data-link=\"http:\/\/culturabc.com.br\/arquivo\/3048-edificio-itapoa-avenida-atlantica_3-reuniao\/\" class=\"wp-image-26268\" srcset=\"https:\/\/culturabc.com.br\/arquivo\/wp-content\/uploads\/2021\/07\/3048-Edificio-Itapoa-Avenida-Atlantica_3-reuniao.jpg 950w, https:\/\/culturabc.com.br\/arquivo\/wp-content\/uploads\/2021\/07\/3048-Edificio-Itapoa-Avenida-Atlantica_3-reuniao-300x195.jpg 300w, https:\/\/culturabc.com.br\/arquivo\/wp-content\/uploads\/2021\/07\/3048-Edificio-Itapoa-Avenida-Atlantica_3-reuniao-768x499.jpg 768w\" sizes=\"(max-width: 950px) 100vw, 950px\" \/><\/a><figcaption class=\"blocks-gallery-item__caption\">3048 Edificio Itapoa Avenida Atlantica 3 reuniao<\/figcaption><\/figure><\/li><li class=\"blocks-gallery-item\"><figure><a href=\"http:\/\/culturabc.com.br\/arquivo\/wp-content\/uploads\/2021\/07\/3047-Edificio-Parana-na-Avenida-Central-decada-de-1970_3-reuniao.jpg\"><img loading=\"lazy\" decoding=\"async\" width=\"716\" height=\"1024\" src=\"http:\/\/culturabc.com.br\/arquivo\/wp-content\/uploads\/2021\/07\/3047-Edificio-Parana-na-Avenida-Central-decada-de-1970_3-reuniao-716x1024.jpg\" alt=\"3047 Edificio Parana na Avenida Central decada de 1970 3 reuniao\" data-id=\"26267\" data-full-url=\"http:\/\/culturabc.com.br\/arquivo\/wp-content\/uploads\/2021\/07\/3047-Edificio-Parana-na-Avenida-Central-decada-de-1970_3-reuniao.jpg\" data-link=\"http:\/\/culturabc.com.br\/arquivo\/3047-edificio-parana-na-avenida-central-decada-de-1970_3-reuniao\/\" class=\"wp-image-26267\" srcset=\"https:\/\/culturabc.com.br\/arquivo\/wp-content\/uploads\/2021\/07\/3047-Edificio-Parana-na-Avenida-Central-decada-de-1970_3-reuniao-716x1024.jpg 716w, https:\/\/culturabc.com.br\/arquivo\/wp-content\/uploads\/2021\/07\/3047-Edificio-Parana-na-Avenida-Central-decada-de-1970_3-reuniao-210x300.jpg 210w, https:\/\/culturabc.com.br\/arquivo\/wp-content\/uploads\/2021\/07\/3047-Edificio-Parana-na-Avenida-Central-decada-de-1970_3-reuniao-768x1099.jpg 768w, https:\/\/culturabc.com.br\/arquivo\/wp-content\/uploads\/2021\/07\/3047-Edificio-Parana-na-Avenida-Central-decada-de-1970_3-reuniao.jpg 950w\" sizes=\"(max-width: 716px) 100vw, 716px\" \/><\/a><figcaption class=\"blocks-gallery-item__caption\">3047 Edificio Parana na Avenida Central decada de 1970 3 reuniao<\/figcaption><\/figure><\/li><li class=\"blocks-gallery-item\"><figure><a href=\"http:\/\/culturabc.com.br\/arquivo\/wp-content\/uploads\/2021\/07\/3046-Edificio-Parana.-Loja-Moveis-Brasilia-Avenida-Central-decada-de-1970_3-reuniao.jpg\"><img loading=\"lazy\" decoding=\"async\" width=\"950\" height=\"719\" src=\"http:\/\/culturabc.com.br\/arquivo\/wp-content\/uploads\/2021\/07\/3046-Edificio-Parana.-Loja-Moveis-Brasilia-Avenida-Central-decada-de-1970_3-reuniao.jpg\" alt=\"3046 Edificio Parana. Loja Moveis Brasilia Avenida Central decada de 1970 3 reuniao\" data-id=\"26266\" data-full-url=\"http:\/\/culturabc.com.br\/arquivo\/wp-content\/uploads\/2021\/07\/3046-Edificio-Parana.-Loja-Moveis-Brasilia-Avenida-Central-decada-de-1970_3-reuniao.jpg\" data-link=\"http:\/\/culturabc.com.br\/arquivo\/3046-edificio-parana-loja-moveis-brasilia-avenida-central-decada-de-1970_3-reuniao\/\" class=\"wp-image-26266\" srcset=\"https:\/\/culturabc.com.br\/arquivo\/wp-content\/uploads\/2021\/07\/3046-Edificio-Parana.-Loja-Moveis-Brasilia-Avenida-Central-decada-de-1970_3-reuniao.jpg 950w, https:\/\/culturabc.com.br\/arquivo\/wp-content\/uploads\/2021\/07\/3046-Edificio-Parana.-Loja-Moveis-Brasilia-Avenida-Central-decada-de-1970_3-reuniao-300x227.jpg 300w, https:\/\/culturabc.com.br\/arquivo\/wp-content\/uploads\/2021\/07\/3046-Edificio-Parana.-Loja-Moveis-Brasilia-Avenida-Central-decada-de-1970_3-reuniao-768x581.jpg 768w\" sizes=\"(max-width: 950px) 100vw, 950px\" \/><\/a><figcaption class=\"blocks-gallery-item__caption\">3046 Edificio Parana. Loja Moveis Brasilia Avenida Central decada de 1970 3 reuniao<\/figcaption><\/figure><\/li><li class=\"blocks-gallery-item\"><figure><a href=\"http:\/\/culturabc.com.br\/arquivo\/wp-content\/uploads\/2021\/07\/3045-Predio-da-Av.-Atlantica-decada-de-1980_3-reuniao.jpg\"><img loading=\"lazy\" decoding=\"async\" width=\"712\" height=\"1024\" src=\"http:\/\/culturabc.com.br\/arquivo\/wp-content\/uploads\/2021\/07\/3045-Predio-da-Av.-Atlantica-decada-de-1980_3-reuniao-712x1024.jpg\" alt=\"3045 Predio da Av. Atlantica decada de 1980 3 reuniao\" data-id=\"26265\" data-full-url=\"http:\/\/culturabc.com.br\/arquivo\/wp-content\/uploads\/2021\/07\/3045-Predio-da-Av.-Atlantica-decada-de-1980_3-reuniao.jpg\" data-link=\"http:\/\/culturabc.com.br\/arquivo\/3045-predio-da-av-atlantica-decada-de-1980_3-reuniao\/\" class=\"wp-image-26265\" srcset=\"https:\/\/culturabc.com.br\/arquivo\/wp-content\/uploads\/2021\/07\/3045-Predio-da-Av.-Atlantica-decada-de-1980_3-reuniao-712x1024.jpg 712w, https:\/\/culturabc.com.br\/arquivo\/wp-content\/uploads\/2021\/07\/3045-Predio-da-Av.-Atlantica-decada-de-1980_3-reuniao-209x300.jpg 209w, https:\/\/culturabc.com.br\/arquivo\/wp-content\/uploads\/2021\/07\/3045-Predio-da-Av.-Atlantica-decada-de-1980_3-reuniao-768x1104.jpg 768w, https:\/\/culturabc.com.br\/arquivo\/wp-content\/uploads\/2021\/07\/3045-Predio-da-Av.-Atlantica-decada-de-1980_3-reuniao.jpg 950w\" sizes=\"(max-width: 712px) 100vw, 712px\" \/><\/a><figcaption class=\"blocks-gallery-item__caption\">3045 Predio da Av. Atlantica decada de 1980 3 reuniao<\/figcaption><\/figure><\/li><li class=\"blocks-gallery-item\"><figure><a href=\"http:\/\/culturabc.com.br\/arquivo\/wp-content\/uploads\/2021\/07\/3052-Poste-da-antiga-rede-do-1\u00b0-telegrafo-localizada-no-final-da-Av.-Brasil-decada-de-1990_3-reuniao.jpg\"><img loading=\"lazy\" decoding=\"async\" width=\"687\" height=\"1024\" src=\"http:\/\/culturabc.com.br\/arquivo\/wp-content\/uploads\/2021\/07\/3052-Poste-da-antiga-rede-do-1\u00b0-telegrafo-localizada-no-final-da-Av.-Brasil-decada-de-1990_3-reuniao-687x1024.jpg\" alt=\"3052 Poste da antiga rede do 1\u00b0 telegrafo localizada no final da Av. Brasil decada de 1990 3 reuniao\" data-id=\"26263\" data-full-url=\"http:\/\/culturabc.com.br\/arquivo\/wp-content\/uploads\/2021\/07\/3052-Poste-da-antiga-rede-do-1\u00b0-telegrafo-localizada-no-final-da-Av.-Brasil-decada-de-1990_3-reuniao.jpg\" data-link=\"http:\/\/culturabc.com.br\/arquivo\/3052-poste-da-antiga-rede-do-1-telegrafo-localizada-no-final-da-av-brasil-decada-de-1990_3-reuniao\/\" class=\"wp-image-26263\" srcset=\"https:\/\/culturabc.com.br\/arquivo\/wp-content\/uploads\/2021\/07\/3052-Poste-da-antiga-rede-do-1\u00b0-telegrafo-localizada-no-final-da-Av.-Brasil-decada-de-1990_3-reuniao-687x1024.jpg 687w, https:\/\/culturabc.com.br\/arquivo\/wp-content\/uploads\/2021\/07\/3052-Poste-da-antiga-rede-do-1\u00b0-telegrafo-localizada-no-final-da-Av.-Brasil-decada-de-1990_3-reuniao-201x300.jpg 201w, https:\/\/culturabc.com.br\/arquivo\/wp-content\/uploads\/2021\/07\/3052-Poste-da-antiga-rede-do-1\u00b0-telegrafo-localizada-no-final-da-Av.-Brasil-decada-de-1990_3-reuniao-768x1146.jpg 768w, https:\/\/culturabc.com.br\/arquivo\/wp-content\/uploads\/2021\/07\/3052-Poste-da-antiga-rede-do-1\u00b0-telegrafo-localizada-no-final-da-Av.-Brasil-decada-de-1990_3-reuniao.jpg 950w\" sizes=\"(max-width: 687px) 100vw, 687px\" \/><\/a><figcaption class=\"blocks-gallery-item__caption\">3052 Poste da antiga rede do 1\u00b0 telegrafo localizada no final da Av. Brasil decada de 1990 3 reuniao<\/figcaption><\/figure><\/li><li class=\"blocks-gallery-item\"><figure><a href=\"http:\/\/culturabc.com.br\/arquivo\/wp-content\/uploads\/2021\/07\/3051-Vista-central-da-praia-construcao-do-1\u00b0-edificio-do-Itamarati-decada-de-1970_3-reuniao.jpg\"><img loading=\"lazy\" decoding=\"async\" width=\"950\" height=\"664\" src=\"http:\/\/culturabc.com.br\/arquivo\/wp-content\/uploads\/2021\/07\/3051-Vista-central-da-praia-construcao-do-1\u00b0-edificio-do-Itamarati-decada-de-1970_3-reuniao.jpg\" alt=\"3051 Vista central da praia construcao do 1\u00b0 edificio do Itamarati decada de 1970 3 reuniao\" data-id=\"26262\" data-full-url=\"http:\/\/culturabc.com.br\/arquivo\/wp-content\/uploads\/2021\/07\/3051-Vista-central-da-praia-construcao-do-1\u00b0-edificio-do-Itamarati-decada-de-1970_3-reuniao.jpg\" data-link=\"http:\/\/culturabc.com.br\/arquivo\/3051-vista-central-da-praia-construcao-do-1-edificio-do-itamarati-decada-de-1970_3-reuniao\/\" class=\"wp-image-26262\" srcset=\"https:\/\/culturabc.com.br\/arquivo\/wp-content\/uploads\/2021\/07\/3051-Vista-central-da-praia-construcao-do-1\u00b0-edificio-do-Itamarati-decada-de-1970_3-reuniao.jpg 950w, https:\/\/culturabc.com.br\/arquivo\/wp-content\/uploads\/2021\/07\/3051-Vista-central-da-praia-construcao-do-1\u00b0-edificio-do-Itamarati-decada-de-1970_3-reuniao-300x210.jpg 300w, https:\/\/culturabc.com.br\/arquivo\/wp-content\/uploads\/2021\/07\/3051-Vista-central-da-praia-construcao-do-1\u00b0-edificio-do-Itamarati-decada-de-1970_3-reuniao-768x537.jpg 768w\" sizes=\"(max-width: 950px) 100vw, 950px\" \/><\/a><figcaption class=\"blocks-gallery-item__caption\">3051 Vista central da praia construcao do 1\u00b0 edificio do Itamarati decada de 1970 3 reuniao<\/figcaption><\/figure><\/li><li class=\"blocks-gallery-item\"><figure><a href=\"http:\/\/culturabc.com.br\/arquivo\/wp-content\/uploads\/2021\/07\/3050-Lions-Club-1970_3-reuniao.jpg\"><img loading=\"lazy\" decoding=\"async\" width=\"950\" height=\"618\" src=\"http:\/\/culturabc.com.br\/arquivo\/wp-content\/uploads\/2021\/07\/3050-Lions-Club-1970_3-reuniao.jpg\" alt=\"3050 Lions Club 1970 3 reuniao\" data-id=\"26261\" data-full-url=\"http:\/\/culturabc.com.br\/arquivo\/wp-content\/uploads\/2021\/07\/3050-Lions-Club-1970_3-reuniao.jpg\" data-link=\"http:\/\/culturabc.com.br\/arquivo\/3050-lions-club-1970_3-reuniao\/\" class=\"wp-image-26261\" srcset=\"https:\/\/culturabc.com.br\/arquivo\/wp-content\/uploads\/2021\/07\/3050-Lions-Club-1970_3-reuniao.jpg 950w, https:\/\/culturabc.com.br\/arquivo\/wp-content\/uploads\/2021\/07\/3050-Lions-Club-1970_3-reuniao-300x195.jpg 300w, https:\/\/culturabc.com.br\/arquivo\/wp-content\/uploads\/2021\/07\/3050-Lions-Club-1970_3-reuniao-768x500.jpg 768w\" sizes=\"(max-width: 950px) 100vw, 950px\" \/><\/a><figcaption class=\"blocks-gallery-item__caption\">3050 Lions Club 1970 3 reuniao<\/figcaption><\/figure><\/li><\/ul><\/figure>\n","protected":false},"excerpt":{"rendered":"<p>3\u00aa reuni\u00e3o Data: 22 de novembro de 2016Local: Arquivo Hist\u00f3rico de Balne\u00e1rio Cambori\u00faColaboradores: Ademar Silva, \u00c1lvaro Silva, Jurandir Knabben, Luiz Carlos Chedid e Remi Os\u00f3rioFotografias identificadas: 46 imagensNeste encontro, foram repassadas as fotografias antigas digitalizadas para complementar a identifica\u00e7\u00e3o. Fotografias identificadas<\/p>\n","protected":false},"author":1,"featured_media":0,"parent":0,"menu_order":0,"comment_status":"closed","ping_status":"closed","template":"","meta":{"footnotes":""},"class_list":["post-25775","page","type-page","status-publish","hentry"],"_links":{"self":[{"href":"https:\/\/culturabc.com.br\/arquivo\/wp-json\/wp\/v2\/pages\/25775","targetHints":{"allow":["GET"]}}],"collection":[{"href":"https:\/\/culturabc.com.br\/arquivo\/wp-json\/wp\/v2\/pages"}],"about":[{"href":"https:\/\/culturabc.com.br\/arquivo\/wp-json\/wp\/v2\/types\/page"}],"author":[{"embeddable":true,"href":"https:\/\/culturabc.com.br\/arquivo\/wp-json\/wp\/v2\/users\/1"}],"replies":[{"embeddable":true,"href":"https:\/\/culturabc.com.br\/arquivo\/wp-json\/wp\/v2\/comments?post=25775"}],"version-history":[{"count":6,"href":"https:\/\/culturabc.com.br\/arquivo\/wp-json\/wp\/v2\/pages\/25775\/revisions"}],"predecessor-version":[{"id":26547,"href":"https:\/\/culturabc.com.br\/arquivo\/wp-json\/wp\/v2\/pages\/25775\/revisions\/26547"}],"wp:attachment":[{"href":"https:\/\/culturabc.com.br\/arquivo\/wp-json\/wp\/v2\/media?parent=25775"}],"curies":[{"name":"wp","href":"https:\/\/api.w.org\/{rel}","templated":true}]}}