{"id":26707,"date":"2025-10-23T15:26:14","date_gmt":"2025-10-23T18:26:14","guid":{"rendered":"https:\/\/culturabc.com.br\/arquivo\/?page_id=26707"},"modified":"2025-10-23T15:26:55","modified_gmt":"2025-10-23T18:26:55","slug":"15a-reuniao","status":"publish","type":"page","link":"https:\/\/culturabc.com.br\/arquivo\/15a-reuniao\/","title":{"rendered":"15\u00aa Reuni\u00e3o"},"content":{"rendered":"\t\t<div data-elementor-type=\"wp-page\" data-elementor-id=\"26707\" class=\"elementor elementor-26707\">\n\t\t\t\t<div class=\"elementor-element elementor-element-3222138 e-flex e-con-boxed e-con e-parent\" data-id=\"3222138\" data-element_type=\"container\">\n\t\t\t\t\t<div class=\"e-con-inner\">\n\t\t\t\t<div class=\"elementor-element elementor-element-73bc12c elementor-widget elementor-widget-heading\" data-id=\"73bc12c\" data-element_type=\"widget\" data-widget_type=\"heading.default\">\n\t\t\t\t\t<h2 class=\"elementor-heading-title elementor-size-default\">15\u00aa Reuni\u00e3o<\/h2>\t\t\t\t<\/div>\n\t\t\t\t<div class=\"elementor-element elementor-element-b4f728a elementor-widget elementor-widget-text-editor\" data-id=\"b4f728a\" data-element_type=\"widget\" data-widget_type=\"text-editor.default\">\n\t\t\t\t\t\t\t\t\t<p align=\"justify\"><span style=\"font-family: 'Liberation Sans', sans-serif; font-style: inherit; font-weight: inherit; text-align: start;\">Data: 24 de novembro de 2021<\/span><\/p><p align=\"justify\"><span style=\"font-family: Liberation Sans, sans-serif;\">Local: Arquivo Hist\u00f3rico de Balne\u00e1rio Cambori\u00fa<\/span><\/p><p align=\"justify\"><span style=\"font-family: Liberation Sans, sans-serif;\">Colaboradores: Ant\u00f4nio Jorge de Borba, Carlos Alberto Schlup, Jo\u00e3o Carlos da Silva, Jose \u00c2ngelo Rebelo,<\/span><\/p><p align=\"justify\"><span style=\"font-family: Liberation Sans, sans-serif;\">Jurandir Knabben<\/span><\/p><p align=\"justify\"><span style=\"font-family: Liberation Sans, sans-serif;\">Convidado: Marcelo Juchem (professor de Fotografia da Univali)<\/span><\/p><p align=\"justify\"><span style=\"font-family: Liberation Sans, sans-serif;\"><b>Foto 2373 <\/b>\u2013 Evento na Pra\u00e7a Almirante Tamandar\u00e9, Av. Atl\u00e2ntica, d\u00e9cada de 1970. Foram identificadas 27 pessoas: 2 \u2013 Professor David Husadel, 3 \u2013 Jonas Paulo de Andrade (Baiano), 4 \u2013 Wilson Achutti, 5 \u2013 \u00c1lvaro Silva, 6 \u2013 Walmir Correa, 7 \u2013 Bento Guilherme Pereira, 8 \u2013 Paulo Roberto dos Santos, 9 \u2013 Nildo Teixeira de Melo (Teixeirinha), 10 \u2013 Antonio Bernardo Passos, 11 \u2013 Renato da Silva (Renato charmoso), 12 \u2013 Roberto (desenhista da prefeitura), 14 \u2013 Gil Nunes, 15 \u2013 Moacir Schlup, 16 \u2013 L\u00facia Nascimento, 19 \u2013 Ari Garcia, 20 \u2013 Luizinho 21 \u2013 Jo\u00e3o Bigode, 25 \u2013 Irineu Bittencourt (Tico-Tico), 26 \u2013 Jo\u00e3o (filho do propriet\u00e1rio do Hotel Hamburgo), 27 \u2013 Heraldo Arruda, 28 \u2013 Carlos (funcion\u00e1rio da prefeitura), 33 \u2013 Joel Gall, 36 \u2013 Jo\u00e3o Santos Linhares (Kiko Kalhas), 38 \u2013 Nilson Manoel de Borba (Nen\u00e9m), 39 \u2013 Delegado Renato Ribas, 40 \u2013 Rubem Braun, 41 \u2013 Aliomar Passos.<\/span><\/p><p align=\"justify\"><span style=\"font-family: Liberation Sans, sans-serif;\"><b>Foto 39<\/b><b>84<\/b> \u2013 Hotel Balne\u00e1rio, final da d\u00e9cada de 1950.<\/span><\/p><p align=\"justify\"><span style=\"font-family: Liberation Sans, sans-serif;\"><b>Foto 39<\/b><b>85<\/b> \u2013 Hotel Balne\u00e1rio, final da d\u00e9cada de 1950. <span style=\"color: #000000;\"><span style=\"font-size: medium;\"><span lang=\"pt-BR\">Ana Linhares (n\u00ba 1), <\/span><\/span><\/span><span style=\"color: #000000;\"><span style=\"font-size: medium;\"><span lang=\"pt-BR\">conhecida como Anita,<\/span><\/span><\/span><span style=\"color: #000000;\"><span style=\"font-size: medium;\"><span lang=\"pt-BR\"> trabalhava no Hotel Balne\u00e1rio.<\/span><\/span><\/span><\/span><\/p><p align=\"justify\"><span style=\"font-family: Liberation Sans, sans-serif;\"><b>Foto 39<\/b><b>86<\/b> \u2013 Hotel Balne\u00e1rio, final da d\u00e9cada de 1950. <span style=\"color: #000000;\"><span style=\"font-size: medium;\"><span lang=\"pt-BR\">Ana Linhares (n\u00ba <\/span><\/span><\/span><span style=\"color: #000000;\"><span style=\"font-size: medium;\"><span lang=\"pt-BR\">2<\/span><\/span><\/span><span style=\"color: #000000;\"><span style=\"font-size: medium;\"><span lang=\"pt-BR\">), <\/span><\/span><\/span><span style=\"color: #000000;\"><span style=\"font-size: medium;\"><span lang=\"pt-BR\">conhecida como Anita,<\/span><\/span><\/span><span style=\"color: #000000;\"><span style=\"font-size: medium;\"><span lang=\"pt-BR\"> trabalhava no Hotel Balne\u00e1rio.<\/span><\/span><\/span><\/span><\/p><p align=\"justify\"><span style=\"font-family: Liberation Sans, sans-serif;\"><b>Foto 39<\/b><b>87<\/b> \u2013 Hotel Balne\u00e1rio, final da d\u00e9cada de 1950. <span style=\"color: #000000;\"><span style=\"font-size: medium;\"><span lang=\"pt-BR\">Ana Linhares (n\u00ba <\/span><\/span><\/span><span style=\"color: #000000;\"><span style=\"font-size: medium;\"><span lang=\"pt-BR\">1<\/span><\/span><\/span><span style=\"color: #000000;\"><span style=\"font-size: medium;\"><span lang=\"pt-BR\">), <\/span><\/span><\/span><span style=\"color: #000000;\"><span style=\"font-size: medium;\"><span lang=\"pt-BR\">conhecida como Anita,<\/span><\/span><\/span><span style=\"color: #000000;\"><span style=\"font-size: medium;\"><span lang=\"pt-BR\"> trabalhava no Hotel Balne\u00e1rio.<\/span><\/span><\/span><\/span><\/p><p align=\"justify\"><span style=\"font-family: Liberation Sans, sans-serif;\"><b>Foto 39<\/b><b>88 <\/b>\u2013 F<span style=\"color: #000000;\"><span style=\"font-size: medium;\"><span lang=\"pt-BR\">undos do Hotel Balne\u00e1rio<\/span><\/span><\/span>, final da d\u00e9cada de 1950. A menina \u00e9 <span style=\"color: #000000;\"><span style=\"font-size: medium;\"><span lang=\"pt-BR\">Maria Roziene Linhares, <\/span><\/span><\/span><span style=\"color: #000000;\"><span style=\"font-size: medium;\"><span lang=\"pt-BR\">f<\/span><\/span><\/span>ilha de Anita Linhares, que trabalhava no hotel.<\/span><\/p><p align=\"justify\"><span style=\"font-family: Liberation Sans, sans-serif;\"><b>Foto 39<\/b><b>89<\/b> \u2013 <span style=\"color: #000000;\"><span style=\"font-size: medium;\"><span lang=\"pt-BR\">Maria Roziene Linhares <\/span><\/span><\/span><span style=\"color: #000000;\"><span style=\"font-size: medium;\"><span lang=\"pt-BR\">(n\u00ba1) e Irma Passold (n\u00ba 2)<\/span><\/span><\/span><span style=\"color: #000000;\"><span style=\"font-size: medium;\"><span lang=\"pt-BR\">, <\/span><\/span><\/span><span style=\"color: #000000;\"><span style=\"font-size: medium;\"><span lang=\"pt-BR\">nos <\/span><\/span><\/span><span style=\"color: #000000;\"><span style=\"font-size: medium;\"><span lang=\"pt-BR\">fundos do Hotel Balne\u00e1rio<\/span><\/span><\/span><span style=\"color: #000000;\"><span style=\"font-size: medium;\"><span lang=\"pt-BR\">, <\/span><\/span><\/span><span style=\"color: #000000;\"><span style=\"font-size: medium;\"><span lang=\"pt-BR\">final da d\u00e9cada de 1950. <\/span><\/span><\/span><span style=\"color: #000000;\"><span style=\"font-size: medium;\"><span lang=\"pt-BR\">Irma \u00e9 esposa de Victor Passold, propriet\u00e1rio do Hotel Balne\u00e1rio.<\/span><\/span><\/span><\/span><\/p><p align=\"justify\"><span style=\"font-family: Liberation Sans, sans-serif;\"><span style=\"color: #000000;\"><span style=\"font-size: medium;\"><span lang=\"pt-BR\"><b>F<\/b><\/span><\/span><\/span><span style=\"color: #000000;\"><span style=\"font-size: medium;\"><span lang=\"pt-BR\"><b>oto <\/b><\/span><\/span><\/span><span style=\"color: #000000;\"><span style=\"font-size: medium;\"><span lang=\"pt-BR\"><b>3990<\/b><\/span><\/span><\/span><span style=\"color: #000000;\"><span style=\"font-size: medium;\"><span lang=\"pt-BR\"> (GAB-ACS <\/span><\/span><\/span><span style=\"color: #000000;\"><span style=\"font-size: medium;\"><span lang=\"pt-BR\">2335<\/span><\/span><\/span><span style=\"color: #000000;\"><span style=\"font-size: medium;\"><span lang=\"pt-BR\">) <\/span><\/span><\/span><span style=\"color: #000000;\"><span style=\"font-size: medium;\"><span lang=\"pt-BR\">\u2013 Prefeito Armando C\u00e9sar Ghislandi <\/span><\/span><\/span><span style=\"color: #000000;\"><span style=\"font-size: medium;\"><span lang=\"pt-BR\">(\u00e0 esquerda)<\/span><\/span><\/span><span style=\"color: #000000;\"><span style=\"font-size: medium;\"><span lang=\"pt-BR\">, no primeiro mandato (01\/02\/1970 a 31\/01\/1973).<\/span><\/span><\/span><\/span><\/p><p align=\"justify\"><span style=\"font-family: Liberation Sans, sans-serif;\"><b>Foto 3991<\/b> (GAB-ACS 2364) \u2013 Prefeitura, d\u00e9cada de 1970. Identificados: 1 \u2013 Antonio Jo\u00e3o Braga (advogado, conhecido como Braguinha); 3 \u2013 Moacir Novelletto (arquiteto); 5 \u2013 Jo\u00e3o Jos\u00e9 Maur\u00edcio D\u2019Avila (juiz).<\/span><\/p><p align=\"justify\"><span style=\"font-family: Liberation Sans, sans-serif;\"><b>Foto 399<\/b><b>2<\/b> \u2013 Hotel Balne\u00e1rio (cozinha), final da d\u00e9cada de 1950. Identificadas: <span style=\"color: #000000;\"><span style=\"font-size: medium;\"><span lang=\"pt-BR\">1 \u2013 <\/span><\/span><\/span><span style=\"color: #000000;\"><span style=\"font-size: medium;\"><span lang=\"pt-BR\">Maria Roziene Linhares; <\/span><\/span><\/span><span style=\"color: #000000;\"><span style=\"font-size: medium;\"><span lang=\"pt-BR\">2 \u2013 Cozinheira do hotel.<\/span><\/span><\/span><\/span><\/p><p align=\"justify\"><span style=\"font-family: Liberation Sans, sans-serif;\"><b>Foto 3993<\/b> \u2013 Hotel Balne\u00e1rio, final da d\u00e9cada de 1950. <span style=\"color: #000000;\"><span style=\"font-size: medium;\"><span lang=\"pt-BR\">Identificado<\/span><\/span><\/span><span style=\"color: #000000;\"><span style=\"font-size: medium;\"><span lang=\"pt-BR\">s<\/span><\/span><\/span><span style=\"color: #000000;\"><span style=\"font-size: medium;\"><span lang=\"pt-BR\">: <\/span><\/span><\/span><span style=\"color: #000000;\"><span style=\"font-size: medium;\"><span lang=\"pt-BR\">2 \u2013 Jo\u00e3o Faraco.<\/span><\/span><\/span><\/span><\/p><p align=\"justify\"><span style=\"font-family: Liberation Sans, sans-serif;\"><b>Foto 3994<\/b> \u2013 Hotel Balne\u00e1rio, final da d\u00e9cada de 1950. Identificados: 1 \u2013 Jo\u00e3o Faraco; 2 \u2013 Maria Roziene Linhares.<\/span><\/p><p align=\"justify\"><span style=\"font-family: Liberation Sans, sans-serif;\"><b>Foto 3995<\/b> \u2013 Hotel Balne\u00e1rio, final da d\u00e9cada de 1950. <span style=\"color: #000000;\"><span style=\"font-size: medium;\"><span lang=\"pt-BR\">Identificados: <\/span><\/span><\/span><span style=\"color: #000000;\"><span style=\"font-size: medium;\"><span lang=\"pt-BR\">1<\/span><\/span><\/span><span style=\"color: #000000;\"><span style=\"font-size: medium;\"><span lang=\"pt-BR\"> \u2013 Mari<\/span><\/span><\/span><span style=\"color: #000000;\"><span style=\"font-size: medium;\"><span lang=\"pt-BR\">a<\/span><\/span><\/span><span style=\"color: #000000;\"><span style=\"font-size: medium;\"><span lang=\"pt-BR\"> Roziene Linhares; <\/span><\/span><\/span><span style=\"color: #000000;\"><span style=\"font-size: medium;\"><span lang=\"pt-BR\">3 \u2013 J<\/span><\/span><\/span><span style=\"color: #000000;\"><span style=\"font-size: medium;\"><span lang=\"pt-BR\">o\u00e3o Faraco; <\/span><\/span><\/span><span style=\"color: #000000;\"><span style=\"font-size: medium;\"><span lang=\"pt-BR\">4 \u2013 <\/span><\/span><\/span><span style=\"color: #000000;\"><span style=\"font-size: medium;\"><span lang=\"pt-BR\">Carlos Rosa (<\/span><\/span><\/span><span style=\"color: #000000;\"><span style=\"font-size: medium;\"><span lang=\"pt-BR\">conhecido como <\/span><\/span><\/span><span style=\"color: #000000;\"><span style=\"font-size: medium;\"><span lang=\"pt-BR\">Calinho Rosa, faleceu no dia 7 setembro de 2017<\/span><\/span><\/span><span style=\"color: #000000;\"><span style=\"font-size: medium;\"><span lang=\"pt-BR\">).<\/span><\/span><\/span><\/span><\/p><p align=\"justify\"><span style=\"font-family: Liberation Sans, sans-serif;\"><b>Foto 3996<\/b> \u2013 Hotel Balne\u00e1rio, final da d\u00e9cada de 1950. <span style=\"color: #000000;\"><span style=\"font-size: medium;\"><span lang=\"pt-BR\">Identificados: <\/span><\/span><\/span><span style=\"color: #000000;\"><span style=\"font-size: medium;\"><span lang=\"pt-BR\">2 \u2013 Carlos Rosa; 3 \u2013 Augusto Humberto Kre<\/span><\/span><\/span><span style=\"color: #000000;\"><span style=\"font-size: medium;\"><span lang=\"pt-BR\">v<\/span><\/span><\/span><span style=\"color: #000000;\"><span style=\"font-size: medium;\"><span lang=\"pt-BR\">inkel (maitre e pianista do hotel); <\/span><\/span><\/span><span style=\"color: #000000;\"><span style=\"font-size: medium;\"><span lang=\"pt-BR\">4 \u2013 <\/span><\/span><\/span><span style=\"color: #000000;\"><span style=\"font-size: medium;\"><span lang=\"pt-BR\">Jo\u00e3o Faraco; 5 \u2013 Victor Passold (propriet\u00e1rio do hotel).<\/span><\/span><\/span><\/span><\/p><p align=\"justify\"><span style=\"font-family: Liberation Sans, sans-serif;\"><b>Foto 3997<\/b> \u2013 Hotel Balne\u00e1rio, final da d\u00e9cada de 1950. <span style=\"color: #000000;\"><span style=\"font-size: medium;\"><span lang=\"pt-BR\">Funcion\u00e1rios do Hotel Balne\u00e1rio na cozinha. Identificados: 4 \u2013 Ana Linhares (Anita).<\/span><\/span><\/span><\/span><\/p><p align=\"justify\"><span style=\"font-family: Liberation Sans, sans-serif;\"><b>Foto 3998<\/b> \u2013 Hotel Balne\u00e1rio, final da d\u00e9cada de 1950. <span style=\"color: #000000;\"><span style=\"font-size: medium;\"><span lang=\"pt-BR\">Cozinha do Hotel Balne\u00e1rio. <\/span><\/span><\/span><span style=\"color: #000000;\"><span style=\"font-size: medium;\"><span lang=\"pt-BR\">I<\/span><\/span><\/span><span style=\"color: #000000;\"><span style=\"font-size: medium;\"><span lang=\"pt-BR\">dentificados: 2 \u2013 Ana Linhares (Anita).<\/span><\/span><\/span><\/span><\/p><p align=\"justify\"><span style=\"font-family: Liberation Sans, sans-serif;\"><b>Foto 3999<\/b> \u2013 Hotel Balne\u00e1rio, final da d\u00e9cada de 1950. <span style=\"color: #000000;\"><span style=\"font-size: medium;\"><span lang=\"pt-BR\">Cozinha do Hotel Balne\u00e1rio. <\/span><\/span><\/span><span style=\"color: #000000;\"><span style=\"font-size: medium;\"><span lang=\"pt-BR\">I<\/span><\/span><\/span><span style=\"color: #000000;\"><span style=\"font-size: medium;\"><span lang=\"pt-BR\">dentificados: <\/span><\/span><\/span><span style=\"color: #000000;\"><span style=\"font-size: medium;\"><span lang=\"pt-BR\">1<\/span><\/span><\/span><span style=\"color: #000000;\"><span style=\"font-size: medium;\"><span lang=\"pt-BR\"> \u2013 Ana Linhares (Anita).<\/span><\/span><\/span><\/span><\/p><p align=\"justify\"><span style=\"font-family: Liberation Sans, sans-serif;\"><b>Foto 4000 <\/b>\u2013 Interior do Hotel Balne\u00e1rio. Data prov\u00e1vel: dezembro de 1961, pois a foto aparece na Revista do Sul, edi\u00e7\u00e3o de janeiro de 1962. Identificados: 1 \u2013 Deputado Eg\u00eddio Lunardi; 2 \u2013 Diretor da Revista do Sul, Osias Guimar\u00e3es; 3 \u2013 (Pepi?); 4 \u2013 Walter Strauch.<\/span><\/p><p align=\"justify\"><span style=\"font-family: Liberation Sans, sans-serif;\"><b>Foto 4001<\/b> \u2013 Rancho da Prainha, d\u00e9cada de 1950. Identificados: 2 \u2013 Roberto Marciano Silva; 5 \u2013 Germano Correa; 7 \u2013 Cristiano Pinheiro. <\/span><\/p><p align=\"justify\"><span style=\"font-family: Liberation Sans, sans-serif;\"><b>Foto 4002<\/b> \u2013 Desfile de 7 de Setembro, Avenida Brasil, d\u00e9cada de 1960. O grupo da foto est\u00e1 nas proximidades da Rua 51 e Rua 101, caminhando para o sentido norte. Identificados: 4 \u2013 Maristela Sens.<\/span><\/p><p align=\"justify\"><span style=\"font-family: Liberation Sans, sans-serif;\"><b>Foto 4003<\/b> \u2013 Vista geral praia, d\u00e9cada de 1980.<\/span><\/p><p align=\"justify\"><span style=\"font-family: Liberation Sans, sans-serif;\"><b>Foto 4004<\/b> \u2013 Vista da Ilha das Cabras, d\u00e9cada de 1990.<\/span><\/p><p lang=\"pt-BR\" align=\"justify\"><span style=\"color: #000000;\"><span style=\"font-family: Liberation Sans, sans-serif;\"><span style=\"font-size: medium;\"><b>Foto GAB-ACS 2313<\/b> \u2013 Armando C\u00e9sar Ghislandi (n\u00ba 3).<\/span><\/span><\/span><\/p><p align=\"justify\">\u00a0<\/p>\t\t\t\t\t\t\t\t<\/div>\n\t\t\t\t\t<\/div>\n\t\t\t\t<\/div>\n\t\t<div class=\"elementor-element elementor-element-594d708 e-flex e-con-boxed e-con e-parent\" data-id=\"594d708\" data-element_type=\"container\">\n\t\t\t\t\t<div class=\"e-con-inner\">\n\t\t\t\t<div class=\"elementor-element elementor-element-3e5a9e5 elementor-widget elementor-widget-image-gallery\" data-id=\"3e5a9e5\" data-element_type=\"widget\" data-widget_type=\"image-gallery.default\">\n\t\t\t\t\t\t\t<div class=\"elementor-image-gallery\">\n\t\t\t<div id='gallery-1' class='gallery galleryid-26707 gallery-columns-3 gallery-size-full'><figure class='gallery-item'>\n\t\t\t<div class='gallery-icon landscape'>\n\t\t\t\t<a data-elementor-open-lightbox=\"yes\" data-elementor-lightbox-slideshow=\"3e5a9e5\" data-elementor-lightbox-title=\"4002 - Desfile de 7 de setembro, Av. Brasil, d\u00e9cada de 1960\" data-e-action-hash=\"#elementor-action%3Aaction%3Dlightbox%26settings%3DeyJpZCI6MjY3NzYsInVybCI6Imh0dHBzOlwvXC9jdWx0dXJhYmMuY29tLmJyXC9hcnF1aXZvXC93cC1jb250ZW50XC91cGxvYWRzXC8yMDI1XC8xMFwvNDAwMi1EZXNmaWxlLWRlLTctZGUtc2V0ZW1icm8tQXYuLUJyYXNpbC1kZWNhZGEtZGUtMTk2MC0xLmpwZyIsInNsaWRlc2hvdyI6IjNlNWE5ZTUifQ%3D%3D\" href='https:\/\/culturabc.com.br\/arquivo\/wp-content\/uploads\/2025\/10\/4002-Desfile-de-7-de-setembro-Av.-Brasil-decada-de-1960-1.jpg'><img fetchpriority=\"high\" decoding=\"async\" width=\"2064\" height=\"1262\" src=\"https:\/\/culturabc.com.br\/arquivo\/wp-content\/uploads\/2025\/10\/4002-Desfile-de-7-de-setembro-Av.-Brasil-decada-de-1960-1.jpg\" class=\"attachment-full size-full\" alt=\"\" srcset=\"https:\/\/culturabc.com.br\/arquivo\/wp-content\/uploads\/2025\/10\/4002-Desfile-de-7-de-setembro-Av.-Brasil-decada-de-1960-1.jpg 2064w, https:\/\/culturabc.com.br\/arquivo\/wp-content\/uploads\/2025\/10\/4002-Desfile-de-7-de-setembro-Av.-Brasil-decada-de-1960-1-300x183.jpg 300w, https:\/\/culturabc.com.br\/arquivo\/wp-content\/uploads\/2025\/10\/4002-Desfile-de-7-de-setembro-Av.-Brasil-decada-de-1960-1-1024x626.jpg 1024w, https:\/\/culturabc.com.br\/arquivo\/wp-content\/uploads\/2025\/10\/4002-Desfile-de-7-de-setembro-Av.-Brasil-decada-de-1960-1-768x470.jpg 768w, https:\/\/culturabc.com.br\/arquivo\/wp-content\/uploads\/2025\/10\/4002-Desfile-de-7-de-setembro-Av.-Brasil-decada-de-1960-1-1536x939.jpg 1536w, https:\/\/culturabc.com.br\/arquivo\/wp-content\/uploads\/2025\/10\/4002-Desfile-de-7-de-setembro-Av.-Brasil-decada-de-1960-1-2048x1252.jpg 2048w\" sizes=\"(max-width: 2064px) 100vw, 2064px\" \/><\/a>\n\t\t\t<\/div><\/figure><figure class='gallery-item'>\n\t\t\t<div class='gallery-icon landscape'>\n\t\t\t\t<a data-elementor-open-lightbox=\"yes\" data-elementor-lightbox-slideshow=\"3e5a9e5\" data-elementor-lightbox-title=\"4001 - Rancho da Prainha, d\u00e9cada de 1950\" data-e-action-hash=\"#elementor-action%3Aaction%3Dlightbox%26settings%3DeyJpZCI6MjY3NzcsInVybCI6Imh0dHBzOlwvXC9jdWx0dXJhYmMuY29tLmJyXC9hcnF1aXZvXC93cC1jb250ZW50XC91cGxvYWRzXC8yMDI1XC8xMFwvNDAwMS1SYW5jaG8tZGEtUHJhaW5oYS1kZWNhZGEtZGUtMTk1MC0xLmpwZyIsInNsaWRlc2hvdyI6IjNlNWE5ZTUifQ%3D%3D\" href='https:\/\/culturabc.com.br\/arquivo\/wp-content\/uploads\/2025\/10\/4001-Rancho-da-Prainha-decada-de-1950-1.jpg'><img decoding=\"async\" width=\"1319\" height=\"937\" src=\"https:\/\/culturabc.com.br\/arquivo\/wp-content\/uploads\/2025\/10\/4001-Rancho-da-Prainha-decada-de-1950-1.jpg\" class=\"attachment-full size-full\" alt=\"\" srcset=\"https:\/\/culturabc.com.br\/arquivo\/wp-content\/uploads\/2025\/10\/4001-Rancho-da-Prainha-decada-de-1950-1.jpg 1319w, https:\/\/culturabc.com.br\/arquivo\/wp-content\/uploads\/2025\/10\/4001-Rancho-da-Prainha-decada-de-1950-1-300x213.jpg 300w, https:\/\/culturabc.com.br\/arquivo\/wp-content\/uploads\/2025\/10\/4001-Rancho-da-Prainha-decada-de-1950-1-1024x727.jpg 1024w, https:\/\/culturabc.com.br\/arquivo\/wp-content\/uploads\/2025\/10\/4001-Rancho-da-Prainha-decada-de-1950-1-768x546.jpg 768w\" sizes=\"(max-width: 1319px) 100vw, 1319px\" \/><\/a>\n\t\t\t<\/div><\/figure><figure class='gallery-item'>\n\t\t\t<div class='gallery-icon landscape'>\n\t\t\t\t<a data-elementor-open-lightbox=\"yes\" data-elementor-lightbox-slideshow=\"3e5a9e5\" data-elementor-lightbox-title=\"2373 - Evento na Pra\u00e7a Almirante Tamandar\u00e9, Av. Atl\u00e2ntica, d\u00e9cada de 1970\" data-e-action-hash=\"#elementor-action%3Aaction%3Dlightbox%26settings%3DeyJpZCI6MjY3NzgsInVybCI6Imh0dHBzOlwvXC9jdWx0dXJhYmMuY29tLmJyXC9hcnF1aXZvXC93cC1jb250ZW50XC91cGxvYWRzXC8yMDI1XC8xMFwvMjM3My1FdmVudG8tbmEtUHJhY2EtQWxtaXJhbnRlLVRhbWFuZGFyZS1Bdi4tQXRsYW50aWNhLWRlY2FkYS1kZS0xOTcwLTEuanBnIiwic2xpZGVzaG93IjoiM2U1YTllNSJ9\" href='https:\/\/culturabc.com.br\/arquivo\/wp-content\/uploads\/2025\/10\/2373-Evento-na-Praca-Almirante-Tamandare-Av.-Atlantica-decada-de-1970-1.jpg'><img decoding=\"async\" width=\"2094\" height=\"1411\" src=\"https:\/\/culturabc.com.br\/arquivo\/wp-content\/uploads\/2025\/10\/2373-Evento-na-Praca-Almirante-Tamandare-Av.-Atlantica-decada-de-1970-1.jpg\" class=\"attachment-full size-full\" alt=\"\" srcset=\"https:\/\/culturabc.com.br\/arquivo\/wp-content\/uploads\/2025\/10\/2373-Evento-na-Praca-Almirante-Tamandare-Av.-Atlantica-decada-de-1970-1.jpg 2094w, https:\/\/culturabc.com.br\/arquivo\/wp-content\/uploads\/2025\/10\/2373-Evento-na-Praca-Almirante-Tamandare-Av.-Atlantica-decada-de-1970-1-300x202.jpg 300w, https:\/\/culturabc.com.br\/arquivo\/wp-content\/uploads\/2025\/10\/2373-Evento-na-Praca-Almirante-Tamandare-Av.-Atlantica-decada-de-1970-1-1024x690.jpg 1024w, https:\/\/culturabc.com.br\/arquivo\/wp-content\/uploads\/2025\/10\/2373-Evento-na-Praca-Almirante-Tamandare-Av.-Atlantica-decada-de-1970-1-768x518.jpg 768w, https:\/\/culturabc.com.br\/arquivo\/wp-content\/uploads\/2025\/10\/2373-Evento-na-Praca-Almirante-Tamandare-Av.-Atlantica-decada-de-1970-1-1536x1035.jpg 1536w, https:\/\/culturabc.com.br\/arquivo\/wp-content\/uploads\/2025\/10\/2373-Evento-na-Praca-Almirante-Tamandare-Av.-Atlantica-decada-de-1970-1-2048x1380.jpg 2048w\" sizes=\"(max-width: 2094px) 100vw, 2094px\" \/><\/a>\n\t\t\t<\/div><\/figure><figure class='gallery-item'>\n\t\t\t<div class='gallery-icon portrait'>\n\t\t\t\t<a data-elementor-open-lightbox=\"yes\" data-elementor-lightbox-slideshow=\"3e5a9e5\" data-elementor-lightbox-title=\"3984 - Hotel Balne\u00e1rio, final da d\u00e9cada de 1950\" data-e-action-hash=\"#elementor-action%3Aaction%3Dlightbox%26settings%3DeyJpZCI6MjY3NzksInVybCI6Imh0dHBzOlwvXC9jdWx0dXJhYmMuY29tLmJyXC9hcnF1aXZvXC93cC1jb250ZW50XC91cGxvYWRzXC8yMDI1XC8xMFwvMzk4NC1Ib3RlbC1CYWxuZWFyaW8tZmluYWwtZGEtZGVjYWRhLWRlLTE5NTAtMS5qcGciLCJzbGlkZXNob3ciOiIzZTVhOWU1In0%3D\" href='https:\/\/culturabc.com.br\/arquivo\/wp-content\/uploads\/2025\/10\/3984-Hotel-Balneario-final-da-decada-de-1950-1.jpg'><img loading=\"lazy\" decoding=\"async\" width=\"1040\" height=\"1598\" src=\"https:\/\/culturabc.com.br\/arquivo\/wp-content\/uploads\/2025\/10\/3984-Hotel-Balneario-final-da-decada-de-1950-1.jpg\" class=\"attachment-full size-full\" alt=\"\" srcset=\"https:\/\/culturabc.com.br\/arquivo\/wp-content\/uploads\/2025\/10\/3984-Hotel-Balneario-final-da-decada-de-1950-1.jpg 1040w, https:\/\/culturabc.com.br\/arquivo\/wp-content\/uploads\/2025\/10\/3984-Hotel-Balneario-final-da-decada-de-1950-1-195x300.jpg 195w, https:\/\/culturabc.com.br\/arquivo\/wp-content\/uploads\/2025\/10\/3984-Hotel-Balneario-final-da-decada-de-1950-1-666x1024.jpg 666w, https:\/\/culturabc.com.br\/arquivo\/wp-content\/uploads\/2025\/10\/3984-Hotel-Balneario-final-da-decada-de-1950-1-768x1180.jpg 768w, https:\/\/culturabc.com.br\/arquivo\/wp-content\/uploads\/2025\/10\/3984-Hotel-Balneario-final-da-decada-de-1950-1-1000x1536.jpg 1000w\" sizes=\"(max-width: 1040px) 100vw, 1040px\" \/><\/a>\n\t\t\t<\/div><\/figure><figure class='gallery-item'>\n\t\t\t<div class='gallery-icon landscape'>\n\t\t\t\t<a data-elementor-open-lightbox=\"yes\" data-elementor-lightbox-slideshow=\"3e5a9e5\" data-elementor-lightbox-title=\"3985 - Hotel Balne\u00e1rio, final da d\u00e9cada de 1950\" data-e-action-hash=\"#elementor-action%3Aaction%3Dlightbox%26settings%3DeyJpZCI6MjY3ODMsInVybCI6Imh0dHBzOlwvXC9jdWx0dXJhYmMuY29tLmJyXC9hcnF1aXZvXC93cC1jb250ZW50XC91cGxvYWRzXC8yMDI1XC8xMFwvMzk4NS1Ib3RlbC1CYWxuZWFyaW8tZmluYWwtZGEtZGVjYWRhLWRlLTE5NTAtMS5qcGciLCJzbGlkZXNob3ciOiIzZTVhOWU1In0%3D\" href='https:\/\/culturabc.com.br\/arquivo\/wp-content\/uploads\/2025\/10\/3985-Hotel-Balneario-final-da-decada-de-1950-1.jpg'><img loading=\"lazy\" decoding=\"async\" width=\"1376\" height=\"1033\" src=\"https:\/\/culturabc.com.br\/arquivo\/wp-content\/uploads\/2025\/10\/3985-Hotel-Balneario-final-da-decada-de-1950-1.jpg\" class=\"attachment-full size-full\" alt=\"\" srcset=\"https:\/\/culturabc.com.br\/arquivo\/wp-content\/uploads\/2025\/10\/3985-Hotel-Balneario-final-da-decada-de-1950-1.jpg 1376w, https:\/\/culturabc.com.br\/arquivo\/wp-content\/uploads\/2025\/10\/3985-Hotel-Balneario-final-da-decada-de-1950-1-300x225.jpg 300w, https:\/\/culturabc.com.br\/arquivo\/wp-content\/uploads\/2025\/10\/3985-Hotel-Balneario-final-da-decada-de-1950-1-1024x769.jpg 1024w, https:\/\/culturabc.com.br\/arquivo\/wp-content\/uploads\/2025\/10\/3985-Hotel-Balneario-final-da-decada-de-1950-1-768x577.jpg 768w\" sizes=\"(max-width: 1376px) 100vw, 1376px\" \/><\/a>\n\t\t\t<\/div><\/figure><figure class='gallery-item'>\n\t\t\t<div class='gallery-icon landscape'>\n\t\t\t\t<a data-elementor-open-lightbox=\"yes\" data-elementor-lightbox-slideshow=\"3e5a9e5\" data-elementor-lightbox-title=\"3986 - Hotel Balne\u00e1rio, final da d\u00e9cada de 1950\" data-e-action-hash=\"#elementor-action%3Aaction%3Dlightbox%26settings%3DeyJpZCI6MjY3ODQsInVybCI6Imh0dHBzOlwvXC9jdWx0dXJhYmMuY29tLmJyXC9hcnF1aXZvXC93cC1jb250ZW50XC91cGxvYWRzXC8yMDI1XC8xMFwvMzk4Ni1Ib3RlbC1CYWxuZWFyaW8tZmluYWwtZGEtZGVjYWRhLWRlLTE5NTAtMS5qcGciLCJzbGlkZXNob3ciOiIzZTVhOWU1In0%3D\" href='https:\/\/culturabc.com.br\/arquivo\/wp-content\/uploads\/2025\/10\/3986-Hotel-Balneario-final-da-decada-de-1950-1.jpg'><img loading=\"lazy\" decoding=\"async\" width=\"1502\" height=\"1034\" src=\"https:\/\/culturabc.com.br\/arquivo\/wp-content\/uploads\/2025\/10\/3986-Hotel-Balneario-final-da-decada-de-1950-1.jpg\" class=\"attachment-full size-full\" alt=\"\" srcset=\"https:\/\/culturabc.com.br\/arquivo\/wp-content\/uploads\/2025\/10\/3986-Hotel-Balneario-final-da-decada-de-1950-1.jpg 1502w, https:\/\/culturabc.com.br\/arquivo\/wp-content\/uploads\/2025\/10\/3986-Hotel-Balneario-final-da-decada-de-1950-1-300x207.jpg 300w, https:\/\/culturabc.com.br\/arquivo\/wp-content\/uploads\/2025\/10\/3986-Hotel-Balneario-final-da-decada-de-1950-1-1024x705.jpg 1024w, https:\/\/culturabc.com.br\/arquivo\/wp-content\/uploads\/2025\/10\/3986-Hotel-Balneario-final-da-decada-de-1950-1-768x529.jpg 768w\" sizes=\"(max-width: 1502px) 100vw, 1502px\" \/><\/a>\n\t\t\t<\/div><\/figure><figure class='gallery-item'>\n\t\t\t<div class='gallery-icon portrait'>\n\t\t\t\t<a data-elementor-open-lightbox=\"yes\" data-elementor-lightbox-slideshow=\"3e5a9e5\" data-elementor-lightbox-title=\"3987 - Hotel Balne\u00e1rio, final da d\u00e9cada de 1950\" data-e-action-hash=\"#elementor-action%3Aaction%3Dlightbox%26settings%3DeyJpZCI6MjY3ODUsInVybCI6Imh0dHBzOlwvXC9jdWx0dXJhYmMuY29tLmJyXC9hcnF1aXZvXC93cC1jb250ZW50XC91cGxvYWRzXC8yMDI1XC8xMFwvMzk4Ny1Ib3RlbC1CYWxuZWFyaW8tZmluYWwtZGEtZGVjYWRhLWRlLTE5NTAtMS5qcGciLCJzbGlkZXNob3ciOiIzZTVhOWU1In0%3D\" href='https:\/\/culturabc.com.br\/arquivo\/wp-content\/uploads\/2025\/10\/3987-Hotel-Balneario-final-da-decada-de-1950-1.jpg'><img loading=\"lazy\" decoding=\"async\" width=\"1033\" height=\"1624\" src=\"https:\/\/culturabc.com.br\/arquivo\/wp-content\/uploads\/2025\/10\/3987-Hotel-Balneario-final-da-decada-de-1950-1.jpg\" class=\"attachment-full size-full\" alt=\"\" srcset=\"https:\/\/culturabc.com.br\/arquivo\/wp-content\/uploads\/2025\/10\/3987-Hotel-Balneario-final-da-decada-de-1950-1.jpg 1033w, https:\/\/culturabc.com.br\/arquivo\/wp-content\/uploads\/2025\/10\/3987-Hotel-Balneario-final-da-decada-de-1950-1-191x300.jpg 191w, https:\/\/culturabc.com.br\/arquivo\/wp-content\/uploads\/2025\/10\/3987-Hotel-Balneario-final-da-decada-de-1950-1-651x1024.jpg 651w, https:\/\/culturabc.com.br\/arquivo\/wp-content\/uploads\/2025\/10\/3987-Hotel-Balneario-final-da-decada-de-1950-1-768x1207.jpg 768w, https:\/\/culturabc.com.br\/arquivo\/wp-content\/uploads\/2025\/10\/3987-Hotel-Balneario-final-da-decada-de-1950-1-977x1536.jpg 977w\" sizes=\"(max-width: 1033px) 100vw, 1033px\" \/><\/a>\n\t\t\t<\/div><\/figure><figure class='gallery-item'>\n\t\t\t<div class='gallery-icon landscape'>\n\t\t\t\t<a data-elementor-open-lightbox=\"yes\" data-elementor-lightbox-slideshow=\"3e5a9e5\" data-elementor-lightbox-title=\"3988 - Hotel Balne\u00e1rio (fundos), final da d\u00e9cada de 1950\" data-e-action-hash=\"#elementor-action%3Aaction%3Dlightbox%26settings%3DeyJpZCI6MjY3ODYsInVybCI6Imh0dHBzOlwvXC9jdWx0dXJhYmMuY29tLmJyXC9hcnF1aXZvXC93cC1jb250ZW50XC91cGxvYWRzXC8yMDI1XC8xMFwvMzk4OC1Ib3RlbC1CYWxuZWFyaW8tZnVuZG9zLWZpbmFsLWRhLWRlY2FkYS1kZS0xOTUwLTEuanBnIiwic2xpZGVzaG93IjoiM2U1YTllNSJ9\" href='https:\/\/culturabc.com.br\/arquivo\/wp-content\/uploads\/2025\/10\/3988-Hotel-Balneario-fundos-final-da-decada-de-1950-1.jpg'><img loading=\"lazy\" decoding=\"async\" width=\"1189\" height=\"853\" src=\"https:\/\/culturabc.com.br\/arquivo\/wp-content\/uploads\/2025\/10\/3988-Hotel-Balneario-fundos-final-da-decada-de-1950-1.jpg\" class=\"attachment-full size-full\" alt=\"\" srcset=\"https:\/\/culturabc.com.br\/arquivo\/wp-content\/uploads\/2025\/10\/3988-Hotel-Balneario-fundos-final-da-decada-de-1950-1.jpg 1189w, https:\/\/culturabc.com.br\/arquivo\/wp-content\/uploads\/2025\/10\/3988-Hotel-Balneario-fundos-final-da-decada-de-1950-1-300x215.jpg 300w, https:\/\/culturabc.com.br\/arquivo\/wp-content\/uploads\/2025\/10\/3988-Hotel-Balneario-fundos-final-da-decada-de-1950-1-1024x735.jpg 1024w, https:\/\/culturabc.com.br\/arquivo\/wp-content\/uploads\/2025\/10\/3988-Hotel-Balneario-fundos-final-da-decada-de-1950-1-768x551.jpg 768w\" sizes=\"(max-width: 1189px) 100vw, 1189px\" \/><\/a>\n\t\t\t<\/div><\/figure><figure class='gallery-item'>\n\t\t\t<div class='gallery-icon landscape'>\n\t\t\t\t<a data-elementor-open-lightbox=\"yes\" data-elementor-lightbox-slideshow=\"3e5a9e5\" data-elementor-lightbox-title=\"3989 - Hotel Balne\u00e1rio (fundos), final da d\u00e9cada de 1950\" data-e-action-hash=\"#elementor-action%3Aaction%3Dlightbox%26settings%3DeyJpZCI6MjY3ODcsInVybCI6Imh0dHBzOlwvXC9jdWx0dXJhYmMuY29tLmJyXC9hcnF1aXZvXC93cC1jb250ZW50XC91cGxvYWRzXC8yMDI1XC8xMFwvMzk4OS1Ib3RlbC1CYWxuZWFyaW8tZnVuZG9zLWZpbmFsLWRhLWRlY2FkYS1kZS0xOTUwLTEuanBnIiwic2xpZGVzaG93IjoiM2U1YTllNSJ9\" href='https:\/\/culturabc.com.br\/arquivo\/wp-content\/uploads\/2025\/10\/3989-Hotel-Balneario-fundos-final-da-decada-de-1950-1.jpg'><img loading=\"lazy\" decoding=\"async\" width=\"1203\" height=\"874\" src=\"https:\/\/culturabc.com.br\/arquivo\/wp-content\/uploads\/2025\/10\/3989-Hotel-Balneario-fundos-final-da-decada-de-1950-1.jpg\" class=\"attachment-full size-full\" alt=\"\" srcset=\"https:\/\/culturabc.com.br\/arquivo\/wp-content\/uploads\/2025\/10\/3989-Hotel-Balneario-fundos-final-da-decada-de-1950-1.jpg 1203w, https:\/\/culturabc.com.br\/arquivo\/wp-content\/uploads\/2025\/10\/3989-Hotel-Balneario-fundos-final-da-decada-de-1950-1-300x218.jpg 300w, https:\/\/culturabc.com.br\/arquivo\/wp-content\/uploads\/2025\/10\/3989-Hotel-Balneario-fundos-final-da-decada-de-1950-1-1024x744.jpg 1024w, https:\/\/culturabc.com.br\/arquivo\/wp-content\/uploads\/2025\/10\/3989-Hotel-Balneario-fundos-final-da-decada-de-1950-1-768x558.jpg 768w\" sizes=\"(max-width: 1203px) 100vw, 1203px\" \/><\/a>\n\t\t\t<\/div><\/figure><figure class='gallery-item'>\n\t\t\t<div class='gallery-icon landscape'>\n\t\t\t\t<a data-elementor-open-lightbox=\"yes\" data-elementor-lightbox-slideshow=\"3e5a9e5\" data-elementor-lightbox-title=\"3990 - Prefeito Ghislandi, primeiro mandato, d\u00e9cada de 1970\" data-e-action-hash=\"#elementor-action%3Aaction%3Dlightbox%26settings%3DeyJpZCI6MjY3ODgsInVybCI6Imh0dHBzOlwvXC9jdWx0dXJhYmMuY29tLmJyXC9hcnF1aXZvXC93cC1jb250ZW50XC91cGxvYWRzXC8yMDI1XC8xMFwvMzk5MC1QcmVmZWl0by1HaGlzbGFuZGktcHJpbWVpcm8tbWFuZGF0by1kZWNhZGEtZGUtMTk3MC0xLXNjYWxlZC5qcGciLCJzbGlkZXNob3ciOiIzZTVhOWU1In0%3D\" href='https:\/\/culturabc.com.br\/arquivo\/wp-content\/uploads\/2025\/10\/3990-Prefeito-Ghislandi-primeiro-mandato-decada-de-1970-1-scaled.jpg'><img loading=\"lazy\" decoding=\"async\" width=\"2560\" height=\"1586\" src=\"https:\/\/culturabc.com.br\/arquivo\/wp-content\/uploads\/2025\/10\/3990-Prefeito-Ghislandi-primeiro-mandato-decada-de-1970-1-scaled.jpg\" class=\"attachment-full size-full\" alt=\"\" srcset=\"https:\/\/culturabc.com.br\/arquivo\/wp-content\/uploads\/2025\/10\/3990-Prefeito-Ghislandi-primeiro-mandato-decada-de-1970-1-scaled.jpg 2560w, https:\/\/culturabc.com.br\/arquivo\/wp-content\/uploads\/2025\/10\/3990-Prefeito-Ghislandi-primeiro-mandato-decada-de-1970-1-300x186.jpg 300w, https:\/\/culturabc.com.br\/arquivo\/wp-content\/uploads\/2025\/10\/3990-Prefeito-Ghislandi-primeiro-mandato-decada-de-1970-1-1024x635.jpg 1024w, https:\/\/culturabc.com.br\/arquivo\/wp-content\/uploads\/2025\/10\/3990-Prefeito-Ghislandi-primeiro-mandato-decada-de-1970-1-768x476.jpg 768w, https:\/\/culturabc.com.br\/arquivo\/wp-content\/uploads\/2025\/10\/3990-Prefeito-Ghislandi-primeiro-mandato-decada-de-1970-1-1536x952.jpg 1536w, https:\/\/culturabc.com.br\/arquivo\/wp-content\/uploads\/2025\/10\/3990-Prefeito-Ghislandi-primeiro-mandato-decada-de-1970-1-2048x1269.jpg 2048w\" sizes=\"(max-width: 2560px) 100vw, 2560px\" \/><\/a>\n\t\t\t<\/div><\/figure><figure class='gallery-item'>\n\t\t\t<div class='gallery-icon landscape'>\n\t\t\t\t<a data-elementor-open-lightbox=\"yes\" data-elementor-lightbox-slideshow=\"3e5a9e5\" data-elementor-lightbox-title=\"3991 - Prefeitura, d\u00e9cada de 1970\" data-e-action-hash=\"#elementor-action%3Aaction%3Dlightbox%26settings%3DeyJpZCI6MjY3ODksInVybCI6Imh0dHBzOlwvXC9jdWx0dXJhYmMuY29tLmJyXC9hcnF1aXZvXC93cC1jb250ZW50XC91cGxvYWRzXC8yMDI1XC8xMFwvMzk5MS1QcmVmZWl0dXJhLWRlY2FkYS1kZS0xOTcwLTEtc2NhbGVkLmpwZyIsInNsaWRlc2hvdyI6IjNlNWE5ZTUifQ%3D%3D\" href='https:\/\/culturabc.com.br\/arquivo\/wp-content\/uploads\/2025\/10\/3991-Prefeitura-decada-de-1970-1-scaled.jpg'><img loading=\"lazy\" decoding=\"async\" width=\"2560\" height=\"1741\" src=\"https:\/\/culturabc.com.br\/arquivo\/wp-content\/uploads\/2025\/10\/3991-Prefeitura-decada-de-1970-1-scaled.jpg\" class=\"attachment-full size-full\" alt=\"\" srcset=\"https:\/\/culturabc.com.br\/arquivo\/wp-content\/uploads\/2025\/10\/3991-Prefeitura-decada-de-1970-1-scaled.jpg 2560w, https:\/\/culturabc.com.br\/arquivo\/wp-content\/uploads\/2025\/10\/3991-Prefeitura-decada-de-1970-1-300x204.jpg 300w, https:\/\/culturabc.com.br\/arquivo\/wp-content\/uploads\/2025\/10\/3991-Prefeitura-decada-de-1970-1-1024x696.jpg 1024w, https:\/\/culturabc.com.br\/arquivo\/wp-content\/uploads\/2025\/10\/3991-Prefeitura-decada-de-1970-1-768x522.jpg 768w, https:\/\/culturabc.com.br\/arquivo\/wp-content\/uploads\/2025\/10\/3991-Prefeitura-decada-de-1970-1-1536x1045.jpg 1536w, https:\/\/culturabc.com.br\/arquivo\/wp-content\/uploads\/2025\/10\/3991-Prefeitura-decada-de-1970-1-2048x1393.jpg 2048w\" sizes=\"(max-width: 2560px) 100vw, 2560px\" \/><\/a>\n\t\t\t<\/div><\/figure><figure class='gallery-item'>\n\t\t\t<div class='gallery-icon landscape'>\n\t\t\t\t<a data-elementor-open-lightbox=\"yes\" data-elementor-lightbox-slideshow=\"3e5a9e5\" data-elementor-lightbox-title=\"3992 - Hotel Balne\u00e1rio (cozinha) - final da d\u00e9cada de 1950\" data-e-action-hash=\"#elementor-action%3Aaction%3Dlightbox%26settings%3DeyJpZCI6MjY3OTAsInVybCI6Imh0dHBzOlwvXC9jdWx0dXJhYmMuY29tLmJyXC9hcnF1aXZvXC93cC1jb250ZW50XC91cGxvYWRzXC8yMDI1XC8xMFwvMzk5Mi1Ib3RlbC1CYWxuZWFyaW8tY296aW5oYS1maW5hbC1kYS1kZWNhZGEtZGUtMTk1MC0xLmpwZyIsInNsaWRlc2hvdyI6IjNlNWE5ZTUifQ%3D%3D\" href='https:\/\/culturabc.com.br\/arquivo\/wp-content\/uploads\/2025\/10\/3992-Hotel-Balneario-cozinha-final-da-decada-de-1950-1.jpg'><img loading=\"lazy\" decoding=\"async\" width=\"1115\" height=\"754\" src=\"https:\/\/culturabc.com.br\/arquivo\/wp-content\/uploads\/2025\/10\/3992-Hotel-Balneario-cozinha-final-da-decada-de-1950-1.jpg\" class=\"attachment-full size-full\" alt=\"\" srcset=\"https:\/\/culturabc.com.br\/arquivo\/wp-content\/uploads\/2025\/10\/3992-Hotel-Balneario-cozinha-final-da-decada-de-1950-1.jpg 1115w, https:\/\/culturabc.com.br\/arquivo\/wp-content\/uploads\/2025\/10\/3992-Hotel-Balneario-cozinha-final-da-decada-de-1950-1-300x203.jpg 300w, https:\/\/culturabc.com.br\/arquivo\/wp-content\/uploads\/2025\/10\/3992-Hotel-Balneario-cozinha-final-da-decada-de-1950-1-1024x692.jpg 1024w, https:\/\/culturabc.com.br\/arquivo\/wp-content\/uploads\/2025\/10\/3992-Hotel-Balneario-cozinha-final-da-decada-de-1950-1-768x519.jpg 768w\" sizes=\"(max-width: 1115px) 100vw, 1115px\" \/><\/a>\n\t\t\t<\/div><\/figure><figure class='gallery-item'>\n\t\t\t<div class='gallery-icon landscape'>\n\t\t\t\t<a data-elementor-open-lightbox=\"yes\" data-elementor-lightbox-slideshow=\"3e5a9e5\" data-elementor-lightbox-title=\"3993 - Hotel Balne\u00e1rio - final da d\u00e9cada de 1950\" data-e-action-hash=\"#elementor-action%3Aaction%3Dlightbox%26settings%3DeyJpZCI6MjY3OTEsInVybCI6Imh0dHBzOlwvXC9jdWx0dXJhYmMuY29tLmJyXC9hcnF1aXZvXC93cC1jb250ZW50XC91cGxvYWRzXC8yMDI1XC8xMFwvMzk5My1Ib3RlbC1CYWxuZWFyaW8tZmluYWwtZGEtZGVjYWRhLWRlLTE5NTAtMS5qcGciLCJzbGlkZXNob3ciOiIzZTVhOWU1In0%3D\" href='https:\/\/culturabc.com.br\/arquivo\/wp-content\/uploads\/2025\/10\/3993-Hotel-Balneario-final-da-decada-de-1950-1.jpg'><img loading=\"lazy\" decoding=\"async\" width=\"1650\" height=\"1055\" src=\"https:\/\/culturabc.com.br\/arquivo\/wp-content\/uploads\/2025\/10\/3993-Hotel-Balneario-final-da-decada-de-1950-1.jpg\" class=\"attachment-full size-full\" alt=\"\" srcset=\"https:\/\/culturabc.com.br\/arquivo\/wp-content\/uploads\/2025\/10\/3993-Hotel-Balneario-final-da-decada-de-1950-1.jpg 1650w, https:\/\/culturabc.com.br\/arquivo\/wp-content\/uploads\/2025\/10\/3993-Hotel-Balneario-final-da-decada-de-1950-1-300x192.jpg 300w, https:\/\/culturabc.com.br\/arquivo\/wp-content\/uploads\/2025\/10\/3993-Hotel-Balneario-final-da-decada-de-1950-1-1024x655.jpg 1024w, https:\/\/culturabc.com.br\/arquivo\/wp-content\/uploads\/2025\/10\/3993-Hotel-Balneario-final-da-decada-de-1950-1-768x491.jpg 768w, https:\/\/culturabc.com.br\/arquivo\/wp-content\/uploads\/2025\/10\/3993-Hotel-Balneario-final-da-decada-de-1950-1-1536x982.jpg 1536w\" sizes=\"(max-width: 1650px) 100vw, 1650px\" \/><\/a>\n\t\t\t<\/div><\/figure><figure class='gallery-item'>\n\t\t\t<div class='gallery-icon landscape'>\n\t\t\t\t<a data-elementor-open-lightbox=\"yes\" data-elementor-lightbox-slideshow=\"3e5a9e5\" data-elementor-lightbox-title=\"3994 - Hotel Balne\u00e1rio - final da d\u00e9cada de 1950\" data-e-action-hash=\"#elementor-action%3Aaction%3Dlightbox%26settings%3DeyJpZCI6MjY3OTIsInVybCI6Imh0dHBzOlwvXC9jdWx0dXJhYmMuY29tLmJyXC9hcnF1aXZvXC93cC1jb250ZW50XC91cGxvYWRzXC8yMDI1XC8xMFwvMzk5NC1Ib3RlbC1CYWxuZWFyaW8tZmluYWwtZGEtZGVjYWRhLWRlLTE5NTAtMS5qcGciLCJzbGlkZXNob3ciOiIzZTVhOWU1In0%3D\" href='https:\/\/culturabc.com.br\/arquivo\/wp-content\/uploads\/2025\/10\/3994-Hotel-Balneario-final-da-decada-de-1950-1.jpg'><img loading=\"lazy\" decoding=\"async\" width=\"1369\" height=\"976\" src=\"https:\/\/culturabc.com.br\/arquivo\/wp-content\/uploads\/2025\/10\/3994-Hotel-Balneario-final-da-decada-de-1950-1.jpg\" class=\"attachment-full size-full\" alt=\"\" srcset=\"https:\/\/culturabc.com.br\/arquivo\/wp-content\/uploads\/2025\/10\/3994-Hotel-Balneario-final-da-decada-de-1950-1.jpg 1369w, https:\/\/culturabc.com.br\/arquivo\/wp-content\/uploads\/2025\/10\/3994-Hotel-Balneario-final-da-decada-de-1950-1-300x214.jpg 300w, https:\/\/culturabc.com.br\/arquivo\/wp-content\/uploads\/2025\/10\/3994-Hotel-Balneario-final-da-decada-de-1950-1-1024x730.jpg 1024w, https:\/\/culturabc.com.br\/arquivo\/wp-content\/uploads\/2025\/10\/3994-Hotel-Balneario-final-da-decada-de-1950-1-768x548.jpg 768w\" sizes=\"(max-width: 1369px) 100vw, 1369px\" \/><\/a>\n\t\t\t<\/div><\/figure><figure class='gallery-item'>\n\t\t\t<div class='gallery-icon landscape'>\n\t\t\t\t<a data-elementor-open-lightbox=\"yes\" data-elementor-lightbox-slideshow=\"3e5a9e5\" data-elementor-lightbox-title=\"3995 - Hotel Balne\u00e1rio, final da d\u00e9cada de 1950\" data-e-action-hash=\"#elementor-action%3Aaction%3Dlightbox%26settings%3DeyJpZCI6MjY3OTMsInVybCI6Imh0dHBzOlwvXC9jdWx0dXJhYmMuY29tLmJyXC9hcnF1aXZvXC93cC1jb250ZW50XC91cGxvYWRzXC8yMDI1XC8xMFwvMzk5NS1Ib3RlbC1CYWxuZWFyaW8tZmluYWwtZGEtZGVjYWRhLWRlLTE5NTAtMS5qcGciLCJzbGlkZXNob3ciOiIzZTVhOWU1In0%3D\" href='https:\/\/culturabc.com.br\/arquivo\/wp-content\/uploads\/2025\/10\/3995-Hotel-Balneario-final-da-decada-de-1950-1.jpg'><img loading=\"lazy\" decoding=\"async\" width=\"1631\" height=\"1032\" src=\"https:\/\/culturabc.com.br\/arquivo\/wp-content\/uploads\/2025\/10\/3995-Hotel-Balneario-final-da-decada-de-1950-1.jpg\" class=\"attachment-full size-full\" alt=\"\" srcset=\"https:\/\/culturabc.com.br\/arquivo\/wp-content\/uploads\/2025\/10\/3995-Hotel-Balneario-final-da-decada-de-1950-1.jpg 1631w, https:\/\/culturabc.com.br\/arquivo\/wp-content\/uploads\/2025\/10\/3995-Hotel-Balneario-final-da-decada-de-1950-1-300x190.jpg 300w, https:\/\/culturabc.com.br\/arquivo\/wp-content\/uploads\/2025\/10\/3995-Hotel-Balneario-final-da-decada-de-1950-1-1024x648.jpg 1024w, https:\/\/culturabc.com.br\/arquivo\/wp-content\/uploads\/2025\/10\/3995-Hotel-Balneario-final-da-decada-de-1950-1-768x486.jpg 768w, https:\/\/culturabc.com.br\/arquivo\/wp-content\/uploads\/2025\/10\/3995-Hotel-Balneario-final-da-decada-de-1950-1-1536x972.jpg 1536w\" sizes=\"(max-width: 1631px) 100vw, 1631px\" \/><\/a>\n\t\t\t<\/div><\/figure><figure class='gallery-item'>\n\t\t\t<div class='gallery-icon landscape'>\n\t\t\t\t<a data-elementor-open-lightbox=\"yes\" data-elementor-lightbox-slideshow=\"3e5a9e5\" data-elementor-lightbox-title=\"3996 - Hotel Balne\u00e1rio, final da d\u00e9cada de 1950\" data-e-action-hash=\"#elementor-action%3Aaction%3Dlightbox%26settings%3DeyJpZCI6MjY3OTQsInVybCI6Imh0dHBzOlwvXC9jdWx0dXJhYmMuY29tLmJyXC9hcnF1aXZvXC93cC1jb250ZW50XC91cGxvYWRzXC8yMDI1XC8xMFwvMzk5Ni1Ib3RlbC1CYWxuZWFyaW8tZmluYWwtZGEtZGVjYWRhLWRlLTE5NTAtMS5qcGciLCJzbGlkZXNob3ciOiIzZTVhOWU1In0%3D\" href='https:\/\/culturabc.com.br\/arquivo\/wp-content\/uploads\/2025\/10\/3996-Hotel-Balneario-final-da-decada-de-1950-1.jpg'><img loading=\"lazy\" decoding=\"async\" width=\"522\" height=\"336\" src=\"https:\/\/culturabc.com.br\/arquivo\/wp-content\/uploads\/2025\/10\/3996-Hotel-Balneario-final-da-decada-de-1950-1.jpg\" class=\"attachment-full size-full\" alt=\"\" srcset=\"https:\/\/culturabc.com.br\/arquivo\/wp-content\/uploads\/2025\/10\/3996-Hotel-Balneario-final-da-decada-de-1950-1.jpg 522w, https:\/\/culturabc.com.br\/arquivo\/wp-content\/uploads\/2025\/10\/3996-Hotel-Balneario-final-da-decada-de-1950-1-300x193.jpg 300w\" sizes=\"(max-width: 522px) 100vw, 522px\" \/><\/a>\n\t\t\t<\/div><\/figure><figure class='gallery-item'>\n\t\t\t<div class='gallery-icon landscape'>\n\t\t\t\t<a data-elementor-open-lightbox=\"yes\" data-elementor-lightbox-slideshow=\"3e5a9e5\" data-elementor-lightbox-title=\"3997 - Hotel Balne\u00e1rio, final da d\u00e9cada de 1950\" data-e-action-hash=\"#elementor-action%3Aaction%3Dlightbox%26settings%3DeyJpZCI6MjY3OTUsInVybCI6Imh0dHBzOlwvXC9jdWx0dXJhYmMuY29tLmJyXC9hcnF1aXZvXC93cC1jb250ZW50XC91cGxvYWRzXC8yMDI1XC8xMFwvMzk5Ny1Ib3RlbC1CYWxuZWFyaW8tZmluYWwtZGEtZGVjYWRhLWRlLTE5NTAtMS5qcGciLCJzbGlkZXNob3ciOiIzZTVhOWU1In0%3D\" href='https:\/\/culturabc.com.br\/arquivo\/wp-content\/uploads\/2025\/10\/3997-Hotel-Balneario-final-da-decada-de-1950-1.jpg'><img loading=\"lazy\" decoding=\"async\" width=\"1377\" height=\"1041\" src=\"https:\/\/culturabc.com.br\/arquivo\/wp-content\/uploads\/2025\/10\/3997-Hotel-Balneario-final-da-decada-de-1950-1.jpg\" class=\"attachment-full size-full\" alt=\"\" srcset=\"https:\/\/culturabc.com.br\/arquivo\/wp-content\/uploads\/2025\/10\/3997-Hotel-Balneario-final-da-decada-de-1950-1.jpg 1377w, https:\/\/culturabc.com.br\/arquivo\/wp-content\/uploads\/2025\/10\/3997-Hotel-Balneario-final-da-decada-de-1950-1-300x227.jpg 300w, https:\/\/culturabc.com.br\/arquivo\/wp-content\/uploads\/2025\/10\/3997-Hotel-Balneario-final-da-decada-de-1950-1-1024x774.jpg 1024w, https:\/\/culturabc.com.br\/arquivo\/wp-content\/uploads\/2025\/10\/3997-Hotel-Balneario-final-da-decada-de-1950-1-768x581.jpg 768w\" sizes=\"(max-width: 1377px) 100vw, 1377px\" \/><\/a>\n\t\t\t<\/div><\/figure><figure class='gallery-item'>\n\t\t\t<div class='gallery-icon landscape'>\n\t\t\t\t<a data-elementor-open-lightbox=\"yes\" data-elementor-lightbox-slideshow=\"3e5a9e5\" data-elementor-lightbox-title=\"3999 - Hotel Balne\u00e1rio, final da d\u00e9cada de 1950\" data-e-action-hash=\"#elementor-action%3Aaction%3Dlightbox%26settings%3DeyJpZCI6MjY3OTYsInVybCI6Imh0dHBzOlwvXC9jdWx0dXJhYmMuY29tLmJyXC9hcnF1aXZvXC93cC1jb250ZW50XC91cGxvYWRzXC8yMDI1XC8xMFwvMzk5OS1Ib3RlbC1CYWxuZWFyaW8tZmluYWwtZGEtZGVjYWRhLWRlLTE5NTAtMS5qcGciLCJzbGlkZXNob3ciOiIzZTVhOWU1In0%3D\" href='https:\/\/culturabc.com.br\/arquivo\/wp-content\/uploads\/2025\/10\/3999-Hotel-Balneario-final-da-decada-de-1950-1.jpg'><img loading=\"lazy\" decoding=\"async\" width=\"1558\" height=\"958\" src=\"https:\/\/culturabc.com.br\/arquivo\/wp-content\/uploads\/2025\/10\/3999-Hotel-Balneario-final-da-decada-de-1950-1.jpg\" class=\"attachment-full size-full\" alt=\"\" srcset=\"https:\/\/culturabc.com.br\/arquivo\/wp-content\/uploads\/2025\/10\/3999-Hotel-Balneario-final-da-decada-de-1950-1.jpg 1558w, https:\/\/culturabc.com.br\/arquivo\/wp-content\/uploads\/2025\/10\/3999-Hotel-Balneario-final-da-decada-de-1950-1-300x184.jpg 300w, https:\/\/culturabc.com.br\/arquivo\/wp-content\/uploads\/2025\/10\/3999-Hotel-Balneario-final-da-decada-de-1950-1-1024x630.jpg 1024w, https:\/\/culturabc.com.br\/arquivo\/wp-content\/uploads\/2025\/10\/3999-Hotel-Balneario-final-da-decada-de-1950-1-768x472.jpg 768w, https:\/\/culturabc.com.br\/arquivo\/wp-content\/uploads\/2025\/10\/3999-Hotel-Balneario-final-da-decada-de-1950-1-1536x944.jpg 1536w\" sizes=\"(max-width: 1558px) 100vw, 1558px\" \/><\/a>\n\t\t\t<\/div><\/figure><figure class='gallery-item'>\n\t\t\t<div class='gallery-icon landscape'>\n\t\t\t\t<a data-elementor-open-lightbox=\"yes\" data-elementor-lightbox-slideshow=\"3e5a9e5\" data-elementor-lightbox-title=\"GAB-ACS 2313\" data-e-action-hash=\"#elementor-action%3Aaction%3Dlightbox%26settings%3DeyJpZCI6MjY3OTcsInVybCI6Imh0dHBzOlwvXC9jdWx0dXJhYmMuY29tLmJyXC9hcnF1aXZvXC93cC1jb250ZW50XC91cGxvYWRzXC8yMDI1XC8xMFwvR0FCLUFDUy0yMzEzLTEtc2NhbGVkLmpwZyIsInNsaWRlc2hvdyI6IjNlNWE5ZTUifQ%3D%3D\" href='https:\/\/culturabc.com.br\/arquivo\/wp-content\/uploads\/2025\/10\/GAB-ACS-2313-1-scaled.jpg'><img loading=\"lazy\" decoding=\"async\" width=\"2560\" height=\"1624\" src=\"https:\/\/culturabc.com.br\/arquivo\/wp-content\/uploads\/2025\/10\/GAB-ACS-2313-1-scaled.jpg\" class=\"attachment-full size-full\" alt=\"\" srcset=\"https:\/\/culturabc.com.br\/arquivo\/wp-content\/uploads\/2025\/10\/GAB-ACS-2313-1-scaled.jpg 2560w, https:\/\/culturabc.com.br\/arquivo\/wp-content\/uploads\/2025\/10\/GAB-ACS-2313-1-300x190.jpg 300w, https:\/\/culturabc.com.br\/arquivo\/wp-content\/uploads\/2025\/10\/GAB-ACS-2313-1-1024x649.jpg 1024w, https:\/\/culturabc.com.br\/arquivo\/wp-content\/uploads\/2025\/10\/GAB-ACS-2313-1-768x487.jpg 768w, https:\/\/culturabc.com.br\/arquivo\/wp-content\/uploads\/2025\/10\/GAB-ACS-2313-1-1536x974.jpg 1536w, https:\/\/culturabc.com.br\/arquivo\/wp-content\/uploads\/2025\/10\/GAB-ACS-2313-1-2048x1299.jpg 2048w\" sizes=\"(max-width: 2560px) 100vw, 2560px\" \/><\/a>\n\t\t\t<\/div><\/figure><figure class='gallery-item'>\n\t\t\t<div class='gallery-icon landscape'>\n\t\t\t\t<a data-elementor-open-lightbox=\"yes\" data-elementor-lightbox-slideshow=\"3e5a9e5\" data-elementor-lightbox-title=\"4003 - Vista geral praia, d\u00e9cada de 1980\" data-e-action-hash=\"#elementor-action%3Aaction%3Dlightbox%26settings%3DeyJpZCI6MjY4MDAsInVybCI6Imh0dHBzOlwvXC9jdWx0dXJhYmMuY29tLmJyXC9hcnF1aXZvXC93cC1jb250ZW50XC91cGxvYWRzXC8yMDI1XC8xMFwvNDAwMy1WaXN0YS1nZXJhbC1wcmFpYS1kZWNhZGEtZGUtMTk4MC0xLXNjYWxlZC5qcGciLCJzbGlkZXNob3ciOiIzZTVhOWU1In0%3D\" href='https:\/\/culturabc.com.br\/arquivo\/wp-content\/uploads\/2025\/10\/4003-Vista-geral-praia-decada-de-1980-1-scaled.jpg'><img loading=\"lazy\" decoding=\"async\" width=\"2560\" height=\"1811\" src=\"https:\/\/culturabc.com.br\/arquivo\/wp-content\/uploads\/2025\/10\/4003-Vista-geral-praia-decada-de-1980-1-scaled.jpg\" class=\"attachment-full size-full\" alt=\"\" srcset=\"https:\/\/culturabc.com.br\/arquivo\/wp-content\/uploads\/2025\/10\/4003-Vista-geral-praia-decada-de-1980-1-scaled.jpg 2560w, https:\/\/culturabc.com.br\/arquivo\/wp-content\/uploads\/2025\/10\/4003-Vista-geral-praia-decada-de-1980-1-300x212.jpg 300w, https:\/\/culturabc.com.br\/arquivo\/wp-content\/uploads\/2025\/10\/4003-Vista-geral-praia-decada-de-1980-1-1024x724.jpg 1024w, https:\/\/culturabc.com.br\/arquivo\/wp-content\/uploads\/2025\/10\/4003-Vista-geral-praia-decada-de-1980-1-768x543.jpg 768w, https:\/\/culturabc.com.br\/arquivo\/wp-content\/uploads\/2025\/10\/4003-Vista-geral-praia-decada-de-1980-1-1536x1086.jpg 1536w, https:\/\/culturabc.com.br\/arquivo\/wp-content\/uploads\/2025\/10\/4003-Vista-geral-praia-decada-de-1980-1-2048x1448.jpg 2048w\" sizes=\"(max-width: 2560px) 100vw, 2560px\" \/><\/a>\n\t\t\t<\/div><\/figure><figure class='gallery-item'>\n\t\t\t<div class='gallery-icon landscape'>\n\t\t\t\t<a data-elementor-open-lightbox=\"yes\" data-elementor-lightbox-slideshow=\"3e5a9e5\" data-elementor-lightbox-title=\"4004 - Vista da Ilha das Cabras, d\u00e9cada de 1990\" data-e-action-hash=\"#elementor-action%3Aaction%3Dlightbox%26settings%3DeyJpZCI6MjY4MDEsInVybCI6Imh0dHBzOlwvXC9jdWx0dXJhYmMuY29tLmJyXC9hcnF1aXZvXC93cC1jb250ZW50XC91cGxvYWRzXC8yMDI1XC8xMFwvNDAwNC1WaXN0YS1kYS1JbGhhLWRhcy1DYWJyYXMtZGVjYWRhLWRlLTE5OTAtMS1zY2FsZWQuanBnIiwic2xpZGVzaG93IjoiM2U1YTllNSJ9\" href='https:\/\/culturabc.com.br\/arquivo\/wp-content\/uploads\/2025\/10\/4004-Vista-da-Ilha-das-Cabras-decada-de-1990-1-scaled.jpg'><img loading=\"lazy\" decoding=\"async\" width=\"2560\" height=\"1658\" src=\"https:\/\/culturabc.com.br\/arquivo\/wp-content\/uploads\/2025\/10\/4004-Vista-da-Ilha-das-Cabras-decada-de-1990-1-scaled.jpg\" class=\"attachment-full size-full\" alt=\"\" srcset=\"https:\/\/culturabc.com.br\/arquivo\/wp-content\/uploads\/2025\/10\/4004-Vista-da-Ilha-das-Cabras-decada-de-1990-1-scaled.jpg 2560w, https:\/\/culturabc.com.br\/arquivo\/wp-content\/uploads\/2025\/10\/4004-Vista-da-Ilha-das-Cabras-decada-de-1990-1-300x194.jpg 300w, https:\/\/culturabc.com.br\/arquivo\/wp-content\/uploads\/2025\/10\/4004-Vista-da-Ilha-das-Cabras-decada-de-1990-1-1024x663.jpg 1024w, https:\/\/culturabc.com.br\/arquivo\/wp-content\/uploads\/2025\/10\/4004-Vista-da-Ilha-das-Cabras-decada-de-1990-1-768x497.jpg 768w, https:\/\/culturabc.com.br\/arquivo\/wp-content\/uploads\/2025\/10\/4004-Vista-da-Ilha-das-Cabras-decada-de-1990-1-1536x995.jpg 1536w, https:\/\/culturabc.com.br\/arquivo\/wp-content\/uploads\/2025\/10\/4004-Vista-da-Ilha-das-Cabras-decada-de-1990-1-2048x1326.jpg 2048w\" sizes=\"(max-width: 2560px) 100vw, 2560px\" \/><\/a>\n\t\t\t<\/div><\/figure><figure class='gallery-item'>\n\t\t\t<div class='gallery-icon landscape'>\n\t\t\t\t<a data-elementor-open-lightbox=\"yes\" data-elementor-lightbox-slideshow=\"3e5a9e5\" data-elementor-lightbox-title=\"3998 - Hotel Balne\u00e1rio, final da d\u00e9cada de 1950\" data-e-action-hash=\"#elementor-action%3Aaction%3Dlightbox%26settings%3DeyJpZCI6MjY4MDMsInVybCI6Imh0dHBzOlwvXC9jdWx0dXJhYmMuY29tLmJyXC9hcnF1aXZvXC93cC1jb250ZW50XC91cGxvYWRzXC8yMDI1XC8xMFwvMzk5OC1Ib3RlbC1CYWxuZWFyaW8tZmluYWwtZGEtZGVjYWRhLWRlLTE5NTAtMS5wbmciLCJzbGlkZXNob3ciOiIzZTVhOWU1In0%3D\" href='https:\/\/culturabc.com.br\/arquivo\/wp-content\/uploads\/2025\/10\/3998-Hotel-Balneario-final-da-decada-de-1950-1.png'><img loading=\"lazy\" decoding=\"async\" width=\"1383\" height=\"1028\" src=\"https:\/\/culturabc.com.br\/arquivo\/wp-content\/uploads\/2025\/10\/3998-Hotel-Balneario-final-da-decada-de-1950-1.png\" class=\"attachment-full size-full\" alt=\"\" srcset=\"https:\/\/culturabc.com.br\/arquivo\/wp-content\/uploads\/2025\/10\/3998-Hotel-Balneario-final-da-decada-de-1950-1.png 1383w, https:\/\/culturabc.com.br\/arquivo\/wp-content\/uploads\/2025\/10\/3998-Hotel-Balneario-final-da-decada-de-1950-1-300x223.png 300w, https:\/\/culturabc.com.br\/arquivo\/wp-content\/uploads\/2025\/10\/3998-Hotel-Balneario-final-da-decada-de-1950-1-1024x761.png 1024w, https:\/\/culturabc.com.br\/arquivo\/wp-content\/uploads\/2025\/10\/3998-Hotel-Balneario-final-da-decada-de-1950-1-768x571.png 768w\" sizes=\"(max-width: 1383px) 100vw, 1383px\" \/><\/a>\n\t\t\t<\/div><\/figure><figure class='gallery-item'>\n\t\t\t<div class='gallery-icon portrait'>\n\t\t\t\t<a data-elementor-open-lightbox=\"yes\" data-elementor-lightbox-slideshow=\"3e5a9e5\" data-elementor-lightbox-title=\"4000 - Hotel Balne\u00e1rio, dezembro de 1961\" data-e-action-hash=\"#elementor-action%3Aaction%3Dlightbox%26settings%3DeyJpZCI6MjY4MDUsInVybCI6Imh0dHBzOlwvXC9jdWx0dXJhYmMuY29tLmJyXC9hcnF1aXZvXC93cC1jb250ZW50XC91cGxvYWRzXC8yMDI1XC8xMFwvNDAwMC1Ib3RlbC1CYWxuZWFyaW8tZGV6ZW1icm8tZGUtMTk2MS0xLmpwZyIsInNsaWRlc2hvdyI6IjNlNWE5ZTUifQ%3D%3D\" href='https:\/\/culturabc.com.br\/arquivo\/wp-content\/uploads\/2025\/10\/4000-Hotel-Balneario-dezembro-de-1961-1.jpg'><img loading=\"lazy\" decoding=\"async\" width=\"1529\" height=\"1656\" src=\"https:\/\/culturabc.com.br\/arquivo\/wp-content\/uploads\/2025\/10\/4000-Hotel-Balneario-dezembro-de-1961-1.jpg\" class=\"attachment-full size-full\" alt=\"\" aria-describedby=\"gallery-1-26805\" srcset=\"https:\/\/culturabc.com.br\/arquivo\/wp-content\/uploads\/2025\/10\/4000-Hotel-Balneario-dezembro-de-1961-1.jpg 1529w, https:\/\/culturabc.com.br\/arquivo\/wp-content\/uploads\/2025\/10\/4000-Hotel-Balneario-dezembro-de-1961-1-277x300.jpg 277w, https:\/\/culturabc.com.br\/arquivo\/wp-content\/uploads\/2025\/10\/4000-Hotel-Balneario-dezembro-de-1961-1-945x1024.jpg 945w, https:\/\/culturabc.com.br\/arquivo\/wp-content\/uploads\/2025\/10\/4000-Hotel-Balneario-dezembro-de-1961-1-768x832.jpg 768w, https:\/\/culturabc.com.br\/arquivo\/wp-content\/uploads\/2025\/10\/4000-Hotel-Balneario-dezembro-de-1961-1-1418x1536.jpg 1418w\" sizes=\"(max-width: 1529px) 100vw, 1529px\" \/><\/a>\n\t\t\t<\/div>\n\t\t\t\t<figcaption class='wp-caption-text gallery-caption' id='gallery-1-26805'>\n\t\t\t\t?????????????\n\t\t\t\t<\/figcaption><\/figure>\n\t\t<\/div>\n\t\t<\/div>\n\t\t\t\t\t\t<\/div>\n\t\t\t\t\t<\/div>\n\t\t\t\t<\/div>\n\t\t\t\t<\/div>\n\t\t","protected":false},"excerpt":{"rendered":"<p>15\u00aa Reuni\u00e3o Data: 24 de novembro de 2021 Local: Arquivo Hist\u00f3rico de Balne\u00e1rio Cambori\u00fa Colaboradores: Ant\u00f4nio Jorge de Borba, Carlos Alberto Schlup, Jo\u00e3o Carlos da Silva, Jose \u00c2ngelo Rebelo, Jurandir Knabben Convidado: Marcelo Juchem (professor de Fotografia da Univali) Foto 2373 \u2013 Evento na Pra\u00e7a Almirante Tamandar\u00e9, Av. Atl\u00e2ntica, d\u00e9cada de 1970. Foram identificadas 27 &hellip;<\/p>\n<p class=\"read-more\"> <a class=\"\" href=\"https:\/\/culturabc.com.br\/arquivo\/15a-reuniao\/\"> <span class=\"screen-reader-text\">15\u00aa Reuni\u00e3o<\/span> Leia mais &raquo;<\/a><\/p>\n","protected":false},"author":1,"featured_media":0,"parent":0,"menu_order":0,"comment_status":"closed","ping_status":"closed","template":"","meta":{"footnotes":""},"class_list":["post-26707","page","type-page","status-publish","hentry"],"_links":{"self":[{"href":"https:\/\/culturabc.com.br\/arquivo\/wp-json\/wp\/v2\/pages\/26707","targetHints":{"allow":["GET"]}}],"collection":[{"href":"https:\/\/culturabc.com.br\/arquivo\/wp-json\/wp\/v2\/pages"}],"about":[{"href":"https:\/\/culturabc.com.br\/arquivo\/wp-json\/wp\/v2\/types\/page"}],"author":[{"embeddable":true,"href":"https:\/\/culturabc.com.br\/arquivo\/wp-json\/wp\/v2\/users\/1"}],"replies":[{"embeddable":true,"href":"https:\/\/culturabc.com.br\/arquivo\/wp-json\/wp\/v2\/comments?post=26707"}],"version-history":[{"count":4,"href":"https:\/\/culturabc.com.br\/arquivo\/wp-json\/wp\/v2\/pages\/26707\/revisions"}],"predecessor-version":[{"id":26810,"href":"https:\/\/culturabc.com.br\/arquivo\/wp-json\/wp\/v2\/pages\/26707\/revisions\/26810"}],"wp:attachment":[{"href":"https:\/\/culturabc.com.br\/arquivo\/wp-json\/wp\/v2\/media?parent=26707"}],"curies":[{"name":"wp","href":"https:\/\/api.w.org\/{rel}","templated":true}]}}