{"id":26708,"date":"2025-10-23T15:24:48","date_gmt":"2025-10-23T18:24:48","guid":{"rendered":"https:\/\/culturabc.com.br\/arquivo\/?page_id=26708"},"modified":"2025-10-23T15:25:42","modified_gmt":"2025-10-23T18:25:42","slug":"16a-reuniao","status":"publish","type":"page","link":"https:\/\/culturabc.com.br\/arquivo\/16a-reuniao\/","title":{"rendered":"16\u00aa Reuni\u00e3o"},"content":{"rendered":"\t\t<div data-elementor-type=\"wp-page\" data-elementor-id=\"26708\" class=\"elementor elementor-26708\">\n\t\t\t\t<div class=\"elementor-element elementor-element-3222138 e-flex e-con-boxed e-con e-parent\" data-id=\"3222138\" data-element_type=\"container\">\n\t\t\t\t\t<div class=\"e-con-inner\">\n\t\t\t\t<div class=\"elementor-element elementor-element-73bc12c elementor-widget elementor-widget-heading\" data-id=\"73bc12c\" data-element_type=\"widget\" data-widget_type=\"heading.default\">\n\t\t\t\t\t<h2 class=\"elementor-heading-title elementor-size-default\">16\u00aa Reuni\u00e3o<\/h2>\t\t\t\t<\/div>\n\t\t\t\t<div class=\"elementor-element elementor-element-b4f728a elementor-widget elementor-widget-text-editor\" data-id=\"b4f728a\" data-element_type=\"widget\" data-widget_type=\"text-editor.default\">\n\t\t\t\t\t\t\t\t\t<p align=\"justify\"><span style=\"font-family: Liberation Sans, sans-serif;\">Data: 27 de julho de 2022<\/span><\/p><p align=\"justify\"><span style=\"font-family: Liberation Sans, sans-serif;\">Local: MIS \u2013 Museu da Imagem e do Som<\/span><\/p><p align=\"justify\"><span style=\"font-family: Liberation Sans, sans-serif;\">Colaboradores: Ant\u00f4nio Jorge de Borba, Carlos Alberto Schlup, Erotides da Silva Campos,<\/span><\/p><p align=\"justify\"><span style=\"font-family: Liberation Sans, sans-serif;\">Fernando Delatorre, Jo\u00e3o Carlos da Silva, Jurandir Knabben e Lucia Nascimento<\/span><\/p><p align=\"justify\"><span style=\"font-family: Liberation Sans, sans-serif;\">Convidados: Cezideo De Pieri, Charlota Luise Wachs e Priscilla De Pieri Fonseca<\/span><\/p><p align=\"justify\"><span style=\"font-family: Liberation Sans, sans-serif;\">Fotografias identificadas: 36 imagens<\/span><\/p><p align=\"justify\"><span style=\"font-family: Liberation Sans, sans-serif;\"><b>Foto 121 <\/b>\u2013 Pra\u00e7a Guadalajara, Rua 1500, ano de 1970. Carros identificados \u00e0 esquerda: primeiro carro de Silvio Vieira dos Santos; segundo carro de Narbal Souza (Duca|); terceiro carro de Irene Ko Freitag e quem dirigia era Renato Schnaider; ap\u00f3s o Opala azul de Jo\u00e3o Jorge Pio e quem dirigia era Carlos Alberto Schlup. Pessoas identificadas: 2 \u2013 Ademar Silva, 3 \u2013 Marlene Buratto; 4 \u2013 Jo\u00e3o Jorge Pio, 5- Armando C\u00e9sar Ghislandi, 6 \u2013 Aldo Novaes, 7 \u2013 Osnildo da Luz (Sapo).<\/span><\/p><p align=\"justify\"><span style=\"font-family: Liberation Sans, sans-serif;\"><b>Foto 128<\/b> \u2013 Desfile escolar do Col\u00e9gio Jo\u00e3o Goulart, Avenida Brasil, 07.09.1966. Identificada a aluna Jussara Bento, representando a Branca de Neve.<\/span><\/p><p align=\"justify\"><span style=\"font-family: Liberation Sans, sans-serif;\"><b>Foto 136 <\/b>\u2013 Avenida Atl\u00e2ntica, pr\u00f3ximo ao Hotel Fischer, Barra Sul, d\u00e9cada de 1950. <\/span><\/p><p align=\"justify\"><span style=\"font-family: Liberation Sans, sans-serif;\"><b>Foto 139<\/b> \u2013 Avenida Atl\u00e2ntica, entre os anos de 1965 e 1966.<\/span><\/p><p align=\"justify\"><span style=\"font-family: Liberation Sans, sans-serif;\"><b>Foto 280<\/b> \u2013 Desfile de 07 de setembro, Avenida Central, ano de 1966. identificados: 02 \u2013 Maria Cugnier, 03 \u2013 Tania Gunz, 04 \u2013 Luciana (filha do Sr. Olavo), 07 \u2013 Dorival (Ponei), 08 \u2013 Maria Roziane Linhares, 09 \u2013 Delmo Dumke, 11 \u2013 Professora Norma, 12 \u2013 Orlando Schultz, 14 \u2013 Juarez Bauer, 15 \u2013 Ingomar Frieser, 16 \u2013 Agenor Kuehne (pai do vereador Teco).<\/span><\/p><p align=\"justify\"><span style=\"font-family: Liberation Sans, sans-serif;\"><b>Foto 3942<\/b> \u2013 Charlota Luise Wachs, i<span style=\"color: #000000;\"><span style=\"font-size: medium;\"><span lang=\"pt-BR\">nterior do<\/span><\/span><\/span> <span style=\"color: #000000;\"><span style=\"font-size: medium;\"><span lang=\"pt-BR\">Bar Camar\u00e3o a Palito,<\/span><\/span><\/span><span style=\"color: #000000;\"><span style=\"font-size: medium;\"><span lang=\"pt-BR\"> localizado na<\/span><\/span><\/span><span style=\"color: #000000;\"><span style=\"font-size: medium;\"><span lang=\"pt-BR\"> Av<\/span><\/span><\/span><span style=\"color: #000000;\"><span style=\"font-size: medium;\"><span lang=\"pt-BR\">enida<\/span><\/span><\/span><span style=\"color: #000000;\"><span style=\"font-size: medium;\"><span lang=\"pt-BR\"> Atl\u00e2ntica, esq<\/span><\/span><\/span><span style=\"color: #000000;\"><span style=\"font-size: medium;\"><span lang=\"pt-BR\">uina<\/span><\/span><\/span><span style=\"color: #000000;\"><span style=\"font-size: medium;\"><span lang=\"pt-BR\"> com a <\/span><\/span><\/span><span style=\"color: #000000;\"><span style=\"font-size: medium;\"><span lang=\"pt-BR\">R<\/span><\/span><\/span><span style=\"color: #000000;\"><span style=\"font-size: medium;\"><span lang=\"pt-BR\">ua 1400, <\/span><\/span><\/span><span style=\"color: #000000;\"><span style=\"font-size: medium;\"><span lang=\"pt-BR\">d\u00e9cada de 1950.<\/span><\/span><\/span><\/span><\/p><p align=\"justify\"><span style=\"font-family: Liberation Sans, sans-serif;\"><b><span style=\"color: #000000;\"><span style=\"font-size: medium;\"><span lang=\"pt-BR\">Foto 3943<\/span><\/span><\/span><\/b><span style=\"color: #000000;\"><span style=\"font-size: medium;\"><span lang=\"pt-BR\"> \u2013 Fam\u00edlia Wachs, i<\/span><\/span><\/span><span style=\"color: #000000;\"><span style=\"font-size: medium;\"><span lang=\"pt-BR\">nterior do<\/span><\/span><\/span> <span style=\"color: #000000;\"><span style=\"font-size: medium;\"><span lang=\"pt-BR\">Bar Camar\u00e3o a Palito,<\/span><\/span><\/span> <span style=\"color: #000000;\"><span style=\"font-size: medium;\"><span lang=\"pt-BR\">d\u00e9cada de 1950. Da<\/span><\/span><\/span><span style=\"color: #000000;\"><span style=\"font-size: medium;\"><span lang=\"pt-BR\"> esquerda para a direita: <\/span><\/span><\/span><span style=\"color: #000000;\"><span style=\"font-size: medium;\"><span lang=\"pt-BR\">Hans Richard Karl Wachs, Charlota Luise <\/span><\/span><\/span><span style=\"color: #000000;\"><span style=\"font-size: medium;\"><span lang=\"pt-BR\">Wachs<\/span><\/span><\/span><span style=\"color: #000000;\"><span style=\"font-size: medium;\"><span lang=\"pt-BR\">, Ursula Wachs, Liselote Wachs e Elza Wachs. <\/span><\/span><\/span><span style=\"color: #000000;\"><span style=\"font-size: medium;\"><span lang=\"pt-BR\">Em frente ao balc\u00e3o, menino n\u00e3o identificado.<\/span><\/span><\/span><\/span><\/p><p align=\"justify\"><span style=\"font-family: Liberation Sans, sans-serif;\"><b><span style=\"color: #000000;\"><span style=\"font-size: medium;\"><span lang=\"pt-BR\">Foto <\/span><\/span><\/span><span style=\"color: #000000;\"><span style=\"font-size: medium;\"><span lang=\"pt-BR\">3944<\/span><\/span><\/span><\/b><span style=\"color: #000000;\"><span style=\"font-size: medium;\"><span lang=\"pt-BR\"> \u2013 Camar\u00e3o a Palito, Capil\u00e9 e Foto Wachs <\/span><\/span><\/span><span style=\"color: #000000;\"><span style=\"font-size: medium;\"><span lang=\"pt-BR\">funcionavam na mesma casa<\/span><\/span><\/span><span style=\"color: #000000;\"><span style=\"font-size: medium;\"><span lang=\"pt-BR\">, <\/span><\/span><\/span><span style=\"color: #000000;\"><span style=\"font-size: medium;\"><span lang=\"pt-BR\">na<\/span><\/span><\/span> <span style=\"color: #000000;\"><span style=\"font-size: medium;\"><span lang=\"pt-BR\">Av<\/span><\/span><\/span><span style=\"color: #000000;\"><span style=\"font-size: medium;\"><span lang=\"pt-BR\">enida<\/span><\/span><\/span><span style=\"color: #000000;\"><span style=\"font-size: medium;\"><span lang=\"pt-BR\"> Atl\u00e2ntica, esq<\/span><\/span><\/span><span style=\"color: #000000;\"><span style=\"font-size: medium;\"><span lang=\"pt-BR\">uina<\/span><\/span><\/span><span style=\"color: #000000;\"><span style=\"font-size: medium;\"><span lang=\"pt-BR\"> com a <\/span><\/span><\/span><span style=\"color: #000000;\"><span style=\"font-size: medium;\"><span lang=\"pt-BR\">R<\/span><\/span><\/span><span style=\"color: #000000;\"><span style=\"font-size: medium;\"><span lang=\"pt-BR\">ua 1400, <\/span><\/span><\/span><span style=\"color: #000000;\"><span style=\"font-size: medium;\"><span lang=\"pt-BR\">d\u00e9cada de 1950.<\/span><\/span><\/span><\/span><\/p><p align=\"justify\"><span style=\"font-family: Liberation Sans, sans-serif;\"><b>Foto 3945<\/b> \u2013 Camar\u00e3o a Palito, Capil\u00e9 e Foto Wachs, d\u00e9cada de 1950. <span style=\"color: #000000;\"><span style=\"font-size: medium;\"><span lang=\"pt-BR\">Da esquerda para a direita: <\/span><\/span><\/span><span style=\"color: #000000;\"><span style=\"font-size: medium;\"><span lang=\"pt-BR\">pessoa <\/span><\/span><\/span><span style=\"color: #000000;\"><span style=\"font-size: medium;\"><span lang=\"pt-BR\">n\u00e3o identificad<\/span><\/span><\/span><span style=\"color: #000000;\"><span style=\"font-size: medium;\"><span lang=\"pt-BR\">a<\/span><\/span><\/span><span style=\"color: #000000;\"><span style=\"font-size: medium;\"><span lang=\"pt-BR\">,<\/span><\/span><\/span><span style=\"color: #000000;\"><span style=\"font-family: Liberation Sans, serif;\"><span style=\"font-size: medium;\"><span lang=\"pt-BR\"> Charlota Luise Wachs, Elza Wachs, Ursula Wachs e Hans Richard Karl Wachs.<\/span><\/span><\/span><\/span><\/span><\/p><p align=\"justify\"><span style=\"font-family: Liberation Sans, sans-serif;\"><b>Foto 3946<\/b> \u2013 Fam\u00edlia Wachs, Bar Camar\u00e3o a Palito, d\u00e9cada de 1950. <span style=\"color: #000000;\"><span style=\"font-size: medium;\"><span lang=\"pt-BR\">Da esquerda para a direita<\/span><\/span><\/span><span style=\"color: #000000;\"><span style=\"font-family: Liberation Sans, serif;\"><span style=\"font-size: medium;\"><span lang=\"pt-BR\"> Charlota Luise Wachs, Elza Wachs <\/span><\/span><\/span><\/span><span style=\"color: #000000;\"><span style=\"font-family: Liberation Sans, serif;\"><span style=\"font-size: medium;\"><span lang=\"pt-BR\">e<\/span><\/span><\/span><\/span><span style=\"color: #000000;\"><span style=\"font-family: Liberation Sans, serif;\"><span style=\"font-size: medium;\"><span lang=\"pt-BR\"> Hans Richard Karl Wachs.<\/span><\/span><\/span><\/span><\/span><\/p><p align=\"justify\"><span style=\"font-family: Liberation Sans, sans-serif;\"><b><span style=\"color: #000000;\"><span style=\"font-family: Liberation Sans, serif;\"><span style=\"font-size: medium;\"><span lang=\"pt-BR\">Foto <\/span><\/span><\/span><\/span><span style=\"color: #000000;\"><span style=\"font-family: Liberation Sans, serif;\"><span style=\"font-size: medium;\"><span lang=\"pt-BR\">3947<\/span><\/span><\/span><\/span><\/b><span style=\"color: #000000;\"><span style=\"font-family: Liberation Sans, serif;\"><span style=\"font-size: medium;\"><span lang=\"pt-BR\"> \u2013 Fam\u00edlia Wachs e funcion\u00e1rios, Bar Camar\u00e3o a Palito, d\u00e9cada de 1950. <\/span><\/span><\/span><\/span><span style=\"color: #000000;\"><span style=\"font-size: medium;\"><span lang=\"pt-BR\">Da esquerda para a direita: 3 \u2013 <\/span><\/span><\/span><span style=\"color: #000000;\"><span style=\"font-size: medium;\"><span lang=\"pt-BR\">Hans Richard Karl Wachs, <\/span><\/span><\/span><span style=\"color: #000000;\"><span style=\"font-size: medium;\"><span lang=\"pt-BR\">6 \u2013 <\/span><\/span><\/span><span style=\"color: #000000;\"><span style=\"font-size: medium;\"><span lang=\"pt-BR\">Charlota Luise <\/span><\/span><\/span><span style=\"color: #000000;\"><span style=\"font-size: medium;\"><span lang=\"pt-BR\">Wachs<\/span><\/span><\/span><span style=\"color: #000000;\"><span style=\"font-size: medium;\"><span lang=\"pt-BR\">, <\/span><\/span><\/span><span style=\"color: #000000;\"><span style=\"font-size: medium;\"><span lang=\"pt-BR\">07 \u2013 <\/span><\/span><\/span><span style=\"color: #000000;\"><span style=\"font-size: medium;\"><span lang=\"pt-BR\">Ursula Wachs, <\/span><\/span><\/span><span style=\"color: #000000;\"><span style=\"font-size: medium;\"><span lang=\"pt-BR\">8 \u2013 <\/span><\/span><\/span><span style=\"color: #000000;\"><span style=\"font-size: medium;\"><span lang=\"pt-BR\">Liselote Wachs e <\/span><\/span><\/span><span style=\"color: #000000;\"><span style=\"font-size: medium;\"><span lang=\"pt-BR\">9 \u2013 <\/span><\/span><\/span><span style=\"color: #000000;\"><span style=\"font-size: medium;\"><span lang=\"pt-BR\">Elza Wachs.<\/span><\/span><\/span><\/span><\/p><p align=\"justify\"><span style=\"font-family: Liberation Sans, sans-serif;\"><b><span style=\"color: #000000;\"><span style=\"font-size: medium;\"><span lang=\"pt-BR\">Foto <\/span><\/span><\/span><span style=\"color: #000000;\"><span style=\"font-size: medium;\"><span lang=\"pt-BR\">3948<\/span><\/span><\/span><\/b><span style=\"color: #000000;\"><span style=\"font-size: medium;\"><span lang=\"pt-BR\"> \u2013 Charlota Luise Wachs, Praia de Cambori\u00fa, <\/span><\/span><\/span><span style=\"color: #000000;\"><span style=\"font-size: medium;\"><span lang=\"pt-BR\">d\u00e9cada de 1950.<\/span><\/span><\/span><\/span><\/p><p align=\"justify\"><span style=\"font-family: Liberation Sans, sans-serif;\"><b><span style=\"color: #000000;\"><span style=\"font-size: medium;\"><span lang=\"pt-BR\">Foto <\/span><\/span><\/span><span style=\"color: #000000;\"><span style=\"font-size: medium;\"><span lang=\"pt-BR\">3949<\/span><\/span><\/span><\/b><span style=\"color: #000000;\"><span style=\"font-size: medium;\"><span lang=\"pt-BR\"> \u2013 <\/span><\/span><\/span><span style=\"color: #000000;\"><span style=\"font-size: medium;\"><span lang=\"pt-BR\">Charlota Luise Wachs e sua m\u00e3e Liselote Wachs<\/span><\/span><\/span><span style=\"color: #000000;\"><span style=\"font-size: medium;\"><span lang=\"pt-BR\">, Bar Capil\u00e9, d\u00e9cada de 1950.<\/span><\/span><\/span><\/span><\/p><p align=\"justify\"><span style=\"font-family: Liberation Sans, sans-serif;\"><b><span style=\"color: #000000;\"><span style=\"font-size: medium;\"><span lang=\"pt-BR\">Foto <\/span><\/span><\/span><span style=\"color: #000000;\"><span style=\"font-size: medium;\"><span lang=\"pt-BR\">3950<\/span><\/span><\/span><\/b><span style=\"color: #000000;\"><span style=\"font-size: medium;\"><span lang=\"pt-BR\"> \u2013 <\/span><\/span><\/span><span style=\"color: #000000;\"><span style=\"font-size: medium;\"><span lang=\"pt-BR\">As irm\u00e3s Elza Wachs e <\/span><\/span><\/span><span style=\"color: #000000;\"><span style=\"font-size: medium;\"><span lang=\"pt-BR\">Charlota Luise Wachs<\/span><\/span><\/span><span style=\"color: #000000;\"><span style=\"font-size: medium;\"><span lang=\"pt-BR\">, Bar Capil\u00e9, d\u00e9cada de 1950.<\/span><\/span><\/span><\/span><\/p><p align=\"justify\"><span style=\"font-family: Liberation Sans, sans-serif;\"><b><span style=\"color: #000000;\"><span style=\"font-size: medium;\"><span lang=\"pt-BR\">Foto <\/span><\/span><\/span><span style=\"color: #000000;\"><span style=\"font-size: medium;\"><span lang=\"pt-BR\">3951<\/span><\/span><\/span><\/b><span style=\"color: #000000;\"><span style=\"font-size: medium;\"><span lang=\"pt-BR\"> \u2013 Fam\u00edlia Wachs no Natal, d\u00e9cada de 1950. <\/span><\/span><\/span><span style=\"color: #000000;\"><span style=\"font-size: medium;\"><span lang=\"pt-BR\">Da esquerda para a direita: <\/span><\/span><\/span><span style=\"color: #000000;\"><span style=\"font-family: Liberation Sans, serif;\"><span style=\"font-size: medium;\"><span lang=\"pt-BR\">Elsa Wachs, Charlota Luise Wachs, Liselote Wachs, Hans Richard Karl Wachs e Ursula Wachs.<\/span><\/span><\/span><\/span><\/span><\/p><p align=\"justify\"><span style=\"font-family: Liberation Sans, sans-serif;\"><b><span style=\"color: #000000;\"><span style=\"font-family: Liberation Sans, serif;\"><span style=\"font-size: medium;\"><span lang=\"pt-BR\">Foto <\/span><\/span><\/span><\/span><span style=\"color: #000000;\"><span style=\"font-family: Liberation Sans, serif;\"><span style=\"font-size: medium;\"><span lang=\"pt-BR\">3952<\/span><\/span><\/span><\/span><\/b><span style=\"color: #000000;\"><span style=\"font-family: Liberation Sans, serif;\"><span style=\"font-size: medium;\"><span lang=\"pt-BR\"> \u2013 <\/span><\/span><\/span><\/span><span style=\"color: #000000;\"><span style=\"font-family: Liberation Sans, serif;\"><span style=\"font-size: medium;\"><span lang=\"pt-BR\">L<\/span><\/span><\/span><\/span><span style=\"color: #000000;\"><span style=\"font-family: Liberation Sans, serif;\"><span style=\"font-size: medium;\"><span lang=\"pt-BR\">iselote Wachs <\/span><\/span><\/span><\/span><span style=\"color: #000000;\"><span style=\"font-family: Liberation Sans, serif;\"><span style=\"font-size: medium;\"><span lang=\"pt-BR\">e <\/span><\/span><\/span><\/span><span style=\"color: #000000;\"><span style=\"font-family: Liberation Sans, serif;\"><span style=\"font-size: medium;\"><span lang=\"pt-BR\">Hans Richard Karl Wachs <\/span><\/span><\/span><\/span><span style=\"color: #000000;\"><span style=\"font-family: Liberation Sans, serif;\"><span style=\"font-size: medium;\"><span lang=\"pt-BR\">com<\/span><\/span><\/span><\/span><span style=\"color: #000000;\"><span style=\"font-family: Liberation Sans, serif;\"><span style=\"font-size: medium;\"><span lang=\"pt-BR\"> amigas<\/span><\/span><\/span><\/span><span style=\"color: #000000;\"><span style=\"font-family: Liberation Sans, serif;\"><span style=\"font-size: medium;\"><span lang=\"pt-BR\"> n\u00e3o identificadas<\/span><\/span><\/span><\/span><span style=\"color: #000000;\"><span style=\"font-family: Liberation Sans, serif;\"><span style=\"font-size: medium;\"><span lang=\"pt-BR\">, Bar Capil\u00e9, d\u00e9cada de 1950. <\/span><\/span><\/span><\/span><\/span><\/p><p align=\"justify\"><span style=\"font-family: Liberation Sans, sans-serif;\"><b>Foto 3953 <\/b>\u2013 Salva-vidas <span style=\"color: #000000;\"><span style=\"font-family: Liberation Sans, serif;\"><span style=\"font-size: medium;\"><span lang=\"pt-BR\">Valdemar, Cezidio, Mauri, Pa<\/span><\/span><\/span><\/span><span style=\"color: #000000;\"><span style=\"font-family: Liberation Sans, serif;\"><span style=\"font-size: medium;\"><span lang=\"pt-BR\">l<\/span><\/span><\/span><\/span><span style=\"color: #000000;\"><span style=\"font-family: Liberation Sans, serif;\"><span style=\"font-size: medium;\"><span lang=\"pt-BR\">ho\u00e7a<\/span><\/span><\/span><\/span>, na Praia de Cambori\u00fa, 15.12.1960. <span style=\"color: #000000;\"><span style=\"font-family: Liberation Sans, serif;\"><span style=\"font-size: medium;\"><span lang=\"pt-BR\">O <\/span><\/span><\/span><\/span><span style=\"color: #000000;\"><span style=\"font-family: Liberation Sans, serif;\"><span style=\"font-size: medium;\"><span lang=\"pt-BR\">primeiro <\/span><\/span><\/span><\/span><span style=\"color: #000000;\"><span style=\"font-family: Liberation Sans, serif;\"><span style=\"font-size: medium;\"><span lang=\"pt-BR\">posto salva-vidas come\u00e7ou a funcionar em 15\/12\/1960 <\/span><\/span><\/span><\/span><span style=\"color: #000000;\"><span style=\"font-family: Liberation Sans, serif;\"><span style=\"font-size: medium;\"><span lang=\"pt-BR\">e era localizado em frente <\/span><\/span><\/span><\/span><span style=\"color: #000000;\"><span style=\"font-family: Liberation Sans, serif;\"><span style=\"font-size: medium;\"><span lang=\"pt-BR\">\u00e0<\/span><\/span><\/span><\/span><span style=\"color: #000000;\"><span style=\"font-family: Liberation Sans, serif;\"><span style=\"font-size: medium;\"><span lang=\"pt-BR\"> Rua 1400. <\/span><\/span><\/span><\/span><span style=\"color: #000000;\"><span style=\"font-family: Liberation Sans, serif;\"><span style=\"font-size: medium;\"><span lang=\"pt-BR\">Cezidio Machado De Pier<\/span><\/span><\/span><\/span><span style=\"color: #000000;\"><span style=\"font-family: Liberation Sans, serif;\"><span style=\"font-size: medium;\"><span lang=\"pt-BR\"> foi o primeiro salva-vidas e o primeiro policial da cidade.<\/span><\/span><\/span><\/span><\/span><\/p><p align=\"justify\"><span style=\"font-family: Liberation Sans, sans-serif;\"><b>Foto 3954 <\/b>\u2013 Salva-vidas, em frente ao Camar\u00e3o a Palito, Praia de Cambori\u00fa, temporada 1960\/1961. <span style=\"color: #000000;\"><span style=\"font-size: medium;\"><span lang=\"pt-BR\">Da esquerda para a direita: <\/span><\/span><\/span><span style=\"color: #000000;\"><span style=\"font-size: medium;\"><span lang=\"pt-BR\">1 \u2013 n\u00e3o identificado<\/span><\/span><\/span><span style=\"color: #000000;\"><span style=\"font-size: medium;\"><span lang=\"pt-BR\">, <\/span><\/span><\/span><span style=\"color: #000000;\"><span style=\"font-size: medium;\"><span lang=\"pt-BR\"> 2 \u2013 Pacho\u00e7a, 3 \u2013 n\u00e3o identificado, <\/span><\/span><\/span><span style=\"color: #000000;\"><span style=\"font-family: Liberation Sans, serif;\"><span style=\"font-size: medium;\"><span lang=\"pt-BR\">4 <\/span><\/span><\/span><\/span><span style=\"color: #000000;\"><span style=\"font-family: Liberation Sans, serif;\"><span style=\"font-size: medium;\"><span lang=\"pt-BR\">\u2013<\/span><\/span><\/span><\/span><span style=\"color: #000000;\"><span style=\"font-family: Liberation Sans, serif;\"><span style=\"font-size: medium;\"><span lang=\"pt-BR\"> Cezidio De Pieri, <\/span><\/span><\/span><\/span><span style=\"color: #000000;\"><span style=\"font-family: Liberation Sans, serif;\"><span style=\"font-size: medium;\"><span lang=\"pt-BR\">5 \u2013 Mauri<\/span><\/span><\/span><\/span><span style=\"color: #000000;\"><span style=\"font-family: Liberation Sans, serif;\"><span style=\"font-size: medium;\"><span lang=\"pt-BR\">. <\/span><\/span><\/span><\/span><\/span><\/p><p align=\"justify\"><span style=\"font-family: Liberation Sans, sans-serif;\"><b>Foto 3955 <\/b>\u2013 Salva-vidas <span style=\"color: #000000;\"><span style=\"font-family: Liberation Sans, serif;\"><span style=\"font-size: medium;\"><span lang=\"pt-BR\">com o barco \u201cSandolin\u201d<\/span><\/span><\/span><\/span>, Praia de Cambori\u00fa, <span style=\"color: #000000;\"><span style=\"font-family: Liberation Sans, serif;\"><span style=\"font-size: medium;\"><span lang=\"pt-BR\">t<\/span><\/span><\/span><\/span><span style=\"color: #000000;\"><span style=\"font-family: Liberation Sans, serif;\"><span style=\"font-size: medium;\"><span lang=\"pt-BR\">emporada <\/span><\/span><\/span><\/span><span style=\"color: #000000;\"><span style=\"font-family: Liberation Sans, serif;\"><span style=\"font-size: medium;\"><span lang=\"pt-BR\">de 196<\/span><\/span><\/span><\/span><span style=\"color: #000000;\"><span style=\"font-family: Liberation Sans, serif;\"><span style=\"font-size: medium;\"><span lang=\"pt-BR\">0\/1961<\/span><\/span><\/span><\/span><span style=\"color: #000000;\"><span style=\"font-family: Liberation Sans, serif;\"><span style=\"font-size: medium;\"><span lang=\"pt-BR\">. <\/span><\/span><\/span><\/span><span style=\"color: #000000;\"><span style=\"font-size: medium;\"><span lang=\"pt-BR\">Da esquerda para a direita: <\/span><\/span><\/span><span style=\"color: #000000;\"><span style=\"font-size: medium;\"><span lang=\"pt-BR\">1 \u2013 <\/span><\/span><\/span><span style=\"color: #000000;\"><span style=\"font-family: Liberation Sans, serif;\"><span style=\"font-size: medium;\"><span lang=\"pt-BR\">Valdemar, <\/span><\/span><\/span><\/span><span style=\"color: #000000;\"><span style=\"font-family: Liberation Sans, serif;\"><span style=\"font-size: medium;\"><span lang=\"pt-BR\">2 \u2013 <\/span><\/span><\/span><\/span><span style=\"color: #000000;\"><span style=\"font-family: Liberation Sans, serif;\"><span style=\"font-size: medium;\"><span lang=\"pt-BR\">Cezidio Machado De Pieri, <\/span><\/span><\/span><\/span><span style=\"color: #000000;\"><span style=\"font-family: Liberation Sans, serif;\"><span style=\"font-size: medium;\"><span lang=\"pt-BR\">3 \u2013 <\/span><\/span><\/span><\/span><span style=\"color: #000000;\"><span style=\"font-family: Liberation Sans, serif;\"><span style=\"font-size: medium;\"><span lang=\"pt-BR\">Mauri, <\/span><\/span><\/span><\/span><span style=\"color: #000000;\"><span style=\"font-family: Liberation Sans, serif;\"><span style=\"font-size: medium;\"><span lang=\"pt-BR\">4 \u2013 <\/span><\/span><\/span><\/span><span style=\"color: #000000;\"><span style=\"font-family: Liberation Sans, serif;\"><span style=\"font-size: medium;\"><span lang=\"pt-BR\">Pa<\/span><\/span><\/span><\/span><span style=\"color: #000000;\"><span style=\"font-family: Liberation Sans, serif;\"><span style=\"font-size: medium;\"><span lang=\"pt-BR\">l<\/span><\/span><\/span><\/span><span style=\"color: #000000;\"><span style=\"font-family: Liberation Sans, serif;\"><span style=\"font-size: medium;\"><span lang=\"pt-BR\">ho\u00e7a.<\/span><\/span><\/span><\/span><\/span><\/p><p align=\"justify\"><span style=\"font-family: Liberation Sans, sans-serif;\"><b><span style=\"color: #000000;\"><span style=\"font-family: Liberation Sans, serif;\"><span style=\"font-size: medium;\"><span lang=\"pt-BR\">F<\/span><\/span><\/span><\/span><span style=\"color: #000000;\"><span style=\"font-family: Liberation Sans, serif;\"><span style=\"font-size: medium;\"><span lang=\"pt-BR\">oto 3956 <\/span><\/span><\/span><\/span><\/b><span style=\"color: #000000;\"><span style=\"font-family: Liberation Sans, serif;\"><span style=\"font-size: medium;\"><span lang=\"pt-BR\">\u2013 Salva-vidas, Praia de Cambori\u00fa, temporada 1960-1961<\/span><\/span><\/span><\/span><\/span><\/p><p align=\"justify\"><span style=\"font-family: Liberation Sans, sans-serif;\"><b>Foto <\/b><b>3957<\/b> \u2013 Salva-vidas <span style=\"color: #000000;\"><span style=\"font-family: Liberation Sans, serif;\"><span style=\"font-size: medium;\"><span lang=\"pt-BR\">com o barco \u201cSandolin\u201d<\/span><\/span><\/span><\/span>, Praia de Cambori\u00fa, <span style=\"color: #000000;\"><span style=\"font-family: Liberation Sans, serif;\"><span style=\"font-size: medium;\"><span lang=\"pt-BR\">t<\/span><\/span><\/span><\/span><span style=\"color: #000000;\"><span style=\"font-family: Liberation Sans, serif;\"><span style=\"font-size: medium;\"><span lang=\"pt-BR\">emporada <\/span><\/span><\/span><\/span><span style=\"color: #000000;\"><span style=\"font-family: Liberation Sans, serif;\"><span style=\"font-size: medium;\"><span lang=\"pt-BR\">de 196<\/span><\/span><\/span><\/span><span style=\"color: #000000;\"><span style=\"font-family: Liberation Sans, serif;\"><span style=\"font-size: medium;\"><span lang=\"pt-BR\">0\/1961<\/span><\/span><\/span><\/span><span style=\"color: #000000;\"><span style=\"font-family: Liberation Sans, serif;\"><span style=\"font-size: medium;\"><span lang=\"pt-BR\">. <\/span><\/span><\/span><\/span><span style=\"color: #000000;\"><span style=\"font-size: medium;\"><span lang=\"pt-BR\">Da esquerda para a direita:<\/span><\/span><\/span><span style=\"color: #000000;\"><span style=\"font-size: medium;\"><span lang=\"pt-BR\"> 1 \u2013 Cezidio <\/span><\/span><\/span><span style=\"color: #000000;\"><span style=\"font-family: Liberation Sans, serif;\"><span style=\"font-size: medium;\"><span lang=\"pt-BR\">Machado De Pieri, <\/span><\/span><\/span><\/span><span style=\"color: #000000;\"><span style=\"font-family: Liberation Sans, serif;\"><span style=\"font-size: medium;\"><span lang=\"pt-BR\">2 \u2013 <\/span><\/span><\/span><\/span><span style=\"color: #000000;\"><span style=\"font-family: Liberation Sans, serif;\"><span style=\"font-size: medium;\"><span lang=\"pt-BR\">Valdemar, <\/span><\/span><\/span><\/span><span style=\"color: #000000;\"><span style=\"font-family: Liberation Sans, serif;\"><span style=\"font-size: medium;\"><span lang=\"pt-BR\">3 \u2013 n\u00e3o identificado, 4 \u2013 <\/span><\/span><\/span><\/span><span style=\"color: #000000;\"><span style=\"font-family: Liberation Sans, serif;\"><span style=\"font-size: medium;\"><span lang=\"pt-BR\">Mauri, <\/span><\/span><\/span><\/span><span style=\"color: #000000;\"><span style=\"font-family: Liberation Sans, serif;\"><span style=\"font-size: medium;\"><span lang=\"pt-BR\">5 \u2013 n\u00e3o identificado<\/span><\/span><\/span><\/span><span style=\"color: #000000;\"><span style=\"font-family: Liberation Sans, serif;\"><span style=\"font-size: medium;\"><span lang=\"pt-BR\">.<\/span><\/span><\/span><\/span><\/span><\/p><p align=\"justify\"><span style=\"font-family: Liberation Sans, sans-serif;\"><b>Foto <\/b><b>3958<\/b> \u2013 Salva-vidas <span style=\"color: #000000;\"><span style=\"font-family: Liberation Sans, serif;\"><span style=\"font-size: medium;\"><span lang=\"pt-BR\">com o barco \u201cSandolin\u201d<\/span><\/span><\/span><\/span>, Praia de Cambori\u00fa, <span style=\"color: #000000;\"><span style=\"font-family: Liberation Sans, serif;\"><span style=\"font-size: medium;\"><span lang=\"pt-BR\">t<\/span><\/span><\/span><\/span><span style=\"color: #000000;\"><span style=\"font-family: Liberation Sans, serif;\"><span style=\"font-size: medium;\"><span lang=\"pt-BR\">emporada <\/span><\/span><\/span><\/span><span style=\"color: #000000;\"><span style=\"font-family: Liberation Sans, serif;\"><span style=\"font-size: medium;\"><span lang=\"pt-BR\">de 196<\/span><\/span><\/span><\/span><span style=\"color: #000000;\"><span style=\"font-family: Liberation Sans, serif;\"><span style=\"font-size: medium;\"><span lang=\"pt-BR\">0\/1961<\/span><\/span><\/span><\/span><span style=\"color: #000000;\"><span style=\"font-family: Liberation Sans, serif;\"><span style=\"font-size: medium;\"><span lang=\"pt-BR\">.<\/span><\/span><\/span><\/span><\/span><\/p><p align=\"justify\"><span style=\"font-family: Liberation Sans, sans-serif;\"><b>Foto <\/b><b>3959<\/b> \u2013 Primeiro posto salva-vidas da Praia de Cambori\u00fa, <span style=\"color: #000000;\"><span style=\"font-family: Liberation Sans, serif;\"><span style=\"font-size: medium;\"><span lang=\"pt-BR\">come\u00e7ou a funcionar em 15\/12\/1960 <\/span><\/span><\/span><\/span><span style=\"color: #000000;\"><span style=\"font-family: Liberation Sans, serif;\"><span style=\"font-size: medium;\"><span lang=\"pt-BR\">e era localizado em frente <\/span><\/span><\/span><\/span><span style=\"color: #000000;\"><span style=\"font-family: Liberation Sans, serif;\"><span style=\"font-size: medium;\"><span lang=\"pt-BR\">\u00e0<\/span><\/span><\/span><\/span><span style=\"color: #000000;\"><span style=\"font-family: Liberation Sans, serif;\"><span style=\"font-size: medium;\"><span lang=\"pt-BR\"> Rua 1400. <\/span><\/span><\/span><\/span><\/span><\/p><p align=\"justify\"><span style=\"font-family: Liberation Sans, sans-serif;\"><b>Foto <\/b><b>3960<\/b> \u2013 Salva-vidas em frente ao primeiro posto, Praia de Cambori\u00fa, temporada 1960\/1961. <span style=\"color: #000000;\"><span style=\"font-size: medium;\"><span lang=\"pt-BR\">Da esquerda para a direita: 1 \u2013 n<\/span><\/span><\/span><span style=\"color: #000000;\"><span style=\"font-size: medium;\"><span lang=\"pt-BR\">\u00e3o identificado, <\/span><\/span><\/span><span style=\"color: #000000;\"><span style=\"font-size: medium;\"><span lang=\"pt-BR\">2 \u2013 Mauri, 3 \u2013 <\/span><\/span><\/span><span style=\"color: #000000;\"><span style=\"font-size: medium;\"><span lang=\"pt-BR\">Cezidio <\/span><\/span><\/span><span style=\"color: #000000;\"><span style=\"font-family: Liberation Sans, serif;\"><span style=\"font-size: medium;\"><span lang=\"pt-BR\">Machado De Pieri, <\/span><\/span><\/span><\/span><span style=\"color: #000000;\"><span style=\"font-family: Liberation Sans, serif;\"><span style=\"font-size: medium;\"><span lang=\"pt-BR\">4 \u2013 n\u00e3o identificado. <\/span><\/span><\/span><\/span><\/span><\/p><p align=\"justify\"><span style=\"font-family: Liberation Sans, sans-serif;\"><span style=\"color: #000000;\"><span style=\"font-family: Liberation Sans, serif;\"><span style=\"font-size: medium;\"><span lang=\"pt-BR\"><b>Foto <\/b><\/span><\/span><\/span><\/span><span style=\"color: #000000;\"><span style=\"font-family: Liberation Sans, serif;\"><span style=\"font-size: medium;\"><span lang=\"pt-BR\"><b>3961<\/b><\/span><\/span><\/span><\/span><span style=\"color: #000000;\"><span style=\"font-family: Liberation Sans, serif;\"><span style=\"font-size: medium;\"><span lang=\"pt-BR\"> \u2013 Grupo de salva-vidas, Praia de Cambori\u00fa, temporada 1960\/1961.<\/span><\/span><\/span><\/span><\/span><\/p><p align=\"justify\"><span style=\"font-family: Liberation Sans, sans-serif;\"><b>Foto <\/b><b>3962<\/b> \u2013 Demonstra\u00e7\u00e3o de primeiros socorros, Praia de Cambori\u00fa, temporada 1960\/1961.<\/span><\/p><p align=\"justify\"><span style=\"font-family: Liberation Sans, sans-serif;\"><b>Foto 3963 <\/b>\u2013 Encontro pol\u00edtico, Hotel Marambaia, d\u00e9cada de 1960.<\/span><\/p><p align=\"justify\"><span style=\"font-family: Liberation Sans, sans-serif;\"><b>Foto 3964 <\/b>\u2013 Restaurante Migulas, Bairro da Barra, d\u00e9cada de 1960. Identificados: 2 \u2013<b> <\/b><span style=\"color: #000000;\"><span style=\"font-family: Liberation Sans, serif;\"><span style=\"font-size: medium;\"><span lang=\"pt-BR\">Miguel B\u00fcsheles <\/span><\/span><\/span><\/span><span style=\"color: #000000;\"><span style=\"font-family: Liberation Sans, serif;\"><span style=\"font-size: medium;\"><span lang=\"pt-BR\">(propriet\u00e1rio do Migulas). <\/span><\/span><\/span><\/span><\/span><\/p><p align=\"justify\"><span style=\"font-family: Liberation Sans, sans-serif;\"><b><span style=\"color: #000000;\"><span style=\"font-family: Liberation Sans, serif;\"><span style=\"font-size: medium;\"><span lang=\"pt-BR\">F<\/span><\/span><\/span><\/span><span style=\"color: #000000;\"><span style=\"font-family: Liberation Sans, serif;\"><span style=\"font-size: medium;\"><span lang=\"pt-BR\">oto 3966<\/span><\/span><\/span><\/span><\/b><span style=\"color: #000000;\"><span style=\"font-family: Liberation Sans, serif;\"><span style=\"font-size: medium;\"><span lang=\"pt-BR\"> \u2013 Inaugura\u00e7\u00e3o Hospital Santa Ines, 21.01.1974. Identificados: 02 \u2013 Walter Pires, 04 \u2013 Arcebispo Dom Afonso Niehues, 08 \u2013 Gilberto Am\u00e9rico Meirinho.<\/span><\/span><\/span><\/span><\/span><\/p><p align=\"justify\"><span style=\"font-family: Liberation Sans, sans-serif;\"><b><span style=\"color: #000000;\"><span style=\"font-family: Liberation Sans, serif;\"><span style=\"font-size: medium;\"><span lang=\"pt-BR\">F<\/span><\/span><\/span><\/span><span style=\"color: #000000;\"><span style=\"font-family: Liberation Sans, serif;\"><span style=\"font-size: medium;\"><span lang=\"pt-BR\">oto 3967<\/span><\/span><\/span><\/span><\/b><span style=\"color: #000000;\"><span style=\"font-family: Liberation Sans, serif;\"><span style=\"font-size: medium;\"><span lang=\"pt-BR\"> \u2013 Inaugura\u00e7\u00e3o Hospital Santa Ines, 21.01.1974. <\/span><\/span><\/span><\/span><span style=\"color: #000000;\"><span style=\"font-family: Liberation Sans, serif;\"><span style=\"font-size: medium;\"><span lang=\"pt-BR\">Identificados:<\/span><\/span><\/span><\/span><span style=\"color: #000000;\"><span style=\"font-size: medium;\"><span lang=\"pt-BR\"> 02 \u2013 Walter Pires, 04 \u2013 Arcebispo Dom Afonso Niehues<\/span><\/span><\/span><span style=\"color: #000000;\"><span style=\"font-size: medium;\"><span lang=\"pt-BR\">, 06 \u2013 Haroldo Schultz, 09 \u2013 Jo\u00e3o Jorge Pio, <\/span><\/span><\/span><span style=\"color: #000000;\"><span style=\"font-family: Liberation Sans, serif;\"><span style=\"font-size: medium;\"><span lang=\"pt-BR\">10 \u2013 Jo\u00e3o Jos\u00e9 Mauricio D\u2019Avila (juiz), 11 \u2013 Deputado Dib Cherem, 1<\/span><\/span><\/span><\/span><span style=\"color: #000000;\"><span style=\"font-family: Liberation Sans, serif;\"><span style=\"font-size: medium;\"><span lang=\"pt-BR\">3<\/span><\/span><\/span><\/span> <span style=\"color: #000000;\"><span style=\"font-family: Liberation Sans, serif;\"><span style=\"font-size: medium;\"><span lang=\"pt-BR\">\u2013 Silvio Kurtz.<\/span><\/span><\/span><\/span><\/span><\/p><p align=\"justify\"><span style=\"font-family: Liberation Sans, sans-serif;\"><b><span style=\"color: #000000;\"><span style=\"font-family: Liberation Sans, serif;\"><span style=\"font-size: medium;\"><span lang=\"pt-BR\">F<\/span><\/span><\/span><\/span><span style=\"color: #000000;\"><span style=\"font-family: Liberation Sans, serif;\"><span style=\"font-size: medium;\"><span lang=\"pt-BR\">oto 396<\/span><\/span><\/span><\/span><span style=\"color: #000000;\"><span style=\"font-family: Liberation Sans, serif;\"><span style=\"font-size: medium;\"><span lang=\"pt-BR\">9<\/span><\/span><\/span><\/span><\/b><span style=\"color: #000000;\"><span style=\"font-family: Liberation Sans, serif;\"><span style=\"font-size: medium;\"><span lang=\"pt-BR\"> \u2013 Inaugura\u00e7\u00e3o Hospital Santa Ines, 21.01.1974. <\/span><\/span><\/span><\/span><span style=\"color: #000000;\"><span style=\"font-family: Liberation Sans, serif;\"><span style=\"font-size: medium;\"><span lang=\"pt-BR\">Identificados: 02 \u2013 Walter Pires, 04 \u2013 Arcebispo Dom Afonso Niehues, <\/span><\/span><\/span><\/span><span style=\"color: #000000;\"><span style=\"font-size: medium;\"><span lang=\"pt-BR\">07 \u2013 Delfim de P\u00e1dua Peixoto, <\/span><\/span><\/span><span style=\"color: #000000;\"><span style=\"font-family: Liberation Sans, serif;\"><span style=\"font-size: medium;\"><span lang=\"pt-BR\">08 \u2013 Gilberto Am\u00e9rico Meirinho.<\/span><\/span><\/span><\/span><\/span><\/p><p align=\"justify\"><span style=\"font-family: Liberation Sans, sans-serif;\"><b><span style=\"color: #000000;\"><span style=\"font-family: Liberation Sans, serif;\"><span style=\"font-size: medium;\"><span lang=\"pt-BR\">F<\/span><\/span><\/span><\/span><span style=\"color: #000000;\"><span style=\"font-family: Liberation Sans, serif;\"><span style=\"font-size: medium;\"><span lang=\"pt-BR\">oto 39<\/span><\/span><\/span><\/span><span style=\"color: #000000;\"><span style=\"font-family: Liberation Sans, serif;\"><span style=\"font-size: medium;\"><span lang=\"pt-BR\">70<\/span><\/span><\/span><\/span><\/b><span style=\"color: #000000;\"><span style=\"font-family: Liberation Sans, serif;\"><span style=\"font-size: medium;\"><span lang=\"pt-BR\"> \u2013 Inaugura\u00e7\u00e3o Hospital Santa Ines, 21.01.1974. <\/span><\/span><\/span><\/span><span style=\"color: #000000;\"><span style=\"font-family: Liberation Sans, serif;\"><span style=\"font-size: medium;\"><span lang=\"pt-BR\">Identificados:<\/span><\/span><\/span><\/span> <span style=\"color: #000000;\"><span style=\"font-size: medium;\"><span lang=\"pt-BR\">02 \u2013 <\/span><\/span><\/span><span style=\"color: #000000;\"><span style=\"font-size: medium;\"><span lang=\"pt-BR\">Walter Pires, 04 \u2013 Arcebispo Dom Afonso Niehues, <\/span><\/span><\/span><span style=\"color: #000000;\"><span style=\"font-size: medium;\"><span lang=\"pt-BR\">08 \u2013 Gilberto Am\u00e9rico Meirinho, <\/span><\/span><\/span><span style=\"color: #000000;\"><span style=\"font-size: medium;\"><span lang=\"pt-BR\">1<\/span><\/span><\/span><span style=\"color: #000000;\"><span style=\"font-size: medium;\"><span lang=\"pt-BR\">6<\/span><\/span><\/span><span style=\"color: #000000;\"><span style=\"font-size: medium;\"><span lang=\"pt-BR\"> \u2013 <\/span><\/span><\/span><span style=\"color: #000000;\"><span style=\"font-size: medium;\"><span lang=\"pt-BR\">Silvio Kurtz.<\/span><\/span><\/span><\/span><\/p><p align=\"justify\"><span style=\"font-family: Liberation Sans, sans-serif;\"><b><span style=\"color: #000000;\"><span style=\"font-family: Liberation Sans, serif;\"><span style=\"font-size: medium;\"><span lang=\"pt-BR\">F<\/span><\/span><\/span><\/span><span style=\"color: #000000;\"><span style=\"font-family: Liberation Sans, serif;\"><span style=\"font-size: medium;\"><span lang=\"pt-BR\">oto 39<\/span><\/span><\/span><\/span><span style=\"color: #000000;\"><span style=\"font-family: Liberation Sans, serif;\"><span style=\"font-size: medium;\"><span lang=\"pt-BR\">7<\/span><\/span><\/span><\/span><span style=\"color: #000000;\"><span style=\"font-family: Liberation Sans, serif;\"><span style=\"font-size: medium;\"><span lang=\"pt-BR\">1<\/span><\/span><\/span><\/span><\/b><span style=\"color: #000000;\"><span style=\"font-family: Liberation Sans, serif;\"><span style=\"font-size: medium;\"><span lang=\"pt-BR\"> \u2013 <\/span><\/span><\/span><\/span><span style=\"color: #000000;\"><span style=\"font-family: Liberation Sans, serif;\"><span style=\"font-size: medium;\"><span lang=\"pt-BR\">V<\/span><\/span><\/span><\/span><span style=\"color: #000000;\"><span style=\"font-family: Liberation Sans, serif;\"><span style=\"font-size: medium;\"><span lang=\"pt-BR\">ista parcial da cidade e da Avenida Santa Catarina, <\/span><\/span><\/span><\/span><span style=\"color: #000000;\"><span style=\"font-family: Liberation Sans, serif;\"><span style=\"font-size: medium;\"><span lang=\"pt-BR\">d\u00e9cada de 1980. Foto tirada do Morro da Ma\u00e7onaria. Foram localizados na foto: BR 101, Lar dos Velhinhos, Igreja Santa In\u00eas, Volkswagem, o local de shows para turistas Mario\u2019s House e o Hospital Vita.<\/span><\/span><\/span><\/span><\/span><\/p><p lang=\"pt-BR\" align=\"justify\"><span style=\"color: #000000;\"><span style=\"font-family: Liberation Sans, sans-serif;\"><span style=\"font-size: medium;\"><span style=\"font-family: Liberation Sans, serif;\"><b>F<\/b><\/span><span style=\"font-family: Liberation Sans, serif;\"><b>oto 39<\/b><\/span><span style=\"font-family: Liberation Sans, serif;\"><b>7<\/b><\/span><span style=\"font-family: Liberation Sans, serif;\"><b>1<\/b><\/span><span style=\"font-family: Liberation Sans, serif;\"> \u2013 Baloons Club, Rua Bahia, <\/span><span style=\"font-family: Liberation Sans, serif;\">d\u00e9cada de 1980.<\/span><\/span><\/span><\/span><\/p><p align=\"justify\"><span style=\"font-family: Liberation Sans, sans-serif;\"><b><span style=\"color: #000000;\"><span style=\"font-family: Liberation Sans, serif;\"><span style=\"font-size: medium;\"><span lang=\"pt-BR\">F<\/span><\/span><\/span><\/span><span style=\"color: #000000;\"><span style=\"font-family: Liberation Sans, serif;\"><span style=\"font-size: medium;\"><span lang=\"pt-BR\">oto AE 1<\/span><\/span><\/span><\/span><\/b><span style=\"color: #000000;\"><span style=\"font-family: Liberation Sans, serif;\"><span style=\"font-size: medium;\"><span lang=\"pt-BR\"> \u2013 Rua n\u00e3o identificada no bairro Pioneiros.<\/span><\/span><\/span><\/span><\/span><\/p><p align=\"justify\"><span style=\"font-family: Liberation Sans, sans-serif;\"><b><span style=\"color: #000000;\"><span style=\"font-family: Liberation Sans, serif;\"><span style=\"font-size: medium;\"><span lang=\"pt-BR\">Foto AE 2<\/span><\/span><\/span><\/span><\/b><span style=\"color: #000000;\"><span style=\"font-family: Liberation Sans, serif;\"><span style=\"font-size: medium;\"><span lang=\"pt-BR\"> \u2013 <\/span><\/span><\/span><\/span><span style=\"color: #000000;\"><span style=\"font-size: medium;\"><span lang=\"pt-BR\">G<\/span><\/span><\/span><span style=\"color: #000000;\"><span style=\"font-size: medium;\"><span lang=\"pt-BR\">rupo concorda n\u00e3o ser Balne\u00e1rio Cambori\u00fa. <\/span><\/span><\/span><span style=\"color: #000000;\"><span style=\"font-size: medium;\"><span lang=\"pt-BR\">Retirar foto do acervo.<\/span><\/span><\/span><\/span><\/p>\t\t\t\t\t\t\t\t<\/div>\n\t\t\t\t\t<\/div>\n\t\t\t\t<\/div>\n\t\t<div class=\"elementor-element elementor-element-594d708 e-flex e-con-boxed e-con e-parent\" data-id=\"594d708\" data-element_type=\"container\">\n\t\t\t\t\t<div class=\"e-con-inner\">\n\t\t\t\t<div class=\"elementor-element elementor-element-901223a gallery-spacing-custom elementor-widget elementor-widget-image-gallery\" data-id=\"901223a\" data-element_type=\"widget\" data-widget_type=\"image-gallery.default\">\n\t\t\t\t\t\t\t<div class=\"elementor-image-gallery\">\n\t\t\t<div id='gallery-1' class='gallery galleryid-26708 gallery-columns-3 gallery-size-full'><figure class='gallery-item'>\n\t\t\t<div class='gallery-icon landscape'>\n\t\t\t\t<a data-elementor-open-lightbox=\"yes\" data-elementor-lightbox-slideshow=\"901223a\" data-elementor-lightbox-title=\"121 - Rua 1500, Pra\u00e7a Gudalajara, 1970\" data-e-action-hash=\"#elementor-action%3Aaction%3Dlightbox%26settings%3DeyJpZCI6MjY3MzUsInVybCI6Imh0dHBzOlwvXC9jdWx0dXJhYmMuY29tLmJyXC9hcnF1aXZvXC93cC1jb250ZW50XC91cGxvYWRzXC8yMDI1XC8xMFwvMTIxLVJ1YS0xNTAwLVByYWNhLUd1ZGFsYWphcmEtMTk3MC5qcGciLCJzbGlkZXNob3ciOiI5MDEyMjNhIn0%3D\" href='https:\/\/culturabc.com.br\/arquivo\/wp-content\/uploads\/2025\/10\/121-Rua-1500-Praca-Gudalajara-1970.jpg'><img fetchpriority=\"high\" decoding=\"async\" width=\"887\" height=\"556\" src=\"https:\/\/culturabc.com.br\/arquivo\/wp-content\/uploads\/2025\/10\/121-Rua-1500-Praca-Gudalajara-1970.jpg\" class=\"attachment-full size-full\" alt=\"\" srcset=\"https:\/\/culturabc.com.br\/arquivo\/wp-content\/uploads\/2025\/10\/121-Rua-1500-Praca-Gudalajara-1970.jpg 887w, https:\/\/culturabc.com.br\/arquivo\/wp-content\/uploads\/2025\/10\/121-Rua-1500-Praca-Gudalajara-1970-300x188.jpg 300w, https:\/\/culturabc.com.br\/arquivo\/wp-content\/uploads\/2025\/10\/121-Rua-1500-Praca-Gudalajara-1970-768x481.jpg 768w\" sizes=\"(max-width: 887px) 100vw, 887px\" \/><\/a>\n\t\t\t<\/div><\/figure><figure class='gallery-item'>\n\t\t\t<div class='gallery-icon landscape'>\n\t\t\t\t<a data-elementor-open-lightbox=\"yes\" data-elementor-lightbox-slideshow=\"901223a\" data-elementor-lightbox-title=\"280 - Desfile de 07 de setembro, Av. Central, ano de 1966\" data-e-action-hash=\"#elementor-action%3Aaction%3Dlightbox%26settings%3DeyJpZCI6MjY3MzcsInVybCI6Imh0dHBzOlwvXC9jdWx0dXJhYmMuY29tLmJyXC9hcnF1aXZvXC93cC1jb250ZW50XC91cGxvYWRzXC8yMDI1XC8xMFwvMjgwLURlc2ZpbGUtZGUtMDctZGUtc2V0ZW1icm8tQXYuLUNlbnRyYWwtYW5vLWRlLTE5NjYuanBnIiwic2xpZGVzaG93IjoiOTAxMjIzYSJ9\" href='https:\/\/culturabc.com.br\/arquivo\/wp-content\/uploads\/2025\/10\/280-Desfile-de-07-de-setembro-Av.-Central-ano-de-1966.jpg'><img decoding=\"async\" width=\"902\" height=\"548\" src=\"https:\/\/culturabc.com.br\/arquivo\/wp-content\/uploads\/2025\/10\/280-Desfile-de-07-de-setembro-Av.-Central-ano-de-1966.jpg\" class=\"attachment-full size-full\" alt=\"\" srcset=\"https:\/\/culturabc.com.br\/arquivo\/wp-content\/uploads\/2025\/10\/280-Desfile-de-07-de-setembro-Av.-Central-ano-de-1966.jpg 902w, https:\/\/culturabc.com.br\/arquivo\/wp-content\/uploads\/2025\/10\/280-Desfile-de-07-de-setembro-Av.-Central-ano-de-1966-300x182.jpg 300w, https:\/\/culturabc.com.br\/arquivo\/wp-content\/uploads\/2025\/10\/280-Desfile-de-07-de-setembro-Av.-Central-ano-de-1966-768x467.jpg 768w\" sizes=\"(max-width: 902px) 100vw, 902px\" \/><\/a>\n\t\t\t<\/div><\/figure><figure class='gallery-item'>\n\t\t\t<div class='gallery-icon landscape'>\n\t\t\t\t<a data-elementor-open-lightbox=\"yes\" data-elementor-lightbox-slideshow=\"901223a\" data-elementor-lightbox-title=\"3964 - Restaurante Migulas, Bairro da Barra, final da d\u00e9cada de 1960\" data-e-action-hash=\"#elementor-action%3Aaction%3Dlightbox%26settings%3DeyJpZCI6MjY3MzgsInVybCI6Imh0dHBzOlwvXC9jdWx0dXJhYmMuY29tLmJyXC9hcnF1aXZvXC93cC1jb250ZW50XC91cGxvYWRzXC8yMDI1XC8xMFwvMzk2NC1SZXN0YXVyYW50ZS1NaWd1bGFzLUJhaXJyby1kYS1CYXJyYS1maW5hbC1kYS1kZWNhZGEtZGUtMTk2MC5qcGciLCJzbGlkZXNob3ciOiI5MDEyMjNhIn0%3D\" href='https:\/\/culturabc.com.br\/arquivo\/wp-content\/uploads\/2025\/10\/3964-Restaurante-Migulas-Bairro-da-Barra-final-da-decada-de-1960.jpg'><img decoding=\"async\" width=\"855\" height=\"528\" src=\"https:\/\/culturabc.com.br\/arquivo\/wp-content\/uploads\/2025\/10\/3964-Restaurante-Migulas-Bairro-da-Barra-final-da-decada-de-1960.jpg\" class=\"attachment-full size-full\" alt=\"\" srcset=\"https:\/\/culturabc.com.br\/arquivo\/wp-content\/uploads\/2025\/10\/3964-Restaurante-Migulas-Bairro-da-Barra-final-da-decada-de-1960.jpg 855w, https:\/\/culturabc.com.br\/arquivo\/wp-content\/uploads\/2025\/10\/3964-Restaurante-Migulas-Bairro-da-Barra-final-da-decada-de-1960-300x185.jpg 300w, https:\/\/culturabc.com.br\/arquivo\/wp-content\/uploads\/2025\/10\/3964-Restaurante-Migulas-Bairro-da-Barra-final-da-decada-de-1960-768x474.jpg 768w\" sizes=\"(max-width: 855px) 100vw, 855px\" \/><\/a>\n\t\t\t<\/div><\/figure><figure class='gallery-item'>\n\t\t\t<div class='gallery-icon landscape'>\n\t\t\t\t<a data-elementor-open-lightbox=\"yes\" data-elementor-lightbox-slideshow=\"901223a\" data-elementor-lightbox-title=\"3970 - Inaugura\u00e7\u00e3o Hospital Santa Ines, 21.01.1974\" data-e-action-hash=\"#elementor-action%3Aaction%3Dlightbox%26settings%3DeyJpZCI6MjY3MzksInVybCI6Imh0dHBzOlwvXC9jdWx0dXJhYmMuY29tLmJyXC9hcnF1aXZvXC93cC1jb250ZW50XC91cGxvYWRzXC8yMDI1XC8xMFwvMzk3MC1JbmF1Z3VyYWNhby1Ib3NwaXRhbC1TYW50YS1JbmVzLTIxLjAxLjE5NzQuanBnIiwic2xpZGVzaG93IjoiOTAxMjIzYSJ9\" href='https:\/\/culturabc.com.br\/arquivo\/wp-content\/uploads\/2025\/10\/3970-Inauguracao-Hospital-Santa-Ines-21.01.1974.jpg'><img loading=\"lazy\" decoding=\"async\" width=\"887\" height=\"560\" src=\"https:\/\/culturabc.com.br\/arquivo\/wp-content\/uploads\/2025\/10\/3970-Inauguracao-Hospital-Santa-Ines-21.01.1974.jpg\" class=\"attachment-full size-full\" alt=\"\" srcset=\"https:\/\/culturabc.com.br\/arquivo\/wp-content\/uploads\/2025\/10\/3970-Inauguracao-Hospital-Santa-Ines-21.01.1974.jpg 887w, https:\/\/culturabc.com.br\/arquivo\/wp-content\/uploads\/2025\/10\/3970-Inauguracao-Hospital-Santa-Ines-21.01.1974-300x189.jpg 300w, https:\/\/culturabc.com.br\/arquivo\/wp-content\/uploads\/2025\/10\/3970-Inauguracao-Hospital-Santa-Ines-21.01.1974-768x485.jpg 768w\" sizes=\"(max-width: 887px) 100vw, 887px\" \/><\/a>\n\t\t\t<\/div><\/figure><figure class='gallery-item'>\n\t\t\t<div class='gallery-icon landscape'>\n\t\t\t\t<a data-elementor-open-lightbox=\"yes\" data-elementor-lightbox-slideshow=\"901223a\" data-elementor-lightbox-title=\"3967 - Inaugura\u00e7\u00e3o Hospital Santa Ines, 21.01.1974\" data-e-action-hash=\"#elementor-action%3Aaction%3Dlightbox%26settings%3DeyJpZCI6MjY3NDAsInVybCI6Imh0dHBzOlwvXC9jdWx0dXJhYmMuY29tLmJyXC9hcnF1aXZvXC93cC1jb250ZW50XC91cGxvYWRzXC8yMDI1XC8xMFwvMzk2Ny1JbmF1Z3VyYWNhby1Ib3NwaXRhbC1TYW50YS1JbmVzLTIxLjAxLjE5NzQuanBnIiwic2xpZGVzaG93IjoiOTAxMjIzYSJ9\" href='https:\/\/culturabc.com.br\/arquivo\/wp-content\/uploads\/2025\/10\/3967-Inauguracao-Hospital-Santa-Ines-21.01.1974.jpg'><img loading=\"lazy\" decoding=\"async\" width=\"879\" height=\"563\" src=\"https:\/\/culturabc.com.br\/arquivo\/wp-content\/uploads\/2025\/10\/3967-Inauguracao-Hospital-Santa-Ines-21.01.1974.jpg\" class=\"attachment-full size-full\" alt=\"\" srcset=\"https:\/\/culturabc.com.br\/arquivo\/wp-content\/uploads\/2025\/10\/3967-Inauguracao-Hospital-Santa-Ines-21.01.1974.jpg 879w, https:\/\/culturabc.com.br\/arquivo\/wp-content\/uploads\/2025\/10\/3967-Inauguracao-Hospital-Santa-Ines-21.01.1974-300x192.jpg 300w, https:\/\/culturabc.com.br\/arquivo\/wp-content\/uploads\/2025\/10\/3967-Inauguracao-Hospital-Santa-Ines-21.01.1974-768x492.jpg 768w\" sizes=\"(max-width: 879px) 100vw, 879px\" \/><\/a>\n\t\t\t<\/div><\/figure><figure class='gallery-item'>\n\t\t\t<div class='gallery-icon landscape'>\n\t\t\t\t<a data-elementor-open-lightbox=\"yes\" data-elementor-lightbox-slideshow=\"901223a\" data-elementor-lightbox-title=\"3969 - Inaugura\u00e7\u00e3o Hospital Santa Ines, 21.01.1974\" data-e-action-hash=\"#elementor-action%3Aaction%3Dlightbox%26settings%3DeyJpZCI6MjY3NDEsInVybCI6Imh0dHBzOlwvXC9jdWx0dXJhYmMuY29tLmJyXC9hcnF1aXZvXC93cC1jb250ZW50XC91cGxvYWRzXC8yMDI1XC8xMFwvMzk2OS1JbmF1Z3VyYWNhby1Ib3NwaXRhbC1TYW50YS1JbmVzLTIxLjAxLjE5NzQuanBnIiwic2xpZGVzaG93IjoiOTAxMjIzYSJ9\" href='https:\/\/culturabc.com.br\/arquivo\/wp-content\/uploads\/2025\/10\/3969-Inauguracao-Hospital-Santa-Ines-21.01.1974.jpg'><img loading=\"lazy\" decoding=\"async\" width=\"886\" height=\"562\" src=\"https:\/\/culturabc.com.br\/arquivo\/wp-content\/uploads\/2025\/10\/3969-Inauguracao-Hospital-Santa-Ines-21.01.1974.jpg\" class=\"attachment-full size-full\" alt=\"\" srcset=\"https:\/\/culturabc.com.br\/arquivo\/wp-content\/uploads\/2025\/10\/3969-Inauguracao-Hospital-Santa-Ines-21.01.1974.jpg 886w, https:\/\/culturabc.com.br\/arquivo\/wp-content\/uploads\/2025\/10\/3969-Inauguracao-Hospital-Santa-Ines-21.01.1974-300x190.jpg 300w, https:\/\/culturabc.com.br\/arquivo\/wp-content\/uploads\/2025\/10\/3969-Inauguracao-Hospital-Santa-Ines-21.01.1974-768x487.jpg 768w\" sizes=\"(max-width: 886px) 100vw, 886px\" \/><\/a>\n\t\t\t<\/div><\/figure><figure class='gallery-item'>\n\t\t\t<div class='gallery-icon landscape'>\n\t\t\t\t<a data-elementor-open-lightbox=\"yes\" data-elementor-lightbox-slideshow=\"901223a\" data-elementor-lightbox-title=\"3966 - Inaugura\u00e7\u00e3o Hospital Santa Ines, 21.01.1974\" data-e-action-hash=\"#elementor-action%3Aaction%3Dlightbox%26settings%3DeyJpZCI6MjY3NDMsInVybCI6Imh0dHBzOlwvXC9jdWx0dXJhYmMuY29tLmJyXC9hcnF1aXZvXC93cC1jb250ZW50XC91cGxvYWRzXC8yMDI1XC8xMFwvMzk2Ni1JbmF1Z3VyYWNhby1Ib3NwaXRhbC1TYW50YS1JbmVzLTIxLjAxLjE5NzQuanBnIiwic2xpZGVzaG93IjoiOTAxMjIzYSJ9\" href='https:\/\/culturabc.com.br\/arquivo\/wp-content\/uploads\/2025\/10\/3966-Inauguracao-Hospital-Santa-Ines-21.01.1974.jpg'><img loading=\"lazy\" decoding=\"async\" width=\"878\" height=\"569\" src=\"https:\/\/culturabc.com.br\/arquivo\/wp-content\/uploads\/2025\/10\/3966-Inauguracao-Hospital-Santa-Ines-21.01.1974.jpg\" class=\"attachment-full size-full\" alt=\"\" srcset=\"https:\/\/culturabc.com.br\/arquivo\/wp-content\/uploads\/2025\/10\/3966-Inauguracao-Hospital-Santa-Ines-21.01.1974.jpg 878w, https:\/\/culturabc.com.br\/arquivo\/wp-content\/uploads\/2025\/10\/3966-Inauguracao-Hospital-Santa-Ines-21.01.1974-300x194.jpg 300w, https:\/\/culturabc.com.br\/arquivo\/wp-content\/uploads\/2025\/10\/3966-Inauguracao-Hospital-Santa-Ines-21.01.1974-768x498.jpg 768w\" sizes=\"(max-width: 878px) 100vw, 878px\" \/><\/a>\n\t\t\t<\/div><\/figure><figure class='gallery-item'>\n\t\t\t<div class='gallery-icon landscape'>\n\t\t\t\t<a data-elementor-open-lightbox=\"yes\" data-elementor-lightbox-slideshow=\"901223a\" data-elementor-lightbox-title=\"3947 - Fam\u00edlia Wachs e funcion\u00e1rios, Bar Camar\u00e3o a Palito, d\u00e9cada de 1950\" data-e-action-hash=\"#elementor-action%3Aaction%3Dlightbox%26settings%3DeyJpZCI6MjY3NDQsInVybCI6Imh0dHBzOlwvXC9jdWx0dXJhYmMuY29tLmJyXC9hcnF1aXZvXC93cC1jb250ZW50XC91cGxvYWRzXC8yMDI1XC8xMFwvMzk0Ny1GYW1pbGlhLVdhY2hzLWUtZnVuY2lvbmFyaW9zLUJhci1DYW1hcmFvLWEtUGFsaXRvLWRlY2FkYS1kZS0xOTUwLmpwZyIsInNsaWRlc2hvdyI6IjkwMTIyM2EifQ%3D%3D\" href='https:\/\/culturabc.com.br\/arquivo\/wp-content\/uploads\/2025\/10\/3947-Familia-Wachs-e-funcionarios-Bar-Camarao-a-Palito-decada-de-1950.jpg'><img loading=\"lazy\" decoding=\"async\" width=\"827\" height=\"606\" src=\"https:\/\/culturabc.com.br\/arquivo\/wp-content\/uploads\/2025\/10\/3947-Familia-Wachs-e-funcionarios-Bar-Camarao-a-Palito-decada-de-1950.jpg\" class=\"attachment-full size-full\" alt=\"\" srcset=\"https:\/\/culturabc.com.br\/arquivo\/wp-content\/uploads\/2025\/10\/3947-Familia-Wachs-e-funcionarios-Bar-Camarao-a-Palito-decada-de-1950.jpg 827w, https:\/\/culturabc.com.br\/arquivo\/wp-content\/uploads\/2025\/10\/3947-Familia-Wachs-e-funcionarios-Bar-Camarao-a-Palito-decada-de-1950-300x220.jpg 300w, https:\/\/culturabc.com.br\/arquivo\/wp-content\/uploads\/2025\/10\/3947-Familia-Wachs-e-funcionarios-Bar-Camarao-a-Palito-decada-de-1950-768x563.jpg 768w\" sizes=\"(max-width: 827px) 100vw, 827px\" \/><\/a>\n\t\t\t<\/div><\/figure><figure class='gallery-item'>\n\t\t\t<div class='gallery-icon landscape'>\n\t\t\t\t<a data-elementor-open-lightbox=\"yes\" data-elementor-lightbox-slideshow=\"901223a\" data-elementor-lightbox-title=\"3961 - Grupo de salva-vidas, Praia de Cambori\u00fa, temporada 1960-1961\" data-e-action-hash=\"#elementor-action%3Aaction%3Dlightbox%26settings%3DeyJpZCI6MjY3NDUsInVybCI6Imh0dHBzOlwvXC9jdWx0dXJhYmMuY29tLmJyXC9hcnF1aXZvXC93cC1jb250ZW50XC91cGxvYWRzXC8yMDI1XC8xMFwvMzk2MS1HcnVwby1kZS1zYWx2YS12aWRhcy1QcmFpYS1kZS1DYW1ib3JpdS10ZW1wb3JhZGEtMTk2MC0xOTYxLmpwZyIsInNsaWRlc2hvdyI6IjkwMTIyM2EifQ%3D%3D\" href='https:\/\/culturabc.com.br\/arquivo\/wp-content\/uploads\/2025\/10\/3961-Grupo-de-salva-vidas-Praia-de-Camboriu-temporada-1960-1961.jpg'><img loading=\"lazy\" decoding=\"async\" width=\"898\" height=\"557\" src=\"https:\/\/culturabc.com.br\/arquivo\/wp-content\/uploads\/2025\/10\/3961-Grupo-de-salva-vidas-Praia-de-Camboriu-temporada-1960-1961.jpg\" class=\"attachment-full size-full\" alt=\"\" srcset=\"https:\/\/culturabc.com.br\/arquivo\/wp-content\/uploads\/2025\/10\/3961-Grupo-de-salva-vidas-Praia-de-Camboriu-temporada-1960-1961.jpg 898w, https:\/\/culturabc.com.br\/arquivo\/wp-content\/uploads\/2025\/10\/3961-Grupo-de-salva-vidas-Praia-de-Camboriu-temporada-1960-1961-300x186.jpg 300w, https:\/\/culturabc.com.br\/arquivo\/wp-content\/uploads\/2025\/10\/3961-Grupo-de-salva-vidas-Praia-de-Camboriu-temporada-1960-1961-768x476.jpg 768w\" sizes=\"(max-width: 898px) 100vw, 898px\" \/><\/a>\n\t\t\t<\/div><\/figure><figure class='gallery-item'>\n\t\t\t<div class='gallery-icon landscape'>\n\t\t\t\t<a data-elementor-open-lightbox=\"yes\" data-elementor-lightbox-slideshow=\"901223a\" data-elementor-lightbox-title=\"3958 - Salva-vidas, Praia de Cambori\u00fa, temporada 1960-1961\" data-e-action-hash=\"#elementor-action%3Aaction%3Dlightbox%26settings%3DeyJpZCI6MjY3NDYsInVybCI6Imh0dHBzOlwvXC9jdWx0dXJhYmMuY29tLmJyXC9hcnF1aXZvXC93cC1jb250ZW50XC91cGxvYWRzXC8yMDI1XC8xMFwvMzk1OC1TYWx2YS12aWRhcy1QcmFpYS1kZS1DYW1ib3JpdS10ZW1wb3JhZGEtMTk2MC0xOTYxLmpwZyIsInNsaWRlc2hvdyI6IjkwMTIyM2EifQ%3D%3D\" href='https:\/\/culturabc.com.br\/arquivo\/wp-content\/uploads\/2025\/10\/3958-Salva-vidas-Praia-de-Camboriu-temporada-1960-1961.jpg'><img loading=\"lazy\" decoding=\"async\" width=\"865\" height=\"578\" src=\"https:\/\/culturabc.com.br\/arquivo\/wp-content\/uploads\/2025\/10\/3958-Salva-vidas-Praia-de-Camboriu-temporada-1960-1961.jpg\" class=\"attachment-full size-full\" alt=\"\" srcset=\"https:\/\/culturabc.com.br\/arquivo\/wp-content\/uploads\/2025\/10\/3958-Salva-vidas-Praia-de-Camboriu-temporada-1960-1961.jpg 865w, https:\/\/culturabc.com.br\/arquivo\/wp-content\/uploads\/2025\/10\/3958-Salva-vidas-Praia-de-Camboriu-temporada-1960-1961-300x200.jpg 300w, https:\/\/culturabc.com.br\/arquivo\/wp-content\/uploads\/2025\/10\/3958-Salva-vidas-Praia-de-Camboriu-temporada-1960-1961-768x513.jpg 768w\" sizes=\"(max-width: 865px) 100vw, 865px\" \/><\/a>\n\t\t\t<\/div><\/figure><figure class='gallery-item'>\n\t\t\t<div class='gallery-icon landscape'>\n\t\t\t\t<a data-elementor-open-lightbox=\"yes\" data-elementor-lightbox-slideshow=\"901223a\" data-elementor-lightbox-title=\"3957 - Salva-vidas, Praia de Cambori\u00fa, temporada 1960-1961\" data-e-action-hash=\"#elementor-action%3Aaction%3Dlightbox%26settings%3DeyJpZCI6MjY3NDcsInVybCI6Imh0dHBzOlwvXC9jdWx0dXJhYmMuY29tLmJyXC9hcnF1aXZvXC93cC1jb250ZW50XC91cGxvYWRzXC8yMDI1XC8xMFwvMzk1Ny1TYWx2YS12aWRhcy1QcmFpYS1kZS1DYW1ib3JpdS10ZW1wb3JhZGEtMTk2MC0xOTYxLmpwZyIsInNsaWRlc2hvdyI6IjkwMTIyM2EifQ%3D%3D\" href='https:\/\/culturabc.com.br\/arquivo\/wp-content\/uploads\/2025\/10\/3957-Salva-vidas-Praia-de-Camboriu-temporada-1960-1961.jpg'><img loading=\"lazy\" decoding=\"async\" width=\"858\" height=\"584\" src=\"https:\/\/culturabc.com.br\/arquivo\/wp-content\/uploads\/2025\/10\/3957-Salva-vidas-Praia-de-Camboriu-temporada-1960-1961.jpg\" class=\"attachment-full size-full\" alt=\"\" srcset=\"https:\/\/culturabc.com.br\/arquivo\/wp-content\/uploads\/2025\/10\/3957-Salva-vidas-Praia-de-Camboriu-temporada-1960-1961.jpg 858w, https:\/\/culturabc.com.br\/arquivo\/wp-content\/uploads\/2025\/10\/3957-Salva-vidas-Praia-de-Camboriu-temporada-1960-1961-300x204.jpg 300w, https:\/\/culturabc.com.br\/arquivo\/wp-content\/uploads\/2025\/10\/3957-Salva-vidas-Praia-de-Camboriu-temporada-1960-1961-768x523.jpg 768w\" sizes=\"(max-width: 858px) 100vw, 858px\" \/><\/a>\n\t\t\t<\/div><\/figure><figure class='gallery-item'>\n\t\t\t<div class='gallery-icon landscape'>\n\t\t\t\t<a data-elementor-open-lightbox=\"yes\" data-elementor-lightbox-slideshow=\"901223a\" data-elementor-lightbox-title=\"3955 - Salva-vidas, Praia de Cambori\u00fa, temporada 1960-1961\" data-e-action-hash=\"#elementor-action%3Aaction%3Dlightbox%26settings%3DeyJpZCI6MjY3NDksInVybCI6Imh0dHBzOlwvXC9jdWx0dXJhYmMuY29tLmJyXC9hcnF1aXZvXC93cC1jb250ZW50XC91cGxvYWRzXC8yMDI1XC8xMFwvMzk1NS1TYWx2YS12aWRhcy1QcmFpYS1kZS1DYW1ib3JpdS10ZW1wb3JhZGEtMTk2MC0xOTYxLmpwZyIsInNsaWRlc2hvdyI6IjkwMTIyM2EifQ%3D%3D\" href='https:\/\/culturabc.com.br\/arquivo\/wp-content\/uploads\/2025\/10\/3955-Salva-vidas-Praia-de-Camboriu-temporada-1960-1961.jpg'><img loading=\"lazy\" decoding=\"async\" width=\"848\" height=\"589\" src=\"https:\/\/culturabc.com.br\/arquivo\/wp-content\/uploads\/2025\/10\/3955-Salva-vidas-Praia-de-Camboriu-temporada-1960-1961.jpg\" class=\"attachment-full size-full\" alt=\"\" srcset=\"https:\/\/culturabc.com.br\/arquivo\/wp-content\/uploads\/2025\/10\/3955-Salva-vidas-Praia-de-Camboriu-temporada-1960-1961.jpg 848w, https:\/\/culturabc.com.br\/arquivo\/wp-content\/uploads\/2025\/10\/3955-Salva-vidas-Praia-de-Camboriu-temporada-1960-1961-300x208.jpg 300w, https:\/\/culturabc.com.br\/arquivo\/wp-content\/uploads\/2025\/10\/3955-Salva-vidas-Praia-de-Camboriu-temporada-1960-1961-768x533.jpg 768w\" sizes=\"(max-width: 848px) 100vw, 848px\" \/><\/a>\n\t\t\t<\/div><\/figure><figure class='gallery-item'>\n\t\t\t<div class='gallery-icon portrait'>\n\t\t\t\t<a data-elementor-open-lightbox=\"yes\" data-elementor-lightbox-slideshow=\"901223a\" data-elementor-lightbox-title=\"3956 - Salva-vidas, Praia de Cambori\u00fa, temporada 1960-1961\" data-e-action-hash=\"#elementor-action%3Aaction%3Dlightbox%26settings%3DeyJpZCI6MjY3NTAsInVybCI6Imh0dHBzOlwvXC9jdWx0dXJhYmMuY29tLmJyXC9hcnF1aXZvXC93cC1jb250ZW50XC91cGxvYWRzXC8yMDI1XC8xMFwvMzk1Ni1TYWx2YS12aWRhcy1QcmFpYS1kZS1DYW1ib3JpdS10ZW1wb3JhZGEtMTk2MC0xOTYxLmpwZyIsInNsaWRlc2hvdyI6IjkwMTIyM2EifQ%3D%3D\" href='https:\/\/culturabc.com.br\/arquivo\/wp-content\/uploads\/2025\/10\/3956-Salva-vidas-Praia-de-Camboriu-temporada-1960-1961.jpg'><img loading=\"lazy\" decoding=\"async\" width=\"570\" height=\"721\" src=\"https:\/\/culturabc.com.br\/arquivo\/wp-content\/uploads\/2025\/10\/3956-Salva-vidas-Praia-de-Camboriu-temporada-1960-1961.jpg\" class=\"attachment-full size-full\" alt=\"\" srcset=\"https:\/\/culturabc.com.br\/arquivo\/wp-content\/uploads\/2025\/10\/3956-Salva-vidas-Praia-de-Camboriu-temporada-1960-1961.jpg 570w, https:\/\/culturabc.com.br\/arquivo\/wp-content\/uploads\/2025\/10\/3956-Salva-vidas-Praia-de-Camboriu-temporada-1960-1961-237x300.jpg 237w\" sizes=\"(max-width: 570px) 100vw, 570px\" \/><\/a>\n\t\t\t<\/div><\/figure><figure class='gallery-item'>\n\t\t\t<div class='gallery-icon landscape'>\n\t\t\t\t<a data-elementor-open-lightbox=\"yes\" data-elementor-lightbox-slideshow=\"901223a\" data-elementor-lightbox-title=\"3972 - Baloons Club, Rua Bahia, d\u00e9cada de 1980\" data-e-action-hash=\"#elementor-action%3Aaction%3Dlightbox%26settings%3DeyJpZCI6MjY3NTEsInVybCI6Imh0dHBzOlwvXC9jdWx0dXJhYmMuY29tLmJyXC9hcnF1aXZvXC93cC1jb250ZW50XC91cGxvYWRzXC8yMDI1XC8xMFwvMzk3Mi1CYWxvb25zLUNsdWItUnVhLUJhaGlhLWRlY2FkYS1kZS0xOTgwLmpwZyIsInNsaWRlc2hvdyI6IjkwMTIyM2EifQ%3D%3D\" href='https:\/\/culturabc.com.br\/arquivo\/wp-content\/uploads\/2025\/10\/3972-Baloons-Club-Rua-Bahia-decada-de-1980.jpg'><img loading=\"lazy\" decoding=\"async\" width=\"1157\" height=\"797\" src=\"https:\/\/culturabc.com.br\/arquivo\/wp-content\/uploads\/2025\/10\/3972-Baloons-Club-Rua-Bahia-decada-de-1980.jpg\" class=\"attachment-full size-full\" alt=\"\" srcset=\"https:\/\/culturabc.com.br\/arquivo\/wp-content\/uploads\/2025\/10\/3972-Baloons-Club-Rua-Bahia-decada-de-1980.jpg 1157w, https:\/\/culturabc.com.br\/arquivo\/wp-content\/uploads\/2025\/10\/3972-Baloons-Club-Rua-Bahia-decada-de-1980-300x207.jpg 300w, https:\/\/culturabc.com.br\/arquivo\/wp-content\/uploads\/2025\/10\/3972-Baloons-Club-Rua-Bahia-decada-de-1980-1024x705.jpg 1024w, https:\/\/culturabc.com.br\/arquivo\/wp-content\/uploads\/2025\/10\/3972-Baloons-Club-Rua-Bahia-decada-de-1980-768x529.jpg 768w\" sizes=\"(max-width: 1157px) 100vw, 1157px\" \/><\/a>\n\t\t\t<\/div><\/figure><figure class='gallery-item'>\n\t\t\t<div class='gallery-icon landscape'>\n\t\t\t\t<a data-elementor-open-lightbox=\"yes\" data-elementor-lightbox-slideshow=\"901223a\" data-elementor-lightbox-title=\"3971 - Vista da cidade e da Av. Santa Catarina, D\u00e9c. 1980\" data-e-action-hash=\"#elementor-action%3Aaction%3Dlightbox%26settings%3DeyJpZCI6MjY3NTIsInVybCI6Imh0dHBzOlwvXC9jdWx0dXJhYmMuY29tLmJyXC9hcnF1aXZvXC93cC1jb250ZW50XC91cGxvYWRzXC8yMDI1XC8xMFwvMzk3MS1WaXN0YS1kYS1jaWRhZGUtZS1kYS1Bdi4tU2FudGEtQ2F0YXJpbmEtRGVjLi0xOTgwLXJvdGF0ZWQuanBnIiwic2xpZGVzaG93IjoiOTAxMjIzYSJ9\" href='https:\/\/culturabc.com.br\/arquivo\/wp-content\/uploads\/2025\/10\/3971-Vista-da-cidade-e-da-Av.-Santa-Catarina-Dec.-1980-rotated.jpg'><img loading=\"lazy\" decoding=\"async\" width=\"1981\" height=\"1598\" src=\"https:\/\/culturabc.com.br\/arquivo\/wp-content\/uploads\/2025\/10\/3971-Vista-da-cidade-e-da-Av.-Santa-Catarina-Dec.-1980-rotated.jpg\" class=\"attachment-full size-full\" alt=\"\" srcset=\"https:\/\/culturabc.com.br\/arquivo\/wp-content\/uploads\/2025\/10\/3971-Vista-da-cidade-e-da-Av.-Santa-Catarina-Dec.-1980-rotated.jpg 1981w, https:\/\/culturabc.com.br\/arquivo\/wp-content\/uploads\/2025\/10\/3971-Vista-da-cidade-e-da-Av.-Santa-Catarina-Dec.-1980-300x242.jpg 300w, https:\/\/culturabc.com.br\/arquivo\/wp-content\/uploads\/2025\/10\/3971-Vista-da-cidade-e-da-Av.-Santa-Catarina-Dec.-1980-1024x826.jpg 1024w, https:\/\/culturabc.com.br\/arquivo\/wp-content\/uploads\/2025\/10\/3971-Vista-da-cidade-e-da-Av.-Santa-Catarina-Dec.-1980-768x620.jpg 768w, https:\/\/culturabc.com.br\/arquivo\/wp-content\/uploads\/2025\/10\/3971-Vista-da-cidade-e-da-Av.-Santa-Catarina-Dec.-1980-1536x1239.jpg 1536w\" sizes=\"(max-width: 1981px) 100vw, 1981px\" \/><\/a>\n\t\t\t<\/div><\/figure><figure class='gallery-item'>\n\t\t\t<div class='gallery-icon landscape'>\n\t\t\t\t<a data-elementor-open-lightbox=\"yes\" data-elementor-lightbox-slideshow=\"901223a\" data-elementor-lightbox-title=\"3963 - Encontro pol\u00edtico, Hotel Marambaia, d\u00e9cada de 1960\" data-e-action-hash=\"#elementor-action%3Aaction%3Dlightbox%26settings%3DeyJpZCI6MjY3NTQsInVybCI6Imh0dHBzOlwvXC9jdWx0dXJhYmMuY29tLmJyXC9hcnF1aXZvXC93cC1jb250ZW50XC91cGxvYWRzXC8yMDI1XC8xMFwvMzk2My1FbmNvbnRyby1wb2xpdGljby1Ib3RlbC1NYXJhbWJhaWEtZGVjYWRhLWRlLTE5NjAuanBnIiwic2xpZGVzaG93IjoiOTAxMjIzYSJ9\" href='https:\/\/culturabc.com.br\/arquivo\/wp-content\/uploads\/2025\/10\/3963-Encontro-politico-Hotel-Marambaia-decada-de-1960.jpg'><img loading=\"lazy\" decoding=\"async\" width=\"1376\" height=\"906\" src=\"https:\/\/culturabc.com.br\/arquivo\/wp-content\/uploads\/2025\/10\/3963-Encontro-politico-Hotel-Marambaia-decada-de-1960.jpg\" class=\"attachment-full size-full\" alt=\"\" srcset=\"https:\/\/culturabc.com.br\/arquivo\/wp-content\/uploads\/2025\/10\/3963-Encontro-politico-Hotel-Marambaia-decada-de-1960.jpg 1376w, https:\/\/culturabc.com.br\/arquivo\/wp-content\/uploads\/2025\/10\/3963-Encontro-politico-Hotel-Marambaia-decada-de-1960-300x198.jpg 300w, https:\/\/culturabc.com.br\/arquivo\/wp-content\/uploads\/2025\/10\/3963-Encontro-politico-Hotel-Marambaia-decada-de-1960-1024x674.jpg 1024w, https:\/\/culturabc.com.br\/arquivo\/wp-content\/uploads\/2025\/10\/3963-Encontro-politico-Hotel-Marambaia-decada-de-1960-768x506.jpg 768w\" sizes=\"(max-width: 1376px) 100vw, 1376px\" \/><\/a>\n\t\t\t<\/div><\/figure><figure class='gallery-item'>\n\t\t\t<div class='gallery-icon landscape'>\n\t\t\t\t<a data-elementor-open-lightbox=\"yes\" data-elementor-lightbox-slideshow=\"901223a\" data-elementor-lightbox-title=\"Foto AE 2 - n\u00e3o \u00e9 Balne\u00e1rio Cambori\u00fa\" data-e-action-hash=\"#elementor-action%3Aaction%3Dlightbox%26settings%3DeyJpZCI6MjY3NTUsInVybCI6Imh0dHBzOlwvXC9jdWx0dXJhYmMuY29tLmJyXC9hcnF1aXZvXC93cC1jb250ZW50XC91cGxvYWRzXC8yMDI1XC8xMFwvRm90by1BRS0yLW5hby1lLUJhbG5lYXJpby1DYW1ib3JpdS5qcGciLCJzbGlkZXNob3ciOiI5MDEyMjNhIn0%3D\" href='https:\/\/culturabc.com.br\/arquivo\/wp-content\/uploads\/2025\/10\/Foto-AE-2-nao-e-Balneario-Camboriu.jpg'><img loading=\"lazy\" decoding=\"async\" width=\"882\" height=\"677\" src=\"https:\/\/culturabc.com.br\/arquivo\/wp-content\/uploads\/2025\/10\/Foto-AE-2-nao-e-Balneario-Camboriu.jpg\" class=\"attachment-full size-full\" alt=\"\" srcset=\"https:\/\/culturabc.com.br\/arquivo\/wp-content\/uploads\/2025\/10\/Foto-AE-2-nao-e-Balneario-Camboriu.jpg 882w, https:\/\/culturabc.com.br\/arquivo\/wp-content\/uploads\/2025\/10\/Foto-AE-2-nao-e-Balneario-Camboriu-300x230.jpg 300w, https:\/\/culturabc.com.br\/arquivo\/wp-content\/uploads\/2025\/10\/Foto-AE-2-nao-e-Balneario-Camboriu-768x589.jpg 768w\" sizes=\"(max-width: 882px) 100vw, 882px\" \/><\/a>\n\t\t\t<\/div><\/figure><figure class='gallery-item'>\n\t\t\t<div class='gallery-icon portrait'>\n\t\t\t\t<a data-elementor-open-lightbox=\"yes\" data-elementor-lightbox-slideshow=\"901223a\" data-elementor-lightbox-title=\"Foto AE 1\" data-e-action-hash=\"#elementor-action%3Aaction%3Dlightbox%26settings%3DeyJpZCI6MjY3NTYsInVybCI6Imh0dHBzOlwvXC9jdWx0dXJhYmMuY29tLmJyXC9hcnF1aXZvXC93cC1jb250ZW50XC91cGxvYWRzXC8yMDI1XC8xMFwvRm90by1BRS0xLmpwZyIsInNsaWRlc2hvdyI6IjkwMTIyM2EifQ%3D%3D\" href='https:\/\/culturabc.com.br\/arquivo\/wp-content\/uploads\/2025\/10\/Foto-AE-1.jpg'><img loading=\"lazy\" decoding=\"async\" width=\"690\" height=\"970\" src=\"https:\/\/culturabc.com.br\/arquivo\/wp-content\/uploads\/2025\/10\/Foto-AE-1.jpg\" class=\"attachment-full size-full\" alt=\"\" srcset=\"https:\/\/culturabc.com.br\/arquivo\/wp-content\/uploads\/2025\/10\/Foto-AE-1.jpg 690w, https:\/\/culturabc.com.br\/arquivo\/wp-content\/uploads\/2025\/10\/Foto-AE-1-213x300.jpg 213w\" sizes=\"(max-width: 690px) 100vw, 690px\" \/><\/a>\n\t\t\t<\/div><\/figure><figure class='gallery-item'>\n\t\t\t<div class='gallery-icon landscape'>\n\t\t\t\t<a data-elementor-open-lightbox=\"yes\" data-elementor-lightbox-slideshow=\"901223a\" data-elementor-lightbox-title=\"3952 - Casal Wachs e amigas, Bar Capil\u00e9, d\u00e9cada de 1950\" data-e-action-hash=\"#elementor-action%3Aaction%3Dlightbox%26settings%3DeyJpZCI6MjY3NTgsInVybCI6Imh0dHBzOlwvXC9jdWx0dXJhYmMuY29tLmJyXC9hcnF1aXZvXC93cC1jb250ZW50XC91cGxvYWRzXC8yMDI1XC8xMFwvMzk1Mi1DYXNhbC1XYWNocy1lLWFtaWdhcy1CYXItQ2FwaWxlLWRlY2FkYS1kZS0xOTUwLmpwZyIsInNsaWRlc2hvdyI6IjkwMTIyM2EifQ%3D%3D\" href='https:\/\/culturabc.com.br\/arquivo\/wp-content\/uploads\/2025\/10\/3952-Casal-Wachs-e-amigas-Bar-Capile-decada-de-1950.jpg'><img loading=\"lazy\" decoding=\"async\" width=\"1280\" height=\"1234\" src=\"https:\/\/culturabc.com.br\/arquivo\/wp-content\/uploads\/2025\/10\/3952-Casal-Wachs-e-amigas-Bar-Capile-decada-de-1950.jpg\" class=\"attachment-full size-full\" alt=\"\" srcset=\"https:\/\/culturabc.com.br\/arquivo\/wp-content\/uploads\/2025\/10\/3952-Casal-Wachs-e-amigas-Bar-Capile-decada-de-1950.jpg 1280w, https:\/\/culturabc.com.br\/arquivo\/wp-content\/uploads\/2025\/10\/3952-Casal-Wachs-e-amigas-Bar-Capile-decada-de-1950-300x289.jpg 300w, https:\/\/culturabc.com.br\/arquivo\/wp-content\/uploads\/2025\/10\/3952-Casal-Wachs-e-amigas-Bar-Capile-decada-de-1950-1024x987.jpg 1024w, https:\/\/culturabc.com.br\/arquivo\/wp-content\/uploads\/2025\/10\/3952-Casal-Wachs-e-amigas-Bar-Capile-decada-de-1950-768x740.jpg 768w\" sizes=\"(max-width: 1280px) 100vw, 1280px\" \/><\/a>\n\t\t\t<\/div><\/figure><figure class='gallery-item'>\n\t\t\t<div class='gallery-icon portrait'>\n\t\t\t\t<a data-elementor-open-lightbox=\"yes\" data-elementor-lightbox-slideshow=\"901223a\" data-elementor-lightbox-title=\"3949 - Charlota e sua m\u00e3e Liselote, Bar Capil\u00e9, d\u00e9cada de 1950\" data-e-action-hash=\"#elementor-action%3Aaction%3Dlightbox%26settings%3DeyJpZCI6MjY3NTksInVybCI6Imh0dHBzOlwvXC9jdWx0dXJhYmMuY29tLmJyXC9hcnF1aXZvXC93cC1jb250ZW50XC91cGxvYWRzXC8yMDI1XC8xMFwvMzk0OS1DaGFybG90YS1lLXN1YS1tYWUtTGlzZWxvdGUtQmFyLUNhcGlsZS1kZWNhZGEtZGUtMTk1MC5qcGciLCJzbGlkZXNob3ciOiI5MDEyMjNhIn0%3D\" href='https:\/\/culturabc.com.br\/arquivo\/wp-content\/uploads\/2025\/10\/3949-Charlota-e-sua-mae-Liselote-Bar-Capile-decada-de-1950.jpg'><img loading=\"lazy\" decoding=\"async\" width=\"932\" height=\"1600\" src=\"https:\/\/culturabc.com.br\/arquivo\/wp-content\/uploads\/2025\/10\/3949-Charlota-e-sua-mae-Liselote-Bar-Capile-decada-de-1950.jpg\" class=\"attachment-full size-full\" alt=\"\" srcset=\"https:\/\/culturabc.com.br\/arquivo\/wp-content\/uploads\/2025\/10\/3949-Charlota-e-sua-mae-Liselote-Bar-Capile-decada-de-1950.jpg 932w, https:\/\/culturabc.com.br\/arquivo\/wp-content\/uploads\/2025\/10\/3949-Charlota-e-sua-mae-Liselote-Bar-Capile-decada-de-1950-175x300.jpg 175w, https:\/\/culturabc.com.br\/arquivo\/wp-content\/uploads\/2025\/10\/3949-Charlota-e-sua-mae-Liselote-Bar-Capile-decada-de-1950-596x1024.jpg 596w, https:\/\/culturabc.com.br\/arquivo\/wp-content\/uploads\/2025\/10\/3949-Charlota-e-sua-mae-Liselote-Bar-Capile-decada-de-1950-768x1318.jpg 768w, https:\/\/culturabc.com.br\/arquivo\/wp-content\/uploads\/2025\/10\/3949-Charlota-e-sua-mae-Liselote-Bar-Capile-decada-de-1950-895x1536.jpg 895w\" sizes=\"(max-width: 932px) 100vw, 932px\" \/><\/a>\n\t\t\t<\/div><\/figure><figure class='gallery-item'>\n\t\t\t<div class='gallery-icon landscape'>\n\t\t\t\t<a data-elementor-open-lightbox=\"yes\" data-elementor-lightbox-slideshow=\"901223a\" data-elementor-lightbox-title=\"3953 - Salva-vidas, Praia de Cambori\u00fa, 15.12.1960\" data-e-action-hash=\"#elementor-action%3Aaction%3Dlightbox%26settings%3DeyJpZCI6MjY3NjAsInVybCI6Imh0dHBzOlwvXC9jdWx0dXJhYmMuY29tLmJyXC9hcnF1aXZvXC93cC1jb250ZW50XC91cGxvYWRzXC8yMDI1XC8xMFwvMzk1My1TYWx2YS12aWRhcy1QcmFpYS1kZS1DYW1ib3JpdS0xNS4xMi4xOTYwLmpwZyIsInNsaWRlc2hvdyI6IjkwMTIyM2EifQ%3D%3D\" href='https:\/\/culturabc.com.br\/arquivo\/wp-content\/uploads\/2025\/10\/3953-Salva-vidas-Praia-de-Camboriu-15.12.1960.jpg'><img loading=\"lazy\" decoding=\"async\" width=\"1280\" height=\"849\" src=\"https:\/\/culturabc.com.br\/arquivo\/wp-content\/uploads\/2025\/10\/3953-Salva-vidas-Praia-de-Camboriu-15.12.1960.jpg\" class=\"attachment-full size-full\" alt=\"\" srcset=\"https:\/\/culturabc.com.br\/arquivo\/wp-content\/uploads\/2025\/10\/3953-Salva-vidas-Praia-de-Camboriu-15.12.1960.jpg 1280w, https:\/\/culturabc.com.br\/arquivo\/wp-content\/uploads\/2025\/10\/3953-Salva-vidas-Praia-de-Camboriu-15.12.1960-300x199.jpg 300w, https:\/\/culturabc.com.br\/arquivo\/wp-content\/uploads\/2025\/10\/3953-Salva-vidas-Praia-de-Camboriu-15.12.1960-1024x679.jpg 1024w, https:\/\/culturabc.com.br\/arquivo\/wp-content\/uploads\/2025\/10\/3953-Salva-vidas-Praia-de-Camboriu-15.12.1960-768x509.jpg 768w\" sizes=\"(max-width: 1280px) 100vw, 1280px\" \/><\/a>\n\t\t\t<\/div><\/figure><figure class='gallery-item'>\n\t\t\t<div class='gallery-icon portrait'>\n\t\t\t\t<a data-elementor-open-lightbox=\"yes\" data-elementor-lightbox-slideshow=\"901223a\" data-elementor-lightbox-title=\"3944 - Camar\u00e3o a Palito, Capil\u00e9 e Foto Wachs, d\u00e9cada de 1950\" data-e-action-hash=\"#elementor-action%3Aaction%3Dlightbox%26settings%3DeyJpZCI6MjY3NjEsInVybCI6Imh0dHBzOlwvXC9jdWx0dXJhYmMuY29tLmJyXC9hcnF1aXZvXC93cC1jb250ZW50XC91cGxvYWRzXC8yMDI1XC8xMFwvMzk0NC1DYW1hcmFvLWEtUGFsaXRvLUNhcGlsZS1lLUZvdG8tV2FjaHMtZGVjYWRhLWRlLTE5NTAuanBnIiwic2xpZGVzaG93IjoiOTAxMjIzYSJ9\" href='https:\/\/culturabc.com.br\/arquivo\/wp-content\/uploads\/2025\/10\/3944-Camarao-a-Palito-Capile-e-Foto-Wachs-decada-de-1950.jpg'><img loading=\"lazy\" decoding=\"async\" width=\"1599\" height=\"1600\" src=\"https:\/\/culturabc.com.br\/arquivo\/wp-content\/uploads\/2025\/10\/3944-Camarao-a-Palito-Capile-e-Foto-Wachs-decada-de-1950.jpg\" class=\"attachment-full size-full\" alt=\"\" srcset=\"https:\/\/culturabc.com.br\/arquivo\/wp-content\/uploads\/2025\/10\/3944-Camarao-a-Palito-Capile-e-Foto-Wachs-decada-de-1950.jpg 1599w, https:\/\/culturabc.com.br\/arquivo\/wp-content\/uploads\/2025\/10\/3944-Camarao-a-Palito-Capile-e-Foto-Wachs-decada-de-1950-300x300.jpg 300w, https:\/\/culturabc.com.br\/arquivo\/wp-content\/uploads\/2025\/10\/3944-Camarao-a-Palito-Capile-e-Foto-Wachs-decada-de-1950-1024x1024.jpg 1024w, https:\/\/culturabc.com.br\/arquivo\/wp-content\/uploads\/2025\/10\/3944-Camarao-a-Palito-Capile-e-Foto-Wachs-decada-de-1950-150x150.jpg 150w, https:\/\/culturabc.com.br\/arquivo\/wp-content\/uploads\/2025\/10\/3944-Camarao-a-Palito-Capile-e-Foto-Wachs-decada-de-1950-768x768.jpg 768w, https:\/\/culturabc.com.br\/arquivo\/wp-content\/uploads\/2025\/10\/3944-Camarao-a-Palito-Capile-e-Foto-Wachs-decada-de-1950-1536x1536.jpg 1536w\" sizes=\"(max-width: 1599px) 100vw, 1599px\" \/><\/a>\n\t\t\t<\/div><\/figure><figure class='gallery-item'>\n\t\t\t<div class='gallery-icon landscape'>\n\t\t\t\t<a data-elementor-open-lightbox=\"yes\" data-elementor-lightbox-slideshow=\"901223a\" data-elementor-lightbox-title=\"3943 - Fam\u00edlia Wachs, Bar Camar\u00e3o a Palito, d\u00e9cada de 1950\" data-e-action-hash=\"#elementor-action%3Aaction%3Dlightbox%26settings%3DeyJpZCI6MjY3NjIsInVybCI6Imh0dHBzOlwvXC9jdWx0dXJhYmMuY29tLmJyXC9hcnF1aXZvXC93cC1jb250ZW50XC91cGxvYWRzXC8yMDI1XC8xMFwvMzk0My1GYW1pbGlhLVdhY2hzLUJhci1DYW1hcmFvLWEtUGFsaXRvLWRlY2FkYS1kZS0xOTUwLmpwZyIsInNsaWRlc2hvdyI6IjkwMTIyM2EifQ%3D%3D\" href='https:\/\/culturabc.com.br\/arquivo\/wp-content\/uploads\/2025\/10\/3943-Familia-Wachs-Bar-Camarao-a-Palito-decada-de-1950.jpg'><img loading=\"lazy\" decoding=\"async\" width=\"1600\" height=\"1057\" src=\"https:\/\/culturabc.com.br\/arquivo\/wp-content\/uploads\/2025\/10\/3943-Familia-Wachs-Bar-Camarao-a-Palito-decada-de-1950.jpg\" class=\"attachment-full size-full\" alt=\"\" srcset=\"https:\/\/culturabc.com.br\/arquivo\/wp-content\/uploads\/2025\/10\/3943-Familia-Wachs-Bar-Camarao-a-Palito-decada-de-1950.jpg 1600w, https:\/\/culturabc.com.br\/arquivo\/wp-content\/uploads\/2025\/10\/3943-Familia-Wachs-Bar-Camarao-a-Palito-decada-de-1950-300x198.jpg 300w, https:\/\/culturabc.com.br\/arquivo\/wp-content\/uploads\/2025\/10\/3943-Familia-Wachs-Bar-Camarao-a-Palito-decada-de-1950-1024x676.jpg 1024w, https:\/\/culturabc.com.br\/arquivo\/wp-content\/uploads\/2025\/10\/3943-Familia-Wachs-Bar-Camarao-a-Palito-decada-de-1950-768x507.jpg 768w, https:\/\/culturabc.com.br\/arquivo\/wp-content\/uploads\/2025\/10\/3943-Familia-Wachs-Bar-Camarao-a-Palito-decada-de-1950-1536x1015.jpg 1536w\" sizes=\"(max-width: 1600px) 100vw, 1600px\" \/><\/a>\n\t\t\t<\/div><\/figure><figure class='gallery-item'>\n\t\t\t<div class='gallery-icon landscape'>\n\t\t\t\t<a data-elementor-open-lightbox=\"yes\" data-elementor-lightbox-slideshow=\"901223a\" data-elementor-lightbox-title=\"3942 - Charlota Luise Wachs, Bar Camar\u00e3o a Palito, d\u00e9cada de 1950\" data-e-action-hash=\"#elementor-action%3Aaction%3Dlightbox%26settings%3DeyJpZCI6MjY3NjMsInVybCI6Imh0dHBzOlwvXC9jdWx0dXJhYmMuY29tLmJyXC9hcnF1aXZvXC93cC1jb250ZW50XC91cGxvYWRzXC8yMDI1XC8xMFwvMzk0Mi1DaGFybG90YS1MdWlzZS1XYWNocy1CYXItQ2FtYXJhby1hLVBhbGl0by1kZWNhZGEtZGUtMTk1MC5qcGciLCJzbGlkZXNob3ciOiI5MDEyMjNhIn0%3D\" href='https:\/\/culturabc.com.br\/arquivo\/wp-content\/uploads\/2025\/10\/3942-Charlota-Luise-Wachs-Bar-Camarao-a-Palito-decada-de-1950.jpg'><img loading=\"lazy\" decoding=\"async\" width=\"1600\" height=\"1128\" src=\"https:\/\/culturabc.com.br\/arquivo\/wp-content\/uploads\/2025\/10\/3942-Charlota-Luise-Wachs-Bar-Camarao-a-Palito-decada-de-1950.jpg\" class=\"attachment-full size-full\" alt=\"\" srcset=\"https:\/\/culturabc.com.br\/arquivo\/wp-content\/uploads\/2025\/10\/3942-Charlota-Luise-Wachs-Bar-Camarao-a-Palito-decada-de-1950.jpg 1600w, https:\/\/culturabc.com.br\/arquivo\/wp-content\/uploads\/2025\/10\/3942-Charlota-Luise-Wachs-Bar-Camarao-a-Palito-decada-de-1950-300x212.jpg 300w, https:\/\/culturabc.com.br\/arquivo\/wp-content\/uploads\/2025\/10\/3942-Charlota-Luise-Wachs-Bar-Camarao-a-Palito-decada-de-1950-1024x722.jpg 1024w, https:\/\/culturabc.com.br\/arquivo\/wp-content\/uploads\/2025\/10\/3942-Charlota-Luise-Wachs-Bar-Camarao-a-Palito-decada-de-1950-768x541.jpg 768w, https:\/\/culturabc.com.br\/arquivo\/wp-content\/uploads\/2025\/10\/3942-Charlota-Luise-Wachs-Bar-Camarao-a-Palito-decada-de-1950-1536x1083.jpg 1536w\" sizes=\"(max-width: 1600px) 100vw, 1600px\" \/><\/a>\n\t\t\t<\/div><\/figure><figure class='gallery-item'>\n\t\t\t<div class='gallery-icon portrait'>\n\t\t\t\t<a data-elementor-open-lightbox=\"yes\" data-elementor-lightbox-slideshow=\"901223a\" data-elementor-lightbox-title=\"3959 - Primeiro posto salva-vidas, Praia de Cambori\u00fa\" data-e-action-hash=\"#elementor-action%3Aaction%3Dlightbox%26settings%3DeyJpZCI6MjY3NjQsInVybCI6Imh0dHBzOlwvXC9jdWx0dXJhYmMuY29tLmJyXC9hcnF1aXZvXC93cC1jb250ZW50XC91cGxvYWRzXC8yMDI1XC8xMFwvMzk1OS1QcmltZWlyby1wb3N0by1zYWx2YS12aWRhcy1QcmFpYS1kZS1DYW1ib3JpdS5qcGciLCJzbGlkZXNob3ciOiI5MDEyMjNhIn0%3D\" href='https:\/\/culturabc.com.br\/arquivo\/wp-content\/uploads\/2025\/10\/3959-Primeiro-posto-salva-vidas-Praia-de-Camboriu.jpg'><img loading=\"lazy\" decoding=\"async\" width=\"802\" height=\"1280\" src=\"https:\/\/culturabc.com.br\/arquivo\/wp-content\/uploads\/2025\/10\/3959-Primeiro-posto-salva-vidas-Praia-de-Camboriu.jpg\" class=\"attachment-full size-full\" alt=\"\" srcset=\"https:\/\/culturabc.com.br\/arquivo\/wp-content\/uploads\/2025\/10\/3959-Primeiro-posto-salva-vidas-Praia-de-Camboriu.jpg 802w, https:\/\/culturabc.com.br\/arquivo\/wp-content\/uploads\/2025\/10\/3959-Primeiro-posto-salva-vidas-Praia-de-Camboriu-188x300.jpg 188w, https:\/\/culturabc.com.br\/arquivo\/wp-content\/uploads\/2025\/10\/3959-Primeiro-posto-salva-vidas-Praia-de-Camboriu-642x1024.jpg 642w, https:\/\/culturabc.com.br\/arquivo\/wp-content\/uploads\/2025\/10\/3959-Primeiro-posto-salva-vidas-Praia-de-Camboriu-768x1226.jpg 768w\" sizes=\"(max-width: 802px) 100vw, 802px\" \/><\/a>\n\t\t\t<\/div><\/figure><figure class='gallery-item'>\n\t\t\t<div class='gallery-icon portrait'>\n\t\t\t\t<a data-elementor-open-lightbox=\"yes\" data-elementor-lightbox-slideshow=\"901223a\" data-elementor-lightbox-title=\"3945 - Camar\u00e3o a Palito, Capil\u00e9 e Foto Wachs, d\u00e9cada de 1950\" data-e-action-hash=\"#elementor-action%3Aaction%3Dlightbox%26settings%3DeyJpZCI6MjY3NjUsInVybCI6Imh0dHBzOlwvXC9jdWx0dXJhYmMuY29tLmJyXC9hcnF1aXZvXC93cC1jb250ZW50XC91cGxvYWRzXC8yMDI1XC8xMFwvMzk0NS1DYW1hcmFvLWEtUGFsaXRvLUNhcGlsZS1lLUZvdG8tV2FjaHMtZGVjYWRhLWRlLTE5NTAuanBnIiwic2xpZGVzaG93IjoiOTAxMjIzYSJ9\" href='https:\/\/culturabc.com.br\/arquivo\/wp-content\/uploads\/2025\/10\/3945-Camarao-a-Palito-Capile-e-Foto-Wachs-decada-de-1950.jpg'><img loading=\"lazy\" decoding=\"async\" width=\"1103\" height=\"1600\" src=\"https:\/\/culturabc.com.br\/arquivo\/wp-content\/uploads\/2025\/10\/3945-Camarao-a-Palito-Capile-e-Foto-Wachs-decada-de-1950.jpg\" class=\"attachment-full size-full\" alt=\"\" srcset=\"https:\/\/culturabc.com.br\/arquivo\/wp-content\/uploads\/2025\/10\/3945-Camarao-a-Palito-Capile-e-Foto-Wachs-decada-de-1950.jpg 1103w, https:\/\/culturabc.com.br\/arquivo\/wp-content\/uploads\/2025\/10\/3945-Camarao-a-Palito-Capile-e-Foto-Wachs-decada-de-1950-207x300.jpg 207w, https:\/\/culturabc.com.br\/arquivo\/wp-content\/uploads\/2025\/10\/3945-Camarao-a-Palito-Capile-e-Foto-Wachs-decada-de-1950-706x1024.jpg 706w, https:\/\/culturabc.com.br\/arquivo\/wp-content\/uploads\/2025\/10\/3945-Camarao-a-Palito-Capile-e-Foto-Wachs-decada-de-1950-768x1114.jpg 768w, https:\/\/culturabc.com.br\/arquivo\/wp-content\/uploads\/2025\/10\/3945-Camarao-a-Palito-Capile-e-Foto-Wachs-decada-de-1950-1059x1536.jpg 1059w\" sizes=\"(max-width: 1103px) 100vw, 1103px\" \/><\/a>\n\t\t\t<\/div><\/figure><figure class='gallery-item'>\n\t\t\t<div class='gallery-icon landscape'>\n\t\t\t\t<a data-elementor-open-lightbox=\"yes\" data-elementor-lightbox-slideshow=\"901223a\" data-elementor-lightbox-title=\"3951 - Fam\u00edlia Wachs no Natal, d\u00e9cada de 1950\" data-e-action-hash=\"#elementor-action%3Aaction%3Dlightbox%26settings%3DeyJpZCI6MjY3NjYsInVybCI6Imh0dHBzOlwvXC9jdWx0dXJhYmMuY29tLmJyXC9hcnF1aXZvXC93cC1jb250ZW50XC91cGxvYWRzXC8yMDI1XC8xMFwvMzk1MS1GYW1pbGlhLVdhY2hzLW5vLU5hdGFsLWRlY2FkYS1kZS0xOTUwLmpwZyIsInNsaWRlc2hvdyI6IjkwMTIyM2EifQ%3D%3D\" href='https:\/\/culturabc.com.br\/arquivo\/wp-content\/uploads\/2025\/10\/3951-Familia-Wachs-no-Natal-decada-de-1950.jpg'><img loading=\"lazy\" decoding=\"async\" width=\"1280\" height=\"790\" src=\"https:\/\/culturabc.com.br\/arquivo\/wp-content\/uploads\/2025\/10\/3951-Familia-Wachs-no-Natal-decada-de-1950.jpg\" class=\"attachment-full size-full\" alt=\"\" srcset=\"https:\/\/culturabc.com.br\/arquivo\/wp-content\/uploads\/2025\/10\/3951-Familia-Wachs-no-Natal-decada-de-1950.jpg 1280w, https:\/\/culturabc.com.br\/arquivo\/wp-content\/uploads\/2025\/10\/3951-Familia-Wachs-no-Natal-decada-de-1950-300x185.jpg 300w, https:\/\/culturabc.com.br\/arquivo\/wp-content\/uploads\/2025\/10\/3951-Familia-Wachs-no-Natal-decada-de-1950-1024x632.jpg 1024w, https:\/\/culturabc.com.br\/arquivo\/wp-content\/uploads\/2025\/10\/3951-Familia-Wachs-no-Natal-decada-de-1950-768x474.jpg 768w\" sizes=\"(max-width: 1280px) 100vw, 1280px\" \/><\/a>\n\t\t\t<\/div><\/figure><figure class='gallery-item'>\n\t\t\t<div class='gallery-icon portrait'>\n\t\t\t\t<a data-elementor-open-lightbox=\"yes\" data-elementor-lightbox-slideshow=\"901223a\" data-elementor-lightbox-title=\"3948 - Charlota Luise Wachs, Praia de Cambori\u00fa\" data-e-action-hash=\"#elementor-action%3Aaction%3Dlightbox%26settings%3DeyJpZCI6MjY3NjcsInVybCI6Imh0dHBzOlwvXC9jdWx0dXJhYmMuY29tLmJyXC9hcnF1aXZvXC93cC1jb250ZW50XC91cGxvYWRzXC8yMDI1XC8xMFwvMzk0OC1DaGFybG90YS1MdWlzZS1XYWNocy1QcmFpYS1kZS1DYW1ib3JpdS5qcGciLCJzbGlkZXNob3ciOiI5MDEyMjNhIn0%3D\" href='https:\/\/culturabc.com.br\/arquivo\/wp-content\/uploads\/2025\/10\/3948-Charlota-Luise-Wachs-Praia-de-Camboriu.jpg'><img loading=\"lazy\" decoding=\"async\" width=\"1488\" height=\"1600\" src=\"https:\/\/culturabc.com.br\/arquivo\/wp-content\/uploads\/2025\/10\/3948-Charlota-Luise-Wachs-Praia-de-Camboriu.jpg\" class=\"attachment-full size-full\" alt=\"\" srcset=\"https:\/\/culturabc.com.br\/arquivo\/wp-content\/uploads\/2025\/10\/3948-Charlota-Luise-Wachs-Praia-de-Camboriu.jpg 1488w, https:\/\/culturabc.com.br\/arquivo\/wp-content\/uploads\/2025\/10\/3948-Charlota-Luise-Wachs-Praia-de-Camboriu-279x300.jpg 279w, https:\/\/culturabc.com.br\/arquivo\/wp-content\/uploads\/2025\/10\/3948-Charlota-Luise-Wachs-Praia-de-Camboriu-952x1024.jpg 952w, https:\/\/culturabc.com.br\/arquivo\/wp-content\/uploads\/2025\/10\/3948-Charlota-Luise-Wachs-Praia-de-Camboriu-768x826.jpg 768w, https:\/\/culturabc.com.br\/arquivo\/wp-content\/uploads\/2025\/10\/3948-Charlota-Luise-Wachs-Praia-de-Camboriu-1428x1536.jpg 1428w\" sizes=\"(max-width: 1488px) 100vw, 1488px\" \/><\/a>\n\t\t\t<\/div><\/figure><figure class='gallery-item'>\n\t\t\t<div class='gallery-icon landscape'>\n\t\t\t\t<a data-elementor-open-lightbox=\"yes\" data-elementor-lightbox-slideshow=\"901223a\" data-elementor-lightbox-title=\"3946 - Fam\u00edlia Wachs, Bar Camar\u00e3o a Palito, d\u00e9cada de 1950\" data-e-action-hash=\"#elementor-action%3Aaction%3Dlightbox%26settings%3DeyJpZCI6MjY3NjgsInVybCI6Imh0dHBzOlwvXC9jdWx0dXJhYmMuY29tLmJyXC9hcnF1aXZvXC93cC1jb250ZW50XC91cGxvYWRzXC8yMDI1XC8xMFwvMzk0Ni1GYW1pbGlhLVdhY2hzLUJhci1DYW1hcmFvLWEtUGFsaXRvLWRlY2FkYS1kZS0xOTUwLmpwZyIsInNsaWRlc2hvdyI6IjkwMTIyM2EifQ%3D%3D\" href='https:\/\/culturabc.com.br\/arquivo\/wp-content\/uploads\/2025\/10\/3946-Familia-Wachs-Bar-Camarao-a-Palito-decada-de-1950.jpg'><img loading=\"lazy\" decoding=\"async\" width=\"1600\" height=\"1143\" src=\"https:\/\/culturabc.com.br\/arquivo\/wp-content\/uploads\/2025\/10\/3946-Familia-Wachs-Bar-Camarao-a-Palito-decada-de-1950.jpg\" class=\"attachment-full size-full\" alt=\"\" srcset=\"https:\/\/culturabc.com.br\/arquivo\/wp-content\/uploads\/2025\/10\/3946-Familia-Wachs-Bar-Camarao-a-Palito-decada-de-1950.jpg 1600w, https:\/\/culturabc.com.br\/arquivo\/wp-content\/uploads\/2025\/10\/3946-Familia-Wachs-Bar-Camarao-a-Palito-decada-de-1950-300x214.jpg 300w, https:\/\/culturabc.com.br\/arquivo\/wp-content\/uploads\/2025\/10\/3946-Familia-Wachs-Bar-Camarao-a-Palito-decada-de-1950-1024x732.jpg 1024w, https:\/\/culturabc.com.br\/arquivo\/wp-content\/uploads\/2025\/10\/3946-Familia-Wachs-Bar-Camarao-a-Palito-decada-de-1950-768x549.jpg 768w, https:\/\/culturabc.com.br\/arquivo\/wp-content\/uploads\/2025\/10\/3946-Familia-Wachs-Bar-Camarao-a-Palito-decada-de-1950-1536x1097.jpg 1536w\" sizes=\"(max-width: 1600px) 100vw, 1600px\" \/><\/a>\n\t\t\t<\/div><\/figure><figure class='gallery-item'>\n\t\t\t<div class='gallery-icon landscape'>\n\t\t\t\t<a data-elementor-open-lightbox=\"yes\" data-elementor-lightbox-slideshow=\"901223a\" data-elementor-lightbox-title=\"3950 - Irm\u00e3s Elza e Charlota, Bar Capil\u00e9, d\u00e9cada de 1950\" data-e-action-hash=\"#elementor-action%3Aaction%3Dlightbox%26settings%3DeyJpZCI6MjY3NzIsInVybCI6Imh0dHBzOlwvXC9jdWx0dXJhYmMuY29tLmJyXC9hcnF1aXZvXC93cC1jb250ZW50XC91cGxvYWRzXC8yMDI1XC8xMFwvMzk1MC1Jcm1hcy1FbHphLWUtQ2hhcmxvdGEtQmFyLUNhcGlsZS1kZWNhZGEtZGUtMTk1MC5qcGciLCJzbGlkZXNob3ciOiI5MDEyMjNhIn0%3D\" href='https:\/\/culturabc.com.br\/arquivo\/wp-content\/uploads\/2025\/10\/3950-Irmas-Elza-e-Charlota-Bar-Capile-decada-de-1950.jpg'><img loading=\"lazy\" decoding=\"async\" width=\"1600\" height=\"1167\" src=\"https:\/\/culturabc.com.br\/arquivo\/wp-content\/uploads\/2025\/10\/3950-Irmas-Elza-e-Charlota-Bar-Capile-decada-de-1950.jpg\" class=\"attachment-full size-full\" alt=\"\" srcset=\"https:\/\/culturabc.com.br\/arquivo\/wp-content\/uploads\/2025\/10\/3950-Irmas-Elza-e-Charlota-Bar-Capile-decada-de-1950.jpg 1600w, https:\/\/culturabc.com.br\/arquivo\/wp-content\/uploads\/2025\/10\/3950-Irmas-Elza-e-Charlota-Bar-Capile-decada-de-1950-300x219.jpg 300w, https:\/\/culturabc.com.br\/arquivo\/wp-content\/uploads\/2025\/10\/3950-Irmas-Elza-e-Charlota-Bar-Capile-decada-de-1950-1024x747.jpg 1024w, https:\/\/culturabc.com.br\/arquivo\/wp-content\/uploads\/2025\/10\/3950-Irmas-Elza-e-Charlota-Bar-Capile-decada-de-1950-768x560.jpg 768w, https:\/\/culturabc.com.br\/arquivo\/wp-content\/uploads\/2025\/10\/3950-Irmas-Elza-e-Charlota-Bar-Capile-decada-de-1950-1536x1120.jpg 1536w\" sizes=\"(max-width: 1600px) 100vw, 1600px\" \/><\/a>\n\t\t\t<\/div><\/figure><figure class='gallery-item'>\n\t\t\t<div class='gallery-icon landscape'>\n\t\t\t\t<a data-elementor-open-lightbox=\"yes\" data-elementor-lightbox-slideshow=\"901223a\" data-elementor-lightbox-title=\"139 - Avenida Atl\u00e2ntica, entre 1965 e 1966\" data-e-action-hash=\"#elementor-action%3Aaction%3Dlightbox%26settings%3DeyJpZCI6MjY3NzMsInVybCI6Imh0dHBzOlwvXC9jdWx0dXJhYmMuY29tLmJyXC9hcnF1aXZvXC93cC1jb250ZW50XC91cGxvYWRzXC8yMDI1XC8xMFwvMTM5LUF2ZW5pZGEtQXRsYW50aWNhLWVudHJlLTE5NjUtZS0xOTY2LmpwZyIsInNsaWRlc2hvdyI6IjkwMTIyM2EifQ%3D%3D\" href='https:\/\/culturabc.com.br\/arquivo\/wp-content\/uploads\/2025\/10\/139-Avenida-Atlantica-entre-1965-e-1966.jpg'><img loading=\"lazy\" decoding=\"async\" width=\"1767\" height=\"1187\" src=\"https:\/\/culturabc.com.br\/arquivo\/wp-content\/uploads\/2025\/10\/139-Avenida-Atlantica-entre-1965-e-1966.jpg\" class=\"attachment-full size-full\" alt=\"\" aria-describedby=\"gallery-1-26773\" srcset=\"https:\/\/culturabc.com.br\/arquivo\/wp-content\/uploads\/2025\/10\/139-Avenida-Atlantica-entre-1965-e-1966.jpg 1767w, https:\/\/culturabc.com.br\/arquivo\/wp-content\/uploads\/2025\/10\/139-Avenida-Atlantica-entre-1965-e-1966-300x202.jpg 300w, https:\/\/culturabc.com.br\/arquivo\/wp-content\/uploads\/2025\/10\/139-Avenida-Atlantica-entre-1965-e-1966-1024x688.jpg 1024w, https:\/\/culturabc.com.br\/arquivo\/wp-content\/uploads\/2025\/10\/139-Avenida-Atlantica-entre-1965-e-1966-768x516.jpg 768w, https:\/\/culturabc.com.br\/arquivo\/wp-content\/uploads\/2025\/10\/139-Avenida-Atlantica-entre-1965-e-1966-1536x1032.jpg 1536w\" sizes=\"(max-width: 1767px) 100vw, 1767px\" \/><\/a>\n\t\t\t<\/div>\n\t\t\t\t<figcaption class='wp-caption-text gallery-caption' id='gallery-1-26773'>\n\t\t\t\t139 &#8211; Av Atlantica, vista central de Balne\u00e1rio Cambori\u00fa, d\u00e9cada de 1970. C.A.7495\n\t\t\t\t<\/figcaption><\/figure><figure class='gallery-item'>\n\t\t\t<div class='gallery-icon landscape'>\n\t\t\t\t<a data-elementor-open-lightbox=\"yes\" data-elementor-lightbox-slideshow=\"901223a\" data-elementor-lightbox-title=\"136 - Cal\u00e7amento da Av. Atl\u00e2ntica, inicio do anos1970.   C.A.7491\" data-e-action-hash=\"#elementor-action%3Aaction%3Dlightbox%26settings%3DeyJpZCI6MjY3NzQsInVybCI6Imh0dHBzOlwvXC9jdWx0dXJhYmMuY29tLmJyXC9hcnF1aXZvXC93cC1jb250ZW50XC91cGxvYWRzXC8yMDI1XC8xMFwvMTM2LUF2Li1BdGxhbnRpY2EtQmFycmEtU3VsLURlY2FkYS1kZS0xOTUwLmpwZyIsInNsaWRlc2hvdyI6IjkwMTIyM2EifQ%3D%3D\" href='https:\/\/culturabc.com.br\/arquivo\/wp-content\/uploads\/2025\/10\/136-Av.-Atlantica-Barra-Sul-Decada-de-1950.jpg'><img loading=\"lazy\" decoding=\"async\" width=\"2056\" height=\"1341\" src=\"https:\/\/culturabc.com.br\/arquivo\/wp-content\/uploads\/2025\/10\/136-Av.-Atlantica-Barra-Sul-Decada-de-1950.jpg\" class=\"attachment-full size-full\" alt=\"\" aria-describedby=\"gallery-1-26774\" srcset=\"https:\/\/culturabc.com.br\/arquivo\/wp-content\/uploads\/2025\/10\/136-Av.-Atlantica-Barra-Sul-Decada-de-1950.jpg 2056w, https:\/\/culturabc.com.br\/arquivo\/wp-content\/uploads\/2025\/10\/136-Av.-Atlantica-Barra-Sul-Decada-de-1950-300x196.jpg 300w, https:\/\/culturabc.com.br\/arquivo\/wp-content\/uploads\/2025\/10\/136-Av.-Atlantica-Barra-Sul-Decada-de-1950-1024x668.jpg 1024w, https:\/\/culturabc.com.br\/arquivo\/wp-content\/uploads\/2025\/10\/136-Av.-Atlantica-Barra-Sul-Decada-de-1950-768x501.jpg 768w, https:\/\/culturabc.com.br\/arquivo\/wp-content\/uploads\/2025\/10\/136-Av.-Atlantica-Barra-Sul-Decada-de-1950-1536x1002.jpg 1536w, https:\/\/culturabc.com.br\/arquivo\/wp-content\/uploads\/2025\/10\/136-Av.-Atlantica-Barra-Sul-Decada-de-1950-2048x1336.jpg 2048w\" sizes=\"(max-width: 2056px) 100vw, 2056px\" \/><\/a>\n\t\t\t<\/div>\n\t\t\t\t<figcaption class='wp-caption-text gallery-caption' id='gallery-1-26774'>\n\t\t\t\t136 &#8211; Cal\u00e7amento da Av. Atl\u00e2ntica, inicio do anos1970.   C.A.7491\n\t\t\t\t<\/figcaption><\/figure><figure class='gallery-item'>\n\t\t\t<div class='gallery-icon landscape'>\n\t\t\t\t<a data-elementor-open-lightbox=\"yes\" data-elementor-lightbox-slideshow=\"901223a\" data-elementor-lightbox-title=\"128 - Desfile escolar do Col\u00e9gio Jo\u00e3o Goulart,      07 -04- 1964  C.A.7453\" data-e-action-hash=\"#elementor-action%3Aaction%3Dlightbox%26settings%3DeyJpZCI6MjY3NzUsInVybCI6Imh0dHBzOlwvXC9jdWx0dXJhYmMuY29tLmJyXC9hcnF1aXZvXC93cC1jb250ZW50XC91cGxvYWRzXC8yMDI1XC8xMFwvMTI4LURlc2ZpbGUtZXNjb2xhci1kby1Db2xlZ2lvLUpvYW8tR291bGFydC1Bdi4tQnJhc2lsLTA3LjA5LjE5NjYuanBnIiwic2xpZGVzaG93IjoiOTAxMjIzYSJ9\" href='https:\/\/culturabc.com.br\/arquivo\/wp-content\/uploads\/2025\/10\/128-Desfile-escolar-do-Colegio-Joao-Goulart-Av.-Brasil-07.09.1966.jpg'><img loading=\"lazy\" decoding=\"async\" width=\"2070\" height=\"1411\" src=\"https:\/\/culturabc.com.br\/arquivo\/wp-content\/uploads\/2025\/10\/128-Desfile-escolar-do-Colegio-Joao-Goulart-Av.-Brasil-07.09.1966.jpg\" class=\"attachment-full size-full\" alt=\"\" aria-describedby=\"gallery-1-26775\" srcset=\"https:\/\/culturabc.com.br\/arquivo\/wp-content\/uploads\/2025\/10\/128-Desfile-escolar-do-Colegio-Joao-Goulart-Av.-Brasil-07.09.1966.jpg 2070w, https:\/\/culturabc.com.br\/arquivo\/wp-content\/uploads\/2025\/10\/128-Desfile-escolar-do-Colegio-Joao-Goulart-Av.-Brasil-07.09.1966-300x204.jpg 300w, https:\/\/culturabc.com.br\/arquivo\/wp-content\/uploads\/2025\/10\/128-Desfile-escolar-do-Colegio-Joao-Goulart-Av.-Brasil-07.09.1966-1024x698.jpg 1024w, https:\/\/culturabc.com.br\/arquivo\/wp-content\/uploads\/2025\/10\/128-Desfile-escolar-do-Colegio-Joao-Goulart-Av.-Brasil-07.09.1966-768x524.jpg 768w, https:\/\/culturabc.com.br\/arquivo\/wp-content\/uploads\/2025\/10\/128-Desfile-escolar-do-Colegio-Joao-Goulart-Av.-Brasil-07.09.1966-1536x1047.jpg 1536w, https:\/\/culturabc.com.br\/arquivo\/wp-content\/uploads\/2025\/10\/128-Desfile-escolar-do-Colegio-Joao-Goulart-Av.-Brasil-07.09.1966-2048x1396.jpg 2048w\" sizes=\"(max-width: 2070px) 100vw, 2070px\" \/><\/a>\n\t\t\t<\/div>\n\t\t\t\t<figcaption class='wp-caption-text gallery-caption' id='gallery-1-26775'>\n\t\t\t\t128 &#8211; Desfile escolar do Col\u00e9gio Jo\u00e3o Goulart,      07 -04- 1964  C.A.7453\n\t\t\t\t<\/figcaption><\/figure>\n\t\t<\/div>\n\t\t<\/div>\n\t\t\t\t\t\t<\/div>\n\t\t\t\t\t<\/div>\n\t\t\t\t<\/div>\n\t\t\t\t<\/div>\n\t\t","protected":false},"excerpt":{"rendered":"<p>16\u00aa Reuni\u00e3o Data: 27 de julho de 2022 Local: MIS \u2013 Museu da Imagem e do Som Colaboradores: Ant\u00f4nio Jorge de Borba, Carlos Alberto Schlup, Erotides da Silva Campos, Fernando Delatorre, Jo\u00e3o Carlos da Silva, Jurandir Knabben e Lucia Nascimento Convidados: Cezideo De Pieri, Charlota Luise Wachs e Priscilla De Pieri Fonseca Fotografias identificadas: 36 &hellip;<\/p>\n<p class=\"read-more\"> <a class=\"\" href=\"https:\/\/culturabc.com.br\/arquivo\/16a-reuniao\/\"> <span class=\"screen-reader-text\">16\u00aa Reuni\u00e3o<\/span> Leia mais &raquo;<\/a><\/p>\n","protected":false},"author":1,"featured_media":0,"parent":0,"menu_order":0,"comment_status":"closed","ping_status":"closed","template":"","meta":{"footnotes":""},"class_list":["post-26708","page","type-page","status-publish","hentry"],"_links":{"self":[{"href":"https:\/\/culturabc.com.br\/arquivo\/wp-json\/wp\/v2\/pages\/26708","targetHints":{"allow":["GET"]}}],"collection":[{"href":"https:\/\/culturabc.com.br\/arquivo\/wp-json\/wp\/v2\/pages"}],"about":[{"href":"https:\/\/culturabc.com.br\/arquivo\/wp-json\/wp\/v2\/types\/page"}],"author":[{"embeddable":true,"href":"https:\/\/culturabc.com.br\/arquivo\/wp-json\/wp\/v2\/users\/1"}],"replies":[{"embeddable":true,"href":"https:\/\/culturabc.com.br\/arquivo\/wp-json\/wp\/v2\/comments?post=26708"}],"version-history":[{"count":4,"href":"https:\/\/culturabc.com.br\/arquivo\/wp-json\/wp\/v2\/pages\/26708\/revisions"}],"predecessor-version":[{"id":26782,"href":"https:\/\/culturabc.com.br\/arquivo\/wp-json\/wp\/v2\/pages\/26708\/revisions\/26782"}],"wp:attachment":[{"href":"https:\/\/culturabc.com.br\/arquivo\/wp-json\/wp\/v2\/media?parent=26708"}],"curies":[{"name":"wp","href":"https:\/\/api.w.org\/{rel}","templated":true}]}}