{"id":26709,"date":"2025-10-23T15:22:30","date_gmt":"2025-10-23T18:22:30","guid":{"rendered":"https:\/\/culturabc.com.br\/arquivo\/?page_id=26709"},"modified":"2025-10-23T15:24:47","modified_gmt":"2025-10-23T18:24:47","slug":"17a-reuniao","status":"publish","type":"page","link":"https:\/\/culturabc.com.br\/arquivo\/17a-reuniao\/","title":{"rendered":"17\u00aa Reuni\u00e3o"},"content":{"rendered":"\t\t<div data-elementor-type=\"wp-page\" data-elementor-id=\"26709\" class=\"elementor elementor-26709\">\n\t\t\t\t<div class=\"elementor-element elementor-element-3222138 e-flex e-con-boxed e-con e-parent\" data-id=\"3222138\" data-element_type=\"container\">\n\t\t\t\t\t<div class=\"e-con-inner\">\n\t\t\t\t<div class=\"elementor-element elementor-element-73bc12c elementor-widget elementor-widget-heading\" data-id=\"73bc12c\" data-element_type=\"widget\" data-widget_type=\"heading.default\">\n\t\t\t\t\t<h2 class=\"elementor-heading-title elementor-size-default\">17\u00aa Reuni\u00e3o<\/h2>\t\t\t\t<\/div>\n\t\t\t\t<div class=\"elementor-element elementor-element-b4f728a elementor-widget elementor-widget-text-editor\" data-id=\"b4f728a\" data-element_type=\"widget\" data-widget_type=\"text-editor.default\">\n\t\t\t\t\t\t\t\t\t<p align=\"justify\"><span style=\"font-family: 'Liberation Sans', sans-serif; font-style: inherit; font-weight: inherit; text-align: start;\">Data: 01 de mar\u00e7o de 2023<\/span><\/p><p align=\"justify\"><span style=\"font-family: Liberation Sans, sans-serif;\">Local: Arquivo Hist\u00f3rico de Balne\u00e1rio Cambori\u00fa<\/span><\/p><p align=\"justify\"><span style=\"font-family: Liberation Sans, sans-serif;\">Colaboradores: Carlos Alberto Schlup, Erotides Campos, Isaque de Borba Corr\u00eaa, Jurandir Knabben<\/span><\/p><p align=\"justify\"><span style=\"font-family: Liberation Sans, sans-serif;\">Convidado: Gabriel Gallarza<\/span><\/p><p align=\"justify\"><span style=\"font-family: Liberation Sans, sans-serif;\">Edi\u00e7\u00e3o tem\u00e1tica, aberta ao p\u00fablico, realizada com o objetivo de reunir informa\u00e7\u00f5es sobre casas de madeira da regi\u00e3o central de Balne\u00e1rio Cambori\u00fa, visando colaborar com o projeto \u201cArquitetura de Madeira em Balne\u00e1rio Cambori\u00fa\u201d, do Observat\u00f3rio de Intera\u00e7\u00f5es no Ambiente (OIA). No encontro, o arquiteto e pesquisador Gabriel Gallarza apresentou imagens do invent\u00e1rio da paisagem urbana do Centro e coletou informa\u00e7\u00f5es dos colaboradores.<\/span><\/p>\t\t\t\t\t\t\t\t<\/div>\n\t\t\t\t\t<\/div>\n\t\t\t\t<\/div>\n\t\t<div class=\"elementor-element elementor-element-594d708 e-flex e-con-boxed e-con e-parent\" data-id=\"594d708\" data-element_type=\"container\">\n\t\t\t\t\t<div class=\"e-con-inner\">\n\t\t\t\t\t<\/div>\n\t\t\t\t<\/div>\n\t\t\t\t<\/div>\n\t\t","protected":false},"excerpt":{"rendered":"<p>17\u00aa Reuni\u00e3o Data: 01 de mar\u00e7o de 2023 Local: Arquivo Hist\u00f3rico de Balne\u00e1rio Cambori\u00fa Colaboradores: Carlos Alberto Schlup, Erotides Campos, Isaque de Borba Corr\u00eaa, Jurandir Knabben Convidado: Gabriel Gallarza Edi\u00e7\u00e3o tem\u00e1tica, aberta ao p\u00fablico, realizada com o objetivo de reunir informa\u00e7\u00f5es sobre casas de madeira da regi\u00e3o central de Balne\u00e1rio Cambori\u00fa, visando colaborar com o &hellip;<\/p>\n<p class=\"read-more\"> <a class=\"\" href=\"https:\/\/culturabc.com.br\/arquivo\/17a-reuniao\/\"> <span class=\"screen-reader-text\">17\u00aa Reuni\u00e3o<\/span> Leia mais &raquo;<\/a><\/p>\n","protected":false},"author":1,"featured_media":0,"parent":0,"menu_order":0,"comment_status":"closed","ping_status":"closed","template":"","meta":{"footnotes":""},"class_list":["post-26709","page","type-page","status-publish","hentry"],"_links":{"self":[{"href":"https:\/\/culturabc.com.br\/arquivo\/wp-json\/wp\/v2\/pages\/26709","targetHints":{"allow":["GET"]}}],"collection":[{"href":"https:\/\/culturabc.com.br\/arquivo\/wp-json\/wp\/v2\/pages"}],"about":[{"href":"https:\/\/culturabc.com.br\/arquivo\/wp-json\/wp\/v2\/types\/page"}],"author":[{"embeddable":true,"href":"https:\/\/culturabc.com.br\/arquivo\/wp-json\/wp\/v2\/users\/1"}],"replies":[{"embeddable":true,"href":"https:\/\/culturabc.com.br\/arquivo\/wp-json\/wp\/v2\/comments?post=26709"}],"version-history":[{"count":4,"href":"https:\/\/culturabc.com.br\/arquivo\/wp-json\/wp\/v2\/pages\/26709\/revisions"}],"predecessor-version":[{"id":26771,"href":"https:\/\/culturabc.com.br\/arquivo\/wp-json\/wp\/v2\/pages\/26709\/revisions\/26771"}],"wp:attachment":[{"href":"https:\/\/culturabc.com.br\/arquivo\/wp-json\/wp\/v2\/media?parent=26709"}],"curies":[{"name":"wp","href":"https:\/\/api.w.org\/{rel}","templated":true}]}}