{"id":26710,"date":"2025-10-23T15:22:34","date_gmt":"2025-10-23T18:22:34","guid":{"rendered":"https:\/\/culturabc.com.br\/arquivo\/?page_id=26710"},"modified":"2025-10-23T15:27:03","modified_gmt":"2025-10-23T18:27:03","slug":"18a-reuniao","status":"publish","type":"page","link":"https:\/\/culturabc.com.br\/arquivo\/18a-reuniao\/","title":{"rendered":"18\u00aa Reuni\u00e3o"},"content":{"rendered":"\t\t<div data-elementor-type=\"wp-page\" data-elementor-id=\"26710\" class=\"elementor elementor-26710\">\n\t\t\t\t<div class=\"elementor-element elementor-element-3222138 e-flex e-con-boxed e-con e-parent\" data-id=\"3222138\" data-element_type=\"container\">\n\t\t\t\t\t<div class=\"e-con-inner\">\n\t\t\t\t<div class=\"elementor-element elementor-element-73bc12c elementor-widget elementor-widget-heading\" data-id=\"73bc12c\" data-element_type=\"widget\" data-widget_type=\"heading.default\">\n\t\t\t\t\t<h2 class=\"elementor-heading-title elementor-size-default\">18\u00aa Reuni\u00e3o<\/h2>\t\t\t\t<\/div>\n\t\t\t\t<div class=\"elementor-element elementor-element-b4f728a elementor-widget elementor-widget-text-editor\" data-id=\"b4f728a\" data-element_type=\"widget\" data-widget_type=\"text-editor.default\">\n\t\t\t\t\t\t\t\t\t<p align=\"justify\"><span style=\"font-family: 'Liberation Sans', sans-serif; font-style: inherit; font-weight: inherit; text-align: start;\">Data: 22 de mar\u00e7o de 2023<\/span><\/p><p align=\"justify\"><span style=\"font-family: Liberation Sans, sans-serif;\">Local: Arquivo Hist\u00f3rico de Balne\u00e1rio Cambori\u00fa<\/span><\/p><p align=\"justify\"><span style=\"font-family: Liberation Sans, sans-serif;\">Colaboradores: Ademar Jos\u00e9 da Silva, Carlos Alberto Schlup, Erotides Campos e Marlene Buratto<\/span><\/p><p align=\"justify\"><span style=\"font-family: Liberation Sans, sans-serif;\">Encontro especial realizado em homenagem a \u00c1lvaro Ant\u00f4nio da Silva, um dos fundadores do munic\u00edpio, com foco na sua trajet\u00f3ria de vida. Participaram do encontro familiares e os filhos de \u00c1lvaro Silva, como era conhecido: Bruno, \u00c1lvaro Filho, Evandro, Ana J\u00falia e Francisco. Foram coletadas informa\u00e7\u00f5es e imagens, que serviram de base para elabora\u00e7\u00e3o e divulga\u00e7\u00e3o do PR\u00caMIO \u00c1LVARO ANT\u00d4NIO DA SILVA DE INCENTIVO A PUBLICA\u00c7\u00d5ES DE OBRAS RELACIONADAS \u00c0 MEM\u00d3RIA E AO PATRIM\u00d4NIO HIST\u00d3RICO-CULTURAL DE BALNE\u00c1RIO CAMBORI\u00da.<\/span><\/p>\t\t\t\t\t\t\t\t<\/div>\n\t\t\t\t\t<\/div>\n\t\t\t\t<\/div>\n\t\t<div class=\"elementor-element elementor-element-594d708 e-flex e-con-boxed e-con e-parent\" data-id=\"594d708\" data-element_type=\"container\">\n\t\t\t\t\t<div class=\"e-con-inner\">\n\t\t\t\t<div class=\"elementor-element elementor-element-901223a gallery-spacing-custom elementor-widget elementor-widget-image-gallery\" data-id=\"901223a\" data-element_type=\"widget\" data-widget_type=\"image-gallery.default\">\n\t\t\t\t\t\t\t<div class=\"elementor-image-gallery\">\n\t\t\t<div id='gallery-1' class='gallery galleryid-26710 gallery-columns-3 gallery-size-full'><figure class='gallery-item'>\n\t\t\t<div class='gallery-icon portrait'>\n\t\t\t\t<a data-elementor-open-lightbox=\"yes\" data-elementor-lightbox-slideshow=\"901223a\" data-elementor-lightbox-title=\"!Convite\" data-e-action-hash=\"#elementor-action%3Aaction%3Dlightbox%26settings%3DeyJpZCI6MjY3OTgsInVybCI6Imh0dHBzOlwvXC9jdWx0dXJhYmMuY29tLmJyXC9hcnF1aXZvXC93cC1jb250ZW50XC91cGxvYWRzXC8yMDI1XC8xMFwvQ29udml0ZS5qcGVnIiwic2xpZGVzaG93IjoiOTAxMjIzYSJ9\" href='https:\/\/culturabc.com.br\/arquivo\/wp-content\/uploads\/2025\/10\/Convite.jpeg'><img fetchpriority=\"high\" decoding=\"async\" width=\"900\" height=\"1600\" src=\"https:\/\/culturabc.com.br\/arquivo\/wp-content\/uploads\/2025\/10\/Convite.jpeg\" class=\"attachment-full size-full\" alt=\"\" srcset=\"https:\/\/culturabc.com.br\/arquivo\/wp-content\/uploads\/2025\/10\/Convite.jpeg 900w, https:\/\/culturabc.com.br\/arquivo\/wp-content\/uploads\/2025\/10\/Convite-169x300.jpeg 169w, https:\/\/culturabc.com.br\/arquivo\/wp-content\/uploads\/2025\/10\/Convite-576x1024.jpeg 576w, https:\/\/culturabc.com.br\/arquivo\/wp-content\/uploads\/2025\/10\/Convite-768x1365.jpeg 768w, https:\/\/culturabc.com.br\/arquivo\/wp-content\/uploads\/2025\/10\/Convite-864x1536.jpeg 864w\" sizes=\"(max-width: 900px) 100vw, 900px\" \/><\/a>\n\t\t\t<\/div><\/figure><figure class='gallery-item'>\n\t\t\t<div class='gallery-icon landscape'>\n\t\t\t\t<a data-elementor-open-lightbox=\"yes\" data-elementor-lightbox-slideshow=\"901223a\" data-elementor-lightbox-title=\"Foto da reuni\u00e3o - 22.03 (4)\" data-e-action-hash=\"#elementor-action%3Aaction%3Dlightbox%26settings%3DeyJpZCI6MjY3OTksInVybCI6Imh0dHBzOlwvXC9jdWx0dXJhYmMuY29tLmJyXC9hcnF1aXZvXC93cC1jb250ZW50XC91cGxvYWRzXC8yMDI1XC8xMFwvRm90by1kYS1yZXVuaWFvLTIyLjAzLTQtc2NhbGVkLmpwZyIsInNsaWRlc2hvdyI6IjkwMTIyM2EifQ%3D%3D\" href='https:\/\/culturabc.com.br\/arquivo\/wp-content\/uploads\/2025\/10\/Foto-da-reuniao-22.03-4-scaled.jpg'><img decoding=\"async\" width=\"2560\" height=\"1920\" src=\"https:\/\/culturabc.com.br\/arquivo\/wp-content\/uploads\/2025\/10\/Foto-da-reuniao-22.03-4-scaled.jpg\" class=\"attachment-full size-full\" alt=\"\" srcset=\"https:\/\/culturabc.com.br\/arquivo\/wp-content\/uploads\/2025\/10\/Foto-da-reuniao-22.03-4-scaled.jpg 2560w, https:\/\/culturabc.com.br\/arquivo\/wp-content\/uploads\/2025\/10\/Foto-da-reuniao-22.03-4-300x225.jpg 300w, https:\/\/culturabc.com.br\/arquivo\/wp-content\/uploads\/2025\/10\/Foto-da-reuniao-22.03-4-1024x768.jpg 1024w, https:\/\/culturabc.com.br\/arquivo\/wp-content\/uploads\/2025\/10\/Foto-da-reuniao-22.03-4-768x576.jpg 768w, https:\/\/culturabc.com.br\/arquivo\/wp-content\/uploads\/2025\/10\/Foto-da-reuniao-22.03-4-1536x1152.jpg 1536w, https:\/\/culturabc.com.br\/arquivo\/wp-content\/uploads\/2025\/10\/Foto-da-reuniao-22.03-4-2048x1536.jpg 2048w\" sizes=\"(max-width: 2560px) 100vw, 2560px\" \/><\/a>\n\t\t\t<\/div><\/figure><figure class='gallery-item'>\n\t\t\t<div class='gallery-icon landscape'>\n\t\t\t\t<a data-elementor-open-lightbox=\"yes\" data-elementor-lightbox-slideshow=\"901223a\" data-elementor-lightbox-title=\"Foto da reuni\u00e3o - 22.03 (2)\" data-e-action-hash=\"#elementor-action%3Aaction%3Dlightbox%26settings%3DeyJpZCI6MjY4MDIsInVybCI6Imh0dHBzOlwvXC9jdWx0dXJhYmMuY29tLmJyXC9hcnF1aXZvXC93cC1jb250ZW50XC91cGxvYWRzXC8yMDI1XC8xMFwvRm90by1kYS1yZXVuaWFvLTIyLjAzLTItc2NhbGVkLmpwZyIsInNsaWRlc2hvdyI6IjkwMTIyM2EifQ%3D%3D\" href='https:\/\/culturabc.com.br\/arquivo\/wp-content\/uploads\/2025\/10\/Foto-da-reuniao-22.03-2-scaled.jpg'><img decoding=\"async\" width=\"2560\" height=\"1920\" src=\"https:\/\/culturabc.com.br\/arquivo\/wp-content\/uploads\/2025\/10\/Foto-da-reuniao-22.03-2-scaled.jpg\" class=\"attachment-full size-full\" alt=\"\" srcset=\"https:\/\/culturabc.com.br\/arquivo\/wp-content\/uploads\/2025\/10\/Foto-da-reuniao-22.03-2-scaled.jpg 2560w, https:\/\/culturabc.com.br\/arquivo\/wp-content\/uploads\/2025\/10\/Foto-da-reuniao-22.03-2-300x225.jpg 300w, https:\/\/culturabc.com.br\/arquivo\/wp-content\/uploads\/2025\/10\/Foto-da-reuniao-22.03-2-1024x768.jpg 1024w, https:\/\/culturabc.com.br\/arquivo\/wp-content\/uploads\/2025\/10\/Foto-da-reuniao-22.03-2-768x576.jpg 768w, https:\/\/culturabc.com.br\/arquivo\/wp-content\/uploads\/2025\/10\/Foto-da-reuniao-22.03-2-1536x1152.jpg 1536w, https:\/\/culturabc.com.br\/arquivo\/wp-content\/uploads\/2025\/10\/Foto-da-reuniao-22.03-2-2048x1536.jpg 2048w\" sizes=\"(max-width: 2560px) 100vw, 2560px\" \/><\/a>\n\t\t\t<\/div><\/figure><figure class='gallery-item'>\n\t\t\t<div class='gallery-icon landscape'>\n\t\t\t\t<a data-elementor-open-lightbox=\"yes\" data-elementor-lightbox-slideshow=\"901223a\" data-elementor-lightbox-title=\"Foto da reuni\u00e3o - 22.03 (1)\" data-e-action-hash=\"#elementor-action%3Aaction%3Dlightbox%26settings%3DeyJpZCI6MjY4MDQsInVybCI6Imh0dHBzOlwvXC9jdWx0dXJhYmMuY29tLmJyXC9hcnF1aXZvXC93cC1jb250ZW50XC91cGxvYWRzXC8yMDI1XC8xMFwvRm90by1kYS1yZXVuaWFvLTIyLjAzLTEtc2NhbGVkLmpwZyIsInNsaWRlc2hvdyI6IjkwMTIyM2EifQ%3D%3D\" href='https:\/\/culturabc.com.br\/arquivo\/wp-content\/uploads\/2025\/10\/Foto-da-reuniao-22.03-1-scaled.jpg'><img loading=\"lazy\" decoding=\"async\" width=\"2560\" height=\"1920\" src=\"https:\/\/culturabc.com.br\/arquivo\/wp-content\/uploads\/2025\/10\/Foto-da-reuniao-22.03-1-scaled.jpg\" class=\"attachment-full size-full\" alt=\"\" srcset=\"https:\/\/culturabc.com.br\/arquivo\/wp-content\/uploads\/2025\/10\/Foto-da-reuniao-22.03-1-scaled.jpg 2560w, https:\/\/culturabc.com.br\/arquivo\/wp-content\/uploads\/2025\/10\/Foto-da-reuniao-22.03-1-300x225.jpg 300w, https:\/\/culturabc.com.br\/arquivo\/wp-content\/uploads\/2025\/10\/Foto-da-reuniao-22.03-1-1024x768.jpg 1024w, https:\/\/culturabc.com.br\/arquivo\/wp-content\/uploads\/2025\/10\/Foto-da-reuniao-22.03-1-768x576.jpg 768w, https:\/\/culturabc.com.br\/arquivo\/wp-content\/uploads\/2025\/10\/Foto-da-reuniao-22.03-1-1536x1152.jpg 1536w, https:\/\/culturabc.com.br\/arquivo\/wp-content\/uploads\/2025\/10\/Foto-da-reuniao-22.03-1-2048x1536.jpg 2048w\" sizes=\"(max-width: 2560px) 100vw, 2560px\" \/><\/a>\n\t\t\t<\/div><\/figure><figure class='gallery-item'>\n\t\t\t<div class='gallery-icon landscape'>\n\t\t\t\t<a data-elementor-open-lightbox=\"yes\" data-elementor-lightbox-slideshow=\"901223a\" data-elementor-lightbox-title=\"Foto da reuni\u00e3o - 22.03 (3)\" data-e-action-hash=\"#elementor-action%3Aaction%3Dlightbox%26settings%3DeyJpZCI6MjY4MDYsInVybCI6Imh0dHBzOlwvXC9jdWx0dXJhYmMuY29tLmJyXC9hcnF1aXZvXC93cC1jb250ZW50XC91cGxvYWRzXC8yMDI1XC8xMFwvRm90by1kYS1yZXVuaWFvLTIyLjAzLTMtc2NhbGVkLmpwZyIsInNsaWRlc2hvdyI6IjkwMTIyM2EifQ%3D%3D\" href='https:\/\/culturabc.com.br\/arquivo\/wp-content\/uploads\/2025\/10\/Foto-da-reuniao-22.03-3-scaled.jpg'><img loading=\"lazy\" decoding=\"async\" width=\"2560\" height=\"1920\" src=\"https:\/\/culturabc.com.br\/arquivo\/wp-content\/uploads\/2025\/10\/Foto-da-reuniao-22.03-3-scaled.jpg\" class=\"attachment-full size-full\" alt=\"\" srcset=\"https:\/\/culturabc.com.br\/arquivo\/wp-content\/uploads\/2025\/10\/Foto-da-reuniao-22.03-3-scaled.jpg 2560w, https:\/\/culturabc.com.br\/arquivo\/wp-content\/uploads\/2025\/10\/Foto-da-reuniao-22.03-3-300x225.jpg 300w, https:\/\/culturabc.com.br\/arquivo\/wp-content\/uploads\/2025\/10\/Foto-da-reuniao-22.03-3-1024x768.jpg 1024w, https:\/\/culturabc.com.br\/arquivo\/wp-content\/uploads\/2025\/10\/Foto-da-reuniao-22.03-3-768x576.jpg 768w, https:\/\/culturabc.com.br\/arquivo\/wp-content\/uploads\/2025\/10\/Foto-da-reuniao-22.03-3-1536x1152.jpg 1536w, https:\/\/culturabc.com.br\/arquivo\/wp-content\/uploads\/2025\/10\/Foto-da-reuniao-22.03-3-2048x1536.jpg 2048w\" sizes=\"(max-width: 2560px) 100vw, 2560px\" \/><\/a>\n\t\t\t<\/div><\/figure><figure class='gallery-item'>\n\t\t\t<div class='gallery-icon landscape'>\n\t\t\t\t<a data-elementor-open-lightbox=\"yes\" data-elementor-lightbox-slideshow=\"901223a\" data-elementor-lightbox-title=\"Foto da reuni\u00e3o - 22.03 (5)\" data-e-action-hash=\"#elementor-action%3Aaction%3Dlightbox%26settings%3DeyJpZCI6MjY4MDcsInVybCI6Imh0dHBzOlwvXC9jdWx0dXJhYmMuY29tLmJyXC9hcnF1aXZvXC93cC1jb250ZW50XC91cGxvYWRzXC8yMDI1XC8xMFwvRm90by1kYS1yZXVuaWFvLTIyLjAzLTUtc2NhbGVkLmpwZyIsInNsaWRlc2hvdyI6IjkwMTIyM2EifQ%3D%3D\" href='https:\/\/culturabc.com.br\/arquivo\/wp-content\/uploads\/2025\/10\/Foto-da-reuniao-22.03-5-scaled.jpg'><img loading=\"lazy\" decoding=\"async\" width=\"2560\" height=\"1920\" src=\"https:\/\/culturabc.com.br\/arquivo\/wp-content\/uploads\/2025\/10\/Foto-da-reuniao-22.03-5-scaled.jpg\" class=\"attachment-full size-full\" alt=\"\" srcset=\"https:\/\/culturabc.com.br\/arquivo\/wp-content\/uploads\/2025\/10\/Foto-da-reuniao-22.03-5-scaled.jpg 2560w, https:\/\/culturabc.com.br\/arquivo\/wp-content\/uploads\/2025\/10\/Foto-da-reuniao-22.03-5-300x225.jpg 300w, https:\/\/culturabc.com.br\/arquivo\/wp-content\/uploads\/2025\/10\/Foto-da-reuniao-22.03-5-1024x768.jpg 1024w, https:\/\/culturabc.com.br\/arquivo\/wp-content\/uploads\/2025\/10\/Foto-da-reuniao-22.03-5-768x576.jpg 768w, https:\/\/culturabc.com.br\/arquivo\/wp-content\/uploads\/2025\/10\/Foto-da-reuniao-22.03-5-1536x1152.jpg 1536w, https:\/\/culturabc.com.br\/arquivo\/wp-content\/uploads\/2025\/10\/Foto-da-reuniao-22.03-5-2048x1536.jpg 2048w\" sizes=\"(max-width: 2560px) 100vw, 2560px\" \/><\/a>\n\t\t\t<\/div><\/figure>\n\t\t<\/div>\n\t\t<\/div>\n\t\t\t\t\t\t<\/div>\n\t\t\t\t\t<\/div>\n\t\t\t\t<\/div>\n\t\t\t\t<\/div>\n\t\t","protected":false},"excerpt":{"rendered":"<p>18\u00aa Reuni\u00e3o Data: 22 de mar\u00e7o de 2023 Local: Arquivo Hist\u00f3rico de Balne\u00e1rio Cambori\u00fa Colaboradores: Ademar Jos\u00e9 da Silva, Carlos Alberto Schlup, Erotides Campos e Marlene Buratto Encontro especial realizado em homenagem a \u00c1lvaro Ant\u00f4nio da Silva, um dos fundadores do munic\u00edpio, com foco na sua trajet\u00f3ria de vida. Participaram do encontro familiares e os &hellip;<\/p>\n<p class=\"read-more\"> <a class=\"\" href=\"https:\/\/culturabc.com.br\/arquivo\/18a-reuniao\/\"> <span class=\"screen-reader-text\">18\u00aa Reuni\u00e3o<\/span> Leia mais &raquo;<\/a><\/p>\n","protected":false},"author":1,"featured_media":0,"parent":0,"menu_order":0,"comment_status":"closed","ping_status":"closed","template":"","meta":{"footnotes":""},"class_list":["post-26710","page","type-page","status-publish","hentry"],"_links":{"self":[{"href":"https:\/\/culturabc.com.br\/arquivo\/wp-json\/wp\/v2\/pages\/26710","targetHints":{"allow":["GET"]}}],"collection":[{"href":"https:\/\/culturabc.com.br\/arquivo\/wp-json\/wp\/v2\/pages"}],"about":[{"href":"https:\/\/culturabc.com.br\/arquivo\/wp-json\/wp\/v2\/types\/page"}],"author":[{"embeddable":true,"href":"https:\/\/culturabc.com.br\/arquivo\/wp-json\/wp\/v2\/users\/1"}],"replies":[{"embeddable":true,"href":"https:\/\/culturabc.com.br\/arquivo\/wp-json\/wp\/v2\/comments?post=26710"}],"version-history":[{"count":4,"href":"https:\/\/culturabc.com.br\/arquivo\/wp-json\/wp\/v2\/pages\/26710\/revisions"}],"predecessor-version":[{"id":26813,"href":"https:\/\/culturabc.com.br\/arquivo\/wp-json\/wp\/v2\/pages\/26710\/revisions\/26813"}],"wp:attachment":[{"href":"https:\/\/culturabc.com.br\/arquivo\/wp-json\/wp\/v2\/media?parent=26710"}],"curies":[{"name":"wp","href":"https:\/\/api.w.org\/{rel}","templated":true}]}}