{"id":26711,"date":"2025-10-23T15:22:37","date_gmt":"2025-10-23T18:22:37","guid":{"rendered":"https:\/\/culturabc.com.br\/arquivo\/?page_id=26711"},"modified":"2025-10-23T15:27:30","modified_gmt":"2025-10-23T18:27:30","slug":"19a-reuniao","status":"publish","type":"page","link":"https:\/\/culturabc.com.br\/arquivo\/19a-reuniao\/","title":{"rendered":"19\u00aa Reuni\u00e3o"},"content":{"rendered":"\t\t<div data-elementor-type=\"wp-page\" data-elementor-id=\"26711\" class=\"elementor elementor-26711\">\n\t\t\t\t<div class=\"elementor-element elementor-element-3222138 e-flex e-con-boxed e-con e-parent\" data-id=\"3222138\" data-element_type=\"container\">\n\t\t\t\t\t<div class=\"e-con-inner\">\n\t\t\t\t<div class=\"elementor-element elementor-element-73bc12c elementor-widget elementor-widget-heading\" data-id=\"73bc12c\" data-element_type=\"widget\" data-widget_type=\"heading.default\">\n\t\t\t\t\t<h2 class=\"elementor-heading-title elementor-size-default\">19\u00aa Reuni\u00e3o<\/h2>\t\t\t\t<\/div>\n\t\t\t\t<div class=\"elementor-element elementor-element-b4f728a elementor-widget elementor-widget-text-editor\" data-id=\"b4f728a\" data-element_type=\"widget\" data-widget_type=\"text-editor.default\">\n\t\t\t\t\t\t\t\t\t<p align=\"justify\"><span style=\"font-family: Liberation Sans, sans-serif;\">Data: 08 de outubro de 2024<\/span><\/p><p align=\"justify\"><span style=\"font-family: Liberation Sans, sans-serif;\">Local: Arquivo Hist\u00f3rico de Balne\u00e1rio Cambori\u00fa<\/span><\/p><p align=\"justify\"><span style=\"font-family: Liberation Sans, sans-serif;\">Colaboradores: Ademar Jos\u00e9 da Silva, Ant\u00f4nio Jorge de Borba, Carlos Alberto Schlup, Isaque de Borba Corr\u00eaa e Jurandir Knabben<\/span><\/p><p align=\"justify\"><span style=\"font-family: Liberation Sans, sans-serif;\">Convidado: Moacir Schlup<\/span><\/p><p align=\"justify\"><span style=\"font-family: Liberation Sans, sans-serif;\">Encontro tem\u00e1tico que abordou o assunto \u201cCursos de \u00c1gua e Lagoas\u201d. O colaborador Carlos Alberto Schlup apresentou um levantamento com cerca de vinte e cinco itens relacionados aos cursos de \u00e1gua e ribeir\u00f5es, os quais ser\u00e3o apresentados em reuni\u00f5es subsequentes do Caf\u00e9 com Hist\u00f3ria.<\/span><\/p><p align=\"justify\"><span style=\"font-family: Liberation Sans, sans-serif;\">a) Sa\u00eddas na praia e o Varadouro ou popularmente conhecido como Varad\u00f4: .O Varadouro foi uma segunda foz do Rio Cambori\u00fa, que ocorreu em fun\u00e7\u00e3o de uma grande enchente que \u00e9 citada no \u00c1lbum do estado de SC de 1909 e era localizado no ponto de menor dist\u00e2ncia entre o Rio Cambori\u00fa e a faixa de areia. <\/span><\/p><p align=\"justify\"><span style=\"font-family: Liberation Sans, sans-serif;\">(foto local do Varadouro)<\/span><\/p><p align=\"justify\"><span style=\"font-family: Liberation Sans, sans-serif;\">b) Foz do Rio Cambori\u00fa: As \u00e1reas destacadas em amarelo nas fotografias ilustram os aterros localizados nas margens do Rio Cambori\u00fa, na Barra Sul e no Bairro da Barra.<\/span><\/p><p align=\"justify\"><span style=\"font-family: Liberation Sans, sans-serif;\">(fotos dos aterros)<\/span><\/p>\t\t\t\t\t\t\t\t<\/div>\n\t\t\t\t\t<\/div>\n\t\t\t\t<\/div>\n\t\t<div class=\"elementor-element elementor-element-594d708 e-flex e-con-boxed e-con e-parent\" data-id=\"594d708\" data-element_type=\"container\">\n\t\t\t\t\t<div class=\"e-con-inner\">\n\t\t\t\t<div class=\"elementor-element elementor-element-901223a gallery-spacing-custom elementor-widget elementor-widget-image-gallery\" data-id=\"901223a\" data-element_type=\"widget\" data-widget_type=\"image-gallery.default\">\n\t\t\t\t\t\t\t<div class=\"elementor-image-gallery\">\n\t\t\t<div id='gallery-1' class='gallery galleryid-26711 gallery-columns-3 gallery-size-full'><figure class='gallery-item'>\n\t\t\t<div class='gallery-icon landscape'>\n\t\t\t\t<a data-elementor-open-lightbox=\"yes\" data-elementor-lightbox-slideshow=\"901223a\" data-elementor-lightbox-title=\"Aterro Rio Cambori\u00fa 2 - Barra Sul\" data-e-action-hash=\"#elementor-action%3Aaction%3Dlightbox%26settings%3DeyJpZCI6MjY4MTQsInVybCI6Imh0dHBzOlwvXC9jdWx0dXJhYmMuY29tLmJyXC9hcnF1aXZvXC93cC1jb250ZW50XC91cGxvYWRzXC8yMDI1XC8xMFwvQXRlcnJvLVJpby1DYW1ib3JpdS0yLUJhcnJhLVN1bC5qcGciLCJzbGlkZXNob3ciOiI5MDEyMjNhIn0%3D\" href='https:\/\/culturabc.com.br\/arquivo\/wp-content\/uploads\/2025\/10\/Aterro-Rio-Camboriu-2-Barra-Sul.jpg'><img fetchpriority=\"high\" decoding=\"async\" width=\"1063\" height=\"655\" src=\"https:\/\/culturabc.com.br\/arquivo\/wp-content\/uploads\/2025\/10\/Aterro-Rio-Camboriu-2-Barra-Sul.jpg\" class=\"attachment-full size-full\" alt=\"\" srcset=\"https:\/\/culturabc.com.br\/arquivo\/wp-content\/uploads\/2025\/10\/Aterro-Rio-Camboriu-2-Barra-Sul.jpg 1063w, https:\/\/culturabc.com.br\/arquivo\/wp-content\/uploads\/2025\/10\/Aterro-Rio-Camboriu-2-Barra-Sul-300x185.jpg 300w, https:\/\/culturabc.com.br\/arquivo\/wp-content\/uploads\/2025\/10\/Aterro-Rio-Camboriu-2-Barra-Sul-1024x631.jpg 1024w, https:\/\/culturabc.com.br\/arquivo\/wp-content\/uploads\/2025\/10\/Aterro-Rio-Camboriu-2-Barra-Sul-768x473.jpg 768w\" sizes=\"(max-width: 1063px) 100vw, 1063px\" \/><\/a>\n\t\t\t<\/div><\/figure><figure class='gallery-item'>\n\t\t\t<div class='gallery-icon landscape'>\n\t\t\t\t<a data-elementor-open-lightbox=\"yes\" data-elementor-lightbox-slideshow=\"901223a\" data-elementor-lightbox-title=\"Aterro Rio Camboriu - Bairro da Barra\" data-e-action-hash=\"#elementor-action%3Aaction%3Dlightbox%26settings%3DeyJpZCI6MjY4MTUsInVybCI6Imh0dHBzOlwvXC9jdWx0dXJhYmMuY29tLmJyXC9hcnF1aXZvXC93cC1jb250ZW50XC91cGxvYWRzXC8yMDI1XC8xMFwvQXRlcnJvLVJpby1DYW1ib3JpdS1CYWlycm8tZGEtQmFycmEuanBnIiwic2xpZGVzaG93IjoiOTAxMjIzYSJ9\" href='https:\/\/culturabc.com.br\/arquivo\/wp-content\/uploads\/2025\/10\/Aterro-Rio-Camboriu-Bairro-da-Barra.jpg'><img decoding=\"async\" width=\"1063\" height=\"653\" src=\"https:\/\/culturabc.com.br\/arquivo\/wp-content\/uploads\/2025\/10\/Aterro-Rio-Camboriu-Bairro-da-Barra.jpg\" class=\"attachment-full size-full\" alt=\"\" srcset=\"https:\/\/culturabc.com.br\/arquivo\/wp-content\/uploads\/2025\/10\/Aterro-Rio-Camboriu-Bairro-da-Barra.jpg 1063w, https:\/\/culturabc.com.br\/arquivo\/wp-content\/uploads\/2025\/10\/Aterro-Rio-Camboriu-Bairro-da-Barra-300x184.jpg 300w, https:\/\/culturabc.com.br\/arquivo\/wp-content\/uploads\/2025\/10\/Aterro-Rio-Camboriu-Bairro-da-Barra-1024x629.jpg 1024w, https:\/\/culturabc.com.br\/arquivo\/wp-content\/uploads\/2025\/10\/Aterro-Rio-Camboriu-Bairro-da-Barra-768x472.jpg 768w\" sizes=\"(max-width: 1063px) 100vw, 1063px\" \/><\/a>\n\t\t\t<\/div><\/figure><figure class='gallery-item'>\n\t\t\t<div class='gallery-icon landscape'>\n\t\t\t\t<a data-elementor-open-lightbox=\"yes\" data-elementor-lightbox-slideshow=\"901223a\" data-elementor-lightbox-title=\"Aterro Rio Cambori\u00fa 1 - Barra Sul\" data-e-action-hash=\"#elementor-action%3Aaction%3Dlightbox%26settings%3DeyJpZCI6MjY4MTYsInVybCI6Imh0dHBzOlwvXC9jdWx0dXJhYmMuY29tLmJyXC9hcnF1aXZvXC93cC1jb250ZW50XC91cGxvYWRzXC8yMDI1XC8xMFwvQXRlcnJvLVJpby1DYW1ib3JpdS0xLUJhcnJhLVN1bC5qcGciLCJzbGlkZXNob3ciOiI5MDEyMjNhIn0%3D\" href='https:\/\/culturabc.com.br\/arquivo\/wp-content\/uploads\/2025\/10\/Aterro-Rio-Camboriu-1-Barra-Sul.jpg'><img decoding=\"async\" width=\"1061\" height=\"652\" src=\"https:\/\/culturabc.com.br\/arquivo\/wp-content\/uploads\/2025\/10\/Aterro-Rio-Camboriu-1-Barra-Sul.jpg\" class=\"attachment-full size-full\" alt=\"\" srcset=\"https:\/\/culturabc.com.br\/arquivo\/wp-content\/uploads\/2025\/10\/Aterro-Rio-Camboriu-1-Barra-Sul.jpg 1061w, https:\/\/culturabc.com.br\/arquivo\/wp-content\/uploads\/2025\/10\/Aterro-Rio-Camboriu-1-Barra-Sul-300x184.jpg 300w, https:\/\/culturabc.com.br\/arquivo\/wp-content\/uploads\/2025\/10\/Aterro-Rio-Camboriu-1-Barra-Sul-1024x629.jpg 1024w, https:\/\/culturabc.com.br\/arquivo\/wp-content\/uploads\/2025\/10\/Aterro-Rio-Camboriu-1-Barra-Sul-768x472.jpg 768w\" sizes=\"(max-width: 1061px) 100vw, 1061px\" \/><\/a>\n\t\t\t<\/div><\/figure><figure class='gallery-item'>\n\t\t\t<div class='gallery-icon landscape'>\n\t\t\t\t<a data-elementor-open-lightbox=\"yes\" data-elementor-lightbox-slideshow=\"901223a\" data-elementor-lightbox-title=\"Local do Varadouro\" data-e-action-hash=\"#elementor-action%3Aaction%3Dlightbox%26settings%3DeyJpZCI6MjY4MTcsInVybCI6Imh0dHBzOlwvXC9jdWx0dXJhYmMuY29tLmJyXC9hcnF1aXZvXC93cC1jb250ZW50XC91cGxvYWRzXC8yMDI1XC8xMFwvTG9jYWwtZG8tVmFyYWRvdXJvLmpwZyIsInNsaWRlc2hvdyI6IjkwMTIyM2EifQ%3D%3D\" href='https:\/\/culturabc.com.br\/arquivo\/wp-content\/uploads\/2025\/10\/Local-do-Varadouro.jpg'><img loading=\"lazy\" decoding=\"async\" width=\"1285\" height=\"341\" src=\"https:\/\/culturabc.com.br\/arquivo\/wp-content\/uploads\/2025\/10\/Local-do-Varadouro.jpg\" class=\"attachment-full size-full\" alt=\"\" srcset=\"https:\/\/culturabc.com.br\/arquivo\/wp-content\/uploads\/2025\/10\/Local-do-Varadouro.jpg 1285w, https:\/\/culturabc.com.br\/arquivo\/wp-content\/uploads\/2025\/10\/Local-do-Varadouro-300x80.jpg 300w, https:\/\/culturabc.com.br\/arquivo\/wp-content\/uploads\/2025\/10\/Local-do-Varadouro-1024x272.jpg 1024w, https:\/\/culturabc.com.br\/arquivo\/wp-content\/uploads\/2025\/10\/Local-do-Varadouro-768x204.jpg 768w\" sizes=\"(max-width: 1285px) 100vw, 1285px\" \/><\/a>\n\t\t\t<\/div><\/figure>\n\t\t<\/div>\n\t\t<\/div>\n\t\t\t\t\t\t<\/div>\n\t\t\t\t\t<\/div>\n\t\t\t\t<\/div>\n\t\t\t\t<\/div>\n\t\t","protected":false},"excerpt":{"rendered":"<p>19\u00aa Reuni\u00e3o Data: 08 de outubro de 2024 Local: Arquivo Hist\u00f3rico de Balne\u00e1rio Cambori\u00fa Colaboradores: Ademar Jos\u00e9 da Silva, Ant\u00f4nio Jorge de Borba, Carlos Alberto Schlup, Isaque de Borba Corr\u00eaa e Jurandir Knabben Convidado: Moacir Schlup Encontro tem\u00e1tico que abordou o assunto \u201cCursos de \u00c1gua e Lagoas\u201d. O colaborador Carlos Alberto Schlup apresentou um levantamento &hellip;<\/p>\n<p class=\"read-more\"> <a class=\"\" href=\"https:\/\/culturabc.com.br\/arquivo\/19a-reuniao\/\"> <span class=\"screen-reader-text\">19\u00aa Reuni\u00e3o<\/span> Leia mais &raquo;<\/a><\/p>\n","protected":false},"author":1,"featured_media":0,"parent":0,"menu_order":0,"comment_status":"closed","ping_status":"closed","template":"","meta":{"footnotes":""},"class_list":["post-26711","page","type-page","status-publish","hentry"],"_links":{"self":[{"href":"https:\/\/culturabc.com.br\/arquivo\/wp-json\/wp\/v2\/pages\/26711","targetHints":{"allow":["GET"]}}],"collection":[{"href":"https:\/\/culturabc.com.br\/arquivo\/wp-json\/wp\/v2\/pages"}],"about":[{"href":"https:\/\/culturabc.com.br\/arquivo\/wp-json\/wp\/v2\/types\/page"}],"author":[{"embeddable":true,"href":"https:\/\/culturabc.com.br\/arquivo\/wp-json\/wp\/v2\/users\/1"}],"replies":[{"embeddable":true,"href":"https:\/\/culturabc.com.br\/arquivo\/wp-json\/wp\/v2\/comments?post=26711"}],"version-history":[{"count":4,"href":"https:\/\/culturabc.com.br\/arquivo\/wp-json\/wp\/v2\/pages\/26711\/revisions"}],"predecessor-version":[{"id":26820,"href":"https:\/\/culturabc.com.br\/arquivo\/wp-json\/wp\/v2\/pages\/26711\/revisions\/26820"}],"wp:attachment":[{"href":"https:\/\/culturabc.com.br\/arquivo\/wp-json\/wp\/v2\/media?parent=26711"}],"curies":[{"name":"wp","href":"https:\/\/api.w.org\/{rel}","templated":true}]}}