{"id":26822,"date":"2025-10-23T15:40:30","date_gmt":"2025-10-23T18:40:30","guid":{"rendered":"https:\/\/culturabc.com.br\/arquivo\/?page_id=26822"},"modified":"2025-10-23T15:45:35","modified_gmt":"2025-10-23T18:45:35","slug":"reunioes-do-cafe-com-historia","status":"publish","type":"page","link":"https:\/\/culturabc.com.br\/arquivo\/reunioes-do-cafe-com-historia\/","title":{"rendered":"Reuni\u00f5es do Caf\u00e9 com Hist\u00f3ria"},"content":{"rendered":"\t\t<div data-elementor-type=\"wp-page\" data-elementor-id=\"26822\" class=\"elementor elementor-26822\">\n\t\t\t\t<div class=\"elementor-element elementor-element-5794cb3 e-flex e-con-boxed e-con e-parent\" data-id=\"5794cb3\" data-element_type=\"container\">\n\t\t\t\t\t<div class=\"e-con-inner\">\n\t\t\t\t<div class=\"elementor-element elementor-element-c73d7da elementor-widget elementor-widget-heading\" data-id=\"c73d7da\" data-element_type=\"widget\" data-widget_type=\"heading.default\">\n\t\t\t\t\t<h2 class=\"elementor-heading-title elementor-size-default\">Reuni\u00f5es do Caf\u00e9 com Hist\u00f3ria<\/h2>\t\t\t\t<\/div>\n\t\t\t\t<div class=\"elementor-element elementor-element-e2ce6e9 elementor-widget elementor-widget-text-editor\" data-id=\"e2ce6e9\" data-element_type=\"widget\" data-widget_type=\"text-editor.default\">\n\t\t\t\t\t\t\t\t\tNesta p\u00e1gina voc\u00ea encontra o resumo de todas as reuni\u00f5es do Caf\u00e9 com Hist\u00f3ria. Clique em \u201cVER TODAS AS FOTOS\u201d para visualizar os detalhes de cada reuni\u00e3o.\t\t\t\t\t\t\t\t<\/div>\n\t\t\t\t\t<\/div>\n\t\t\t\t<\/div>\n\t\t<div class=\"elementor-element elementor-element-1a89574 e-flex e-con-boxed e-con e-parent\" data-id=\"1a89574\" data-element_type=\"container\">\n\t\t\t\t\t<div class=\"e-con-inner\">\n\t\t<div class=\"elementor-element elementor-element-ad08a5d e-con-full e-flex e-con e-child\" data-id=\"ad08a5d\" data-element_type=\"container\">\n\t\t\t\t<div class=\"elementor-element elementor-element-2957540 elementor-widget elementor-widget-heading\" data-id=\"2957540\" data-element_type=\"widget\" data-widget_type=\"heading.default\">\n\t\t\t\t\t<h2 class=\"elementor-heading-title elementor-size-default\">1\u00aa Reuni\u00e3o<\/h2>\t\t\t\t<\/div>\n\t\t\t\t<div class=\"elementor-element elementor-element-5d763e4 elementor-widget elementor-widget-text-editor\" data-id=\"5d763e4\" data-element_type=\"widget\" data-widget_type=\"text-editor.default\">\n\t\t\t\t\t\t\t\t\t<p><strong>Data: 27 de julho de 2016<\/strong><br \/>Local: Arquivo Hist\u00f3rico de Balne\u00e1rio Cambori\u00fa<br \/>Colaboradores: Ademar Silva, \u00c1lvaro Silva, Carlos Schlup, Luiz Carlos Chedid e Jurandir Knabben<br \/>Convidado especial: Angelo Ricardo Christoffoli<br \/>Fotografias identificadas: 50 imagens<br \/>Neste encontro, foram repassadas as fotografias antigas digitalizadas para complementar a identifica\u00e7\u00e3o<\/p>\t\t\t\t\t\t\t\t<\/div>\n\t\t\t\t<div class=\"elementor-element elementor-element-55e094c elementor-widget elementor-widget-button\" data-id=\"55e094c\" data-element_type=\"widget\" data-widget_type=\"button.default\">\n\t\t\t\t\t\t\t\t\t\t<a class=\"elementor-button elementor-button-link elementor-size-sm\" href=\"https:\/\/culturabc.com.br\/arquivo\/1-reuniao\/\">\n\t\t\t\t\t\t<span class=\"elementor-button-content-wrapper\">\n\t\t\t\t\t\t\t\t\t<span class=\"elementor-button-text\">ACESSE AQUI<\/span>\n\t\t\t\t\t<\/span>\n\t\t\t\t\t<\/a>\n\t\t\t\t\t\t\t\t<\/div>\n\t\t\t\t<\/div>\n\t\t<div class=\"elementor-element elementor-element-fd9f044 e-con-full e-flex e-con e-child\" data-id=\"fd9f044\" data-element_type=\"container\">\n\t\t\t\t<div class=\"elementor-element elementor-element-0c485af elementor-widget elementor-widget-heading\" data-id=\"0c485af\" data-element_type=\"widget\" data-widget_type=\"heading.default\">\n\t\t\t\t\t<h2 class=\"elementor-heading-title elementor-size-default\">2\u00aa Reuni\u00e3o<\/h2>\t\t\t\t<\/div>\n\t\t\t\t<div class=\"elementor-element elementor-element-0b97d7f elementor-widget elementor-widget-text-editor\" data-id=\"0b97d7f\" data-element_type=\"widget\" data-widget_type=\"text-editor.default\">\n\t\t\t\t\t\t\t\t\t<p><strong>Data: 30 de agosto de 2016<\/strong><br \/>Local: Arquivo Hist\u00f3rico de Balne\u00e1rio Cambori\u00fa<br \/>Colaboradores: Ant\u00f4nio Jorge de Borba, Erotides Campos, Fernando Delatorre, Jurandir Knabben e Marlene Buratto<br \/>Fotografias identificadas: 42 imagens<br \/>Para este encontro, foram separadas fotografias antigas que vieram do Gabinete do Prefeito, pois muitas estavam sem identifica\u00e7\u00e3o de eventos e pessoas.<\/p>\t\t\t\t\t\t\t\t<\/div>\n\t\t\t\t<div class=\"elementor-element elementor-element-4f92c29 elementor-widget elementor-widget-button\" data-id=\"4f92c29\" data-element_type=\"widget\" data-widget_type=\"button.default\">\n\t\t\t\t\t\t\t\t\t\t<a class=\"elementor-button elementor-button-link elementor-size-sm\" href=\"https:\/\/culturabc.com.br\/arquivo\/2-reuniao\/\">\n\t\t\t\t\t\t<span class=\"elementor-button-content-wrapper\">\n\t\t\t\t\t\t\t\t\t<span class=\"elementor-button-text\">ACESSE AQUI<\/span>\n\t\t\t\t\t<\/span>\n\t\t\t\t\t<\/a>\n\t\t\t\t\t\t\t\t<\/div>\n\t\t\t\t<\/div>\n\t\t<div class=\"elementor-element elementor-element-bc22dac e-con-full e-flex e-con e-child\" data-id=\"bc22dac\" data-element_type=\"container\">\n\t\t\t\t<div class=\"elementor-element elementor-element-4b7dbcc elementor-widget elementor-widget-heading\" data-id=\"4b7dbcc\" data-element_type=\"widget\" data-widget_type=\"heading.default\">\n\t\t\t\t\t<h2 class=\"elementor-heading-title elementor-size-default\">3\u00aa Reuni\u00e3o<\/h2>\t\t\t\t<\/div>\n\t\t\t\t<div class=\"elementor-element elementor-element-b108008 elementor-widget elementor-widget-text-editor\" data-id=\"b108008\" data-element_type=\"widget\" data-widget_type=\"text-editor.default\">\n\t\t\t\t\t\t\t\t\t<p><strong>Data: 22 de novembro de 2016<\/strong><br \/>Local: Arquivo Hist\u00f3rico de Balne\u00e1rio Cambori\u00fa<br \/>Colaboradores: Ademar Silva, \u00c1lvaro Silva, Jurandir Knabben, Luiz Carlos Chedid e Remi Os\u00f3rio<br \/>Fotografias identificadas: 46 imagens<br \/>Neste encontro, foram repassadas as fotografias antigas digitalizadas para complementar a identifica\u00e7\u00e3o.<\/p>\t\t\t\t\t\t\t\t<\/div>\n\t\t\t\t<div class=\"elementor-element elementor-element-9d6576c elementor-widget elementor-widget-button\" data-id=\"9d6576c\" data-element_type=\"widget\" data-widget_type=\"button.default\">\n\t\t\t\t\t\t\t\t\t\t<a class=\"elementor-button elementor-button-link elementor-size-sm\" href=\"https:\/\/culturabc.com.br\/arquivo\/3a-reuniao\/\">\n\t\t\t\t\t\t<span class=\"elementor-button-content-wrapper\">\n\t\t\t\t\t\t\t\t\t<span class=\"elementor-button-text\">ACESSE AQUI<\/span>\n\t\t\t\t\t<\/span>\n\t\t\t\t\t<\/a>\n\t\t\t\t\t\t\t\t<\/div>\n\t\t\t\t<\/div>\n\t\t\t\t\t<\/div>\n\t\t\t\t<\/div>\n\t\t<div class=\"elementor-element elementor-element-3699e9f e-flex e-con-boxed e-con e-parent\" data-id=\"3699e9f\" data-element_type=\"container\">\n\t\t\t\t\t<div class=\"e-con-inner\">\n\t\t<div class=\"elementor-element elementor-element-c2ddb94 e-con-full e-flex e-con e-child\" data-id=\"c2ddb94\" data-element_type=\"container\">\n\t\t\t\t<div class=\"elementor-element elementor-element-bfd2ac9 elementor-widget elementor-widget-heading\" data-id=\"bfd2ac9\" data-element_type=\"widget\" data-widget_type=\"heading.default\">\n\t\t\t\t\t<h2 class=\"elementor-heading-title elementor-size-default\">4\u00aa Reuni\u00e3o<\/h2>\t\t\t\t<\/div>\n\t\t\t\t<div class=\"elementor-element elementor-element-690bf62 elementor-widget elementor-widget-text-editor\" data-id=\"690bf62\" data-element_type=\"widget\" data-widget_type=\"text-editor.default\">\n\t\t\t\t\t\t\t\t\t<p><strong>Data: 24 de maio de 2018<\/strong><br \/>Local: Arquivo Hist\u00f3rico de Balne\u00e1rio Cambori\u00fa<br \/>Colaboradores: \u00c1lvaro Silva, Antonio Jorge de Borba, Carlos Schlup, Erotides Campos, Fernando<br \/>Delatorre, L\u00facia Nascimento e Luiz Carlos Chedid<br \/>Fotografias identificadas: 29 imagens<\/p>\t\t\t\t\t\t\t\t<\/div>\n\t\t\t\t<div class=\"elementor-element elementor-element-dec9e61 elementor-widget elementor-widget-button\" data-id=\"dec9e61\" data-element_type=\"widget\" data-widget_type=\"button.default\">\n\t\t\t\t\t\t\t\t\t\t<a class=\"elementor-button elementor-button-link elementor-size-sm\" href=\"https:\/\/culturabc.com.br\/arquivo\/4a-reuniao\/\">\n\t\t\t\t\t\t<span class=\"elementor-button-content-wrapper\">\n\t\t\t\t\t\t\t\t\t<span class=\"elementor-button-text\">ACESSE AQUI<\/span>\n\t\t\t\t\t<\/span>\n\t\t\t\t\t<\/a>\n\t\t\t\t\t\t\t\t<\/div>\n\t\t\t\t<\/div>\n\t\t<div class=\"elementor-element elementor-element-b646860 e-con-full e-flex e-con e-child\" data-id=\"b646860\" data-element_type=\"container\">\n\t\t\t\t<div class=\"elementor-element elementor-element-0c7780c elementor-widget elementor-widget-heading\" data-id=\"0c7780c\" data-element_type=\"widget\" data-widget_type=\"heading.default\">\n\t\t\t\t\t<h2 class=\"elementor-heading-title elementor-size-default\">5\u00aa Reuni\u00e3o<\/h2>\t\t\t\t<\/div>\n\t\t\t\t<div class=\"elementor-element elementor-element-d9a706c elementor-widget elementor-widget-text-editor\" data-id=\"d9a706c\" data-element_type=\"widget\" data-widget_type=\"text-editor.default\">\n\t\t\t\t\t\t\t\t\t<p><strong>Data: 25 de julho de 2018<\/strong><br \/>Local: Arquivo Hist\u00f3rico de Balne\u00e1rio Cambori\u00fa<br \/>Colaboradores: Ademar Silva, \u00c1lvaro Silva, Ant\u00f4nio Jorge de Borba, Carlos Schlup, Erotides Campos, Fernando Delatorre e Luiz Carlos Chedid<br \/>Fotografias identificadas: 30 imagens<\/p>\t\t\t\t\t\t\t\t<\/div>\n\t\t\t\t<div class=\"elementor-element elementor-element-1ad7719 elementor-widget elementor-widget-button\" data-id=\"1ad7719\" data-element_type=\"widget\" data-widget_type=\"button.default\">\n\t\t\t\t\t\t\t\t\t\t<a class=\"elementor-button elementor-button-link elementor-size-sm\" href=\"https:\/\/culturabc.com.br\/arquivo\/5a-reuniao\/\">\n\t\t\t\t\t\t<span class=\"elementor-button-content-wrapper\">\n\t\t\t\t\t\t\t\t\t<span class=\"elementor-button-text\">ACESSE AQUI<\/span>\n\t\t\t\t\t<\/span>\n\t\t\t\t\t<\/a>\n\t\t\t\t\t\t\t\t<\/div>\n\t\t\t\t<\/div>\n\t\t<div class=\"elementor-element elementor-element-76af016 e-con-full e-flex e-con e-child\" data-id=\"76af016\" data-element_type=\"container\">\n\t\t\t\t<div class=\"elementor-element elementor-element-f69fd93 elementor-widget elementor-widget-heading\" data-id=\"f69fd93\" data-element_type=\"widget\" data-widget_type=\"heading.default\">\n\t\t\t\t\t<h2 class=\"elementor-heading-title elementor-size-default\">6\u00aa Reuni\u00e3o<\/h2>\t\t\t\t<\/div>\n\t\t\t\t<div class=\"elementor-element elementor-element-6b10b5d elementor-widget elementor-widget-text-editor\" data-id=\"6b10b5d\" data-element_type=\"widget\" data-widget_type=\"text-editor.default\">\n\t\t\t\t\t\t\t\t\t<div class=\"wp-block-buttons is-layout-flex wp-block-buttons-is-layout-flex\" style=\"box-sizing: border-box; gap: 0.5em; flex-wrap: wrap; align-items: center; display: flex; color: #262626; font-family: Poppins, sans-serif; font-size: 15px; font-style: normal; font-variant-ligatures: normal; font-variant-caps: normal; font-weight: 400; letter-spacing: normal; orphans: 2; text-align: start; text-indent: 0px; text-transform: none; widows: 2; word-spacing: 0px; -webkit-text-stroke-width: 0px; white-space: normal; background-color: #ffffff; text-decoration-thickness: initial; text-decoration-style: initial; text-decoration-color: initial;\">\u00a0<\/div><p style=\"box-sizing: inherit; border: 0px; font-size: 15px; font-style: normal; font-weight: 400; margin: 0px 0px 1.6em; outline: 0px; padding: 0px; vertical-align: baseline; color: #262626; font-family: Poppins, sans-serif; font-variant-ligatures: normal; font-variant-caps: normal; letter-spacing: normal; orphans: 2; text-align: start; text-indent: 0px; text-transform: none; widows: 2; word-spacing: 0px; -webkit-text-stroke-width: 0px; white-space: normal; background-color: #ffffff; text-decoration-thickness: initial; text-decoration-style: initial; text-decoration-color: initial;\"><strong style=\"box-sizing: inherit; font-weight: bold;\">Data: 26 de setembro de 2018<\/strong><br style=\"box-sizing: inherit;\" \/>Local: Galeria Municipal de Arte<br style=\"box-sizing: inherit;\" \/>Colaboradores: Ademar Silva, \u00c1lvaro Silva, Ant\u00f4nio Jorge de Borba, Carlos Schlup, Erotides Campos e Fernando Delatorre<br style=\"box-sizing: inherit;\" \/>Fotografias identificadas: 53 imagens<\/p>\t\t\t\t\t\t\t\t<\/div>\n\t\t\t\t<div class=\"elementor-element elementor-element-22dac97 elementor-widget elementor-widget-button\" data-id=\"22dac97\" data-element_type=\"widget\" data-widget_type=\"button.default\">\n\t\t\t\t\t\t\t\t\t\t<a class=\"elementor-button elementor-button-link elementor-size-sm\" href=\"https:\/\/culturabc.com.br\/arquivo\/6a-reuniao\/\">\n\t\t\t\t\t\t<span class=\"elementor-button-content-wrapper\">\n\t\t\t\t\t\t\t\t\t<span class=\"elementor-button-text\">ACESSE AQUI<\/span>\n\t\t\t\t\t<\/span>\n\t\t\t\t\t<\/a>\n\t\t\t\t\t\t\t\t<\/div>\n\t\t\t\t<\/div>\n\t\t\t\t\t<\/div>\n\t\t\t\t<\/div>\n\t\t<div class=\"elementor-element elementor-element-29bbce5 e-flex e-con-boxed e-con e-parent\" data-id=\"29bbce5\" data-element_type=\"container\">\n\t\t\t\t\t<div class=\"e-con-inner\">\n\t\t<div class=\"elementor-element elementor-element-7f6822e e-con-full e-flex e-con e-child\" data-id=\"7f6822e\" data-element_type=\"container\">\n\t\t\t\t<div class=\"elementor-element elementor-element-21be5ee elementor-widget elementor-widget-heading\" data-id=\"21be5ee\" data-element_type=\"widget\" data-widget_type=\"heading.default\">\n\t\t\t\t\t<h2 class=\"elementor-heading-title elementor-size-default\">7\u00aa Reuni\u00e3o<\/h2>\t\t\t\t<\/div>\n\t\t\t\t<div class=\"elementor-element elementor-element-c900672 elementor-widget elementor-widget-text-editor\" data-id=\"c900672\" data-element_type=\"widget\" data-widget_type=\"text-editor.default\">\n\t\t\t\t\t\t\t\t\t<p><strong>Data: 29 de novembro de 2018<\/strong><br \/>Local: C\u00e2mara de Vereadores de Balne\u00e1rio Cambori\u00fa<br \/>Colaboradores: Ademar Silva, \u00c1lvaro Silva, Ant\u00f4nio Jorge de Borba, Carlos Schlup, Erotides Campos, Gert Hering, Isaque de Borba Corr\u00eaa, Jo\u00e3o Carlos da Silva, L\u00facia Nascimento, Marlene Buratto e Remi Os\u00f3rio<br \/>Fotografias identificadas: 34 imagens<br \/>Evento especial em comemora\u00e7\u00e3o ao anivers\u00e1rio de 25 anos do Arquivo Hist\u00f3rico.<\/p>\t\t\t\t\t\t\t\t<\/div>\n\t\t\t\t<div class=\"elementor-element elementor-element-7c18472 elementor-widget elementor-widget-button\" data-id=\"7c18472\" data-element_type=\"widget\" data-widget_type=\"button.default\">\n\t\t\t\t\t\t\t\t\t\t<a class=\"elementor-button elementor-button-link elementor-size-sm\" href=\"https:\/\/culturabc.com.br\/arquivo\/7a-reuniao\/\">\n\t\t\t\t\t\t<span class=\"elementor-button-content-wrapper\">\n\t\t\t\t\t\t\t\t\t<span class=\"elementor-button-text\">ACESSE AQUI<\/span>\n\t\t\t\t\t<\/span>\n\t\t\t\t\t<\/a>\n\t\t\t\t\t\t\t\t<\/div>\n\t\t\t\t<\/div>\n\t\t<div class=\"elementor-element elementor-element-2901e66 e-con-full e-flex e-con e-child\" data-id=\"2901e66\" data-element_type=\"container\">\n\t\t\t\t<div class=\"elementor-element elementor-element-6704309 elementor-widget elementor-widget-heading\" data-id=\"6704309\" data-element_type=\"widget\" data-widget_type=\"heading.default\">\n\t\t\t\t\t<h2 class=\"elementor-heading-title elementor-size-default\">8\u00aa Reuni\u00e3o<\/h2>\t\t\t\t<\/div>\n\t\t\t\t<div class=\"elementor-element elementor-element-7556847 elementor-widget elementor-widget-text-editor\" data-id=\"7556847\" data-element_type=\"widget\" data-widget_type=\"text-editor.default\">\n\t\t\t\t\t\t\t\t\t<p><strong>Data: 27 de mar\u00e7o de 2019<\/strong><br \/>Local: Edif\u00edcio Baturit\u00e9 Lounge House<br \/>Colaboradores: \u00c1lvaro Silva, Carlos Schlup, Erotides Campos, Luiz Carlos Chedid, Remi Os\u00f3rio e Jo\u00e3o Ricardo Scharf<br \/>Convidados especiais: Angelo Ricardo Christoffoli, Arlete Chedid, Claudin\u00e9ia Wolf (Zez\u00e9), Emery Lenz, Honorato Salvatti (Nato), Juan Carlos Amaya, Ligia Spernau, Maur\u00edcio Simas (Escova), Mister Paco (Banda Os Incr\u00edveis), Paulo Roberto Campos e Reiner Wolf<br \/>Fotografias identificadas: 15 imagens<br \/>Encontro especial com foco na Barra Sul, relembrando locais, pessoas e acontecimentos ligados \u00e0 regi\u00e3o.<\/p>\t\t\t\t\t\t\t\t<\/div>\n\t\t\t\t<div class=\"elementor-element elementor-element-9c94631 elementor-widget elementor-widget-button\" data-id=\"9c94631\" data-element_type=\"widget\" data-widget_type=\"button.default\">\n\t\t\t\t\t\t\t\t\t\t<a class=\"elementor-button elementor-button-link elementor-size-sm\" href=\"https:\/\/culturabc.com.br\/arquivo\/8a-reuniao\/\">\n\t\t\t\t\t\t<span class=\"elementor-button-content-wrapper\">\n\t\t\t\t\t\t\t\t\t<span class=\"elementor-button-text\">ACESSE AQUI<\/span>\n\t\t\t\t\t<\/span>\n\t\t\t\t\t<\/a>\n\t\t\t\t\t\t\t\t<\/div>\n\t\t\t\t<\/div>\n\t\t<div class=\"elementor-element elementor-element-08775fc e-con-full e-flex e-con e-child\" data-id=\"08775fc\" data-element_type=\"container\">\n\t\t\t\t<div class=\"elementor-element elementor-element-c3c3e4a elementor-widget elementor-widget-heading\" data-id=\"c3c3e4a\" data-element_type=\"widget\" data-widget_type=\"heading.default\">\n\t\t\t\t\t<h2 class=\"elementor-heading-title elementor-size-default\">9\u00aa Reuni\u00e3o<\/h2>\t\t\t\t<\/div>\n\t\t\t\t<div class=\"elementor-element elementor-element-02bc5d9 elementor-widget elementor-widget-text-editor\" data-id=\"02bc5d9\" data-element_type=\"widget\" data-widget_type=\"text-editor.default\">\n\t\t\t\t\t\t\t\t\t<p><strong>Data: 26 de junho de 2019<\/strong><br \/>Local: Galeria Municipal de Arte<br \/>Colaboradores: \u00c1lvaro Silva, Ant\u00f4nio Jorge de Borba, Carlos Schlup, Erotides Campos, Fernando Delatorre, Gert Hering, Jo\u00e3o Carlos da Silva, Jo\u00e3o Ricardo Scharf, Jos\u00e9 \u00c2ngelo Rebelo e Jurandir Knabben<br \/>Fotografias identificadas: 17 imagens<\/p>\t\t\t\t\t\t\t\t<\/div>\n\t\t\t\t<div class=\"elementor-element elementor-element-30fb63e elementor-widget elementor-widget-button\" data-id=\"30fb63e\" data-element_type=\"widget\" data-widget_type=\"button.default\">\n\t\t\t\t\t\t\t\t\t\t<a class=\"elementor-button elementor-button-link elementor-size-sm\" href=\"https:\/\/culturabc.com.br\/arquivo\/9a-reuniao\/\">\n\t\t\t\t\t\t<span class=\"elementor-button-content-wrapper\">\n\t\t\t\t\t\t\t\t\t<span class=\"elementor-button-text\">ACESSE AQUI<\/span>\n\t\t\t\t\t<\/span>\n\t\t\t\t\t<\/a>\n\t\t\t\t\t\t\t\t<\/div>\n\t\t\t\t<\/div>\n\t\t\t\t\t<\/div>\n\t\t\t\t<\/div>\n\t\t<div class=\"elementor-element elementor-element-fc1ae20 e-flex e-con-boxed e-con e-parent\" data-id=\"fc1ae20\" data-element_type=\"container\">\n\t\t\t\t\t<div class=\"e-con-inner\">\n\t\t<div class=\"elementor-element elementor-element-466242e e-con-full e-flex e-con e-child\" data-id=\"466242e\" data-element_type=\"container\">\n\t\t\t\t<div class=\"elementor-element elementor-element-d49602d elementor-widget elementor-widget-heading\" data-id=\"d49602d\" data-element_type=\"widget\" data-widget_type=\"heading.default\">\n\t\t\t\t\t<h2 class=\"elementor-heading-title elementor-size-default\">10\u00aa Reuni\u00e3o<\/h2>\t\t\t\t<\/div>\n\t\t\t\t<div class=\"elementor-element elementor-element-defe749 elementor-widget elementor-widget-text-editor\" data-id=\"defe749\" data-element_type=\"widget\" data-widget_type=\"text-editor.default\">\n\t\t\t\t\t\t\t\t\t<p><strong>Data: 17 de julho de 2019<\/strong><br \/>Local: C\u00e2mara de Vereadores de Balne\u00e1rio Cambori\u00fa<br \/>Colaboradores: Ademar Silva, \u00c1lvaro Silva, Ant\u00f4nio Jorge de Borba, Carlos Schlup, Erotides Campos, Jo\u00e3o Carlos da Silva, Isaque de Borba Corr\u00eaa, Jurandir Knabben, Luiz Carlos Chedid e Remi Os\u00f3rio<br \/>Convidados especiais: Arlete Chedid e Moacir Schlup<br \/>Fotografias identificadas: 20 imagens<br \/>Evento em comemora\u00e7\u00e3o aos 55 anos de Balne\u00e1rio Cambori\u00fa. Na ocasi\u00e3o foi falado sobre os 170 anos da primeira men\u00e7\u00e3o oficial da nossa territorialidade.<\/p>\t\t\t\t\t\t\t\t<\/div>\n\t\t\t\t<div class=\"elementor-element elementor-element-57f32eb elementor-widget elementor-widget-button\" data-id=\"57f32eb\" data-element_type=\"widget\" data-widget_type=\"button.default\">\n\t\t\t\t\t\t\t\t\t\t<a class=\"elementor-button elementor-button-link elementor-size-sm\" href=\"https:\/\/culturabc.com.br\/arquivo\/10a-reuniao\/\">\n\t\t\t\t\t\t<span class=\"elementor-button-content-wrapper\">\n\t\t\t\t\t\t\t\t\t<span class=\"elementor-button-text\">ACESSE AQUI<\/span>\n\t\t\t\t\t<\/span>\n\t\t\t\t\t<\/a>\n\t\t\t\t\t\t\t\t<\/div>\n\t\t\t\t<\/div>\n\t\t<div class=\"elementor-element elementor-element-3e4e776 e-con-full e-flex e-con e-child\" data-id=\"3e4e776\" data-element_type=\"container\">\n\t\t\t\t<div class=\"elementor-element elementor-element-1e6616e elementor-widget elementor-widget-heading\" data-id=\"1e6616e\" data-element_type=\"widget\" data-widget_type=\"heading.default\">\n\t\t\t\t\t<h2 class=\"elementor-heading-title elementor-size-default\">11\u00aa Reuni\u00e3o<\/h2>\t\t\t\t<\/div>\n\t\t\t\t<div class=\"elementor-element elementor-element-cf4cc5d elementor-widget elementor-widget-text-editor\" data-id=\"cf4cc5d\" data-element_type=\"widget\" data-widget_type=\"text-editor.default\">\n\t\t\t\t\t\t\t\t\t<p><strong>Data: 28 de agosto de 2019<\/strong><br \/>Local: Arquivo Hist\u00f3rico de Balne\u00e1rio Cambori\u00fa<br \/>Colaboradores: Ademar Silva, \u00c1lvaro Silva, Ant\u00f4nio Jorge de Borba, Fernando Delatorre, Isaque de Borba Corr\u00eaa, Jo\u00e3o Carlos da Silva e Jurandir Knabben<br \/>Convidada: Maria da Gra\u00e7a Krobel Cardoso (Dona Filhinha)<br \/>Fotografias identificadas: 19 imagens<\/p>\t\t\t\t\t\t\t\t<\/div>\n\t\t\t\t<div class=\"elementor-element elementor-element-6aafc97 elementor-widget elementor-widget-button\" data-id=\"6aafc97\" data-element_type=\"widget\" data-widget_type=\"button.default\">\n\t\t\t\t\t\t\t\t\t\t<a class=\"elementor-button elementor-button-link elementor-size-sm\" href=\"https:\/\/culturabc.com.br\/arquivo\/11a-reuniao\/\">\n\t\t\t\t\t\t<span class=\"elementor-button-content-wrapper\">\n\t\t\t\t\t\t\t\t\t<span class=\"elementor-button-text\">ACESSE AQUI<\/span>\n\t\t\t\t\t<\/span>\n\t\t\t\t\t<\/a>\n\t\t\t\t\t\t\t\t<\/div>\n\t\t\t\t<\/div>\n\t\t<div class=\"elementor-element elementor-element-1d4a717 e-con-full e-flex e-con e-child\" data-id=\"1d4a717\" data-element_type=\"container\">\n\t\t\t\t<div class=\"elementor-element elementor-element-09d9ecf elementor-widget elementor-widget-heading\" data-id=\"09d9ecf\" data-element_type=\"widget\" data-widget_type=\"heading.default\">\n\t\t\t\t\t<h2 class=\"elementor-heading-title elementor-size-default\">12\u00aa Reuni\u00e3o<\/h2>\t\t\t\t<\/div>\n\t\t\t\t<div class=\"elementor-element elementor-element-f4ef9bc elementor-widget elementor-widget-text-editor\" data-id=\"f4ef9bc\" data-element_type=\"widget\" data-widget_type=\"text-editor.default\">\n\t\t\t\t\t\t\t\t\t<p><strong>Data: 25 de setembro de 2019<\/strong><br \/>Local: Arquivo Hist\u00f3rico de Balne\u00e1rio Cambori\u00fa<br \/>Colaboradores: Ademar Jos\u00e9, Ant\u00f4nio Jorge de Borba, Carlos Schlup, Erotides Campos, Fernando Delatorre, Isaque de Borba Corr\u00eaa, Jo\u00e3o Ricardo Scharf, Jos\u00e9 Angelo Rebelo e Jurandir Knabben<br \/>Fotografias identificadas: 20 imagens<\/p>\t\t\t\t\t\t\t\t<\/div>\n\t\t\t\t<div class=\"elementor-element elementor-element-5f75ff4 elementor-widget elementor-widget-button\" data-id=\"5f75ff4\" data-element_type=\"widget\" data-widget_type=\"button.default\">\n\t\t\t\t\t\t\t\t\t\t<a class=\"elementor-button elementor-button-link elementor-size-sm\" href=\"https:\/\/culturabc.com.br\/arquivo\/12a-reuniao\/\">\n\t\t\t\t\t\t<span class=\"elementor-button-content-wrapper\">\n\t\t\t\t\t\t\t\t\t<span class=\"elementor-button-text\">ACESSE AQUI<\/span>\n\t\t\t\t\t<\/span>\n\t\t\t\t\t<\/a>\n\t\t\t\t\t\t\t\t<\/div>\n\t\t\t\t<\/div>\n\t\t\t\t\t<\/div>\n\t\t\t\t<\/div>\n\t\t<div class=\"elementor-element elementor-element-ee8649f e-flex e-con-boxed e-con e-parent\" data-id=\"ee8649f\" data-element_type=\"container\">\n\t\t\t\t\t<div class=\"e-con-inner\">\n\t\t<div class=\"elementor-element elementor-element-36cd132 e-con-full e-flex e-con e-child\" data-id=\"36cd132\" data-element_type=\"container\">\n\t\t\t\t<div class=\"elementor-element elementor-element-a5071ef elementor-widget elementor-widget-heading\" data-id=\"a5071ef\" data-element_type=\"widget\" data-widget_type=\"heading.default\">\n\t\t\t\t\t<h2 class=\"elementor-heading-title elementor-size-default\">13\u00aa Reuni\u00e3o<\/h2>\t\t\t\t<\/div>\n\t\t\t\t<div class=\"elementor-element elementor-element-8c70e03 elementor-widget elementor-widget-text-editor\" data-id=\"8c70e03\" data-element_type=\"widget\" data-widget_type=\"text-editor.default\">\n\t\t\t\t\t\t\t\t\t<p><strong>Data: 27 de novembro de 2019<\/strong><br \/>Local: Arquivo Hist\u00f3rico de Balne\u00e1rio Cambori\u00fa<br \/>Colaboradores: Ademar Silva, \u00c1lvaro Silva, Ant\u00f4nio Jorge de Borba, Carlos Schlup, Erotides Campos, Fernando Delatorre, Isaque de Borca Corr\u00eaa, Jo\u00e3o Ricardo Scharf, Marlene Buratto e Remi Os\u00f3rio.<br \/>Fotografias identificadas: 06 imagens do acervo<br \/>Encontro especial realizado em comemora\u00e7\u00e3o aos 26 anos da cria\u00e7\u00e3o do Arquivo Hist\u00f3rico de Balne\u00e1rio Cambori\u00fa.<br \/>O encontro contou com a presen\u00e7a dos convidados especiais, os jornalistas Luciana Zonta e Ad\u00e3o Pinheiro, autores do livro \u201cUma Porta para o Mundo \u2013 Mem\u00f3rias do Com\u00e9rcio de Balne\u00e1rio Cambori\u00fa\u201d, e Nildo Teixeira de Melo Jr. (Bola), autor do livro \u201cServidores de Balne\u00e1rio Cambori\u00fa\u201d.<br \/>Os jornalistas contaram um pouco sobre o processo de elabora\u00e7\u00e3o dos seus livros e levaram algumas fotografias para compartilhar e identificar no encontro.<\/p>\t\t\t\t\t\t\t\t<\/div>\n\t\t\t\t<div class=\"elementor-element elementor-element-b30fed3 elementor-widget elementor-widget-button\" data-id=\"b30fed3\" data-element_type=\"widget\" data-widget_type=\"button.default\">\n\t\t\t\t\t\t\t\t\t\t<a class=\"elementor-button elementor-button-link elementor-size-sm\" href=\"https:\/\/culturabc.com.br\/arquivo\/13a-reuniao\/\">\n\t\t\t\t\t\t<span class=\"elementor-button-content-wrapper\">\n\t\t\t\t\t\t\t\t\t<span class=\"elementor-button-text\">ACESSE AQUI<\/span>\n\t\t\t\t\t<\/span>\n\t\t\t\t\t<\/a>\n\t\t\t\t\t\t\t\t<\/div>\n\t\t\t\t<\/div>\n\t\t<div class=\"elementor-element elementor-element-1a3fea4 e-con-full e-flex e-con e-child\" data-id=\"1a3fea4\" data-element_type=\"container\">\n\t\t\t\t<div class=\"elementor-element elementor-element-3ad0292 elementor-widget elementor-widget-heading\" data-id=\"3ad0292\" data-element_type=\"widget\" data-widget_type=\"heading.default\">\n\t\t\t\t\t<h2 class=\"elementor-heading-title elementor-size-default\">14\u00aa Reuni\u00e3o<\/h2>\t\t\t\t<\/div>\n\t\t\t\t<div class=\"elementor-element elementor-element-b1a1912 elementor-widget elementor-widget-text-editor\" data-id=\"b1a1912\" data-element_type=\"widget\" data-widget_type=\"text-editor.default\">\n\t\t\t\t\t\t\t\t\t<p>Data: 14 de outubro de 2021<br \/>Local: Arquivo Hist\u00f3rico de Balne\u00e1rio Cambori\u00fa<br \/>Colaboradores: Ademar Silva, Carlos Schlup e Erotides Campos\u00a0<br \/>Fotografias identificadas: 13 imagens<br \/>Este encontro foi transmitido ao vivo pelo Facebook da Funda\u00e7\u00e3o Cultural de Balne\u00e1rio Cambori\u00fa. A comunidade p\u00f4de interagir, comentando e ajudando na identifica\u00e7\u00e3o das fotografias.<\/p>\t\t\t\t\t\t\t\t<\/div>\n\t\t\t\t<div class=\"elementor-element elementor-element-102d533 elementor-widget elementor-widget-button\" data-id=\"102d533\" data-element_type=\"widget\" data-widget_type=\"button.default\">\n\t\t\t\t\t\t\t\t\t\t<a class=\"elementor-button elementor-button-link elementor-size-sm\" href=\"https:\/\/culturabc.com.br\/arquivo\/14a-reuniao\/\">\n\t\t\t\t\t\t<span class=\"elementor-button-content-wrapper\">\n\t\t\t\t\t\t\t\t\t<span class=\"elementor-button-text\">ACESSE AQUI<\/span>\n\t\t\t\t\t<\/span>\n\t\t\t\t\t<\/a>\n\t\t\t\t\t\t\t\t<\/div>\n\t\t\t\t<\/div>\n\t\t<div class=\"elementor-element elementor-element-7dd1e1b e-con-full e-flex e-con e-child\" data-id=\"7dd1e1b\" data-element_type=\"container\">\n\t\t\t\t<div class=\"elementor-element elementor-element-43843e5 elementor-widget elementor-widget-heading\" data-id=\"43843e5\" data-element_type=\"widget\" data-widget_type=\"heading.default\">\n\t\t\t\t\t<h2 class=\"elementor-heading-title elementor-size-default\">15\u00aa Reuni\u00e3o<\/h2>\t\t\t\t<\/div>\n\t\t\t\t<div class=\"elementor-element elementor-element-d36d39d elementor-widget elementor-widget-text-editor\" data-id=\"d36d39d\" data-element_type=\"widget\" data-widget_type=\"text-editor.default\">\n\t\t\t\t\t\t\t\t\t<p>Data: 24 de novembro de 2021<br \/>Local: Arquivo Hist\u00f3rico de Balne\u00e1rio Cambori\u00fa<br \/>Colaboradores: Ant\u00f4nio Jorge de Borba, Carlos Alberto Schlup, Jo\u00e3o Carlos da Silva, Jose \u00c2ngelo Rebelo, Jurandir Knabben<br \/>Convidado: Marcelo Juchem (professor de Fotografia da Univali)<\/p>\t\t\t\t\t\t\t\t<\/div>\n\t\t\t\t<div class=\"elementor-element elementor-element-aa4ada7 elementor-widget elementor-widget-button\" data-id=\"aa4ada7\" data-element_type=\"widget\" data-widget_type=\"button.default\">\n\t\t\t\t\t\t\t\t\t\t<a class=\"elementor-button elementor-button-link elementor-size-sm\" href=\"https:\/\/culturabc.com.br\/arquivo\/15a-reuniao\/\">\n\t\t\t\t\t\t<span class=\"elementor-button-content-wrapper\">\n\t\t\t\t\t\t\t\t\t<span class=\"elementor-button-text\">ACESSE AQUI<\/span>\n\t\t\t\t\t<\/span>\n\t\t\t\t\t<\/a>\n\t\t\t\t\t\t\t\t<\/div>\n\t\t\t\t<\/div>\n\t\t\t\t\t<\/div>\n\t\t\t\t<\/div>\n\t\t<div class=\"elementor-element elementor-element-7b144e7 e-flex e-con-boxed e-con e-parent\" data-id=\"7b144e7\" data-element_type=\"container\">\n\t\t\t\t\t<div class=\"e-con-inner\">\n\t\t<div class=\"elementor-element elementor-element-a3b8f0b e-con-full e-flex e-con e-child\" data-id=\"a3b8f0b\" data-element_type=\"container\">\n\t\t\t\t<div class=\"elementor-element elementor-element-8c57e2a elementor-widget elementor-widget-heading\" data-id=\"8c57e2a\" data-element_type=\"widget\" data-widget_type=\"heading.default\">\n\t\t\t\t\t<h2 class=\"elementor-heading-title elementor-size-default\">16\u00aa Reuni\u00e3o<\/h2>\t\t\t\t<\/div>\n\t\t\t\t<div class=\"elementor-element elementor-element-2805380 elementor-widget elementor-widget-text-editor\" data-id=\"2805380\" data-element_type=\"widget\" data-widget_type=\"text-editor.default\">\n\t\t\t\t\t\t\t\t\t<p>Data: 27 de julho de 2022<br>\nLocal: MIS \u2013 Museu da Imagem e do Som<br>\nColaboradores: Ant\u00f4nio Jorge de Borba, Carlos Alberto Schlup, Erotides da Silva Campos,<br>\nFernando Delatorre, Jo\u00e3o Carlos da Silva, Jurandir Knabben e Lucia Nascimento<br>\nConvidados: Cezideo De Pieri, Charlota Luise Wachs e Priscilla De Pieri Fonseca<br>\nFotografias identificadas: 36 imagens<\/p>\t\t\t\t\t\t\t\t<\/div>\n\t\t\t\t<div class=\"elementor-element elementor-element-22dd430 elementor-widget elementor-widget-button\" data-id=\"22dd430\" data-element_type=\"widget\" data-widget_type=\"button.default\">\n\t\t\t\t\t\t\t\t\t\t<a class=\"elementor-button elementor-button-link elementor-size-sm\" href=\"https:\/\/culturabc.com.br\/arquivo\/16a-reuniao\/\">\n\t\t\t\t\t\t<span class=\"elementor-button-content-wrapper\">\n\t\t\t\t\t\t\t\t\t<span class=\"elementor-button-text\">ACESSE AQUI<\/span>\n\t\t\t\t\t<\/span>\n\t\t\t\t\t<\/a>\n\t\t\t\t\t\t\t\t<\/div>\n\t\t\t\t<\/div>\n\t\t<div class=\"elementor-element elementor-element-e2acf9d e-con-full e-flex e-con e-child\" data-id=\"e2acf9d\" data-element_type=\"container\">\n\t\t\t\t<div class=\"elementor-element elementor-element-9ad73eb elementor-widget elementor-widget-heading\" data-id=\"9ad73eb\" data-element_type=\"widget\" data-widget_type=\"heading.default\">\n\t\t\t\t\t<h2 class=\"elementor-heading-title elementor-size-default\">17\u00aa Reuni\u00e3o<\/h2>\t\t\t\t<\/div>\n\t\t\t\t<div class=\"elementor-element elementor-element-1ee460c elementor-widget elementor-widget-text-editor\" data-id=\"1ee460c\" data-element_type=\"widget\" data-widget_type=\"text-editor.default\">\n\t\t\t\t\t\t\t\t\t<p>Data: 01 de mar\u00e7o de 2023<br>\nLocal: Arquivo Hist\u00f3rico de Balne\u00e1rio Cambori\u00fa<br>\nColaboradores: Carlos Alberto Schlup, Erotides Campos, Isaque de Borba Corr\u00eaa, Jurandir Knabben<br>\nConvidado: Gabriel Gallarza<\/p>\t\t\t\t\t\t\t\t<\/div>\n\t\t\t\t<div class=\"elementor-element elementor-element-9eeff63 elementor-widget elementor-widget-button\" data-id=\"9eeff63\" data-element_type=\"widget\" data-widget_type=\"button.default\">\n\t\t\t\t\t\t\t\t\t\t<a class=\"elementor-button elementor-button-link elementor-size-sm\" href=\"https:\/\/culturabc.com.br\/arquivo\/17a-reuniao\/\">\n\t\t\t\t\t\t<span class=\"elementor-button-content-wrapper\">\n\t\t\t\t\t\t\t\t\t<span class=\"elementor-button-text\">ACESSE AQUI<\/span>\n\t\t\t\t\t<\/span>\n\t\t\t\t\t<\/a>\n\t\t\t\t\t\t\t\t<\/div>\n\t\t\t\t<\/div>\n\t\t<div class=\"elementor-element elementor-element-24e2ef4 e-con-full e-flex e-con e-child\" data-id=\"24e2ef4\" data-element_type=\"container\">\n\t\t\t\t<div class=\"elementor-element elementor-element-e93056a elementor-widget elementor-widget-heading\" data-id=\"e93056a\" data-element_type=\"widget\" data-widget_type=\"heading.default\">\n\t\t\t\t\t<h2 class=\"elementor-heading-title elementor-size-default\">18\u00aa Reuni\u00e3o<\/h2>\t\t\t\t<\/div>\n\t\t\t\t<div class=\"elementor-element elementor-element-0bccb18 elementor-widget elementor-widget-text-editor\" data-id=\"0bccb18\" data-element_type=\"widget\" data-widget_type=\"text-editor.default\">\n\t\t\t\t\t\t\t\t\t<p>Data: 22 de mar\u00e7o de 2023<br>\nLocal: Arquivo Hist\u00f3rico de Balne\u00e1rio Cambori\u00fa<br>\nColaboradores: Ademar Jos\u00e9 da Silva, Carlos Alberto Schlup, Erotides Campos e Marlene Buratto<\/p>\t\t\t\t\t\t\t\t<\/div>\n\t\t\t\t<div class=\"elementor-element elementor-element-3c01e9b elementor-widget elementor-widget-button\" data-id=\"3c01e9b\" data-element_type=\"widget\" data-widget_type=\"button.default\">\n\t\t\t\t\t\t\t\t\t\t<a class=\"elementor-button elementor-button-link elementor-size-sm\" href=\"https:\/\/culturabc.com.br\/arquivo\/18a-reuniao\/\">\n\t\t\t\t\t\t<span class=\"elementor-button-content-wrapper\">\n\t\t\t\t\t\t\t\t\t<span class=\"elementor-button-text\">ACESSE AQUI<\/span>\n\t\t\t\t\t<\/span>\n\t\t\t\t\t<\/a>\n\t\t\t\t\t\t\t\t<\/div>\n\t\t\t\t<\/div>\n\t\t\t\t\t<\/div>\n\t\t\t\t<\/div>\n\t\t<div class=\"elementor-element elementor-element-214e53f e-flex e-con-boxed e-con e-parent\" data-id=\"214e53f\" data-element_type=\"container\">\n\t\t\t\t\t<div class=\"e-con-inner\">\n\t\t<div class=\"elementor-element elementor-element-f850687 e-con-full e-flex e-con e-child\" data-id=\"f850687\" data-element_type=\"container\">\n\t\t\t\t<div class=\"elementor-element elementor-element-5c491b0 elementor-widget elementor-widget-heading\" data-id=\"5c491b0\" data-element_type=\"widget\" data-widget_type=\"heading.default\">\n\t\t\t\t\t<h2 class=\"elementor-heading-title elementor-size-default\">19\u00aa Reuni\u00e3o<\/h2>\t\t\t\t<\/div>\n\t\t\t\t<div class=\"elementor-element elementor-element-9a80547 elementor-widget elementor-widget-text-editor\" data-id=\"9a80547\" data-element_type=\"widget\" data-widget_type=\"text-editor.default\">\n\t\t\t\t\t\t\t\t\t<p>Data: 08 de outubro de 2024<br \/>Local: Arquivo Hist\u00f3rico de Balne\u00e1rio Cambori\u00fa<br \/>Colaboradores: Ademar Jos\u00e9 da Silva, Ant\u00f4nio Jorge de Borba, Carlos Alberto Schlup, Isaque de Borba Corr\u00eaa e Jurandir Knabben<br \/>Convidado: Moacir Schlup<\/p>\t\t\t\t\t\t\t\t<\/div>\n\t\t\t\t<div class=\"elementor-element elementor-element-b90692f elementor-widget elementor-widget-button\" data-id=\"b90692f\" data-element_type=\"widget\" data-widget_type=\"button.default\">\n\t\t\t\t\t\t\t\t\t\t<a class=\"elementor-button elementor-button-link elementor-size-sm\" href=\"https:\/\/culturabc.com.br\/arquivo\/19a-reuniao\/\">\n\t\t\t\t\t\t<span class=\"elementor-button-content-wrapper\">\n\t\t\t\t\t\t\t\t\t<span class=\"elementor-button-text\">ACESSE AQUI<\/span>\n\t\t\t\t\t<\/span>\n\t\t\t\t\t<\/a>\n\t\t\t\t\t\t\t\t<\/div>\n\t\t\t\t<\/div>\n\t\t\t\t\t<\/div>\n\t\t\t\t<\/div>\n\t\t\t\t<\/div>\n\t\t","protected":false},"excerpt":{"rendered":"<p>Reuni\u00f5es do Caf\u00e9 com Hist\u00f3ria Nesta p\u00e1gina voc\u00ea encontra o resumo de todas as reuni\u00f5es do Caf\u00e9 com Hist\u00f3ria. Clique em \u201cVER TODAS AS FOTOS\u201d para visualizar os detalhes de cada reuni\u00e3o. 1\u00aa Reuni\u00e3o Data: 27 de julho de 2016Local: Arquivo Hist\u00f3rico de Balne\u00e1rio Cambori\u00faColaboradores: Ademar Silva, \u00c1lvaro Silva, Carlos Schlup, Luiz Carlos Chedid e &hellip;<\/p>\n<p class=\"read-more\"> <a class=\"\" href=\"https:\/\/culturabc.com.br\/arquivo\/reunioes-do-cafe-com-historia\/\"> <span class=\"screen-reader-text\">Reuni\u00f5es do Caf\u00e9 com Hist\u00f3ria<\/span> Leia mais &raquo;<\/a><\/p>\n","protected":false},"author":1,"featured_media":0,"parent":0,"menu_order":0,"comment_status":"closed","ping_status":"closed","template":"","meta":{"footnotes":""},"class_list":["post-26822","page","type-page","status-publish","hentry"],"_links":{"self":[{"href":"https:\/\/culturabc.com.br\/arquivo\/wp-json\/wp\/v2\/pages\/26822","targetHints":{"allow":["GET"]}}],"collection":[{"href":"https:\/\/culturabc.com.br\/arquivo\/wp-json\/wp\/v2\/pages"}],"about":[{"href":"https:\/\/culturabc.com.br\/arquivo\/wp-json\/wp\/v2\/types\/page"}],"author":[{"embeddable":true,"href":"https:\/\/culturabc.com.br\/arquivo\/wp-json\/wp\/v2\/users\/1"}],"replies":[{"embeddable":true,"href":"https:\/\/culturabc.com.br\/arquivo\/wp-json\/wp\/v2\/comments?post=26822"}],"version-history":[{"count":7,"href":"https:\/\/culturabc.com.br\/arquivo\/wp-json\/wp\/v2\/pages\/26822\/revisions"}],"predecessor-version":[{"id":26829,"href":"https:\/\/culturabc.com.br\/arquivo\/wp-json\/wp\/v2\/pages\/26822\/revisions\/26829"}],"wp:attachment":[{"href":"https:\/\/culturabc.com.br\/arquivo\/wp-json\/wp\/v2\/media?parent=26822"}],"curies":[{"name":"wp","href":"https:\/\/api.w.org\/{rel}","templated":true}]}}