{"id":5,"date":"2021-07-15T16:08:24","date_gmt":"2021-07-15T19:08:24","guid":{"rendered":"http:\/\/culturabc.com.br\/arquivo\/?page_id=5"},"modified":"2021-07-20T13:27:42","modified_gmt":"2021-07-20T16:27:42","slug":"home","status":"publish","type":"page","link":"https:\/\/culturabc.com.br\/arquivo\/","title":{"rendered":"Home"},"content":{"rendered":"\n<div class=\"wp-block-cover alignfull has-u-002-du-002-dast-global-color-6-background-color has-background-dim has-parallax has-ast-global-color-6-background-color\" style=\"background-image:url(http:\/\/culturabc.com.br\/arquivo\/wp-content\/uploads\/2021\/07\/home.jpg);min-height:500px;aspect-ratio:unset;\"><div class=\"wp-block-cover__inner-container is-layout-flow wp-block-cover-is-layout-flow\">\n<p><\/p>\n\n\n\n<p><\/p>\n<\/div><\/div>\n\n\n\n<div style=\"height:25px\" aria-hidden=\"true\" class=\"wp-block-spacer\"><\/div>\n\n\n\n<div class=\"wp-block-group alignfull has-white-color has-text-color has-background\" style=\"background-color:#1b4c5a\"><div class=\"wp-block-group__inner-container is-layout-flow wp-block-group-is-layout-flow\">\n<h1 class=\"has-text-align-center has-white-color has-text-color wp-block-heading\">Reuni\u00f5es:<\/h1>\n\n\n\n<div class=\"wp-block-buttons is-content-justification-center is-layout-flex wp-block-buttons-is-layout-flex\">\n<div class=\"wp-block-button has-custom-width wp-block-button__width-50 is-style-outline is-style-outline--1\"><a class=\"wp-block-button__link has-white-color has-text-color has-background\" href=\"http:\/\/culturabc.com.br\/arquivo\/reunioes\/\" style=\"background-color:#472c0e\">ACESSE AQUI AS REUNI\u00d5ES<\/a><\/div>\n<\/div>\n<\/div><\/div>\n\n\n\n<div style=\"height:25px\" aria-hidden=\"true\" class=\"wp-block-spacer\"><\/div>\n\n\n\n<div class=\"wp-block-group alignfull has-white-color has-text-color has-background\" style=\"background-color:#1b4c5a\"><div class=\"wp-block-group__inner-container is-layout-flow wp-block-group-is-layout-flow\">\n<h1 class=\"has-text-align-center has-white-color has-text-color wp-block-heading\">Informativo:<\/h1>\n\n\n\n<div class=\"wp-block-buttons is-content-justification-center is-layout-flex wp-block-buttons-is-layout-flex\">\n<div class=\"wp-block-button has-custom-width wp-block-button__width-50 is-style-outline is-style-outline--2\"><a class=\"wp-block-button__link has-white-color has-text-color has-background\" href=\"http:\/\/culturabc.com.br\/arquivo\/informativo-digital.pdf\" style=\"background-color:#472c0e\" target=\"_blank\" rel=\"noreferrer noopener\">Clique aqui para baixar o informativo (ver\u00e3o pdf)<\/a><\/div>\n<\/div>\n<\/div><\/div>\n\n\n\n<div style=\"height:25px\" aria-hidden=\"true\" class=\"wp-block-spacer\"><\/div>\n\n\n\n<h1 class=\"has-text-align-center wp-block-heading\">Caf\u00e9 com Hist\u00f3ria: Mem\u00f3rias Contadas<\/h1>\n\n\n\n<div class=\"wp-block-columns is-layout-flex wp-container-core-columns-is-layout-9d6595d7 wp-block-columns-is-layout-flex\">\n<div class=\"wp-block-column is-layout-flow wp-block-column-is-layout-flow\" style=\"flex-basis:50%\">\n<div class=\"wp-block-group\"><div class=\"wp-block-group__inner-container is-layout-flow wp-block-group-is-layout-flow\">\n<p>Nesta publica\u00e7\u00e3o, o Arquivo Hist\u00f3rico de Balne\u00e1rio Cambori\u00fa pretende registrar e compartilhar o conhecimento da hist\u00f3ria de Balne\u00e1rio Cambori\u00fa, atrav\u00e9s das mem\u00f3rias contadas nas reuni\u00f5es do grupo \u201cCaf\u00e9 com Hist\u00f3ria\u201d, em que o resultado nos revela fatos e fotos importantes sobre as pessoas, datas, lugares, provocando discuss\u00e3o de temas e aspectos que comp\u00f5em a hist\u00f3ria do munic\u00edpio.<br>As imagens selecionadas para os encontros abrangem v\u00e1rios temas que fazem uma viagem no tempo e percorrem d\u00e9cadas de acontecimentos cotidianos e hist\u00f3ricos de fatos interessantes, curiosos e relevantes sobre Balne\u00e1rio Cambori\u00fa.<br>Assim, o Arquivo Hist\u00f3rico cumpre a sua fun\u00e7\u00e3o e faz um convite aos leitores para que conhe\u00e7am um pouco mais da hist\u00f3ria desta cidade atrav\u00e9s das fotografias, essa forma extraordin\u00e1ria de congelar o tempo, onde alguns colaboradores do Caf\u00e9 com Hist\u00f3ria puderam relembrar e revivenciar sentimentos, fazendo-os pensar sobre o passado, a partir do dado de materialidade que persiste na imagem.<br>Este \u00e9 o resultado de uma pesquisa realizada pela equipe profissional do Arquivo Hist\u00f3rico, com a proposta de disponibilizar registros sobre a mem\u00f3ria de nossa cidade.<\/p>\n<\/div><\/div>\n<\/div>\n\n\n\n<div class=\"wp-block-column is-layout-flow wp-block-column-is-layout-flow\" style=\"flex-basis:50%\">\n<figure class=\"wp-block-image size-large\"><img fetchpriority=\"high\" decoding=\"async\" width=\"500\" height=\"452\" src=\"http:\/\/culturabc.com.br\/arquivo\/wp-content\/uploads\/2021\/07\/capa-1.png\" alt=\"\" class=\"wp-image-25510\" srcset=\"https:\/\/culturabc.com.br\/arquivo\/wp-content\/uploads\/2021\/07\/capa-1.png 500w, https:\/\/culturabc.com.br\/arquivo\/wp-content\/uploads\/2021\/07\/capa-1-300x271.png 300w\" sizes=\"(max-width: 500px) 100vw, 500px\" \/><\/figure>\n<\/div>\n<\/div>\n\n\n\n<div class=\"wp-block-cover alignfull has-u-002-du-002-dast-global-color-6-background-color has-background-dim has-parallax has-ast-global-color-6-background-color\" style=\"background-image:url(http:\/\/culturabc.com.br\/arquivo\/wp-content\/uploads\/2021\/07\/foto2.jpg);min-height:500px;aspect-ratio:unset;\"><div class=\"wp-block-cover__inner-container is-layout-flow wp-block-cover-is-layout-flow\">\n<p><\/p>\n\n\n\n<p><\/p>\n<\/div><\/div>\n\n\n\n<div class=\"wp-block-group alignfull\"><div class=\"wp-block-group__inner-container is-layout-flow wp-block-group-is-layout-flow\">\n<h2 class=\"has-text-align-center wp-block-heading\">O Projeto Caf\u00e9 com Hist\u00f3ria<\/h2>\n\n\n\n<hr class=\"wp-block-separator aligncenter has-text-color has-background has-black-background-color has-black-color\"\/>\n\n\n\n<p>O Projeto \u201cCaf\u00e9 com Hist\u00f3ria\u201d come\u00e7ou com uma visita de Carlos Alberto Schlup ao Arquivo Hist\u00f3rico, no dia 01 de junho de 2016, que procurava uma foto de sua antiga resid\u00eancia, situada no centro da cidade.<br>Nesta visita, ele observou que nos arquivos de fotos existiam alguns erros de datas e locais nas legendas. Percebeu-se, ent\u00e3o, a necessidade de atualizar os dados do acervo iconogr\u00e1fico e a necessidade de uma for\u00e7a-tarefa para ajudar nessa atividade.<br>Carlos sugeriu o nome de algumas pessoas: Ademar Jos\u00e9 da Silva, \u00c1lvaro Ant\u00f4nio da Silva, Ant\u00f4nio Jorge de Borba e Jurandir Knabben.<br>E, assim, surgiu o \u201cCaf\u00e9 com Hist\u00f3ria\u201d, com encontros peri\u00f3dicos, no intuito de reunir pessoas que moram h\u00e1 tempo na cidade, para relatar suas hist\u00f3rias e identificar fotografias com pouca ou nenhuma informa\u00e7\u00e3o. O grupo inicial foi formado por Ademar Jos\u00e9 da Silva, \u00c1lvaro Ant\u00f4nio da Silva, Ant\u00f4nio Jorge de Borba, Carlos Alberto Schlup, Erotides da Silva Campos, Fernando Humberto Delatorre, Jurandir Knabben, Luiz Carlos Chedid, Marlene Buratto e Remi da Silva Os\u00f3rio.<\/p>\n\n\n\n<p>Em torno de uma mesa, o grupo identificava as fotografias selecionadas e compartilhava suas mem\u00f3rias dos momentos vividos.<\/p>\n\n\n\n<p>Logo, outros nomes foram sendo mencionados e come\u00e7aram a participar das reuni\u00f5es: Gert Hering, Isaque de Borba Corr\u00eaa, Jo\u00e3o Carlos da Silva, Jo\u00e3o Ricardo Scharf, Jos\u00e9 \u00c2ngelo Rebelo e L\u00facia Maria da Silva Nascimento. Desde o in\u00edcio do Projeto, j\u00e1 foram realizados 13 encontros, identificadas 381 imagens pelos colaboradores e muitas lembran\u00e7as foram compartilhadas.<br>Lembran\u00e7as e hist\u00f3rias individuais sobre fatos relevantes, locais, pessoas e acontecimentos que faladas v\u00e3o aflorando a mem\u00f3ria coletiva do grupo e ajudando a construir a identidade da nossa comunidade e compor a hist\u00f3ria do nosso munic\u00edpio.<\/p>\n<\/div><\/div>\n\n\n\n<div class=\"wp-block-cover alignfull has-u-002-du-002-dast-global-color-6-background-color has-background-dim has-parallax has-ast-global-color-6-background-color\" style=\"background-image:url(http:\/\/culturabc.com.br\/arquivo\/wp-content\/uploads\/2021\/07\/foto3.jpg);min-height:500px;aspect-ratio:unset;\"><div class=\"wp-block-cover__inner-container is-layout-flow wp-block-cover-is-layout-flow\">\n<p><\/p>\n<\/div><\/div>\n\n\n\n<div class=\"wp-block-group alignfull\"><div class=\"wp-block-group__inner-container is-layout-flow wp-block-group-is-layout-flow\">\n<h2 class=\"has-text-align-center wp-block-heading\">Colaboradores:<\/h2>\n\n\n\n<hr class=\"wp-block-separator aligncenter has-text-color has-background has-black-background-color has-black-color\"\/>\n\n\n\n<div class=\"wp-block-columns is-layout-flex wp-container-core-columns-is-layout-9d6595d7 wp-block-columns-is-layout-flex\">\n<div class=\"wp-block-column is-layout-flow wp-block-column-is-layout-flow\" style=\"flex-basis:33.33%\">\n<p><strong>Carlos Alberto Schlup<\/strong>:<br>Nasceu em 23 de outubro de 1952, em Rio do Sul (SC). A fam\u00edlia chegou na Praia de Cambori\u00fa em 1963. Moravam no beco que posteriormente passou a se chamar Rua 1011. As aventuras e as brincadeiras com os amigos na inf\u00e2ncia, o in\u00edcio da constru\u00e7\u00e3o civil e a transforma\u00e7\u00e3o da cidade est\u00e3o guardadas na sua mem\u00f3ria.<\/p>\n\n\n\n<figure class=\"wp-block-image size-large\"><img decoding=\"async\" width=\"800\" height=\"800\" src=\"http:\/\/culturabc.com.br\/arquivo\/wp-content\/uploads\/2021\/07\/colabs2.jpg\" alt=\"\" class=\"wp-image-25534\" srcset=\"https:\/\/culturabc.com.br\/arquivo\/wp-content\/uploads\/2021\/07\/colabs2.jpg 800w, https:\/\/culturabc.com.br\/arquivo\/wp-content\/uploads\/2021\/07\/colabs2-300x300.jpg 300w, https:\/\/culturabc.com.br\/arquivo\/wp-content\/uploads\/2021\/07\/colabs2-150x150.jpg 150w, https:\/\/culturabc.com.br\/arquivo\/wp-content\/uploads\/2021\/07\/colabs2-768x768.jpg 768w\" sizes=\"(max-width: 800px) 100vw, 800px\" \/><\/figure>\n<\/div>\n\n\n\n<div class=\"wp-block-column is-layout-flow wp-block-column-is-layout-flow\" style=\"flex-basis:33.33%\">\n<p><strong>Ademar Jos\u00e9 da Silva<\/strong><br>Nasceu em 22 de maio de 1944, no Distrito da Praia de Cambori\u00fa. \u00c9 filho dos pioneiros Rosinha e Bruno Silva que aqui fixaram resid\u00eancia em 1940. Ligado \u00e0 pol\u00edtica, ao esporte e \u00e0 cultura da cidade, foi fundador do Col\u00e9gio Bruno Silva, no ano 1965, com seu irm\u00e3o \u00c1lvaro Silva. Foi Diretor Esportivo da Comiss\u00e3o Municipal de Esportes de Balne\u00e1rio Cambori\u00fa e fundou o Autom\u00f3vel Clube e Social em 1978.<\/p>\n\n\n\n<figure class=\"wp-block-image size-large\"><img decoding=\"async\" width=\"800\" height=\"800\" src=\"http:\/\/culturabc.com.br\/arquivo\/wp-content\/uploads\/2021\/07\/colabs.jpg\" alt=\"\" class=\"wp-image-25536\" srcset=\"https:\/\/culturabc.com.br\/arquivo\/wp-content\/uploads\/2021\/07\/colabs.jpg 800w, https:\/\/culturabc.com.br\/arquivo\/wp-content\/uploads\/2021\/07\/colabs-300x300.jpg 300w, https:\/\/culturabc.com.br\/arquivo\/wp-content\/uploads\/2021\/07\/colabs-150x150.jpg 150w, https:\/\/culturabc.com.br\/arquivo\/wp-content\/uploads\/2021\/07\/colabs-768x768.jpg 768w\" sizes=\"(max-width: 800px) 100vw, 800px\" \/><\/figure>\n<\/div>\n\n\n\n<div class=\"wp-block-column is-layout-flow wp-block-column-is-layout-flow\" style=\"flex-basis:33.33%\">\n<p><strong>\u00c1lvaro Ant\u00f4nio da Silva (in memoriam)<\/strong><br>Nasceu em 07 de janeiro de 1939, em Gaspar (SC). \u00c9 filho dos pioneiros Rosinha e Bruno Silva que aqui fixaram resid\u00eancia em 1940. Foi um dos fundadores do munic\u00edpio de Balne\u00e1rio Cambori\u00fa e teve importante participa\u00e7\u00e3o no desenvolvimento da cidade. Ocupou diversos cargos na esfera municipal e estadual e foi de suma import\u00e2ncia para a cultura de nosso munic\u00edpio. Faleceu aos 81 anos, em 21 de dezembro de 2020.<\/p>\n\n\n\n<figure class=\"wp-block-image size-large\"><img loading=\"lazy\" decoding=\"async\" width=\"800\" height=\"800\" src=\"http:\/\/culturabc.com.br\/arquivo\/wp-content\/uploads\/2021\/07\/colabs3.jpg\" alt=\"\" class=\"wp-image-25537\" srcset=\"https:\/\/culturabc.com.br\/arquivo\/wp-content\/uploads\/2021\/07\/colabs3.jpg 800w, https:\/\/culturabc.com.br\/arquivo\/wp-content\/uploads\/2021\/07\/colabs3-300x300.jpg 300w, https:\/\/culturabc.com.br\/arquivo\/wp-content\/uploads\/2021\/07\/colabs3-150x150.jpg 150w, https:\/\/culturabc.com.br\/arquivo\/wp-content\/uploads\/2021\/07\/colabs3-768x768.jpg 768w\" sizes=\"(max-width: 800px) 100vw, 800px\" \/><\/figure>\n<\/div>\n<\/div>\n<\/div><\/div>\n\n\n\n<div class=\"wp-block-group alignfull\"><div class=\"wp-block-group__inner-container is-layout-flow wp-block-group-is-layout-flow\">\n<div class=\"wp-block-columns is-layout-flex wp-container-core-columns-is-layout-9d6595d7 wp-block-columns-is-layout-flex\">\n<div class=\"wp-block-column is-layout-flow wp-block-column-is-layout-flow\" style=\"flex-basis:33.33%\">\n<p><strong>Ant\u00f4nio Jorge de Borba<\/strong><br>Nasceu em 30 de setembro de 1952, no Distrito da Praia de Cambori\u00fa. Foi carteiro e gerenciou a ag\u00eancia dos correios de Balne\u00e1rio Cambori\u00fa por 16 anos. Apaixonado por fotografias, possui um acervo aproximado de 60 mil fotografias de Balne\u00e1rio Cambori\u00fa.<\/p>\n\n\n\n<figure class=\"wp-block-image size-large\"><img loading=\"lazy\" decoding=\"async\" width=\"800\" height=\"800\" src=\"http:\/\/culturabc.com.br\/arquivo\/wp-content\/uploads\/2021\/07\/4.jpg\" alt=\"\" class=\"wp-image-25542\" srcset=\"https:\/\/culturabc.com.br\/arquivo\/wp-content\/uploads\/2021\/07\/4.jpg 800w, https:\/\/culturabc.com.br\/arquivo\/wp-content\/uploads\/2021\/07\/4-300x300.jpg 300w, https:\/\/culturabc.com.br\/arquivo\/wp-content\/uploads\/2021\/07\/4-150x150.jpg 150w, https:\/\/culturabc.com.br\/arquivo\/wp-content\/uploads\/2021\/07\/4-768x768.jpg 768w\" sizes=\"(max-width: 800px) 100vw, 800px\" \/><\/figure>\n<\/div>\n\n\n\n<div class=\"wp-block-column is-layout-flow wp-block-column-is-layout-flow\" style=\"flex-basis:33.33%\">\n<p><strong>Erotides da Silva Campos<\/strong><br>Nasceu em 24 de mar\u00e7o de 1952, no munic\u00edpio de Cambori\u00fa. Professora, ingressou na Prefeitura em mar\u00e7o de 1973. No ano de 1977, foi nomeada Diretora da Escola Professor Armando C\u00e9sar Ghislandi, permanecendo at\u00e9 1989. Aposentou-se em 1998.<\/p>\n\n\n\n<figure class=\"wp-block-image size-large\"><img loading=\"lazy\" decoding=\"async\" width=\"800\" height=\"800\" src=\"http:\/\/culturabc.com.br\/arquivo\/wp-content\/uploads\/2021\/07\/colabs5.jpg\" alt=\"\" class=\"wp-image-25543\" srcset=\"https:\/\/culturabc.com.br\/arquivo\/wp-content\/uploads\/2021\/07\/colabs5.jpg 800w, https:\/\/culturabc.com.br\/arquivo\/wp-content\/uploads\/2021\/07\/colabs5-300x300.jpg 300w, https:\/\/culturabc.com.br\/arquivo\/wp-content\/uploads\/2021\/07\/colabs5-150x150.jpg 150w, https:\/\/culturabc.com.br\/arquivo\/wp-content\/uploads\/2021\/07\/colabs5-768x768.jpg 768w\" sizes=\"(max-width: 800px) 100vw, 800px\" \/><\/figure>\n<\/div>\n\n\n\n<div class=\"wp-block-column is-layout-flow wp-block-column-is-layout-flow\" style=\"flex-basis:33.33%\">\n<p><strong>Fernando Humberto Delatorre<\/strong><br>Nasceu em 23 de julho de 1945, em Tangar\u00e1 (SC). Sua fam\u00edlia veio para a Praia de Cambori\u00fa em 1958. Fernando seguiu os passos do pai, Eduardo Delatorre, na constru\u00e7\u00e3o civil e na paix\u00e3o pelo cinema. A fam\u00edlia Delatorre instalou os extintos Cinerama e Auto Cine, e o Cine It\u00e1lia, em atividade. Inaugurou o Museu da Imagem e do Som, que possui um acervo de equipamentos e importantes documentos hist\u00f3ricos.<\/p>\n\n\n\n<figure class=\"wp-block-image size-large\"><img loading=\"lazy\" decoding=\"async\" width=\"800\" height=\"800\" src=\"http:\/\/culturabc.com.br\/arquivo\/wp-content\/uploads\/2021\/07\/colabs6.jpg\" alt=\"\" class=\"wp-image-25544\" srcset=\"https:\/\/culturabc.com.br\/arquivo\/wp-content\/uploads\/2021\/07\/colabs6.jpg 800w, https:\/\/culturabc.com.br\/arquivo\/wp-content\/uploads\/2021\/07\/colabs6-300x300.jpg 300w, https:\/\/culturabc.com.br\/arquivo\/wp-content\/uploads\/2021\/07\/colabs6-150x150.jpg 150w, https:\/\/culturabc.com.br\/arquivo\/wp-content\/uploads\/2021\/07\/colabs6-768x768.jpg 768w\" sizes=\"(max-width: 800px) 100vw, 800px\" \/><\/figure>\n<\/div>\n<\/div>\n<\/div><\/div>\n\n\n\n<div class=\"wp-block-group alignfull\"><div class=\"wp-block-group__inner-container is-layout-flow wp-block-group-is-layout-flow\">\n<div class=\"wp-block-columns is-layout-flex wp-container-core-columns-is-layout-9d6595d7 wp-block-columns-is-layout-flex\">\n<div class=\"wp-block-column is-layout-flow wp-block-column-is-layout-flow\" style=\"flex-basis:33.33%\">\n<p><strong>Ant\u00f4nio Jorge de Borba<\/strong><br>Nasceu em 30 de setembro de 1952, no Distrito da Praia de Cambori\u00fa. Foi carteiro e gerenciou a ag\u00eancia dos correios de Balne\u00e1rio Cambori\u00fa por 16 anos. Apaixonado por fotografias, possui um acervo aproximado de 60 mil fotografias de Balne\u00e1rio Cambori\u00fa.<\/p>\n\n\n\n<figure class=\"wp-block-image size-large\"><img loading=\"lazy\" decoding=\"async\" width=\"800\" height=\"800\" src=\"http:\/\/culturabc.com.br\/arquivo\/wp-content\/uploads\/2021\/07\/colabs7.jpg\" alt=\"\" class=\"wp-image-25547\" srcset=\"https:\/\/culturabc.com.br\/arquivo\/wp-content\/uploads\/2021\/07\/colabs7.jpg 800w, https:\/\/culturabc.com.br\/arquivo\/wp-content\/uploads\/2021\/07\/colabs7-300x300.jpg 300w, https:\/\/culturabc.com.br\/arquivo\/wp-content\/uploads\/2021\/07\/colabs7-150x150.jpg 150w, https:\/\/culturabc.com.br\/arquivo\/wp-content\/uploads\/2021\/07\/colabs7-768x768.jpg 768w\" sizes=\"(max-width: 800px) 100vw, 800px\" \/><\/figure>\n<\/div>\n\n\n\n<div class=\"wp-block-column is-layout-flow wp-block-column-is-layout-flow\" style=\"flex-basis:33.33%\">\n<p><strong>Isaque de Borba Corr\u00eaa<\/strong><br>Nasceu no dia 13 de novembro de 1960, no Distrito da Praia de Cambori\u00fa. Escritor, descendente de pescadores e antigos povoadores da regi\u00e3o do Canto da Praia, \u00e9 filho de Germano Corr\u00eaa e Almira de Borba Corr\u00eaa. H\u00e1 mais de 30 anos, Isaque estuda e cuida da hist\u00f3ria e mem\u00f3ria de nossa cidade. Seus estudos e pesquisas resultaram na cria\u00e7\u00e3o dos arquivos hist\u00f3ricos de Cambori\u00fa e de Balne\u00e1rio Cambori\u00fa.<\/p>\n\n\n\n<figure class=\"wp-block-image size-large\"><img loading=\"lazy\" decoding=\"async\" width=\"800\" height=\"800\" src=\"http:\/\/culturabc.com.br\/arquivo\/wp-content\/uploads\/2021\/07\/colabs8.jpg\" alt=\"\" class=\"wp-image-25548\" srcset=\"https:\/\/culturabc.com.br\/arquivo\/wp-content\/uploads\/2021\/07\/colabs8.jpg 800w, https:\/\/culturabc.com.br\/arquivo\/wp-content\/uploads\/2021\/07\/colabs8-300x300.jpg 300w, https:\/\/culturabc.com.br\/arquivo\/wp-content\/uploads\/2021\/07\/colabs8-150x150.jpg 150w, https:\/\/culturabc.com.br\/arquivo\/wp-content\/uploads\/2021\/07\/colabs8-768x768.jpg 768w\" sizes=\"(max-width: 800px) 100vw, 800px\" \/><\/figure>\n<\/div>\n\n\n\n<div class=\"wp-block-column is-layout-flow wp-block-column-is-layout-flow\" style=\"flex-basis:33.33%\">\n<p><strong>Jo\u00e3o Carlos da Silva<\/strong><br>Nasceu em 28 de junho de 1956, na cidade de Lages (SC). Filho de Jo\u00e3o Maria da Silva e Maria Genoveva da Silva, reside na Praia de Cambori\u00fa desde o ano de 1959. Foi funcion\u00e1rio p\u00fablico federal dos Correios, trabalhou no Banco do Estado de Santa Catarina (BESC) e ocupou diversos cargos na esfera municipal. Atua no ramo de transporte de cargas e de passageiros.<\/p>\n\n\n\n<figure class=\"wp-block-image size-large\"><img loading=\"lazy\" decoding=\"async\" width=\"800\" height=\"800\" src=\"http:\/\/culturabc.com.br\/arquivo\/wp-content\/uploads\/2021\/07\/colabs9.jpg\" alt=\"\" class=\"wp-image-25549\" srcset=\"https:\/\/culturabc.com.br\/arquivo\/wp-content\/uploads\/2021\/07\/colabs9.jpg 800w, https:\/\/culturabc.com.br\/arquivo\/wp-content\/uploads\/2021\/07\/colabs9-300x300.jpg 300w, https:\/\/culturabc.com.br\/arquivo\/wp-content\/uploads\/2021\/07\/colabs9-150x150.jpg 150w, https:\/\/culturabc.com.br\/arquivo\/wp-content\/uploads\/2021\/07\/colabs9-768x768.jpg 768w\" sizes=\"(max-width: 800px) 100vw, 800px\" \/><\/figure>\n<\/div>\n<\/div>\n<\/div><\/div>\n\n\n\n<div class=\"wp-block-group alignfull\"><div class=\"wp-block-group__inner-container is-layout-flow wp-block-group-is-layout-flow\">\n<div class=\"wp-block-columns is-layout-flex wp-container-core-columns-is-layout-9d6595d7 wp-block-columns-is-layout-flex\">\n<div class=\"wp-block-column is-layout-flow wp-block-column-is-layout-flow\" style=\"flex-basis:33.33%\">\n<p><strong>Jo\u00e3o Ricardo Scharf<\/strong><br>Nasceu em 17 de fevereiro de 1969, na cidade de Blumenau (SC). \u00c9 corretor de im\u00f3veis e fot\u00f3grafo profissional, com 37 anos de carreira. Filho e neto de fot\u00f3grafos, come\u00e7ou a ter contato com uma c\u00e2mera quando ainda era crian\u00e7a. Divide seus conhecimentos atrav\u00e9s de cursos, aulas individuais e workshops para quem tem interesse em aprimorar suas t\u00e9cnicas fotogr\u00e1ficas.<\/p>\n\n\n\n<figure class=\"wp-block-image size-large\"><img loading=\"lazy\" decoding=\"async\" width=\"800\" height=\"800\" src=\"http:\/\/culturabc.com.br\/arquivo\/wp-content\/uploads\/2021\/07\/colabs11.jpg\" alt=\"\" class=\"wp-image-25550\" srcset=\"https:\/\/culturabc.com.br\/arquivo\/wp-content\/uploads\/2021\/07\/colabs11.jpg 800w, https:\/\/culturabc.com.br\/arquivo\/wp-content\/uploads\/2021\/07\/colabs11-300x300.jpg 300w, https:\/\/culturabc.com.br\/arquivo\/wp-content\/uploads\/2021\/07\/colabs11-150x150.jpg 150w, https:\/\/culturabc.com.br\/arquivo\/wp-content\/uploads\/2021\/07\/colabs11-768x768.jpg 768w\" sizes=\"(max-width: 800px) 100vw, 800px\" \/><\/figure>\n<\/div>\n\n\n\n<div class=\"wp-block-column is-layout-flow wp-block-column-is-layout-flow\" style=\"flex-basis:33.33%\">\n<p><strong>Jos\u00e9 \u00c2ngelo Rebelo<\/strong><br>Nasceu em 22 de outubro de 1950, na cidade de Cambori\u00fa (SC). Escritor, Engenheiro Agr\u00f4nomo, com doutorado em Agronomia, est\u00e1 aposentado como pesquisador da Epagri. Tem v\u00e1rias publica\u00e7\u00f5es profissionais e, por gostar de ler e de escrever, publicou outros livros como \u201cSem Hist\u00f3ria N\u00e3o D\u00e1: e assim se fez em Cambori\u00fa\u201d, \u201cO Menino e a Pedreira\u201d, \u201cCambori\u00fa 120 anos\u201d, entre outras publica\u00e7\u00f5es.<\/p>\n\n\n\n<figure class=\"wp-block-image size-large\"><img loading=\"lazy\" decoding=\"async\" width=\"800\" height=\"800\" src=\"http:\/\/culturabc.com.br\/arquivo\/wp-content\/uploads\/2021\/07\/colabs10.jpg\" alt=\"\" class=\"wp-image-25551\" srcset=\"https:\/\/culturabc.com.br\/arquivo\/wp-content\/uploads\/2021\/07\/colabs10.jpg 800w, https:\/\/culturabc.com.br\/arquivo\/wp-content\/uploads\/2021\/07\/colabs10-300x300.jpg 300w, https:\/\/culturabc.com.br\/arquivo\/wp-content\/uploads\/2021\/07\/colabs10-150x150.jpg 150w, https:\/\/culturabc.com.br\/arquivo\/wp-content\/uploads\/2021\/07\/colabs10-768x768.jpg 768w\" sizes=\"(max-width: 800px) 100vw, 800px\" \/><\/figure>\n<\/div>\n\n\n\n<div class=\"wp-block-column is-layout-flow wp-block-column-is-layout-flow\" style=\"flex-basis:33.33%\">\n<p><strong>Jurandir Knabben<\/strong><br>Nasceu em 08 de junho de 1946, em Gravatal (SC). Reside em Balne\u00e1rio Cambori\u00fa desde dezembro de 1973. Engenheiro Civil e Historiador, iniciou o mapeamento geneal\u00f3gico da fam\u00edlia como hobby. Foi quem deu o primeiro passo para a cria\u00e7\u00e3o do Arquivo Hist\u00f3rico de Balne\u00e1rio Cambori\u00fa em 1992, e procurou contribuir com o patrim\u00f4nio hist\u00f3rico da cidade.<\/p>\n\n\n\n<figure class=\"wp-block-image size-large\"><img loading=\"lazy\" decoding=\"async\" width=\"800\" height=\"800\" src=\"http:\/\/culturabc.com.br\/arquivo\/wp-content\/uploads\/2021\/07\/colabs12.jpg\" alt=\"\" class=\"wp-image-25552\" srcset=\"https:\/\/culturabc.com.br\/arquivo\/wp-content\/uploads\/2021\/07\/colabs12.jpg 800w, https:\/\/culturabc.com.br\/arquivo\/wp-content\/uploads\/2021\/07\/colabs12-300x300.jpg 300w, https:\/\/culturabc.com.br\/arquivo\/wp-content\/uploads\/2021\/07\/colabs12-150x150.jpg 150w, https:\/\/culturabc.com.br\/arquivo\/wp-content\/uploads\/2021\/07\/colabs12-768x768.jpg 768w\" sizes=\"(max-width: 800px) 100vw, 800px\" \/><\/figure>\n<\/div>\n<\/div>\n<\/div><\/div>\n\n\n\n<div class=\"wp-block-group alignfull\"><div class=\"wp-block-group__inner-container is-layout-flow wp-block-group-is-layout-flow\">\n<div class=\"wp-block-columns is-layout-flex wp-container-core-columns-is-layout-9d6595d7 wp-block-columns-is-layout-flex\">\n<div class=\"wp-block-column is-layout-flow wp-block-column-is-layout-flow\" style=\"flex-basis:33.33%\">\n<p><strong>L\u00facia Maria da Silva Nascimento<\/strong><br>Nasceu no dia 25 de setembro de 1951, no Distrito da Praia de Cambori\u00fa. Come\u00e7ou a lecionar na Escola da Barra, \u00e0s margens do Rio Cambori\u00fa. Em 1973 lecionou no Col\u00e9gio Professor Armando C\u00e9sar Ghislandi, onde tamb\u00e9m foi diretora e trabalhou at\u00e9 1978. No segundo mandato de Ghislandi, assumiu como Secret\u00e1ria do Colegiado da Educa\u00e7\u00e3o, permanecendo at\u00e9 1983.<\/p>\n\n\n\n<figure class=\"wp-block-image size-large\"><img loading=\"lazy\" decoding=\"async\" width=\"800\" height=\"800\" src=\"http:\/\/culturabc.com.br\/arquivo\/wp-content\/uploads\/2021\/07\/colabs14.jpg\" alt=\"\" class=\"wp-image-25555\" srcset=\"https:\/\/culturabc.com.br\/arquivo\/wp-content\/uploads\/2021\/07\/colabs14.jpg 800w, https:\/\/culturabc.com.br\/arquivo\/wp-content\/uploads\/2021\/07\/colabs14-300x300.jpg 300w, https:\/\/culturabc.com.br\/arquivo\/wp-content\/uploads\/2021\/07\/colabs14-150x150.jpg 150w, https:\/\/culturabc.com.br\/arquivo\/wp-content\/uploads\/2021\/07\/colabs14-768x768.jpg 768w\" sizes=\"(max-width: 800px) 100vw, 800px\" \/><\/figure>\n<\/div>\n\n\n\n<div class=\"wp-block-column is-layout-flow wp-block-column-is-layout-flow\" style=\"flex-basis:33.33%\">\n<p><strong>Luiz Carlos Chedid (in memoriam)<\/strong><br>Nasceu no dia 31 de mar\u00e7o de 1940, em Florian\u00f3polis (SC). A hist\u00f3ria de vida de Chedid \u00e9 ligada \u00e0 hist\u00f3ria da cidade. Fixou resid\u00eancia em Balne\u00e1rio Cambori\u00fa em 1966. Em 1967, foi convidado para organizar o setor municipal de turismo pelo Prefeito Higino Pio. Foi colaborador de v\u00e1rios governos e viu a cidade se transformar. Criou o Projeto Mem\u00f3ria, que consiste num levantamento biogr\u00e1fico de pessoas que ajudaram a compor a hist\u00f3ria do munic\u00edpio. Faleceu em 20 de mar\u00e7o de 2020.<\/p>\n\n\n\n<figure class=\"wp-block-image size-large\"><img loading=\"lazy\" decoding=\"async\" width=\"800\" height=\"800\" src=\"http:\/\/culturabc.com.br\/arquivo\/wp-content\/uploads\/2021\/07\/colabs13.jpg\" alt=\"\" class=\"wp-image-25556\" srcset=\"https:\/\/culturabc.com.br\/arquivo\/wp-content\/uploads\/2021\/07\/colabs13.jpg 800w, https:\/\/culturabc.com.br\/arquivo\/wp-content\/uploads\/2021\/07\/colabs13-300x300.jpg 300w, https:\/\/culturabc.com.br\/arquivo\/wp-content\/uploads\/2021\/07\/colabs13-150x150.jpg 150w, https:\/\/culturabc.com.br\/arquivo\/wp-content\/uploads\/2021\/07\/colabs13-768x768.jpg 768w\" sizes=\"(max-width: 800px) 100vw, 800px\" \/><\/figure>\n<\/div>\n\n\n\n<div class=\"wp-block-column is-layout-flow wp-block-column-is-layout-flow\" style=\"flex-basis:33.33%\">\n<p><strong>Marlene Buratto<\/strong><br>Nasceu em 14 de maio de 1940, em Bom Retiro (SC). Reside em Balne\u00e1rio Cambori\u00fa desde 1966. Foi Secret\u00e1ria de Educa\u00e7\u00e3o, Presidente do Conselho Municipal de Cultura, Coordenadora do Curso de Turismo e Hotelaria e Diretora Geral do Campus II da Univali, em Balne\u00e1rio Cambori\u00fa, sendo a respons\u00e1vel por sua implanta\u00e7\u00e3o e pela concep\u00e7\u00e3o de suas \u00e1reas de atua\u00e7\u00e3o.<\/p>\n\n\n\n<figure class=\"wp-block-image size-large\"><img loading=\"lazy\" decoding=\"async\" width=\"800\" height=\"800\" src=\"http:\/\/culturabc.com.br\/arquivo\/wp-content\/uploads\/2021\/07\/colabs15.jpg\" alt=\"\" class=\"wp-image-25557\" srcset=\"https:\/\/culturabc.com.br\/arquivo\/wp-content\/uploads\/2021\/07\/colabs15.jpg 800w, https:\/\/culturabc.com.br\/arquivo\/wp-content\/uploads\/2021\/07\/colabs15-300x300.jpg 300w, https:\/\/culturabc.com.br\/arquivo\/wp-content\/uploads\/2021\/07\/colabs15-150x150.jpg 150w, https:\/\/culturabc.com.br\/arquivo\/wp-content\/uploads\/2021\/07\/colabs15-768x768.jpg 768w\" sizes=\"(max-width: 800px) 100vw, 800px\" \/><\/figure>\n<\/div>\n<\/div>\n<\/div><\/div>\n\n\n\n<div class=\"wp-block-group alignfull\"><div class=\"wp-block-group__inner-container is-layout-flow wp-block-group-is-layout-flow\">\n<div class=\"wp-block-columns is-layout-flex wp-container-core-columns-is-layout-9d6595d7 wp-block-columns-is-layout-flex\">\n<div class=\"wp-block-column is-layout-flow wp-block-column-is-layout-flow\" style=\"flex-basis:33.33%\"><\/div>\n\n\n\n<div class=\"wp-block-column is-layout-flow wp-block-column-is-layout-flow\" style=\"flex-basis:33.33%\">\n<p><strong>Remi da Silva Os\u00f3rio<\/strong><br>Nasceu em 19 de agosto de 1948, na cidade de Itaja\u00ed (SC). Reside em Balne\u00e1rio Cambori\u00fa h\u00e1 mais de 50 anos. Iniciou como professora na Prefeitura em 1971, no Col\u00e9gio Municipal Ivo Silveira, onde tamb\u00e9m foi diretora. Foi eleita vereadora em 1982 e reeleita em 1988 e em 1993. No segundo mandato, foi eleita a primeira mulher Presidente da C\u00e2mara de Vereadores de Balne\u00e1rio Cambori\u00fa. Participou do primeiro Plano de Educa\u00e7\u00e3o.<\/p>\n\n\n\n<figure class=\"wp-block-image size-large\"><img loading=\"lazy\" decoding=\"async\" width=\"800\" height=\"800\" src=\"http:\/\/culturabc.com.br\/arquivo\/wp-content\/uploads\/2021\/07\/colabs16.jpg\" alt=\"\" class=\"wp-image-25558\" srcset=\"https:\/\/culturabc.com.br\/arquivo\/wp-content\/uploads\/2021\/07\/colabs16.jpg 800w, https:\/\/culturabc.com.br\/arquivo\/wp-content\/uploads\/2021\/07\/colabs16-300x300.jpg 300w, https:\/\/culturabc.com.br\/arquivo\/wp-content\/uploads\/2021\/07\/colabs16-150x150.jpg 150w, https:\/\/culturabc.com.br\/arquivo\/wp-content\/uploads\/2021\/07\/colabs16-768x768.jpg 768w\" sizes=\"(max-width: 800px) 100vw, 800px\" \/><\/figure>\n<\/div>\n\n\n\n<div class=\"wp-block-column is-layout-flow wp-block-column-is-layout-flow\" style=\"flex-basis:33.33%\"><\/div>\n<\/div>\n<\/div><\/div>\n\n\n\n<h2 class=\"alignfull has-text-align-center has-white-color has-text-color has-background wp-block-heading\" style=\"background-color:#1b4c5a\"><strong>In Memoriam<\/strong><\/h2>\n\n\n\n<div class=\"wp-block-cover alignwide has-u-002-du-002-dast-global-color-6-background-color has-background-dim has-ast-global-color-6-background-color\" style=\"min-height:800px;aspect-ratio:unset;\"><img loading=\"lazy\" decoding=\"async\" width=\"1920\" height=\"1280\" class=\"wp-block-cover__image-background wp-image-25559\" alt=\"\" src=\"http:\/\/culturabc.com.br\/arquivo\/wp-content\/uploads\/2021\/07\/foto4.jpg\" data-object-fit=\"cover\" srcset=\"https:\/\/culturabc.com.br\/arquivo\/wp-content\/uploads\/2021\/07\/foto4.jpg 1920w, https:\/\/culturabc.com.br\/arquivo\/wp-content\/uploads\/2021\/07\/foto4-300x200.jpg 300w, https:\/\/culturabc.com.br\/arquivo\/wp-content\/uploads\/2021\/07\/foto4-1024x683.jpg 1024w, https:\/\/culturabc.com.br\/arquivo\/wp-content\/uploads\/2021\/07\/foto4-768x512.jpg 768w, https:\/\/culturabc.com.br\/arquivo\/wp-content\/uploads\/2021\/07\/foto4-1536x1024.jpg 1536w\" sizes=\"(max-width: 1920px) 100vw, 1920px\" \/><div class=\"wp-block-cover__inner-container is-layout-flow wp-block-cover-is-layout-flow\">\n<p><\/p>\n<\/div><\/div>\n\n\n\n<div style=\"height:20px\" aria-hidden=\"true\" class=\"wp-block-spacer\"><\/div>\n\n\n\n<p>No ano de 2020, o Arquivo Hist\u00f3rico de Balne\u00e1rio Cambori\u00fa perdeu dois grandes colaboradores, \u00c1lvaro Ant\u00f4nio da Silva e Luiz Carlos Chedid. A equipe do Arquivo Hist\u00f3rico e os colaboradores do \u201cCaf\u00e9 com Hist\u00f3ria\u201d tiveram a honra de conviver com eles desde o in\u00edcio do projeto, em 2016.<br>Nas reuni\u00f5es do grupo, pudemos ouvir suas hist\u00f3rias, reviver suas lembran\u00e7as e resgatar mem\u00f3rias sobre fatos relevantes para o desenvolvimento do munic\u00edpio de Balne\u00e1rio Cambori\u00fa. Esses colaboradores estar\u00e3o para sempre eternizados em nossas mem\u00f3rias!<\/p>\n\n\n\n<div style=\"height:40px\" aria-hidden=\"true\" class=\"wp-block-spacer\"><\/div>\n\n\n\n<h2 class=\"alignfull has-text-align-center has-white-color has-text-color has-background wp-block-heading\" style=\"background-color:#1b4c5a\"><strong>Cr\u00e9ditos<\/strong><\/h2>\n\n\n\n<div style=\"height:20px\" aria-hidden=\"true\" class=\"wp-block-spacer\"><\/div>\n\n\n\n<p>Boletim Informativo Caf\u00e9 com Hist\u00f3ria: Mem\u00f3rias Contadas \u2013 Ano 01 \u2013 Edi\u00e7\u00e3o 001 \u2013 Julho de 2021<br>Expediente: Publica\u00e7\u00e3o do Arquivo Hist\u00f3rico de Balne\u00e1rio Cambori\u00fa &#8211; Distribui\u00e7\u00e3o Gratuita<br>Prefeitura de Balne\u00e1rio Cambori\u00fa \u2013 Administra\u00e7\u00e3o Fabr\u00edcio Jos\u00e9 Satiro de Oliveira<br>Funda\u00e7\u00e3o Cultural de Balne\u00e1rio Cambori\u00fa \u2013 Presidente Denize Leite<br>Diretora de Artes: Lilian Martins Camargo<br>Coordenadora de Mem\u00f3ria, Patrim\u00f4nio e Informa\u00e7\u00e3o: Jamille Xavier de Liz<br>Textos, Projeto Gr\u00e1fico, Diagrama\u00e7\u00e3o e Transcri\u00e7\u00f5es: Gisele Castro Cardozo, Karin Lodder Xavier e Zuleide Pavan<br>Revis\u00e3o: Hayd\u00e9e Assanti<br>Colabora\u00e7\u00e3o: Guilherme Schumacher e Silvana Reinert Stoll<br>Fotografias: Acervo Arquivo Hist\u00f3rico de Balne\u00e1rio Cambori\u00fa e doa\u00e7\u00f5es<br>Fonte das Informa\u00e7\u00f5es: Acervo Arquivo Hist\u00f3rico de Balne\u00e1rio Cambori\u00fa &#8211; Projeto Caf\u00e9 com Hist\u00f3ria<br>E-mail: arquivo@bc.sc.gov.br<\/p>\n\n\n\n<p>Hotsite: Guilherme Schumacher<\/p>\n\n\n\n<p><\/p>\n","protected":false},"excerpt":{"rendered":"<p>Reuni\u00f5es: Informativo: Caf\u00e9 com Hist\u00f3ria: Mem\u00f3rias Contadas Nesta publica\u00e7\u00e3o, o Arquivo Hist\u00f3rico de Balne\u00e1rio Cambori\u00fa pretende registrar e compartilhar o conhecimento da hist\u00f3ria de Balne\u00e1rio Cambori\u00fa, atrav\u00e9s das mem\u00f3rias contadas nas reuni\u00f5es do grupo \u201cCaf\u00e9 com Hist\u00f3ria\u201d, em que o resultado nos revela fatos e fotos importantes sobre as pessoas, datas, lugares, provocando discuss\u00e3o de &hellip;<\/p>\n<p class=\"read-more\"> <a class=\"\" href=\"https:\/\/culturabc.com.br\/arquivo\/\"> <span class=\"screen-reader-text\">Home<\/span> Leia mais &raquo;<\/a><\/p>\n","protected":false},"author":1,"featured_media":0,"parent":0,"menu_order":0,"comment_status":"closed","ping_status":"closed","template":"","meta":{"footnotes":""},"class_list":["post-5","page","type-page","status-publish","hentry"],"_links":{"self":[{"href":"https:\/\/culturabc.com.br\/arquivo\/wp-json\/wp\/v2\/pages\/5","targetHints":{"allow":["GET"]}}],"collection":[{"href":"https:\/\/culturabc.com.br\/arquivo\/wp-json\/wp\/v2\/pages"}],"about":[{"href":"https:\/\/culturabc.com.br\/arquivo\/wp-json\/wp\/v2\/types\/page"}],"author":[{"embeddable":true,"href":"https:\/\/culturabc.com.br\/arquivo\/wp-json\/wp\/v2\/users\/1"}],"replies":[{"embeddable":true,"href":"https:\/\/culturabc.com.br\/arquivo\/wp-json\/wp\/v2\/comments?post=5"}],"version-history":[{"count":54,"href":"https:\/\/culturabc.com.br\/arquivo\/wp-json\/wp\/v2\/pages\/5\/revisions"}],"predecessor-version":[{"id":26544,"href":"https:\/\/culturabc.com.br\/arquivo\/wp-json\/wp\/v2\/pages\/5\/revisions\/26544"}],"wp:attachment":[{"href":"https:\/\/culturabc.com.br\/arquivo\/wp-json\/wp\/v2\/media?parent=5"}],"curies":[{"name":"wp","href":"https:\/\/api.w.org\/{rel}","templated":true}]}}